{"id":33037,"date":"2022-12-05T14:44:07","date_gmt":"2022-12-05T13:44:07","guid":{"rendered":"https:\/\/alice.ch\/professionnalisation\/brevet-federal-formatrice-formateur-dadultes-ffa\/validation-centralisee-brevet-federal-2015\/dokumente\/"},"modified":"2025-08-14T09:55:13","modified_gmt":"2025-08-14T07:55:13","slug":"documents","status":"publish","type":"page","link":"https:\/\/alice.ch\/fr\/professionnalisation\/brevet-federal-formatrice-formateur-dadultes-ffa\/documents\/","title":{"rendered":"Documents V\u00e9rification centralis\u00e9e brevet f\u00e9d\u00e9ral 2015"},"content":{"rendered":"\n<div class=\"wp-block-group is-style-reduced-width is-layout-constrained wp-block-group-is-layout-constrained\">\n<h1 class=\"wp-block-heading\">Documents V\u00e9rification centralis\u00e9e brevet f\u00e9d\u00e9ral 2015<\/h1>\n\n\n\n<div class=\"wp-block-columns is-layout-flex wp-container-core-columns-is-layout-28f84493 wp-block-columns-is-layout-flex\">\n<div class=\"wp-block-column is-layout-flow wp-block-column-is-layout-flow\" style=\"flex-basis:100%\">\n<div class=\"wp-block-columns is-layout-flex wp-container-core-columns-is-layout-28f84493 wp-block-columns-is-layout-flex\">\n<div class=\"wp-block-column is-layout-flow wp-block-column-is-layout-flow\" style=\"flex-basis:50%\">\n<div class=\"wp-block-file\"><a id=\"wp-block-file--media-eec9df04-5b29-4ed0-89c9-db8c1ad39e07\" href=\"https:\/\/alice.ch\/app\/uploads\/2022\/12\/01_Fiche-dinformation-Verification-centralisee.pdf\" target=\"_blank\" rel=\"noreferrer noopener\">Fiche d&rsquo;information Ve\u0301rification centralise\u0301e<br \/>PDF &#8211; 105 kb<\/a><\/div>\n\n\n\n<div class=\"wp-block-file\"><a id=\"wp-block-file--media-224c0021-fbc7-49f2-ba17-f86284b2ac52\" href=\"https:\/\/alice.ch\/app\/uploads\/2024\/10\/20230907_Formulaire_Inscription_BFFA.docx\" target=\"_blank\" rel=\"noreferrer noopener\">Formulaire de demande d&rsquo;admission<br \/>DOCX &#8211; 287 kb<\/a><\/div>\n\n\n\n<div class=\"wp-block-file\"><a id=\"wp-block-file--media-eec9df04-5b29-4ed0-89c9-db8c1ad39e07\" href=\"https:\/\/alice.ch\/app\/uploads\/2023\/04\/fiche-information-attestation-experience-pratique.pdf\" target=\"_blank\" rel=\"noreferrer noopener\">Fiche d\u2019information Attestation d\u2019exp\u00e9rience pratique<br \/>PDF &#8211; 146 kb<\/a><\/div>\n\n\n\n<div class=\"wp-block-file\"><a id=\"wp-block-file--media-eec9df04-5b29-4ed0-89c9-db8c1ad39e07\" href=\"https:\/\/alice.ch\/app\/uploads\/2023\/03\/grille-attestation-experience-pratique-formateur-formatrice.docx\" target=\"_blank\" rel=\"noreferrer noopener\">Grille attestation d&rsquo;exp\u00e9rience pratique  formateur-formatrice<br \/>DOCX &#8211; 305 kb<\/a><\/div>\n\n\n\n<div class=\"wp-block-file\"><a id=\"wp-block-file--media-9313604e-2bf3-4269-8f99-bad3e6a4a628\" href=\"https:\/\/alice.ch\/app\/uploads\/2025\/08\/20250813_Taxes-FFA_2025-2.pdf\" target=\"_blank\" rel=\"noreferrer noopener\">Taxes FFA et co\u00fbts pour la reconnaissance et la validation des acquis<br \/>PDF &#8211; 193 kb<\/a><\/div>\n\n\n\n<div class=\"wp-block-file\"><a id=\"wp-block-file--media-eec9df04-5b29-4ed0-89c9-db8c1ad39e07\" href=\"https:\/\/alice.ch\/app\/uploads\/2022\/12\/06_Reglement-concernant-lexamen-professionnel-de-formatrice-formateur.pdf\" target=\"_blank\" rel=\"noreferrer noopener\">R\u00e8glement concernant l&rsquo;examen professionnel de formatrice formateur<br \/>PDF &#8211; 160 kb<\/a><\/div>\n\n\n\n<div class=\"wp-block-file\"><a id=\"wp-block-file--media-eec9df04-5b29-4ed0-89c9-db8c1ad39e07\" href=\"https:\/\/alice.ch\/app\/uploads\/2022\/12\/07_Directive-sur-lexamen-professionnel-de-formatrice-formateur.pdf\" target=\"_blank\" rel=\"noreferrer noopener\">Directive sur l&rsquo;examen professionnel de formatrice formateur<br \/>PDF &#8211; 337 kb<\/a><\/div>\n\n\n\n<div class=\"wp-block-file\"><a id=\"wp-block-file--media-eec9df04-5b29-4ed0-89c9-db8c1ad39e07\" href=\"https:\/\/alice.ch\/app\/uploads\/2022\/12\/08_descriptifs-modulaires-.pdf\" target=\"_blank\" rel=\"noreferrer noopener\">Descriptifs modulaires M1 \u00e0 M5<br \/>PDF &#8211; 2 Mo<\/a><\/div>\n\n\n\n<div class=\"wp-block-file\"><a id=\"wp-block-file--media-1ed51c91-6c44-4e19-b20e-96fa8ebaeece\" href=\"https:\/\/alice.ch\/app\/uploads\/2023\/03\/fiche-information-supervision.pdf\">Fiche d&rsquo;information Supervision<br \/>PDF &#8211; 119 kb<\/a><a href=\"https:\/\/alice.ch\/app\/uploads\/2023\/03\/fiche-information-supervision.pdf\" class=\"wp-block-file__button wp-element-button\" download aria-describedby=\"wp-block-file--media-1ed51c91-6c44-4e19-b20e-96fa8ebaeece\">T\u00e9l\u00e9charger<br \/>PDF &#8211; 119 kb<\/a><\/div>\n\n\n\n<div class=\"wp-block-file\"><a id=\"wp-block-file--media-eec9df04-5b29-4ed0-89c9-db8c1ad39e07\" href=\"https:\/\/alice.ch\/app\/uploads\/2022\/12\/09_Glossaire.pdf\" target=\"_blank\" rel=\"noreferrer noopener\">Glossaire<br \/>PDF &#8211; 421 kb<\/a><\/div>\n<\/div>\n\n\n\n<div class=\"wp-block-column is-layout-flow wp-block-column-is-layout-flow\" style=\"flex-basis:50%\">\n<p><strong>Dossier d&rsquo;admission<\/strong>: merci de consulter les <a href=\"https:\/\/alice.ch\/fr\/professionnalisation\/brevet-federal-formatrice-formateur-dadultes-ffa\/verification-centralisee-brevet-federal-2015\/\">d\u00e9lais<\/a>.<\/p>\n\n\n\n<p><\/p>\n\n\n\n<p><br><\/p>\n<\/div>\n<\/div>\n<\/div>\n<\/div>\n\n\n\n<p><\/p>\n\n\n\n<p><\/p>\n\n\n\n<h2 class=\"wp-block-heading\">Contact<\/h2>\n\n\n\n<div class=\"wp-block-columns is-layout-flex wp-container-core-columns-is-layout-28f84493 wp-block-columns-is-layout-flex\">\n<div class=\"wp-block-column is-layout-flow wp-block-column-is-layout-flow\" style=\"flex-basis:50%\"><div class=\"contact-persons\">\n\n\t\t\t\t\t<div class=\"contact-person\">\n\t\t\t\t\tFSEA F\u00e9d\u00e9ration suisse pour la formation continue<br \/>\t\t\t\t\t\t\t\t\t\t<br \/>\n\t\t\t\t\tSecr\u00e9tariat romand<br \/>\r\nRue de Gen\u00e8ve 88b<br \/>\r\n1004 Lausanne<br \/>\t\t\t\t\t<a href=\"tel:+41 (0)22 994 20 10\">+41 (0)22 994 20 10<\/a><br \/>\t\t\t\t\t<a href=\"mailto:fsea@alice.ch\">fsea@alice.ch<\/a><br \/>\t\t\t\t\t<\/div>\n\t\t\t\t\t<\/div>\n<\/div>\n\n\n\n<div class=\"wp-block-column is-layout-flow wp-block-column-is-layout-flow\" style=\"flex-basis:50%\"><\/div>\n<\/div>\n<\/div>\n","protected":false},"excerpt":{"rendered":"<p>Documents V\u00e9rification centralis\u00e9e brevet f\u00e9d\u00e9ral 2015 Dossier d&rsquo;admission: merci de consulter les d\u00e9lais. Contact<\/p>\n","protected":false},"author":2,"featured_media":20801,"parent":17660,"menu_order":410,"comment_status":"closed","ping_status":"closed","template":"","meta":{"_acf_changed":false,"inline_featured_image":false,"footnotes":""},"class_list":["post-33037","page","type-page","status-publish","has-post-thumbnail","hentry"],"acf":[],"yoast_head":"<!-- This site is optimized with the Yoast SEO plugin v27.3 - https:\/\/yoast.com\/product\/yoast-seo-wordpress\/ -->\n<title>Documents V\u00e9rification centralis\u00e9e brevet f\u00e9d\u00e9ral 2015 - FSEA<\/title>\n<meta name=\"description\" content=\"Feuilles d&#039;information, demande d&#039;admission, tableau justificatif des heures de pratique, taxes, r\u00e8glement d&#039;examen.\" \/>\n<meta name=\"robots\" content=\"index, follow, max-snippet:-1, max-image-preview:large, max-video-preview:-1\" \/>\n<link rel=\"canonical\" href=\"https:\/\/alice.ch\/fr\/professionnalisation\/brevet-federal-formatrice-formateur-dadultes-ffa\/documents\/\" \/>\n<meta property=\"og:locale\" content=\"fr_FR\" \/>\n<meta property=\"og:type\" content=\"article\" \/>\n<meta property=\"og:title\" content=\"Documents V\u00e9rification centralis\u00e9e brevet f\u00e9d\u00e9ral 2015 - FSEA\" \/>\n<meta property=\"og:description\" content=\"Feuilles d&#039;information, demande d&#039;admission, tableau justificatif des heures de pratique, taxes, r\u00e8glement d&#039;examen.\" \/>\n<meta property=\"og:url\" content=\"https:\/\/alice.ch\/fr\/professionnalisation\/brevet-federal-formatrice-formateur-dadultes-ffa\/documents\/\" \/>\n<meta property=\"og:site_name\" content=\"SVEB\" \/>\n<meta property=\"article:modified_time\" content=\"2025-08-14T07:55:13+00:00\" \/>\n<meta property=\"og:image\" content=\"https:\/\/alice.ch\/app\/uploads\/2022\/11\/default.jpg\" \/>\n\t<meta property=\"og:image:width\" content=\"1600\" \/>\n\t<meta property=\"og:image:height\" content=\"900\" \/>\n\t<meta property=\"og:image:type\" content=\"image\/jpeg\" \/>\n<meta name=\"twitter:card\" content=\"summary_large_image\" \/>\n<meta name=\"twitter:label1\" content=\"Dur\u00e9e de lecture estim\u00e9e\" \/>\n\t<meta name=\"twitter:data1\" content=\"1 minute\" \/>\n<script type=\"application\/ld+json\" class=\"yoast-schema-graph\">{\"@context\":\"https:\\\/\\\/schema.org\",\"@graph\":[{\"@type\":\"WebPage\",\"@id\":\"https:\\\/\\\/alice.ch\\\/fr\\\/professionnalisation\\\/brevet-federal-formatrice-formateur-dadultes-ffa\\\/documents\\\/\",\"url\":\"https:\\\/\\\/alice.ch\\\/fr\\\/professionnalisation\\\/brevet-federal-formatrice-formateur-dadultes-ffa\\\/documents\\\/\",\"name\":\"Documents V\u00e9rification centralis\u00e9e brevet f\u00e9d\u00e9ral 2015 - FSEA\",\"isPartOf\":{\"@id\":\"https:\\\/\\\/alice.ch\\\/fr\\\/#website\"},\"primaryImageOfPage\":{\"@id\":\"https:\\\/\\\/alice.ch\\\/fr\\\/professionnalisation\\\/brevet-federal-formatrice-formateur-dadultes-ffa\\\/documents\\\/#primaryimage\"},\"image\":{\"@id\":\"https:\\\/\\\/alice.ch\\\/fr\\\/professionnalisation\\\/brevet-federal-formatrice-formateur-dadultes-ffa\\\/documents\\\/#primaryimage\"},\"thumbnailUrl\":\"https:\\\/\\\/alice.ch\\\/app\\\/uploads\\\/2022\\\/11\\\/default.jpg\",\"datePublished\":\"2022-12-05T13:44:07+00:00\",\"dateModified\":\"2025-08-14T07:55:13+00:00\",\"description\":\"Feuilles d'information, demande d'admission, tableau justificatif des heures de pratique, taxes, r\u00e8glement d'examen.\",\"breadcrumb\":{\"@id\":\"https:\\\/\\\/alice.ch\\\/fr\\\/professionnalisation\\\/brevet-federal-formatrice-formateur-dadultes-ffa\\\/documents\\\/#breadcrumb\"},\"inLanguage\":\"fr-FR\",\"potentialAction\":[{\"@type\":\"ReadAction\",\"target\":[\"https:\\\/\\\/alice.ch\\\/fr\\\/professionnalisation\\\/brevet-federal-formatrice-formateur-dadultes-ffa\\\/documents\\\/\"]}]},{\"@type\":\"ImageObject\",\"inLanguage\":\"fr-FR\",\"@id\":\"https:\\\/\\\/alice.ch\\\/fr\\\/professionnalisation\\\/brevet-federal-formatrice-formateur-dadultes-ffa\\\/documents\\\/#primaryimage\",\"url\":\"https:\\\/\\\/alice.ch\\\/app\\\/uploads\\\/2022\\\/11\\\/default.jpg\",\"contentUrl\":\"https:\\\/\\\/alice.ch\\\/app\\\/uploads\\\/2022\\\/11\\\/default.jpg\",\"width\":1600,\"height\":900},{\"@type\":\"BreadcrumbList\",\"@id\":\"https:\\\/\\\/alice.ch\\\/fr\\\/professionnalisation\\\/brevet-federal-formatrice-formateur-dadultes-ffa\\\/documents\\\/#breadcrumb\",\"itemListElement\":[{\"@type\":\"ListItem\",\"position\":1,\"name\":\"Page d'accueil\",\"item\":\"https:\\\/\\\/alice.ch\\\/fr\\\/\"},{\"@type\":\"ListItem\",\"position\":2,\"name\":\"Professionnalisation\",\"item\":\"https:\\\/\\\/alice.ch\\\/fr\\\/professionnalisation\\\/\"},{\"@type\":\"ListItem\",\"position\":3,\"name\":\"Brevet f\u00e9d\u00e9ral formatrice\\\/formateur d\u2019adultes FFA\",\"item\":\"https:\\\/\\\/alice.ch\\\/fr\\\/professionnalisation\\\/brevet-federal-formatrice-formateur-dadultes-ffa\\\/\"},{\"@type\":\"ListItem\",\"position\":4,\"name\":\"Documents V\u00e9rification centralis\u00e9e brevet f\u00e9d\u00e9ral 2015\"}]},{\"@type\":\"WebSite\",\"@id\":\"https:\\\/\\\/alice.ch\\\/fr\\\/#website\",\"url\":\"https:\\\/\\\/alice.ch\\\/fr\\\/\",\"name\":\"alice.ch (Adult Learning Information Center) ist das Portal der Weiterbildung in der Schweiz.\",\"description\":\"Schweizerischer Verband f\u00fcr Weiterbildung\",\"publisher\":{\"@id\":\"https:\\\/\\\/alice.ch\\\/fr\\\/#organization\"},\"potentialAction\":[{\"@type\":\"SearchAction\",\"target\":{\"@type\":\"EntryPoint\",\"urlTemplate\":\"https:\\\/\\\/alice.ch\\\/fr\\\/?s={search_term_string}\"},\"query-input\":{\"@type\":\"PropertyValueSpecification\",\"valueRequired\":true,\"valueName\":\"search_term_string\"}}],\"inLanguage\":\"fr-FR\"},{\"@type\":\"Organization\",\"@id\":\"https:\\\/\\\/alice.ch\\\/fr\\\/#organization\",\"name\":\"FSEA F\u00e9d\u00e9ration suisse pour la formation continue\",\"url\":\"https:\\\/\\\/alice.ch\\\/fr\\\/\",\"logo\":{\"@type\":\"ImageObject\",\"inLanguage\":\"fr-FR\",\"@id\":\"https:\\\/\\\/alice.ch\\\/fr\\\/#\\\/schema\\\/logo\\\/image\\\/\",\"url\":\"https:\\\/\\\/alice.ch\\\/app\\\/uploads\\\/2022\\\/07\\\/logo-sveb.png\",\"contentUrl\":\"https:\\\/\\\/alice.ch\\\/app\\\/uploads\\\/2022\\\/07\\\/logo-sveb.png\",\"width\":145,\"height\":64,\"caption\":\"FSEA F\u00e9d\u00e9ration suisse pour la formation continue\"},\"image\":{\"@id\":\"https:\\\/\\\/alice.ch\\\/fr\\\/#\\\/schema\\\/logo\\\/image\\\/\"},\"sameAs\":[\"https:\\\/\\\/www.linkedin.com\\\/company\\\/schweizerischer-verband-fr-weiterbildung-sveb\\\/\"]}]}<\/script>\n<!-- \/ Yoast SEO plugin. -->","yoast_head_json":{"title":"Documents V\u00e9rification centralis\u00e9e brevet f\u00e9d\u00e9ral 2015 - FSEA","description":"Feuilles d'information, demande d'admission, tableau justificatif des heures de pratique, taxes, r\u00e8glement d'examen.","robots":{"index":"index","follow":"follow","max-snippet":"max-snippet:-1","max-image-preview":"max-image-preview:large","max-video-preview":"max-video-preview:-1"},"canonical":"https:\/\/alice.ch\/fr\/professionnalisation\/brevet-federal-formatrice-formateur-dadultes-ffa\/documents\/","og_locale":"fr_FR","og_type":"article","og_title":"Documents V\u00e9rification centralis\u00e9e brevet f\u00e9d\u00e9ral 2015 - FSEA","og_description":"Feuilles d'information, demande d'admission, tableau justificatif des heures de pratique, taxes, r\u00e8glement d'examen.","og_url":"https:\/\/alice.ch\/fr\/professionnalisation\/brevet-federal-formatrice-formateur-dadultes-ffa\/documents\/","og_site_name":"SVEB","article_modified_time":"2025-08-14T07:55:13+00:00","og_image":[{"width":1600,"height":900,"url":"https:\/\/alice.ch\/app\/uploads\/2022\/11\/default.jpg","type":"image\/jpeg"}],"twitter_card":"summary_large_image","twitter_misc":{"Dur\u00e9e de lecture estim\u00e9e":"1 minute"},"schema":{"@context":"https:\/\/schema.org","@graph":[{"@type":"WebPage","@id":"https:\/\/alice.ch\/fr\/professionnalisation\/brevet-federal-formatrice-formateur-dadultes-ffa\/documents\/","url":"https:\/\/alice.ch\/fr\/professionnalisation\/brevet-federal-formatrice-formateur-dadultes-ffa\/documents\/","name":"Documents V\u00e9rification centralis\u00e9e brevet f\u00e9d\u00e9ral 2015 - FSEA","isPartOf":{"@id":"https:\/\/alice.ch\/fr\/#website"},"primaryImageOfPage":{"@id":"https:\/\/alice.ch\/fr\/professionnalisation\/brevet-federal-formatrice-formateur-dadultes-ffa\/documents\/#primaryimage"},"image":{"@id":"https:\/\/alice.ch\/fr\/professionnalisation\/brevet-federal-formatrice-formateur-dadultes-ffa\/documents\/#primaryimage"},"thumbnailUrl":"https:\/\/alice.ch\/app\/uploads\/2022\/11\/default.jpg","datePublished":"2022-12-05T13:44:07+00:00","dateModified":"2025-08-14T07:55:13+00:00","description":"Feuilles d'information, demande d'admission, tableau justificatif des heures de pratique, taxes, r\u00e8glement d'examen.","breadcrumb":{"@id":"https:\/\/alice.ch\/fr\/professionnalisation\/brevet-federal-formatrice-formateur-dadultes-ffa\/documents\/#breadcrumb"},"inLanguage":"fr-FR","potentialAction":[{"@type":"ReadAction","target":["https:\/\/alice.ch\/fr\/professionnalisation\/brevet-federal-formatrice-formateur-dadultes-ffa\/documents\/"]}]},{"@type":"ImageObject","inLanguage":"fr-FR","@id":"https:\/\/alice.ch\/fr\/professionnalisation\/brevet-federal-formatrice-formateur-dadultes-ffa\/documents\/#primaryimage","url":"https:\/\/alice.ch\/app\/uploads\/2022\/11\/default.jpg","contentUrl":"https:\/\/alice.ch\/app\/uploads\/2022\/11\/default.jpg","width":1600,"height":900},{"@type":"BreadcrumbList","@id":"https:\/\/alice.ch\/fr\/professionnalisation\/brevet-federal-formatrice-formateur-dadultes-ffa\/documents\/#breadcrumb","itemListElement":[{"@type":"ListItem","position":1,"name":"Page d'accueil","item":"https:\/\/alice.ch\/fr\/"},{"@type":"ListItem","position":2,"name":"Professionnalisation","item":"https:\/\/alice.ch\/fr\/professionnalisation\/"},{"@type":"ListItem","position":3,"name":"Brevet f\u00e9d\u00e9ral formatrice\/formateur d\u2019adultes FFA","item":"https:\/\/alice.ch\/fr\/professionnalisation\/brevet-federal-formatrice-formateur-dadultes-ffa\/"},{"@type":"ListItem","position":4,"name":"Documents V\u00e9rification centralis\u00e9e brevet f\u00e9d\u00e9ral 2015"}]},{"@type":"WebSite","@id":"https:\/\/alice.ch\/fr\/#website","url":"https:\/\/alice.ch\/fr\/","name":"alice.ch (Adult Learning Information Center) ist das Portal der Weiterbildung in der Schweiz.","description":"Schweizerischer Verband f\u00fcr Weiterbildung","publisher":{"@id":"https:\/\/alice.ch\/fr\/#organization"},"potentialAction":[{"@type":"SearchAction","target":{"@type":"EntryPoint","urlTemplate":"https:\/\/alice.ch\/fr\/?s={search_term_string}"},"query-input":{"@type":"PropertyValueSpecification","valueRequired":true,"valueName":"search_term_string"}}],"inLanguage":"fr-FR"},{"@type":"Organization","@id":"https:\/\/alice.ch\/fr\/#organization","name":"FSEA F\u00e9d\u00e9ration suisse pour la formation continue","url":"https:\/\/alice.ch\/fr\/","logo":{"@type":"ImageObject","inLanguage":"fr-FR","@id":"https:\/\/alice.ch\/fr\/#\/schema\/logo\/image\/","url":"https:\/\/alice.ch\/app\/uploads\/2022\/07\/logo-sveb.png","contentUrl":"https:\/\/alice.ch\/app\/uploads\/2022\/07\/logo-sveb.png","width":145,"height":64,"caption":"FSEA F\u00e9d\u00e9ration suisse pour la formation continue"},"image":{"@id":"https:\/\/alice.ch\/fr\/#\/schema\/logo\/image\/"},"sameAs":["https:\/\/www.linkedin.com\/company\/schweizerischer-verband-fr-weiterbildung-sveb\/"]}]}},"_links":{"self":[{"href":"https:\/\/alice.ch\/fr\/wp-json\/wp\/v2\/pages\/33037","targetHints":{"allow":["GET"]}}],"collection":[{"href":"https:\/\/alice.ch\/fr\/wp-json\/wp\/v2\/pages"}],"about":[{"href":"https:\/\/alice.ch\/fr\/wp-json\/wp\/v2\/types\/page"}],"author":[{"embeddable":true,"href":"https:\/\/alice.ch\/fr\/wp-json\/wp\/v2\/users\/2"}],"replies":[{"embeddable":true,"href":"https:\/\/alice.ch\/fr\/wp-json\/wp\/v2\/comments?post=33037"}],"version-history":[{"count":36,"href":"https:\/\/alice.ch\/fr\/wp-json\/wp\/v2\/pages\/33037\/revisions"}],"predecessor-version":[{"id":69966,"href":"https:\/\/alice.ch\/fr\/wp-json\/wp\/v2\/pages\/33037\/revisions\/69966"}],"up":[{"embeddable":true,"href":"https:\/\/alice.ch\/fr\/wp-json\/wp\/v2\/pages\/17660"}],"wp:featuredmedia":[{"embeddable":true,"href":"https:\/\/alice.ch\/fr\/wp-json\/wp\/v2\/media\/20801"}],"wp:attachment":[{"href":"https:\/\/alice.ch\/fr\/wp-json\/wp\/v2\/media?parent=33037"}],"curies":[{"name":"wp","href":"https:\/\/api.w.org\/{rel}","templated":true}]}}