{"id":36779,"date":"2022-11-03T16:39:06","date_gmt":"2022-11-03T15:39:06","guid":{"rendered":"https:\/\/alice.ch\/?page_id=36779"},"modified":"2025-11-11T11:08:40","modified_gmt":"2025-11-11T10:08:40","slug":"projet-de-cheques-de-formation-dans-le-canton-dargovie","status":"publish","type":"page","link":"https:\/\/alice.ch\/fr\/services\/projets-de-cheques-de-la-fsea\/projet-de-cheques-de-formation-dans-le-canton-dargovie\/","title":{"rendered":"Canton d&rsquo;Argovie"},"content":{"rendered":"\n<div class=\"wp-block-group is-style-reduced-width is-layout-constrained wp-block-group-is-layout-constrained\">\n<h1 class=\"wp-block-heading\">Projet de ch\u00e8ques de formation dans le canton d\u2019Argovie<\/h1>\n\n\n\n<h2 class=\"wp-block-heading\">Ch\u00e8ques de formation continue pour les personnes ayant des comp\u00e9tences de base insuffisantes<\/h2>\n\n\n\n<p>Dans le canton d&rsquo;Argovie, les personnes dont les comp\u00e9tences de base sont insuffisantes peuvent t\u00e9l\u00e9charger en ligne leur propre ch\u00e8que de formation continue et le faire valoir aupr\u00e8s d&rsquo;un prestataire de cours. Le processus reste simple et \u00e0 port\u00e9e de main. Toute personne qui est dispos\u00e9e \u00e0 faire une auto-d\u00e9claration en ligne et qui r\u00e9pond aux crit\u00e8res du projet peut b\u00e9n\u00e9ficier d&rsquo;un ch\u00e8que.<\/p>\n\n\n\n<h3 class=\"wp-block-heading\">Description du projet<\/h3>\n\n\n\n<p>Le projet pilote est le fruit d&rsquo;une coop\u00e9ration entre le canton d&rsquo;Argovie, la <a href=\"https:\/\/alice.ch\/fr\/fsea-fr\/\">F\u00e9d\u00e9ration suisse pour la formation continue FSEA<\/a> et la&nbsp;<a href=\"https:\/\/www.lire-ecrire-suisse.ch\/index.cfm\" target=\"_blank\" rel=\"noreferrer noopener\">F\u00e9d\u00e9ration suisse Lire et Ecrire<\/a>. Il suit ainsi le canton de Lucerne, qui met en \u0153uvre avec succ\u00e8s un projet de ch\u00e8que identique depuis deux ans. Gr\u00e2ce \u00e0 ces ch\u00e8ques de formation, le canton d&rsquo;Argovie aide les personnes \u00e0 am\u00e9liorer leurs comp\u00e9tences en lecture, \u00e9criture, calcul et utilisation d&rsquo;un ordinateur. C&rsquo;est pourquoi elle accorde des ch\u00e8ques pour des cours de formation de base. Un ch\u00e8que a une valeur de 500 francs. Les personnes qui ont suivi au moins 60% des le\u00e7ons du cours peuvent obtenir un deuxi\u00e8me ch\u00e8que d&rsquo;une valeur de 500 francs la m\u00eame ann\u00e9e.<\/p>\n\n\n\n<h3 class=\"wp-block-heading\">D\u00e9roulement du ch\u00e8que de formation<\/h3>\n\n\n\n<p>Les ch\u00e8ques peuvent \u00eatre t\u00e9l\u00e9charg\u00e9s et imprim\u00e9s sur le site&nbsp;<a href=\"https:\/\/www.simplement-mieux.ch\/kurssuche.cfm?page=kanton_landing&amp;kanton=1\" target=\"_blank\" rel=\"noreferrer noopener\">simplement-mieux.ch\/argovie<\/a>. Ce site web \u00e9num\u00e8re \u00e9galement tous les cours pour lesquels le ch\u00e8que est valable. La gestion des ch\u00e8ques est du ressort de la FSEA : Il rembourse le ch\u00e8que aux prestataires de cours et facture r\u00e9guli\u00e8rement au canton d&rsquo;Argovie les montants des ch\u00e8ques valid\u00e9s.<\/p>\n\n\n\n<h3 class=\"wp-block-heading\">Groupe cible<\/h3>\n\n\n\n<p>Le groupe cible est essentiellement constitu\u00e9 de personnes ayant de faibles comp\u00e9tences de base. Il s&rsquo;agit par exemple de personnes sans dipl\u00f4me professionnel ou de personnes issues du segment des bas salaires qui ne sont pas connect\u00e9es aux technologies num\u00e9riques modernes. Il peut s&rsquo;agir d&rsquo;adultes issus de l&rsquo;immigration ou non.<\/p>\n\n\n\n<p>Les participantes et participants peuvent \u00eatre :<\/p>\n\n\n\n<ul class=\"wp-block-list\">\n<li>les personnes aptes au travail \u00e2g\u00e9es de 18 \u00e0 65 ans,<\/li>\n\n\n\n<li>qui peuvent communiquer en allemand (niveau linguistique A2 ou sup\u00e9rieur),<\/li>\n\n\n\n<li>sont domicili\u00e9s dans le canton de Lucerne,<\/li>\n\n\n\n<li>ne suivent pas un enseignement de niveau secondaire II (apprentissage, programme passerelle) ou suivre des cours de comp\u00e9tences de base par le biais d&rsquo;autres mesures d&rsquo;encouragement de l&rsquo;Etat (p. ex. mesures relatives au march\u00e9 du travail des ORP).<\/li>\n<\/ul>\n\n\n\n<h3 class=\"wp-block-heading\">Partenaire<\/h3>\n\n\n\n<p>Le projet a \u00e9t\u00e9 d\u00e9velopp\u00e9 par le canton d&rsquo;Argovie en collaboration avec la&nbsp;<a href=\"https:\/\/alice.ch\/fr\/fsea-fr\/\">FSEA<\/a>&nbsp;et la&nbsp;<a href=\"https:\/\/www.lire-ecrire-suisse.ch\/index.cfm\" target=\"_blank\" rel=\"noreferrer noopener\">F\u00e9d\u00e9ration suisse Lire et Ecrire<\/a>, et en synergie avec la campagne nationale&nbsp;<a href=\"https:\/\/www.simplement-mieux.ch\/index.cfm\" target=\"_blank\" rel=\"noreferrer noopener\">\u00abSimplement mieux! &#8230; Lire, \u00e9crire, calculer, ordinateur\u00bb<\/a>.<\/p>\n\n\n\n<h3 class=\"wp-block-heading\">Context du projet<\/h3>\n\n\n\n<p>Le <a href=\"https:\/\/alice.ch\/fr\/services\/projets-de-bons-de-la-fsea\/canton-de-lucerne\/\">canton de Lucerne<\/a>, qui octroie des ch\u00e8ques depuis septembre 2020, fait figure de pr\u00e9curseur en mati\u00e8re de projet de ch\u00e8ques de formation pour la promotion des comp\u00e9tences de base. Ce projet a permis d&rsquo;accumuler des exp\u00e9riences utiles pour la mise en place de projets de ch\u00e8ques dans d&rsquo;autres cantons. De plus, le ch\u00e8que de formation lucernois a d\u00e9j\u00e0 pu \u00eatre \u00e9valu\u00e9 de mani\u00e8re approfondie.<\/p>\n\n\n\n<h3 class=\"wp-block-heading\">Lancement du projet<\/h3>\n\n\n\n<p>Depuis janvier 2023, le canton d&rsquo;Argovie propose des bons de formation pour des cours dans le domaine des comp\u00e9tences de base destin\u00e9s aux adultes. L&rsquo;objectif est d&rsquo;am\u00e9liorer l&#8217;employabilit\u00e9 et l&rsquo;int\u00e9gration sociale du groupe cible.<\/p>\n\n\n\n<h3 class=\"wp-block-heading\">\u00c9valuation<\/h3>\n\n\n\n<p>Le rapport d&rsquo;\u00e9valuation actuel se concentre sur l&rsquo;offre et la demande de bons de formation en 2024, avec une comparaison par rapport \u00e0 2023.<\/p>\n\n\n\n<div class=\"wp-block-columns is-layout-flex wp-container-core-columns-is-layout-28f84493 wp-block-columns-is-layout-flex\">\n<div class=\"wp-block-column is-layout-flow wp-block-column-is-layout-flow\">\n<div class=\"wp-block-file\"><a id=\"wp-block-file--media-a01b6411-b078-49f1-95a5-90924af386d1\" href=\"https:\/\/alice.ch\/app\/uploads\/2025\/11\/evaluationsbericht-bildungsgutscheine-kanton-aargau-2024.pdf\">Rapport d&rsquo;\u00e9valuation 2024 (en allemand)<br \/>PDF &#8211; 704 kb<\/a><a href=\"https:\/\/alice.ch\/app\/uploads\/2025\/11\/evaluationsbericht-bildungsgutscheine-kanton-aargau-2024.pdf\" class=\"wp-block-file__button wp-element-button\" download aria-describedby=\"wp-block-file--media-a01b6411-b078-49f1-95a5-90924af386d1\">Herunterladen<br \/>PDF &#8211; 704 kb<\/a><\/div>\n\n\n\n<div class=\"wp-block-file\"><a id=\"wp-block-file--media-7eb7b4bc-3b83-4320-9c7d-618b60d29128\" href=\"https:\/\/alice.ch\/app\/uploads\/2023\/11\/evaluationsbericht-bildungsgutscheine-kanton-aargau.pdf\">Rapport d&rsquo;\u00e9valuation 2023 (en allemand)<br \/>PDF &#8211; 855 kb<\/a><a href=\"https:\/\/alice.ch\/app\/uploads\/2023\/11\/evaluationsbericht-bildungsgutscheine-kanton-aargau.pdf\" class=\"wp-block-file__button wp-element-button\" download aria-describedby=\"wp-block-file--media-7eb7b4bc-3b83-4320-9c7d-618b60d29128\">Herunterladen<br \/>PDF &#8211; 855 kb<\/a><\/div>\n<\/div>\n\n\n\n<div class=\"wp-block-column is-layout-flow wp-block-column-is-layout-flow\"><\/div>\n<\/div>\n\n\n\n<h2 class=\"wp-block-heading\">Pour les participants au cours (en allemand)<\/h2>\n\n\n\n<div class=\"wp-block-columns is-layout-flex wp-container-core-columns-is-layout-28f84493 wp-block-columns-is-layout-flex\">\n<div class=\"wp-block-column is-layout-flow wp-block-column-is-layout-flow\" style=\"flex-basis:50%\">\n<div class=\"wp-block-buttons is-layout-flex wp-block-buttons-is-layout-flex\">\n<div class=\"wp-block-button has-custom-width wp-block-button__width-100 is-style-outline is-style-outline--1\"><a class=\"wp-block-button__link wp-element-button\" href=\"https:\/\/www.simplement-mieux.ch\/kurssuche.cfm?page=kanton_landing&amp;kanton=1\" target=\"_blank\" rel=\"noreferrer noopener\">Vers le ch\u00e8que de formation<\/a><\/div>\n<\/div>\n<\/div>\n\n\n\n<div class=\"wp-block-column is-layout-flow wp-block-column-is-layout-flow\" style=\"flex-basis:50%\"><\/div>\n<\/div>\n\n\n\n<h2 class=\"wp-block-heading\">Contact<\/h2>\n\n\n\n<div class=\"wp-block-columns is-layout-flex wp-container-core-columns-is-layout-28f84493 wp-block-columns-is-layout-flex\">\n<div class=\"wp-block-column is-layout-flow wp-block-column-is-layout-flow\" style=\"flex-basis:50%\"><div class=\"contact-persons\">\n\n\t\t\t\t\t<div class=\"contact-person\">\n\t\t\t\t\tBirte Theiler<br \/>\t\t\t\t\tResponsable du domaine ch\u00e8ques de formation<br \/>\t\t\t\t\t<br \/>\n\t\t\t\t\t\t\t\t\t\t<a href=\"tel:+41 (0)44 319 71 57\">+41 (0)44 319 71 57<\/a><br \/>\t\t\t\t\t<a href=\"mailto:birte.theiler@alice.ch\">birte.theiler@alice.ch<\/a><br \/>\t\t\t\t\t<\/div>\n\t\t\t\t\t<\/div>\n<\/div>\n\n\n\n<div class=\"wp-block-column is-layout-flow wp-block-column-is-layout-flow\" style=\"flex-basis:50%\"><\/div>\n<\/div>\n<\/div>\n","protected":false},"excerpt":{"rendered":"<p>Projet de ch\u00e8ques de formation dans le canton d\u2019Argovie Ch\u00e8ques de formation continue pour les personnes ayant des comp\u00e9tences de [&hellip;]<\/p>\n","protected":false},"author":4,"featured_media":20799,"parent":11312,"menu_order":208,"comment_status":"closed","ping_status":"closed","template":"","meta":{"_acf_changed":false,"inline_featured_image":false,"footnotes":""},"class_list":["post-36779","page","type-page","status-publish","has-post-thumbnail","hentry"],"acf":[],"yoast_head":"<!-- This site is optimized with the Yoast SEO plugin v27.3 - https:\/\/yoast.com\/product\/yoast-seo-wordpress\/ -->\n<title>Canton d&#039;Argovie - FSEA<\/title>\n<meta name=\"description\" content=\"Tout ce qui concerne les bons de formation dans le canton d&#039;Argovie : qui a droit \u00e0 ces bons, o\u00f9 peut-on les obtenir et quel est le contexte.\" \/>\n<meta name=\"robots\" content=\"index, follow, max-snippet:-1, max-image-preview:large, max-video-preview:-1\" \/>\n<link rel=\"canonical\" href=\"https:\/\/alice.ch\/fr\/services\/projets-de-cheques-de-la-fsea\/projet-de-cheques-de-formation-dans-le-canton-dargovie\/\" \/>\n<meta property=\"og:locale\" content=\"fr_FR\" \/>\n<meta property=\"og:type\" content=\"article\" \/>\n<meta property=\"og:title\" content=\"Canton d&#039;Argovie - FSEA\" \/>\n<meta property=\"og:description\" content=\"Tout ce qui concerne les bons de formation dans le canton d&#039;Argovie : qui a droit \u00e0 ces bons, o\u00f9 peut-on les obtenir et quel est le contexte.\" \/>\n<meta property=\"og:url\" content=\"https:\/\/alice.ch\/fr\/services\/projets-de-cheques-de-la-fsea\/projet-de-cheques-de-formation-dans-le-canton-dargovie\/\" \/>\n<meta property=\"og:site_name\" content=\"SVEB\" \/>\n<meta property=\"article:modified_time\" content=\"2025-11-11T10:08:40+00:00\" \/>\n<meta name=\"twitter:card\" content=\"summary_large_image\" \/>\n<meta name=\"twitter:label1\" content=\"Dur\u00e9e de lecture estim\u00e9e\" \/>\n\t<meta name=\"twitter:data1\" content=\"3 minutes\" \/>\n<script type=\"application\/ld+json\" class=\"yoast-schema-graph\">{\"@context\":\"https:\\\/\\\/schema.org\",\"@graph\":[{\"@type\":\"WebPage\",\"@id\":\"https:\\\/\\\/alice.ch\\\/fr\\\/services\\\/projets-de-cheques-de-la-fsea\\\/projet-de-cheques-de-formation-dans-le-canton-dargovie\\\/\",\"url\":\"https:\\\/\\\/alice.ch\\\/fr\\\/services\\\/projets-de-cheques-de-la-fsea\\\/projet-de-cheques-de-formation-dans-le-canton-dargovie\\\/\",\"name\":\"Canton d'Argovie - FSEA\",\"isPartOf\":{\"@id\":\"https:\\\/\\\/alice.ch\\\/fr\\\/#website\"},\"primaryImageOfPage\":{\"@id\":\"https:\\\/\\\/alice.ch\\\/fr\\\/services\\\/projets-de-cheques-de-la-fsea\\\/projet-de-cheques-de-formation-dans-le-canton-dargovie\\\/#primaryimage\"},\"image\":{\"@id\":\"https:\\\/\\\/alice.ch\\\/fr\\\/services\\\/projets-de-cheques-de-la-fsea\\\/projet-de-cheques-de-formation-dans-le-canton-dargovie\\\/#primaryimage\"},\"thumbnailUrl\":\"https:\\\/\\\/alice.ch\\\/app\\\/uploads\\\/2022\\\/11\\\/default.jpg\",\"datePublished\":\"2022-11-03T15:39:06+00:00\",\"dateModified\":\"2025-11-11T10:08:40+00:00\",\"description\":\"Tout ce qui concerne les bons de formation dans le canton d'Argovie : qui a droit \u00e0 ces bons, o\u00f9 peut-on les obtenir et quel est le contexte.\",\"breadcrumb\":{\"@id\":\"https:\\\/\\\/alice.ch\\\/fr\\\/services\\\/projets-de-cheques-de-la-fsea\\\/projet-de-cheques-de-formation-dans-le-canton-dargovie\\\/#breadcrumb\"},\"inLanguage\":\"fr-FR\",\"potentialAction\":[{\"@type\":\"ReadAction\",\"target\":[\"https:\\\/\\\/alice.ch\\\/fr\\\/services\\\/projets-de-cheques-de-la-fsea\\\/projet-de-cheques-de-formation-dans-le-canton-dargovie\\\/\"]}]},{\"@type\":\"ImageObject\",\"inLanguage\":\"fr-FR\",\"@id\":\"https:\\\/\\\/alice.ch\\\/fr\\\/services\\\/projets-de-cheques-de-la-fsea\\\/projet-de-cheques-de-formation-dans-le-canton-dargovie\\\/#primaryimage\",\"url\":\"https:\\\/\\\/alice.ch\\\/app\\\/uploads\\\/2022\\\/11\\\/default.jpg\",\"contentUrl\":\"https:\\\/\\\/alice.ch\\\/app\\\/uploads\\\/2022\\\/11\\\/default.jpg\",\"width\":1600,\"height\":900},{\"@type\":\"BreadcrumbList\",\"@id\":\"https:\\\/\\\/alice.ch\\\/fr\\\/services\\\/projets-de-cheques-de-la-fsea\\\/projet-de-cheques-de-formation-dans-le-canton-dargovie\\\/#breadcrumb\",\"itemListElement\":[{\"@type\":\"ListItem\",\"position\":1,\"name\":\"Page d'accueil\",\"item\":\"https:\\\/\\\/alice.ch\\\/fr\\\/\"},{\"@type\":\"ListItem\",\"position\":2,\"name\":\"Services\",\"item\":\"https:\\\/\\\/alice.ch\\\/fr\\\/services\\\/\"},{\"@type\":\"ListItem\",\"position\":3,\"name\":\"Projets de ch\u00e8ques de la FSEA\",\"item\":\"https:\\\/\\\/alice.ch\\\/fr\\\/services\\\/projets-de-cheques-de-la-fsea\\\/\"},{\"@type\":\"ListItem\",\"position\":4,\"name\":\"Canton d&#8217;Argovie\"}]},{\"@type\":\"WebSite\",\"@id\":\"https:\\\/\\\/alice.ch\\\/fr\\\/#website\",\"url\":\"https:\\\/\\\/alice.ch\\\/fr\\\/\",\"name\":\"alice.ch (Adult Learning Information Center) ist das Portal der Weiterbildung in der Schweiz.\",\"description\":\"Schweizerischer Verband f\u00fcr Weiterbildung\",\"publisher\":{\"@id\":\"https:\\\/\\\/alice.ch\\\/fr\\\/#organization\"},\"potentialAction\":[{\"@type\":\"SearchAction\",\"target\":{\"@type\":\"EntryPoint\",\"urlTemplate\":\"https:\\\/\\\/alice.ch\\\/fr\\\/?s={search_term_string}\"},\"query-input\":{\"@type\":\"PropertyValueSpecification\",\"valueRequired\":true,\"valueName\":\"search_term_string\"}}],\"inLanguage\":\"fr-FR\"},{\"@type\":\"Organization\",\"@id\":\"https:\\\/\\\/alice.ch\\\/fr\\\/#organization\",\"name\":\"FSEA F\u00e9d\u00e9ration suisse pour la formation continue\",\"url\":\"https:\\\/\\\/alice.ch\\\/fr\\\/\",\"logo\":{\"@type\":\"ImageObject\",\"inLanguage\":\"fr-FR\",\"@id\":\"https:\\\/\\\/alice.ch\\\/fr\\\/#\\\/schema\\\/logo\\\/image\\\/\",\"url\":\"https:\\\/\\\/alice.ch\\\/app\\\/uploads\\\/2022\\\/07\\\/logo-sveb.png\",\"contentUrl\":\"https:\\\/\\\/alice.ch\\\/app\\\/uploads\\\/2022\\\/07\\\/logo-sveb.png\",\"width\":145,\"height\":64,\"caption\":\"FSEA F\u00e9d\u00e9ration suisse pour la formation continue\"},\"image\":{\"@id\":\"https:\\\/\\\/alice.ch\\\/fr\\\/#\\\/schema\\\/logo\\\/image\\\/\"},\"sameAs\":[\"https:\\\/\\\/www.linkedin.com\\\/company\\\/schweizerischer-verband-fr-weiterbildung-sveb\\\/\"]}]}<\/script>\n<!-- \/ Yoast SEO plugin. -->","yoast_head_json":{"title":"Canton d'Argovie - FSEA","description":"Tout ce qui concerne les bons de formation dans le canton d'Argovie : qui a droit \u00e0 ces bons, o\u00f9 peut-on les obtenir et quel est le contexte.","robots":{"index":"index","follow":"follow","max-snippet":"max-snippet:-1","max-image-preview":"max-image-preview:large","max-video-preview":"max-video-preview:-1"},"canonical":"https:\/\/alice.ch\/fr\/services\/projets-de-cheques-de-la-fsea\/projet-de-cheques-de-formation-dans-le-canton-dargovie\/","og_locale":"fr_FR","og_type":"article","og_title":"Canton d'Argovie - FSEA","og_description":"Tout ce qui concerne les bons de formation dans le canton d'Argovie : qui a droit \u00e0 ces bons, o\u00f9 peut-on les obtenir et quel est le contexte.","og_url":"https:\/\/alice.ch\/fr\/services\/projets-de-cheques-de-la-fsea\/projet-de-cheques-de-formation-dans-le-canton-dargovie\/","og_site_name":"SVEB","article_modified_time":"2025-11-11T10:08:40+00:00","twitter_card":"summary_large_image","twitter_misc":{"Dur\u00e9e de lecture estim\u00e9e":"3 minutes"},"schema":{"@context":"https:\/\/schema.org","@graph":[{"@type":"WebPage","@id":"https:\/\/alice.ch\/fr\/services\/projets-de-cheques-de-la-fsea\/projet-de-cheques-de-formation-dans-le-canton-dargovie\/","url":"https:\/\/alice.ch\/fr\/services\/projets-de-cheques-de-la-fsea\/projet-de-cheques-de-formation-dans-le-canton-dargovie\/","name":"Canton d'Argovie - FSEA","isPartOf":{"@id":"https:\/\/alice.ch\/fr\/#website"},"primaryImageOfPage":{"@id":"https:\/\/alice.ch\/fr\/services\/projets-de-cheques-de-la-fsea\/projet-de-cheques-de-formation-dans-le-canton-dargovie\/#primaryimage"},"image":{"@id":"https:\/\/alice.ch\/fr\/services\/projets-de-cheques-de-la-fsea\/projet-de-cheques-de-formation-dans-le-canton-dargovie\/#primaryimage"},"thumbnailUrl":"https:\/\/alice.ch\/app\/uploads\/2022\/11\/default.jpg","datePublished":"2022-11-03T15:39:06+00:00","dateModified":"2025-11-11T10:08:40+00:00","description":"Tout ce qui concerne les bons de formation dans le canton d'Argovie : qui a droit \u00e0 ces bons, o\u00f9 peut-on les obtenir et quel est le contexte.","breadcrumb":{"@id":"https:\/\/alice.ch\/fr\/services\/projets-de-cheques-de-la-fsea\/projet-de-cheques-de-formation-dans-le-canton-dargovie\/#breadcrumb"},"inLanguage":"fr-FR","potentialAction":[{"@type":"ReadAction","target":["https:\/\/alice.ch\/fr\/services\/projets-de-cheques-de-la-fsea\/projet-de-cheques-de-formation-dans-le-canton-dargovie\/"]}]},{"@type":"ImageObject","inLanguage":"fr-FR","@id":"https:\/\/alice.ch\/fr\/services\/projets-de-cheques-de-la-fsea\/projet-de-cheques-de-formation-dans-le-canton-dargovie\/#primaryimage","url":"https:\/\/alice.ch\/app\/uploads\/2022\/11\/default.jpg","contentUrl":"https:\/\/alice.ch\/app\/uploads\/2022\/11\/default.jpg","width":1600,"height":900},{"@type":"BreadcrumbList","@id":"https:\/\/alice.ch\/fr\/services\/projets-de-cheques-de-la-fsea\/projet-de-cheques-de-formation-dans-le-canton-dargovie\/#breadcrumb","itemListElement":[{"@type":"ListItem","position":1,"name":"Page d'accueil","item":"https:\/\/alice.ch\/fr\/"},{"@type":"ListItem","position":2,"name":"Services","item":"https:\/\/alice.ch\/fr\/services\/"},{"@type":"ListItem","position":3,"name":"Projets de ch\u00e8ques de la FSEA","item":"https:\/\/alice.ch\/fr\/services\/projets-de-cheques-de-la-fsea\/"},{"@type":"ListItem","position":4,"name":"Canton d&#8217;Argovie"}]},{"@type":"WebSite","@id":"https:\/\/alice.ch\/fr\/#website","url":"https:\/\/alice.ch\/fr\/","name":"alice.ch (Adult Learning Information Center) ist das Portal der Weiterbildung in der Schweiz.","description":"Schweizerischer Verband f\u00fcr Weiterbildung","publisher":{"@id":"https:\/\/alice.ch\/fr\/#organization"},"potentialAction":[{"@type":"SearchAction","target":{"@type":"EntryPoint","urlTemplate":"https:\/\/alice.ch\/fr\/?s={search_term_string}"},"query-input":{"@type":"PropertyValueSpecification","valueRequired":true,"valueName":"search_term_string"}}],"inLanguage":"fr-FR"},{"@type":"Organization","@id":"https:\/\/alice.ch\/fr\/#organization","name":"FSEA F\u00e9d\u00e9ration suisse pour la formation continue","url":"https:\/\/alice.ch\/fr\/","logo":{"@type":"ImageObject","inLanguage":"fr-FR","@id":"https:\/\/alice.ch\/fr\/#\/schema\/logo\/image\/","url":"https:\/\/alice.ch\/app\/uploads\/2022\/07\/logo-sveb.png","contentUrl":"https:\/\/alice.ch\/app\/uploads\/2022\/07\/logo-sveb.png","width":145,"height":64,"caption":"FSEA F\u00e9d\u00e9ration suisse pour la formation continue"},"image":{"@id":"https:\/\/alice.ch\/fr\/#\/schema\/logo\/image\/"},"sameAs":["https:\/\/www.linkedin.com\/company\/schweizerischer-verband-fr-weiterbildung-sveb\/"]}]}},"_links":{"self":[{"href":"https:\/\/alice.ch\/fr\/wp-json\/wp\/v2\/pages\/36779","targetHints":{"allow":["GET"]}}],"collection":[{"href":"https:\/\/alice.ch\/fr\/wp-json\/wp\/v2\/pages"}],"about":[{"href":"https:\/\/alice.ch\/fr\/wp-json\/wp\/v2\/types\/page"}],"author":[{"embeddable":true,"href":"https:\/\/alice.ch\/fr\/wp-json\/wp\/v2\/users\/4"}],"replies":[{"embeddable":true,"href":"https:\/\/alice.ch\/fr\/wp-json\/wp\/v2\/comments?post=36779"}],"version-history":[{"count":30,"href":"https:\/\/alice.ch\/fr\/wp-json\/wp\/v2\/pages\/36779\/revisions"}],"predecessor-version":[{"id":71846,"href":"https:\/\/alice.ch\/fr\/wp-json\/wp\/v2\/pages\/36779\/revisions\/71846"}],"up":[{"embeddable":true,"href":"https:\/\/alice.ch\/fr\/wp-json\/wp\/v2\/pages\/11312"}],"wp:featuredmedia":[{"embeddable":true,"href":"https:\/\/alice.ch\/fr\/wp-json\/wp\/v2\/media\/20799"}],"wp:attachment":[{"href":"https:\/\/alice.ch\/fr\/wp-json\/wp\/v2\/media?parent=36779"}],"curies":[{"name":"wp","href":"https:\/\/api.w.org\/{rel}","templated":true}]}}