{"id":45154,"date":"2023-02-10T16:51:49","date_gmt":"2023-02-10T15:51:49","guid":{"rendered":"https:\/\/alice.ch\/?page_id=45154"},"modified":"2026-01-08T09:38:45","modified_gmt":"2026-01-08T08:38:45","slug":"federation-romande-des-acteurs-de-la-formation-des-formateurs-dadultes-fraffa","status":"publish","type":"page","link":"https:\/\/alice.ch\/fr\/fsea-fr\/les-secretariats-regionaux\/federation-romande-des-acteurs-de-la-formation-des-formateurs-dadultes-fraffa\/","title":{"rendered":"F\u00e9d\u00e9ration romande des acteurs de la formation des formateurs d\u2019adultes FRAFFA"},"content":{"rendered":"\n<div class=\"wp-block-group is-style-reduced-width is-layout-flow wp-block-group-is-layout-flow\">\n<h1 class=\"wp-block-heading\">F\u00e9d\u00e9ration romande des acteurs de la formation des formateurs d\u2019adultes FRAFFA<\/h1>\n\n\n\n<p class=\"is-style-lead\">La mise en \u0153uvre des dispositions nationales \u00e9mises par le Syst\u00e8me modulaire suisse de la formation des formateurs d\u2019adultes (FFA) est, en Suisse romande, g\u00e9r\u00e9e et coordonn\u00e9e par le Secr\u00e9tariat romand du syst\u00e8me modulaire confi\u00e9 \u00e0 la FSEA romande, qui peut s&rsquo;appuyer sur la F\u00e9d\u00e9ration romande des acteurs de la formation des formateurs d&rsquo;adultes (FRAFFA).&nbsp;<\/p>\n\n\n\n<p>La FSEA romande et la <a href=\"https:\/\/www.centreformationcontinue.ch\/Partenaires\/Institutions-et-associations\/FRAFFA\" target=\"_blank\" rel=\"noreferrer noopener\">FRAFFA<\/a> b\u00e9n\u00e9ficient d&rsquo;un accord de collaboration.<\/p>\n\n\n\n<p>La FRAFFA dispose de statuts et d&rsquo;une charte.<\/p>\n\n\n\n<div class=\"wp-block-columns is-layout-flex wp-container-core-columns-is-layout-28f84493 wp-block-columns-is-layout-flex\">\n<div class=\"wp-block-column is-layout-flow wp-block-column-is-layout-flow\" style=\"flex-basis:50%\">\n<div class=\"wp-block-file\"><a id=\"wp-block-file--media-eec9df04-5b29-4ed0-89c9-db8c1ad39e07\" href=\"https:\/\/alice.ch\/app\/uploads\/2023\/03\/FR-FFA-STATUTS-version-definitive.pdf\" target=\"_blank\" rel=\"noreferrer noopener\">STATUTS FRAFFA<br \/>PDF &#8211; 74 kb<\/a><\/div>\n\n\n\n<div class=\"wp-block-file\"><a id=\"wp-block-file--media-eec9df04-5b29-4ed0-89c9-db8c1ad39e07\" href=\"https:\/\/alice.ch\/app\/uploads\/2023\/03\/FR-FFA-CHARTE-version-0.pdf\" target=\"_blank\" rel=\"noreferrer noopener\">Charte FRAFFA<br \/>PDF &#8211; 55 kb<\/a><\/div>\n<\/div>\n\n\n\n<div class=\"wp-block-column is-layout-flow wp-block-column-is-layout-flow\" style=\"flex-basis:50%\"><\/div>\n<\/div>\n\n\n\n<h2 class=\"wp-block-heading\">Comit\u00e9 FRAFFA<\/h2>\n\n\n\n<figure class=\"wp-block-table is-style-stripes\"><table><tbody><tr><td><strong>Pr\u00e9sident<\/strong><\/td><td><a href=\"https:\/\/www.unige.ch\/fapse\/rift\/portail-intervention-rift\/nos-intervenants-experts\/stephane-jacquemet-charge-denseignement\" target=\"_blank\" rel=\"noreferrer noopener\">M. St\u00e9phane Jacquemet<\/a><\/td><td>Universit\u00e9 de Gen\u00e8ve<\/td><\/tr><tr><td><\/td><td>Poste \u00e0 repourvoir<\/td><td>(vice-pr\u00e9sidence)<\/td><\/tr><tr><td><strong>Membres<\/strong><\/td><td><a href=\"http:\/\/annuaire.arfor.ch\/member\/144\" target=\"_blank\" rel=\"noreferrer noopener\">M.&nbsp;Philippe Gachet<\/a><\/td><td>ARFOR Association Romande des Formateurs (caissier)<\/td><\/tr><tr><td><\/td><td><a href=\"http:\/\/annuaire.arfor.ch\/member\/68\" target=\"_blank\" rel=\"noreferrer noopener\">M. Daniel Carron<\/a><\/td><td>CFF Chemins de fer f\u00e9d\u00e9raux suisses<\/td><\/tr><tr><td><\/td><td><a href=\"https:\/\/www.linkedin.com\/in\/muriel-levrat-rapp\/\" target=\"_blank\" rel=\"noreferrer noopener\">Mme. Muriel Levrat<\/a><\/td><td>CPLN-EAM Ecole des arts et m\u00e9tiers<\/td><\/tr><tr><td><\/td><td><a href=\"https:\/\/www.linkedin.com\/in\/caroline-meier-quevedo-219a6450\/\" target=\"_blank\" rel=\"noreferrer noopener\">Mme. Caroline Meier Quevedo<\/a><\/td><td>FSEA F\u00e9d\u00e9ration suisse pour la formation continue<\/td><\/tr><tr><td><\/td><td><a href=\"https:\/\/www.linkedin.com\/in\/sandra-bissig-22916910a\/\" target=\"_blank\" rel=\"noreferrer noopener\">Mme. Sandra Bissig<\/a><\/td><td>CIP Centre interr\u00e9gional de perfectionnement<\/td><\/tr><\/tbody><\/table><\/figure>\n\n\n\n<p><br>Daniel Carron, membre du comit\u00e9 de la FRAFFA, fait partie de la Commission suisse FFA&nbsp;(Commission suisse du <a href=\"https:\/\/alice.ch\/fr\/professionnalisation\/systeme-modulaire-ffa\/structure\/\">syst\u00e8me modulaire de formation de formateurs\/formatrices<\/a>).<\/p>\n\n\n\n<p>Les membres romands de la FSEA sont repr\u00e9sent\u00e9s au sein de la commission Assurance qualit\u00e9 (CAQ) par Didier Juillerat, directeur du CIP Tramelan et par Gabriela Leone, membre du comit\u00e9 de l\u2019ARFOR.<\/p>\n\n\n\n<div class=\"wp-block-columns is-layout-flex wp-container-core-columns-is-layout-28f84493 wp-block-columns-is-layout-flex\">\n<div class=\"wp-block-column is-layout-flow wp-block-column-is-layout-flow\" style=\"flex-basis:50%\"><div class=\"contact-persons\">\n\n\t\t\t\t\t<div class=\"contact-person\">\n\t\t\t\t\tCaroline Meier Quevedo<br \/>\t\t\t\t\tDirectrice du secr\u00e9tariat romand<br \/>\t\t\t\t\t<br \/>\n\t\t\t\t\t\t\t\t\t\t<a href=\"tel:+41 (0)22 994 20 10\">+41 (0)22 994 20 10<\/a><br \/>\t\t\t\t\t<a href=\"mailto:caroline.meier@alice.ch\">caroline.meier@alice.ch<\/a><br \/>\t\t\t\t\t<\/div>\n\t\t\t\t\t<\/div>\n<\/div>\n\n\n\n<div class=\"wp-block-column is-layout-flow wp-block-column-is-layout-flow\" style=\"flex-basis:50%\"><\/div>\n<\/div>\n\n\n\n<p><\/p>\n<\/div>\n","protected":false},"excerpt":{"rendered":"<p>F\u00e9d\u00e9ration romande des acteurs de la formation des formateurs d\u2019adultes FRAFFA La mise en \u0153uvre des dispositions nationales \u00e9mises par [&hellip;]<\/p>\n","protected":false},"author":2,"featured_media":20799,"parent":11386,"menu_order":585,"comment_status":"closed","ping_status":"closed","template":"","meta":{"_acf_changed":false,"inline_featured_image":false,"footnotes":""},"class_list":["post-45154","page","type-page","status-publish","has-post-thumbnail","hentry"],"acf":[],"yoast_head":"<!-- This site is optimized with the Yoast SEO plugin v27.3 - https:\/\/yoast.com\/product\/yoast-seo-wordpress\/ -->\n<title>F\u00e9d\u00e9ration romande des acteurs de la formation des formateurs d\u2019adultes FRAFFA - FSEA<\/title>\n<meta name=\"robots\" content=\"index, follow, max-snippet:-1, max-image-preview:large, max-video-preview:-1\" \/>\n<link rel=\"canonical\" href=\"https:\/\/alice.ch\/fr\/fsea-fr\/les-secretariats-regionaux\/federation-romande-des-acteurs-de-la-formation-des-formateurs-dadultes-fraffa\/\" \/>\n<meta property=\"og:locale\" content=\"fr_FR\" \/>\n<meta property=\"og:type\" content=\"article\" \/>\n<meta property=\"og:title\" content=\"F\u00e9d\u00e9ration romande des acteurs de la formation des formateurs d\u2019adultes FRAFFA - FSEA\" \/>\n<meta property=\"og:description\" content=\"F\u00e9d\u00e9ration romande des acteurs de la formation des formateurs d\u2019adultes FRAFFA La mise en \u0153uvre des dispositions nationales \u00e9mises par [&hellip;]\" \/>\n<meta property=\"og:url\" content=\"https:\/\/alice.ch\/fr\/fsea-fr\/les-secretariats-regionaux\/federation-romande-des-acteurs-de-la-formation-des-formateurs-dadultes-fraffa\/\" \/>\n<meta property=\"og:site_name\" content=\"SVEB\" \/>\n<meta property=\"article:modified_time\" content=\"2026-01-08T08:38:45+00:00\" \/>\n<meta name=\"twitter:card\" content=\"summary_large_image\" \/>\n<meta name=\"twitter:label1\" content=\"Dur\u00e9e de lecture estim\u00e9e\" \/>\n\t<meta name=\"twitter:data1\" content=\"2 minutes\" \/>\n<script type=\"application\/ld+json\" class=\"yoast-schema-graph\">{\"@context\":\"https:\\\/\\\/schema.org\",\"@graph\":[{\"@type\":\"WebPage\",\"@id\":\"https:\\\/\\\/alice.ch\\\/fr\\\/fsea-fr\\\/les-secretariats-regionaux\\\/federation-romande-des-acteurs-de-la-formation-des-formateurs-dadultes-fraffa\\\/\",\"url\":\"https:\\\/\\\/alice.ch\\\/fr\\\/fsea-fr\\\/les-secretariats-regionaux\\\/federation-romande-des-acteurs-de-la-formation-des-formateurs-dadultes-fraffa\\\/\",\"name\":\"F\u00e9d\u00e9ration romande des acteurs de la formation des formateurs d\u2019adultes FRAFFA - FSEA\",\"isPartOf\":{\"@id\":\"https:\\\/\\\/alice.ch\\\/fr\\\/#website\"},\"primaryImageOfPage\":{\"@id\":\"https:\\\/\\\/alice.ch\\\/fr\\\/fsea-fr\\\/les-secretariats-regionaux\\\/federation-romande-des-acteurs-de-la-formation-des-formateurs-dadultes-fraffa\\\/#primaryimage\"},\"image\":{\"@id\":\"https:\\\/\\\/alice.ch\\\/fr\\\/fsea-fr\\\/les-secretariats-regionaux\\\/federation-romande-des-acteurs-de-la-formation-des-formateurs-dadultes-fraffa\\\/#primaryimage\"},\"thumbnailUrl\":\"https:\\\/\\\/alice.ch\\\/app\\\/uploads\\\/2022\\\/11\\\/default.jpg\",\"datePublished\":\"2023-02-10T15:51:49+00:00\",\"dateModified\":\"2026-01-08T08:38:45+00:00\",\"breadcrumb\":{\"@id\":\"https:\\\/\\\/alice.ch\\\/fr\\\/fsea-fr\\\/les-secretariats-regionaux\\\/federation-romande-des-acteurs-de-la-formation-des-formateurs-dadultes-fraffa\\\/#breadcrumb\"},\"inLanguage\":\"fr-FR\",\"potentialAction\":[{\"@type\":\"ReadAction\",\"target\":[\"https:\\\/\\\/alice.ch\\\/fr\\\/fsea-fr\\\/les-secretariats-regionaux\\\/federation-romande-des-acteurs-de-la-formation-des-formateurs-dadultes-fraffa\\\/\"]}]},{\"@type\":\"ImageObject\",\"inLanguage\":\"fr-FR\",\"@id\":\"https:\\\/\\\/alice.ch\\\/fr\\\/fsea-fr\\\/les-secretariats-regionaux\\\/federation-romande-des-acteurs-de-la-formation-des-formateurs-dadultes-fraffa\\\/#primaryimage\",\"url\":\"https:\\\/\\\/alice.ch\\\/app\\\/uploads\\\/2022\\\/11\\\/default.jpg\",\"contentUrl\":\"https:\\\/\\\/alice.ch\\\/app\\\/uploads\\\/2022\\\/11\\\/default.jpg\",\"width\":1600,\"height\":900},{\"@type\":\"BreadcrumbList\",\"@id\":\"https:\\\/\\\/alice.ch\\\/fr\\\/fsea-fr\\\/les-secretariats-regionaux\\\/federation-romande-des-acteurs-de-la-formation-des-formateurs-dadultes-fraffa\\\/#breadcrumb\",\"itemListElement\":[{\"@type\":\"ListItem\",\"position\":1,\"name\":\"Page d'accueil\",\"item\":\"https:\\\/\\\/alice.ch\\\/fr\\\/\"},{\"@type\":\"ListItem\",\"position\":2,\"name\":\"FSEA\",\"item\":\"https:\\\/\\\/alice.ch\\\/fr\\\/fsea-fr\\\/\"},{\"@type\":\"ListItem\",\"position\":3,\"name\":\"Les secr\u00e9tariats r\u00e9gionaux\",\"item\":\"https:\\\/\\\/alice.ch\\\/fr\\\/fsea-fr\\\/les-secretariats-regionaux\\\/\"},{\"@type\":\"ListItem\",\"position\":4,\"name\":\"F\u00e9d\u00e9ration romande des acteurs de la formation des formateurs d\u2019adultes FRAFFA\"}]},{\"@type\":\"WebSite\",\"@id\":\"https:\\\/\\\/alice.ch\\\/fr\\\/#website\",\"url\":\"https:\\\/\\\/alice.ch\\\/fr\\\/\",\"name\":\"alice.ch (Adult Learning Information Center) ist das Portal der Weiterbildung in der Schweiz.\",\"description\":\"Schweizerischer Verband f\u00fcr Weiterbildung\",\"publisher\":{\"@id\":\"https:\\\/\\\/alice.ch\\\/fr\\\/#organization\"},\"potentialAction\":[{\"@type\":\"SearchAction\",\"target\":{\"@type\":\"EntryPoint\",\"urlTemplate\":\"https:\\\/\\\/alice.ch\\\/fr\\\/?s={search_term_string}\"},\"query-input\":{\"@type\":\"PropertyValueSpecification\",\"valueRequired\":true,\"valueName\":\"search_term_string\"}}],\"inLanguage\":\"fr-FR\"},{\"@type\":\"Organization\",\"@id\":\"https:\\\/\\\/alice.ch\\\/fr\\\/#organization\",\"name\":\"FSEA F\u00e9d\u00e9ration suisse pour la formation continue\",\"url\":\"https:\\\/\\\/alice.ch\\\/fr\\\/\",\"logo\":{\"@type\":\"ImageObject\",\"inLanguage\":\"fr-FR\",\"@id\":\"https:\\\/\\\/alice.ch\\\/fr\\\/#\\\/schema\\\/logo\\\/image\\\/\",\"url\":\"https:\\\/\\\/alice.ch\\\/app\\\/uploads\\\/2022\\\/07\\\/logo-sveb.png\",\"contentUrl\":\"https:\\\/\\\/alice.ch\\\/app\\\/uploads\\\/2022\\\/07\\\/logo-sveb.png\",\"width\":145,\"height\":64,\"caption\":\"FSEA F\u00e9d\u00e9ration suisse pour la formation continue\"},\"image\":{\"@id\":\"https:\\\/\\\/alice.ch\\\/fr\\\/#\\\/schema\\\/logo\\\/image\\\/\"},\"sameAs\":[\"https:\\\/\\\/www.linkedin.com\\\/company\\\/schweizerischer-verband-fr-weiterbildung-sveb\\\/\"]}]}<\/script>\n<!-- \/ Yoast SEO plugin. -->","yoast_head_json":{"title":"F\u00e9d\u00e9ration romande des acteurs de la formation des formateurs d\u2019adultes FRAFFA - FSEA","robots":{"index":"index","follow":"follow","max-snippet":"max-snippet:-1","max-image-preview":"max-image-preview:large","max-video-preview":"max-video-preview:-1"},"canonical":"https:\/\/alice.ch\/fr\/fsea-fr\/les-secretariats-regionaux\/federation-romande-des-acteurs-de-la-formation-des-formateurs-dadultes-fraffa\/","og_locale":"fr_FR","og_type":"article","og_title":"F\u00e9d\u00e9ration romande des acteurs de la formation des formateurs d\u2019adultes FRAFFA - FSEA","og_description":"F\u00e9d\u00e9ration romande des acteurs de la formation des formateurs d\u2019adultes FRAFFA La mise en \u0153uvre des dispositions nationales \u00e9mises par [&hellip;]","og_url":"https:\/\/alice.ch\/fr\/fsea-fr\/les-secretariats-regionaux\/federation-romande-des-acteurs-de-la-formation-des-formateurs-dadultes-fraffa\/","og_site_name":"SVEB","article_modified_time":"2026-01-08T08:38:45+00:00","twitter_card":"summary_large_image","twitter_misc":{"Dur\u00e9e de lecture estim\u00e9e":"2 minutes"},"schema":{"@context":"https:\/\/schema.org","@graph":[{"@type":"WebPage","@id":"https:\/\/alice.ch\/fr\/fsea-fr\/les-secretariats-regionaux\/federation-romande-des-acteurs-de-la-formation-des-formateurs-dadultes-fraffa\/","url":"https:\/\/alice.ch\/fr\/fsea-fr\/les-secretariats-regionaux\/federation-romande-des-acteurs-de-la-formation-des-formateurs-dadultes-fraffa\/","name":"F\u00e9d\u00e9ration romande des acteurs de la formation des formateurs d\u2019adultes FRAFFA - FSEA","isPartOf":{"@id":"https:\/\/alice.ch\/fr\/#website"},"primaryImageOfPage":{"@id":"https:\/\/alice.ch\/fr\/fsea-fr\/les-secretariats-regionaux\/federation-romande-des-acteurs-de-la-formation-des-formateurs-dadultes-fraffa\/#primaryimage"},"image":{"@id":"https:\/\/alice.ch\/fr\/fsea-fr\/les-secretariats-regionaux\/federation-romande-des-acteurs-de-la-formation-des-formateurs-dadultes-fraffa\/#primaryimage"},"thumbnailUrl":"https:\/\/alice.ch\/app\/uploads\/2022\/11\/default.jpg","datePublished":"2023-02-10T15:51:49+00:00","dateModified":"2026-01-08T08:38:45+00:00","breadcrumb":{"@id":"https:\/\/alice.ch\/fr\/fsea-fr\/les-secretariats-regionaux\/federation-romande-des-acteurs-de-la-formation-des-formateurs-dadultes-fraffa\/#breadcrumb"},"inLanguage":"fr-FR","potentialAction":[{"@type":"ReadAction","target":["https:\/\/alice.ch\/fr\/fsea-fr\/les-secretariats-regionaux\/federation-romande-des-acteurs-de-la-formation-des-formateurs-dadultes-fraffa\/"]}]},{"@type":"ImageObject","inLanguage":"fr-FR","@id":"https:\/\/alice.ch\/fr\/fsea-fr\/les-secretariats-regionaux\/federation-romande-des-acteurs-de-la-formation-des-formateurs-dadultes-fraffa\/#primaryimage","url":"https:\/\/alice.ch\/app\/uploads\/2022\/11\/default.jpg","contentUrl":"https:\/\/alice.ch\/app\/uploads\/2022\/11\/default.jpg","width":1600,"height":900},{"@type":"BreadcrumbList","@id":"https:\/\/alice.ch\/fr\/fsea-fr\/les-secretariats-regionaux\/federation-romande-des-acteurs-de-la-formation-des-formateurs-dadultes-fraffa\/#breadcrumb","itemListElement":[{"@type":"ListItem","position":1,"name":"Page d'accueil","item":"https:\/\/alice.ch\/fr\/"},{"@type":"ListItem","position":2,"name":"FSEA","item":"https:\/\/alice.ch\/fr\/fsea-fr\/"},{"@type":"ListItem","position":3,"name":"Les secr\u00e9tariats r\u00e9gionaux","item":"https:\/\/alice.ch\/fr\/fsea-fr\/les-secretariats-regionaux\/"},{"@type":"ListItem","position":4,"name":"F\u00e9d\u00e9ration romande des acteurs de la formation des formateurs d\u2019adultes FRAFFA"}]},{"@type":"WebSite","@id":"https:\/\/alice.ch\/fr\/#website","url":"https:\/\/alice.ch\/fr\/","name":"alice.ch (Adult Learning Information Center) ist das Portal der Weiterbildung in der Schweiz.","description":"Schweizerischer Verband f\u00fcr Weiterbildung","publisher":{"@id":"https:\/\/alice.ch\/fr\/#organization"},"potentialAction":[{"@type":"SearchAction","target":{"@type":"EntryPoint","urlTemplate":"https:\/\/alice.ch\/fr\/?s={search_term_string}"},"query-input":{"@type":"PropertyValueSpecification","valueRequired":true,"valueName":"search_term_string"}}],"inLanguage":"fr-FR"},{"@type":"Organization","@id":"https:\/\/alice.ch\/fr\/#organization","name":"FSEA F\u00e9d\u00e9ration suisse pour la formation continue","url":"https:\/\/alice.ch\/fr\/","logo":{"@type":"ImageObject","inLanguage":"fr-FR","@id":"https:\/\/alice.ch\/fr\/#\/schema\/logo\/image\/","url":"https:\/\/alice.ch\/app\/uploads\/2022\/07\/logo-sveb.png","contentUrl":"https:\/\/alice.ch\/app\/uploads\/2022\/07\/logo-sveb.png","width":145,"height":64,"caption":"FSEA F\u00e9d\u00e9ration suisse pour la formation continue"},"image":{"@id":"https:\/\/alice.ch\/fr\/#\/schema\/logo\/image\/"},"sameAs":["https:\/\/www.linkedin.com\/company\/schweizerischer-verband-fr-weiterbildung-sveb\/"]}]}},"_links":{"self":[{"href":"https:\/\/alice.ch\/fr\/wp-json\/wp\/v2\/pages\/45154","targetHints":{"allow":["GET"]}}],"collection":[{"href":"https:\/\/alice.ch\/fr\/wp-json\/wp\/v2\/pages"}],"about":[{"href":"https:\/\/alice.ch\/fr\/wp-json\/wp\/v2\/types\/page"}],"author":[{"embeddable":true,"href":"https:\/\/alice.ch\/fr\/wp-json\/wp\/v2\/users\/2"}],"replies":[{"embeddable":true,"href":"https:\/\/alice.ch\/fr\/wp-json\/wp\/v2\/comments?post=45154"}],"version-history":[{"count":29,"href":"https:\/\/alice.ch\/fr\/wp-json\/wp\/v2\/pages\/45154\/revisions"}],"predecessor-version":[{"id":72862,"href":"https:\/\/alice.ch\/fr\/wp-json\/wp\/v2\/pages\/45154\/revisions\/72862"}],"up":[{"embeddable":true,"href":"https:\/\/alice.ch\/fr\/wp-json\/wp\/v2\/pages\/11386"}],"wp:featuredmedia":[{"embeddable":true,"href":"https:\/\/alice.ch\/fr\/wp-json\/wp\/v2\/media\/20799"}],"wp:attachment":[{"href":"https:\/\/alice.ch\/fr\/wp-json\/wp\/v2\/media?parent=45154"}],"curies":[{"name":"wp","href":"https:\/\/api.w.org\/{rel}","templated":true}]}}