{"id":50905,"date":"2022-11-10T11:10:31","date_gmt":"2022-11-10T10:10:31","guid":{"rendered":"https:\/\/alice.ch\/?page_id=50905"},"modified":"2023-12-05T15:46:46","modified_gmt":"2023-12-05T14:46:46","slug":"sitemap","status":"publish","type":"page","link":"https:\/\/alice.ch\/fr\/sitemap\/","title":{"rendered":"Sitemap"},"content":{"rendered":"\n<h1 class=\"wp-block-heading\">Sitemap<\/h1>\n\n\n<ul class=\"wp-block-page-list\"><li class=\"wp-block-pages-list__item menu-item-home\"><a class=\"wp-block-pages-list__item__link\" href=\"https:\/\/alice.ch\/fr\/\">FSEA F\u00e9d\u00e9ration suisse pour la formation continue<\/a><\/li><li class=\"wp-block-pages-list__item has-child\"><a class=\"wp-block-pages-list__item__link\" href=\"https:\/\/alice.ch\/fr\/themes\/\">Th\u00e8mes<\/a><ul class=\"wp-block-navigation__submenu-container\"><li class=\"wp-block-pages-list__item has-child \"><a class=\"wp-block-pages-list__item__link\" href=\"https:\/\/alice.ch\/fr\/themes\/competences-de-base\/\">Comp\u00e9tences de base<\/a><ul class=\"wp-block-navigation__submenu-container\"><li class=\"wp-block-pages-list__item has-child \"><a class=\"wp-block-pages-list__item__link\" href=\"https:\/\/alice.ch\/fr\/themes\/competences-de-base\/promotion-innovante\/\">Promotion innovante<\/a><ul class=\"wp-block-navigation__submenu-container\"><li class=\"wp-block-pages-list__item \"><a class=\"wp-block-pages-list__item__link\" href=\"https:\/\/alice.ch\/fr\/themes\/competences-de-base\/promotion-innovante\/webinaires\/\">Webinaires<\/a><\/li><li class=\"wp-block-pages-list__item \"><a class=\"wp-block-pages-list__item__link\" href=\"https:\/\/alice.ch\/fr\/themes\/competences-de-base\/promotion-innovante\/importance-en-suisse\/\">Importance en Suisse<\/a><\/li><li class=\"wp-block-pages-list__item \"><a class=\"wp-block-pages-list__item__link\" href=\"https:\/\/alice.ch\/fr\/themes\/competences-de-base\/promotion-innovante\/notre-reseau\/\">Notre r\u00e9seau<\/a><\/li><li class=\"wp-block-pages-list__item \"><a class=\"wp-block-pages-list__item__link\" href=\"https:\/\/alice.ch\/fr\/themes\/competences-de-base\/promotion-innovante\/ci-competences-de-base\/\">CI Comp\u00e9tences de base<\/a><\/li><\/ul><\/li><li class=\"wp-block-pages-list__item \"><a class=\"wp-block-pages-list__item__link\" href=\"https:\/\/alice.ch\/fr\/themes\/competences-de-base\/competences-des-formateurs\/\">Competences des Formateurs<\/a><\/li><li class=\"wp-block-pages-list__item \"><a class=\"wp-block-pages-list__item__link\" href=\"https:\/\/alice.ch\/fr\/themes\/competences-de-base\/resultats-de-lenquete-piaac-en-suisse\/\">R\u00e9sultats de l&rsquo;enqu\u00eate PIAAC en Suisse<\/a><\/li><li class=\"wp-block-pages-list__item \"><a class=\"wp-block-pages-list__item__link\" href=\"https:\/\/alice.ch\/fr\/themes\/competences-de-base\/rapport-competences-de-base\/\">Rapport Comp\u00e9tences de base<\/a><\/li><li class=\"wp-block-pages-list__item has-child \"><a class=\"wp-block-pages-list__item__link\" href=\"https:\/\/alice.ch\/fr\/themes\/competences-de-base\/promotion-des-competences-de-base-sur-le-lieu-de-travail\/\">Priorit\u00e9 d&rsquo;encouragement pour la promotion des comp\u00e9tences de base sur le lieu de travail<\/a><ul class=\"wp-block-navigation__submenu-container\"><li class=\"wp-block-pages-list__item \"><a class=\"wp-block-pages-list__item__link\" href=\"https:\/\/alice.ch\/fr\/themes\/competences-de-base\/promotion-des-competences-de-base-sur-le-lieu-de-travail\/matching-tool\/\">Matching-Tool<\/a><\/li><\/ul><\/li><li class=\"wp-block-pages-list__item has-child \"><a class=\"wp-block-pages-list__item__link\" href=\"https:\/\/alice.ch\/fr\/themes\/competences-de-base\/go-promotion-des-competences-en-situation-de-travail\/\">GO : promotion des comp\u00e9tences en situation de travail<\/a><ul class=\"wp-block-navigation__submenu-container\"><li class=\"wp-block-pages-list__item \"><a class=\"wp-block-pages-list__item__link\" href=\"https:\/\/alice.ch\/fr\/themes\/competences-de-base\/go-promotion-des-competences-en-situation-de-travail\/formation-go\/\">Formation GO<\/a><\/li><li class=\"wp-block-pages-list__item \"><a class=\"wp-block-pages-list__item__link\" href=\"https:\/\/alice.ch\/fr\/themes\/competences-de-base\/go-promotion-des-competences-en-situation-de-travail\/le-modele-go\/\">Le mod\u00e8le GO<\/a><\/li><\/ul><\/li><\/ul><\/li><li class=\"wp-block-pages-list__item has-child \"><a class=\"wp-block-pages-list__item__link\" href=\"https:\/\/alice.ch\/fr\/themes\/formation-continue-suisse\/\">Formation continue en suisse<\/a><ul class=\"wp-block-navigation__submenu-container\"><li class=\"wp-block-pages-list__item \"><a class=\"wp-block-pages-list__item__link\" href=\"https:\/\/alice.ch\/fr\/themes\/formation-continue-suisse\/systeme-de-formation-continue\/\">Syst\u00e8me de formation continue<\/a><\/li><li class=\"wp-block-pages-list__item \"><a class=\"wp-block-pages-list__item__link\" href=\"https:\/\/alice.ch\/fr\/themes\/formation-continue-suisse\/taux-de-participation\/\">Taux de participation<\/a><\/li><li class=\"wp-block-pages-list__item \"><a class=\"wp-block-pages-list__item__link\" href=\"https:\/\/alice.ch\/fr\/themes\/formation-continue-suisse\/prestataires\/\">Prestataires<\/a><\/li><li class=\"wp-block-pages-list__item \"><a class=\"wp-block-pages-list__item__link\" href=\"https:\/\/alice.ch\/fr\/themes\/formation-continue-suisse\/sources-des-donnees\/\">Sources des donn\u00e9es<\/a><\/li><\/ul><\/li><li class=\"wp-block-pages-list__item has-child \"><a class=\"wp-block-pages-list__item__link\" href=\"https:\/\/alice.ch\/fr\/themes\/la-numerisation\/\">La num\u00e9risation et la formation continue<\/a><ul class=\"wp-block-navigation__submenu-container\"><li class=\"wp-block-pages-list__item \"><a class=\"wp-block-pages-list__item__link\" href=\"https:\/\/alice.ch\/fr\/themes\/la-numerisation\/ia-et-formation-continue\/\">IA et formation continue<\/a><\/li><li class=\"wp-block-pages-list__item has-child \"><a class=\"wp-block-pages-list__item__link\" href=\"https:\/\/alice.ch\/fr\/themes\/la-numerisation\/transformation-numerique\/\">Transformation num\u00e9rique<\/a><ul class=\"wp-block-navigation__submenu-container\"><li class=\"wp-block-pages-list__item \"><a class=\"wp-block-pages-list__item__link\" href=\"https:\/\/alice.ch\/fr\/themes\/la-numerisation\/transformation-numerique\/lancer-la-transformation-numerique\/\">Encourager la transformation num\u00e9rique<\/a><\/li><\/ul><\/li><li class=\"wp-block-pages-list__item has-child \"><a class=\"wp-block-pages-list__item__link\" href=\"https:\/\/alice.ch\/fr\/themes\/la-numerisation\/apprentissage-numerique\/\">Apprentissage num\u00e9rique<\/a><ul class=\"wp-block-navigation__submenu-container\"><li class=\"wp-block-pages-list__item \"><a class=\"wp-block-pages-list__item__link\" href=\"https:\/\/alice.ch\/fr\/themes\/la-numerisation\/apprentissage-numerique\/securite-des-donnees\/\">S\u00e9curit\u00e9 des donn\u00e9es<\/a><\/li><li class=\"wp-block-pages-list__item \"><a class=\"wp-block-pages-list__item__link\" href=\"https:\/\/alice.ch\/fr\/themes\/la-numerisation\/apprentissage-numerique\/outils-numeriques\/\">Outils num\u00e9riques<\/a><\/li><li class=\"wp-block-pages-list__item \"><a class=\"wp-block-pages-list__item__link\" href=\"https:\/\/alice.ch\/fr\/themes\/la-numerisation\/apprentissage-numerique\/entree-dans-lapprentissage-numerique\/\">Entr\u00e9e dans l&rsquo;apprentissage num\u00e9rique<\/a><\/li><\/ul><\/li><\/ul><\/li><li class=\"wp-block-pages-list__item has-child \"><a class=\"wp-block-pages-list__item__link\" href=\"https:\/\/alice.ch\/fr\/themes\/la-formation-continue-dans-un-contexte-international\/\">La formation continue dans un contexte international<\/a><ul class=\"wp-block-navigation__submenu-container\"><li class=\"wp-block-pages-list__item \"><a class=\"wp-block-pages-list__item__link\" href=\"https:\/\/alice.ch\/fr\/themes\/la-formation-continue-dans-un-contexte-international\/reseaux\/\">R\u00e9seaux<\/a><\/li><li class=\"wp-block-pages-list__item has-child \"><a class=\"wp-block-pages-list__item__link\" href=\"https:\/\/alice.ch\/fr\/themes\/la-formation-continue-dans-un-contexte-international\/strategies\/\">Strat\u00e9gies<\/a><ul class=\"wp-block-navigation__submenu-container\"><li class=\"wp-block-pages-list__item \"><a class=\"wp-block-pages-list__item__link\" href=\"https:\/\/alice.ch\/fr\/themes\/la-formation-continue-dans-un-contexte-international\/strategies\/confintea-vii\/\">Confintea VII<\/a><\/li><li class=\"wp-block-pages-list__item \"><a class=\"wp-block-pages-list__item__link\" href=\"https:\/\/alice.ch\/fr\/themes\/la-formation-continue-dans-un-contexte-international\/strategies\/confintea-vi\/\">Confintea VI<\/a><\/li><\/ul><\/li><li class=\"wp-block-pages-list__item \"><a class=\"wp-block-pages-list__item__link\" href=\"https:\/\/alice.ch\/fr\/themes\/la-formation-continue-dans-un-contexte-international\/projets-internationaux\/\">Projets internationaux<\/a><\/li><li class=\"wp-block-pages-list__item \"><a class=\"wp-block-pages-list__item__link\" href=\"https:\/\/alice.ch\/fr\/themes\/la-formation-continue-dans-un-contexte-international\/les-echanges-internationaux\/\">\u00c9changes internationaux<\/a><\/li><\/ul><\/li><li class=\"wp-block-pages-list__item \"><a class=\"wp-block-pages-list__item__link\" href=\"https:\/\/alice.ch\/fr\/themes\/formation-continue-pour-un-developpement-durable\/\">Formation continue pour un d\u00e9veloppement durable<\/a><\/li><li class=\"wp-block-pages-list__item \"><a class=\"wp-block-pages-list__item__link\" href=\"https:\/\/alice.ch\/fr\/themes\/la-formation-continue-dans-les-pme\/\">La formation continue dans les PME<\/a><\/li><\/ul><\/li><li class=\"wp-block-pages-list__item has-child\"><a class=\"wp-block-pages-list__item__link\" href=\"https:\/\/alice.ch\/fr\/services\/\">Services<\/a><ul class=\"wp-block-navigation__submenu-container\"><li class=\"wp-block-pages-list__item \"><a class=\"wp-block-pages-list__item__link\" href=\"https:\/\/alice.ch\/fr\/services\/portail-de-cours-formationcontinue-swiss\/\">Portail de cours formationcontinue.swiss<\/a><\/li><li class=\"wp-block-pages-list__item has-child \"><a class=\"wp-block-pages-list__item__link\" href=\"https:\/\/alice.ch\/fr\/services\/publications-et-produits\/\">Publications et produits<\/a><ul class=\"wp-block-navigation__submenu-container\"><li class=\"wp-block-pages-list__item \"><a class=\"wp-block-pages-list__item__link\" href=\"https:\/\/alice.ch\/fr\/services\/publications-et-produits\/livret-de-formation\/\">Livret de formation<\/a><\/li><li class=\"wp-block-pages-list__item \"><a class=\"wp-block-pages-list__item__link\" href=\"https:\/\/alice.ch\/fr\/services\/publications-et-produits\/publications\/\">Publications<\/a><\/li><li class=\"wp-block-pages-list__item \"><a class=\"wp-block-pages-list__item__link\" href=\"https:\/\/alice.ch\/fr\/services\/publications-et-produits\/outils\/\">Outils<\/a><\/li><li class=\"wp-block-pages-list__item \"><a class=\"wp-block-pages-list__item__link\" href=\"https:\/\/alice.ch\/fr\/services\/publications-et-produits\/etudes\/\">\u00c9tudes<\/a><\/li><li class=\"wp-block-pages-list__item \"><a class=\"wp-block-pages-list__item__link\" href=\"https:\/\/alice.ch\/fr\/services\/publications-et-produits\/archive-education-permanente\/\">\u00c9ditions EP<\/a><\/li><\/ul><\/li><li class=\"wp-block-pages-list__item has-child \"><a class=\"wp-block-pages-list__item__link\" href=\"https:\/\/alice.ch\/fr\/services\/projets-de-cheques-de-la-fsea\/\">Projets de ch\u00e8ques de la FSEA<\/a><ul class=\"wp-block-navigation__submenu-container\"><li class=\"wp-block-pages-list__item \"><a class=\"wp-block-pages-list__item__link\" href=\"https:\/\/alice.ch\/fr\/services\/projets-de-cheques-de-la-fsea\/canton-de-lucerne\/\">Canton de Lucerne<\/a><\/li><li class=\"wp-block-pages-list__item \"><a class=\"wp-block-pages-list__item__link\" href=\"https:\/\/alice.ch\/fr\/services\/projets-de-cheques-de-la-fsea\/canton-de-fribourg\/\">Canton de Fribourg<\/a><\/li><li class=\"wp-block-pages-list__item \"><a class=\"wp-block-pages-list__item__link\" href=\"https:\/\/alice.ch\/fr\/services\/projets-de-cheques-de-la-fsea\/temptraining\/\">Temptraining<\/a><\/li><li class=\"wp-block-pages-list__item \"><a class=\"wp-block-pages-list__item__link\" href=\"https:\/\/alice.ch\/fr\/services\/projets-de-cheques-de-la-fsea\/retrospective-des-projets-de-bons-suisses\/\">R\u00e9trospective des projets de bons suisses<\/a><\/li><li class=\"wp-block-pages-list__item \"><a class=\"wp-block-pages-list__item__link\" href=\"https:\/\/alice.ch\/fr\/services\/projets-de-cheques-de-la-fsea\/canton-de-schwyz\/\">Canton de Schwyz<\/a><\/li><li class=\"wp-block-pages-list__item \"><a class=\"wp-block-pages-list__item__link\" href=\"https:\/\/alice.ch\/fr\/services\/projets-de-cheques-de-la-fsea\/canton-zoug\/\">Canton de Zoug<\/a><\/li><li class=\"wp-block-pages-list__item \"><a class=\"wp-block-pages-list__item__link\" href=\"https:\/\/alice.ch\/fr\/services\/projets-de-cheques-de-la-fsea\/projet-de-cheques-de-formation-dans-le-canton-dargovie\/\">Canton d&rsquo;Argovie<\/a><\/li><li class=\"wp-block-pages-list__item \"><a class=\"wp-block-pages-list__item__link\" href=\"https:\/\/alice.ch\/fr\/services\/projets-de-cheques-de-la-fsea\/aide-suisse-a-la-montagne\/\">Aide suisse \u00e0 la montagne<\/a><\/li><\/ul><\/li><li class=\"wp-block-pages-list__item has-child \"><a class=\"wp-block-pages-list__item__link\" href=\"https:\/\/alice.ch\/fr\/services\/placer-une-publicite\/\">Placer une publicit\u00e9<\/a><ul class=\"wp-block-navigation__submenu-container\"><li class=\"wp-block-pages-list__item \"><a class=\"wp-block-pages-list__item__link\" href=\"https:\/\/alice.ch\/fr\/services\/placer-une-publicite\/reservation-ep\/\">R\u00e9servation EP<\/a><\/li><li class=\"wp-block-pages-list__item \"><a class=\"wp-block-pages-list__item__link\" href=\"https:\/\/alice.ch\/fr\/services\/placer-une-publicite\/reserver-une-banniere-2\/\">R\u00e9server une banni\u00e8re<\/a><\/li><li class=\"wp-block-pages-list__item \"><a class=\"wp-block-pages-list__item__link\" href=\"https:\/\/alice.ch\/fr\/services\/placer-une-publicite\/banniere-publicitaire-formationcontinue-swiss-2\/\">Banni\u00e8re publicitaire formationcontinue.swiss<\/a><\/li><li class=\"wp-block-pages-list__item \"><a class=\"wp-block-pages-list__item__link\" href=\"https:\/\/alice.ch\/fr\/services\/placer-une-publicite\/annonce-dans-la-newsletter\/\">Annonce dans la newsletter<\/a><\/li><li class=\"wp-block-pages-list__item \"><a class=\"wp-block-pages-list__item__link\" href=\"https:\/\/alice.ch\/fr\/services\/placer-une-publicite\/reserver-une-banniere\/\">R\u00e9server une banni\u00e8re-2<\/a><\/li><li class=\"wp-block-pages-list__item \"><a class=\"wp-block-pages-list__item__link\" href=\"https:\/\/alice.ch\/fr\/services\/placer-une-publicite\/banniere-publicitaire-formationcontinue-swiss\/\">Banni\u00e8re publicitaire formationcontinue.swiss-1<\/a><\/li><li class=\"wp-block-pages-list__item \"><a class=\"wp-block-pages-list__item__link\" href=\"https:\/\/alice.ch\/fr\/services\/placer-une-publicite\/publication-des-cours-sur-formationcontinue-swiss\/\">Publication des cours sur formationcontinue.swiss<\/a><\/li><\/ul><\/li><li class=\"wp-block-pages-list__item has-child \"><a class=\"wp-block-pages-list__item__link\" href=\"https:\/\/alice.ch\/fr\/services\/jobs\/\">Jobs<\/a><ul class=\"wp-block-navigation__submenu-container\"><li class=\"wp-block-pages-list__item \"><a class=\"wp-block-pages-list__item__link\" href=\"https:\/\/alice.ch\/fr\/services\/jobs\/saisir-les-offres-demploi\/\">Publier une offre d\u2019emploi<\/a><\/li><\/ul><\/li><\/ul><\/li><li class=\"wp-block-pages-list__item has-child\"><a class=\"wp-block-pages-list__item__link\" href=\"https:\/\/alice.ch\/fr\/qualite\/\">Qualit\u00e9<\/a><ul class=\"wp-block-navigation__submenu-container\"><li class=\"wp-block-pages-list__item has-child \"><a class=\"wp-block-pages-list__item__link\" href=\"https:\/\/alice.ch\/fr\/qualite\/qualite-dans-la-formation-continue\/\">Qualit\u00e9 dans la formation continue<\/a><ul class=\"wp-block-navigation__submenu-container\"><li class=\"wp-block-pages-list__item \"><a class=\"wp-block-pages-list__item__link\" href=\"https:\/\/alice.ch\/fr\/qualite\/qualite-dans-la-formation-continue\/gestion-de-la-qualite-dans-linstitution-de-formation-continue\/\">Gestion de la qualit\u00e9 dans l\u2019institution de formation continue<\/a><\/li><li class=\"wp-block-pages-list__item has-child \"><a class=\"wp-block-pages-list__item__link\" href=\"https:\/\/alice.ch\/fr\/qualite\/qualite-dans-la-formation-continue\/annonces-de-cours-transparentes\/\">Annonces de cours transparentes<\/a><ul class=\"wp-block-navigation__submenu-container\"><li class=\"wp-block-pages-list__item \"><a class=\"wp-block-pages-list__item__link\" href=\"https:\/\/alice.ch\/fr\/qualite\/qualite-dans-la-formation-continue\/annonces-de-cours-transparentes\/signer-la-charte\/\">Signer la charte<\/a><\/li><li class=\"wp-block-pages-list__item \"><a class=\"wp-block-pages-list__item__link\" href=\"https:\/\/alice.ch\/fr\/qualite\/qualite-dans-la-formation-continue\/annonces-de-cours-transparentes\/charte-pour-des-annonces-de-cours-transparentes\/\">Charte pour des annonces de cours transparentes<\/a><\/li><\/ul><\/li><li class=\"wp-block-pages-list__item \"><a class=\"wp-block-pages-list__item__link\" href=\"https:\/\/alice.ch\/fr\/qualite\/qualite-dans-la-formation-continue\/normes-de-qualite-pour-les-offres-en-ligne\/\">Normes de qualit\u00e9 pour les offres en ligne<\/a><\/li><li class=\"wp-block-pages-list__item \"><a class=\"wp-block-pages-list__item__link\" href=\"https:\/\/alice.ch\/fr\/qualite\/qualite-dans-la-formation-continue\/check-list-pour-les-participants\/\">Check-list pour les participants<\/a><\/li><li class=\"wp-block-pages-list__item \"><a class=\"wp-block-pages-list__item__link\" href=\"https:\/\/alice.ch\/fr\/qualite\/qualite-dans-la-formation-continue\/faq-sur-la-qualite\/\">FAQ sur la qualit\u00e9<\/a><\/li><li class=\"wp-block-pages-list__item \"><a class=\"wp-block-pages-list__item__link\" href=\"https:\/\/alice.ch\/fr\/qualite\/qualite-dans-la-formation-continue\/reseau-romand-pour-la-qualite-en-formation-des-adultes-rqfa-fsea\/\">R\u00e9seau romand pour la qualit\u00e9 en formation des adultes (RQFA)<\/a><\/li><li class=\"wp-block-pages-list__item has-child \"><a class=\"wp-block-pages-list__item__link\" href=\"https:\/\/alice.ch\/fr\/qualite\/qualite-dans-la-formation-continue\/les-labels-qualite-dans-la-formation-continue\/\">Les labels qualit\u00e9 dans la formation continue<\/a><ul class=\"wp-block-navigation__submenu-container\"><li class=\"wp-block-pages-list__item \"><a class=\"wp-block-pages-list__item__link\" href=\"https:\/\/alice.ch\/fr\/qualite\/qualite-dans-la-formation-continue\/les-labels-qualite-dans-la-formation-continue\/accreditation-et-certification-internationales-des-ecoles-de-commerce-et-de-management\/\">Accr\u00e9ditation et certification internationales des \u00e9coles de commerce et de management<\/a><\/li><li class=\"wp-block-pages-list__item \"><a class=\"wp-block-pages-list__item__link\" href=\"https:\/\/alice.ch\/fr\/qualite\/qualite-dans-la-formation-continue\/les-labels-qualite-dans-la-formation-continue\/labels-de-qualite-internationaux-pour-les-ecoles-de-langues\/\">Labels de qualit\u00e9 internationaux pour les \u00e9coles de langues<\/a><\/li><\/ul><\/li><li class=\"wp-block-pages-list__item \"><a class=\"wp-block-pages-list__item__link\" href=\"https:\/\/alice.ch\/fr\/qualite\/qualite-dans-la-formation-continue\/conference-nationale\/\">Conf\u00e9rence nationale<\/a><\/li><li class=\"wp-block-pages-list__item \"><a class=\"wp-block-pages-list__item__link\" href=\"https:\/\/alice.ch\/fr\/qualite\/qualite-dans-la-formation-continue\/glossaire-qualite\/\">Glossaire qualit\u00e9<\/a><\/li><li class=\"wp-block-pages-list__item \"><a class=\"wp-block-pages-list__item__link\" href=\"https:\/\/alice.ch\/fr\/qualite\/qualite-dans-la-formation-continue\/focus-qualite\/\">Focus sur la qualit\u00e9 dans la formation continue<\/a><\/li><\/ul><\/li><li class=\"wp-block-pages-list__item has-child \"><a class=\"wp-block-pages-list__item__link\" href=\"https:\/\/alice.ch\/fr\/qualite\/eduqua\/\">Le label qualit\u00e9 eduQua<\/a><ul class=\"wp-block-navigation__submenu-container\"><li class=\"wp-block-pages-list__item \"><a class=\"wp-block-pages-list__item__link\" href=\"https:\/\/alice.ch\/fr\/qualite\/eduqua\/eduqua-logo-download\/\">T\u00e9l\u00e9charger votre logo eduQua<\/a><\/li><li class=\"wp-block-pages-list__item \"><a class=\"wp-block-pages-list__item__link\" href=\"https:\/\/alice.ch\/fr\/qualite\/eduqua\/responsabilite-organisation\/\">Responsabilit\u00e9 et d\u00e9veloppement du label eduQua<\/a><\/li><li class=\"wp-block-pages-list__item \"><a class=\"wp-block-pages-list__item__link\" href=\"https:\/\/alice.ch\/fr\/qualite\/eduqua\/eduqua2021\/\">eduQua:2021<\/a><\/li><li class=\"wp-block-pages-list__item \"><a class=\"wp-block-pages-list__item__link\" href=\"https:\/\/alice.ch\/fr\/qualite\/eduqua\/certification\/\">Certification<\/a><\/li><li class=\"wp-block-pages-list__item \"><a class=\"wp-block-pages-list__item__link\" href=\"https:\/\/alice.ch\/fr\/qualite\/eduqua\/instances-de-certification\/\">Instances de certification<\/a><\/li><li class=\"wp-block-pages-list__item \"><a class=\"wp-block-pages-list__item__link\" href=\"https:\/\/alice.ch\/fr\/qualite\/eduqua\/institutions-certifiees\/\">Institutions certifi\u00e9es<\/a><\/li><li class=\"wp-block-pages-list__item \"><a class=\"wp-block-pages-list__item__link\" href=\"https:\/\/alice.ch\/fr\/qualite\/eduqua\/faq\/\">FAQ<\/a><\/li><\/ul><\/li><\/ul><\/li><li class=\"wp-block-pages-list__item has-child\"><a class=\"wp-block-pages-list__item__link\" href=\"https:\/\/alice.ch\/fr\/recherche\/\">Recherche<\/a><ul class=\"wp-block-navigation__submenu-container\"><li class=\"wp-block-pages-list__item has-child \"><a class=\"wp-block-pages-list__item__link\" href=\"https:\/\/alice.ch\/fr\/recherche\/activites-de-recherche\/\">Activit\u00e9s de recherche<\/a><ul class=\"wp-block-navigation__submenu-container\"><li class=\"wp-block-pages-list__item \"><a class=\"wp-block-pages-list__item__link\" href=\"https:\/\/alice.ch\/fr\/recherche\/activites-de-recherche\/sondage-aupres-des-pme\/\">Sondage aupr\u00e8s des PME<\/a><\/li><li class=\"wp-block-pages-list__item \"><a class=\"wp-block-pages-list__item__link\" href=\"https:\/\/alice.ch\/fr\/recherche\/activites-de-recherche\/focus-etude-sur-la-formation-continue\/\">FOCUS Etude sur la formation continue<\/a><\/li><li class=\"wp-block-pages-list__item \"><a class=\"wp-block-pages-list__item__link\" href=\"https:\/\/alice.ch\/fr\/recherche\/activites-de-recherche\/observatoire-de-la-formation-continue-fsea\/\">Observatoire de la formation continue FSEA<\/a><\/li><li class=\"wp-block-pages-list__item \"><a class=\"wp-block-pages-list__item__link\" href=\"https:\/\/alice.ch\/fr\/recherche\/activites-de-recherche\/equipe-de-recherche\/\">\u00c9quipe de recherche<\/a><\/li><\/ul><\/li><li class=\"wp-block-pages-list__item has-child \"><a class=\"wp-block-pages-list__item__link\" href=\"https:\/\/alice.ch\/fr\/recherche\/reseau-et-echange\/\">R\u00e9seau et \u00e9change<\/a><ul class=\"wp-block-navigation__submenu-container\"><li class=\"wp-block-pages-list__item \"><a class=\"wp-block-pages-list__item__link\" href=\"https:\/\/alice.ch\/fr\/recherche\/reseau-et-echange\/netzwerk-weiterbildungsforschung\/\">R\u00e9seaux de recherche sur la formation continue\u00a0<\/a><\/li><li class=\"wp-block-pages-list__item \"><a class=\"wp-block-pages-list__item__link\" href=\"https:\/\/alice.ch\/fr\/recherche\/reseau-et-echange\/la-recherche-sur-la-formation-continue-en-suisse\/\">La recherche sur la formation continue en Suisse<\/a><\/li><\/ul><\/li><li class=\"wp-block-pages-list__item \"><a class=\"wp-block-pages-list__item__link\" href=\"https:\/\/alice.ch\/fr\/recherche\/think-tank-transit\/\">Think Tank TRANSIT<\/a><\/li><li class=\"wp-block-pages-list__item has-child \"><a class=\"wp-block-pages-list__item__link\" href=\"https:\/\/alice.ch\/fr\/recherche\/developpements-pour-la-pratique\/\">D\u00e9veloppements pour la pratique<\/a><ul class=\"wp-block-navigation__submenu-container\"><li class=\"wp-block-pages-list__item \"><a class=\"wp-block-pages-list__item__link\" href=\"https:\/\/alice.ch\/fr\/recherche\/developpements-pour-la-pratique\/competences-de-base-comme-theme-transversal\/\">Comp\u00e9tences de base comme th\u00e8me transversal<\/a><\/li><li class=\"wp-block-pages-list__item \"><a class=\"wp-block-pages-list__item__link\" href=\"https:\/\/alice.ch\/fr\/recherche\/developpements-pour-la-pratique\/nouveaux-projets-de-la-fsea-orientes-vers-la-pratique\/\">Nouveaux projets de la FSEA orient\u00e9s vers la pratique<\/a><\/li><\/ul><\/li><li class=\"wp-block-pages-list__item \"><a class=\"wp-block-pages-list__item__link\" href=\"https:\/\/alice.ch\/fr\/recherche\/projets\/\">Projets<\/a><\/li><\/ul><\/li><li class=\"wp-block-pages-list__item has-child\"><a class=\"wp-block-pages-list__item__link\" href=\"https:\/\/alice.ch\/fr\/professionnalisation\/\">Professionnalisation<\/a><ul class=\"wp-block-navigation__submenu-container\"><li class=\"wp-block-pages-list__item has-child \"><a class=\"wp-block-pages-list__item__link\" href=\"https:\/\/alice.ch\/fr\/professionnalisation\/prestataires-ffa\/\">Prestataires FFA<\/a><ul class=\"wp-block-navigation__submenu-container\"><li class=\"wp-block-pages-list__item has-child \"><a class=\"wp-block-pages-list__item__link\" href=\"https:\/\/alice.ch\/fr\/professionnalisation\/prestataires-ffa\/journees-dechanges-ffa\/\">Journ\u00e9es d&rsquo;\u00e9changes FFA<\/a><ul class=\"wp-block-navigation__submenu-container\"><li class=\"wp-block-pages-list__item \"><a class=\"wp-block-pages-list__item__link\" href=\"https:\/\/alice.ch\/fr\/professionnalisation\/prestataires-ffa\/journees-dechanges-ffa\/journee-ffa\/\">Journ\u00e9e FFA<\/a><\/li><\/ul><\/li><li class=\"wp-block-pages-list__item has-child \"><a class=\"wp-block-pages-list__item__link\" href=\"https:\/\/alice.ch\/fr\/professionnalisation\/prestataires-ffa\/information-pour-les-prestataires\/\">Information pour les prestataires<\/a><ul class=\"wp-block-navigation__submenu-container\"><li class=\"wp-block-pages-list__item \"><a class=\"wp-block-pages-list__item__link\" href=\"https:\/\/alice.ch\/fr\/professionnalisation\/prestataires-ffa\/information-pour-les-prestataires\/documents-ffa\/\">Documents pour les prestataires FFA<\/a><\/li><\/ul><\/li><li class=\"wp-block-pages-list__item \"><a class=\"wp-block-pages-list__item__link\" href=\"https:\/\/alice.ch\/fr\/professionnalisation\/prestataires-ffa\/devenir-prestataire-ffa\/\">Devenir prestataire FFA<\/a><\/li><\/ul><\/li><li class=\"wp-block-pages-list__item has-child \"><a class=\"wp-block-pages-list__item__link\" href=\"https:\/\/alice.ch\/fr\/professionnalisation\/systeme-modulaire-ffa\/\">Syst\u00e8me modulaire FFA<\/a><ul class=\"wp-block-navigation__submenu-container\"><li class=\"wp-block-pages-list__item \"><a class=\"wp-block-pages-list__item__link\" href=\"https:\/\/alice.ch\/fr\/professionnalisation\/systeme-modulaire-ffa\/cours-modulaires-ffa-reconnus\/\">Cours modulaires FFA reconnus<\/a><\/li><li class=\"wp-block-pages-list__item \"><a class=\"wp-block-pages-list__item__link\" href=\"https:\/\/alice.ch\/fr\/professionnalisation\/systeme-modulaire-ffa\/telecharger-le-logo-sveb-fsea-offre-ffa-reconnue\/\">T\u00e9l\u00e9charger le logo \u00abSVEB\/FSEA \u2013 offre FFA reconnue\u00bb\u00a0<\/a><\/li><li class=\"wp-block-pages-list__item \"><a class=\"wp-block-pages-list__item__link\" href=\"https:\/\/alice.ch\/fr\/professionnalisation\/systeme-modulaire-ffa\/certificats-ffa-selon-le-systeme-modulaire-2015\/\">Certificats FFA selon le syst\u00e8me modulaire 2015<\/a><\/li><\/ul><\/li><li class=\"wp-block-pages-list__item \"><a class=\"wp-block-pages-list__item__link\" href=\"https:\/\/alice.ch\/fr\/professionnalisation\/devenir-formateur-trice-dadultes\/\">Devenir formateur\/trice d\u2019adultes<\/a><\/li><li class=\"wp-block-pages-list__item \"><a class=\"wp-block-pages-list__item__link\" href=\"https:\/\/alice.ch\/fr\/professionnalisation\/certificats-de-formatrice-formateur-dadultes\/\">Certificats de formatrice\/formateur d\u2019adultes<\/a><\/li><li class=\"wp-block-pages-list__item has-child \"><a class=\"wp-block-pages-list__item__link\" href=\"https:\/\/alice.ch\/fr\/professionnalisation\/brevet-federal-formatrice-formateur-dadultes-ffa\/\">Brevet f\u00e9d\u00e9ral formatrice\/formateur d\u2019adultes FFA<\/a><ul class=\"wp-block-navigation__submenu-container\"><li class=\"wp-block-pages-list__item \"><a class=\"wp-block-pages-list__item__link\" href=\"https:\/\/alice.ch\/fr\/professionnalisation\/brevet-federal-formatrice-formateur-dadultes-ffa\/verification-centralisee-brevet-federal-2015\/\">V\u00e9rification centralis\u00e9e brevet f\u00e9d\u00e9ral 2015<\/a><\/li><li class=\"wp-block-pages-list__item \"><a class=\"wp-block-pages-list__item__link\" href=\"https:\/\/alice.ch\/fr\/professionnalisation\/brevet-federal-formatrice-formateur-dadultes-ffa\/module-transversal\/\">Module transversal<\/a><\/li><li class=\"wp-block-pages-list__item \"><a class=\"wp-block-pages-list__item__link\" href=\"https:\/\/alice.ch\/fr\/professionnalisation\/brevet-federal-formatrice-formateur-dadultes-ffa\/module-de-developpement-didactique\/\">Module de d\u00e9veloppement \u00abDidactique\u00bb<\/a><\/li><li class=\"wp-block-pages-list__item \"><a class=\"wp-block-pages-list__item__link\" href=\"https:\/\/alice.ch\/fr\/professionnalisation\/brevet-federal-formatrice-formateur-dadultes-ffa\/module-dapprofondissement-offres-de-formation-en-ligne\/\">Module d&rsquo;approfondissement \u00abOffres de formation en ligne\u00bb<\/a><\/li><li class=\"wp-block-pages-list__item \"><a class=\"wp-block-pages-list__item__link\" href=\"https:\/\/alice.ch\/fr\/professionnalisation\/brevet-federal-formatrice-formateur-dadultes-ffa\/module-d-approfondissement-processus-de-groupe\/\">Module d&rsquo;approfondissement \u00abProcessus de groupe\u00bb<\/a><\/li><li class=\"wp-block-pages-list__item \"><a class=\"wp-block-pages-list__item__link\" href=\"https:\/\/alice.ch\/fr\/professionnalisation\/brevet-federal-formatrice-formateur-dadultes-ffa\/documents\/\">Documents V\u00e9rification centralis\u00e9e brevet f\u00e9d\u00e9ral 2015<\/a><\/li><li class=\"wp-block-pages-list__item \"><a class=\"wp-block-pages-list__item__link\" href=\"https:\/\/alice.ch\/fr\/professionnalisation\/brevet-federal-formatrice-formateur-dadultes-ffa\/module-dintegration\/\">Module d&rsquo;int\u00e9gration<\/a><\/li><li class=\"wp-block-pages-list__item \"><a class=\"wp-block-pages-list__item__link\" href=\"https:\/\/alice.ch\/fr\/professionnalisation\/brevet-federal-formatrice-formateur-dadultes-ffa\/module-de-developpement-accompagnement\/\">Module de d\u00e9veloppement \u00abAccompagnement\u00bb<\/a><\/li><li class=\"wp-block-pages-list__item \"><a class=\"wp-block-pages-list__item__link\" href=\"https:\/\/alice.ch\/fr\/professionnalisation\/brevet-federal-formatrice-formateur-dadultes-ffa\/examen-final-du-brevet-federal-de-formatrice-formateur\/\">Examen final du brevet f\u00e9d\u00e9ral de formatrice\/formateur<\/a><\/li><li class=\"wp-block-pages-list__item \"><a class=\"wp-block-pages-list__item__link\" href=\"https:\/\/alice.ch\/fr\/professionnalisation\/brevet-federal-formatrice-formateur-dadultes-ffa\/module-dapprofondissement-procedures-de-qualification\/\">Module d&rsquo;approfondissement \u00abProc\u00e9dures de qualification\u00bb<\/a><\/li><\/ul><\/li><li class=\"wp-block-pages-list__item \"><a class=\"wp-block-pages-list__item__link\" href=\"https:\/\/alice.ch\/fr\/professionnalisation\/gestion-de-la-formation-et-expertise-en-matiere-de-formation\/\">Gestion de la formation et expertise en mati\u00e8re de formation<\/a><\/li><li class=\"wp-block-pages-list__item has-child \"><a class=\"wp-block-pages-list__item__link\" href=\"https:\/\/alice.ch\/fr\/professionnalisation\/validation-des-acquis-va\/\">Validation des acquis VA<\/a><ul class=\"wp-block-navigation__submenu-container\"><li class=\"wp-block-pages-list__item \"><a class=\"wp-block-pages-list__item__link\" href=\"https:\/\/alice.ch\/fr\/professionnalisation\/validation-des-acquis-va\/documents\/\">Documents pour la validation d&rsquo;acquis<\/a><\/li><\/ul><\/li><li class=\"wp-block-pages-list__item \"><a class=\"wp-block-pages-list__item__link\" href=\"https:\/\/alice.ch\/fr\/professionnalisation\/certificats-de-formation-continue-fsea\/\">Certificats de formation continue FSEA<\/a><\/li><\/ul><\/li><li class=\"wp-block-pages-list__item has-child\"><a class=\"wp-block-pages-list__item__link\" href=\"https:\/\/alice.ch\/fr\/fsea-fr\/\">FSEA<\/a><ul class=\"wp-block-navigation__submenu-container\"><li class=\"wp-block-pages-list__item has-child \"><a class=\"wp-block-pages-list__item__link\" href=\"https:\/\/alice.ch\/fr\/fsea-fr\/membres\/\">Membres<\/a><ul class=\"wp-block-navigation__submenu-container\"><li class=\"wp-block-pages-list__item \"><a class=\"wp-block-pages-list__item__link\" href=\"https:\/\/alice.ch\/fr\/fsea-fr\/membres\/logo-fsea-pour-les-membres\/\">Logo FSEA pour les membres<\/a><\/li><li class=\"wp-block-pages-list__item has-child \"><a class=\"wp-block-pages-list__item__link\" href=\"https:\/\/alice.ch\/fr\/fsea-fr\/membres\/devenir-membre\/\">Devenir membre<\/a><ul class=\"wp-block-navigation__submenu-container\"><li class=\"wp-block-pages-list__item \"><a class=\"wp-block-pages-list__item__link\" href=\"https:\/\/alice.ch\/fr\/fsea-fr\/membres\/devenir-membre\/formulaire\/\">Formulaire<\/a><\/li><\/ul><\/li><\/ul><\/li><li class=\"wp-block-pages-list__item \"><a class=\"wp-block-pages-list__item__link\" href=\"https:\/\/alice.ch\/fr\/fsea-fr\/contact\/\">Contact<\/a><\/li><li class=\"wp-block-pages-list__item has-child \"><a class=\"wp-block-pages-list__item__link\" href=\"https:\/\/alice.ch\/fr\/fsea-fr\/a-propos-de-la-fsea\/\">A propos de la FSEA<\/a><ul class=\"wp-block-navigation__submenu-container\"><li class=\"wp-block-pages-list__item \"><a class=\"wp-block-pages-list__item__link\" href=\"https:\/\/alice.ch\/fr\/fsea-fr\/a-propos-de-la-fsea\/ad2025\/\">Assembl\u00e9e des d\u00e9l\u00e9gu\u00e9s 2025<\/a><\/li><li class=\"wp-block-pages-list__item \"><a class=\"wp-block-pages-list__item__link\" href=\"https:\/\/alice.ch\/fr\/fsea-fr\/a-propos-de-la-fsea\/ad2026\/\">Assembl\u00e9e des d\u00e9l\u00e9gu\u00e9s 2026 et Journ\u00e9e politique de la formation continue<\/a><\/li><li class=\"wp-block-pages-list__item \"><a class=\"wp-block-pages-list__item__link\" href=\"https:\/\/alice.ch\/fr\/fsea-fr\/a-propos-de-la-fsea\/rapports-annuels\/\">Rapports annuels<\/a><\/li><li class=\"wp-block-pages-list__item has-child \"><a class=\"wp-block-pages-list__item__link\" href=\"https:\/\/alice.ch\/fr\/fsea-fr\/a-propos-de-la-fsea\/organes\/\">Organes<\/a><ul class=\"wp-block-navigation__submenu-container\"><li class=\"wp-block-pages-list__item \"><a class=\"wp-block-pages-list__item__link\" href=\"https:\/\/alice.ch\/fr\/fsea-fr\/a-propos-de-la-fsea\/organes\/forum-romand\/\">Forum romand<\/a><\/li><\/ul><\/li><li class=\"wp-block-pages-list__item \"><a class=\"wp-block-pages-list__item__link\" href=\"https:\/\/alice.ch\/fr\/fsea-fr\/a-propos-de-la-fsea\/histoire\/\">Histoire<\/a><\/li><li class=\"wp-block-pages-list__item \"><a class=\"wp-block-pages-list__item__link\" href=\"https:\/\/alice.ch\/fr\/fsea-fr\/a-propos-de-la-fsea\/fsea-en-chiffres\/\">FSEA en chiffres<\/a><\/li><li class=\"wp-block-pages-list__item \"><a class=\"wp-block-pages-list__item__link\" href=\"https:\/\/alice.ch\/fr\/fsea-fr\/a-propos-de-la-fsea\/notre-equipe\/\">Notre \u00e9quipe<\/a><\/li><\/ul><\/li><li class=\"wp-block-pages-list__item has-child \"><a class=\"wp-block-pages-list__item__link\" href=\"https:\/\/alice.ch\/fr\/fsea-fr\/les-secretariats-regionaux\/\">Les secr\u00e9tariats r\u00e9gionaux<\/a><ul class=\"wp-block-navigation__submenu-container\"><li class=\"wp-block-pages-list__item \"><a class=\"wp-block-pages-list__item__link\" href=\"https:\/\/alice.ch\/fr\/fsea-fr\/les-secretariats-regionaux\/federation-romande-des-acteurs-de-la-formation-des-formateurs-dadultes-fraffa\/\">F\u00e9d\u00e9ration romande des acteurs de la formation des formateurs d\u2019adultes FRAFFA<\/a><\/li><\/ul><\/li><li class=\"wp-block-pages-list__item has-child \"><a class=\"wp-block-pages-list__item__link\" href=\"https:\/\/alice.ch\/fr\/fsea-fr\/politique-de-la-formation\/\">Politique de la formation<\/a><ul class=\"wp-block-navigation__submenu-container\"><li class=\"wp-block-pages-list__item has-child \"><a class=\"wp-block-pages-list__item__link\" href=\"https:\/\/alice.ch\/fr\/fsea-fr\/politique-de-la-formation\/mesures-deconomies-de-la-confederation\/\">Mesures d&rsquo;\u00e9conomies de la Conf\u00e9d\u00e9ration<\/a><ul class=\"wp-block-navigation__submenu-container\"><li class=\"wp-block-pages-list__item \"><a class=\"wp-block-pages-list__item__link\" href=\"https:\/\/alice.ch\/fr\/fsea-fr\/politique-de-la-formation\/mesures-deconomies-de-la-confederation\/formulaire-soutenir-lalliance\/\">Formulaire \u00absoutenir l&rsquo;alliance\u00bb<\/a><\/li><li class=\"wp-block-pages-list__item \"><a class=\"wp-block-pages-list__item__link\" href=\"https:\/\/alice.ch\/fr\/fsea-fr\/politique-de-la-formation\/mesures-deconomies-de-la-confederation\/alliance-contre-les-plans-dausterite\/\">Alliance contre les plans d&rsquo;aust\u00e9rit\u00e9<\/a><\/li><\/ul><\/li><li class=\"wp-block-pages-list__item has-child \"><a class=\"wp-block-pages-list__item__link\" href=\"https:\/\/alice.ch\/fr\/fsea-fr\/politique-de-la-formation\/aide-sociale\/\">Aide sociale<\/a><ul class=\"wp-block-navigation__submenu-container\"><li class=\"wp-block-pages-list__item \"><a class=\"wp-block-pages-list__item__link\" href=\"https:\/\/alice.ch\/fr\/fsea-fr\/politique-de-la-formation\/aide-sociale\/exemples-pratique-premiere-phase-offensive-de-formation-continue\/\">Exemples tir\u00e9s de la pratique durant la premi\u00e8re phase de l\u2019offensive de formation continue<\/a><\/li><\/ul><\/li><li class=\"wp-block-pages-list__item \"><a class=\"wp-block-pages-list__item__link\" href=\"https:\/\/alice.ch\/fr\/fsea-fr\/politique-de-la-formation\/loi-sur-la-formation-continue\/\">Loi sur la formation continue<\/a><\/li><li class=\"wp-block-pages-list__item \"><a class=\"wp-block-pages-list__item__link\" href=\"https:\/\/alice.ch\/fr\/fsea-fr\/politique-de-la-formation\/formation-professionnelle\/\">Formation professionnelle<\/a><\/li><li class=\"wp-block-pages-list__item \"><a class=\"wp-block-pages-list__item__link\" href=\"https:\/\/alice.ch\/fr\/fsea-fr\/politique-de-la-formation\/positions-politiques\/\">Positions politiques<\/a><\/li><\/ul><\/li><li class=\"wp-block-pages-list__item has-child \"><a class=\"wp-block-pages-list__item__link\" href=\"https:\/\/alice.ch\/fr\/fsea-fr\/strategie\/\">Strat\u00e9gie<\/a><ul class=\"wp-block-navigation__submenu-container\"><li class=\"wp-block-pages-list__item \"><a class=\"wp-block-pages-list__item__link\" href=\"https:\/\/alice.ch\/fr\/fsea-fr\/strategie\/principes-politiques\/\">Principes politiques<\/a><\/li><li class=\"wp-block-pages-list__item \"><a class=\"wp-block-pages-list__item__link\" href=\"https:\/\/alice.ch\/fr\/fsea-fr\/strategie\/programme-dactivites\/\">Programme d&rsquo;activit\u00e9s<\/a><\/li><\/ul><\/li><\/ul><\/li><li class=\"wp-block-pages-list__item has-child\"><a class=\"wp-block-pages-list__item__link\" href=\"https:\/\/alice.ch\/fr\/actualite\/\">Actualit\u00e9<\/a><ul class=\"wp-block-navigation__submenu-container\"><li class=\"wp-block-pages-list__item \"><a class=\"wp-block-pages-list__item__link\" href=\"https:\/\/alice.ch\/fr\/actualite\/news\/\">News<\/a><\/li><li class=\"wp-block-pages-list__item has-child \"><a class=\"wp-block-pages-list__item__link\" href=\"https:\/\/alice.ch\/fr\/actualite\/revue-specialisee-ep\/\">Revue sp\u00e9cialis\u00e9e EP<\/a><ul class=\"wp-block-navigation__submenu-container\"><li class=\"wp-block-pages-list__item \"><a class=\"wp-block-pages-list__item__link\" href=\"https:\/\/alice.ch\/fr\/actualite\/revue-specialisee-ep\/action-revue-ep\/\">Action revue sp\u00e9cialis\u00e9e EP<\/a><\/li><li class=\"wp-block-pages-list__item \"><a class=\"wp-block-pages-list__item__link\" href=\"https:\/\/alice.ch\/fr\/actualite\/revue-specialisee-ep\/abonner-ep\/\">Abonner l&rsquo;EP<\/a><\/li><\/ul><\/li><li class=\"wp-block-pages-list__item has-child \"><a class=\"wp-block-pages-list__item__link\" href=\"https:\/\/alice.ch\/fr\/actualite\/evenements\/\">\u00c9v\u00e9nements<\/a><ul class=\"wp-block-navigation__submenu-container\"><li class=\"wp-block-pages-list__item \"><a class=\"wp-block-pages-list__item__link\" href=\"https:\/\/alice.ch\/fr\/actualite\/evenements\/evenements-passes\/\">\u00c9v\u00e9nements pass\u00e9s<\/a><\/li><\/ul><\/li><li class=\"wp-block-pages-list__item \"><a class=\"wp-block-pages-list__item__link\" href=\"https:\/\/alice.ch\/fr\/actualite\/communiques-de-presse\/\">Communiqu\u00e9s de presse<\/a><\/li><li class=\"wp-block-pages-list__item \"><a class=\"wp-block-pages-list__item__link\" href=\"https:\/\/alice.ch\/fr\/actualite\/newsletter\/\">Newsletter<\/a><\/li><\/ul><\/li><li class=\"wp-block-pages-list__item\"><a class=\"wp-block-pages-list__item__link\" href=\"https:\/\/alice.ch\/fr\/impressum\/\">Impressum<\/a><\/li><li class=\"wp-block-pages-list__item\"><a class=\"wp-block-pages-list__item__link\" href=\"https:\/\/alice.ch\/fr\/recherche-de-cours\/\">Recherche de cours<\/a><\/li><li class=\"wp-block-pages-list__item\"><a class=\"wp-block-pages-list__item__link\" href=\"https:\/\/alice.ch\/fr\/medias\/\">M\u00e9dias<\/a><\/li><li class=\"wp-block-pages-list__item\"><a class=\"wp-block-pages-list__item__link\" href=\"https:\/\/alice.ch\/fr\/declaration-de-protection-des-donnees\/\">D\u00e9claration de protection des donn\u00e9es<\/a><\/li><li class=\"wp-block-pages-list__item\"><a class=\"wp-block-pages-list__item__link\" href=\"https:\/\/alice.ch\/fr\/directive-relative-aux-cookies-ue\/\">Directive relative aux cookies (UE)<\/a><\/li><li class=\"wp-block-pages-list__item\"><a class=\"wp-block-pages-list__item__link\" href=\"https:\/\/alice.ch\/fr\/order-fr\/\">Commander la publication<\/a><\/li><li class=\"wp-block-pages-list__item\"><a class=\"wp-block-pages-list__item__link\" href=\"https:\/\/alice.ch\/fr\/download-fr\/\">T\u00e9l\u00e9charger la publication<\/a><\/li><li class=\"wp-block-pages-list__item\"><a class=\"wp-block-pages-list__item__link\" href=\"https:\/\/alice.ch\/fr\/sitemap\/\">Sitemap<\/a><\/li><\/ul>","protected":false},"excerpt":{"rendered":"<p>Sitemap<\/p>\n","protected":false},"author":1,"featured_media":20799,"parent":0,"menu_order":646,"comment_status":"closed","ping_status":"closed","template":"","meta":{"_acf_changed":false,"inline_featured_image":false,"footnotes":""},"class_list":["post-50905","page","type-page","status-publish","has-post-thumbnail","hentry"],"acf":[],"yoast_head":"<!-- This site is optimized with the Yoast SEO plugin v27.3 - https:\/\/yoast.com\/product\/yoast-seo-wordpress\/ -->\n<title>Sitemap - FSEA<\/title>\n<meta name=\"description\" content=\"Le plan du site de www.alice.ch pr\u00e9sente la structure du site web de la FSEA de mani\u00e8re claire et concise.\" \/>\n<meta name=\"robots\" content=\"index, follow, max-snippet:-1, max-image-preview:large, max-video-preview:-1\" \/>\n<link rel=\"canonical\" href=\"https:\/\/alice.ch\/fr\/sitemap\/\" \/>\n<meta property=\"og:locale\" content=\"fr_FR\" \/>\n<meta property=\"og:type\" content=\"article\" \/>\n<meta property=\"og:title\" content=\"Sitemap - FSEA\" \/>\n<meta property=\"og:description\" content=\"Le plan du site de www.alice.ch pr\u00e9sente la structure du site web de la FSEA de mani\u00e8re claire et concise.\" \/>\n<meta property=\"og:url\" content=\"https:\/\/alice.ch\/fr\/sitemap\/\" \/>\n<meta property=\"og:site_name\" content=\"SVEB\" \/>\n<meta property=\"article:modified_time\" content=\"2023-12-05T14:46:46+00:00\" \/>\n<meta name=\"twitter:card\" content=\"summary_large_image\" \/>\n<script type=\"application\/ld+json\" class=\"yoast-schema-graph\">{\"@context\":\"https:\\\/\\\/schema.org\",\"@graph\":[{\"@type\":\"WebPage\",\"@id\":\"https:\\\/\\\/alice.ch\\\/fr\\\/sitemap\\\/\",\"url\":\"https:\\\/\\\/alice.ch\\\/fr\\\/sitemap\\\/\",\"name\":\"Sitemap - FSEA\",\"isPartOf\":{\"@id\":\"https:\\\/\\\/alice.ch\\\/fr\\\/#website\"},\"primaryImageOfPage\":{\"@id\":\"https:\\\/\\\/alice.ch\\\/fr\\\/sitemap\\\/#primaryimage\"},\"image\":{\"@id\":\"https:\\\/\\\/alice.ch\\\/fr\\\/sitemap\\\/#primaryimage\"},\"thumbnailUrl\":\"https:\\\/\\\/alice.ch\\\/app\\\/uploads\\\/2022\\\/11\\\/default.jpg\",\"datePublished\":\"2022-11-10T10:10:31+00:00\",\"dateModified\":\"2023-12-05T14:46:46+00:00\",\"description\":\"Le plan du site de www.alice.ch pr\u00e9sente la structure du site web de la FSEA de mani\u00e8re claire et concise.\",\"breadcrumb\":{\"@id\":\"https:\\\/\\\/alice.ch\\\/fr\\\/sitemap\\\/#breadcrumb\"},\"inLanguage\":\"fr-FR\",\"potentialAction\":[{\"@type\":\"ReadAction\",\"target\":[\"https:\\\/\\\/alice.ch\\\/fr\\\/sitemap\\\/\"]}]},{\"@type\":\"ImageObject\",\"inLanguage\":\"fr-FR\",\"@id\":\"https:\\\/\\\/alice.ch\\\/fr\\\/sitemap\\\/#primaryimage\",\"url\":\"https:\\\/\\\/alice.ch\\\/app\\\/uploads\\\/2022\\\/11\\\/default.jpg\",\"contentUrl\":\"https:\\\/\\\/alice.ch\\\/app\\\/uploads\\\/2022\\\/11\\\/default.jpg\",\"width\":1600,\"height\":900},{\"@type\":\"BreadcrumbList\",\"@id\":\"https:\\\/\\\/alice.ch\\\/fr\\\/sitemap\\\/#breadcrumb\",\"itemListElement\":[{\"@type\":\"ListItem\",\"position\":1,\"name\":\"Page d'accueil\",\"item\":\"https:\\\/\\\/alice.ch\\\/fr\\\/\"},{\"@type\":\"ListItem\",\"position\":2,\"name\":\"Sitemap\"}]},{\"@type\":\"WebSite\",\"@id\":\"https:\\\/\\\/alice.ch\\\/fr\\\/#website\",\"url\":\"https:\\\/\\\/alice.ch\\\/fr\\\/\",\"name\":\"alice.ch (Adult Learning Information Center) ist das Portal der Weiterbildung in der Schweiz.\",\"description\":\"Schweizerischer Verband f\u00fcr Weiterbildung\",\"publisher\":{\"@id\":\"https:\\\/\\\/alice.ch\\\/fr\\\/#organization\"},\"potentialAction\":[{\"@type\":\"SearchAction\",\"target\":{\"@type\":\"EntryPoint\",\"urlTemplate\":\"https:\\\/\\\/alice.ch\\\/fr\\\/?s={search_term_string}\"},\"query-input\":{\"@type\":\"PropertyValueSpecification\",\"valueRequired\":true,\"valueName\":\"search_term_string\"}}],\"inLanguage\":\"fr-FR\"},{\"@type\":\"Organization\",\"@id\":\"https:\\\/\\\/alice.ch\\\/fr\\\/#organization\",\"name\":\"FSEA F\u00e9d\u00e9ration suisse pour la formation continue\",\"url\":\"https:\\\/\\\/alice.ch\\\/fr\\\/\",\"logo\":{\"@type\":\"ImageObject\",\"inLanguage\":\"fr-FR\",\"@id\":\"https:\\\/\\\/alice.ch\\\/fr\\\/#\\\/schema\\\/logo\\\/image\\\/\",\"url\":\"https:\\\/\\\/alice.ch\\\/app\\\/uploads\\\/2022\\\/07\\\/logo-sveb.png\",\"contentUrl\":\"https:\\\/\\\/alice.ch\\\/app\\\/uploads\\\/2022\\\/07\\\/logo-sveb.png\",\"width\":145,\"height\":64,\"caption\":\"FSEA F\u00e9d\u00e9ration suisse pour la formation continue\"},\"image\":{\"@id\":\"https:\\\/\\\/alice.ch\\\/fr\\\/#\\\/schema\\\/logo\\\/image\\\/\"},\"sameAs\":[\"https:\\\/\\\/www.linkedin.com\\\/company\\\/schweizerischer-verband-fr-weiterbildung-sveb\\\/\"]}]}<\/script>\n<!-- \/ Yoast SEO plugin. -->","yoast_head_json":{"title":"Sitemap - FSEA","description":"Le plan du site de www.alice.ch pr\u00e9sente la structure du site web de la FSEA de mani\u00e8re claire et concise.","robots":{"index":"index","follow":"follow","max-snippet":"max-snippet:-1","max-image-preview":"max-image-preview:large","max-video-preview":"max-video-preview:-1"},"canonical":"https:\/\/alice.ch\/fr\/sitemap\/","og_locale":"fr_FR","og_type":"article","og_title":"Sitemap - FSEA","og_description":"Le plan du site de www.alice.ch pr\u00e9sente la structure du site web de la FSEA de mani\u00e8re claire et concise.","og_url":"https:\/\/alice.ch\/fr\/sitemap\/","og_site_name":"SVEB","article_modified_time":"2023-12-05T14:46:46+00:00","twitter_card":"summary_large_image","schema":{"@context":"https:\/\/schema.org","@graph":[{"@type":"WebPage","@id":"https:\/\/alice.ch\/fr\/sitemap\/","url":"https:\/\/alice.ch\/fr\/sitemap\/","name":"Sitemap - FSEA","isPartOf":{"@id":"https:\/\/alice.ch\/fr\/#website"},"primaryImageOfPage":{"@id":"https:\/\/alice.ch\/fr\/sitemap\/#primaryimage"},"image":{"@id":"https:\/\/alice.ch\/fr\/sitemap\/#primaryimage"},"thumbnailUrl":"https:\/\/alice.ch\/app\/uploads\/2022\/11\/default.jpg","datePublished":"2022-11-10T10:10:31+00:00","dateModified":"2023-12-05T14:46:46+00:00","description":"Le plan du site de www.alice.ch pr\u00e9sente la structure du site web de la FSEA de mani\u00e8re claire et concise.","breadcrumb":{"@id":"https:\/\/alice.ch\/fr\/sitemap\/#breadcrumb"},"inLanguage":"fr-FR","potentialAction":[{"@type":"ReadAction","target":["https:\/\/alice.ch\/fr\/sitemap\/"]}]},{"@type":"ImageObject","inLanguage":"fr-FR","@id":"https:\/\/alice.ch\/fr\/sitemap\/#primaryimage","url":"https:\/\/alice.ch\/app\/uploads\/2022\/11\/default.jpg","contentUrl":"https:\/\/alice.ch\/app\/uploads\/2022\/11\/default.jpg","width":1600,"height":900},{"@type":"BreadcrumbList","@id":"https:\/\/alice.ch\/fr\/sitemap\/#breadcrumb","itemListElement":[{"@type":"ListItem","position":1,"name":"Page d'accueil","item":"https:\/\/alice.ch\/fr\/"},{"@type":"ListItem","position":2,"name":"Sitemap"}]},{"@type":"WebSite","@id":"https:\/\/alice.ch\/fr\/#website","url":"https:\/\/alice.ch\/fr\/","name":"alice.ch (Adult Learning Information Center) ist das Portal der Weiterbildung in der Schweiz.","description":"Schweizerischer Verband f\u00fcr Weiterbildung","publisher":{"@id":"https:\/\/alice.ch\/fr\/#organization"},"potentialAction":[{"@type":"SearchAction","target":{"@type":"EntryPoint","urlTemplate":"https:\/\/alice.ch\/fr\/?s={search_term_string}"},"query-input":{"@type":"PropertyValueSpecification","valueRequired":true,"valueName":"search_term_string"}}],"inLanguage":"fr-FR"},{"@type":"Organization","@id":"https:\/\/alice.ch\/fr\/#organization","name":"FSEA F\u00e9d\u00e9ration suisse pour la formation continue","url":"https:\/\/alice.ch\/fr\/","logo":{"@type":"ImageObject","inLanguage":"fr-FR","@id":"https:\/\/alice.ch\/fr\/#\/schema\/logo\/image\/","url":"https:\/\/alice.ch\/app\/uploads\/2022\/07\/logo-sveb.png","contentUrl":"https:\/\/alice.ch\/app\/uploads\/2022\/07\/logo-sveb.png","width":145,"height":64,"caption":"FSEA F\u00e9d\u00e9ration suisse pour la formation continue"},"image":{"@id":"https:\/\/alice.ch\/fr\/#\/schema\/logo\/image\/"},"sameAs":["https:\/\/www.linkedin.com\/company\/schweizerischer-verband-fr-weiterbildung-sveb\/"]}]}},"_links":{"self":[{"href":"https:\/\/alice.ch\/fr\/wp-json\/wp\/v2\/pages\/50905","targetHints":{"allow":["GET"]}}],"collection":[{"href":"https:\/\/alice.ch\/fr\/wp-json\/wp\/v2\/pages"}],"about":[{"href":"https:\/\/alice.ch\/fr\/wp-json\/wp\/v2\/types\/page"}],"author":[{"embeddable":true,"href":"https:\/\/alice.ch\/fr\/wp-json\/wp\/v2\/users\/1"}],"replies":[{"embeddable":true,"href":"https:\/\/alice.ch\/fr\/wp-json\/wp\/v2\/comments?post=50905"}],"version-history":[{"count":1,"href":"https:\/\/alice.ch\/fr\/wp-json\/wp\/v2\/pages\/50905\/revisions"}],"predecessor-version":[{"id":50906,"href":"https:\/\/alice.ch\/fr\/wp-json\/wp\/v2\/pages\/50905\/revisions\/50906"}],"wp:featuredmedia":[{"embeddable":true,"href":"https:\/\/alice.ch\/fr\/wp-json\/wp\/v2\/media\/20799"}],"wp:attachment":[{"href":"https:\/\/alice.ch\/fr\/wp-json\/wp\/v2\/media?parent=50905"}],"curies":[{"name":"wp","href":"https:\/\/api.w.org\/{rel}","templated":true}]}}