{"id":52025,"date":"2023-06-25T17:46:32","date_gmt":"2023-06-25T15:46:32","guid":{"rendered":"https:\/\/alice.ch\/?page_id=52025"},"modified":"2025-01-29T18:25:24","modified_gmt":"2025-01-29T17:25:24","slug":"formation-continue-pour-un-developpement-durable","status":"publish","type":"page","link":"https:\/\/alice.ch\/fr\/themes\/formation-continue-pour-un-developpement-durable\/","title":{"rendered":"Formation continue pour un d\u00e9veloppement durable"},"content":{"rendered":"\n<h1 class=\"wp-block-heading\">Formation continue pour un d\u00e9veloppement durable<\/h1>\n\n\n\n<p class=\"is-style-lead\">La FSEA estime qu&rsquo;il est n\u00e9cessaire de renforcer le r\u00f4le de la formation continue dans le domaine de la durabilit\u00e9. Pour faire face aux d\u00e9fis mondiaux et nationaux tels que la crise climatique, les in\u00e9galit\u00e9s sociales ou les incertitudes politiques, il est important que les adultes suisses disposent de comp\u00e9tences environnementales, \u00e9conomiques et sociales ad\u00e9quates. La FSEA s&rsquo;engage \u00e0 promouvoir les comp\u00e9tences des adultes en mati\u00e8re de durabilit\u00e9, tant au niveau national qu&rsquo;\u00e0 l&rsquo;\u00e9tranger.&nbsp;<\/p>\n\n\n\n<h2 class=\"wp-block-heading\">La durabilit\u00e9 comme th\u00e8me central <\/h2>\n\n\n\n<p>La FSEA s\u2019aligne sur l\u2019acception officielle suisse de la notion de durabilit\u00e9, qui fait r\u00e9f\u00e9rence \u00e0 la responsabilit\u00e9 \u00e9cologique, \u00e0 la solidarit\u00e9 sociale et \u00e0 la performance \u00e9conomique.<\/p>\n\n\n\n<p>La FSEA per\u00e7oit un grand besoin de renforcer le r\u00f4le de la formation continue dans le domaine de la durabilit\u00e9. Afin de ma\u00eetriser des d\u00e9fis mondiaux et nationaux tels que la crise climatique, les in\u00e9galit\u00e9s sociales ou les ins\u00e9curit\u00e9s politiques, il est essentiel qu\u2019un large \u00e9ventail de la population adulte en Suisse dispose de comp\u00e9tences correspondantes dans les domaines de l\u2019\u00e9cologie, de l\u2019\u00e9conomie et des questions sociales.<\/p>\n\n\n\n<h3 class=\"wp-block-heading\">\u00c9ducation au d\u00e9veloppement durable<\/h3>\n\n\n\n<p>Pour contribuer au d\u00e9veloppement durable, il faut des comp\u00e9tences ad\u00e9quates. Dans diff\u00e9rents projets nationaux et internationaux, la FSEA promeut les comp\u00e9tences des adultes en mati\u00e8re de durabilit\u00e9, par exemple en mati\u00e8re de climat.<\/p>\n\n\n\n<p>La FSEA met en \u0153uvre les projets suivants pour promouvoir les comp\u00e9tences climatiques des adultes:<\/p>\n\n\n\n<div class=\"wp-block-buttons is-layout-flex wp-block-buttons-is-layout-flex\">\n<div class=\"wp-block-button has-custom-width wp-block-button__width-100 is-style-minimal\"><a class=\"wp-block-button__link wp-element-button\" href=\"https:\/\/alice.ch\/fr\/project\/ale4tt-advocacy-for-twin-transition\/\">Projet ALE4TT<\/a><\/div>\n\n\n\n<div class=\"wp-block-button has-custom-width wp-block-button__width-100 is-style-minimal\"><a class=\"wp-block-button__link wp-element-button\" href=\"https:\/\/alice.ch\/fr\/project\/klimabildung\/\">Education au climat<\/a><\/div>\n\n\n\n<div class=\"wp-block-button has-custom-width wp-block-button__width-100 is-style-minimal\"><a class=\"wp-block-button__link wp-element-button\" href=\"https:\/\/alice.ch\/fr\/project\/quid-pro-quo\/\">Calendar for Climate Change (C4CC)<\/a><\/div>\n<\/div>\n\n\n\n<p>L&rsquo;approche de l&rsquo;\u00e9ducation transformatrice fait actuellement l&rsquo;objet d&rsquo;une grande attention dans le contexte des questions de durabilit\u00e9. La FSEA travaille sur les processus d&rsquo;apprentissage transformateur dans deux projets:&nbsp;<\/p>\n\n\n\n<div class=\"wp-block-buttons is-layout-flex wp-block-buttons-is-layout-flex\">\n<div class=\"wp-block-button has-custom-width wp-block-button__width-100 is-style-minimal\"><a class=\"wp-block-button__link wp-element-button\" href=\"https:\/\/alice.ch\/fr\/project\/tale-transformative-adult-learning-for-green-transition\/\">TALE (Transformative Adult Learning for Green Transition)<\/a><\/div>\n\n\n\n<div class=\"wp-block-button has-custom-width wp-block-button__width-100 is-style-minimal\"><a class=\"wp-block-button__link wp-element-button\" href=\"https:\/\/alice.ch\/fr\/project\/bildung\/\">BILDUNG<\/a><\/div>\n<\/div>\n\n\n\n<h3 class=\"wp-block-heading\">La durabilit\u00e9 et les organisations de formation continue<\/h3>\n\n\n\n<p>La FSEA soutient les organisations de formation continue dans la r\u00e9flexion et le d\u00e9veloppement durable de leur propre institution. Les institutions de formation continue doivent devenir des lieux d&rsquo;apprentissage de la durabilit\u00e9, non seulement pour les participantes et participants, mais aussi pour l&rsquo;ensemble du personnel. La FSEA promeut actuellement la durabilit\u00e9 dans les institutions de formation continue avec les projets suivants:<\/p>\n\n\n\n<div class=\"wp-block-buttons is-layout-flex wp-block-buttons-is-layout-flex\">\n<div class=\"wp-block-button is-style-minimal\"><a class=\"wp-block-button__link wp-element-button\" href=\"https:\/\/alice.ch\/fr\/project\/klima-check\/\">Climate Check<\/a><\/div>\n\n\n\n<div class=\"wp-block-button has-custom-width wp-block-button__width-100 is-style-minimal\"><a class=\"wp-block-button__link wp-element-button\" href=\"https:\/\/alice.ch\/fr\/project\/projet-de-mobilite-competences-en-matiere-de-climat\/\">Projet de mobilit\u00e9 \u00abComp\u00e9tences en mati\u00e8re de climat\u00bb<\/a><\/div>\n<\/div>\n\n\n\n<h3 class=\"wp-block-heading\">La durabilit\u00e9 dans le contexte mondial<\/h3>\n\n\n\n<p>Au niveau international, l&rsquo;importance de l&rsquo;\u00e9ducation et de la formation continue pour le d\u00e9veloppement durable est fortement soulign\u00e9e. Tant le nouvel agenda europ\u00e9en de l&rsquo;\u00e9ducation et de la formation des adultes de l&rsquo;UE que la Conf\u00e9rence internationale sur l&rsquo;\u00e9ducation et la formation des adultes (CONFINTEA VII) mettent l&rsquo;accent sur la durabilit\u00e9. L&rsquo;objectif global au niveau international est d&rsquo;ancrer l&rsquo;\u00e9ducation durable dans l&rsquo;\u00e9ducation non formelle.<\/p>\n\n\n\n<div class=\"wp-block-buttons is-layout-flex wp-block-buttons-is-layout-flex\">\n<div class=\"wp-block-button is-style-minimal\"><a class=\"wp-block-button__link wp-element-button\" href=\"https:\/\/alice.ch\/fr\/themes\/la-formation-continue-dans-un-contexte-international\/strategies\/confintea-vii\/\">CONFINTEA VII<\/a><\/div>\n<\/div>\n\n\n\n<h2 class=\"wp-block-heading\">Autres publications<\/h2>\n\n\n\n<p>En 2024, <a href=\"https:\/\/alice.ch\/fr\/actualite\/revue-specialisee-ep\/\">la revue sp\u00e9cialis\u00e9e Education Permanente<\/a> a consacr\u00e9 un num\u00e9ro au th\u00e8me de la durabilit\u00e9 dans la formation continue.<\/p>\n\n\n\n\t\n\t<div class=\"publication-item\">\n\t\t<div class=\"image\">\n\t\t\t<img decoding=\"async\" width=\"939\" height=\"1293\" src=\"https:\/\/alice.ch\/app\/uploads\/2024\/12\/cover-education-permanente-24-2-f.png\" class=\"attachment-post-thumbnail size-post-thumbnail wp-post-image\" alt=\"\" srcset=\"https:\/\/alice.ch\/app\/uploads\/2024\/12\/cover-education-permanente-24-2-f.png 939w, https:\/\/alice.ch\/app\/uploads\/2024\/12\/cover-education-permanente-24-2-f-218x300.png 218w, https:\/\/alice.ch\/app\/uploads\/2024\/12\/cover-education-permanente-24-2-f-744x1024.png 744w, https:\/\/alice.ch\/app\/uploads\/2024\/12\/cover-education-permanente-24-2-f-768x1058.png 768w\" sizes=\"(max-width: 939px) 100vw, 939px\" \/>\t\t<\/div>\n\n\t\t<div class=\"content\">\n\t\t\t<h3>Education Permanente 24-2 \u2013 La Durabilit\u00e9<\/h3>\n\t\t\t<div class=\"description\"><p>Le num\u00e9ro 24-2 de la revue sp\u00e9cialis\u00e9e suisse pour la formation continue \u00abEducation Permanente\u00bb (EP) se penche sur la durabilit\u00e9 dans la formation continue. Les articles abordent la question de la mani\u00e8re dont la durabilite\u0301 peut \u00eatre comprise dans le contexte de la formation continue, et cherche \u00e0 savoir quels concepts sont disponibles et comment les employer de fa\u00e7on ad\u00e9quate.<\/p>\n<p>Lire l&rsquo;EP en ligne : <a href=\"https:\/\/www.ep-web.ch\/fr\/archive\/n2-2024\" target=\"_blank\" rel=\"noopener\">ep-web.ch<\/a><\/p>\n<\/div>\n\n\t\t\t<div class=\"meta\">\n\t\t\t\t<ul>\n\t\t\t\t\t\t\t\t\t\t\t<li><strong>Prix:<\/strong> 25.00 CHF (Prix pour membre: 20.00 CHF)<\/li>\n\t\t\t\t\t\n\t\t\t\t\t\t\t\t\t\t\t<li><strong>\u00c9diteur:<\/strong> FSEA<\/li>\n\t\t\t\t\t\n\t\t\t\t\t\n\t\t\t\t\t\t\t\t\t\t\t<li><strong>Distributeur:<\/strong> FSEA, 136 pages<\/li>\n\t\t\t\t\t\n\t\t\t\t\t\n\t\t\t\t\t\n\t\t\t\t\t\t\t\t\t<\/ul>\n\n\t\t\t\t<ul class=\"actions\">\n\t\t\t\t\t\n\t\t\t\t\t\t\t\t\t\t\t<li><a class=\"button\" href=\"https:\/\/alice.ch\/fr\/order-fr\/?pub-id=64975\">Commander la publication<\/a><\/li>\n\t\t\t\t\t\t\t\t\t<\/ul>\n\t\t\t<\/div>\n\t\t<\/div>\n\n\n\t<\/div>\n\n\n\t\n\n\n<h2 class=\"wp-block-heading\">Contact<\/h2>\n\n\n\n<div class=\"wp-block-columns is-layout-flex wp-container-core-columns-is-layout-28f84493 wp-block-columns-is-layout-flex\">\n<div class=\"wp-block-column is-layout-flow wp-block-column-is-layout-flow\" style=\"flex-basis:50%\"><div class=\"contact-persons\">\n\n\t\t\t\t\t<div class=\"contact-person\">\n\t\t\t\t\tMarianne M\u00fcller<br \/>\t\t\t\t\tResponsable des projets, Recherche et affaires internationales<br \/>\t\t\t\t\t<br \/>\n\t\t\t\t\t\t\t\t\t\t<a href=\"tel:+41 (0)44 319 71 67\">+41 (0)44 319 71 67<\/a><br \/>\t\t\t\t\t<a href=\"mailto:marianne.mueller@alice.ch\">marianne.mueller@alice.ch<\/a><br \/>\t\t\t\t\t<\/div>\n\t\t\t\t\t<\/div>\n<\/div>\n\n\n\n<div class=\"wp-block-column is-layout-flow wp-block-column-is-layout-flow\" style=\"flex-basis:50%\"><\/div>\n<\/div>\n","protected":false},"excerpt":{"rendered":"<p>Formation continue pour un d\u00e9veloppement durable La FSEA estime qu&rsquo;il est n\u00e9cessaire de renforcer le r\u00f4le de la formation continue [&hellip;]<\/p>\n","protected":false},"author":5,"featured_media":20799,"parent":14802,"menu_order":123,"comment_status":"closed","ping_status":"closed","template":"","meta":{"_acf_changed":false,"inline_featured_image":false,"footnotes":""},"class_list":["post-52025","page","type-page","status-publish","has-post-thumbnail","hentry"],"acf":[],"yoast_head":"<!-- This site is optimized with the Yoast SEO plugin v27.3 - https:\/\/yoast.com\/product\/yoast-seo-wordpress\/ -->\n<title>Formation continue pour un d\u00e9veloppement durable - FSEA<\/title>\n<meta name=\"description\" content=\"Projets de promotion des comp\u00e9tences durables, durabilit\u00e9 dans les organisations de formation continue, durabilit\u00e9 dans le contexte mondial\" \/>\n<meta name=\"robots\" content=\"index, follow, max-snippet:-1, max-image-preview:large, max-video-preview:-1\" \/>\n<link rel=\"canonical\" href=\"https:\/\/alice.ch\/fr\/themes\/formation-continue-pour-un-developpement-durable\/\" \/>\n<meta property=\"og:locale\" content=\"fr_FR\" \/>\n<meta property=\"og:type\" content=\"article\" \/>\n<meta property=\"og:title\" content=\"Formation continue pour un d\u00e9veloppement durable - FSEA\" \/>\n<meta property=\"og:description\" content=\"Projets de promotion des comp\u00e9tences durables, durabilit\u00e9 dans les organisations de formation continue, durabilit\u00e9 dans le contexte mondial\" \/>\n<meta property=\"og:url\" content=\"https:\/\/alice.ch\/fr\/themes\/formation-continue-pour-un-developpement-durable\/\" \/>\n<meta property=\"og:site_name\" content=\"SVEB\" \/>\n<meta property=\"article:modified_time\" content=\"2025-01-29T17:25:24+00:00\" \/>\n<meta name=\"twitter:card\" content=\"summary_large_image\" \/>\n<meta name=\"twitter:label1\" content=\"Dur\u00e9e de lecture estim\u00e9e\" \/>\n\t<meta name=\"twitter:data1\" content=\"3 minutes\" \/>\n<script type=\"application\/ld+json\" class=\"yoast-schema-graph\">{\"@context\":\"https:\\\/\\\/schema.org\",\"@graph\":[{\"@type\":\"WebPage\",\"@id\":\"https:\\\/\\\/alice.ch\\\/fr\\\/themes\\\/formation-continue-pour-un-developpement-durable\\\/\",\"url\":\"https:\\\/\\\/alice.ch\\\/fr\\\/themes\\\/formation-continue-pour-un-developpement-durable\\\/\",\"name\":\"Formation continue pour un d\u00e9veloppement durable - FSEA\",\"isPartOf\":{\"@id\":\"https:\\\/\\\/alice.ch\\\/fr\\\/#website\"},\"primaryImageOfPage\":{\"@id\":\"https:\\\/\\\/alice.ch\\\/fr\\\/themes\\\/formation-continue-pour-un-developpement-durable\\\/#primaryimage\"},\"image\":{\"@id\":\"https:\\\/\\\/alice.ch\\\/fr\\\/themes\\\/formation-continue-pour-un-developpement-durable\\\/#primaryimage\"},\"thumbnailUrl\":\"https:\\\/\\\/alice.ch\\\/app\\\/uploads\\\/2022\\\/11\\\/default.jpg\",\"datePublished\":\"2023-06-25T15:46:32+00:00\",\"dateModified\":\"2025-01-29T17:25:24+00:00\",\"description\":\"Projets de promotion des comp\u00e9tences durables, durabilit\u00e9 dans les organisations de formation continue, durabilit\u00e9 dans le contexte mondial\",\"breadcrumb\":{\"@id\":\"https:\\\/\\\/alice.ch\\\/fr\\\/themes\\\/formation-continue-pour-un-developpement-durable\\\/#breadcrumb\"},\"inLanguage\":\"fr-FR\",\"potentialAction\":[{\"@type\":\"ReadAction\",\"target\":[\"https:\\\/\\\/alice.ch\\\/fr\\\/themes\\\/formation-continue-pour-un-developpement-durable\\\/\"]}]},{\"@type\":\"ImageObject\",\"inLanguage\":\"fr-FR\",\"@id\":\"https:\\\/\\\/alice.ch\\\/fr\\\/themes\\\/formation-continue-pour-un-developpement-durable\\\/#primaryimage\",\"url\":\"https:\\\/\\\/alice.ch\\\/app\\\/uploads\\\/2022\\\/11\\\/default.jpg\",\"contentUrl\":\"https:\\\/\\\/alice.ch\\\/app\\\/uploads\\\/2022\\\/11\\\/default.jpg\",\"width\":1600,\"height\":900},{\"@type\":\"BreadcrumbList\",\"@id\":\"https:\\\/\\\/alice.ch\\\/fr\\\/themes\\\/formation-continue-pour-un-developpement-durable\\\/#breadcrumb\",\"itemListElement\":[{\"@type\":\"ListItem\",\"position\":1,\"name\":\"Page d'accueil\",\"item\":\"https:\\\/\\\/alice.ch\\\/fr\\\/\"},{\"@type\":\"ListItem\",\"position\":2,\"name\":\"Th\u00e8mes\",\"item\":\"https:\\\/\\\/alice.ch\\\/fr\\\/themes\\\/\"},{\"@type\":\"ListItem\",\"position\":3,\"name\":\"Formation continue pour un d\u00e9veloppement durable\"}]},{\"@type\":\"WebSite\",\"@id\":\"https:\\\/\\\/alice.ch\\\/fr\\\/#website\",\"url\":\"https:\\\/\\\/alice.ch\\\/fr\\\/\",\"name\":\"alice.ch (Adult Learning Information Center) ist das Portal der Weiterbildung in der Schweiz.\",\"description\":\"Schweizerischer Verband f\u00fcr Weiterbildung\",\"publisher\":{\"@id\":\"https:\\\/\\\/alice.ch\\\/fr\\\/#organization\"},\"potentialAction\":[{\"@type\":\"SearchAction\",\"target\":{\"@type\":\"EntryPoint\",\"urlTemplate\":\"https:\\\/\\\/alice.ch\\\/fr\\\/?s={search_term_string}\"},\"query-input\":{\"@type\":\"PropertyValueSpecification\",\"valueRequired\":true,\"valueName\":\"search_term_string\"}}],\"inLanguage\":\"fr-FR\"},{\"@type\":\"Organization\",\"@id\":\"https:\\\/\\\/alice.ch\\\/fr\\\/#organization\",\"name\":\"FSEA F\u00e9d\u00e9ration suisse pour la formation continue\",\"url\":\"https:\\\/\\\/alice.ch\\\/fr\\\/\",\"logo\":{\"@type\":\"ImageObject\",\"inLanguage\":\"fr-FR\",\"@id\":\"https:\\\/\\\/alice.ch\\\/fr\\\/#\\\/schema\\\/logo\\\/image\\\/\",\"url\":\"https:\\\/\\\/alice.ch\\\/app\\\/uploads\\\/2022\\\/07\\\/logo-sveb.png\",\"contentUrl\":\"https:\\\/\\\/alice.ch\\\/app\\\/uploads\\\/2022\\\/07\\\/logo-sveb.png\",\"width\":145,\"height\":64,\"caption\":\"FSEA F\u00e9d\u00e9ration suisse pour la formation continue\"},\"image\":{\"@id\":\"https:\\\/\\\/alice.ch\\\/fr\\\/#\\\/schema\\\/logo\\\/image\\\/\"},\"sameAs\":[\"https:\\\/\\\/www.linkedin.com\\\/company\\\/schweizerischer-verband-fr-weiterbildung-sveb\\\/\"]}]}<\/script>\n<!-- \/ Yoast SEO plugin. -->","yoast_head_json":{"title":"Formation continue pour un d\u00e9veloppement durable - FSEA","description":"Projets de promotion des comp\u00e9tences durables, durabilit\u00e9 dans les organisations de formation continue, durabilit\u00e9 dans le contexte mondial","robots":{"index":"index","follow":"follow","max-snippet":"max-snippet:-1","max-image-preview":"max-image-preview:large","max-video-preview":"max-video-preview:-1"},"canonical":"https:\/\/alice.ch\/fr\/themes\/formation-continue-pour-un-developpement-durable\/","og_locale":"fr_FR","og_type":"article","og_title":"Formation continue pour un d\u00e9veloppement durable - FSEA","og_description":"Projets de promotion des comp\u00e9tences durables, durabilit\u00e9 dans les organisations de formation continue, durabilit\u00e9 dans le contexte mondial","og_url":"https:\/\/alice.ch\/fr\/themes\/formation-continue-pour-un-developpement-durable\/","og_site_name":"SVEB","article_modified_time":"2025-01-29T17:25:24+00:00","twitter_card":"summary_large_image","twitter_misc":{"Dur\u00e9e de lecture estim\u00e9e":"3 minutes"},"schema":{"@context":"https:\/\/schema.org","@graph":[{"@type":"WebPage","@id":"https:\/\/alice.ch\/fr\/themes\/formation-continue-pour-un-developpement-durable\/","url":"https:\/\/alice.ch\/fr\/themes\/formation-continue-pour-un-developpement-durable\/","name":"Formation continue pour un d\u00e9veloppement durable - FSEA","isPartOf":{"@id":"https:\/\/alice.ch\/fr\/#website"},"primaryImageOfPage":{"@id":"https:\/\/alice.ch\/fr\/themes\/formation-continue-pour-un-developpement-durable\/#primaryimage"},"image":{"@id":"https:\/\/alice.ch\/fr\/themes\/formation-continue-pour-un-developpement-durable\/#primaryimage"},"thumbnailUrl":"https:\/\/alice.ch\/app\/uploads\/2022\/11\/default.jpg","datePublished":"2023-06-25T15:46:32+00:00","dateModified":"2025-01-29T17:25:24+00:00","description":"Projets de promotion des comp\u00e9tences durables, durabilit\u00e9 dans les organisations de formation continue, durabilit\u00e9 dans le contexte mondial","breadcrumb":{"@id":"https:\/\/alice.ch\/fr\/themes\/formation-continue-pour-un-developpement-durable\/#breadcrumb"},"inLanguage":"fr-FR","potentialAction":[{"@type":"ReadAction","target":["https:\/\/alice.ch\/fr\/themes\/formation-continue-pour-un-developpement-durable\/"]}]},{"@type":"ImageObject","inLanguage":"fr-FR","@id":"https:\/\/alice.ch\/fr\/themes\/formation-continue-pour-un-developpement-durable\/#primaryimage","url":"https:\/\/alice.ch\/app\/uploads\/2022\/11\/default.jpg","contentUrl":"https:\/\/alice.ch\/app\/uploads\/2022\/11\/default.jpg","width":1600,"height":900},{"@type":"BreadcrumbList","@id":"https:\/\/alice.ch\/fr\/themes\/formation-continue-pour-un-developpement-durable\/#breadcrumb","itemListElement":[{"@type":"ListItem","position":1,"name":"Page d'accueil","item":"https:\/\/alice.ch\/fr\/"},{"@type":"ListItem","position":2,"name":"Th\u00e8mes","item":"https:\/\/alice.ch\/fr\/themes\/"},{"@type":"ListItem","position":3,"name":"Formation continue pour un d\u00e9veloppement durable"}]},{"@type":"WebSite","@id":"https:\/\/alice.ch\/fr\/#website","url":"https:\/\/alice.ch\/fr\/","name":"alice.ch (Adult Learning Information Center) ist das Portal der Weiterbildung in der Schweiz.","description":"Schweizerischer Verband f\u00fcr Weiterbildung","publisher":{"@id":"https:\/\/alice.ch\/fr\/#organization"},"potentialAction":[{"@type":"SearchAction","target":{"@type":"EntryPoint","urlTemplate":"https:\/\/alice.ch\/fr\/?s={search_term_string}"},"query-input":{"@type":"PropertyValueSpecification","valueRequired":true,"valueName":"search_term_string"}}],"inLanguage":"fr-FR"},{"@type":"Organization","@id":"https:\/\/alice.ch\/fr\/#organization","name":"FSEA F\u00e9d\u00e9ration suisse pour la formation continue","url":"https:\/\/alice.ch\/fr\/","logo":{"@type":"ImageObject","inLanguage":"fr-FR","@id":"https:\/\/alice.ch\/fr\/#\/schema\/logo\/image\/","url":"https:\/\/alice.ch\/app\/uploads\/2022\/07\/logo-sveb.png","contentUrl":"https:\/\/alice.ch\/app\/uploads\/2022\/07\/logo-sveb.png","width":145,"height":64,"caption":"FSEA F\u00e9d\u00e9ration suisse pour la formation continue"},"image":{"@id":"https:\/\/alice.ch\/fr\/#\/schema\/logo\/image\/"},"sameAs":["https:\/\/www.linkedin.com\/company\/schweizerischer-verband-fr-weiterbildung-sveb\/"]}]}},"_links":{"self":[{"href":"https:\/\/alice.ch\/fr\/wp-json\/wp\/v2\/pages\/52025","targetHints":{"allow":["GET"]}}],"collection":[{"href":"https:\/\/alice.ch\/fr\/wp-json\/wp\/v2\/pages"}],"about":[{"href":"https:\/\/alice.ch\/fr\/wp-json\/wp\/v2\/types\/page"}],"author":[{"embeddable":true,"href":"https:\/\/alice.ch\/fr\/wp-json\/wp\/v2\/users\/5"}],"replies":[{"embeddable":true,"href":"https:\/\/alice.ch\/fr\/wp-json\/wp\/v2\/comments?post=52025"}],"version-history":[{"count":12,"href":"https:\/\/alice.ch\/fr\/wp-json\/wp\/v2\/pages\/52025\/revisions"}],"predecessor-version":[{"id":65855,"href":"https:\/\/alice.ch\/fr\/wp-json\/wp\/v2\/pages\/52025\/revisions\/65855"}],"up":[{"embeddable":true,"href":"https:\/\/alice.ch\/fr\/wp-json\/wp\/v2\/pages\/14802"}],"wp:featuredmedia":[{"embeddable":true,"href":"https:\/\/alice.ch\/fr\/wp-json\/wp\/v2\/media\/20799"}],"wp:attachment":[{"href":"https:\/\/alice.ch\/fr\/wp-json\/wp\/v2\/media?parent=52025"}],"curies":[{"name":"wp","href":"https:\/\/api.w.org\/{rel}","templated":true}]}}