{"id":53007,"date":"2023-08-11T10:45:38","date_gmt":"2023-08-11T08:45:38","guid":{"rendered":"https:\/\/alice.ch\/actualite\/revue-specialisee-ep\/aktion-fachzeitschrift-ep\/"},"modified":"2023-12-05T14:35:20","modified_gmt":"2023-12-05T13:35:20","slug":"action-revue-ep","status":"publish","type":"page","link":"https:\/\/alice.ch\/fr\/actualite\/revue-specialisee-ep\/action-revue-ep\/","title":{"rendered":"Action revue sp\u00e9cialis\u00e9e EP"},"content":{"rendered":"\n<div class=\"wp-block-group is-style-reduced-width is-layout-constrained wp-block-group-is-layout-constrained\">\n<h1 class=\"wp-block-heading\">D\u00e9couvrez  \u00abEducation Permanente\u00bb <\/h1>\n\n\n\n<p class=\"is-style-lead\">Des experts pr\u00e9sentent dans Education Permanente (EP) leurs positions et les r\u00e9sultats de leurs recherches sur des th\u00e8mes d&rsquo;actualit\u00e9 concernant la formation continue. Le coup d&rsquo;\u0153il en vaut la peine \u2013 notamment pour les formatrices et formateurs.<\/p>\n\n\n\n<p>Il est important, en particulier pour les formatrices et formateurs, d&rsquo;\u00eatre inform\u00e9\u00b7e\u00b7s sur les th\u00e8mes actuels de la formation continue. Dans la revue sp\u00e9cialis\u00e9e EP, des experts mettent en lumi\u00e8re des th\u00e8mes actuels et pr\u00e9sentent des conclusions int\u00e9ressantes. De mani\u00e8re g\u00e9n\u00e9rale, il vaut la peine de jeter un coup d&rsquo;\u0153il \u00e0 la seule revue sp\u00e9cialis\u00e9e suisse consacr\u00e9e \u00e0 l\u2019\u00e9ducation des adultes et \u00e0 la formation continue: deux fois par an, elle met l&rsquo;accent sur un th\u00e8me important et le traite sous la forme d&rsquo;un dossier scientifique.<\/p>\n\n\n\n<p>Nous souhaitons vous permettre ainsi qu&rsquo;\u00e0 vos \u00e9tudiants de d\u00e9couvrir ou red\u00e9couvrir la revue EP gr\u00e2ce \u00e0 notre offre sp\u00e9ciale.<\/p>\n\n\n\n<p><a href=\"mailto:marketing@alice.ch\">Profitez d\u00e8s maintenant d&rsquo;une r\u00e9duction de 50% \u00e0 partir de 15 exemplaires.<\/a><\/p>\n\n\n\n<p class=\"is-style-default\"> <\/p>\n\n\n\n<h2 class=\"wp-block-heading\">Contact<\/h2>\n\n\n\n<div class=\"wp-block-columns is-layout-flex wp-container-core-columns-is-layout-28f84493 wp-block-columns-is-layout-flex\">\n<div class=\"wp-block-column is-layout-flow wp-block-column-is-layout-flow\" style=\"flex-basis:50%\"><div class=\"contact-persons\">\n\n\t\t\t\t\t<div class=\"contact-person\">\n\t\t\t\t\tMichelle Mathys<br \/>\t\t\t\t\tResponsable du domaine marketing<br \/>\t\t\t\t\t<br \/>\n\t\t\t\t\t\t\t\t\t\t<a href=\"tel:+41 (0)44 319 71 55\">+41 (0)44 319 71 55<\/a><br \/>\t\t\t\t\t<a href=\"mailto:michelle.mathys@alice.ch\">michelle.mathys@alice.ch<\/a><br \/>\t\t\t\t\t<\/div>\n\t\t\t\t\t<\/div>\n<\/div>\n<\/div>\n<\/div>\n","protected":false},"excerpt":{"rendered":"<p>D\u00e9couvrez \u00abEducation Permanente\u00bb Des experts pr\u00e9sentent dans Education Permanente (EP) leurs positions et les r\u00e9sultats de leurs recherches sur des [&hellip;]<\/p>\n","protected":false},"author":5,"featured_media":20801,"parent":11293,"menu_order":501,"comment_status":"closed","ping_status":"closed","template":"","meta":{"_acf_changed":false,"inline_featured_image":false,"footnotes":""},"class_list":["post-53007","page","type-page","status-publish","has-post-thumbnail","hentry"],"acf":[],"yoast_head":"<!-- This site is optimized with the Yoast SEO plugin v27.3 - https:\/\/yoast.com\/product\/yoast-seo-wordpress\/ -->\n<title>Action revue sp\u00e9cialis\u00e9e EP - FSEA<\/title>\n<meta name=\"description\" content=\"Vous pouvez commander ici un abonnement annuel \u00e0 l&#039;unique revue suisse sp\u00e9cialis\u00e9e dans la formation continue &quot;Education Permanente&quot;.\" \/>\n<meta name=\"robots\" content=\"index, follow, max-snippet:-1, max-image-preview:large, max-video-preview:-1\" \/>\n<link rel=\"canonical\" href=\"https:\/\/alice.ch\/fr\/actualite\/revue-specialisee-ep\/action-revue-ep\/\" \/>\n<meta property=\"og:locale\" content=\"fr_FR\" \/>\n<meta property=\"og:type\" content=\"article\" \/>\n<meta property=\"og:title\" content=\"Action revue sp\u00e9cialis\u00e9e EP - FSEA\" \/>\n<meta property=\"og:description\" content=\"Vous pouvez commander ici un abonnement annuel \u00e0 l&#039;unique revue suisse sp\u00e9cialis\u00e9e dans la formation continue &quot;Education Permanente&quot;.\" \/>\n<meta property=\"og:url\" content=\"https:\/\/alice.ch\/fr\/actualite\/revue-specialisee-ep\/action-revue-ep\/\" \/>\n<meta property=\"og:site_name\" content=\"SVEB\" \/>\n<meta property=\"article:modified_time\" content=\"2023-12-05T13:35:20+00:00\" \/>\n<meta property=\"og:image\" content=\"https:\/\/alice.ch\/app\/uploads\/2022\/11\/default.jpg\" \/>\n\t<meta property=\"og:image:width\" content=\"1600\" \/>\n\t<meta property=\"og:image:height\" content=\"900\" \/>\n\t<meta property=\"og:image:type\" content=\"image\/jpeg\" \/>\n<meta name=\"twitter:card\" content=\"summary_large_image\" \/>\n<meta name=\"twitter:label1\" content=\"Dur\u00e9e de lecture estim\u00e9e\" \/>\n\t<meta name=\"twitter:data1\" content=\"1 minute\" \/>\n<script type=\"application\/ld+json\" class=\"yoast-schema-graph\">{\"@context\":\"https:\\\/\\\/schema.org\",\"@graph\":[{\"@type\":\"WebPage\",\"@id\":\"https:\\\/\\\/alice.ch\\\/fr\\\/actualite\\\/revue-specialisee-ep\\\/action-revue-ep\\\/\",\"url\":\"https:\\\/\\\/alice.ch\\\/fr\\\/actualite\\\/revue-specialisee-ep\\\/action-revue-ep\\\/\",\"name\":\"Action revue sp\u00e9cialis\u00e9e EP - FSEA\",\"isPartOf\":{\"@id\":\"https:\\\/\\\/alice.ch\\\/fr\\\/#website\"},\"primaryImageOfPage\":{\"@id\":\"https:\\\/\\\/alice.ch\\\/fr\\\/actualite\\\/revue-specialisee-ep\\\/action-revue-ep\\\/#primaryimage\"},\"image\":{\"@id\":\"https:\\\/\\\/alice.ch\\\/fr\\\/actualite\\\/revue-specialisee-ep\\\/action-revue-ep\\\/#primaryimage\"},\"thumbnailUrl\":\"https:\\\/\\\/alice.ch\\\/app\\\/uploads\\\/2022\\\/11\\\/default.jpg\",\"datePublished\":\"2023-08-11T08:45:38+00:00\",\"dateModified\":\"2023-12-05T13:35:20+00:00\",\"description\":\"Vous pouvez commander ici un abonnement annuel \u00e0 l'unique revue suisse sp\u00e9cialis\u00e9e dans la formation continue \\\"Education Permanente\\\".\",\"breadcrumb\":{\"@id\":\"https:\\\/\\\/alice.ch\\\/fr\\\/actualite\\\/revue-specialisee-ep\\\/action-revue-ep\\\/#breadcrumb\"},\"inLanguage\":\"fr-FR\",\"potentialAction\":[{\"@type\":\"ReadAction\",\"target\":[\"https:\\\/\\\/alice.ch\\\/fr\\\/actualite\\\/revue-specialisee-ep\\\/action-revue-ep\\\/\"]}]},{\"@type\":\"ImageObject\",\"inLanguage\":\"fr-FR\",\"@id\":\"https:\\\/\\\/alice.ch\\\/fr\\\/actualite\\\/revue-specialisee-ep\\\/action-revue-ep\\\/#primaryimage\",\"url\":\"https:\\\/\\\/alice.ch\\\/app\\\/uploads\\\/2022\\\/11\\\/default.jpg\",\"contentUrl\":\"https:\\\/\\\/alice.ch\\\/app\\\/uploads\\\/2022\\\/11\\\/default.jpg\",\"width\":1600,\"height\":900},{\"@type\":\"BreadcrumbList\",\"@id\":\"https:\\\/\\\/alice.ch\\\/fr\\\/actualite\\\/revue-specialisee-ep\\\/action-revue-ep\\\/#breadcrumb\",\"itemListElement\":[{\"@type\":\"ListItem\",\"position\":1,\"name\":\"Page d'accueil\",\"item\":\"https:\\\/\\\/alice.ch\\\/fr\\\/\"},{\"@type\":\"ListItem\",\"position\":2,\"name\":\"Actualit\u00e9\",\"item\":\"https:\\\/\\\/alice.ch\\\/fr\\\/actualite\\\/\"},{\"@type\":\"ListItem\",\"position\":3,\"name\":\"Revue sp\u00e9cialis\u00e9e EP\",\"item\":\"https:\\\/\\\/alice.ch\\\/fr\\\/actualite\\\/revue-specialisee-ep\\\/\"},{\"@type\":\"ListItem\",\"position\":4,\"name\":\"Action revue sp\u00e9cialis\u00e9e EP\"}]},{\"@type\":\"WebSite\",\"@id\":\"https:\\\/\\\/alice.ch\\\/fr\\\/#website\",\"url\":\"https:\\\/\\\/alice.ch\\\/fr\\\/\",\"name\":\"alice.ch (Adult Learning Information Center) ist das Portal der Weiterbildung in der Schweiz.\",\"description\":\"Schweizerischer Verband f\u00fcr Weiterbildung\",\"publisher\":{\"@id\":\"https:\\\/\\\/alice.ch\\\/fr\\\/#organization\"},\"potentialAction\":[{\"@type\":\"SearchAction\",\"target\":{\"@type\":\"EntryPoint\",\"urlTemplate\":\"https:\\\/\\\/alice.ch\\\/fr\\\/?s={search_term_string}\"},\"query-input\":{\"@type\":\"PropertyValueSpecification\",\"valueRequired\":true,\"valueName\":\"search_term_string\"}}],\"inLanguage\":\"fr-FR\"},{\"@type\":\"Organization\",\"@id\":\"https:\\\/\\\/alice.ch\\\/fr\\\/#organization\",\"name\":\"FSEA F\u00e9d\u00e9ration suisse pour la formation continue\",\"url\":\"https:\\\/\\\/alice.ch\\\/fr\\\/\",\"logo\":{\"@type\":\"ImageObject\",\"inLanguage\":\"fr-FR\",\"@id\":\"https:\\\/\\\/alice.ch\\\/fr\\\/#\\\/schema\\\/logo\\\/image\\\/\",\"url\":\"https:\\\/\\\/alice.ch\\\/app\\\/uploads\\\/2022\\\/07\\\/logo-sveb.png\",\"contentUrl\":\"https:\\\/\\\/alice.ch\\\/app\\\/uploads\\\/2022\\\/07\\\/logo-sveb.png\",\"width\":145,\"height\":64,\"caption\":\"FSEA F\u00e9d\u00e9ration suisse pour la formation continue\"},\"image\":{\"@id\":\"https:\\\/\\\/alice.ch\\\/fr\\\/#\\\/schema\\\/logo\\\/image\\\/\"},\"sameAs\":[\"https:\\\/\\\/www.linkedin.com\\\/company\\\/schweizerischer-verband-fr-weiterbildung-sveb\\\/\"]}]}<\/script>\n<!-- \/ Yoast SEO plugin. -->","yoast_head_json":{"title":"Action revue sp\u00e9cialis\u00e9e EP - FSEA","description":"Vous pouvez commander ici un abonnement annuel \u00e0 l'unique revue suisse sp\u00e9cialis\u00e9e dans la formation continue \"Education Permanente\".","robots":{"index":"index","follow":"follow","max-snippet":"max-snippet:-1","max-image-preview":"max-image-preview:large","max-video-preview":"max-video-preview:-1"},"canonical":"https:\/\/alice.ch\/fr\/actualite\/revue-specialisee-ep\/action-revue-ep\/","og_locale":"fr_FR","og_type":"article","og_title":"Action revue sp\u00e9cialis\u00e9e EP - FSEA","og_description":"Vous pouvez commander ici un abonnement annuel \u00e0 l'unique revue suisse sp\u00e9cialis\u00e9e dans la formation continue \"Education Permanente\".","og_url":"https:\/\/alice.ch\/fr\/actualite\/revue-specialisee-ep\/action-revue-ep\/","og_site_name":"SVEB","article_modified_time":"2023-12-05T13:35:20+00:00","og_image":[{"width":1600,"height":900,"url":"https:\/\/alice.ch\/app\/uploads\/2022\/11\/default.jpg","type":"image\/jpeg"}],"twitter_card":"summary_large_image","twitter_misc":{"Dur\u00e9e de lecture estim\u00e9e":"1 minute"},"schema":{"@context":"https:\/\/schema.org","@graph":[{"@type":"WebPage","@id":"https:\/\/alice.ch\/fr\/actualite\/revue-specialisee-ep\/action-revue-ep\/","url":"https:\/\/alice.ch\/fr\/actualite\/revue-specialisee-ep\/action-revue-ep\/","name":"Action revue sp\u00e9cialis\u00e9e EP - FSEA","isPartOf":{"@id":"https:\/\/alice.ch\/fr\/#website"},"primaryImageOfPage":{"@id":"https:\/\/alice.ch\/fr\/actualite\/revue-specialisee-ep\/action-revue-ep\/#primaryimage"},"image":{"@id":"https:\/\/alice.ch\/fr\/actualite\/revue-specialisee-ep\/action-revue-ep\/#primaryimage"},"thumbnailUrl":"https:\/\/alice.ch\/app\/uploads\/2022\/11\/default.jpg","datePublished":"2023-08-11T08:45:38+00:00","dateModified":"2023-12-05T13:35:20+00:00","description":"Vous pouvez commander ici un abonnement annuel \u00e0 l'unique revue suisse sp\u00e9cialis\u00e9e dans la formation continue \"Education Permanente\".","breadcrumb":{"@id":"https:\/\/alice.ch\/fr\/actualite\/revue-specialisee-ep\/action-revue-ep\/#breadcrumb"},"inLanguage":"fr-FR","potentialAction":[{"@type":"ReadAction","target":["https:\/\/alice.ch\/fr\/actualite\/revue-specialisee-ep\/action-revue-ep\/"]}]},{"@type":"ImageObject","inLanguage":"fr-FR","@id":"https:\/\/alice.ch\/fr\/actualite\/revue-specialisee-ep\/action-revue-ep\/#primaryimage","url":"https:\/\/alice.ch\/app\/uploads\/2022\/11\/default.jpg","contentUrl":"https:\/\/alice.ch\/app\/uploads\/2022\/11\/default.jpg","width":1600,"height":900},{"@type":"BreadcrumbList","@id":"https:\/\/alice.ch\/fr\/actualite\/revue-specialisee-ep\/action-revue-ep\/#breadcrumb","itemListElement":[{"@type":"ListItem","position":1,"name":"Page d'accueil","item":"https:\/\/alice.ch\/fr\/"},{"@type":"ListItem","position":2,"name":"Actualit\u00e9","item":"https:\/\/alice.ch\/fr\/actualite\/"},{"@type":"ListItem","position":3,"name":"Revue sp\u00e9cialis\u00e9e EP","item":"https:\/\/alice.ch\/fr\/actualite\/revue-specialisee-ep\/"},{"@type":"ListItem","position":4,"name":"Action revue sp\u00e9cialis\u00e9e EP"}]},{"@type":"WebSite","@id":"https:\/\/alice.ch\/fr\/#website","url":"https:\/\/alice.ch\/fr\/","name":"alice.ch (Adult Learning Information Center) ist das Portal der Weiterbildung in der Schweiz.","description":"Schweizerischer Verband f\u00fcr Weiterbildung","publisher":{"@id":"https:\/\/alice.ch\/fr\/#organization"},"potentialAction":[{"@type":"SearchAction","target":{"@type":"EntryPoint","urlTemplate":"https:\/\/alice.ch\/fr\/?s={search_term_string}"},"query-input":{"@type":"PropertyValueSpecification","valueRequired":true,"valueName":"search_term_string"}}],"inLanguage":"fr-FR"},{"@type":"Organization","@id":"https:\/\/alice.ch\/fr\/#organization","name":"FSEA F\u00e9d\u00e9ration suisse pour la formation continue","url":"https:\/\/alice.ch\/fr\/","logo":{"@type":"ImageObject","inLanguage":"fr-FR","@id":"https:\/\/alice.ch\/fr\/#\/schema\/logo\/image\/","url":"https:\/\/alice.ch\/app\/uploads\/2022\/07\/logo-sveb.png","contentUrl":"https:\/\/alice.ch\/app\/uploads\/2022\/07\/logo-sveb.png","width":145,"height":64,"caption":"FSEA F\u00e9d\u00e9ration suisse pour la formation continue"},"image":{"@id":"https:\/\/alice.ch\/fr\/#\/schema\/logo\/image\/"},"sameAs":["https:\/\/www.linkedin.com\/company\/schweizerischer-verband-fr-weiterbildung-sveb\/"]}]}},"_links":{"self":[{"href":"https:\/\/alice.ch\/fr\/wp-json\/wp\/v2\/pages\/53007","targetHints":{"allow":["GET"]}}],"collection":[{"href":"https:\/\/alice.ch\/fr\/wp-json\/wp\/v2\/pages"}],"about":[{"href":"https:\/\/alice.ch\/fr\/wp-json\/wp\/v2\/types\/page"}],"author":[{"embeddable":true,"href":"https:\/\/alice.ch\/fr\/wp-json\/wp\/v2\/users\/5"}],"replies":[{"embeddable":true,"href":"https:\/\/alice.ch\/fr\/wp-json\/wp\/v2\/comments?post=53007"}],"version-history":[{"count":4,"href":"https:\/\/alice.ch\/fr\/wp-json\/wp\/v2\/pages\/53007\/revisions"}],"predecessor-version":[{"id":53039,"href":"https:\/\/alice.ch\/fr\/wp-json\/wp\/v2\/pages\/53007\/revisions\/53039"}],"up":[{"embeddable":true,"href":"https:\/\/alice.ch\/fr\/wp-json\/wp\/v2\/pages\/11293"}],"wp:featuredmedia":[{"embeddable":true,"href":"https:\/\/alice.ch\/fr\/wp-json\/wp\/v2\/media\/20801"}],"wp:attachment":[{"href":"https:\/\/alice.ch\/fr\/wp-json\/wp\/v2\/media?parent=53007"}],"curies":[{"name":"wp","href":"https:\/\/api.w.org\/{rel}","templated":true}]}}