{"id":57526,"date":"2023-10-31T16:38:19","date_gmt":"2023-10-31T15:38:19","guid":{"rendered":"https:\/\/alice.ch\/?page_id=57526"},"modified":"2025-07-25T13:10:49","modified_gmt":"2025-07-25T11:10:49","slug":"check-list-pour-les-participants","status":"publish","type":"page","link":"https:\/\/alice.ch\/fr\/qualite\/qualite-dans-la-formation-continue\/check-list-pour-les-participants\/","title":{"rendered":"Check-list pour les participants"},"content":{"rendered":"\n<div class=\"wp-block-group is-style-reduced-width is-layout-constrained wp-block-group-is-layout-constrained\">\n<h1 class=\"wp-block-heading\">\u00ab\u00a0Est-ce la formation continue qui me convient ?\u00a0\u00bb<\/h1>\n\n\n\n<p class=\"is-style-lead\">Cette check-list vous aide \u00e0 trouver une offre de formation continue qui vous convienne et qui r\u00e9ponde aux normes de qualit\u00e9 fondamentales en mati\u00e8re de formation continue. Les questions \u00e0 clarifier se basent sur les principes et crit\u00e8res <a href=\"https:\/\/alice.ch\/fr\/qualite\/eduqua\/\">eduQua:2021<\/a>.<\/p>\n\n\n\n<h3 class=\"wp-block-heading\">Avant de suivre un cours de formation continue, vous devriez clarifier les questions suivantes :<\/h3>\n\n\n\n<div class=\"wp-block-group is-layout-flow wp-block-group-is-layout-flow\">\n<div class=\"wp-block-columns is-style-accordion is-layout-flex wp-container-core-columns-is-layout-28f84493 wp-block-columns-is-layout-flex\" id=\"faq-element-1\">\n<div class=\"wp-block-column is-layout-flow wp-block-column-is-layout-flow\">\n<h3 class=\"wp-block-heading\">Description et contenu du cours<\/h3>\n<\/div>\n\n\n\n<div class=\"wp-block-column is-layout-flow wp-block-column-is-layout-flow\">\n<p><strong>La description du cours est-elle claire et concise, par exemple les objectifs d&rsquo;apprentissage sont-ils d\u00e9finis et les conditions commerciales clairement d\u00e9crites ?<br><br>Est-ce que je trouve des informations sur le contenu du cours ?<br>Celles-ci me suffisent-elles ?<br><br>Les comp\u00e9tences et\/ou les objectifs d&rsquo;apprentissage \u00e0 atteindre sont-ils d\u00e9crits ?<\/strong><\/p>\n<\/div>\n<\/div>\n\n\n\n<div class=\"wp-block-columns is-style-accordion is-layout-flex wp-container-core-columns-is-layout-28f84493 wp-block-columns-is-layout-flex\" id=\"faq-element-1\">\n<div class=\"wp-block-column is-layout-flow wp-block-column-is-layout-flow\">\n<h3 class=\"wp-block-heading\">Conditions pr\u00e9alables<\/h3>\n<\/div>\n\n\n\n<div class=\"wp-block-column is-layout-flow wp-block-column-is-layout-flow\">\n<p><strong>Quelles sont les conditions pr\u00e9alables pour participer au cours ? Est-ce que je les remplis ?<\/strong><\/p>\n<\/div>\n<\/div>\n\n\n\n<div class=\"wp-block-columns is-style-accordion is-layout-flex wp-container-core-columns-is-layout-28f84493 wp-block-columns-is-layout-flex\" id=\"faq-element-1\">\n<div class=\"wp-block-column is-layout-flow wp-block-column-is-layout-flow\">\n<h3 class=\"wp-block-heading\">Validit\u00e9 et reconnaissance de la formation (attestation, certificat, dipl\u00f4me)<\/h3>\n<\/div>\n\n\n\n<div class=\"wp-block-column is-layout-flow wp-block-column-is-layout-flow\">\n<p><strong>Est-ce que je re\u00e7ois une attestation, un certificat ou un dipl\u00f4me \u00e0 la fin de la formation ? Sont-ils reconnus au niveau national ou international ?<br><br>Est-ce important pour moi ?<\/strong><\/p>\n\n\n\n<p>Nous recommandons de demander des informations sur la reconnaissance d&rsquo;un certificat ou d&rsquo;un dipl\u00f4me aupr\u00e8s d\u2019un employeur potentiel, d\u2019une association sectorielle (p.ex : OrTra Sant\u00e9) ou tout autre organisme sur la validit\u00e9 au sein de la profession du certificat ou dipl\u00f4me re\u00e7u en fin de formation. Pour les dipl\u00f4mes d\u2019auxilliaires de sant\u00e9 : cours aupr\u00e8s de la Croix-Rouge Suisse ou cours reconnus par <a href=\"https:\/\/www.odasante.ch\/fr\/professions\/#auxiliaire-de-sant\" target=\"_blank\" rel=\"noreferrer noopener\">l&rsquo;OrTra Sant\u00e9<\/a>.<\/p>\n\n\n\n<p><strong>Est-ce que je re\u00e7ois un dipl\u00f4me acad\u00e9mique ? (p.ex. Bachelor, Master, Doctorat)<br>Il est important de clarifier o\u00f9 ce dipl\u00f4me est reconnu.<\/strong><\/p>\n\n\n\n<p>Voir \u00e0 ce sujet la liste des hautes \u00e9coles accr\u00e9dit\u00e9es en <a href=\"https:\/\/www.swissuniversities.ch\/fr\/themes\/enseignement-et-etudes\/hautes-ecoles-suisses-accreditees\" target=\"_blank\" rel=\"noreferrer noopener\">Suisse Hautes \u00e9coles suisses et autres institutions accr\u00e9dit\u00e9es dans le domaine suisse des hautes \u00e9coles selon la LEHE*<\/a> et les informations du SEFRI sur <a href=\"https:\/\/www.sbfi.admin.ch\/fr\/protection-et-reconnaissance-des-titres\" target=\"_blank\" rel=\"noreferrer noopener\">la protection et la reconnaissance des titres<\/a>.<\/p>\n\n\n\n<p>Attention aux cours qui doivent mener \u00e0 des professions pour lesquelles il existe une <a href=\"https:\/\/www.becc.admin.ch\/becc\/public\/bvz\/beruf\/grundbildungen?offset=0&amp;max=60\" target=\"_blank\" rel=\"noreferrer noopener\">formation professionnelle initiale <\/a>sanctionn\u00e9e par un dipl\u00f4me f\u00e9d\u00e9ral AFP ou CFC. S&rsquo;il ne s&rsquo;agit pas d&rsquo;un dipl\u00f4me reconnu par le SEFRI, clarifier quelles sont les chances professionnelles sans reconnaissance.<\/p>\n<\/div>\n<\/div>\n\n\n\n<div class=\"wp-block-columns is-style-accordion is-layout-flex wp-container-core-columns-is-layout-28f84493 wp-block-columns-is-layout-flex\" id=\"faq-element-1\">\n<div class=\"wp-block-column is-layout-flow wp-block-column-is-layout-flow\">\n<h3 class=\"wp-block-heading\">Co\u00fbts et conditions g\u00e9n\u00e9rales<\/h3>\n<\/div>\n\n\n\n<div class=\"wp-block-column is-layout-flow wp-block-column-is-layout-flow\">\n<p><strong>Combien co\u00fbte l&rsquo;ensemble de la formation ?<br><br>Le mat\u00e9riel p\u00e9dagogique et les autres co\u00fbts sont-ils inclus ?<br><br>Sous quelles conditions puis-je me d\u00e9sister du cours ?<br><br>Est-ce que les conditions g\u00e9n\u00e9rales sont disponibles et est-ce que je les comprends ? (D\u00e9lais d&rsquo;inscription, possibilit\u00e9s d&rsquo;annulation, d\u00e9lais de paiement, etc.)<\/strong><\/p>\n<\/div>\n<\/div>\n\n\n\n<div class=\"wp-block-columns is-style-accordion is-layout-flex wp-container-core-columns-is-layout-28f84493 wp-block-columns-is-layout-flex\" id=\"faq-element-1\">\n<div class=\"wp-block-column is-layout-flow wp-block-column-is-layout-flow\">\n<h3 class=\"wp-block-heading\">Forme et structure<\/h3>\n<\/div>\n\n\n\n<div class=\"wp-block-column is-layout-flow wp-block-column-is-layout-flow\">\n<p><strong>Les temps d&rsquo;apprentissage sont-ils clairement d\u00e9crits ? <\/strong><br>(Nombre d&rsquo;heures de cours en pr\u00e9sentiel, en ligne, en autodidacte)<br><br><strong>Un enseignement hybride est-il pr\u00e9vu ?<\/strong><br>(Enseignement en ligne et en pr\u00e9sentiel en m\u00eame temps)<br><br><strong>Est-ce que cela me convient ?<\/strong><\/p>\n<\/div>\n<\/div>\n\n\n\n<div class=\"wp-block-columns is-style-accordion is-layout-flex wp-container-core-columns-is-layout-28f84493 wp-block-columns-is-layout-flex\" id=\"faq-element-1\">\n<div class=\"wp-block-column is-layout-flow wp-block-column-is-layout-flow\">\n<h3 class=\"wp-block-heading\">Informations sur les formateurs et les conditions g\u00e9n\u00e9rales<\/h3>\n<\/div>\n\n\n\n<div class=\"wp-block-column is-layout-flow wp-block-column-is-layout-flow\">\n<p><strong>Est-ce que je trouve des informations sur les formateurs et leurs qualifications ? Est-ce important pour moi ?<\/strong><\/p>\n\n\n\n<p><strong>Est-ce que je trouve des informations sur le lieu et les locaux du cours ? Sont-ils adapt\u00e9s \u00e0 mes besoins pour ce cours ? Puis-je les voir ?<\/strong><\/p>\n\n\n\n<p><strong>Est-ce que je trouve des informations sur la taille des classes ?<\/strong><\/p>\n\n\n\n<p><strong>Est-ce que je trouve des informations sur le mat\u00e9riel p\u00e9dagogique ? Est-ce important pour moi ?<\/strong><\/p>\n<\/div>\n<\/div>\n\n\n\n<div class=\"wp-block-columns is-style-accordion is-layout-flex wp-container-core-columns-is-layout-28f84493 wp-block-columns-is-layout-flex\" id=\"faq-element-1\">\n<div class=\"wp-block-column is-layout-flow wp-block-column-is-layout-flow\">\n<h3 class=\"wp-block-heading\">Assistance<\/h3>\n<\/div>\n\n\n\n<div class=\"wp-block-column is-layout-flow wp-block-column-is-layout-flow\">\n<p><strong>\u00c0 qui puis-je m&rsquo;adresser si j&rsquo;ai des questions ?<\/strong><br><strong><br>Est-ce que je re\u00e7ois des conseils en cas de besoin ?<\/strong><\/p>\n<\/div>\n<\/div>\n<\/div>\n\n\n\n<h2 class=\"wp-block-heading\">Sources d&rsquo;information&nbsp;:<\/h2>\n\n\n\n<ul class=\"wp-block-list\">\n<li>Site web du prestataire de cours \/ mat\u00e9riel d&rsquo;information \/ renseignements t\u00e9l\u00e9phoniques<\/li>\n\n\n\n<li>Assister \u00e0 une s\u00e9ance d&rsquo;information ou, si possible, \u00e0 un cours d&rsquo;essai<\/li>\n\n\n\n<li>R\u00e9f\u00e9rences du prestataire de cours \/ recommandations de personnes ayant d\u00e9j\u00e0 suivi le cours<\/li>\n\n\n\n<li>Comparer diff\u00e9rents prestataires de cours \/ plates-formes d&rsquo;\u00e9valuation et de conseil en mati\u00e8re de cours<\/li>\n\n\n\n<li>Moteur de recherche pour trouver des cours : <a href=\"https:\/\/www.formationcontinue.swiss\/\" target=\"_blank\" rel=\"noreferrer noopener\">www.formationcontinue.swiss<\/a><\/li>\n<\/ul>\n\n\n\n<h2 class=\"wp-block-heading\">Contact<\/h2>\n\n\n\n<div class=\"wp-block-columns is-layout-flex wp-container-core-columns-is-layout-28f84493 wp-block-columns-is-layout-flex\">\n<div class=\"wp-block-column is-layout-flow wp-block-column-is-layout-flow\" style=\"flex-basis:50%\"><div class=\"contact-persons\">\n\n\t\t\t\t\t<div class=\"contact-person\">\n\t\t\t\t\tFSEA F\u00e9d\u00e9ration suisse pour la formation continue<br \/>\t\t\t\t\t\t\t\t\t\t<br \/>\n\t\t\t\t\tSecr\u00e9tariat romand<br \/>\r\nRue de Gen\u00e8ve 88b<br \/>\r\n1004 Lausanne<br \/>\t\t\t\t\t<a href=\"tel:+41 (0)22 994 20 10\">+41 (0)22 994 20 10<\/a><br \/>\t\t\t\t\t<a href=\"mailto:fsea@alice.ch\">fsea@alice.ch<\/a><br \/>\t\t\t\t\t<\/div>\n\t\t\t\t\t<\/div>\n<\/div>\n\n\n\n<div class=\"wp-block-column is-layout-flow wp-block-column-is-layout-flow\" style=\"flex-basis:50%\"><\/div>\n<\/div>\n<\/div>\n","protected":false},"excerpt":{"rendered":"<p>\u00ab\u00a0Est-ce la formation continue qui me convient ?\u00a0\u00bb Cette check-list vous aide \u00e0 trouver une offre de formation continue qui [&hellip;]<\/p>\n","protected":false},"author":5,"featured_media":20799,"parent":11250,"menu_order":286,"comment_status":"closed","ping_status":"closed","template":"","meta":{"_acf_changed":false,"inline_featured_image":false,"footnotes":""},"class_list":["post-57526","page","type-page","status-publish","has-post-thumbnail","hentry"],"acf":[],"yoast_head":"<!-- This site is optimized with the Yoast SEO plugin v27.3 - https:\/\/yoast.com\/product\/yoast-seo-wordpress\/ -->\n<title>Check-list pour les participants - FSEA<\/title>\n<meta name=\"robots\" content=\"index, follow, max-snippet:-1, max-image-preview:large, max-video-preview:-1\" \/>\n<link rel=\"canonical\" href=\"https:\/\/alice.ch\/fr\/qualite\/qualite-dans-la-formation-continue\/check-list-pour-les-participants\/\" \/>\n<meta property=\"og:locale\" content=\"fr_FR\" \/>\n<meta property=\"og:type\" content=\"article\" \/>\n<meta property=\"og:title\" content=\"Check-list pour les participants - FSEA\" \/>\n<meta property=\"og:description\" content=\"\u00ab\u00a0Est-ce la formation continue qui me convient ?\u00a0\u00bb Cette check-list vous aide \u00e0 trouver une offre de formation continue qui [&hellip;]\" \/>\n<meta property=\"og:url\" content=\"https:\/\/alice.ch\/fr\/qualite\/qualite-dans-la-formation-continue\/check-list-pour-les-participants\/\" \/>\n<meta property=\"og:site_name\" content=\"SVEB\" \/>\n<meta property=\"article:modified_time\" content=\"2025-07-25T11:10:49+00:00\" \/>\n<meta name=\"twitter:card\" content=\"summary_large_image\" \/>\n<meta name=\"twitter:label1\" content=\"Dur\u00e9e de lecture estim\u00e9e\" \/>\n\t<meta name=\"twitter:data1\" content=\"3 minutes\" \/>\n<script type=\"application\/ld+json\" class=\"yoast-schema-graph\">{\"@context\":\"https:\\\/\\\/schema.org\",\"@graph\":[{\"@type\":\"WebPage\",\"@id\":\"https:\\\/\\\/alice.ch\\\/fr\\\/qualite\\\/qualite-dans-la-formation-continue\\\/check-list-pour-les-participants\\\/\",\"url\":\"https:\\\/\\\/alice.ch\\\/fr\\\/qualite\\\/qualite-dans-la-formation-continue\\\/check-list-pour-les-participants\\\/\",\"name\":\"Check-list pour les participants - FSEA\",\"isPartOf\":{\"@id\":\"https:\\\/\\\/alice.ch\\\/fr\\\/#website\"},\"primaryImageOfPage\":{\"@id\":\"https:\\\/\\\/alice.ch\\\/fr\\\/qualite\\\/qualite-dans-la-formation-continue\\\/check-list-pour-les-participants\\\/#primaryimage\"},\"image\":{\"@id\":\"https:\\\/\\\/alice.ch\\\/fr\\\/qualite\\\/qualite-dans-la-formation-continue\\\/check-list-pour-les-participants\\\/#primaryimage\"},\"thumbnailUrl\":\"https:\\\/\\\/alice.ch\\\/app\\\/uploads\\\/2022\\\/11\\\/default.jpg\",\"datePublished\":\"2023-10-31T15:38:19+00:00\",\"dateModified\":\"2025-07-25T11:10:49+00:00\",\"breadcrumb\":{\"@id\":\"https:\\\/\\\/alice.ch\\\/fr\\\/qualite\\\/qualite-dans-la-formation-continue\\\/check-list-pour-les-participants\\\/#breadcrumb\"},\"inLanguage\":\"fr-FR\",\"potentialAction\":[{\"@type\":\"ReadAction\",\"target\":[\"https:\\\/\\\/alice.ch\\\/fr\\\/qualite\\\/qualite-dans-la-formation-continue\\\/check-list-pour-les-participants\\\/\"]}]},{\"@type\":\"ImageObject\",\"inLanguage\":\"fr-FR\",\"@id\":\"https:\\\/\\\/alice.ch\\\/fr\\\/qualite\\\/qualite-dans-la-formation-continue\\\/check-list-pour-les-participants\\\/#primaryimage\",\"url\":\"https:\\\/\\\/alice.ch\\\/app\\\/uploads\\\/2022\\\/11\\\/default.jpg\",\"contentUrl\":\"https:\\\/\\\/alice.ch\\\/app\\\/uploads\\\/2022\\\/11\\\/default.jpg\",\"width\":370,\"height\":185},{\"@type\":\"BreadcrumbList\",\"@id\":\"https:\\\/\\\/alice.ch\\\/fr\\\/qualite\\\/qualite-dans-la-formation-continue\\\/check-list-pour-les-participants\\\/#breadcrumb\",\"itemListElement\":[{\"@type\":\"ListItem\",\"position\":1,\"name\":\"Page d'accueil\",\"item\":\"https:\\\/\\\/alice.ch\\\/fr\\\/\"},{\"@type\":\"ListItem\",\"position\":2,\"name\":\"Qualit\u00e9\",\"item\":\"https:\\\/\\\/alice.ch\\\/fr\\\/qualite\\\/\"},{\"@type\":\"ListItem\",\"position\":3,\"name\":\"Qualit\u00e9 dans la formation continue\",\"item\":\"https:\\\/\\\/alice.ch\\\/fr\\\/qualite\\\/qualite-dans-la-formation-continue\\\/\"},{\"@type\":\"ListItem\",\"position\":4,\"name\":\"Check-list pour les participants\"}]},{\"@type\":\"WebSite\",\"@id\":\"https:\\\/\\\/alice.ch\\\/fr\\\/#website\",\"url\":\"https:\\\/\\\/alice.ch\\\/fr\\\/\",\"name\":\"alice.ch (Adult Learning Information Center) ist das Portal der Weiterbildung in der Schweiz.\",\"description\":\"Schweizerischer Verband f\u00fcr Weiterbildung\",\"publisher\":{\"@id\":\"https:\\\/\\\/alice.ch\\\/fr\\\/#organization\"},\"potentialAction\":[{\"@type\":\"SearchAction\",\"target\":{\"@type\":\"EntryPoint\",\"urlTemplate\":\"https:\\\/\\\/alice.ch\\\/fr\\\/?s={search_term_string}\"},\"query-input\":{\"@type\":\"PropertyValueSpecification\",\"valueRequired\":true,\"valueName\":\"search_term_string\"}}],\"inLanguage\":\"fr-FR\"},{\"@type\":\"Organization\",\"@id\":\"https:\\\/\\\/alice.ch\\\/fr\\\/#organization\",\"name\":\"FSEA F\u00e9d\u00e9ration suisse pour la formation continue\",\"url\":\"https:\\\/\\\/alice.ch\\\/fr\\\/\",\"logo\":{\"@type\":\"ImageObject\",\"inLanguage\":\"fr-FR\",\"@id\":\"https:\\\/\\\/alice.ch\\\/fr\\\/#\\\/schema\\\/logo\\\/image\\\/\",\"url\":\"https:\\\/\\\/alice.ch\\\/app\\\/uploads\\\/2022\\\/07\\\/logo-sveb.png\",\"contentUrl\":\"https:\\\/\\\/alice.ch\\\/app\\\/uploads\\\/2022\\\/07\\\/logo-sveb.png\",\"width\":145,\"height\":64,\"caption\":\"FSEA F\u00e9d\u00e9ration suisse pour la formation continue\"},\"image\":{\"@id\":\"https:\\\/\\\/alice.ch\\\/fr\\\/#\\\/schema\\\/logo\\\/image\\\/\"},\"sameAs\":[\"https:\\\/\\\/www.linkedin.com\\\/company\\\/schweizerischer-verband-fr-weiterbildung-sveb\\\/\"]}]}<\/script>\n<!-- \/ Yoast SEO plugin. -->","yoast_head_json":{"title":"Check-list pour les participants - FSEA","robots":{"index":"index","follow":"follow","max-snippet":"max-snippet:-1","max-image-preview":"max-image-preview:large","max-video-preview":"max-video-preview:-1"},"canonical":"https:\/\/alice.ch\/fr\/qualite\/qualite-dans-la-formation-continue\/check-list-pour-les-participants\/","og_locale":"fr_FR","og_type":"article","og_title":"Check-list pour les participants - FSEA","og_description":"\u00ab\u00a0Est-ce la formation continue qui me convient ?\u00a0\u00bb Cette check-list vous aide \u00e0 trouver une offre de formation continue qui [&hellip;]","og_url":"https:\/\/alice.ch\/fr\/qualite\/qualite-dans-la-formation-continue\/check-list-pour-les-participants\/","og_site_name":"SVEB","article_modified_time":"2025-07-25T11:10:49+00:00","twitter_card":"summary_large_image","twitter_misc":{"Dur\u00e9e de lecture estim\u00e9e":"3 minutes"},"schema":{"@context":"https:\/\/schema.org","@graph":[{"@type":"WebPage","@id":"https:\/\/alice.ch\/fr\/qualite\/qualite-dans-la-formation-continue\/check-list-pour-les-participants\/","url":"https:\/\/alice.ch\/fr\/qualite\/qualite-dans-la-formation-continue\/check-list-pour-les-participants\/","name":"Check-list pour les participants - FSEA","isPartOf":{"@id":"https:\/\/alice.ch\/fr\/#website"},"primaryImageOfPage":{"@id":"https:\/\/alice.ch\/fr\/qualite\/qualite-dans-la-formation-continue\/check-list-pour-les-participants\/#primaryimage"},"image":{"@id":"https:\/\/alice.ch\/fr\/qualite\/qualite-dans-la-formation-continue\/check-list-pour-les-participants\/#primaryimage"},"thumbnailUrl":"https:\/\/alice.ch\/app\/uploads\/2022\/11\/default.jpg","datePublished":"2023-10-31T15:38:19+00:00","dateModified":"2025-07-25T11:10:49+00:00","breadcrumb":{"@id":"https:\/\/alice.ch\/fr\/qualite\/qualite-dans-la-formation-continue\/check-list-pour-les-participants\/#breadcrumb"},"inLanguage":"fr-FR","potentialAction":[{"@type":"ReadAction","target":["https:\/\/alice.ch\/fr\/qualite\/qualite-dans-la-formation-continue\/check-list-pour-les-participants\/"]}]},{"@type":"ImageObject","inLanguage":"fr-FR","@id":"https:\/\/alice.ch\/fr\/qualite\/qualite-dans-la-formation-continue\/check-list-pour-les-participants\/#primaryimage","url":"https:\/\/alice.ch\/app\/uploads\/2022\/11\/default.jpg","contentUrl":"https:\/\/alice.ch\/app\/uploads\/2022\/11\/default.jpg","width":370,"height":185},{"@type":"BreadcrumbList","@id":"https:\/\/alice.ch\/fr\/qualite\/qualite-dans-la-formation-continue\/check-list-pour-les-participants\/#breadcrumb","itemListElement":[{"@type":"ListItem","position":1,"name":"Page d'accueil","item":"https:\/\/alice.ch\/fr\/"},{"@type":"ListItem","position":2,"name":"Qualit\u00e9","item":"https:\/\/alice.ch\/fr\/qualite\/"},{"@type":"ListItem","position":3,"name":"Qualit\u00e9 dans la formation continue","item":"https:\/\/alice.ch\/fr\/qualite\/qualite-dans-la-formation-continue\/"},{"@type":"ListItem","position":4,"name":"Check-list pour les participants"}]},{"@type":"WebSite","@id":"https:\/\/alice.ch\/fr\/#website","url":"https:\/\/alice.ch\/fr\/","name":"alice.ch (Adult Learning Information Center) ist das Portal der Weiterbildung in der Schweiz.","description":"Schweizerischer Verband f\u00fcr Weiterbildung","publisher":{"@id":"https:\/\/alice.ch\/fr\/#organization"},"potentialAction":[{"@type":"SearchAction","target":{"@type":"EntryPoint","urlTemplate":"https:\/\/alice.ch\/fr\/?s={search_term_string}"},"query-input":{"@type":"PropertyValueSpecification","valueRequired":true,"valueName":"search_term_string"}}],"inLanguage":"fr-FR"},{"@type":"Organization","@id":"https:\/\/alice.ch\/fr\/#organization","name":"FSEA F\u00e9d\u00e9ration suisse pour la formation continue","url":"https:\/\/alice.ch\/fr\/","logo":{"@type":"ImageObject","inLanguage":"fr-FR","@id":"https:\/\/alice.ch\/fr\/#\/schema\/logo\/image\/","url":"https:\/\/alice.ch\/app\/uploads\/2022\/07\/logo-sveb.png","contentUrl":"https:\/\/alice.ch\/app\/uploads\/2022\/07\/logo-sveb.png","width":145,"height":64,"caption":"FSEA F\u00e9d\u00e9ration suisse pour la formation continue"},"image":{"@id":"https:\/\/alice.ch\/fr\/#\/schema\/logo\/image\/"},"sameAs":["https:\/\/www.linkedin.com\/company\/schweizerischer-verband-fr-weiterbildung-sveb\/"]}]}},"_links":{"self":[{"href":"https:\/\/alice.ch\/fr\/wp-json\/wp\/v2\/pages\/57526","targetHints":{"allow":["GET"]}}],"collection":[{"href":"https:\/\/alice.ch\/fr\/wp-json\/wp\/v2\/pages"}],"about":[{"href":"https:\/\/alice.ch\/fr\/wp-json\/wp\/v2\/types\/page"}],"author":[{"embeddable":true,"href":"https:\/\/alice.ch\/fr\/wp-json\/wp\/v2\/users\/5"}],"replies":[{"embeddable":true,"href":"https:\/\/alice.ch\/fr\/wp-json\/wp\/v2\/comments?post=57526"}],"version-history":[{"count":13,"href":"https:\/\/alice.ch\/fr\/wp-json\/wp\/v2\/pages\/57526\/revisions"}],"predecessor-version":[{"id":69622,"href":"https:\/\/alice.ch\/fr\/wp-json\/wp\/v2\/pages\/57526\/revisions\/69622"}],"up":[{"embeddable":true,"href":"https:\/\/alice.ch\/fr\/wp-json\/wp\/v2\/pages\/11250"}],"wp:featuredmedia":[{"embeddable":true,"href":"https:\/\/alice.ch\/fr\/wp-json\/wp\/v2\/media\/20799"}],"wp:attachment":[{"href":"https:\/\/alice.ch\/fr\/wp-json\/wp\/v2\/media?parent=57526"}],"curies":[{"name":"wp","href":"https:\/\/api.w.org\/{rel}","templated":true}]}}