{"id":63254,"date":"2024-08-27T18:01:42","date_gmt":"2024-08-27T16:01:42","guid":{"rendered":"https:\/\/alice.ch\/?page_id=63254"},"modified":"2025-06-02T10:03:10","modified_gmt":"2025-06-02T08:03:10","slug":"equipe-de-recherche","status":"publish","type":"page","link":"https:\/\/alice.ch\/fr\/recherche\/activites-de-recherche\/equipe-de-recherche\/","title":{"rendered":"\u00c9quipe de recherche"},"content":{"rendered":"\n<div class=\"wp-block-group is-style-reduced-width is-layout-flow wp-block-group-is-layout-flow\">\n<h1 class=\"wp-block-heading\">\u00c9quipe de recherche et d\u00e9veloppement<\/h1>\n\n\n\n<div class=\"wp-block-columns is-layout-flex wp-container-core-columns-is-layout-28f84493 wp-block-columns-is-layout-flex\">\n<div class=\"wp-block-column is-layout-flow wp-block-column-is-layout-flow\" style=\"flex-basis:20%\">\n<figure class=\"wp-block-image size-large is-style-no-border\"><img decoding=\"async\" width=\"180\" height=\"184\" src=\"https:\/\/alice.ch\/app\/uploads\/2023\/01\/helene-buchs.jpg\" alt=\"\" class=\"wp-image-42127\"\/><\/figure>\n<\/div>\n\n\n\n<div class=\"wp-block-column is-layout-flow wp-block-column-is-layout-flow\" style=\"flex-basis:80%\">\n<p><strong><a href=\"mailto:helen.buchs@alice.ch\">Helen Buchs<\/a><\/strong>: Dr en sociologie<br>+41 (0)44 319 71 56<\/p>\n\n\n\n<p><strong>Parcours de formation<\/strong>: \u00c9tudes de sociologie, d&rsquo;\u00e9conomie et de sciences politiques, suivies d&rsquo;un doctorat en sociologie (2018) portant sur les processus de qualification et les changements de carri\u00e8re en Suisse&nbsp;<\/p>\n\n\n\n<p><strong>Axes de travail<\/strong>: Avenir de la formation continue, tendances soci\u00e9tales, m\u00e9thodes et conception de la recherche, suivi de la formation continue<\/p>\n\n\n\n<p><strong>Projets de recherche<\/strong>: <a href=\"https:\/\/thinktank-transit.ch\/fr\/\">Think-Tank TRANSIT<\/a>, <a href=\"https:\/\/alice.ch\/fr\/recherche\/activites-de-recherche\/focus-etude-sur-la-formation-continue\/\">FOCUS Formation continue<\/a>, <a href=\"https:\/\/alice.ch\/fr\/recherche\/activites-de-recherche\/observatoire-de-la-formation-continue-fsea\/\">Observatoire de la formation continue FSEA<\/a>, <a href=\"https:\/\/alice.ch\/fr\/project\/milieux-de-vie\/\">Milieux de vie<\/a>&nbsp;<\/p>\n\n\n\n<p><strong>Projets pratiques<\/strong>: <a href=\"https:\/\/alice.ch\/fr\/project\/micro-credentials\/\">Microcertifications<\/a><\/p>\n\n\n\n<p><strong><a href=\"https:\/\/alice.ch\/app\/uploads\/2024\/08\/240714_Publikationsliste-Helen-Buchs.pdf\">Publications<\/a><\/strong><\/p>\n\n\n\n<hr class=\"wp-block-separator has-alpha-channel-opacity is-style-wide\"\/>\n<\/div>\n<\/div>\n\n\n\n<div class=\"wp-block-columns is-layout-flex wp-container-core-columns-is-layout-28f84493 wp-block-columns-is-layout-flex\">\n<div class=\"wp-block-column is-layout-flow wp-block-column-is-layout-flow\" style=\"flex-basis:20%\">\n<figure class=\"wp-block-image size-full is-style-no-border\"><img decoding=\"async\" width=\"180\" height=\"184\" src=\"https:\/\/alice.ch\/app\/uploads\/2022\/10\/marianne-mueller.jpeg\" alt=\"\" class=\"wp-image-5012\"\/><\/figure>\n<\/div>\n\n\n\n<div class=\"wp-block-column is-layout-flow wp-block-column-is-layout-flow\" style=\"flex-basis:80%\">\n<p><strong><a href=\"mailto:marianne.mueller@alice.ch\">Marianne M\u00fcller<\/a><\/strong>: Sociologue titulaire d&rsquo;un Master, dipl\u00f4me d&rsquo;enseignement pour le degr\u00e9 secondaire<br>+41 (0)44 319 71 67<\/p>\n\n\n\n<p><strong>Parcours de formation:<\/strong> Master en sociologie, Formation d&rsquo;enseignant(e) de l&rsquo;enseignement professionnel en culture g\u00e9n\u00e9rale, CAS ETH en coop\u00e9ration globale et d\u00e9veloppement durable<\/p>\n\n\n\n<p><strong>Axes de travail<\/strong>: Projets de transfert international et mise en r\u00e9seau, Durabilit\u00e9 dans la formation continue, Recherche sur la formation continue<\/p>\n\n\n\n<p><strong>Projets de recherche<\/strong>: <a href=\"https:\/\/alice.ch\/fr\/recherche\/activites-de-recherche\/sondage-aupres-des-pme\/\">Sondage aupr\u00e8s des PME<\/a><\/p>\n\n\n\n<p><strong>Projets pratiques:<\/strong> <a href=\"https:\/\/alice.ch\/fr\/project\/klima-check\/\">Climate-Check<\/a>, Klimabericht, <a href=\"https:\/\/alice.ch\/fr\/recherche\/projets\/\">Projets de collaboration internationale<\/a>, <a href=\"https:\/\/alice.ch\/fr\/recherche\/projets\/\">internationale Transferprojekte<\/a><\/p>\n\n\n\n<p><strong><a href=\"https:\/\/alice.ch\/app\/uploads\/2024\/08\/240628_Bibliographie_Marianne.pdf\">Publications<\/a><\/strong><\/p>\n\n\n\n<hr class=\"wp-block-separator has-alpha-channel-opacity is-style-wide\"\/>\n<\/div>\n<\/div>\n\n\n\n<div class=\"wp-block-columns is-layout-flex wp-container-core-columns-is-layout-28f84493 wp-block-columns-is-layout-flex\">\n<div class=\"wp-block-column is-layout-flow wp-block-column-is-layout-flow\" style=\"flex-basis:20%\">\n<figure class=\"wp-block-image size-full is-style-no-border\"><img decoding=\"async\" width=\"180\" height=\"184\" src=\"https:\/\/alice.ch\/app\/uploads\/2024\/09\/Lynette_Weber_web.jpg\" alt=\"\" class=\"wp-image-62474\"\/><\/figure>\n<\/div>\n\n\n\n<div class=\"wp-block-column is-layout-flow wp-block-column-is-layout-flow\" style=\"flex-basis:80%\">\n<p><strong><a href=\"mailto:lynette.weber@alice.ch\">Lynette Weber<\/a><\/strong>: Master en sciences de l&rsquo;\u00e9ducation<br>+41 (0)44 319 71 69<\/p>\n\n\n\n<p><strong>Parcours de formation:<\/strong> Master en sciences de l&rsquo;\u00e9ducation, p\u00e9dagogie professionnelle et \u00e9conomique (UZH)<\/p>\n\n\n\n<p><strong>Axes de travail:<\/strong> Participation, Statistiques de la formation continue, Enqu\u00eate aupr\u00e8s des prestataires de formation<\/p>\n\n\n\n<p><strong>Projets de recherche<\/strong>: <a href=\"https:\/\/alice.ch\/fr\/recherche\/activites-de-recherche\/sondage-aupres-des-pme\/\">FOCUS Sondage aupr\u00e8s des PME<\/a><\/p>\n\n\n\n<p><strong>Projets pratiques:<\/strong> <a href=\"https:\/\/alice.ch\/de\/project\/enhance-enhancing-adult-learners-voices\/\">ENHANCE<\/a><\/p>\n<\/div>\n<\/div>\n\n\n\n<p><\/p>\n<\/div>\n\n\n\n<h2 class=\"wp-block-heading\">Responsable<\/h2>\n\n\n<div class=\"contact-persons\">\n\n\t\t\t\t\t<div class=\"contact-person\">\n\t\t\t\t\tIrena Sgier<br \/>\t\t\t\t\tDirectrice adjointe, Directrice de la recherche, du d\u00e9veloppement et de l\u2019innovation<br \/>\t\t\t\t\t<br \/>\n\t\t\t\t\t\t\t\t\t\t<a href=\"tel:+41 (0)44 319 71 59\">+41 (0)44 319 71 59<\/a><br \/>\t\t\t\t\t<a href=\"mailto:irena.sgier@alice.ch\">irena.sgier@alice.ch<\/a><br \/>\t\t\t\t\t<\/div>\n\t\t\t\t\t<\/div>\n","protected":false},"excerpt":{"rendered":"<p>\u00c9quipe de recherche et d\u00e9veloppement Helen Buchs: Dr en sociologie+41 (0)44 319 71 56 Parcours de formation: \u00c9tudes de sociologie, [&hellip;]<\/p>\n","protected":false},"author":36,"featured_media":20799,"parent":18341,"menu_order":584,"comment_status":"closed","ping_status":"closed","template":"","meta":{"_acf_changed":false,"inline_featured_image":false,"footnotes":""},"class_list":["post-63254","page","type-page","status-publish","has-post-thumbnail","hentry"],"acf":[],"yoast_head":"<!-- This site is optimized with the Yoast SEO plugin v27.3 - https:\/\/yoast.com\/product\/yoast-seo-wordpress\/ -->\n<title>\u00c9quipe de recherche - FSEA<\/title>\n<meta name=\"robots\" content=\"index, follow, max-snippet:-1, max-image-preview:large, max-video-preview:-1\" \/>\n<link rel=\"canonical\" href=\"https:\/\/alice.ch\/fr\/recherche\/activites-de-recherche\/equipe-de-recherche\/\" \/>\n<meta property=\"og:locale\" content=\"fr_FR\" \/>\n<meta property=\"og:type\" content=\"article\" \/>\n<meta property=\"og:title\" content=\"\u00c9quipe de recherche - FSEA\" \/>\n<meta property=\"og:description\" content=\"\u00c9quipe de recherche et d\u00e9veloppement Helen Buchs: Dr en sociologie+41 (0)44 319 71 56 Parcours de formation: \u00c9tudes de sociologie, [&hellip;]\" \/>\n<meta property=\"og:url\" content=\"https:\/\/alice.ch\/fr\/recherche\/activites-de-recherche\/equipe-de-recherche\/\" \/>\n<meta property=\"og:site_name\" content=\"SVEB\" \/>\n<meta property=\"article:modified_time\" content=\"2025-06-02T08:03:10+00:00\" \/>\n<meta property=\"og:image\" content=\"https:\/\/alice.ch\/app\/uploads\/2023\/01\/helene-buchs.jpg\" \/>\n\t<meta property=\"og:image:width\" content=\"180\" \/>\n\t<meta property=\"og:image:height\" content=\"184\" \/>\n\t<meta property=\"og:image:type\" content=\"image\/jpeg\" \/>\n<meta name=\"twitter:card\" content=\"summary_large_image\" \/>\n<meta name=\"twitter:label1\" content=\"Dur\u00e9e de lecture estim\u00e9e\" \/>\n\t<meta name=\"twitter:data1\" content=\"1 minute\" \/>\n<script type=\"application\/ld+json\" class=\"yoast-schema-graph\">{\"@context\":\"https:\\\/\\\/schema.org\",\"@graph\":[{\"@type\":\"WebPage\",\"@id\":\"https:\\\/\\\/alice.ch\\\/fr\\\/recherche\\\/activites-de-recherche\\\/equipe-de-recherche\\\/\",\"url\":\"https:\\\/\\\/alice.ch\\\/fr\\\/recherche\\\/activites-de-recherche\\\/equipe-de-recherche\\\/\",\"name\":\"\u00c9quipe de recherche - FSEA\",\"isPartOf\":{\"@id\":\"https:\\\/\\\/alice.ch\\\/fr\\\/#website\"},\"primaryImageOfPage\":{\"@id\":\"https:\\\/\\\/alice.ch\\\/fr\\\/recherche\\\/activites-de-recherche\\\/equipe-de-recherche\\\/#primaryimage\"},\"image\":{\"@id\":\"https:\\\/\\\/alice.ch\\\/fr\\\/recherche\\\/activites-de-recherche\\\/equipe-de-recherche\\\/#primaryimage\"},\"thumbnailUrl\":\"https:\\\/\\\/alice.ch\\\/app\\\/uploads\\\/2022\\\/11\\\/default.jpg\",\"datePublished\":\"2024-08-27T16:01:42+00:00\",\"dateModified\":\"2025-06-02T08:03:10+00:00\",\"breadcrumb\":{\"@id\":\"https:\\\/\\\/alice.ch\\\/fr\\\/recherche\\\/activites-de-recherche\\\/equipe-de-recherche\\\/#breadcrumb\"},\"inLanguage\":\"fr-FR\",\"potentialAction\":[{\"@type\":\"ReadAction\",\"target\":[\"https:\\\/\\\/alice.ch\\\/fr\\\/recherche\\\/activites-de-recherche\\\/equipe-de-recherche\\\/\"]}]},{\"@type\":\"ImageObject\",\"inLanguage\":\"fr-FR\",\"@id\":\"https:\\\/\\\/alice.ch\\\/fr\\\/recherche\\\/activites-de-recherche\\\/equipe-de-recherche\\\/#primaryimage\",\"url\":\"https:\\\/\\\/alice.ch\\\/app\\\/uploads\\\/2022\\\/11\\\/default.jpg\",\"contentUrl\":\"https:\\\/\\\/alice.ch\\\/app\\\/uploads\\\/2022\\\/11\\\/default.jpg\",\"width\":1600,\"height\":900},{\"@type\":\"BreadcrumbList\",\"@id\":\"https:\\\/\\\/alice.ch\\\/fr\\\/recherche\\\/activites-de-recherche\\\/equipe-de-recherche\\\/#breadcrumb\",\"itemListElement\":[{\"@type\":\"ListItem\",\"position\":1,\"name\":\"Page d'accueil\",\"item\":\"https:\\\/\\\/alice.ch\\\/fr\\\/\"},{\"@type\":\"ListItem\",\"position\":2,\"name\":\"Recherche\",\"item\":\"https:\\\/\\\/alice.ch\\\/fr\\\/recherche\\\/\"},{\"@type\":\"ListItem\",\"position\":3,\"name\":\"Activit\u00e9s de recherche\",\"item\":\"https:\\\/\\\/alice.ch\\\/fr\\\/recherche\\\/activites-de-recherche\\\/\"},{\"@type\":\"ListItem\",\"position\":4,\"name\":\"\u00c9quipe de recherche\"}]},{\"@type\":\"WebSite\",\"@id\":\"https:\\\/\\\/alice.ch\\\/fr\\\/#website\",\"url\":\"https:\\\/\\\/alice.ch\\\/fr\\\/\",\"name\":\"alice.ch (Adult Learning Information Center) ist das Portal der Weiterbildung in der Schweiz.\",\"description\":\"Schweizerischer Verband f\u00fcr Weiterbildung\",\"publisher\":{\"@id\":\"https:\\\/\\\/alice.ch\\\/fr\\\/#organization\"},\"potentialAction\":[{\"@type\":\"SearchAction\",\"target\":{\"@type\":\"EntryPoint\",\"urlTemplate\":\"https:\\\/\\\/alice.ch\\\/fr\\\/?s={search_term_string}\"},\"query-input\":{\"@type\":\"PropertyValueSpecification\",\"valueRequired\":true,\"valueName\":\"search_term_string\"}}],\"inLanguage\":\"fr-FR\"},{\"@type\":\"Organization\",\"@id\":\"https:\\\/\\\/alice.ch\\\/fr\\\/#organization\",\"name\":\"FSEA F\u00e9d\u00e9ration suisse pour la formation continue\",\"url\":\"https:\\\/\\\/alice.ch\\\/fr\\\/\",\"logo\":{\"@type\":\"ImageObject\",\"inLanguage\":\"fr-FR\",\"@id\":\"https:\\\/\\\/alice.ch\\\/fr\\\/#\\\/schema\\\/logo\\\/image\\\/\",\"url\":\"https:\\\/\\\/alice.ch\\\/app\\\/uploads\\\/2022\\\/07\\\/logo-sveb.png\",\"contentUrl\":\"https:\\\/\\\/alice.ch\\\/app\\\/uploads\\\/2022\\\/07\\\/logo-sveb.png\",\"width\":145,\"height\":64,\"caption\":\"FSEA F\u00e9d\u00e9ration suisse pour la formation continue\"},\"image\":{\"@id\":\"https:\\\/\\\/alice.ch\\\/fr\\\/#\\\/schema\\\/logo\\\/image\\\/\"},\"sameAs\":[\"https:\\\/\\\/www.linkedin.com\\\/company\\\/schweizerischer-verband-fr-weiterbildung-sveb\\\/\"]}]}<\/script>\n<!-- \/ Yoast SEO plugin. -->","yoast_head_json":{"title":"\u00c9quipe de recherche - FSEA","robots":{"index":"index","follow":"follow","max-snippet":"max-snippet:-1","max-image-preview":"max-image-preview:large","max-video-preview":"max-video-preview:-1"},"canonical":"https:\/\/alice.ch\/fr\/recherche\/activites-de-recherche\/equipe-de-recherche\/","og_locale":"fr_FR","og_type":"article","og_title":"\u00c9quipe de recherche - FSEA","og_description":"\u00c9quipe de recherche et d\u00e9veloppement Helen Buchs: Dr en sociologie+41 (0)44 319 71 56 Parcours de formation: \u00c9tudes de sociologie, [&hellip;]","og_url":"https:\/\/alice.ch\/fr\/recherche\/activites-de-recherche\/equipe-de-recherche\/","og_site_name":"SVEB","article_modified_time":"2025-06-02T08:03:10+00:00","og_image":[{"width":180,"height":184,"url":"https:\/\/alice.ch\/app\/uploads\/2023\/01\/helene-buchs.jpg","type":"image\/jpeg"}],"twitter_card":"summary_large_image","twitter_misc":{"Dur\u00e9e de lecture estim\u00e9e":"1 minute"},"schema":{"@context":"https:\/\/schema.org","@graph":[{"@type":"WebPage","@id":"https:\/\/alice.ch\/fr\/recherche\/activites-de-recherche\/equipe-de-recherche\/","url":"https:\/\/alice.ch\/fr\/recherche\/activites-de-recherche\/equipe-de-recherche\/","name":"\u00c9quipe de recherche - FSEA","isPartOf":{"@id":"https:\/\/alice.ch\/fr\/#website"},"primaryImageOfPage":{"@id":"https:\/\/alice.ch\/fr\/recherche\/activites-de-recherche\/equipe-de-recherche\/#primaryimage"},"image":{"@id":"https:\/\/alice.ch\/fr\/recherche\/activites-de-recherche\/equipe-de-recherche\/#primaryimage"},"thumbnailUrl":"https:\/\/alice.ch\/app\/uploads\/2022\/11\/default.jpg","datePublished":"2024-08-27T16:01:42+00:00","dateModified":"2025-06-02T08:03:10+00:00","breadcrumb":{"@id":"https:\/\/alice.ch\/fr\/recherche\/activites-de-recherche\/equipe-de-recherche\/#breadcrumb"},"inLanguage":"fr-FR","potentialAction":[{"@type":"ReadAction","target":["https:\/\/alice.ch\/fr\/recherche\/activites-de-recherche\/equipe-de-recherche\/"]}]},{"@type":"ImageObject","inLanguage":"fr-FR","@id":"https:\/\/alice.ch\/fr\/recherche\/activites-de-recherche\/equipe-de-recherche\/#primaryimage","url":"https:\/\/alice.ch\/app\/uploads\/2022\/11\/default.jpg","contentUrl":"https:\/\/alice.ch\/app\/uploads\/2022\/11\/default.jpg","width":1600,"height":900},{"@type":"BreadcrumbList","@id":"https:\/\/alice.ch\/fr\/recherche\/activites-de-recherche\/equipe-de-recherche\/#breadcrumb","itemListElement":[{"@type":"ListItem","position":1,"name":"Page d'accueil","item":"https:\/\/alice.ch\/fr\/"},{"@type":"ListItem","position":2,"name":"Recherche","item":"https:\/\/alice.ch\/fr\/recherche\/"},{"@type":"ListItem","position":3,"name":"Activit\u00e9s de recherche","item":"https:\/\/alice.ch\/fr\/recherche\/activites-de-recherche\/"},{"@type":"ListItem","position":4,"name":"\u00c9quipe de recherche"}]},{"@type":"WebSite","@id":"https:\/\/alice.ch\/fr\/#website","url":"https:\/\/alice.ch\/fr\/","name":"alice.ch (Adult Learning Information Center) ist das Portal der Weiterbildung in der Schweiz.","description":"Schweizerischer Verband f\u00fcr Weiterbildung","publisher":{"@id":"https:\/\/alice.ch\/fr\/#organization"},"potentialAction":[{"@type":"SearchAction","target":{"@type":"EntryPoint","urlTemplate":"https:\/\/alice.ch\/fr\/?s={search_term_string}"},"query-input":{"@type":"PropertyValueSpecification","valueRequired":true,"valueName":"search_term_string"}}],"inLanguage":"fr-FR"},{"@type":"Organization","@id":"https:\/\/alice.ch\/fr\/#organization","name":"FSEA F\u00e9d\u00e9ration suisse pour la formation continue","url":"https:\/\/alice.ch\/fr\/","logo":{"@type":"ImageObject","inLanguage":"fr-FR","@id":"https:\/\/alice.ch\/fr\/#\/schema\/logo\/image\/","url":"https:\/\/alice.ch\/app\/uploads\/2022\/07\/logo-sveb.png","contentUrl":"https:\/\/alice.ch\/app\/uploads\/2022\/07\/logo-sveb.png","width":145,"height":64,"caption":"FSEA F\u00e9d\u00e9ration suisse pour la formation continue"},"image":{"@id":"https:\/\/alice.ch\/fr\/#\/schema\/logo\/image\/"},"sameAs":["https:\/\/www.linkedin.com\/company\/schweizerischer-verband-fr-weiterbildung-sveb\/"]}]}},"_links":{"self":[{"href":"https:\/\/alice.ch\/fr\/wp-json\/wp\/v2\/pages\/63254","targetHints":{"allow":["GET"]}}],"collection":[{"href":"https:\/\/alice.ch\/fr\/wp-json\/wp\/v2\/pages"}],"about":[{"href":"https:\/\/alice.ch\/fr\/wp-json\/wp\/v2\/types\/page"}],"author":[{"embeddable":true,"href":"https:\/\/alice.ch\/fr\/wp-json\/wp\/v2\/users\/36"}],"replies":[{"embeddable":true,"href":"https:\/\/alice.ch\/fr\/wp-json\/wp\/v2\/comments?post=63254"}],"version-history":[{"count":7,"href":"https:\/\/alice.ch\/fr\/wp-json\/wp\/v2\/pages\/63254\/revisions"}],"predecessor-version":[{"id":68622,"href":"https:\/\/alice.ch\/fr\/wp-json\/wp\/v2\/pages\/63254\/revisions\/68622"}],"up":[{"embeddable":true,"href":"https:\/\/alice.ch\/fr\/wp-json\/wp\/v2\/pages\/18341"}],"wp:featuredmedia":[{"embeddable":true,"href":"https:\/\/alice.ch\/fr\/wp-json\/wp\/v2\/media\/20799"}],"wp:attachment":[{"href":"https:\/\/alice.ch\/fr\/wp-json\/wp\/v2\/media?parent=63254"}],"curies":[{"name":"wp","href":"https:\/\/api.w.org\/{rel}","templated":true}]}}