{"id":64943,"date":"2024-12-04T15:39:24","date_gmt":"2024-12-04T14:39:24","guid":{"rendered":"https:\/\/alice.ch\/?page_id=64943"},"modified":"2026-02-16T17:15:15","modified_gmt":"2026-02-16T16:15:15","slug":"ia-et-formation-continue","status":"publish","type":"page","link":"https:\/\/alice.ch\/fr\/themes\/la-numerisation\/ia-et-formation-continue\/","title":{"rendered":"IA et formation continue"},"content":{"rendered":"\n<div class=\"wp-block-group is-style-reduced-width is-layout-flow wp-block-group-is-layout-flow\">\n<h1 class=\"wp-block-heading\">Intelligence artificielle et formation continue<\/h1>\n\n\n\n<p class=\"is-style-lead\">L\u2019intelligence artificielle (IA) a le potentiel de transformer fondamentalement notre vie (professionnelle) telle que nous la connaissons. Cela inclut \u00e9galement le domaine de la formation continue. La FSEA s&rsquo;engage \u00e0 offrir \u00e0 un maximum de personnes un acc\u00e8s aux connaissances et comp\u00e9tences n\u00e9cessaires pour interagir de mani\u00e8re pertinente avec l\u2019IA.<\/p>\n\n\n\n<p>Avec le lancement de ChatGPT fin 2022, l\u2019intelligence artificielle, et plus particuli\u00e8rement l\u2019IA g\u00e9n\u00e9rative, a connu une ascension fulgurante, devenant un th\u00e8me central de soci\u00e9t\u00e9. Depuis que la technologie permet de cr\u00e9er des textes, images, pr\u00e9sentations, vid\u00e9os, tableaux, et bien plus encore, il est clair qu\u2019elle a le potentiel de transformer profond\u00e9ment l\u2019\u00e9conomie, le monde du travail et la soci\u00e9t\u00e9 dans son ensemble.<\/p>\n\n\n\n<p>Le domaine de la formation (continue) est lui aussi impact\u00e9 par ce potentiel transformateur, et ce, de deux mani\u00e8res principales:<\/p>\n\n\n\n<ul class=\"wp-block-list\">\n<li>D\u2019une part, le secteur de la formation continue, comme tous les autres secteurs, doit s\u2019efforcer de cr\u00e9er les conditions n\u00e9cessaires \u00e0 l\u2019int\u00e9gration de l\u2019IA dans son syst\u00e8me. Par exemple, il s&rsquo;agit d\u2019\u00e9tablir des normes pour g\u00e9rer les situations o\u00f9 les participants et participantes utilisent l\u2019IA pour r\u00e9diger des travaux. De plus, il convient d\u2019examiner comment les formateurs et formatrices peuvent utiliser l\u2019IA de mani\u00e8re pertinente ou dans quelle mesure les m\u00e9thodes p\u00e9dagogiques, les contextes d\u2019apprentissage ou les comportements d\u2019apprentissage sont modifi\u00e9s par l\u2019usage de l\u2019IA.<\/li>\n\n\n\n<li>D\u2019autre part, la soci\u00e9t\u00e9 a besoin de comp\u00e9tences pour pouvoir utiliser l\u2019IA \u2013 ici aussi, la formation continue joue un r\u00f4le-cl\u00e9: elle peut contribuer \u00e0 cr\u00e9er un cadre permettant au plus grand nombre de tirer parti des avantages de l\u2019IA, tout en \u00e9tant conscients des risques qu\u2019elle comporte.<\/li>\n<\/ul>\n\n\n\n<h2 class=\"wp-block-heading\">La FSEA et l\u2019IA<\/h2>\n\n\n\n<p>En tant qu&rsquo;association fa\u00eeti\u00e8re qui s&rsquo;engage en faveur de la \u00abformation continue pour toutes et tous\u00bb ainsi que d&rsquo;un syst\u00e8me de formation continue fort et de qualit\u00e9, la FSEA estime qu&rsquo;il est de son devoir de suivre cette \u00e9volution et d&rsquo;aider le champ de la formation continue \u00e0 exploiter le potentiel des IA et \u00e0 contribuer au d\u00e9veloppement des comp\u00e9tences n\u00e9cessaires \u00e0 cet effet.&nbsp;&nbsp;&nbsp;<\/p>\n\n\n\n<p>Nos activit\u00e9s actuelles sont les suivantes :&nbsp;&nbsp;<\/p>\n\n\n\n<ul class=\"wp-block-list\">\n<li>Mise en place d&rsquo;un groupe d&rsquo;expertes et d\u2019experts qui pilotent les activit\u00e9s de la FSEA li\u00e9es \u00e0 l\u2019IA.&nbsp;&nbsp;<\/li>\n\n\n\n<li>Extension du <a href=\"https:\/\/alice.ch\/fr\/professionnalisation\/brevet-federal-formatrice-formateur-dadultes-ffa\/module-dapprofondissement-offres-de-formation-en-ligne\/\">module de formation continue \u00ab Digital \u00bb<\/a> dans le syst\u00e8me modulaire FFA (brevet f\u00e9d\u00e9ral) avec des comp\u00e9tences en IA.&nbsp;&nbsp;<\/li>\n\n\n\n<li>Travail de projet&nbsp;&nbsp;<\/li>\n\n\n\n<li>Echanges internationaux (par ex. dans l&rsquo;espace DACH)&nbsp;&nbsp;<\/li>\n\n\n\n<li>Ev\u00e9nements&nbsp;<\/li>\n<\/ul>\n\n\n\n<h2 class=\"wp-block-heading\">News sur le th\u00e8me<\/h2>\n<\/div>\n\n\n\n<div class=\"wp-block-query is-style-mobile-slider is-layout-flow wp-block-query-is-layout-flow\"><ul class=\"columns-3 wp-block-post-template is-layout-grid wp-container-core-post-template-is-layout-6d3fbd8f wp-block-post-template-is-layout-grid\"><li class=\"wp-block-post post-75181 news type-news status-publish has-post-thumbnail hentry news-category-numerisation global-category-ia-et-formation-continue\">\n<figure class=\"wp-block-post-featured-image\"><a href=\"https:\/\/alice.ch\/fr\/news\/comment-lia-est-elle-utilisee-dans-la-recherche-demploi-et-le-recrutement\/\" target=\"_self\"  ><img decoding=\"async\" width=\"1200\" height=\"627\" src=\"https:\/\/alice.ch\/app\/uploads\/2026\/04\/dmitrii-shirnin-MRNuFO7Je9M-unsplash1.jpg\" class=\"attachment-post-thumbnail size-post-thumbnail wp-post-image\" alt=\"Comment l\u2019IA est-elle utilis\u00e9e dans la recherche d\u2019emploi et le recrutement?\u00a0\" style=\"object-fit:cover;\" srcset=\"https:\/\/alice.ch\/app\/uploads\/2026\/04\/dmitrii-shirnin-MRNuFO7Je9M-unsplash1.jpg 1200w, https:\/\/alice.ch\/app\/uploads\/2026\/04\/dmitrii-shirnin-MRNuFO7Je9M-unsplash1-300x157.jpg 300w, https:\/\/alice.ch\/app\/uploads\/2026\/04\/dmitrii-shirnin-MRNuFO7Je9M-unsplash1-1024x535.jpg 1024w, https:\/\/alice.ch\/app\/uploads\/2026\/04\/dmitrii-shirnin-MRNuFO7Je9M-unsplash1-768x401.jpg 768w\" sizes=\"(max-width: 1200px) 100vw, 1200px\" \/><\/a><\/figure>\n\n\n<div class=\"wp-block-news-category\">Num\u00e9risation<\/div>\n\n\n<div class=\"wp-block-post-date\"><time datetime=\"2026-04-22T09:20:07+02:00\">22. avril 2026<\/time><\/div>\n\n<h3 class=\"wp-block-post-title\"><a href=\"https:\/\/alice.ch\/fr\/news\/comment-lia-est-elle-utilisee-dans-la-recherche-demploi-et-le-recrutement\/\" target=\"_self\" >Comment l\u2019IA est-elle utilis\u00e9e dans la recherche d\u2019emploi et le recrutement?\u00a0<\/a><\/h3>\n\n<a class=\"wp-block-query-loop-link is-style-minimal\" href=\"https:\/\/alice.ch\/fr\/news\/comment-lia-est-elle-utilisee-dans-la-recherche-demploi-et-le-recrutement\/\">Lire l\u2019article<\/a>\n\n<\/li><li class=\"wp-block-post post-75190 news type-news status-publish has-post-thumbnail hentry news-category-numerisation global-category-ia-et-formation-continue\">\n<figure class=\"wp-block-post-featured-image\"><a href=\"https:\/\/alice.ch\/fr\/news\/lia-est-principalement-utilisee-pour-la-redaction-la-recherche-et-la-traduction\/\" target=\"_self\"  ><img decoding=\"async\" width=\"1200\" height=\"627\" src=\"https:\/\/alice.ch\/app\/uploads\/2026\/04\/vitaly-gariev-UF9tYtRze5E-unsplash1.jpg\" class=\"attachment-post-thumbnail size-post-thumbnail wp-post-image\" alt=\"L\u2019IA est principalement utilis\u00e9e pour la r\u00e9daction, la recherche et la traduction\u00a0\" style=\"object-fit:cover;\" srcset=\"https:\/\/alice.ch\/app\/uploads\/2026\/04\/vitaly-gariev-UF9tYtRze5E-unsplash1.jpg 1200w, https:\/\/alice.ch\/app\/uploads\/2026\/04\/vitaly-gariev-UF9tYtRze5E-unsplash1-300x157.jpg 300w, https:\/\/alice.ch\/app\/uploads\/2026\/04\/vitaly-gariev-UF9tYtRze5E-unsplash1-1024x535.jpg 1024w, https:\/\/alice.ch\/app\/uploads\/2026\/04\/vitaly-gariev-UF9tYtRze5E-unsplash1-768x401.jpg 768w\" sizes=\"(max-width: 1200px) 100vw, 1200px\" \/><\/a><\/figure>\n\n\n<div class=\"wp-block-news-category\">Num\u00e9risation<\/div>\n\n\n<div class=\"wp-block-post-date\"><time datetime=\"2026-04-10T11:08:05+02:00\">10. avril 2026<\/time><\/div>\n\n<h3 class=\"wp-block-post-title\"><a href=\"https:\/\/alice.ch\/fr\/news\/lia-est-principalement-utilisee-pour-la-redaction-la-recherche-et-la-traduction\/\" target=\"_self\" >L\u2019IA est principalement utilis\u00e9e pour la r\u00e9daction, la recherche et la traduction\u00a0<\/a><\/h3>\n\n<a class=\"wp-block-query-loop-link is-style-minimal\" href=\"https:\/\/alice.ch\/fr\/news\/lia-est-principalement-utilisee-pour-la-redaction-la-recherche-et-la-traduction\/\">Lire l\u2019article<\/a>\n\n<\/li><li class=\"wp-block-post post-74232 news type-news status-publish has-post-thumbnail hentry news-category-numerisation global-category-digitalisierung-fr global-category-ia-et-formation-continue\">\n<figure class=\"wp-block-post-featured-image\"><a href=\"https:\/\/alice.ch\/fr\/news\/utilisation-de-lia-dans-les-entreprises-des-attentes-elevees-mais-pour-linstant-peu-deffets\/\" target=\"_self\"  ><img decoding=\"async\" width=\"1200\" height=\"627\" src=\"https:\/\/alice.ch\/app\/uploads\/2026\/02\/tecnic-bioprocess-solutions-EyRIpXtcCEU-unsplash111.jpg\" class=\"attachment-post-thumbnail size-post-thumbnail wp-post-image\" alt=\"Utilisation de l&rsquo;IA dans les entreprises: des attentes \u00e9lev\u00e9es, mais (pour l&rsquo;instant) peu d&rsquo;effets\" style=\"object-fit:cover;\" srcset=\"https:\/\/alice.ch\/app\/uploads\/2026\/02\/tecnic-bioprocess-solutions-EyRIpXtcCEU-unsplash111.jpg 1200w, https:\/\/alice.ch\/app\/uploads\/2026\/02\/tecnic-bioprocess-solutions-EyRIpXtcCEU-unsplash111-300x157.jpg 300w, https:\/\/alice.ch\/app\/uploads\/2026\/02\/tecnic-bioprocess-solutions-EyRIpXtcCEU-unsplash111-1024x535.jpg 1024w, https:\/\/alice.ch\/app\/uploads\/2026\/02\/tecnic-bioprocess-solutions-EyRIpXtcCEU-unsplash111-768x401.jpg 768w\" sizes=\"(max-width: 1200px) 100vw, 1200px\" \/><\/a><\/figure>\n\n\n<div class=\"wp-block-news-category\">Num\u00e9risation<\/div>\n\n\n<div class=\"wp-block-post-date\"><time datetime=\"2026-03-09T10:32:41+01:00\">9. mars 2026<\/time><\/div>\n\n<h3 class=\"wp-block-post-title\"><a href=\"https:\/\/alice.ch\/fr\/news\/utilisation-de-lia-dans-les-entreprises-des-attentes-elevees-mais-pour-linstant-peu-deffets\/\" target=\"_self\" >Utilisation de l&rsquo;IA dans les entreprises: des attentes \u00e9lev\u00e9es, mais (pour l&rsquo;instant) peu d&rsquo;effets<\/a><\/h3>\n\n<a class=\"wp-block-query-loop-link is-style-minimal\" href=\"https:\/\/alice.ch\/fr\/news\/utilisation-de-lia-dans-les-entreprises-des-attentes-elevees-mais-pour-linstant-peu-deffets\/\">Lire l\u2019article<\/a>\n\n<\/li><li class=\"wp-block-post post-73853 news type-news status-publish has-post-thumbnail hentry news-category-numerisation global-category-ia-et-formation-continue\">\n<figure class=\"wp-block-post-featured-image\"><a href=\"https:\/\/alice.ch\/fr\/news\/etude-une-utilisation-intensive-de-lia-reduit-la-capacite-de-reflexion-critique\/\" target=\"_self\"  ><img decoding=\"async\" width=\"1200\" height=\"627\" src=\"https:\/\/alice.ch\/app\/uploads\/2026\/02\/bruce-mars-xj8qrWvuOEs-unsplash1.jpg\" class=\"attachment-post-thumbnail size-post-thumbnail wp-post-image\" alt=\"\u00c9tude: Une utilisation intensive de l&rsquo;IA r\u00e9duit la capacit\u00e9 de r\u00e9flexion critique\" style=\"object-fit:cover;\" srcset=\"https:\/\/alice.ch\/app\/uploads\/2026\/02\/bruce-mars-xj8qrWvuOEs-unsplash1.jpg 1200w, https:\/\/alice.ch\/app\/uploads\/2026\/02\/bruce-mars-xj8qrWvuOEs-unsplash1-300x157.jpg 300w, https:\/\/alice.ch\/app\/uploads\/2026\/02\/bruce-mars-xj8qrWvuOEs-unsplash1-1024x535.jpg 1024w, https:\/\/alice.ch\/app\/uploads\/2026\/02\/bruce-mars-xj8qrWvuOEs-unsplash1-768x401.jpg 768w\" sizes=\"(max-width: 1200px) 100vw, 1200px\" \/><\/a><\/figure>\n\n\n<div class=\"wp-block-news-category\">Num\u00e9risation<\/div>\n\n\n<div class=\"wp-block-post-date\"><time datetime=\"2026-02-17T11:55:26+01:00\">17. f\u00e9vrier 2026<\/time><\/div>\n\n<h3 class=\"wp-block-post-title\"><a href=\"https:\/\/alice.ch\/fr\/news\/etude-une-utilisation-intensive-de-lia-reduit-la-capacite-de-reflexion-critique\/\" target=\"_self\" >\u00c9tude: Une utilisation intensive de l&rsquo;IA r\u00e9duit la capacit\u00e9 de r\u00e9flexion critique<\/a><\/h3>\n\n<a class=\"wp-block-query-loop-link is-style-minimal\" href=\"https:\/\/alice.ch\/fr\/news\/etude-une-utilisation-intensive-de-lia-reduit-la-capacite-de-reflexion-critique\/\">Lire l\u2019article<\/a>\n\n<\/li><li class=\"wp-block-post post-72971 news type-news status-publish has-post-thumbnail hentry news-category-numerisation global-category-ia-et-formation-continue\">\n<figure class=\"wp-block-post-featured-image\"><a href=\"https:\/\/alice.ch\/fr\/news\/transmettre-des-competences-en-ia-9-conseils-concrets\/\" target=\"_self\"  ><img decoding=\"async\" width=\"1200\" height=\"627\" src=\"https:\/\/alice.ch\/app\/uploads\/2026\/01\/walls-io-cNGvcAvxHAo-unsplash1.jpg\" class=\"attachment-post-thumbnail size-post-thumbnail wp-post-image\" alt=\"Transmettre des comp\u00e9tences en IA: 9 conseils concrets\u00a0\" style=\"object-fit:cover;\" srcset=\"https:\/\/alice.ch\/app\/uploads\/2026\/01\/walls-io-cNGvcAvxHAo-unsplash1.jpg 1200w, https:\/\/alice.ch\/app\/uploads\/2026\/01\/walls-io-cNGvcAvxHAo-unsplash1-300x157.jpg 300w, https:\/\/alice.ch\/app\/uploads\/2026\/01\/walls-io-cNGvcAvxHAo-unsplash1-1024x535.jpg 1024w, https:\/\/alice.ch\/app\/uploads\/2026\/01\/walls-io-cNGvcAvxHAo-unsplash1-768x401.jpg 768w\" sizes=\"(max-width: 1200px) 100vw, 1200px\" \/><\/a><\/figure>\n\n\n<div class=\"wp-block-news-category\">Num\u00e9risation<\/div>\n\n\n<div class=\"wp-block-post-date\"><time datetime=\"2026-01-08T08:31:58+01:00\">8. janvier 2026<\/time><\/div>\n\n<h3 class=\"wp-block-post-title\"><a href=\"https:\/\/alice.ch\/fr\/news\/transmettre-des-competences-en-ia-9-conseils-concrets\/\" target=\"_self\" >Transmettre des comp\u00e9tences en IA: 9 conseils concrets\u00a0<\/a><\/h3>\n\n<a class=\"wp-block-query-loop-link is-style-minimal\" href=\"https:\/\/alice.ch\/fr\/news\/transmettre-des-competences-en-ia-9-conseils-concrets\/\">Lire l\u2019article<\/a>\n\n<\/li><li class=\"wp-block-post post-72511 news type-news status-publish has-post-thumbnail hentry news-category-numerisation global-category-ia-et-formation-continue\">\n<figure class=\"wp-block-post-featured-image\"><a href=\"https:\/\/alice.ch\/fr\/news\/lia-dans-la-formation-continue-une-augmentation-de-lefficacite-seulement-conditionnelle\/\" target=\"_self\"  ><img decoding=\"async\" width=\"1200\" height=\"627\" src=\"https:\/\/alice.ch\/app\/uploads\/2025\/12\/getty-images-X4N1yp1aJ6U-unsplash1.jpg\" class=\"attachment-post-thumbnail size-post-thumbnail wp-post-image\" alt=\"L\u2019IA dans la formation continue: une augmentation de l\u2019efficacit\u00e9 seulement conditionnelle\" style=\"object-fit:cover;\" srcset=\"https:\/\/alice.ch\/app\/uploads\/2025\/12\/getty-images-X4N1yp1aJ6U-unsplash1.jpg 1200w, https:\/\/alice.ch\/app\/uploads\/2025\/12\/getty-images-X4N1yp1aJ6U-unsplash1-300x157.jpg 300w, https:\/\/alice.ch\/app\/uploads\/2025\/12\/getty-images-X4N1yp1aJ6U-unsplash1-1024x535.jpg 1024w, https:\/\/alice.ch\/app\/uploads\/2025\/12\/getty-images-X4N1yp1aJ6U-unsplash1-768x401.jpg 768w\" sizes=\"(max-width: 1200px) 100vw, 1200px\" \/><\/a><\/figure>\n\n\n<div class=\"wp-block-news-category\">Num\u00e9risation<\/div>\n\n\n<div class=\"wp-block-post-date\"><time datetime=\"2025-12-16T16:25:58+01:00\">16. d\u00e9cembre 2025<\/time><\/div>\n\n<h3 class=\"wp-block-post-title\"><a href=\"https:\/\/alice.ch\/fr\/news\/lia-dans-la-formation-continue-une-augmentation-de-lefficacite-seulement-conditionnelle\/\" target=\"_self\" >L\u2019IA dans la formation continue: une augmentation de l\u2019efficacit\u00e9 seulement conditionnelle<\/a><\/h3>\n\n<a class=\"wp-block-query-loop-link is-style-minimal\" href=\"https:\/\/alice.ch\/fr\/news\/lia-dans-la-formation-continue-une-augmentation-de-lefficacite-seulement-conditionnelle\/\">Lire l\u2019article<\/a>\n\n<\/li><li class=\"wp-block-post post-71623 news type-news status-publish has-post-thumbnail hentry news-category-numerisation global-category-ia-et-formation-continue\">\n<figure class=\"wp-block-post-featured-image\"><a href=\"https:\/\/alice.ch\/fr\/news\/un-avatar-ia-comme-interlocuteur-je-nai-jamais-vu-une-participation-verbale-aussi-elevee\/\" target=\"_self\"  ><img decoding=\"async\" width=\"1200\" height=\"627\" src=\"https:\/\/alice.ch\/app\/uploads\/2025\/10\/avatar.jpg\" class=\"attachment-post-thumbnail size-post-thumbnail wp-post-image\" alt=\"Un avatar IA comme interlocuteur: \u00abJe n&rsquo;ai jamais vu une participation verbale aussi \u00e9lev\u00e9e\u00bb\" style=\"object-fit:cover;\" srcset=\"https:\/\/alice.ch\/app\/uploads\/2025\/10\/avatar.jpg 1200w, https:\/\/alice.ch\/app\/uploads\/2025\/10\/avatar-300x157.jpg 300w, https:\/\/alice.ch\/app\/uploads\/2025\/10\/avatar-1024x535.jpg 1024w, https:\/\/alice.ch\/app\/uploads\/2025\/10\/avatar-768x401.jpg 768w\" sizes=\"(max-width: 1200px) 100vw, 1200px\" \/><\/a><\/figure>\n\n\n<div class=\"wp-block-news-category\">Num\u00e9risation<\/div>\n\n\n<div class=\"wp-block-post-date\"><time datetime=\"2025-10-29T08:30:33+01:00\">29. octobre 2025<\/time><\/div>\n\n<h3 class=\"wp-block-post-title\"><a href=\"https:\/\/alice.ch\/fr\/news\/un-avatar-ia-comme-interlocuteur-je-nai-jamais-vu-une-participation-verbale-aussi-elevee\/\" target=\"_self\" >Un avatar IA comme interlocuteur: \u00abJe n&rsquo;ai jamais vu une participation verbale aussi \u00e9lev\u00e9e\u00bb<\/a><\/h3>\n\n<a class=\"wp-block-query-loop-link is-style-minimal\" href=\"https:\/\/alice.ch\/fr\/news\/un-avatar-ia-comme-interlocuteur-je-nai-jamais-vu-une-participation-verbale-aussi-elevee\/\">Lire l\u2019article<\/a>\n\n<\/li><li class=\"wp-block-post post-70561 news type-news status-publish has-post-thumbnail hentry news-category-fsea global-category-ia-et-formation-continue\">\n<figure class=\"wp-block-post-featured-image\"><a href=\"https:\/\/alice.ch\/fr\/news\/la-fsea-lance-un-hackathon-sur-le-theme-de-lia-dans-la-formation-continue\/\" target=\"_self\"  ><img decoding=\"async\" width=\"1200\" height=\"627\" src=\"https:\/\/alice.ch\/app\/uploads\/2025\/09\/diana-light-ytlNYLcmevM-unsplash-11.jpg\" class=\"attachment-post-thumbnail size-post-thumbnail wp-post-image\" alt=\"La FSEA lance un hackathon sur le th\u00e8me de l&rsquo;IA dans la formation continue\" style=\"object-fit:cover;\" srcset=\"https:\/\/alice.ch\/app\/uploads\/2025\/09\/diana-light-ytlNYLcmevM-unsplash-11.jpg 1200w, https:\/\/alice.ch\/app\/uploads\/2025\/09\/diana-light-ytlNYLcmevM-unsplash-11-300x157.jpg 300w, https:\/\/alice.ch\/app\/uploads\/2025\/09\/diana-light-ytlNYLcmevM-unsplash-11-1024x535.jpg 1024w, https:\/\/alice.ch\/app\/uploads\/2025\/09\/diana-light-ytlNYLcmevM-unsplash-11-768x401.jpg 768w\" sizes=\"(max-width: 1200px) 100vw, 1200px\" \/><\/a><\/figure>\n\n\n<div class=\"wp-block-news-category\">FSEA<\/div>\n\n\n<div class=\"wp-block-post-date\"><time datetime=\"2025-09-23T16:16:12+02:00\">23. septembre 2025<\/time><\/div>\n\n<h3 class=\"wp-block-post-title\"><a href=\"https:\/\/alice.ch\/fr\/news\/la-fsea-lance-un-hackathon-sur-le-theme-de-lia-dans-la-formation-continue\/\" target=\"_self\" >La FSEA lance un hackathon sur le th\u00e8me de l&rsquo;IA dans la formation continue<\/a><\/h3>\n\n<a class=\"wp-block-query-loop-link is-style-minimal\" href=\"https:\/\/alice.ch\/fr\/news\/la-fsea-lance-un-hackathon-sur-le-theme-de-lia-dans-la-formation-continue\/\">Lire l\u2019article<\/a>\n\n<\/li><li class=\"wp-block-post post-68809 news type-news status-publish has-post-thumbnail hentry news-category-numerisation global-category-ia-et-formation-continue\">\n<figure class=\"wp-block-post-featured-image\"><a href=\"https:\/\/alice.ch\/fr\/news\/lia-conduit-a-lautonomisation-de-nombreux-apprenants\/\" target=\"_self\"  ><img decoding=\"async\" width=\"1200\" height=\"627\" src=\"https:\/\/alice.ch\/app\/uploads\/2025\/06\/getty-images-XG2md12dAAA-unsplash1.jpg\" class=\"attachment-post-thumbnail size-post-thumbnail wp-post-image\" alt=\"\u00abL&rsquo;IA conduit \u00e0 l&rsquo;autonomisation de nombreux apprenants\u00bb\u00a0\" style=\"object-fit:cover;\" srcset=\"https:\/\/alice.ch\/app\/uploads\/2025\/06\/getty-images-XG2md12dAAA-unsplash1.jpg 1200w, https:\/\/alice.ch\/app\/uploads\/2025\/06\/getty-images-XG2md12dAAA-unsplash1-300x157.jpg 300w, https:\/\/alice.ch\/app\/uploads\/2025\/06\/getty-images-XG2md12dAAA-unsplash1-1024x535.jpg 1024w, https:\/\/alice.ch\/app\/uploads\/2025\/06\/getty-images-XG2md12dAAA-unsplash1-768x401.jpg 768w\" sizes=\"(max-width: 1200px) 100vw, 1200px\" \/><\/a><\/figure>\n\n\n<div class=\"wp-block-news-category\">Num\u00e9risation<\/div>\n\n\n<div class=\"wp-block-post-date\"><time datetime=\"2025-06-06T10:04:08+02:00\">6. juin 2025<\/time><\/div>\n\n<h3 class=\"wp-block-post-title\"><a href=\"https:\/\/alice.ch\/fr\/news\/lia-conduit-a-lautonomisation-de-nombreux-apprenants\/\" target=\"_self\" >\u00abL&rsquo;IA conduit \u00e0 l&rsquo;autonomisation de nombreux apprenants\u00bb\u00a0<\/a><\/h3>\n\n<a class=\"wp-block-query-loop-link is-style-minimal\" href=\"https:\/\/alice.ch\/fr\/news\/lia-conduit-a-lautonomisation-de-nombreux-apprenants\/\">Lire l\u2019article<\/a>\n\n<\/li><li class=\"wp-block-post post-67343 news type-news status-publish has-post-thumbnail hentry news-category-numerisation global-category-ia-et-formation-continue\">\n<figure class=\"wp-block-post-featured-image\"><a href=\"https:\/\/alice.ch\/fr\/news\/ia-le-secteur-de-leducation-est-un-secteur-a-haut-risque\/\" target=\"_self\"  ><img decoding=\"async\" width=\"1200\" height=\"627\" src=\"https:\/\/alice.ch\/app\/uploads\/2025\/02\/Insa-Reichow_DFKI.JPG.jpg\" class=\"attachment-post-thumbnail size-post-thumbnail wp-post-image\" alt=\"IA: le secteur de l&rsquo;\u00e9ducation est un secteur \u00e0 haut risque\" style=\"object-fit:cover;\" srcset=\"https:\/\/alice.ch\/app\/uploads\/2025\/02\/Insa-Reichow_DFKI.JPG.jpg 1200w, https:\/\/alice.ch\/app\/uploads\/2025\/02\/Insa-Reichow_DFKI.JPG-300x157.jpg 300w, https:\/\/alice.ch\/app\/uploads\/2025\/02\/Insa-Reichow_DFKI.JPG-1024x535.jpg 1024w, https:\/\/alice.ch\/app\/uploads\/2025\/02\/Insa-Reichow_DFKI.JPG-768x401.jpg 768w\" sizes=\"(max-width: 1200px) 100vw, 1200px\" \/><\/a><\/figure>\n\n\n<div class=\"wp-block-news-category\">Num\u00e9risation<\/div>\n\n\n<div class=\"wp-block-post-date\"><time datetime=\"2025-04-07T09:08:52+02:00\">7. avril 2025<\/time><\/div>\n\n<h3 class=\"wp-block-post-title\"><a href=\"https:\/\/alice.ch\/fr\/news\/ia-le-secteur-de-leducation-est-un-secteur-a-haut-risque\/\" target=\"_self\" >IA: le secteur de l&rsquo;\u00e9ducation est un secteur \u00e0 haut risque<\/a><\/h3>\n\n<a class=\"wp-block-query-loop-link is-style-minimal\" href=\"https:\/\/alice.ch\/fr\/news\/ia-le-secteur-de-leducation-est-un-secteur-a-haut-risque\/\">Lire l\u2019article<\/a>\n\n<\/li><li class=\"wp-block-post post-66835 news type-news status-publish has-post-thumbnail hentry news-category-numerisation global-category-ai4al-fr global-category-digitalisierung-fr global-category-ia-et-formation-continue global-category-movetia-fr global-category-projet-ue\">\n<figure class=\"wp-block-post-featured-image\"><a href=\"https:\/\/alice.ch\/fr\/news\/ia-et-formation-dadultes-du-matching-tool-jusquau-parcours-dauto-apprentissage\/\" target=\"_self\"  ><img decoding=\"async\" width=\"1200\" height=\"627\" src=\"https:\/\/alice.ch\/app\/uploads\/2025\/03\/getty-images-2tvIOkuNSAA-unsplash1.jpg\" class=\"attachment-post-thumbnail size-post-thumbnail wp-post-image\" alt=\"IA et formation d\u2019adultes: du Matching Tool jusqu\u2019au parcours d\u2019auto-apprentissage\" style=\"object-fit:cover;\" srcset=\"https:\/\/alice.ch\/app\/uploads\/2025\/03\/getty-images-2tvIOkuNSAA-unsplash1.jpg 1200w, https:\/\/alice.ch\/app\/uploads\/2025\/03\/getty-images-2tvIOkuNSAA-unsplash1-300x157.jpg 300w, https:\/\/alice.ch\/app\/uploads\/2025\/03\/getty-images-2tvIOkuNSAA-unsplash1-1024x535.jpg 1024w, https:\/\/alice.ch\/app\/uploads\/2025\/03\/getty-images-2tvIOkuNSAA-unsplash1-768x401.jpg 768w\" sizes=\"(max-width: 1200px) 100vw, 1200px\" \/><\/a><\/figure>\n\n\n<div class=\"wp-block-news-category\">Num\u00e9risation<\/div>\n\n\n<div class=\"wp-block-post-date\"><time datetime=\"2025-03-20T09:30:38+01:00\">20. mars 2025<\/time><\/div>\n\n<h3 class=\"wp-block-post-title\"><a href=\"https:\/\/alice.ch\/fr\/news\/ia-et-formation-dadultes-du-matching-tool-jusquau-parcours-dauto-apprentissage\/\" target=\"_self\" >IA et formation d\u2019adultes: du Matching Tool jusqu\u2019au parcours d\u2019auto-apprentissage<\/a><\/h3>\n\n<a class=\"wp-block-query-loop-link is-style-minimal\" href=\"https:\/\/alice.ch\/fr\/news\/ia-et-formation-dadultes-du-matching-tool-jusquau-parcours-dauto-apprentissage\/\">Lire l\u2019article<\/a>\n\n<\/li><li class=\"wp-block-post post-66937 news type-news status-publish has-post-thumbnail hentry news-category-numerisation global-category-forschung-fr global-category-ia-et-formation-continue\">\n<figure class=\"wp-block-post-featured-image\"><a href=\"https:\/\/alice.ch\/fr\/news\/etude-iap-les-competences-liees-a-lia-sacquierent-principalement-sur-le-tas\/\" target=\"_self\"  ><img decoding=\"async\" width=\"1200\" height=\"627\" src=\"https:\/\/alice.ch\/app\/uploads\/2025\/03\/toa-heftiba-5tuP7XhOiaQ-unsplash1.jpg\" class=\"attachment-post-thumbnail size-post-thumbnail wp-post-image\" alt=\"\u00c9tude IAP: les comp\u00e9tences li\u00e9es \u00e0 l\u2019IA s\u2019acqui\u00e8rent principalement sur le tas\" style=\"object-fit:cover;\" srcset=\"https:\/\/alice.ch\/app\/uploads\/2025\/03\/toa-heftiba-5tuP7XhOiaQ-unsplash1.jpg 1200w, https:\/\/alice.ch\/app\/uploads\/2025\/03\/toa-heftiba-5tuP7XhOiaQ-unsplash1-300x157.jpg 300w, https:\/\/alice.ch\/app\/uploads\/2025\/03\/toa-heftiba-5tuP7XhOiaQ-unsplash1-1024x535.jpg 1024w, https:\/\/alice.ch\/app\/uploads\/2025\/03\/toa-heftiba-5tuP7XhOiaQ-unsplash1-768x401.jpg 768w\" sizes=\"(max-width: 1200px) 100vw, 1200px\" \/><\/a><\/figure>\n\n\n<div class=\"wp-block-news-category\">Num\u00e9risation<\/div>\n\n\n<div class=\"wp-block-post-date\"><time datetime=\"2025-03-17T09:02:54+01:00\">17. mars 2025<\/time><\/div>\n\n<h3 class=\"wp-block-post-title\"><a href=\"https:\/\/alice.ch\/fr\/news\/etude-iap-les-competences-liees-a-lia-sacquierent-principalement-sur-le-tas\/\" target=\"_self\" >\u00c9tude IAP: les comp\u00e9tences li\u00e9es \u00e0 l\u2019IA s\u2019acqui\u00e8rent principalement sur le tas<\/a><\/h3>\n\n<a class=\"wp-block-query-loop-link is-style-minimal\" href=\"https:\/\/alice.ch\/fr\/news\/etude-iap-les-competences-liees-a-lia-sacquierent-principalement-sur-le-tas\/\">Lire l\u2019article<\/a>\n\n<\/li><\/ul>\n\n\n\n<nav class=\"wp-block-query-pagination is-layout-flex wp-block-query-pagination-is-layout-flex\" aria-label=\"Pagination\">\n\n\n<div class=\"wp-block-query-pagination-numbers\"><span aria-current=\"page\" class=\"page-numbers current\">1<\/span>\n<a class=\"page-numbers\" href=\"?query-0-page=2\">2<\/a><\/div>\n\n<a href=\"\/fr\/wp-json\/wp\/v2\/pages\/64943?query-0-page=2\" class=\"wp-block-query-pagination-next\">Page suivante<\/a>\n<\/nav><\/div>\n\n\n\n<h2 class=\"wp-block-heading\">Projets sur le th\u00e8me<\/h2>\n\n\n<div class=\"is-layout-flow wp-block-group is-style-three-cols-articles is-style-mobile-slider\">\n\n   \n       \n\t   <div class=\"wp-block-media-text alignwide is-stacked-on-mobile is-image-fill is-style-stacked\" style=\"grid-template-columns:85% auto\"><figure class=\"wp-block-media-text__media\" style=\"background-image:url('https:\/\/alice.ch\/app\/uploads\/2026\/01\/voices-logo-no-background-.png');background-position:50% 50%\"><a href=\"https:\/\/alice.ch\/fr\/project\/voices-voices-of-immigrants-creating-empathy-social-cohesion\/\"><img decoding=\"async\" width=\"500\" height=\"500\" src=\"https:\/\/alice.ch\/app\/uploads\/2026\/01\/voices-logo-no-background-.png\" class=\"attachment-post-thumbnail size-post-thumbnail wp-post-image\" alt=\"\" srcset=\"https:\/\/alice.ch\/app\/uploads\/2026\/01\/voices-logo-no-background-.png 500w, https:\/\/alice.ch\/app\/uploads\/2026\/01\/voices-logo-no-background--300x300.png 300w, https:\/\/alice.ch\/app\/uploads\/2026\/01\/voices-logo-no-background--150x150.png 150w\" sizes=\"(max-width: 500px) 100vw, 500px\" \/><\/a><\/figure><div class=\"wp-block-news-category posttype-project\">Projekt<\/div><div class=\"wp-block-media-text__content\"><h3><a href=\"https:\/\/alice.ch\/fr\/project\/voices-voices-of-immigrants-creating-empathy-social-cohesion\/\">VOICES \u2013 Voices of Immigrants creating Empathy &amp; Social Cohesion<\/a><\/h3><div class=\"is-layout-flex wp-block-buttons\"><div class=\"wp-block-button is-style-minimal\"><a class=\"wp-block-button__link wp-element-button\" href=\"https:\/\/alice.ch\/fr\/project\/voices-voices-of-immigrants-creating-empathy-social-cohesion\/\">en savoir plus<\/a><\/div><\/div><\/div><\/div>\n\n   \n       \n\t   <div class=\"wp-block-media-text alignwide is-stacked-on-mobile is-image-fill is-style-stacked\" style=\"grid-template-columns:85% auto\"><figure class=\"wp-block-media-text__media\" style=\"background-image:url('https:\/\/alice.ch\/app\/uploads\/2025\/07\/digitalli-project-logo.png');background-position:50% 50%\"><a href=\"https:\/\/alice.ch\/fr\/project\/digitalli-digital-strategies-for-lifelong-learning-institutions\/\"><img decoding=\"async\" width=\"930\" height=\"535\" src=\"https:\/\/alice.ch\/app\/uploads\/2025\/07\/digitalli-project-logo.png\" class=\"attachment-post-thumbnail size-post-thumbnail wp-post-image\" alt=\"\" srcset=\"https:\/\/alice.ch\/app\/uploads\/2025\/07\/digitalli-project-logo.png 930w, https:\/\/alice.ch\/app\/uploads\/2025\/07\/digitalli-project-logo-300x173.png 300w, https:\/\/alice.ch\/app\/uploads\/2025\/07\/digitalli-project-logo-768x442.png 768w\" sizes=\"(max-width: 930px) 100vw, 930px\" \/><\/a><\/figure><div class=\"wp-block-news-category posttype-project\">Projekt<\/div><div class=\"wp-block-media-text__content\"><h3><a href=\"https:\/\/alice.ch\/fr\/project\/digitalli-digital-strategies-for-lifelong-learning-institutions\/\">DIGITALLI &#8211; Digital Strategies for Lifelong Learning Institutions<\/a><\/h3><div class=\"is-layout-flex wp-block-buttons\"><div class=\"wp-block-button is-style-minimal\"><a class=\"wp-block-button__link wp-element-button\" href=\"https:\/\/alice.ch\/fr\/project\/digitalli-digital-strategies-for-lifelong-learning-institutions\/\">en savoir plus<\/a><\/div><\/div><\/div><\/div>\n\n   \n       \n\t   <div class=\"wp-block-media-text alignwide is-stacked-on-mobile is-image-fill is-style-stacked\" style=\"grid-template-columns:85% auto\"><figure class=\"wp-block-media-text__media\" style=\"background-image:url('https:\/\/alice.ch\/app\/uploads\/2025\/06\/ETHLAE_main_logo_vector.svg');background-position:50% 50%\"><a href=\"https:\/\/alice.ch\/fr\/project\/ethlae-emerging-technology-for-holistic-literacy-in-adult-education\/\"><img decoding=\"async\" width=\"1\" height=\"1\" src=\"https:\/\/alice.ch\/app\/uploads\/2025\/06\/ETHLAE_main_logo_vector.svg\" class=\"attachment-post-thumbnail size-post-thumbnail wp-post-image\" alt=\"\" \/><\/a><\/figure><div class=\"wp-block-news-category posttype-project\">Projekt<\/div><div class=\"wp-block-media-text__content\"><h3><a href=\"https:\/\/alice.ch\/fr\/project\/ethlae-emerging-technology-for-holistic-literacy-in-adult-education\/\">ETHLAE \u2013 Emerging Technology for Holistic Literacy in Adult Education<\/a><\/h3><div class=\"is-layout-flex wp-block-buttons\"><div class=\"wp-block-button is-style-minimal\"><a class=\"wp-block-button__link wp-element-button\" href=\"https:\/\/alice.ch\/fr\/project\/ethlae-emerging-technology-for-holistic-literacy-in-adult-education\/\">en savoir plus<\/a><\/div><\/div><\/div><\/div>\n\n   \n       \n\t   <div class=\"wp-block-media-text alignwide is-stacked-on-mobile is-image-fill is-style-stacked\" style=\"grid-template-columns:85% auto\"><figure class=\"wp-block-media-text__media\" style=\"background-image:url('https:\/\/alice.ch\/app\/uploads\/2023\/05\/logo-AI4AL-1024x535.png');background-position:50% 50%\"><a href=\"https:\/\/alice.ch\/fr\/project\/ai4al-artificial-intelligence-4-adult-learning\/\"><img decoding=\"async\" width=\"1200\" height=\"627\" src=\"https:\/\/alice.ch\/app\/uploads\/2023\/05\/logo-AI4AL.png\" class=\"attachment-post-thumbnail size-post-thumbnail wp-post-image\" alt=\"\" srcset=\"https:\/\/alice.ch\/app\/uploads\/2023\/05\/logo-AI4AL.png 1200w, https:\/\/alice.ch\/app\/uploads\/2023\/05\/logo-AI4AL-300x157.png 300w, https:\/\/alice.ch\/app\/uploads\/2023\/05\/logo-AI4AL-1024x535.png 1024w, https:\/\/alice.ch\/app\/uploads\/2023\/05\/logo-AI4AL-768x401.png 768w\" sizes=\"(max-width: 1200px) 100vw, 1200px\" \/><\/a><\/figure><div class=\"wp-block-news-category posttype-project\">Projekt<\/div><div class=\"wp-block-media-text__content\"><h3><a href=\"https:\/\/alice.ch\/fr\/project\/ai4al-artificial-intelligence-4-adult-learning\/\">AI4AL (Artificial Intelligence 4 Adult Learning)<\/a><\/h3><div class=\"is-layout-flex wp-block-buttons\"><div class=\"wp-block-button is-style-minimal\"><a class=\"wp-block-button__link wp-element-button\" href=\"https:\/\/alice.ch\/fr\/project\/ai4al-artificial-intelligence-4-adult-learning\/\">en savoir plus<\/a><\/div><\/div><\/div><\/div>\n\n   \n       \n\t   <div class=\"wp-block-media-text alignwide is-stacked-on-mobile is-image-fill is-style-stacked\" style=\"grid-template-columns:85% auto\"><figure class=\"wp-block-media-text__media\" style=\"background-image:url('https:\/\/alice.ch\/app\/uploads\/2023\/02\/logo_xrwomen-1024x536.jpg');background-position:50% 50%\"><a href=\"https:\/\/alice.ch\/fr\/project\/xr-women\/\"><img decoding=\"async\" width=\"1698\" height=\"888\" src=\"https:\/\/alice.ch\/app\/uploads\/2023\/02\/logo_xrwomen.jpg\" class=\"attachment-post-thumbnail size-post-thumbnail wp-post-image\" alt=\"\" srcset=\"https:\/\/alice.ch\/app\/uploads\/2023\/02\/logo_xrwomen.jpg 1698w, https:\/\/alice.ch\/app\/uploads\/2023\/02\/logo_xrwomen-300x157.jpg 300w, https:\/\/alice.ch\/app\/uploads\/2023\/02\/logo_xrwomen-1024x536.jpg 1024w, https:\/\/alice.ch\/app\/uploads\/2023\/02\/logo_xrwomen-768x402.jpg 768w, https:\/\/alice.ch\/app\/uploads\/2023\/02\/logo_xrwomen-1536x803.jpg 1536w\" sizes=\"(max-width: 1698px) 100vw, 1698px\" \/><\/a><\/figure><div class=\"wp-block-news-category posttype-project\">Projekt<\/div><div class=\"wp-block-media-text__content\"><h3><a href=\"https:\/\/alice.ch\/fr\/project\/xr-women\/\">XR Women<\/a><\/h3><div class=\"is-layout-flex wp-block-buttons\"><div class=\"wp-block-button is-style-minimal\"><a class=\"wp-block-button__link wp-element-button\" href=\"https:\/\/alice.ch\/fr\/project\/xr-women\/\">en savoir plus<\/a><\/div><\/div><\/div><\/div>\n\n   \n<\/div>\n\n\n<h2 class=\"wp-block-heading\">Publications<\/h2>\n\n\n\n<div class=\"wp-block-group is-style-reduced-width is-layout-constrained wp-block-group-is-layout-constrained\">\n\t\n\t<div class=\"publication-item\">\n\t\t<div class=\"image\">\n\t\t\t<img decoding=\"async\" width=\"1810\" height=\"2560\" src=\"https:\/\/alice.ch\/app\/uploads\/2025\/01\/focus-formation-continue-2024-cover-scaled.jpeg\" class=\"attachment-post-thumbnail size-post-thumbnail wp-post-image\" alt=\"\" srcset=\"https:\/\/alice.ch\/app\/uploads\/2025\/01\/focus-formation-continue-2024-cover-scaled.jpeg 1810w, https:\/\/alice.ch\/app\/uploads\/2025\/01\/focus-formation-continue-2024-cover-212x300.jpeg 212w, https:\/\/alice.ch\/app\/uploads\/2025\/01\/focus-formation-continue-2024-cover-724x1024.jpeg 724w, https:\/\/alice.ch\/app\/uploads\/2025\/01\/focus-formation-continue-2024-cover-768x1086.jpeg 768w, https:\/\/alice.ch\/app\/uploads\/2025\/01\/focus-formation-continue-2024-cover-1086x1536.jpeg 1086w, https:\/\/alice.ch\/app\/uploads\/2025\/01\/focus-formation-continue-2024-cover-1448x2048.jpeg 1448w\" sizes=\"(max-width: 1810px) 100vw, 1810px\" \/>\t\t<\/div>\n\n\t\t<div class=\"content\">\n\t\t\t<h3>FOCUS Formation continue: Utilisation de l\u2019IA dans les organisations de formation continue suisses<\/h3>\n\t\t\t<div class=\"description\"><p><span class=\"TextRun SCXW71826174 BCX8\" lang=\"FR-FR\" xml:lang=\"FR-FR\" data-contrast=\"auto\"><span class=\"NormalTextRun SCXW71826174 BCX8\">Le th\u00e8me principal de cette \u00e9dition de FOCUS Formation continue <\/span><span class=\"NormalTextRun SCXW71826174 BCX8\">se focalise sur<\/span><span class=\"NormalTextRun SCXW71826174 BCX8\"> l&rsquo;utilisation de l&rsquo;IA dans les organismes suisses de formation continue. Il met en \u00e9vidence <\/span><span class=\"NormalTextRun SCXW71826174 BCX8\">avec quelle intensit\u00e9<\/span><span class=\"NormalTextRun SCXW71826174 BCX8\"> les prestataires utilisent l&rsquo;IA et <\/span><span class=\"NormalTextRun SCXW71826174 BCX8\">quels <\/span><span class=\"NormalTextRun SCXW71826174 BCX8\">avantages ils en attendent. Le r\u00f4le d<\/span><span class=\"NormalTextRun SCXW71826174 BCX8\">es formatrices et formateurs dans ce contexte<\/span><span class=\"NormalTextRun SCXW71826174 BCX8\"> est \u00e9galement expliqu\u00e9. Les r\u00e9sultats se basent sur l&rsquo;enqu\u00eate men\u00e9e aupr\u00e8s des prestataires au printemps 2024.<\/span><\/span><span class=\"EOP SCXW71826174 BCX8\" data-ccp-props=\"{}\">\u00a0<\/span><\/p>\n<\/div>\n\n\t\t\t<div class=\"meta\">\n\t\t\t\t<ul>\n\t\t\t\t\t\t\t\t\t\t\t<li><strong>Prix:<\/strong> gratuit<\/li>\n\t\t\t\t\t\n\t\t\t\t\t\t\t\t\t\t\t<li><strong>\u00c9diteur:<\/strong> FSEA<\/li>\n\t\t\t\t\t\n\t\t\t\t\t\t\t\t\t\t\t<li><strong>Auteur:<\/strong> Sofie Gollob<\/li>\n\t\t\t\t\t\n\t\t\t\t\t\t\t\t\t\t\t<li><strong>Distributeur:<\/strong> FSEA, 10 pages<\/li>\n\t\t\t\t\t\n\t\t\t\t\t\n\t\t\t\t\t\n\t\t\t\t\t\t\t\t\t<\/ul>\n\n\t\t\t\t<ul class=\"actions\">\n\t\t\t\t\t\t\t\t\t\t\t<li><a class=\"button\" href=\"https:\/\/alice.ch\/fr\/download-fr\/?pub-id=65741\">T\u00e9l\u00e9charger<\/a><\/li>\n\t\t\t\t\t\n\t\t\t\t\t\t\t\t\t<\/ul>\n\t\t\t<\/div>\n\t\t<\/div>\n\n\n\t<\/div>\n\n\n\t<\/div>\n\n\n\n<div class=\"wp-block-group is-style-reduced-width is-layout-flow wp-block-group-is-layout-flow\">\n<p><a id=\"_msocom_1\"><\/a><\/p>\n\n\n\n<h2 class=\"wp-block-heading\">Contact<\/h2>\n\n\n\n<div class=\"wp-block-columns is-layout-flex wp-container-core-columns-is-layout-28f84493 wp-block-columns-is-layout-flex\">\n<div class=\"wp-block-column is-layout-flow wp-block-column-is-layout-flow\" style=\"flex-basis:50%\"><div class=\"contact-persons\">\n\n\t\t\t\t\t<div class=\"contact-person\">\n\t\t\t\t\tIrena Sgier<br \/>\t\t\t\t\tDirectrice adjointe, Directrice de la recherche, du d\u00e9veloppement et de l\u2019innovation<br \/>\t\t\t\t\t<br \/>\n\t\t\t\t\t\t\t\t\t\t<a href=\"tel:+41 (0)44 319 71 59\">+41 (0)44 319 71 59<\/a><br \/>\t\t\t\t\t<a href=\"mailto:irena.sgier@alice.ch\">irena.sgier@alice.ch<\/a><br \/>\t\t\t\t\t<\/div>\n\t\t\t\t\t<\/div>\n<\/div>\n\n\n\n<div class=\"wp-block-column is-layout-flow wp-block-column-is-layout-flow\" style=\"flex-basis:50%\"><\/div>\n<\/div>\n<\/div>\n","protected":false},"excerpt":{"rendered":"<p>Intelligence artificielle et formation continue L\u2019intelligence artificielle (IA) a le potentiel de transformer fondamentalement notre vie (professionnelle) telle que nous [&hellip;]<\/p>\n","protected":false},"author":27,"featured_media":49787,"parent":11168,"menu_order":130,"comment_status":"closed","ping_status":"closed","template":"","meta":{"_acf_changed":false,"inline_featured_image":false,"footnotes":""},"class_list":["post-64943","page","type-page","status-publish","has-post-thumbnail","hentry"],"acf":[],"yoast_head":"<!-- This site is optimized with the Yoast SEO plugin v27.3 - https:\/\/yoast.com\/product\/yoast-seo-wordpress\/ -->\n<title>IA et formation continue - FSEA<\/title>\n<meta name=\"robots\" content=\"index, follow, max-snippet:-1, max-image-preview:large, max-video-preview:-1\" \/>\n<link rel=\"canonical\" href=\"https:\/\/alice.ch\/fr\/themes\/la-numerisation\/ia-et-formation-continue\/\" \/>\n<link rel=\"next\" href=\"https:\/\/alice.ch\/fr\/themes\/la-numerisation\/ia-et-formation-continue\/64943\/?query-0-page=2\" \/>\n<meta property=\"og:locale\" content=\"fr_FR\" \/>\n<meta property=\"og:type\" content=\"article\" \/>\n<meta property=\"og:title\" content=\"IA et formation continue - FSEA\" \/>\n<meta property=\"og:description\" content=\"Intelligence artificielle et formation continue L\u2019intelligence artificielle (IA) a le potentiel de transformer fondamentalement notre vie (professionnelle) telle que nous [&hellip;]\" \/>\n<meta property=\"og:url\" content=\"https:\/\/alice.ch\/fr\/themes\/la-numerisation\/ia-et-formation-continue\/\" \/>\n<meta property=\"og:site_name\" content=\"SVEB\" \/>\n<meta property=\"article:modified_time\" content=\"2026-02-16T16:15:15+00:00\" \/>\n<meta property=\"og:image\" content=\"https:\/\/alice.ch\/app\/uploads\/2023\/05\/logo-AI4AL.png\" \/>\n\t<meta property=\"og:image:width\" content=\"1200\" \/>\n\t<meta property=\"og:image:height\" content=\"627\" \/>\n\t<meta property=\"og:image:type\" content=\"image\/png\" \/>\n<meta name=\"twitter:card\" content=\"summary_large_image\" \/>\n<meta name=\"twitter:label1\" content=\"Dur\u00e9e de lecture estim\u00e9e\" \/>\n\t<meta name=\"twitter:data1\" content=\"2 minutes\" \/>\n<script type=\"application\/ld+json\" class=\"yoast-schema-graph\">{\"@context\":\"https:\\\/\\\/schema.org\",\"@graph\":[{\"@type\":\"WebPage\",\"@id\":\"https:\\\/\\\/alice.ch\\\/fr\\\/themes\\\/la-numerisation\\\/ia-et-formation-continue\\\/\",\"url\":\"https:\\\/\\\/alice.ch\\\/fr\\\/themes\\\/la-numerisation\\\/ia-et-formation-continue\\\/\",\"name\":\"IA et formation continue - FSEA\",\"isPartOf\":{\"@id\":\"https:\\\/\\\/alice.ch\\\/fr\\\/#website\"},\"primaryImageOfPage\":{\"@id\":\"https:\\\/\\\/alice.ch\\\/fr\\\/themes\\\/la-numerisation\\\/ia-et-formation-continue\\\/#primaryimage\"},\"image\":{\"@id\":\"https:\\\/\\\/alice.ch\\\/fr\\\/themes\\\/la-numerisation\\\/ia-et-formation-continue\\\/#primaryimage\"},\"thumbnailUrl\":\"https:\\\/\\\/alice.ch\\\/app\\\/uploads\\\/2023\\\/05\\\/logo-AI4AL.png\",\"datePublished\":\"2024-12-04T14:39:24+00:00\",\"dateModified\":\"2026-02-16T16:15:15+00:00\",\"breadcrumb\":{\"@id\":\"https:\\\/\\\/alice.ch\\\/fr\\\/themes\\\/la-numerisation\\\/ia-et-formation-continue\\\/#breadcrumb\"},\"inLanguage\":\"fr-FR\",\"potentialAction\":[{\"@type\":\"ReadAction\",\"target\":[\"https:\\\/\\\/alice.ch\\\/fr\\\/themes\\\/la-numerisation\\\/ia-et-formation-continue\\\/\"]}]},{\"@type\":\"ImageObject\",\"inLanguage\":\"fr-FR\",\"@id\":\"https:\\\/\\\/alice.ch\\\/fr\\\/themes\\\/la-numerisation\\\/ia-et-formation-continue\\\/#primaryimage\",\"url\":\"https:\\\/\\\/alice.ch\\\/app\\\/uploads\\\/2023\\\/05\\\/logo-AI4AL.png\",\"contentUrl\":\"https:\\\/\\\/alice.ch\\\/app\\\/uploads\\\/2023\\\/05\\\/logo-AI4AL.png\",\"width\":1200,\"height\":627},{\"@type\":\"BreadcrumbList\",\"@id\":\"https:\\\/\\\/alice.ch\\\/fr\\\/themes\\\/la-numerisation\\\/ia-et-formation-continue\\\/#breadcrumb\",\"itemListElement\":[{\"@type\":\"ListItem\",\"position\":1,\"name\":\"Page d'accueil\",\"item\":\"https:\\\/\\\/alice.ch\\\/fr\\\/\"},{\"@type\":\"ListItem\",\"position\":2,\"name\":\"Th\u00e8mes\",\"item\":\"https:\\\/\\\/alice.ch\\\/fr\\\/themes\\\/\"},{\"@type\":\"ListItem\",\"position\":3,\"name\":\"La num\u00e9risation et la formation continue\",\"item\":\"https:\\\/\\\/alice.ch\\\/fr\\\/themes\\\/la-numerisation\\\/\"},{\"@type\":\"ListItem\",\"position\":4,\"name\":\"IA et formation continue\"}]},{\"@type\":\"WebSite\",\"@id\":\"https:\\\/\\\/alice.ch\\\/fr\\\/#website\",\"url\":\"https:\\\/\\\/alice.ch\\\/fr\\\/\",\"name\":\"alice.ch (Adult Learning Information Center) ist das Portal der Weiterbildung in der Schweiz.\",\"description\":\"Schweizerischer Verband f\u00fcr Weiterbildung\",\"publisher\":{\"@id\":\"https:\\\/\\\/alice.ch\\\/fr\\\/#organization\"},\"potentialAction\":[{\"@type\":\"SearchAction\",\"target\":{\"@type\":\"EntryPoint\",\"urlTemplate\":\"https:\\\/\\\/alice.ch\\\/fr\\\/?s={search_term_string}\"},\"query-input\":{\"@type\":\"PropertyValueSpecification\",\"valueRequired\":true,\"valueName\":\"search_term_string\"}}],\"inLanguage\":\"fr-FR\"},{\"@type\":\"Organization\",\"@id\":\"https:\\\/\\\/alice.ch\\\/fr\\\/#organization\",\"name\":\"FSEA F\u00e9d\u00e9ration suisse pour la formation continue\",\"url\":\"https:\\\/\\\/alice.ch\\\/fr\\\/\",\"logo\":{\"@type\":\"ImageObject\",\"inLanguage\":\"fr-FR\",\"@id\":\"https:\\\/\\\/alice.ch\\\/fr\\\/#\\\/schema\\\/logo\\\/image\\\/\",\"url\":\"https:\\\/\\\/alice.ch\\\/app\\\/uploads\\\/2022\\\/07\\\/logo-sveb.png\",\"contentUrl\":\"https:\\\/\\\/alice.ch\\\/app\\\/uploads\\\/2022\\\/07\\\/logo-sveb.png\",\"width\":145,\"height\":64,\"caption\":\"FSEA F\u00e9d\u00e9ration suisse pour la formation continue\"},\"image\":{\"@id\":\"https:\\\/\\\/alice.ch\\\/fr\\\/#\\\/schema\\\/logo\\\/image\\\/\"},\"sameAs\":[\"https:\\\/\\\/www.linkedin.com\\\/company\\\/schweizerischer-verband-fr-weiterbildung-sveb\\\/\"]}]}<\/script>\n<!-- \/ Yoast SEO plugin. -->","yoast_head_json":{"title":"IA et formation continue - FSEA","robots":{"index":"index","follow":"follow","max-snippet":"max-snippet:-1","max-image-preview":"max-image-preview:large","max-video-preview":"max-video-preview:-1"},"canonical":"https:\/\/alice.ch\/fr\/themes\/la-numerisation\/ia-et-formation-continue\/","next":"https:\/\/alice.ch\/fr\/themes\/la-numerisation\/ia-et-formation-continue\/64943?query-0-page=2","og_locale":"fr_FR","og_type":"article","og_title":"IA et formation continue - FSEA","og_description":"Intelligence artificielle et formation continue L\u2019intelligence artificielle (IA) a le potentiel de transformer fondamentalement notre vie (professionnelle) telle que nous [&hellip;]","og_url":"https:\/\/alice.ch\/fr\/themes\/la-numerisation\/ia-et-formation-continue\/","og_site_name":"SVEB","article_modified_time":"2026-02-16T16:15:15+00:00","og_image":[{"width":1200,"height":627,"url":"https:\/\/alice.ch\/app\/uploads\/2023\/05\/logo-AI4AL.png","type":"image\/png"}],"twitter_card":"summary_large_image","twitter_misc":{"Dur\u00e9e de lecture estim\u00e9e":"2 minutes"},"schema":{"@context":"https:\/\/schema.org","@graph":[{"@type":"WebPage","@id":"https:\/\/alice.ch\/fr\/themes\/la-numerisation\/ia-et-formation-continue\/","url":"https:\/\/alice.ch\/fr\/themes\/la-numerisation\/ia-et-formation-continue\/","name":"IA et formation continue - FSEA","isPartOf":{"@id":"https:\/\/alice.ch\/fr\/#website"},"primaryImageOfPage":{"@id":"https:\/\/alice.ch\/fr\/themes\/la-numerisation\/ia-et-formation-continue\/#primaryimage"},"image":{"@id":"https:\/\/alice.ch\/fr\/themes\/la-numerisation\/ia-et-formation-continue\/#primaryimage"},"thumbnailUrl":"https:\/\/alice.ch\/app\/uploads\/2023\/05\/logo-AI4AL.png","datePublished":"2024-12-04T14:39:24+00:00","dateModified":"2026-02-16T16:15:15+00:00","breadcrumb":{"@id":"https:\/\/alice.ch\/fr\/themes\/la-numerisation\/ia-et-formation-continue\/#breadcrumb"},"inLanguage":"fr-FR","potentialAction":[{"@type":"ReadAction","target":["https:\/\/alice.ch\/fr\/themes\/la-numerisation\/ia-et-formation-continue\/"]}]},{"@type":"ImageObject","inLanguage":"fr-FR","@id":"https:\/\/alice.ch\/fr\/themes\/la-numerisation\/ia-et-formation-continue\/#primaryimage","url":"https:\/\/alice.ch\/app\/uploads\/2023\/05\/logo-AI4AL.png","contentUrl":"https:\/\/alice.ch\/app\/uploads\/2023\/05\/logo-AI4AL.png","width":1200,"height":627},{"@type":"BreadcrumbList","@id":"https:\/\/alice.ch\/fr\/themes\/la-numerisation\/ia-et-formation-continue\/#breadcrumb","itemListElement":[{"@type":"ListItem","position":1,"name":"Page d'accueil","item":"https:\/\/alice.ch\/fr\/"},{"@type":"ListItem","position":2,"name":"Th\u00e8mes","item":"https:\/\/alice.ch\/fr\/themes\/"},{"@type":"ListItem","position":3,"name":"La num\u00e9risation et la formation continue","item":"https:\/\/alice.ch\/fr\/themes\/la-numerisation\/"},{"@type":"ListItem","position":4,"name":"IA et formation continue"}]},{"@type":"WebSite","@id":"https:\/\/alice.ch\/fr\/#website","url":"https:\/\/alice.ch\/fr\/","name":"alice.ch (Adult Learning Information Center) ist das Portal der Weiterbildung in der Schweiz.","description":"Schweizerischer Verband f\u00fcr Weiterbildung","publisher":{"@id":"https:\/\/alice.ch\/fr\/#organization"},"potentialAction":[{"@type":"SearchAction","target":{"@type":"EntryPoint","urlTemplate":"https:\/\/alice.ch\/fr\/?s={search_term_string}"},"query-input":{"@type":"PropertyValueSpecification","valueRequired":true,"valueName":"search_term_string"}}],"inLanguage":"fr-FR"},{"@type":"Organization","@id":"https:\/\/alice.ch\/fr\/#organization","name":"FSEA F\u00e9d\u00e9ration suisse pour la formation continue","url":"https:\/\/alice.ch\/fr\/","logo":{"@type":"ImageObject","inLanguage":"fr-FR","@id":"https:\/\/alice.ch\/fr\/#\/schema\/logo\/image\/","url":"https:\/\/alice.ch\/app\/uploads\/2022\/07\/logo-sveb.png","contentUrl":"https:\/\/alice.ch\/app\/uploads\/2022\/07\/logo-sveb.png","width":145,"height":64,"caption":"FSEA F\u00e9d\u00e9ration suisse pour la formation continue"},"image":{"@id":"https:\/\/alice.ch\/fr\/#\/schema\/logo\/image\/"},"sameAs":["https:\/\/www.linkedin.com\/company\/schweizerischer-verband-fr-weiterbildung-sveb\/"]}]}},"_links":{"self":[{"href":"https:\/\/alice.ch\/fr\/wp-json\/wp\/v2\/pages\/64943","targetHints":{"allow":["GET"]}}],"collection":[{"href":"https:\/\/alice.ch\/fr\/wp-json\/wp\/v2\/pages"}],"about":[{"href":"https:\/\/alice.ch\/fr\/wp-json\/wp\/v2\/types\/page"}],"author":[{"embeddable":true,"href":"https:\/\/alice.ch\/fr\/wp-json\/wp\/v2\/users\/27"}],"replies":[{"embeddable":true,"href":"https:\/\/alice.ch\/fr\/wp-json\/wp\/v2\/comments?post=64943"}],"version-history":[{"count":25,"href":"https:\/\/alice.ch\/fr\/wp-json\/wp\/v2\/pages\/64943\/revisions"}],"predecessor-version":[{"id":73687,"href":"https:\/\/alice.ch\/fr\/wp-json\/wp\/v2\/pages\/64943\/revisions\/73687"}],"up":[{"embeddable":true,"href":"https:\/\/alice.ch\/fr\/wp-json\/wp\/v2\/pages\/11168"}],"wp:featuredmedia":[{"embeddable":true,"href":"https:\/\/alice.ch\/fr\/wp-json\/wp\/v2\/media\/49787"}],"wp:attachment":[{"href":"https:\/\/alice.ch\/fr\/wp-json\/wp\/v2\/media?parent=64943"}],"curies":[{"name":"wp","href":"https:\/\/api.w.org\/{rel}","templated":true}]}}