{"id":66985,"date":"2025-03-19T10:14:03","date_gmt":"2025-03-19T09:14:03","guid":{"rendered":"https:\/\/alice.ch\/?page_id=66985"},"modified":"2025-03-27T10:00:28","modified_gmt":"2025-03-27T09:00:28","slug":"resultats-de-lenquete-piaac-en-suisse","status":"publish","type":"page","link":"https:\/\/alice.ch\/fr\/themes\/competences-de-base\/resultats-de-lenquete-piaac-en-suisse\/","title":{"rendered":"R\u00e9sultats de l&rsquo;enqu\u00eate PIAAC en Suisse"},"content":{"rendered":"\n<div class=\"wp-block-group is-style-reduced-width is-layout-constrained wp-block-group-is-layout-constrained\">\n<h1 class=\"wp-block-heading\">Les comp\u00e9tences de base des adultes r\u00e9sidant en Suisse en lecture, math\u00e9matiques et r\u00e9solution de probl\u00e8mes<\/h1>\n\n\n\n<p class=\"is-style-lead\">Le<a href=\"https:\/\/www.bfs.admin.ch\/bfs\/de\/home.gnpdetail.2024-0179.html\" target=\"_blank\" rel=\"noreferrer noopener\"> Programme pour l\u2019\u00e9valuation internationale des comp\u00e9tences des adultes (PIAAC) de l\u2019OCDE<\/a> recense depuis 2006 les principales donn\u00e9es relatives aux comp\u00e9tences de base des adultes r\u00e9sidant en Suisse. La premi\u00e8re \u00e9tude a \u00e9t\u00e9 r\u00e9alis\u00e9e en 2011 dans pr\u00e8s de quarante pays. En Suisse, 6648&nbsp;adultes \u00e2g\u00e9s de seize \u00e0 soixante-cinq ans ont particip\u00e9 \u00e0 l\u2019enqu\u00eate.<\/p>\n\n\n\n<p>Le PIAAC mesure les comp\u00e9tences des adultes en lecture, en calcul et en r\u00e9solution adaptative de probl\u00e8mes. Ces comp\u00e9tences ont \u00e9t\u00e9 test\u00e9es aupr\u00e8s de la population r\u00e9sidante permanente de Suisse \u00e2g\u00e9e de seize \u00e0 soixante-cinq ans. Les personnes se classant au niveau&nbsp;1 ou inf\u00e9rieur sont affect\u00e9es au groupe de personnes fortement h\u00e9t\u00e9rog\u00e8ne auquel s\u2019adresse la promotion des comp\u00e9tences de base des adultes. Le pr\u00e9sent r\u00e9sum\u00e9 se focalise sur les r\u00e9sultats relatifs aux comp\u00e9tences de base des adultes (niveau&nbsp;1 ou inf\u00e9rieur) et pr\u00e9sente ces r\u00e9sultats en s\u2019appuyant sur diverses caract\u00e9ristiques sociod\u00e9mographiques.&nbsp;&nbsp;&nbsp;<\/p>\n\n\n\n<div class=\"wp-block-columns is-style-accordion is-layout-flex wp-container-core-columns-is-layout-28f84493 wp-block-columns-is-layout-flex\" id=\"faq-element-1\">\n<div class=\"wp-block-column is-layout-flow wp-block-column-is-layout-flow\">\n<h3 class=\"wp-block-heading\">D\u00e9finitions des trois comp\u00e9tences PIAAC pour le niveau&nbsp;1 et inf\u00e9rieur&nbsp;<\/h3>\n<\/div>\n\n\n\n<div class=\"wp-block-column is-layout-flow wp-block-column-is-layout-flow\">\n<p><strong>Litt\u00e9ratie<\/strong> (comp\u00e9tence en lecture): \u00abSavoir utiliser, comprendre et \u00e9valuer des textes \u00e9crits afin d\u2019atteindre ses objectifs personnels, de d\u00e9velopper ses connaissances et son potentiel ainsi que de prendre part \u00e0 la soci\u00e9t\u00e9.\u00bb&nbsp;<\/p>\n\n\n\n<p><strong>Num\u00e9ratie<\/strong> (comp\u00e9tence en calcul): \u00abSavoir acc\u00e9der \u00e0 des contenus, id\u00e9es et informations de nature math\u00e9matique pr\u00e9sent\u00e9s de diverses mani\u00e8res et savoir les utiliser, notamment pour produire des argumentations critiques, afin de surmonter les d\u00e9fis math\u00e9matiques susceptibles de se produire dans diff\u00e9rents contextes et diff\u00e9rentes situations de la vie quotidienne d\u2019une personne adulte.\u00bb&nbsp;<\/p>\n\n\n\n<p><strong><strong>R\u00e9solution adaptative de probl\u00e8mes<\/strong><\/strong>: \u00ab\u00catre capable d\u2019atteindre ses objectifs personnels dans une situation dynamique dans laquelle aucune m\u00e9thode de r\u00e9solution n\u2019est imm\u00e9diatement disponible. Cette facult\u00e9 n\u00e9cessite des processus cognitifs et m\u00e9tacognitifs pour d\u00e9finir le probl\u00e8me rencontr\u00e9, rechercher des informations et mettre en \u0153uvre la solution dans un grand nombre de champs d\u2019informations et de contextes.\u00bb&nbsp;<\/p>\n<\/div>\n<\/div>\n\n\n\n<p><\/p>\n\n\n\n<p>D\u2019apr\u00e8s les r\u00e9sultats obtenus, les comp\u00e9tences de 1,67&nbsp;million de personnes (soit 30&nbsp;%) r\u00e9sidantes en Suisse \u00e2g\u00e9es de seize \u00e0 soixante-cinq ans se trouvent, pour au moins l\u2019une des trois comp\u00e9tences analys\u00e9es par le PIAAC, au niveau&nbsp;1 ou inf\u00e9rieur: pour la comp\u00e9tence en lecture, cela concerne 1,25&nbsp;million de personnes (soit 22&nbsp;%), pour la comp\u00e9tence en calcul, 1,06&nbsp;million (soit 19&nbsp;%), et pour la r\u00e9solution adaptative de probl\u00e8mes, 1,38&nbsp;million (soit 24&nbsp;%). 15&nbsp;% de la population du pays obtient des r\u00e9sultats faibles dans les trois comp\u00e9tences de base.<\/p>\n\n\n\n<h2 class=\"wp-block-heading\">Caract\u00e9ristiques sociod\u00e9mographiques et comp\u00e9tences de base&nbsp;<\/h2>\n\n\n\n<p>Pour r\u00e9sumer, si l\u2019on regroupe les r\u00e9sultats de l\u2019\u00e9tude sur les comp\u00e9tences de base selon des caract\u00e9ristiques sociod\u00e9mographiques, on constate, d\u2019une part, qu\u2019il n\u2019y a pratiquement aucune diff\u00e9rence entre les sexes et, d\u2019autre part, que le nombre de personnes disposant de comp\u00e9tences de base faibles augmente avec l\u2019\u00e2ge et diminue avec le niveau de formation. Dans le groupe de personnes dont la langue principale n\u2019est pas la m\u00eame que la langue du test et dans le groupe de personnes immigr\u00e9es depuis plus de cinq ans, la part de personnes disposant de comp\u00e9tences de base faibles est importante.&nbsp;&nbsp;<\/p>\n\n\n\n<h3 class=\"wp-block-heading\">Sexe&nbsp;<\/h3>\n\n\n\n<p>Aucune diff\u00e9rence li\u00e9e au sexe n\u2019est \u00e0 observer concernant les comp\u00e9tences de base en lecture et en r\u00e9solution adaptative de probl\u00e8mes. En calcul, par contre, des diff\u00e9rences importantes sont \u00e0 noter: 21&nbsp;% des femmes se trouvent au niveau&nbsp;1 ou inf\u00e9rieur, contre 16&nbsp;% des hommes.&nbsp;<\/p>\n\n\n\n<h3 class=\"wp-block-heading\">Niveau de formation&nbsp;&nbsp;<\/h3>\n\n\n\n<p>Les comp\u00e9tences des individus d\u00e9pendent fortement de leur niveau de formation. On observe par cons\u00e9quent de fortes disparit\u00e9s dans les comp\u00e9tences de base selon le niveau de formation sup\u00e9rieur maximal des personnes. 40&nbsp;% des personnes ne disposant d\u2019aucun titre de formation postobligatoire se classent au niveau&nbsp;1 ou inf\u00e9rieur dans les trois domaines de comp\u00e9tences. 44,2&nbsp;% des adultes ne disposant d\u2019aucun titre de formation postobligatoire se classent au niveau&nbsp;1 ou inf\u00e9rieur pour les comp\u00e9tences en lecture, ce qui correspond \u00e0 un total de 403\u2009000&nbsp;personnes adultes. Les 22,9&nbsp;% de personnes se classant au niveau&nbsp;1 ou inf\u00e9rieur parmi les personnes poss\u00e9dant une certification du degr\u00e9 secondaire&nbsp;II correspondent \u00e0 un total de 430\u2009000&nbsp;personnes adultes. M\u00eame les personnes disposant d\u2019une formation professionnelle sup\u00e9rieure (FPS) (12&nbsp;%, soit 83\u2009000&nbsp;personnes adultes) et les personnes dipl\u00f4m\u00e9es de l\u2019enseignement sup\u00e9rieur (5,5&nbsp;%, soit 81\u2009000&nbsp;personnes adultes) atteignent le niveau&nbsp;1 ou inf\u00e9rieur pour les comp\u00e9tences en lecture.&nbsp;&nbsp;<\/p>\n\n\n\n<figure class=\"wp-block-image size-full is-resized is-style-no-border\"><img decoding=\"async\" width=\"2860\" height=\"1938\" src=\"https:\/\/alice.ch\/app\/uploads\/2025\/03\/competences-de-base-niveau-formation.png\" alt=\"\" class=\"wp-image-67001\" style=\"width:492px;height:auto\" srcset=\"https:\/\/alice.ch\/app\/uploads\/2025\/03\/competences-de-base-niveau-formation.png 2860w, https:\/\/alice.ch\/app\/uploads\/2025\/03\/competences-de-base-niveau-formation-300x203.png 300w, https:\/\/alice.ch\/app\/uploads\/2025\/03\/competences-de-base-niveau-formation-1024x694.png 1024w, https:\/\/alice.ch\/app\/uploads\/2025\/03\/competences-de-base-niveau-formation-768x520.png 768w, https:\/\/alice.ch\/app\/uploads\/2025\/03\/competences-de-base-niveau-formation-1536x1041.png 1536w, https:\/\/alice.ch\/app\/uploads\/2025\/03\/competences-de-base-niveau-formation-2048x1388.png 2048w\" sizes=\"(max-width: 2860px) 100vw, 2860px\" \/><figcaption class=\"wp-element-caption\">Comp\u00e9tences de base et niveau de formation: part des personnes ayant de faibles comp\u00e9tences (niveau 1 et inf\u00e9rieur) niveau de formation.<br>(Repr\u00e9sentation propre, donn\u00e9es de l\u2019OFS&nbsp;2024, T3.3.1, TA A8)&nbsp;<\/figcaption><\/figure>\n\n\n\n<h3 class=\"wp-block-heading\">Statut sur le march\u00e9 de l\u2019emploi&nbsp;&nbsp;<\/h3>\n\n\n\n<p>Les comp\u00e9tences de base pr\u00e9sentent de fortes variations selon le statut occup\u00e9 par les individus sur le march\u00e9 de l\u2019emploi. 18&nbsp;% des personnes actives, soit un total de 797\u2009000&nbsp;personnes adultes, disposent de comp\u00e9tences de niveau&nbsp;1 ou inf\u00e9rieur en lecture. En calcul, la valeur est de 15&nbsp;%, soit un total de 657\u2009000&nbsp;personnes actives. 11&nbsp;% des personnes actives, soit un total de 481\u2009000&nbsp;personnes adultes, ont des comp\u00e9tences faibles dans les trois domaines de comp\u00e9tences. On notera que les comp\u00e9tences de base des personnes sans emploi sont plus faibles que celles des personnes inactives et que celles des personnes actives en particulier. Cela s\u2019applique aux trois comp\u00e9tences mesur\u00e9es dans le PIAAC. En lecture, 35&nbsp;% des personnes sans emploi, soit un total de 53\u2009000&nbsp;personnes adultes, ont du mal \u00e0 trouver des informations isol\u00e9es dans des textes courts ou bien \u00e0 traiter les significations au niveau de la phrase ainsi qu\u2019\u00e0 \u00e9valuer le sens des phrases.&nbsp;&nbsp;<\/p>\n\n\n\n<figure class=\"wp-block-image size-full is-resized is-style-no-border\"><img decoding=\"async\" width=\"2869\" height=\"2108\" src=\"https:\/\/alice.ch\/app\/uploads\/2025\/03\/competences-de-base-marche-emploi.png\" alt=\"\" class=\"wp-image-67005\" style=\"width:492px\" srcset=\"https:\/\/alice.ch\/app\/uploads\/2025\/03\/competences-de-base-marche-emploi.png 2869w, https:\/\/alice.ch\/app\/uploads\/2025\/03\/competences-de-base-marche-emploi-300x220.png 300w, https:\/\/alice.ch\/app\/uploads\/2025\/03\/competences-de-base-marche-emploi-1024x752.png 1024w, https:\/\/alice.ch\/app\/uploads\/2025\/03\/competences-de-base-marche-emploi-768x564.png 768w, https:\/\/alice.ch\/app\/uploads\/2025\/03\/competences-de-base-marche-emploi-1536x1129.png 1536w, https:\/\/alice.ch\/app\/uploads\/2025\/03\/competences-de-base-marche-emploi-2048x1505.png 2048w\" sizes=\"(max-width: 2869px) 100vw, 2869px\" \/><figcaption class=\"wp-element-caption\">Comp\u00e9tences de base et statut sur le march\u00e9 de l\u2019emploi: part des personnes ayant de faibles comp\u00e9tences (niveau 1 et inf\u00e9rieur) selon le statut sur le march\u00e9 de l\u2019emploi.<br>(Repr\u00e9sentation propre, donn\u00e9es de l&rsquo;OFS 2024, T3.3.1, TA A8)<\/figcaption><\/figure>\n\n\n\n<h3 class=\"wp-block-heading\">\u00c2ge<\/h3>\n\n\n\n<p>Les personnes plus \u00e2g\u00e9es disposent de comp\u00e9tences plus faibles dans les trois comp\u00e9tences de base mesur\u00e9es. 31,7&nbsp;% des personnes \u00e2g\u00e9es de cinquante-six \u00e0 soixante-cinq ans, soit un total de 378\u2009000&nbsp;personnes, disposent de comp\u00e9tences de niveau&nbsp;1 ou inf\u00e9rieur en lecture. Il est \u00e0 noter, concernant ces chiffres, que les personnes \u00e2g\u00e9es de plus de soixante-cinq n\u2019ont pas \u00e9t\u00e9 incluses dans l\u2019\u00e9chantillon. On peut par cons\u00e9quent supposer que la part de personnes disposant de comp\u00e9tences de base faibles est encore plus \u00e9lev\u00e9e chez les personnes \u00e2g\u00e9es de plus de soixante-cinq ans.&nbsp;&nbsp;&nbsp;&nbsp;<\/p>\n\n\n\n<figure class=\"wp-block-image size-full is-resized is-style-no-border\"><img decoding=\"async\" width=\"2869\" height=\"1957\" src=\"https:\/\/alice.ch\/app\/uploads\/2025\/03\/competence-de-base-age.png\" alt=\"\" class=\"wp-image-66993\" style=\"width:492px\" srcset=\"https:\/\/alice.ch\/app\/uploads\/2025\/03\/competence-de-base-age.png 2869w, https:\/\/alice.ch\/app\/uploads\/2025\/03\/competence-de-base-age-300x205.png 300w, https:\/\/alice.ch\/app\/uploads\/2025\/03\/competence-de-base-age-1024x698.png 1024w, https:\/\/alice.ch\/app\/uploads\/2025\/03\/competence-de-base-age-768x524.png 768w, https:\/\/alice.ch\/app\/uploads\/2025\/03\/competence-de-base-age-1536x1048.png 1536w, https:\/\/alice.ch\/app\/uploads\/2025\/03\/competence-de-base-age-2048x1397.png 2048w\" sizes=\"(max-width: 2869px) 100vw, 2869px\" \/><figcaption class=\"wp-element-caption\">Comp\u00e9tences de base et \u00e2ge : part des personnes ayant des comp\u00e9tences faibles (niveau 1 et inf\u00e9rieur) selon l&rsquo;\u00e2ge<br>(Repr\u00e9sentation propre, donn\u00e9es de l&rsquo;OFS 2024, T3.3.1, TA A8)<\/figcaption><\/figure>\n\n\n\n<h3 class=\"wp-block-heading\">Comp\u00e9tences de base et background linguistique&nbsp;<\/h3>\n\n\n\n<p>Les r\u00e9sultats obtenus diff\u00e8rent selon si la langue du test correspond ou non \u00e0 la langue principale des personnes participantes. Pour cette raison, le rapport \u00e9tablit une distinction entre la langue principale et la langue du test. Les personnes pour lesquelles la langue du test ne correspond pas \u00e0 la langue principale (personnes allophones) repr\u00e9sentent 19&nbsp;% de la population totale, tandis que les personnes pour lesquelles la langue du test correspond \u00e0 la langue principale (personnes non allophones) repr\u00e9sentent 78&nbsp;% de la population r\u00e9sidante permanente.&nbsp;<\/p>\n\n\n\n<p>La part de personnes, parmi l\u2019ensemble de la population r\u00e9sidante permanente en Suisse \u00e2g\u00e9e de quinze \u00e0 soixante-cinq ans, disposant de connaissances insuffisantes dans la langue du test est estim\u00e9e \u00e0 3&nbsp;%. Ces personnes sont donc largement surrepr\u00e9sent\u00e9es par rapport \u00e0 l\u2019ensemble de la population dans le groupe de personnes disposant de faibles comp\u00e9tences de base. Aucun test n\u2019a toutefois pu \u00eatre r\u00e9alis\u00e9 dans la langue du test avec les personnes disposant de connaissances insuffisantes, c\u2019est pourquoi ces personnes ont \u00e9t\u00e9 incluses dans les donn\u00e9es sous forme d\u2019estimations. Ces estimations se fondent sur de brefs entretiens r\u00e9alis\u00e9s avec ces personnes. Les r\u00e9sultats du test ont \u00e9t\u00e9 estim\u00e9s \u00e0 l\u2019aide d\u2019un mod\u00e8le statistique en s\u2019appuyant sur les informations disponibles. Ces personnes auraient vraisemblablement obtenu de meilleurs r\u00e9sultats au test si la langue du test avait correspondu \u00e0 leur langue principale. &nbsp;<\/p>\n\n\n\n<figure class=\"wp-block-image size-full is-resized is-style-no-border\"><img decoding=\"async\" width=\"1170\" height=\"740\" src=\"https:\/\/alice.ch\/app\/uploads\/2025\/03\/faible-competence-profil-linguistique.png\" alt=\"\" class=\"wp-image-67009\" style=\"width:530px\" srcset=\"https:\/\/alice.ch\/app\/uploads\/2025\/03\/faible-competence-profil-linguistique.png 1170w, https:\/\/alice.ch\/app\/uploads\/2025\/03\/faible-competence-profil-linguistique-300x190.png 300w, https:\/\/alice.ch\/app\/uploads\/2025\/03\/faible-competence-profil-linguistique-1024x648.png 1024w, https:\/\/alice.ch\/app\/uploads\/2025\/03\/faible-competence-profil-linguistique-768x486.png 768w\" sizes=\"(max-width: 1170px) 100vw, 1170px\" \/><figcaption class=\"wp-element-caption\">R\u00e9partition en pourcentage des personnes ayant de faibles comp\u00e9tences (niveau 1 ou inf\u00e9rieur) et de la population totale selon le profil linguistique, en pourcentage.<br>(Repr\u00e9sentation propre, donn\u00e9es de l&rsquo;OFS 2024, G3.3.4)<\/figcaption><\/figure>\n\n\n\n<h3 class=\"wp-block-heading\">Comp\u00e9tences de base faibles selon le profil linguistique&nbsp;&nbsp;&nbsp;<\/h3>\n\n\n\n<p>Le profil migratoire et linguistique fournit des informations sur les cat\u00e9gories de grandeur des groupes de personnes de nationalit\u00e9 suisse ou des personnes n\u00e9es ou immigr\u00e9es en Suisse, respectivement avec ou sans correspondance entre la langue du test et la langue principale.&nbsp;<\/p>\n\n\n\n<ul class=\"wp-block-list\">\n<li>12,1&nbsp;% des personnes de nationalit\u00e9 suisse ou n\u00e9es en Suisse dont la langue principale correspond \u00e0 la langue du test (personnes non allophones), soit un total de 455\u2009000&nbsp;personnes, disposent de faibles comp\u00e9tences en lecture. 38,4&nbsp;% des personnes de nationalit\u00e9 suisse dont la langue principale ne correspond pas \u00e0 la langue du test (personnes allophones), soit un total de 174\u2009000&nbsp;personnes, se classent au niveau&nbsp;1 ou inf\u00e9rieur en lecture.&nbsp;&nbsp;<\/li>\n\n\n\n<li>61,5&nbsp;% des personnes immigr\u00e9es allophones, soit un total de 494\u2009000&nbsp;personnes, pr\u00e9sentent de faibles comp\u00e9tences en lecture. 21,9&nbsp;% des personnes immigr\u00e9es non allophones, soit un total de 130\u2009000&nbsp;personnes, disposent de faibles comp\u00e9tences en lecture.&nbsp;<\/li>\n\n\n\n<li>La part des personnes non allophones disposant de comp\u00e9tences de niveau&nbsp;1 ou inf\u00e9rieur en calcul est de 9,5&nbsp;%, soit un total de 357\u2009000&nbsp;adultes. Chez les personnes immigr\u00e9es non allophones, elle est de 18,3&nbsp;%, soit un total de 108\u2009000&nbsp;personnes.&nbsp;<\/li>\n\n\n\n<li>Les comp\u00e9tences en calcul des personnes allophones sont plus faibles: les personnes disposant de comp\u00e9tences en calcul de niveau&nbsp;1 ou inf\u00e9rieur repr\u00e9sentent 53,6&nbsp;% chez les personnes adultes immigr\u00e9es, soit un total de 431\u2009000&nbsp;personnes, et 37&nbsp;% chez les personnes allophones de nationalit\u00e9 suisse, soit un total de 168\u2009000&nbsp;personnes.&nbsp;&nbsp;<\/li>\n<\/ul>\n\n\n\n<h3 class=\"wp-block-heading\">Profil linguistique et niveau de formation&nbsp;<\/h3>\n\n\n\n<p>Le niveau de formation constitue une autre caract\u00e9ristique permettant la description des personnes disposant de faibles comp\u00e9tences selon le profil linguistique.&nbsp;<\/p>\n\n\n\n<ul class=\"wp-block-list\">\n<li>Pr\u00e8s de la moiti\u00e9 des personnes dont les connaissances dans la langue du test sont insuffisantes ne dispose d\u2019aucun titre de formation postobligatoire, 17&nbsp;% d\u2019entre elles disposent d\u2019une certification du degr\u00e9 secondaire&nbsp;II, et 35&nbsp;% d\u2019un dipl\u00f4me du degr\u00e9 tertiaire. On peut supposer que les comp\u00e9tences en lecture de ce groupe sont nettement sup\u00e9rieures dans la langue principale que dans la langue du test.&nbsp;&nbsp;<\/li>\n\n\n\n<li>Dans les cas o\u00f9 la langue du test ne correspond pas \u00e0 la langue principale (personnes allophones), 52&nbsp;% des personnes dont les comp\u00e9tences sont faibles dans les trois domaines ne disposent d\u2019aucun titre de formation postobligatoire, 34&nbsp;% d\u2019entre elles disposent d\u2019une certification du degr\u00e9 secondaire&nbsp;II, et 14&nbsp;% d\u2019un dipl\u00f4me du degr\u00e9 tertiaire. Dans la population r\u00e9sidante permanente \u00e2g\u00e9e de seize \u00e0 soixante-cinq ans (population totale), la r\u00e9partition de ces trois niveaux de formation est de respectivement un tiers.&nbsp;&nbsp;<\/li>\n\n\n\n<li>Dans le groupe des personnes non allophones dont les comp\u00e9tences de base sont faibles dans les trois domaines, la certification du degr\u00e9 secondaire&nbsp;II est le niveau de formation le plus repr\u00e9sent\u00e9, avec une part de 51&nbsp;%. 39&nbsp;% des personnes de ce groupe ne disposent d\u2019aucun titre de formation postobligatoire. Chez les personnes non allophones disposant d\u2019une certification du degr\u00e9 secondaire&nbsp;II, 57&nbsp;% ont des comp\u00e9tences en lecture de niveau&nbsp;1 ou inf\u00e9rieur. Pour r\u00e9sumer, les personnes non dipl\u00f4m\u00e9es, et les personnes disposant d\u2019une certification du degr\u00e9 secondaire II en particulier, sont nettement surrepr\u00e9sent\u00e9es par rapport \u00e0 la population totale dans ce groupe.&nbsp;&nbsp;<\/li>\n<\/ul>\n\n\n\n<figure class=\"wp-block-image size-large is-resized is-style-no-border\"><img decoding=\"async\" width=\"902\" height=\"1024\" src=\"https:\/\/alice.ch\/app\/uploads\/2025\/03\/faible-competences-formation-langue-902x1024.png\" alt=\"\" class=\"wp-image-67024\" style=\"width:606px;height:auto\" srcset=\"https:\/\/alice.ch\/app\/uploads\/2025\/03\/faible-competences-formation-langue-902x1024.png 902w, https:\/\/alice.ch\/app\/uploads\/2025\/03\/faible-competences-formation-langue-264x300.png 264w, https:\/\/alice.ch\/app\/uploads\/2025\/03\/faible-competences-formation-langue-768x872.png 768w, https:\/\/alice.ch\/app\/uploads\/2025\/03\/faible-competences-formation-langue.png 1099w\" sizes=\"(max-width: 902px) 100vw, 902px\" \/><figcaption class=\"wp-element-caption\">R\u00e9partition en pourcentage des personnes ayant de faibles comp\u00e9tences (inf\u00e9rieures au niveau 1 et au niveau 1) selon le profil linguistique et le niveau de formation.<br>(Repr\u00e9sentation propre, donn\u00e9es de l&rsquo;OFS 2024, G.3.3.8)<\/figcaption><\/figure>\n\n\n\n<p><\/p>\n\n\n\n<h3 class=\"wp-block-heading\">Profil linguistique et \u00e2ge&nbsp;&nbsp;<\/h3>\n\n\n\n<p>Le profil d\u2019\u00e2ge des personnes disposant de faibles comp\u00e9tences varie selon le profil linguistique. Le profil d\u2019\u00e2ge des personnes allophones correspond approximativement \u00e0 la r\u00e9partition de ces personnes dans l\u2019ensemble de la population totale. Les personnes non allophones pr\u00e9sentant de faibles comp\u00e9tences en lecture ou dans les trois domaines sont de loin celles dont l\u2019\u00e2ge moyen est le plus \u00e9lev\u00e9: leur part s\u2019\u00e9l\u00e8ve \u00e0 65&nbsp;% dans chaque cas.&nbsp;<\/p>\n\n\n\n<figure class=\"wp-block-image size-full is-resized is-style-no-border\"><img decoding=\"async\" width=\"1190\" height=\"829\" src=\"https:\/\/alice.ch\/app\/uploads\/2025\/03\/faible-competences-langue-age.png\" alt=\"\" class=\"wp-image-67017\" style=\"width:604px;height:auto\" srcset=\"https:\/\/alice.ch\/app\/uploads\/2025\/03\/faible-competences-langue-age.png 1190w, https:\/\/alice.ch\/app\/uploads\/2025\/03\/faible-competences-langue-age-300x209.png 300w, https:\/\/alice.ch\/app\/uploads\/2025\/03\/faible-competences-langue-age-1024x713.png 1024w, https:\/\/alice.ch\/app\/uploads\/2025\/03\/faible-competences-langue-age-768x535.png 768w\" sizes=\"(max-width: 1190px) 100vw, 1190px\" \/><figcaption class=\"wp-element-caption\">R\u00e9partition en pourcentage des personnes ayant de faibles comp\u00e9tences (niveau 1 et inf\u00e9rieur) selon le profil linguistique et l&rsquo;\u00e2ge<br>(Repr\u00e9sentation propre, donn\u00e9es de l&rsquo;OFS 2024, G.3.3.6 )<\/figcaption><\/figure>\n\n\n\n<p>En r\u00e9sum\u00e9, on observe chez les adultes dont les valeurs sont basses pour les trois domaines mesur\u00e9s, les caract\u00e9ristiques suivantes en se basant sur leur profil linguistique (d\u2019apr\u00e8s le PIAAC):&nbsp;<\/p>\n\n\n\n<ul class=\"wp-block-list\">\n<li>20&nbsp;% des personnes vivant en Suisse pr\u00e9sentant des valeurs basses pour les trois comp\u00e9tences mesur\u00e9es font partie du groupe qui n\u2019a pas \u00e9t\u00e9 en mesure d\u2019effectuer le test PIAAC en raison de ses comp\u00e9tences linguistiques trop faibles. Ces personnes repr\u00e9sentent 3&nbsp;% de la population totale. Elles sont donc surrepr\u00e9sent\u00e9es dans le groupe de personnes disposant de faibles comp\u00e9tences de base. \u00c0 l\u2019int\u00e9rieur de ce groupe, 35&nbsp;% des personnes r\u00e9sident en Suisse depuis au maximum cinq ans et 35&nbsp;% \u00e9galement disposent d\u2019un dipl\u00f4me du degr\u00e9 tertiaire.&nbsp;<\/li>\n\n\n\n<li>42&nbsp;% des personnes allophones vivant en Suisse ont obtenu des r\u00e9sultats faibles pour les trois comp\u00e9tences mesur\u00e9es. Leur profil d\u2019\u00e2ge est relativement \u00e9quilibr\u00e9. 55&nbsp;% de ces personnes r\u00e9sident depuis plus de cinq ans en Suisse, et 11&nbsp;% seulement depuis moins de cinq ans. 52&nbsp;% de ces personnes ne disposent d\u2019aucun titre de formation postobligatoire.&nbsp;&nbsp;<\/li>\n\n\n\n<li>Les personnes non allophones repr\u00e9sentent 38&nbsp;% de l\u2019ensemble des personnes adultes dont les comp\u00e9tences de base sont faibles pour les trois domaines. La part des personnes \u00e2g\u00e9es de quarante-six \u00e0 soixante-cinq ans y est nettement plus \u00e9lev\u00e9e que dans les autres groupes. Avec 51&nbsp;%, la certification du degr\u00e9 secondaire&nbsp;II repr\u00e9sente le niveau de formation le plus \u00e9lev\u00e9 au sein de ce groupe. La part des personnes pr\u00e9sentant ce profil linguistique dans la population totale est de 78&nbsp;%.&nbsp;<\/li>\n<\/ul>\n\n\n\n<h2 class=\"wp-block-heading\">Promotion des comp\u00e9tences de base des adultes par la Conf\u00e9d\u00e9ration&nbsp;&nbsp;<\/h2>\n\n\n\n<p>La Conf\u00e9d\u00e9ration souhaite s\u2019appuyer sur les conclusions de cette \u00e9tude internationale pour <a href=\"https:\/\/www.bfs.admin.ch\/bfs\/fr\/home.assetdetail.33346117.html\" target=\"_blank\" rel=\"noreferrer noopener\">am\u00e9liorer de mani\u00e8re cibl\u00e9e ses strat\u00e9gies de promotion<\/a>. La Loi sur la formation continue permet aux cantons de proposer des programmes visant \u00e0 promouvoir les comp\u00e9tences de base (ce \u00e0 quoi la FSEA s\u2019engage avec ses&nbsp;<a href=\"https:\/\/alice.ch\/fr\/services\/projets-de-cheques-de-la-fsea\/\">projets de ch\u00e8ques<\/a>&nbsp;ainsi qu\u2019avec le projet de promotion <a href=\"https:\/\/www.simplement-mieux.ch\/entreprises\/\" target=\"_blank\" rel=\"noreferrer noopener\">\u00abSimplement mieux\u2009!\u2026 au travail!\u00bb<\/a>). Des cours de langue peuvent par ailleurs \u00eatre dispens\u00e9s, en guise de mesure relative au march\u00e9 de l\u2019emploi, aux personnes inscrites au ch\u00f4mage, et ce dans le cadre de la Loi sur l\u2019assurance-ch\u00f4mage ou bien dans le cadre des Programmes d\u2019int\u00e9gration cantonaux (PIC) s\u2019il s\u2019agit de personnes nouvellement immigr\u00e9es.<\/p>\n\n\n\n<p>Les donn\u00e9es r\u00e9colt\u00e9es gr\u00e2ce \u00e0 cette \u00e9tude pourront aider \u00e0 am\u00e9liorer l\u2019efficacit\u00e9 des mesures d\u00e9ploy\u00e9es en les adaptant aux besoins des diff\u00e9rents groupes cibles. La Conf\u00e9d\u00e9ration travaille en \u00e9troite collaboration avec les instances intercantonales et nationales afin d\u2019am\u00e9liorer l\u2019efficacit\u00e9 des programmes. L\u2019objectif est de fournir aux personnes adultes r\u00e9sidant en Suisse les comp\u00e9tences dont elles ont besoin dans l\u2019exercice de leur profession ainsi que dans leur vie quotidienne.<\/p>\n\n\n\n<h2 class=\"wp-block-heading\">News sur PIAAC<\/h2>\n\n\n\n<div class=\"wp-block-query is-style-mobile-slider is-layout-flow wp-block-query-is-layout-flow\"><ul class=\"columns-3 wp-block-post-template is-layout-grid wp-container-core-post-template-is-layout-6d3fbd8f wp-block-post-template-is-layout-grid\"><li class=\"wp-block-post post-71619 news type-news status-publish has-post-thumbnail hentry news-category-competences-de-base global-category-grundkompetenzen-fr global-category-piaac-studie-fr global-category-sparplaene-in-der-weiterbildung-fr\">\n<figure class=\"wp-block-post-featured-image\"><a href=\"https:\/\/alice.ch\/fr\/news\/les-personnes-avec-des-competences-de-base-insuffisantes-sont-moins-satisfaites-en-moins-bonne-sante-moins-bien-integrees\/\" target=\"_self\"  ><img decoding=\"async\" width=\"1200\" height=\"627\" src=\"https:\/\/alice.ch\/app\/uploads\/2025\/10\/ahmet-kurt-P0oJjmjir3I-unsplash1.jpg\" class=\"attachment-post-thumbnail size-post-thumbnail wp-post-image\" alt=\"Les personnes avec des comp\u00e9tences de base insuffisantes sont moins satisfaites, en moins bonne sant\u00e9, moins bien int\u00e9gr\u00e9es\" style=\"object-fit:cover;\" srcset=\"https:\/\/alice.ch\/app\/uploads\/2025\/10\/ahmet-kurt-P0oJjmjir3I-unsplash1.jpg 1200w, https:\/\/alice.ch\/app\/uploads\/2025\/10\/ahmet-kurt-P0oJjmjir3I-unsplash1-300x157.jpg 300w, https:\/\/alice.ch\/app\/uploads\/2025\/10\/ahmet-kurt-P0oJjmjir3I-unsplash1-1024x535.jpg 1024w, https:\/\/alice.ch\/app\/uploads\/2025\/10\/ahmet-kurt-P0oJjmjir3I-unsplash1-768x401.jpg 768w\" sizes=\"(max-width: 1200px) 100vw, 1200px\" \/><\/a><\/figure>\n\n\n<div class=\"wp-block-news-category\">Comp\u00e9tences de base<\/div>\n\n\n<div class=\"wp-block-post-date\"><time datetime=\"2025-10-23T12:00:21+02:00\">23 octobre 2025<\/time><\/div>\n\n<h3 class=\"wp-block-post-title\"><a href=\"https:\/\/alice.ch\/fr\/news\/les-personnes-avec-des-competences-de-base-insuffisantes-sont-moins-satisfaites-en-moins-bonne-sante-moins-bien-integrees\/\" target=\"_self\" >Les personnes avec des comp\u00e9tences de base insuffisantes sont moins satisfaites, en moins bonne sant\u00e9, moins bien int\u00e9gr\u00e9es<\/a><\/h3>\n\n<a class=\"wp-block-query-loop-link is-style-minimal\" href=\"https:\/\/alice.ch\/fr\/news\/les-personnes-avec-des-competences-de-base-insuffisantes-sont-moins-satisfaites-en-moins-bonne-sante-moins-bien-integrees\/\">Lire l\u2019article<\/a>\n\n<\/li><li class=\"wp-block-post post-66946 news type-news status-publish has-post-thumbnail hentry news-category-competences-de-base global-category-chancengleichheit-fr global-category-forschung-fr global-category-grundkompetenzen-fr global-category-piaac-studie-fr\">\n<figure class=\"wp-block-post-featured-image\"><a href=\"https:\/\/alice.ch\/fr\/news\/chiffres-piaac-comment-et-ou-agir-maintenant\/\" target=\"_self\"  ><img decoding=\"async\" width=\"1200\" height=\"627\" src=\"https:\/\/alice.ch\/app\/uploads\/2025\/03\/jeremy-O0eFYJVcm_4-unsplash1-1.jpg\" class=\"attachment-post-thumbnail size-post-thumbnail wp-post-image\" alt=\"Chiffres PIAAC: comment et o\u00f9 agir maintenant?\" style=\"object-fit:cover;\" srcset=\"https:\/\/alice.ch\/app\/uploads\/2025\/03\/jeremy-O0eFYJVcm_4-unsplash1-1.jpg 1200w, https:\/\/alice.ch\/app\/uploads\/2025\/03\/jeremy-O0eFYJVcm_4-unsplash1-1-300x157.jpg 300w, https:\/\/alice.ch\/app\/uploads\/2025\/03\/jeremy-O0eFYJVcm_4-unsplash1-1-1024x535.jpg 1024w, https:\/\/alice.ch\/app\/uploads\/2025\/03\/jeremy-O0eFYJVcm_4-unsplash1-1-768x401.jpg 768w\" sizes=\"(max-width: 1200px) 100vw, 1200px\" \/><\/a><\/figure>\n\n\n<div class=\"wp-block-news-category\">Comp\u00e9tences de base<\/div>\n\n\n<div class=\"wp-block-post-date\"><time datetime=\"2025-03-26T08:25:03+01:00\">26 mars 2025<\/time><\/div>\n\n<h3 class=\"wp-block-post-title\"><a href=\"https:\/\/alice.ch\/fr\/news\/chiffres-piaac-comment-et-ou-agir-maintenant\/\" target=\"_self\" >Chiffres PIAAC: comment et o\u00f9 agir maintenant?<\/a><\/h3>\n\n<a class=\"wp-block-query-loop-link is-style-minimal\" href=\"https:\/\/alice.ch\/fr\/news\/chiffres-piaac-comment-et-ou-agir-maintenant\/\">Lire l\u2019article<\/a>\n\n<\/li><li class=\"wp-block-post post-65064 news type-news status-publish has-post-thumbnail hentry news-category-competences-de-base global-category-grundkompetenzen-fr global-category-piaac-studie-fr\">\n<figure class=\"wp-block-post-featured-image\"><a href=\"https:\/\/alice.ch\/fr\/news\/etude-piaac-suisse\/\" target=\"_self\"  ><img decoding=\"async\" width=\"1200\" height=\"627\" src=\"https:\/\/alice.ch\/app\/uploads\/2023\/10\/annika-gordon-cZISY8ai2iA-unsplash-crop.png\" class=\"attachment-post-thumbnail size-post-thumbnail wp-post-image\" alt=\"Etude PIAAC: Etat des lieux des comp\u00e9tences de base en lecture, math\u00e9matiques et r\u00e9solution de probl\u00e8mes en Suisse\" style=\"object-fit:cover;\" srcset=\"https:\/\/alice.ch\/app\/uploads\/2023\/10\/annika-gordon-cZISY8ai2iA-unsplash-crop.png 1200w, https:\/\/alice.ch\/app\/uploads\/2023\/10\/annika-gordon-cZISY8ai2iA-unsplash-crop-300x157.png 300w, https:\/\/alice.ch\/app\/uploads\/2023\/10\/annika-gordon-cZISY8ai2iA-unsplash-crop-1024x535.png 1024w, https:\/\/alice.ch\/app\/uploads\/2023\/10\/annika-gordon-cZISY8ai2iA-unsplash-crop-768x401.png 768w\" sizes=\"(max-width: 1200px) 100vw, 1200px\" \/><\/a><\/figure>\n\n\n<div class=\"wp-block-news-category\">Comp\u00e9tences de base<\/div>\n\n\n<div class=\"wp-block-post-date\"><time datetime=\"2024-12-10T14:20:49+01:00\">10 d\u00e9cembre 2024<\/time><\/div>\n\n<h3 class=\"wp-block-post-title\"><a href=\"https:\/\/alice.ch\/fr\/news\/etude-piaac-suisse\/\" target=\"_self\" >Etude PIAAC: Etat des lieux des comp\u00e9tences de base en lecture, math\u00e9matiques et r\u00e9solution de probl\u00e8mes en Suisse<\/a><\/h3>\n\n<a class=\"wp-block-query-loop-link is-style-minimal\" href=\"https:\/\/alice.ch\/fr\/news\/etude-piaac-suisse\/\">Lire l\u2019article<\/a>\n\n<\/li><\/ul>\n\n\n\n<\/div>\n\n\n\n<h2 class=\"wp-block-heading\">Contact<\/h2>\n\n\n\n<div class=\"wp-block-columns is-layout-flex wp-container-core-columns-is-layout-28f84493 wp-block-columns-is-layout-flex\">\n<div class=\"wp-block-column is-layout-flow wp-block-column-is-layout-flow\" style=\"flex-basis:50%\"><div class=\"contact-persons\">\n\n\t\t\t\t\t<div class=\"contact-person\">\n\t\t\t\t\tCaroline Meier Quevedo<br \/>\t\t\t\t\tDirectrice du secr\u00e9tariat romand<br \/>\t\t\t\t\t<br \/>\n\t\t\t\t\t\t\t\t\t\t<a href=\"tel:+41 (0)22 994 20 10\">+41 (0)22 994 20 10<\/a><br \/>\t\t\t\t\t<a href=\"mailto:caroline.meier@alice.ch\">caroline.meier@alice.ch<\/a><br \/>\t\t\t\t\t<\/div>\n\t\t\t\t\t<\/div>\n<\/div>\n\n\n\n<div class=\"wp-block-column is-layout-flow wp-block-column-is-layout-flow\" style=\"flex-basis:50%\"><\/div>\n<\/div>\n<\/div>\n","protected":false},"excerpt":{"rendered":"<p>Les comp\u00e9tences de base des adultes r\u00e9sidant en Suisse en lecture, math\u00e9matiques et r\u00e9solution de probl\u00e8mes Le Programme pour l\u2019\u00e9valuation [&hellip;]<\/p>\n","protected":false},"author":5,"featured_media":20799,"parent":11009,"menu_order":57,"comment_status":"closed","ping_status":"closed","template":"","meta":{"_acf_changed":false,"inline_featured_image":false,"footnotes":""},"class_list":["post-66985","page","type-page","status-publish","has-post-thumbnail","hentry"],"acf":[],"yoast_head":"<!-- This site is optimized with the Yoast SEO plugin v27.3 - https:\/\/yoast.com\/product\/yoast-seo-wordpress\/ -->\n<title>R\u00e9sultats de l&#039;enqu\u00eate PIAAC en Suisse - FSEA<\/title>\n<meta name=\"robots\" content=\"index, follow, max-snippet:-1, max-image-preview:large, max-video-preview:-1\" \/>\n<link rel=\"canonical\" href=\"https:\/\/alice.ch\/fr\/themes\/competences-de-base\/resultats-de-lenquete-piaac-en-suisse\/\" \/>\n<meta property=\"og:locale\" content=\"fr_FR\" \/>\n<meta property=\"og:type\" content=\"article\" \/>\n<meta property=\"og:title\" content=\"R\u00e9sultats de l&#039;enqu\u00eate PIAAC en Suisse - FSEA\" \/>\n<meta property=\"og:description\" content=\"Les comp\u00e9tences de base des adultes r\u00e9sidant en Suisse en lecture, math\u00e9matiques et r\u00e9solution de probl\u00e8mes Le Programme pour l\u2019\u00e9valuation [&hellip;]\" \/>\n<meta property=\"og:url\" content=\"https:\/\/alice.ch\/fr\/themes\/competences-de-base\/resultats-de-lenquete-piaac-en-suisse\/\" \/>\n<meta property=\"og:site_name\" content=\"SVEB\" \/>\n<meta property=\"article:modified_time\" content=\"2025-03-27T09:00:28+00:00\" \/>\n<meta property=\"og:image\" content=\"https:\/\/alice.ch\/app\/uploads\/2025\/03\/competences-de-base-niveau-formation.png\" \/>\n\t<meta property=\"og:image:width\" content=\"2860\" \/>\n\t<meta property=\"og:image:height\" content=\"1938\" \/>\n\t<meta property=\"og:image:type\" content=\"image\/png\" \/>\n<meta name=\"twitter:card\" content=\"summary_large_image\" \/>\n<meta name=\"twitter:label1\" content=\"Dur\u00e9e de lecture estim\u00e9e\" \/>\n\t<meta name=\"twitter:data1\" content=\"14 minutes\" \/>\n<script type=\"application\/ld+json\" class=\"yoast-schema-graph\">{\"@context\":\"https:\\\/\\\/schema.org\",\"@graph\":[{\"@type\":\"WebPage\",\"@id\":\"https:\\\/\\\/alice.ch\\\/fr\\\/themes\\\/competences-de-base\\\/resultats-de-lenquete-piaac-en-suisse\\\/\",\"url\":\"https:\\\/\\\/alice.ch\\\/fr\\\/themes\\\/competences-de-base\\\/resultats-de-lenquete-piaac-en-suisse\\\/\",\"name\":\"R\u00e9sultats de l'enqu\u00eate PIAAC en Suisse - FSEA\",\"isPartOf\":{\"@id\":\"https:\\\/\\\/alice.ch\\\/fr\\\/#website\"},\"primaryImageOfPage\":{\"@id\":\"https:\\\/\\\/alice.ch\\\/fr\\\/themes\\\/competences-de-base\\\/resultats-de-lenquete-piaac-en-suisse\\\/#primaryimage\"},\"image\":{\"@id\":\"https:\\\/\\\/alice.ch\\\/fr\\\/themes\\\/competences-de-base\\\/resultats-de-lenquete-piaac-en-suisse\\\/#primaryimage\"},\"thumbnailUrl\":\"https:\\\/\\\/alice.ch\\\/app\\\/uploads\\\/2022\\\/11\\\/default.jpg\",\"datePublished\":\"2025-03-19T09:14:03+00:00\",\"dateModified\":\"2025-03-27T09:00:28+00:00\",\"breadcrumb\":{\"@id\":\"https:\\\/\\\/alice.ch\\\/fr\\\/themes\\\/competences-de-base\\\/resultats-de-lenquete-piaac-en-suisse\\\/#breadcrumb\"},\"inLanguage\":\"fr-FR\",\"potentialAction\":[{\"@type\":\"ReadAction\",\"target\":[\"https:\\\/\\\/alice.ch\\\/fr\\\/themes\\\/competences-de-base\\\/resultats-de-lenquete-piaac-en-suisse\\\/\"]}]},{\"@type\":\"ImageObject\",\"inLanguage\":\"fr-FR\",\"@id\":\"https:\\\/\\\/alice.ch\\\/fr\\\/themes\\\/competences-de-base\\\/resultats-de-lenquete-piaac-en-suisse\\\/#primaryimage\",\"url\":\"https:\\\/\\\/alice.ch\\\/app\\\/uploads\\\/2022\\\/11\\\/default.jpg\",\"contentUrl\":\"https:\\\/\\\/alice.ch\\\/app\\\/uploads\\\/2022\\\/11\\\/default.jpg\",\"width\":1600,\"height\":900},{\"@type\":\"BreadcrumbList\",\"@id\":\"https:\\\/\\\/alice.ch\\\/fr\\\/themes\\\/competences-de-base\\\/resultats-de-lenquete-piaac-en-suisse\\\/#breadcrumb\",\"itemListElement\":[{\"@type\":\"ListItem\",\"position\":1,\"name\":\"Page d'accueil\",\"item\":\"https:\\\/\\\/alice.ch\\\/fr\\\/\"},{\"@type\":\"ListItem\",\"position\":2,\"name\":\"Th\u00e8mes\",\"item\":\"https:\\\/\\\/alice.ch\\\/fr\\\/themes\\\/\"},{\"@type\":\"ListItem\",\"position\":3,\"name\":\"Comp\u00e9tences de base\",\"item\":\"https:\\\/\\\/alice.ch\\\/fr\\\/themes\\\/competences-de-base\\\/\"},{\"@type\":\"ListItem\",\"position\":4,\"name\":\"R\u00e9sultats de l&#8217;enqu\u00eate PIAAC en Suisse\"}]},{\"@type\":\"WebSite\",\"@id\":\"https:\\\/\\\/alice.ch\\\/fr\\\/#website\",\"url\":\"https:\\\/\\\/alice.ch\\\/fr\\\/\",\"name\":\"alice.ch (Adult Learning Information Center) ist das Portal der Weiterbildung in der Schweiz.\",\"description\":\"Schweizerischer Verband f\u00fcr Weiterbildung\",\"publisher\":{\"@id\":\"https:\\\/\\\/alice.ch\\\/fr\\\/#organization\"},\"potentialAction\":[{\"@type\":\"SearchAction\",\"target\":{\"@type\":\"EntryPoint\",\"urlTemplate\":\"https:\\\/\\\/alice.ch\\\/fr\\\/?s={search_term_string}\"},\"query-input\":{\"@type\":\"PropertyValueSpecification\",\"valueRequired\":true,\"valueName\":\"search_term_string\"}}],\"inLanguage\":\"fr-FR\"},{\"@type\":\"Organization\",\"@id\":\"https:\\\/\\\/alice.ch\\\/fr\\\/#organization\",\"name\":\"FSEA F\u00e9d\u00e9ration suisse pour la formation continue\",\"url\":\"https:\\\/\\\/alice.ch\\\/fr\\\/\",\"logo\":{\"@type\":\"ImageObject\",\"inLanguage\":\"fr-FR\",\"@id\":\"https:\\\/\\\/alice.ch\\\/fr\\\/#\\\/schema\\\/logo\\\/image\\\/\",\"url\":\"https:\\\/\\\/alice.ch\\\/app\\\/uploads\\\/2022\\\/07\\\/logo-sveb.png\",\"contentUrl\":\"https:\\\/\\\/alice.ch\\\/app\\\/uploads\\\/2022\\\/07\\\/logo-sveb.png\",\"width\":145,\"height\":64,\"caption\":\"FSEA F\u00e9d\u00e9ration suisse pour la formation continue\"},\"image\":{\"@id\":\"https:\\\/\\\/alice.ch\\\/fr\\\/#\\\/schema\\\/logo\\\/image\\\/\"},\"sameAs\":[\"https:\\\/\\\/www.linkedin.com\\\/company\\\/schweizerischer-verband-fr-weiterbildung-sveb\\\/\"]}]}<\/script>\n<!-- \/ Yoast SEO plugin. -->","yoast_head_json":{"title":"R\u00e9sultats de l'enqu\u00eate PIAAC en Suisse - FSEA","robots":{"index":"index","follow":"follow","max-snippet":"max-snippet:-1","max-image-preview":"max-image-preview:large","max-video-preview":"max-video-preview:-1"},"canonical":"https:\/\/alice.ch\/fr\/themes\/competences-de-base\/resultats-de-lenquete-piaac-en-suisse\/","og_locale":"fr_FR","og_type":"article","og_title":"R\u00e9sultats de l'enqu\u00eate PIAAC en Suisse - FSEA","og_description":"Les comp\u00e9tences de base des adultes r\u00e9sidant en Suisse en lecture, math\u00e9matiques et r\u00e9solution de probl\u00e8mes Le Programme pour l\u2019\u00e9valuation [&hellip;]","og_url":"https:\/\/alice.ch\/fr\/themes\/competences-de-base\/resultats-de-lenquete-piaac-en-suisse\/","og_site_name":"SVEB","article_modified_time":"2025-03-27T09:00:28+00:00","og_image":[{"width":2860,"height":1938,"url":"https:\/\/alice.ch\/app\/uploads\/2025\/03\/competences-de-base-niveau-formation.png","type":"image\/png"}],"twitter_card":"summary_large_image","twitter_misc":{"Dur\u00e9e de lecture estim\u00e9e":"14 minutes"},"schema":{"@context":"https:\/\/schema.org","@graph":[{"@type":"WebPage","@id":"https:\/\/alice.ch\/fr\/themes\/competences-de-base\/resultats-de-lenquete-piaac-en-suisse\/","url":"https:\/\/alice.ch\/fr\/themes\/competences-de-base\/resultats-de-lenquete-piaac-en-suisse\/","name":"R\u00e9sultats de l'enqu\u00eate PIAAC en Suisse - FSEA","isPartOf":{"@id":"https:\/\/alice.ch\/fr\/#website"},"primaryImageOfPage":{"@id":"https:\/\/alice.ch\/fr\/themes\/competences-de-base\/resultats-de-lenquete-piaac-en-suisse\/#primaryimage"},"image":{"@id":"https:\/\/alice.ch\/fr\/themes\/competences-de-base\/resultats-de-lenquete-piaac-en-suisse\/#primaryimage"},"thumbnailUrl":"https:\/\/alice.ch\/app\/uploads\/2022\/11\/default.jpg","datePublished":"2025-03-19T09:14:03+00:00","dateModified":"2025-03-27T09:00:28+00:00","breadcrumb":{"@id":"https:\/\/alice.ch\/fr\/themes\/competences-de-base\/resultats-de-lenquete-piaac-en-suisse\/#breadcrumb"},"inLanguage":"fr-FR","potentialAction":[{"@type":"ReadAction","target":["https:\/\/alice.ch\/fr\/themes\/competences-de-base\/resultats-de-lenquete-piaac-en-suisse\/"]}]},{"@type":"ImageObject","inLanguage":"fr-FR","@id":"https:\/\/alice.ch\/fr\/themes\/competences-de-base\/resultats-de-lenquete-piaac-en-suisse\/#primaryimage","url":"https:\/\/alice.ch\/app\/uploads\/2022\/11\/default.jpg","contentUrl":"https:\/\/alice.ch\/app\/uploads\/2022\/11\/default.jpg","width":1600,"height":900},{"@type":"BreadcrumbList","@id":"https:\/\/alice.ch\/fr\/themes\/competences-de-base\/resultats-de-lenquete-piaac-en-suisse\/#breadcrumb","itemListElement":[{"@type":"ListItem","position":1,"name":"Page d'accueil","item":"https:\/\/alice.ch\/fr\/"},{"@type":"ListItem","position":2,"name":"Th\u00e8mes","item":"https:\/\/alice.ch\/fr\/themes\/"},{"@type":"ListItem","position":3,"name":"Comp\u00e9tences de base","item":"https:\/\/alice.ch\/fr\/themes\/competences-de-base\/"},{"@type":"ListItem","position":4,"name":"R\u00e9sultats de l&#8217;enqu\u00eate PIAAC en Suisse"}]},{"@type":"WebSite","@id":"https:\/\/alice.ch\/fr\/#website","url":"https:\/\/alice.ch\/fr\/","name":"alice.ch (Adult Learning Information Center) ist das Portal der Weiterbildung in der Schweiz.","description":"Schweizerischer Verband f\u00fcr Weiterbildung","publisher":{"@id":"https:\/\/alice.ch\/fr\/#organization"},"potentialAction":[{"@type":"SearchAction","target":{"@type":"EntryPoint","urlTemplate":"https:\/\/alice.ch\/fr\/?s={search_term_string}"},"query-input":{"@type":"PropertyValueSpecification","valueRequired":true,"valueName":"search_term_string"}}],"inLanguage":"fr-FR"},{"@type":"Organization","@id":"https:\/\/alice.ch\/fr\/#organization","name":"FSEA F\u00e9d\u00e9ration suisse pour la formation continue","url":"https:\/\/alice.ch\/fr\/","logo":{"@type":"ImageObject","inLanguage":"fr-FR","@id":"https:\/\/alice.ch\/fr\/#\/schema\/logo\/image\/","url":"https:\/\/alice.ch\/app\/uploads\/2022\/07\/logo-sveb.png","contentUrl":"https:\/\/alice.ch\/app\/uploads\/2022\/07\/logo-sveb.png","width":145,"height":64,"caption":"FSEA F\u00e9d\u00e9ration suisse pour la formation continue"},"image":{"@id":"https:\/\/alice.ch\/fr\/#\/schema\/logo\/image\/"},"sameAs":["https:\/\/www.linkedin.com\/company\/schweizerischer-verband-fr-weiterbildung-sveb\/"]}]}},"_links":{"self":[{"href":"https:\/\/alice.ch\/fr\/wp-json\/wp\/v2\/pages\/66985","targetHints":{"allow":["GET"]}}],"collection":[{"href":"https:\/\/alice.ch\/fr\/wp-json\/wp\/v2\/pages"}],"about":[{"href":"https:\/\/alice.ch\/fr\/wp-json\/wp\/v2\/types\/page"}],"author":[{"embeddable":true,"href":"https:\/\/alice.ch\/fr\/wp-json\/wp\/v2\/users\/5"}],"replies":[{"embeddable":true,"href":"https:\/\/alice.ch\/fr\/wp-json\/wp\/v2\/comments?post=66985"}],"version-history":[{"count":15,"href":"https:\/\/alice.ch\/fr\/wp-json\/wp\/v2\/pages\/66985\/revisions"}],"predecessor-version":[{"id":67094,"href":"https:\/\/alice.ch\/fr\/wp-json\/wp\/v2\/pages\/66985\/revisions\/67094"}],"up":[{"embeddable":true,"href":"https:\/\/alice.ch\/fr\/wp-json\/wp\/v2\/pages\/11009"}],"wp:featuredmedia":[{"embeddable":true,"href":"https:\/\/alice.ch\/fr\/wp-json\/wp\/v2\/media\/20799"}],"wp:attachment":[{"href":"https:\/\/alice.ch\/fr\/wp-json\/wp\/v2\/media?parent=66985"}],"curies":[{"name":"wp","href":"https:\/\/api.w.org\/{rel}","templated":true}]}}