{"id":73083,"date":"2025-01-13T11:55:03","date_gmt":"2025-01-13T10:55:03","guid":{"rendered":"https:\/\/alice.ch\/?page_id=73083"},"modified":"2026-01-28T14:14:43","modified_gmt":"2026-01-28T13:14:43","slug":"les-echanges-internationaux","status":"publish","type":"page","link":"https:\/\/alice.ch\/fr\/themes\/la-formation-continue-dans-un-contexte-international\/les-echanges-internationaux\/","title":{"rendered":"\u00c9changes internationaux"},"content":{"rendered":"\n<div class=\"wp-block-group is-style-reduced-width is-layout-constrained wp-block-group-is-layout-constrained\">\n<h1 class=\"wp-block-heading\">Les \u00e9changes internationaux : un enrichissement pour la formation continue<\/h1>\n\n\n\n<p class=\"is-style-lead\">Les personnes et les organisations actives dans le domaine de la formation continue peuvent tirer profit des \u00e9changes internationaux : les projets de coop\u00e9ration et de mobilit\u00e9 leur offrent inspiration, nouvelles approches et possibilit\u00e9s de mise en r\u00e9seau.<\/p>\n\n\n\n<p class=\"is-style-default\">Les \u00e9changes internationaux apportent des id\u00e9es nouvelles et des suggestions pour le travail quotidien, diversifient le quotidien professionnel et \u00e9largissent les possibilit\u00e9s professionnelles. La FSEA collabore avec Movetia, l&rsquo;agence nationale pour la promotion des \u00e9changes internationaux et de la mobilit\u00e9 dans le domaine de la formation. Ensemble, elles soutiennent et encouragent les \u00e9changes internationaux dans la formation continue.<\/p>\n\n\n\n<div class=\"wp-block-group is-layout-flow wp-block-group-is-layout-flow\">\n<div class=\"wp-block-columns is-style-accordion is-layout-flex wp-container-core-columns-is-layout-28f84493 wp-block-columns-is-layout-flex\" id=\"faq-element-1\">\n<div class=\"wp-block-column is-layout-flow wp-block-column-is-layout-flow\">\n<h3 class=\"wp-block-heading\">Quels sont les avantages des \u00e9changes internationaux pour mon organisation ou pour moi personnellement ?<\/h3>\n<\/div>\n\n\n\n<div class=\"wp-block-column is-layout-flow wp-block-column-is-layout-flow\">\n<p>Gr\u00e2ce aux projets de coop\u00e9ration et de mobilit\u00e9 internationaux, les personnes participantes acqui\u00e8rent de nouvelles id\u00e9es, d\u00e9veloppent de nouvelles approches et trouvent des sources d&rsquo;inspiration pour leur travail quotidien. Les projets apportent de la diversit\u00e9 dans le quotidien professionnel des personnes participantes, permettent de d\u00e9couvrir de nouvelles personnes et cultures et renforcent les comp\u00e9tences (interculturelles). Ils peuvent en outre \u00e9largir leurs perspectives professionnelles et \u00e9tablir ou intensifier des relations internationales.\u202f\u202f<\/p>\n\n\n\n<p>Pour les institutions, les projets de coop\u00e9ration et de mobilit\u00e9 cr\u00e9ent un climat de travail ouvert sur le monde et propice \u00e0 l&rsquo;apprentissage, favorisent le multilinguisme et les comp\u00e9tences interculturelles du personnel et intensifient le r\u00e9seau international. Cela contribue \u00e0 la qualit\u00e9 de la formation, soutient le d\u00e9veloppement d&rsquo;offres d&rsquo;enseignement et de formes d&rsquo;organisation innovantes, et positionne l&rsquo;organisation comme un employeur innovant et attractif.<\/p>\n<\/div>\n<\/div>\n\n\n\n<div class=\"wp-block-columns is-style-accordion is-layout-flex wp-container-core-columns-is-layout-28f84493 wp-block-columns-is-layout-flex\" id=\"faq-element-1\">\n<div class=\"wp-block-column is-layout-flow wp-block-column-is-layout-flow\">\n<h3 class=\"wp-block-heading\">Quels types d&rsquo;\u00e9changes internationaux sont soutenus ?<\/h3>\n<\/div>\n\n\n\n<div class=\"wp-block-column is-layout-flow wp-block-column-is-layout-flow\">\n<p>Dans le cadre d\u2019Erasmus+, Movetia soutient d\u2019une part <strong>des projets de coop\u00e9ration internationale<\/strong> dans lesquels des institutions partenaires de diff\u00e9rents pays \u00e9laborent ensemble un produit orient\u00e9 vers la pratique pour le domaine de la formation continue. D\u2019autre part, l\u2019agence soutient des projets de mobilit\u00e9 dans le cadre desquels des expertes et experts \u00e9trangers sont invit\u00e9s en Suisse pour un \u00e9change et, inversement, des s\u00e9jours \u00e0 l\u2019\u00e9tranger sont pr\u00e9vus pour des expertes et experts suisses.\u202f\u202f<\/p>\n\n\n\n<p>Movetia prend en charge au maximum 60 % des frais de personnel et de mat\u00e9riel de l&rsquo;institution suisse qui sont directement li\u00e9s au projet. Au moins 40 % du financement du projet doit \u00eatre fourni par l&rsquo;institution suisse elle-m\u00eame ou financ\u00e9 par d&rsquo;autres sources (par exemple, fonds propres\/autres fonds tiers).<\/p>\n\n\n\n<p>Remarque : Movetia soutient la participation de personnes ayant des besoins particuliers et une mobilit\u00e9 r\u00e9duite. Les frais suppl\u00e9mentaires occasionn\u00e9s par d&rsquo;\u00e9ventuels obstacles sont examin\u00e9s\u202fpar Movetia et rembours\u00e9s le cas \u00e9ch\u00e9ant.\u202f\u202f<\/p>\n<\/div>\n<\/div>\n\n\n\n<div class=\"wp-block-columns is-style-accordion is-layout-flex wp-container-core-columns-is-layout-28f84493 wp-block-columns-is-layout-flex\" id=\"faq-element-1\">\n<div class=\"wp-block-column is-layout-flow wp-block-column-is-layout-flow\">\n<h3 class=\"wp-block-heading\">Que sont exactement les projets de coop\u00e9ration internationale ?&nbsp;&nbsp;<\/h3>\n<\/div>\n\n\n\n<div class=\"wp-block-column is-layout-flow wp-block-column-is-layout-flow\">\n<p>Dans le cadre des projets de coop\u00e9ration internationale, on distingue les partenariats de coop\u00e9ration Erasmus+ et les coop\u00e9rations dirig\u00e9es par la Suisse (anciennement programme international).&nbsp;&nbsp;<\/p>\n\n\n\n<p>Dans le cadre <strong>des partenariats de coop\u00e9ration Erasmus+, <\/strong>des institutions suisses actives dans le domaine de la formation continue collaborent avec au moins trois institutions \u00e9trang\u00e8res sur un projet commun. Les projets se d\u00e9roulent principalement en Europe et durent g\u00e9n\u00e9ralement entre un et trois ans. L&rsquo;objectif est de promouvoir la coop\u00e9ration internationale et la mise en r\u00e9seau institutionnelle, de g\u00e9n\u00e9rer de nouvelles connaissances et pratiques, ainsi que de renforcer l&rsquo;\u00e9change d&rsquo;exp\u00e9riences. En outre, la qualit\u00e9 et la comp\u00e9titivit\u00e9 du syst\u00e8me \u00e9ducatif suisse doivent \u00eatre d\u00e9velopp\u00e9es. L&rsquo;accent est mis sur le d\u00e9veloppement des institutions, de leurs activit\u00e9s et de leurs offres. Les institutions de formation suisses participent aux projets de coop\u00e9ration en tant que partenaires associ\u00e9s. Une direction de projet de la part de la Suisse est donc exclue.&nbsp;&nbsp;<\/p>\n\n\n\n<p>Dans le cadre <strong>des coop\u00e9rations dirig\u00e9es par la Suisse <\/strong>(anciennement programme international), des institutions suisses du domaine de la formation continue collaborent avec au moins une institution \u00e9trang\u00e8re sur un projet commun. Les projets peuvent se d\u00e9rouler dans le monde entier et durent g\u00e9n\u00e9ralement jusqu&rsquo;\u00e0 deux ans. L&rsquo;objectif est de d\u00e9velopper conjointement des concepts, des programmes ou des outils de formation sur un th\u00e8me d&rsquo;actualit\u00e9, qui apportent une valeur ajout\u00e9e \u00e0 la formation en Suisse. Une institution de formation suisse coordonne l&rsquo;ensemble du projet.&nbsp;&nbsp;&nbsp;<\/p>\n<\/div>\n<\/div>\n\n\n\n<div class=\"wp-block-columns is-style-accordion is-layout-flex wp-container-core-columns-is-layout-28f84493 wp-block-columns-is-layout-flex\" id=\"faq-element-1\">\n<div class=\"wp-block-column is-layout-flow wp-block-column-is-layout-flow\">\n<h3 class=\"wp-block-heading\">Comment se d\u00e9roulent les projets de coop\u00e9ration internationale ?&nbsp;&nbsp;<\/h3>\n<\/div>\n\n\n\n<div class=\"wp-block-column is-layout-flow wp-block-column-is-layout-flow\">\n<p><strong>Conception du projet :<\/strong> &nbsp;<br>Si une institution suisse de formation d\u00e9cide de participer \u00e0 un projet de coop\u00e9ration, elle peut soit rejoindre une \u00e9quipe de projet d\u00e9j\u00e0 existante, soit planifier un projet avec des institutions partenaires europ\u00e9ennes appropri\u00e9es et approfondir sa propre id\u00e9e de projet dans le cadre d&rsquo;un partenariat de coop\u00e9ration. (Remarque : la participation suisse doit \u00eatre d\u00e9crite et justifi\u00e9e dans la demande europ\u00e9enne.) L&rsquo;institution suisse r\u00e9dige en outre une demande de subvention s\u00e9par\u00e9e et la soumet \u00e0 Movetia. Si une demande est accept\u00e9e au niveau europ\u00e9en, Movetia examine la participation de l&rsquo;institution requ\u00e9rante.\u202f\u202f&nbsp;<\/p>\n\n\n\n<p><strong>Mise en \u0153uvre du projet :<\/strong> &nbsp;<br>Le lancement et la dur\u00e9e du projet correspondent aux dates fix\u00e9es dans la demande europ\u00e9enne. Toutes les activit\u00e9s pr\u00e9vues ont lieu pendant la dur\u00e9e du projet. Les r\u00e9sultats doivent \u00eatre diffus\u00e9s en continu et partag\u00e9s le plus largement possible par l&rsquo;institution suisse, par exemple en participant \u00e0 des conf\u00e9rences, en publiant des articles, en partageant des contenus via des canaux tels que des newsletters, les r\u00e9seaux sociaux ou des blogs, ou en menant des discussions dans son propre r\u00e9seau. Toute modification du projet (par exemple, la dur\u00e9e, les partenaires du projet, le budget) doit \u00eatre communiqu\u00e9e \u00e0 Movetia dans une demande sp\u00e9ciale, r\u00e9examin\u00e9e et approuv\u00e9e.\u202f\u202f&nbsp;<\/p>\n\n\n\n<p>Les porteurs de projet sont tenus de rendre compte \u00e0 Movetia pendant toute la dur\u00e9e du projet (par exemple sous la forme d&rsquo;un rapport interm\u00e9diaire), de lui transmettre les r\u00e9sultats du projet, y compris les publications, de tenir une comptabilit\u00e9 appropri\u00e9e et de se rendre disponibles\u202fpour les visites de suivi annonc\u00e9es.\u202f\u202f&nbsp;<\/p>\n\n\n\n<p><strong>Cl\u00f4ture du projet :<\/strong> &nbsp;<br>\u00c0 l&rsquo;issue de la dur\u00e9e du projet, l&rsquo;institution suisse doit r\u00e9diger un rapport final dans un d\u00e9lai de 60 jours et le soumettre \u00e0 Movetia. La soumission du rapport final dans les d\u00e9lais impartis est une condition pr\u00e9alable au versement int\u00e9gral du montant de la subvention.&nbsp;&nbsp;&nbsp;<\/p>\n<\/div>\n<\/div>\n\n\n\n<div class=\"wp-block-columns is-style-accordion is-layout-flex wp-container-core-columns-is-layout-28f84493 wp-block-columns-is-layout-flex\" id=\"faq-element-1\">\n<div class=\"wp-block-column is-layout-flow wp-block-column-is-layout-flow\">\n<h3 class=\"wp-block-heading\">Que sont exactement les projets de mobilit\u00e9 ?&nbsp;&nbsp;<\/h3>\n<\/div>\n\n\n\n<div class=\"wp-block-column is-layout-flow wp-block-column-is-layout-flow\">\n<p>Les projets de mobilit\u00e9 permettent au personnel actif dans le domaine de la formation des adultes, tant \u00e0 titre individuel que collectif, d&rsquo;effectuer des s\u00e9jours \u00e0 l&rsquo;\u00e9tranger. Il peut s&rsquo;agir, d&rsquo;une part, de s\u00e9jours \u00e0 l&rsquo;\u00e9tranger \u2013 en Europe et dans le monde entier \u2013 de personnes travaillant en Suisse (<em>outgoing<\/em>) ou, d&rsquo;autre part, d&rsquo;inviter en Suisse du personnel actif dans le domaine de la formation des adultes \u00e0 l&rsquo;\u00e9tranger (<em>incoming<\/em>). Les options possibles sont par exemple la participation \u00e0 un cours, \u00e0 des conf\u00e9rences, \u00e0 des s\u00e9minaires ou \u00e0 des congr\u00e8s, le <em>job shadowing<\/em> ou une activit\u00e9 de professeur invit\u00e9. L&rsquo;objectif des projets de mobilit\u00e9 est l&rsquo;\u00e9change, le d\u00e9veloppement personnel et professionnel ainsi que la promotion des comp\u00e9tences techniques, didactiques et personnelles. Les s\u00e9jours peuvent durer de 2 \u00e0 60 jours cons\u00e9cutifs.&nbsp;&nbsp;<\/p>\n<\/div>\n<\/div>\n\n\n\n<div class=\"wp-block-columns is-style-accordion is-layout-flex wp-container-core-columns-is-layout-28f84493 wp-block-columns-is-layout-flex\" id=\"faq-element-1\">\n<div class=\"wp-block-column is-layout-flow wp-block-column-is-layout-flow\">\n<h3 class=\"wp-block-heading\">Comment se d\u00e9roulent les projets de mobilit\u00e9 ?&nbsp;&nbsp;<\/h3>\n<\/div>\n\n\n\n<div class=\"wp-block-column is-layout-flow wp-block-column-is-layout-flow\">\n<p>Les projets de mobilit\u00e9 sont planifi\u00e9s par l&rsquo;institution concern\u00e9e. Pour cela, il faut r\u00e9diger une demande de projet\/de subvention qui fournit des informations sur les activit\u00e9s pr\u00e9vues. La demande doit \u00eatre soumise dans les d\u00e9lais impartis, \u00e0 savoir en mars et en octobre. La demande soumise est ensuite examin\u00e9e par Movetia. Une r\u00e9ponse contenant des informations sur l&rsquo;\u00e9valuation et le montant du soutien approuv\u00e9 est g\u00e9n\u00e9ralement envoy\u00e9e dans un d\u00e9lai de deux mois. \u00c0 l&rsquo;issue du projet, l&rsquo;institution suisse doit r\u00e9diger un rapport final dans un d\u00e9lai de 60 jours et le soumettre \u00e0 Movetia. En fonction du nombre de mobilit\u00e9s r\u00e9alis\u00e9es, les montants restants sont vers\u00e9s ou font l&rsquo;objet d&rsquo;une demande de remboursement.&nbsp;&nbsp;<\/p>\n\n\n\n<p>Remarque : une seule demande suffit pour toutes les personnes participant \u00e0 la formation continue. La m\u00eame demande peut \u00e9galement servir \u00e0 solliciter des fonds pour diff\u00e9rentes activit\u00e9s \u00e0 l&rsquo;\u00e9tranger dans le domaine de la formation des adultes.\u202f\u202f&nbsp;<\/p>\n\n\n\n<p><\/p>\n<\/div>\n<\/div>\n<\/div>\n\n\n\n<p><\/p>\n\n\n\n<div class=\"wp-block-group has-primary-background-color has-background is-layout-constrained wp-block-group-is-layout-constrained\">\n<p class=\"is-style-lead\">La FSEA se tient \u00e0 votre disposition pour vous aider \u00e0 soumettre vos demandes ou \u00e0 trouver des partenaires de projet.&nbsp;<\/p>\n\n\n\n<div class=\"wp-block-buttons is-layout-flex wp-block-buttons-is-layout-flex\">\n<div class=\"wp-block-button\"><a class=\"wp-block-button__link wp-element-button\" href=\"mailto:lynette.weber@alice.ch\">Prendre contact<\/a><\/div>\n<\/div>\n<\/div>\n\n\n\n<h2 class=\"wp-block-heading\">Actualit\u00e9s sur les projets de mobilit\u00e9 et de coop\u00e9ration de la FSEA&nbsp;<\/h2>\n\n\n\n<div class=\"wp-block-query is-style-mobile-slider is-layout-flow wp-block-query-is-layout-flow\"><ul class=\"columns-3 wp-block-post-template is-layout-grid wp-container-core-post-template-is-layout-6d3fbd8f wp-block-post-template-is-layout-grid\"><li class=\"wp-block-post post-73524 news type-news status-publish has-post-thumbnail hentry news-category-international-fr global-category-ageing-well-fr global-category-projet-ue\">\n<figure class=\"wp-block-post-featured-image\"><a href=\"https:\/\/alice.ch\/fr\/news\/ageing-well-des-outils-concrets-pour-un-vieillissement-actif-et-connecte\/\" target=\"_self\"  ><img decoding=\"async\" width=\"1200\" height=\"627\" src=\"https:\/\/alice.ch\/app\/uploads\/2026\/02\/getty-images-h45rIo34eyQ-unsplash1.jpg\" class=\"attachment-post-thumbnail size-post-thumbnail wp-post-image\" alt=\"Ageing Well \u2013 des outils concrets pour un vieillissement actif et connect\u00e9\" style=\"object-fit:cover;\" srcset=\"https:\/\/alice.ch\/app\/uploads\/2026\/02\/getty-images-h45rIo34eyQ-unsplash1.jpg 1200w, https:\/\/alice.ch\/app\/uploads\/2026\/02\/getty-images-h45rIo34eyQ-unsplash1-300x157.jpg 300w, https:\/\/alice.ch\/app\/uploads\/2026\/02\/getty-images-h45rIo34eyQ-unsplash1-1024x535.jpg 1024w, https:\/\/alice.ch\/app\/uploads\/2026\/02\/getty-images-h45rIo34eyQ-unsplash1-768x401.jpg 768w\" sizes=\"(max-width: 1200px) 100vw, 1200px\" \/><\/a><\/figure>\n\n\n<div class=\"wp-block-news-category\">International<\/div>\n\n\n<div class=\"wp-block-post-date\"><time datetime=\"2026-02-12T15:04:25+01:00\">12. f\u00e9vrier 2026<\/time><\/div>\n\n<h3 class=\"wp-block-post-title\"><a href=\"https:\/\/alice.ch\/fr\/news\/ageing-well-des-outils-concrets-pour-un-vieillissement-actif-et-connecte\/\" target=\"_self\" >Ageing Well \u2013 des outils concrets pour un vieillissement actif et connect\u00e9<\/a><\/h3>\n\n<a class=\"wp-block-query-loop-link is-style-minimal\" href=\"https:\/\/alice.ch\/fr\/news\/ageing-well-des-outils-concrets-pour-un-vieillissement-actif-et-connecte\/\">Lire l\u2019article<\/a>\n\n<\/li><li class=\"wp-block-post post-71783 news type-news status-publish has-post-thumbnail hentry news-category-numerisation global-category-digitalisierung-fr global-category-digitalli-fr global-category-projet-ue\">\n<figure class=\"wp-block-post-featured-image\"><a href=\"https:\/\/alice.ch\/fr\/news\/digitalli-prepare-les-prestataires-de-formation-continue-a-lere-numerique\/\" target=\"_self\"  ><img decoding=\"async\" width=\"1200\" height=\"627\" src=\"https:\/\/alice.ch\/app\/uploads\/2025\/11\/getty-images-iykzgzLr6sA-unsplash1.jpg\" class=\"attachment-post-thumbnail size-post-thumbnail wp-post-image\" alt=\"DIGITALLI pr\u00e9pare les prestataires de formation continue \u00e0 l&rsquo;\u00e8re num\u00e9rique\u00a0\" style=\"object-fit:cover;\" srcset=\"https:\/\/alice.ch\/app\/uploads\/2025\/11\/getty-images-iykzgzLr6sA-unsplash1.jpg 1200w, https:\/\/alice.ch\/app\/uploads\/2025\/11\/getty-images-iykzgzLr6sA-unsplash1-300x157.jpg 300w, https:\/\/alice.ch\/app\/uploads\/2025\/11\/getty-images-iykzgzLr6sA-unsplash1-1024x535.jpg 1024w, https:\/\/alice.ch\/app\/uploads\/2025\/11\/getty-images-iykzgzLr6sA-unsplash1-768x401.jpg 768w\" sizes=\"(max-width: 1200px) 100vw, 1200px\" \/><\/a><\/figure>\n\n\n<div class=\"wp-block-news-category\">Num\u00e9risation<\/div>\n\n\n<div class=\"wp-block-post-date\"><time datetime=\"2025-11-13T10:07:30+01:00\">13. novembre 2025<\/time><\/div>\n\n<h3 class=\"wp-block-post-title\"><a href=\"https:\/\/alice.ch\/fr\/news\/digitalli-prepare-les-prestataires-de-formation-continue-a-lere-numerique\/\" target=\"_self\" >DIGITALLI pr\u00e9pare les prestataires de formation continue \u00e0 l&rsquo;\u00e8re num\u00e9rique\u00a0<\/a><\/h3>\n\n<a class=\"wp-block-query-loop-link is-style-minimal\" href=\"https:\/\/alice.ch\/fr\/news\/digitalli-prepare-les-prestataires-de-formation-continue-a-lere-numerique\/\">Lire l\u2019article<\/a>\n\n<\/li><li class=\"wp-block-post post-68459 news type-news status-publish has-post-thumbnail hentry news-category-international-fr global-category-international-fr global-category-movetia-fr\">\n<figure class=\"wp-block-post-featured-image\"><a href=\"https:\/\/alice.ch\/fr\/news\/formation-continue-dans-un-contexte-international-movetia-et-la-fsea-renouvellent-leur-contrat-de-cooperation\/\" target=\"_self\"  ><img decoding=\"async\" width=\"1200\" height=\"627\" src=\"https:\/\/alice.ch\/app\/uploads\/2024\/07\/24_EBSN-C_Valladolid-1-day-57-crop.png\" class=\"attachment-post-thumbnail size-post-thumbnail wp-post-image\" alt=\"Formation continue dans un contexte international: Movetia et la FSEA renouvellent leur contrat de coop\u00e9ration\" style=\"object-fit:cover;\" srcset=\"https:\/\/alice.ch\/app\/uploads\/2024\/07\/24_EBSN-C_Valladolid-1-day-57-crop.png 1200w, https:\/\/alice.ch\/app\/uploads\/2024\/07\/24_EBSN-C_Valladolid-1-day-57-crop-300x157.png 300w, https:\/\/alice.ch\/app\/uploads\/2024\/07\/24_EBSN-C_Valladolid-1-day-57-crop-1024x535.png 1024w, https:\/\/alice.ch\/app\/uploads\/2024\/07\/24_EBSN-C_Valladolid-1-day-57-crop-768x401.png 768w\" sizes=\"(max-width: 1200px) 100vw, 1200px\" \/><\/a><\/figure>\n\n\n<div class=\"wp-block-news-category\">International<\/div>\n\n\n<div class=\"wp-block-post-date\"><time datetime=\"2025-05-22T16:24:32+02:00\">22. mai 2025<\/time><\/div>\n\n<h3 class=\"wp-block-post-title\"><a href=\"https:\/\/alice.ch\/fr\/news\/formation-continue-dans-un-contexte-international-movetia-et-la-fsea-renouvellent-leur-contrat-de-cooperation\/\" target=\"_self\" >Formation continue dans un contexte international: Movetia et la FSEA renouvellent leur contrat de coop\u00e9ration<\/a><\/h3>\n\n<a class=\"wp-block-query-loop-link is-style-minimal\" href=\"https:\/\/alice.ch\/fr\/news\/formation-continue-dans-un-contexte-international-movetia-et-la-fsea-renouvellent-leur-contrat-de-cooperation\/\">Lire l\u2019article<\/a>\n\n<\/li><\/ul>\n\n\n\n<nav class=\"wp-block-query-pagination is-layout-flex wp-block-query-pagination-is-layout-flex\" aria-label=\"Pagination\">\n\n\n<div class=\"wp-block-query-pagination-numbers\"><span aria-current=\"page\" class=\"page-numbers current\">1<\/span>\n<a class=\"page-numbers\" href=\"?query-0-page=2\">2<\/a>\n<a class=\"page-numbers\" href=\"?query-0-page=3\">3<\/a><\/div>\n\n<a href=\"\/fr\/wp-json\/wp\/v2\/pages\/73083?query-0-page=2\" class=\"wp-block-query-pagination-next\">Page suivante<\/a>\n<\/nav><\/div>\n\n\n\n<h2 class=\"wp-block-heading\">Plus d&rsquo;information<\/h2>\n\n\n\n<div class=\"wp-block-buttons is-layout-flex wp-block-buttons-is-layout-flex\">\n<div class=\"wp-block-button has-custom-width wp-block-button__width-100 is-style-minimal\"><a class=\"wp-block-button__link wp-element-button\" href=\"https:\/\/movetia.ch\/fr\/offres-de-soutien?category=link\" target=\"_blank\" rel=\"noreferrer noopener\">Offres de soutien de Movetia (Site web de Movetia)<\/a><\/div>\n<\/div>\n\n\n\n<figure class=\"wp-block-image size-full is-style-no-border\"><img decoding=\"async\" width=\"600\" height=\"88\" src=\"https:\/\/alice.ch\/app\/uploads\/2022\/12\/logo-movetia.png\" alt=\"\" class=\"wp-image-39575\" srcset=\"https:\/\/alice.ch\/app\/uploads\/2022\/12\/logo-movetia.png 600w, https:\/\/alice.ch\/app\/uploads\/2022\/12\/logo-movetia-300x44.png 300w\" sizes=\"(max-width: 600px) 100vw, 600px\" \/><\/figure>\n\n\n\n<h2 class=\"wp-block-heading\">Contact<\/h2>\n\n\n\n<div class=\"wp-block-columns is-layout-flex wp-container-core-columns-is-layout-28f84493 wp-block-columns-is-layout-flex\">\n<div class=\"wp-block-column is-layout-flow wp-block-column-is-layout-flow\" style=\"flex-basis:50%\"><div class=\"contact-persons\">\n\n\t\t\t\t\t<div class=\"contact-person\">\n\t\t\t\t\tLynette Weber<br \/>\t\t\t\t\tResponsable des projets Recherche et d\u00e9veloppement<br \/>\t\t\t\t\t<br \/>\n\t\t\t\t\t\t\t\t\t\t<a href=\"tel:+41 44 319 71 69\">+41 44 319 71 69<\/a><br \/>\t\t\t\t\t<a href=\"mailto:lynette.weber@alice.ch\">lynette.weber@alice.ch<\/a><br \/>\t\t\t\t\t<\/div>\n\t\t\t\t\t<\/div>\n<\/div>\n\n\n\n<div class=\"wp-block-column is-layout-flow wp-block-column-is-layout-flow\" style=\"flex-basis:50%\"><\/div>\n<\/div>\n<\/div>\n\n\n\n<p><\/p>\n","protected":false},"excerpt":{"rendered":"<p>Les \u00e9changes internationaux : un enrichissement pour la formation continue Les personnes et les organisations actives dans le domaine de [&hellip;]<\/p>\n","protected":false},"author":5,"featured_media":20799,"parent":11191,"menu_order":291,"comment_status":"closed","ping_status":"closed","template":"","meta":{"_acf_changed":false,"inline_featured_image":false,"footnotes":""},"class_list":["post-73083","page","type-page","status-publish","has-post-thumbnail","hentry"],"acf":[],"yoast_head":"<!-- This site is optimized with the Yoast SEO plugin v27.3 - https:\/\/yoast.com\/product\/yoast-seo-wordpress\/ -->\n<title>\u00c9changes internationaux - FSEA<\/title>\n<meta name=\"description\" content=\"Les \u00e9changes internationaux, avec des projets de coop\u00e9ration et de mobilit\u00e9 renforcent la formation continue. La FSEA apporte son soutien.\" \/>\n<meta name=\"robots\" content=\"index, follow, max-snippet:-1, max-image-preview:large, max-video-preview:-1\" \/>\n<link rel=\"canonical\" href=\"https:\/\/alice.ch\/fr\/themes\/la-formation-continue-dans-un-contexte-international\/les-echanges-internationaux\/\" \/>\n<link rel=\"next\" href=\"https:\/\/alice.ch\/fr\/themes\/la-formation-continue-dans-un-contexte-international\/les-echanges-internationaux\/73083\/?query-0-page=2\" \/>\n<meta property=\"og:locale\" content=\"fr_FR\" \/>\n<meta property=\"og:type\" content=\"article\" \/>\n<meta property=\"og:title\" content=\"\u00c9changes internationaux - FSEA\" \/>\n<meta property=\"og:description\" content=\"Les \u00e9changes internationaux, avec des projets de coop\u00e9ration et de mobilit\u00e9 renforcent la formation continue. La FSEA apporte son soutien.\" \/>\n<meta property=\"og:url\" content=\"https:\/\/alice.ch\/fr\/themes\/la-formation-continue-dans-un-contexte-international\/les-echanges-internationaux\/\" \/>\n<meta property=\"og:site_name\" content=\"SVEB\" \/>\n<meta property=\"article:modified_time\" content=\"2026-01-28T13:14:43+00:00\" \/>\n<meta property=\"og:image\" content=\"https:\/\/alice.ch\/app\/uploads\/2022\/12\/logo-movetia.png\" \/>\n<meta name=\"twitter:card\" content=\"summary_large_image\" \/>\n<meta name=\"twitter:label1\" content=\"Dur\u00e9e de lecture estim\u00e9e\" \/>\n\t<meta name=\"twitter:data1\" content=\"7 minutes\" \/>\n<script type=\"application\/ld+json\" class=\"yoast-schema-graph\">{\"@context\":\"https:\\\/\\\/schema.org\",\"@graph\":[{\"@type\":\"WebPage\",\"@id\":\"https:\\\/\\\/alice.ch\\\/fr\\\/themes\\\/la-formation-continue-dans-un-contexte-international\\\/les-echanges-internationaux\\\/\",\"url\":\"https:\\\/\\\/alice.ch\\\/fr\\\/themes\\\/la-formation-continue-dans-un-contexte-international\\\/les-echanges-internationaux\\\/\",\"name\":\"\u00c9changes internationaux - FSEA\",\"isPartOf\":{\"@id\":\"https:\\\/\\\/alice.ch\\\/fr\\\/#website\"},\"primaryImageOfPage\":{\"@id\":\"https:\\\/\\\/alice.ch\\\/fr\\\/themes\\\/la-formation-continue-dans-un-contexte-international\\\/les-echanges-internationaux\\\/#primaryimage\"},\"image\":{\"@id\":\"https:\\\/\\\/alice.ch\\\/fr\\\/themes\\\/la-formation-continue-dans-un-contexte-international\\\/les-echanges-internationaux\\\/#primaryimage\"},\"thumbnailUrl\":\"https:\\\/\\\/alice.ch\\\/app\\\/uploads\\\/2022\\\/11\\\/default.jpg\",\"datePublished\":\"2025-01-13T10:55:03+00:00\",\"dateModified\":\"2026-01-28T13:14:43+00:00\",\"description\":\"Les \u00e9changes internationaux, avec des projets de coop\u00e9ration et de mobilit\u00e9 renforcent la formation continue. La FSEA apporte son soutien.\",\"breadcrumb\":{\"@id\":\"https:\\\/\\\/alice.ch\\\/fr\\\/themes\\\/la-formation-continue-dans-un-contexte-international\\\/les-echanges-internationaux\\\/#breadcrumb\"},\"inLanguage\":\"fr-FR\",\"potentialAction\":[{\"@type\":\"ReadAction\",\"target\":[\"https:\\\/\\\/alice.ch\\\/fr\\\/themes\\\/la-formation-continue-dans-un-contexte-international\\\/les-echanges-internationaux\\\/\"]}]},{\"@type\":\"ImageObject\",\"inLanguage\":\"fr-FR\",\"@id\":\"https:\\\/\\\/alice.ch\\\/fr\\\/themes\\\/la-formation-continue-dans-un-contexte-international\\\/les-echanges-internationaux\\\/#primaryimage\",\"url\":\"https:\\\/\\\/alice.ch\\\/app\\\/uploads\\\/2022\\\/11\\\/default.jpg\",\"contentUrl\":\"https:\\\/\\\/alice.ch\\\/app\\\/uploads\\\/2022\\\/11\\\/default.jpg\",\"width\":370,\"height\":185},{\"@type\":\"BreadcrumbList\",\"@id\":\"https:\\\/\\\/alice.ch\\\/fr\\\/themes\\\/la-formation-continue-dans-un-contexte-international\\\/les-echanges-internationaux\\\/#breadcrumb\",\"itemListElement\":[{\"@type\":\"ListItem\",\"position\":1,\"name\":\"Page d'accueil\",\"item\":\"https:\\\/\\\/alice.ch\\\/fr\\\/\"},{\"@type\":\"ListItem\",\"position\":2,\"name\":\"Th\u00e8mes\",\"item\":\"https:\\\/\\\/alice.ch\\\/fr\\\/themes\\\/\"},{\"@type\":\"ListItem\",\"position\":3,\"name\":\"La formation continue dans un contexte international\",\"item\":\"https:\\\/\\\/alice.ch\\\/fr\\\/themes\\\/la-formation-continue-dans-un-contexte-international\\\/\"},{\"@type\":\"ListItem\",\"position\":4,\"name\":\"\u00c9changes internationaux\"}]},{\"@type\":\"WebSite\",\"@id\":\"https:\\\/\\\/alice.ch\\\/fr\\\/#website\",\"url\":\"https:\\\/\\\/alice.ch\\\/fr\\\/\",\"name\":\"alice.ch (Adult Learning Information Center) ist das Portal der Weiterbildung in der Schweiz.\",\"description\":\"Schweizerischer Verband f\u00fcr Weiterbildung\",\"publisher\":{\"@id\":\"https:\\\/\\\/alice.ch\\\/fr\\\/#organization\"},\"potentialAction\":[{\"@type\":\"SearchAction\",\"target\":{\"@type\":\"EntryPoint\",\"urlTemplate\":\"https:\\\/\\\/alice.ch\\\/fr\\\/?s={search_term_string}\"},\"query-input\":{\"@type\":\"PropertyValueSpecification\",\"valueRequired\":true,\"valueName\":\"search_term_string\"}}],\"inLanguage\":\"fr-FR\"},{\"@type\":\"Organization\",\"@id\":\"https:\\\/\\\/alice.ch\\\/fr\\\/#organization\",\"name\":\"FSEA F\u00e9d\u00e9ration suisse pour la formation continue\",\"url\":\"https:\\\/\\\/alice.ch\\\/fr\\\/\",\"logo\":{\"@type\":\"ImageObject\",\"inLanguage\":\"fr-FR\",\"@id\":\"https:\\\/\\\/alice.ch\\\/fr\\\/#\\\/schema\\\/logo\\\/image\\\/\",\"url\":\"https:\\\/\\\/alice.ch\\\/app\\\/uploads\\\/2022\\\/07\\\/logo-sveb.png\",\"contentUrl\":\"https:\\\/\\\/alice.ch\\\/app\\\/uploads\\\/2022\\\/07\\\/logo-sveb.png\",\"width\":145,\"height\":64,\"caption\":\"FSEA F\u00e9d\u00e9ration suisse pour la formation continue\"},\"image\":{\"@id\":\"https:\\\/\\\/alice.ch\\\/fr\\\/#\\\/schema\\\/logo\\\/image\\\/\"},\"sameAs\":[\"https:\\\/\\\/www.linkedin.com\\\/company\\\/schweizerischer-verband-fr-weiterbildung-sveb\\\/\"]}]}<\/script>\n<!-- \/ Yoast SEO plugin. -->","yoast_head_json":{"title":"\u00c9changes internationaux - FSEA","description":"Les \u00e9changes internationaux, avec des projets de coop\u00e9ration et de mobilit\u00e9 renforcent la formation continue. La FSEA apporte son soutien.","robots":{"index":"index","follow":"follow","max-snippet":"max-snippet:-1","max-image-preview":"max-image-preview:large","max-video-preview":"max-video-preview:-1"},"canonical":"https:\/\/alice.ch\/fr\/themes\/la-formation-continue-dans-un-contexte-international\/les-echanges-internationaux\/","next":"https:\/\/alice.ch\/fr\/themes\/la-formation-continue-dans-un-contexte-international\/les-echanges-internationaux\/73083?query-0-page=2","og_locale":"fr_FR","og_type":"article","og_title":"\u00c9changes internationaux - FSEA","og_description":"Les \u00e9changes internationaux, avec des projets de coop\u00e9ration et de mobilit\u00e9 renforcent la formation continue. La FSEA apporte son soutien.","og_url":"https:\/\/alice.ch\/fr\/themes\/la-formation-continue-dans-un-contexte-international\/les-echanges-internationaux\/","og_site_name":"SVEB","article_modified_time":"2026-01-28T13:14:43+00:00","og_image":[{"url":"https:\/\/alice.ch\/app\/uploads\/2022\/12\/logo-movetia.png","type":"","width":"","height":""}],"twitter_card":"summary_large_image","twitter_misc":{"Dur\u00e9e de lecture estim\u00e9e":"7 minutes"},"schema":{"@context":"https:\/\/schema.org","@graph":[{"@type":"WebPage","@id":"https:\/\/alice.ch\/fr\/themes\/la-formation-continue-dans-un-contexte-international\/les-echanges-internationaux\/","url":"https:\/\/alice.ch\/fr\/themes\/la-formation-continue-dans-un-contexte-international\/les-echanges-internationaux\/","name":"\u00c9changes internationaux - FSEA","isPartOf":{"@id":"https:\/\/alice.ch\/fr\/#website"},"primaryImageOfPage":{"@id":"https:\/\/alice.ch\/fr\/themes\/la-formation-continue-dans-un-contexte-international\/les-echanges-internationaux\/#primaryimage"},"image":{"@id":"https:\/\/alice.ch\/fr\/themes\/la-formation-continue-dans-un-contexte-international\/les-echanges-internationaux\/#primaryimage"},"thumbnailUrl":"https:\/\/alice.ch\/app\/uploads\/2022\/11\/default.jpg","datePublished":"2025-01-13T10:55:03+00:00","dateModified":"2026-01-28T13:14:43+00:00","description":"Les \u00e9changes internationaux, avec des projets de coop\u00e9ration et de mobilit\u00e9 renforcent la formation continue. La FSEA apporte son soutien.","breadcrumb":{"@id":"https:\/\/alice.ch\/fr\/themes\/la-formation-continue-dans-un-contexte-international\/les-echanges-internationaux\/#breadcrumb"},"inLanguage":"fr-FR","potentialAction":[{"@type":"ReadAction","target":["https:\/\/alice.ch\/fr\/themes\/la-formation-continue-dans-un-contexte-international\/les-echanges-internationaux\/"]}]},{"@type":"ImageObject","inLanguage":"fr-FR","@id":"https:\/\/alice.ch\/fr\/themes\/la-formation-continue-dans-un-contexte-international\/les-echanges-internationaux\/#primaryimage","url":"https:\/\/alice.ch\/app\/uploads\/2022\/11\/default.jpg","contentUrl":"https:\/\/alice.ch\/app\/uploads\/2022\/11\/default.jpg","width":370,"height":185},{"@type":"BreadcrumbList","@id":"https:\/\/alice.ch\/fr\/themes\/la-formation-continue-dans-un-contexte-international\/les-echanges-internationaux\/#breadcrumb","itemListElement":[{"@type":"ListItem","position":1,"name":"Page d'accueil","item":"https:\/\/alice.ch\/fr\/"},{"@type":"ListItem","position":2,"name":"Th\u00e8mes","item":"https:\/\/alice.ch\/fr\/themes\/"},{"@type":"ListItem","position":3,"name":"La formation continue dans un contexte international","item":"https:\/\/alice.ch\/fr\/themes\/la-formation-continue-dans-un-contexte-international\/"},{"@type":"ListItem","position":4,"name":"\u00c9changes internationaux"}]},{"@type":"WebSite","@id":"https:\/\/alice.ch\/fr\/#website","url":"https:\/\/alice.ch\/fr\/","name":"alice.ch (Adult Learning Information Center) ist das Portal der Weiterbildung in der Schweiz.","description":"Schweizerischer Verband f\u00fcr Weiterbildung","publisher":{"@id":"https:\/\/alice.ch\/fr\/#organization"},"potentialAction":[{"@type":"SearchAction","target":{"@type":"EntryPoint","urlTemplate":"https:\/\/alice.ch\/fr\/?s={search_term_string}"},"query-input":{"@type":"PropertyValueSpecification","valueRequired":true,"valueName":"search_term_string"}}],"inLanguage":"fr-FR"},{"@type":"Organization","@id":"https:\/\/alice.ch\/fr\/#organization","name":"FSEA F\u00e9d\u00e9ration suisse pour la formation continue","url":"https:\/\/alice.ch\/fr\/","logo":{"@type":"ImageObject","inLanguage":"fr-FR","@id":"https:\/\/alice.ch\/fr\/#\/schema\/logo\/image\/","url":"https:\/\/alice.ch\/app\/uploads\/2022\/07\/logo-sveb.png","contentUrl":"https:\/\/alice.ch\/app\/uploads\/2022\/07\/logo-sveb.png","width":145,"height":64,"caption":"FSEA F\u00e9d\u00e9ration suisse pour la formation continue"},"image":{"@id":"https:\/\/alice.ch\/fr\/#\/schema\/logo\/image\/"},"sameAs":["https:\/\/www.linkedin.com\/company\/schweizerischer-verband-fr-weiterbildung-sveb\/"]}]}},"_links":{"self":[{"href":"https:\/\/alice.ch\/fr\/wp-json\/wp\/v2\/pages\/73083","targetHints":{"allow":["GET"]}}],"collection":[{"href":"https:\/\/alice.ch\/fr\/wp-json\/wp\/v2\/pages"}],"about":[{"href":"https:\/\/alice.ch\/fr\/wp-json\/wp\/v2\/types\/page"}],"author":[{"embeddable":true,"href":"https:\/\/alice.ch\/fr\/wp-json\/wp\/v2\/users\/5"}],"replies":[{"embeddable":true,"href":"https:\/\/alice.ch\/fr\/wp-json\/wp\/v2\/comments?post=73083"}],"version-history":[{"count":8,"href":"https:\/\/alice.ch\/fr\/wp-json\/wp\/v2\/pages\/73083\/revisions"}],"predecessor-version":[{"id":73126,"href":"https:\/\/alice.ch\/fr\/wp-json\/wp\/v2\/pages\/73083\/revisions\/73126"}],"up":[{"embeddable":true,"href":"https:\/\/alice.ch\/fr\/wp-json\/wp\/v2\/pages\/11191"}],"wp:featuredmedia":[{"embeddable":true,"href":"https:\/\/alice.ch\/fr\/wp-json\/wp\/v2\/media\/20799"}],"wp:attachment":[{"href":"https:\/\/alice.ch\/fr\/wp-json\/wp\/v2\/media?parent=73083"}],"curies":[{"name":"wp","href":"https:\/\/api.w.org\/{rel}","templated":true}]}}