{"id":10266,"date":"2022-11-08T15:47:43","date_gmt":"2022-11-08T14:47:43","guid":{"rendered":"https:\/\/projects.atxeit.ch\/sveb\/project\/bramir\/"},"modified":"2023-05-10T15:42:03","modified_gmt":"2023-05-10T13:42:03","slug":"bramir","status":"publish","type":"project","link":"https:\/\/alice.ch\/fr\/project\/bramir\/","title":{"rendered":"BRAMIR"},"content":{"rendered":"\n<div class=\"wp-block-group is-layout-flow wp-block-group-is-layout-flow\">\n<div class=\"wp-block-group is-style-reduced-width is-layout-flow wp-block-group-is-layout-flow\">\n<div class=\"wp-block-group is-style-default is-layout-flow wp-block-group-is-layout-flow\">\n<h1 class=\"wp-block-heading\">BRAMIR<\/h1>\n\n\n\n<p>Beyond Retirement \u2013 A Migrant Integration Resource<\/p>\n\n\n\n<h2 class=\"wp-block-heading\">Description du projet<\/h2>\n\n\n\n<p>Le projet BRAMIR souhaite cr\u00e9er et d\u00e9velopper un contenu de formation \u00e0 destination des formateurs de b\u00e9n\u00e9voles seniors s&rsquo;investissant dans des programmes de soutien aux migrants. Le but est d\u2019am\u00e9liorer les comp\u00e9tences civiques et sociales des personnes migrantes par le biais de b\u00e9n\u00e9voles seniors. Ainsi l\u2019objectif premier est d\u2019aider les personnes migrantes dans leur int\u00e9gration, tout en permettant \u00e0 des personnes en fin de carri\u00e8re professionnelle de maintenir une activit\u00e9 gr\u00e2ce au b\u00e9n\u00e9volat.<\/p>\n\n\n\n<p>Le projet souhaite cr\u00e9er un contenu de formation appropri\u00e9 aux b\u00e9n\u00e9voles seniors. La FSEA romande participe \u00e0 ce projet en tant que partenaire associ\u00e9 (subvention suisse) avec 9 autres partenaires dont l\u2019Allemagne, qui est le pays coordinateur du projet.<\/p>\n\n\n\n<h2 class=\"wp-block-heading\">R\u00e9sultats attendus<\/h2>\n\n\n\n<ul class=\"wp-block-list\">\n<li>Analyse des besoins et \u00e9tat des lieux des meilleures pratiques<\/li>\n\n\n\n<li>D\u00e9veloppement d&rsquo;un outil de profilage psychographique bas\u00e9e sur l&rsquo;analyse des groupes sinus milieu\u00ae dans les communaut\u00e9s de migrants pour le \u00ab\u00a0matching\u00a0\u00bb entre migrant et b\u00e9n\u00e9vole<\/li>\n\n\n\n<li>D\u00e9veloppement et mise en \u0153uvre d&rsquo;un programme andragogique multi-couche sp\u00e9cialement<br>con\u00e7u pour les seniors<\/li>\n<\/ul>\n<\/div>\n\n\n\n<div class=\"wp-block-columns is-layout-flex wp-container-core-columns-is-layout-28f84493 wp-block-columns-is-layout-flex\">\n<div class=\"wp-block-column is-layout-flow wp-block-column-is-layout-flow\">\n<h2 class=\"wp-block-heading\">Principales donn\u00e9es du projet BRAMIR<\/h2>\n\n\n\n<p>Type de projet: Projet international<\/p>\n\n\n\n<p>Dur\u00e9e du projet: 2016\u20132018<\/p>\n\n\n\n<p>Pays partenaires: Allemagne (coordinateur), Autriche, Chypre, Finlande, Irlande, Italie, Roumanie<\/p>\n\n\n\n<p>Links:&nbsp;<\/p>\n\n\n\n<div class=\"wp-block-buttons is-layout-flex wp-block-buttons-is-layout-flex\">\n<div class=\"wp-block-button is-style-minimal\"><a class=\"wp-block-button__link wp-element-button\" href=\"http:\/\/www.bramir.eu\/\" target=\"_blank\" rel=\"noreferrer noopener\">www.bramir.eu<\/a><\/div>\n<\/div>\n\n\n\n<div class=\"wp-block-buttons is-layout-flex wp-block-buttons-is-layout-flex\">\n<div class=\"wp-block-button is-style-minimal\"><a class=\"wp-block-button__link wp-element-button\" href=\"https:\/\/www.facebook.com\/bramir.eu\" target=\"_blank\" rel=\"noreferrer noopener\">Facebook\/BRAMIR<\/a><\/div>\n<\/div>\n\n\n\n<p>Financement:&nbsp;<a href=\"https:\/\/www.movetia.ch\/fr\/\" target=\"_blank\" rel=\"noreferrer noopener\">Movetia<\/a>,&nbsp;<a href=\"http:\/\/www.erasmusplus.de\/\" target=\"_blank\" rel=\"noreferrer noopener\">Erasmus+<\/a><\/p>\n<\/div>\n\n\n\n<div class=\"wp-block-column is-layout-flow wp-block-column-is-layout-flow\">\n<h2 class=\"wp-block-heading\">Pour plus d&rsquo;information<\/h2>\n\n\n\n<div class=\"wp-block-file\"><a id=\"wp-block-file--media-2ea43768-40a5-4f0f-95b0-2751bdb4d859\" href=\"https:\/\/alice.ch\/app\/uploads\/2022\/12\/BRAMIR_Newsletter__4_July2018_FR.pdf\">Newsletter n\u00b04 (fin du projet).<br \/>PDF &#8211; 457 kb<\/a><a href=\"https:\/\/alice.ch\/app\/uploads\/2022\/12\/BRAMIR_Newsletter__4_July2018_FR.pdf\" class=\"wp-block-file__button wp-element-button\" download aria-describedby=\"wp-block-file--media-2ea43768-40a5-4f0f-95b0-2751bdb4d859\">Herunterladen<br \/>PDF &#8211; 457 kb<\/a><\/div>\n\n\n\n<div class=\"wp-block-file\"><a id=\"wp-block-file--media-fcac35ec-e5f3-4fa2-a4ab-e3660cfb7273\" href=\"https:\/\/alice.ch\/app\/uploads\/2022\/12\/BRAMIR_Newsletter__3_Oct2017_FR.pdf\" target=\"_blank\" rel=\"noreferrer noopener\">Newsletter n\u00b03.<br \/>PDF &#8211; 3 Mo<\/a><a href=\"https:\/\/alice.ch\/app\/uploads\/2022\/12\/BRAMIR_Newsletter__3_Oct2017_FR.pdf\" class=\"wp-block-file__button wp-element-button\" download aria-describedby=\"wp-block-file--media-fcac35ec-e5f3-4fa2-a4ab-e3660cfb7273\">Herunterladen<br \/>PDF &#8211; 3 Mo<\/a><\/div>\n\n\n\n<div class=\"wp-block-file\"><a id=\"wp-block-file--media-2a4ce15e-3d16-435c-a38a-16062313a0ed\" href=\"https:\/\/alice.ch\/app\/uploads\/2022\/12\/BRAMIR_Newsletter__2_Mar2017_FR.pdf\" target=\"_blank\" rel=\"noreferrer noopener\">Newsletter n\u00b02.<br \/>PDF &#8211; 866 kb<\/a><a href=\"https:\/\/alice.ch\/app\/uploads\/2022\/12\/BRAMIR_Newsletter__2_Mar2017_FR.pdf\" class=\"wp-block-file__button wp-element-button\" download aria-describedby=\"wp-block-file--media-2a4ce15e-3d16-435c-a38a-16062313a0ed\">Herunterladen<br \/>PDF &#8211; 866 kb<\/a><\/div>\n\n\n\n<div class=\"wp-block-file\"><a id=\"wp-block-file--media-fd4b933b-269f-4569-8f6b-511b3165c0ae\" href=\"https:\/\/alice.ch\/app\/uploads\/2022\/12\/BRAMIR_Newsletter__1_Jan2017_FR.pdf\" target=\"_blank\" rel=\"noreferrer noopener\">Newsletter n\u00b01.<br \/>PDF &#8211; 3 Mo<\/a><a href=\"https:\/\/alice.ch\/app\/uploads\/2022\/12\/BRAMIR_Newsletter__1_Jan2017_FR.pdf\" class=\"wp-block-file__button wp-element-button\" download aria-describedby=\"wp-block-file--media-fd4b933b-269f-4569-8f6b-511b3165c0ae\">Herunterladen<br \/>PDF &#8211; 3 Mo<\/a><\/div>\n<\/div>\n<\/div>\n\n\n\n<div class=\"wp-block-group is-style-border-box is-layout-flow wp-block-group-is-layout-flow\">\n<div class=\"wp-block-columns is-layout-flex wp-container-core-columns-is-layout-28f84493 wp-block-columns-is-layout-flex\">\n<div class=\"wp-block-column is-layout-flow wp-block-column-is-layout-flow\">\n<figure class=\"wp-block-image size-full is-style-no-border\"><a href=\"https:\/\/www.movetia.ch\/\" target=\"_blank\" rel=\"noreferrer noopener\"><img decoding=\"async\" width=\"600\" height=\"88\" src=\"https:\/\/alice.ch\/app\/uploads\/2022\/11\/logo-movetia.png\" alt=\"\" class=\"wp-image-20414\" srcset=\"https:\/\/alice.ch\/app\/uploads\/2022\/11\/logo-movetia.png 600w, https:\/\/alice.ch\/app\/uploads\/2022\/11\/logo-movetia-300x44.png 300w\" sizes=\"(max-width: 600px) 100vw, 600px\" \/><\/a><\/figure>\n\n\n\n<figure class=\"wp-block-image size-full is-style-no-border\"><a href=\"http:\/\/www.erasmusplus.de\/\" target=\"_blank\" rel=\"noreferrer noopener\"><img decoding=\"async\" width=\"328\" height=\"73\" src=\"https:\/\/alice.ch\/app\/uploads\/2022\/12\/logo_erasmus_.png\" alt=\"\" class=\"wp-image-33563\" srcset=\"https:\/\/alice.ch\/app\/uploads\/2022\/12\/logo_erasmus_.png 328w, https:\/\/alice.ch\/app\/uploads\/2022\/12\/logo_erasmus_-300x67.png 300w\" sizes=\"(max-width: 328px) 100vw, 328px\" \/><\/a><\/figure>\n<\/div>\n\n\n\n<div class=\"wp-block-column is-layout-flow wp-block-column-is-layout-flow\">\n<p><em><em>Ce projet est soutenu financi\u00e8rement par Movetia, qui encourage l&rsquo;\u00e9change, la mobilit\u00e9 et la coop\u00e9ration dans les domaines de l&rsquo;\u00e9ducation et de la formation continue ainsi que dans celui de l&rsquo;animation jeunesse &#8211; en Suisse, en Europe et dans le reste du monde.&nbsp;<a href=\"https:\/\/www.movetia.ch\/fr\/\" target=\"_blank\" rel=\"noreferrer noopener\">www.movetia.ch<\/a><\/em><\/em><\/p>\n<\/div>\n<\/div>\n<\/div>\n\n\n\n<div class=\"wp-block-group is-style-default is-layout-flow wp-block-group-is-layout-flow\">\n<h2 class=\"wp-block-heading\">Contact<\/h2>\n\n\n\n<div class=\"wp-block-columns is-layout-flex wp-container-core-columns-is-layout-28f84493 wp-block-columns-is-layout-flex\">\n<div class=\"wp-block-column is-layout-flow wp-block-column-is-layout-flow\" style=\"flex-basis:50%\"><div class=\"contact-persons\">\n<\/div>\n<\/div>\n\n\n\n<div class=\"wp-block-column is-layout-flow wp-block-column-is-layout-flow\" style=\"flex-basis:50%\"><\/div>\n<\/div>\n<\/div>\n<\/div>\n<\/div>\n","protected":false},"featured_media":43556,"template":"","meta":{"_acf_changed":false,"inline_featured_image":false,"footnotes":""},"project-category":[138],"project-tag":[],"project-region":[204,215],"global-category":[],"class_list":["post-10266","project","type-project","status-publish","has-post-thumbnail","hentry","project-category-autres-sujets","project-region-eu","project-region-ue-fr"],"acf":[],"yoast_head":"<!-- This site is optimized with the Yoast SEO plugin v27.3 - https:\/\/yoast.com\/product\/yoast-seo-wordpress\/ -->\n<title>BRAMIR - FSEA<\/title>\n<meta name=\"robots\" content=\"index, follow, max-snippet:-1, max-image-preview:large, max-video-preview:-1\" \/>\n<link rel=\"canonical\" href=\"https:\/\/alice.ch\/fr\/project\/bramir\/\" \/>\n<meta property=\"og:locale\" content=\"fr_FR\" \/>\n<meta property=\"og:type\" content=\"article\" \/>\n<meta property=\"og:title\" content=\"BRAMIR - FSEA\" \/>\n<meta property=\"og:description\" content=\"BRAMIR Beyond Retirement \u2013 A Migrant Integration Resource Description du projet Le projet BRAMIR souhaite cr\u00e9er et d\u00e9velopper un contenu [&hellip;]\" \/>\n<meta property=\"og:url\" content=\"https:\/\/alice.ch\/fr\/project\/bramir\/\" \/>\n<meta property=\"og:site_name\" content=\"SVEB\" \/>\n<meta property=\"article:modified_time\" content=\"2023-05-10T13:42:03+00:00\" \/>\n<meta property=\"og:image\" content=\"https:\/\/alice.ch\/app\/uploads\/2023\/01\/Blindbild-fuer-Projekte.jpg\" \/>\n\t<meta property=\"og:image:width\" content=\"1200\" \/>\n\t<meta property=\"og:image:height\" content=\"627\" \/>\n\t<meta property=\"og:image:type\" content=\"image\/jpeg\" \/>\n<meta name=\"twitter:card\" content=\"summary_large_image\" \/>\n<meta name=\"twitter:label1\" content=\"Dur\u00e9e de lecture estim\u00e9e\" \/>\n\t<meta name=\"twitter:data1\" content=\"2 minutes\" \/>\n<script type=\"application\/ld+json\" class=\"yoast-schema-graph\">{\"@context\":\"https:\\\/\\\/schema.org\",\"@graph\":[{\"@type\":\"WebPage\",\"@id\":\"https:\\\/\\\/alice.ch\\\/fr\\\/project\\\/bramir\\\/\",\"url\":\"https:\\\/\\\/alice.ch\\\/fr\\\/project\\\/bramir\\\/\",\"name\":\"BRAMIR - FSEA\",\"isPartOf\":{\"@id\":\"https:\\\/\\\/alice.ch\\\/fr\\\/#website\"},\"primaryImageOfPage\":{\"@id\":\"https:\\\/\\\/alice.ch\\\/fr\\\/project\\\/bramir\\\/#primaryimage\"},\"image\":{\"@id\":\"https:\\\/\\\/alice.ch\\\/fr\\\/project\\\/bramir\\\/#primaryimage\"},\"thumbnailUrl\":\"https:\\\/\\\/alice.ch\\\/app\\\/uploads\\\/2023\\\/01\\\/Blindbild-fuer-Projekte.jpg\",\"datePublished\":\"2022-11-08T14:47:43+00:00\",\"dateModified\":\"2023-05-10T13:42:03+00:00\",\"breadcrumb\":{\"@id\":\"https:\\\/\\\/alice.ch\\\/fr\\\/project\\\/bramir\\\/#breadcrumb\"},\"inLanguage\":\"fr-FR\",\"potentialAction\":[{\"@type\":\"ReadAction\",\"target\":[\"https:\\\/\\\/alice.ch\\\/fr\\\/project\\\/bramir\\\/\"]}]},{\"@type\":\"ImageObject\",\"inLanguage\":\"fr-FR\",\"@id\":\"https:\\\/\\\/alice.ch\\\/fr\\\/project\\\/bramir\\\/#primaryimage\",\"url\":\"https:\\\/\\\/alice.ch\\\/app\\\/uploads\\\/2023\\\/01\\\/Blindbild-fuer-Projekte.jpg\",\"contentUrl\":\"https:\\\/\\\/alice.ch\\\/app\\\/uploads\\\/2023\\\/01\\\/Blindbild-fuer-Projekte.jpg\",\"width\":1200,\"height\":627},{\"@type\":\"BreadcrumbList\",\"@id\":\"https:\\\/\\\/alice.ch\\\/fr\\\/project\\\/bramir\\\/#breadcrumb\",\"itemListElement\":[{\"@type\":\"ListItem\",\"position\":1,\"name\":\"Page d'accueil\",\"item\":\"https:\\\/\\\/alice.ch\\\/fr\\\/\"},{\"@type\":\"ListItem\",\"position\":2,\"name\":\"Projets\",\"item\":\"https:\\\/\\\/alice.ch\\\/fr\\\/project\\\/\"},{\"@type\":\"ListItem\",\"position\":3,\"name\":\"BRAMIR\"}]},{\"@type\":\"WebSite\",\"@id\":\"https:\\\/\\\/alice.ch\\\/fr\\\/#website\",\"url\":\"https:\\\/\\\/alice.ch\\\/fr\\\/\",\"name\":\"alice.ch (Adult Learning Information Center) ist das Portal der Weiterbildung in der Schweiz.\",\"description\":\"Schweizerischer Verband f\u00fcr Weiterbildung\",\"publisher\":{\"@id\":\"https:\\\/\\\/alice.ch\\\/fr\\\/#organization\"},\"potentialAction\":[{\"@type\":\"SearchAction\",\"target\":{\"@type\":\"EntryPoint\",\"urlTemplate\":\"https:\\\/\\\/alice.ch\\\/fr\\\/?s={search_term_string}\"},\"query-input\":{\"@type\":\"PropertyValueSpecification\",\"valueRequired\":true,\"valueName\":\"search_term_string\"}}],\"inLanguage\":\"fr-FR\"},{\"@type\":\"Organization\",\"@id\":\"https:\\\/\\\/alice.ch\\\/fr\\\/#organization\",\"name\":\"FSEA F\u00e9d\u00e9ration suisse pour la formation continue\",\"url\":\"https:\\\/\\\/alice.ch\\\/fr\\\/\",\"logo\":{\"@type\":\"ImageObject\",\"inLanguage\":\"fr-FR\",\"@id\":\"https:\\\/\\\/alice.ch\\\/fr\\\/#\\\/schema\\\/logo\\\/image\\\/\",\"url\":\"https:\\\/\\\/alice.ch\\\/app\\\/uploads\\\/2022\\\/07\\\/logo-sveb.png\",\"contentUrl\":\"https:\\\/\\\/alice.ch\\\/app\\\/uploads\\\/2022\\\/07\\\/logo-sveb.png\",\"width\":145,\"height\":64,\"caption\":\"FSEA F\u00e9d\u00e9ration suisse pour la formation continue\"},\"image\":{\"@id\":\"https:\\\/\\\/alice.ch\\\/fr\\\/#\\\/schema\\\/logo\\\/image\\\/\"},\"sameAs\":[\"https:\\\/\\\/www.linkedin.com\\\/company\\\/schweizerischer-verband-fr-weiterbildung-sveb\\\/\"]}]}<\/script>\n<!-- \/ Yoast SEO plugin. -->","yoast_head_json":{"title":"BRAMIR - FSEA","robots":{"index":"index","follow":"follow","max-snippet":"max-snippet:-1","max-image-preview":"max-image-preview:large","max-video-preview":"max-video-preview:-1"},"canonical":"https:\/\/alice.ch\/fr\/project\/bramir\/","og_locale":"fr_FR","og_type":"article","og_title":"BRAMIR - FSEA","og_description":"BRAMIR Beyond Retirement \u2013 A Migrant Integration Resource Description du projet Le projet BRAMIR souhaite cr\u00e9er et d\u00e9velopper un contenu [&hellip;]","og_url":"https:\/\/alice.ch\/fr\/project\/bramir\/","og_site_name":"SVEB","article_modified_time":"2023-05-10T13:42:03+00:00","og_image":[{"width":1200,"height":627,"url":"https:\/\/alice.ch\/app\/uploads\/2023\/01\/Blindbild-fuer-Projekte.jpg","type":"image\/jpeg"}],"twitter_card":"summary_large_image","twitter_misc":{"Dur\u00e9e de lecture estim\u00e9e":"2 minutes"},"schema":{"@context":"https:\/\/schema.org","@graph":[{"@type":"WebPage","@id":"https:\/\/alice.ch\/fr\/project\/bramir\/","url":"https:\/\/alice.ch\/fr\/project\/bramir\/","name":"BRAMIR - FSEA","isPartOf":{"@id":"https:\/\/alice.ch\/fr\/#website"},"primaryImageOfPage":{"@id":"https:\/\/alice.ch\/fr\/project\/bramir\/#primaryimage"},"image":{"@id":"https:\/\/alice.ch\/fr\/project\/bramir\/#primaryimage"},"thumbnailUrl":"https:\/\/alice.ch\/app\/uploads\/2023\/01\/Blindbild-fuer-Projekte.jpg","datePublished":"2022-11-08T14:47:43+00:00","dateModified":"2023-05-10T13:42:03+00:00","breadcrumb":{"@id":"https:\/\/alice.ch\/fr\/project\/bramir\/#breadcrumb"},"inLanguage":"fr-FR","potentialAction":[{"@type":"ReadAction","target":["https:\/\/alice.ch\/fr\/project\/bramir\/"]}]},{"@type":"ImageObject","inLanguage":"fr-FR","@id":"https:\/\/alice.ch\/fr\/project\/bramir\/#primaryimage","url":"https:\/\/alice.ch\/app\/uploads\/2023\/01\/Blindbild-fuer-Projekte.jpg","contentUrl":"https:\/\/alice.ch\/app\/uploads\/2023\/01\/Blindbild-fuer-Projekte.jpg","width":1200,"height":627},{"@type":"BreadcrumbList","@id":"https:\/\/alice.ch\/fr\/project\/bramir\/#breadcrumb","itemListElement":[{"@type":"ListItem","position":1,"name":"Page d'accueil","item":"https:\/\/alice.ch\/fr\/"},{"@type":"ListItem","position":2,"name":"Projets","item":"https:\/\/alice.ch\/fr\/project\/"},{"@type":"ListItem","position":3,"name":"BRAMIR"}]},{"@type":"WebSite","@id":"https:\/\/alice.ch\/fr\/#website","url":"https:\/\/alice.ch\/fr\/","name":"alice.ch (Adult Learning Information Center) ist das Portal der Weiterbildung in der Schweiz.","description":"Schweizerischer Verband f\u00fcr Weiterbildung","publisher":{"@id":"https:\/\/alice.ch\/fr\/#organization"},"potentialAction":[{"@type":"SearchAction","target":{"@type":"EntryPoint","urlTemplate":"https:\/\/alice.ch\/fr\/?s={search_term_string}"},"query-input":{"@type":"PropertyValueSpecification","valueRequired":true,"valueName":"search_term_string"}}],"inLanguage":"fr-FR"},{"@type":"Organization","@id":"https:\/\/alice.ch\/fr\/#organization","name":"FSEA F\u00e9d\u00e9ration suisse pour la formation continue","url":"https:\/\/alice.ch\/fr\/","logo":{"@type":"ImageObject","inLanguage":"fr-FR","@id":"https:\/\/alice.ch\/fr\/#\/schema\/logo\/image\/","url":"https:\/\/alice.ch\/app\/uploads\/2022\/07\/logo-sveb.png","contentUrl":"https:\/\/alice.ch\/app\/uploads\/2022\/07\/logo-sveb.png","width":145,"height":64,"caption":"FSEA F\u00e9d\u00e9ration suisse pour la formation continue"},"image":{"@id":"https:\/\/alice.ch\/fr\/#\/schema\/logo\/image\/"},"sameAs":["https:\/\/www.linkedin.com\/company\/schweizerischer-verband-fr-weiterbildung-sveb\/"]}]}},"_links":{"self":[{"href":"https:\/\/alice.ch\/fr\/wp-json\/wp\/v2\/project\/10266","targetHints":{"allow":["GET"]}}],"collection":[{"href":"https:\/\/alice.ch\/fr\/wp-json\/wp\/v2\/project"}],"about":[{"href":"https:\/\/alice.ch\/fr\/wp-json\/wp\/v2\/types\/project"}],"version-history":[{"count":8,"href":"https:\/\/alice.ch\/fr\/wp-json\/wp\/v2\/project\/10266\/revisions"}],"predecessor-version":[{"id":42110,"href":"https:\/\/alice.ch\/fr\/wp-json\/wp\/v2\/project\/10266\/revisions\/42110"}],"wp:featuredmedia":[{"embeddable":true,"href":"https:\/\/alice.ch\/fr\/wp-json\/wp\/v2\/media\/43556"}],"wp:attachment":[{"href":"https:\/\/alice.ch\/fr\/wp-json\/wp\/v2\/media?parent=10266"}],"wp:term":[{"taxonomy":"project-category","embeddable":true,"href":"https:\/\/alice.ch\/fr\/wp-json\/wp\/v2\/project-category?post=10266"},{"taxonomy":"project-tag","embeddable":true,"href":"https:\/\/alice.ch\/fr\/wp-json\/wp\/v2\/project-tag?post=10266"},{"taxonomy":"project-region","embeddable":true,"href":"https:\/\/alice.ch\/fr\/wp-json\/wp\/v2\/project-region?post=10266"},{"taxonomy":"global-category","embeddable":true,"href":"https:\/\/alice.ch\/fr\/wp-json\/wp\/v2\/global-category?post=10266"}],"curies":[{"name":"wp","href":"https:\/\/api.w.org\/{rel}","templated":true}]}}