{"id":45580,"date":"2023-02-13T10:22:42","date_gmt":"2023-02-13T09:22:42","guid":{"rendered":"https:\/\/alice.ch\/?post_type=project&#038;p=45580"},"modified":"2025-02-07T11:34:53","modified_gmt":"2025-02-07T10:34:53","slug":"xr-women","status":"publish","type":"project","link":"https:\/\/alice.ch\/fr\/project\/xr-women\/","title":{"rendered":"XR Women"},"content":{"rendered":"\n<div class=\"wp-block-group is-style-reduced-width is-layout-constrained wp-block-group-is-layout-constrained\">\n<p class=\"is-style-lead\">Empowerment pour les femmes r\u00e9fugi\u00e9es gr\u00e2ce \u00e0 l\u2019usage de la r\u00e9alit\u00e9 \u00e9tendue dans l\u2019apprentissage de langues<\/p>\n\n\n\n<h2 class=\"wp-block-heading\">Br\u00e8ve description &nbsp;<\/h2>\n\n\n\n<p>Ce projet s\u2019adresse \u00e0 deux groupes cibles qui sont particuli\u00e8rement touch\u00e9s par l\u2019exclusion, avec des difficult\u00e9s d\u2019acc\u00e8s aux offres de formation&nbsp;: les femmes r\u00e9fugi\u00e9es et les femmes aux faibles possibilit\u00e9s \u00e9ducatives. XR Women souhaite contribuer \u00e0 donner plus de pouvoir \u00e0 ces deux groupes cibles&nbsp;; la voie emprunt\u00e9e pour cela est innovante. Ce projet fait appel \u00e0 des technologies de r\u00e9alit\u00e9 \u00e9tendue (la r\u00e9alit\u00e9 \u00e9tendue regroupe la r\u00e9alit\u00e9 virtuelle, la r\u00e9alit\u00e9 augment\u00e9e et la r\u00e9alit\u00e9 mixte). Il s\u2019agit de technologies \u00e0 lourd potentiel sur le march\u00e9 du travail, mais qui sont encore peu utilis\u00e9es dans la formation continue. <\/p>\n\n\n\n<p>Dans ce contexte, XR Women souhaite mettre au point une offre de formation adapt\u00e9e aux besoins des personnes r\u00e9fugi\u00e9es et qui n\u2019inclue pas seulement l\u2019acquisition de comp\u00e9tences linguistiques de base. Les comp\u00e9tences et qualifications d\u00e9j\u00e0 existantes y sont reconnues, et l\u2019objectif consiste \u00e0 surmonter les barri\u00e8res de la langue.<\/p>\n\n\n\n<h2 class=\"wp-block-heading\">Objectifs<\/h2>\n\n\n\n<ul class=\"wp-block-list\">\n<li>Encourager l\u2019acquisition de comp\u00e9tences linguistiques et communicatives \u00e0 l\u2019aide des technologies de r\u00e9alit\u00e9 \u00e9tendue. Pour mettre en place cet objectif, les comp\u00e9tences didactiques n\u00e9cessaires doivent \u00eatre acquises.<\/li>\n\n\n\n<li>Mise en place d\u2019opportunit\u00e9s de formation continue et de qualification (parcours de renforcement des comp\u00e9tences) pour les femmes r\u00e9fugi\u00e9es et les femmes \u00e0 faibles possibilit\u00e9s \u00e9ducatives.<\/li>\n\n\n\n<li>Soutien et autonomisation (empowerment) des femmes r\u00e9fugi\u00e9es et des femmes \u00e0 faibles possibilit\u00e9s \u00e9ducatives, par le biais de mesures de formation et en utilisant des technologies innovantes.<\/li>\n<\/ul>\n\n\n\n<h2 class=\"wp-block-heading\">R\u00e9sultats<strong> <\/strong>&nbsp;<\/h2>\n\n\n\n<ol style=\"list-style-type:1\" class=\"wp-block-list\">\n<li><strong>Manuel pour l\u2019int\u00e9gration des technologies de r\u00e9alit\u00e9 \u00e9tendue dans les cours de langues&nbsp;:<\/strong> mise au point d\u2019un manuel innovant, orient\u00e9 vers la pratique, pour encourager l\u2019usage des technologies de r\u00e9alit\u00e9 \u00e9tendue dans les cours de langues&nbsp;; en vue, en particulier, de favoriser les comp\u00e9tences linguistiques et communicatives des femmes r\u00e9fugi\u00e9es et des femmes \u00e0 faibles possibilit\u00e9s \u00e9ducatives.<\/li>\n\n\n\n<li><strong>Mat\u00e9riel m\u00e9thodique et didactique&nbsp;:<\/strong> d\u00e9veloppement d\u2019un espace d\u2019apprentissage virtuel interactif et facile d\u2019utilisation, pour s\u2019approprier l\u2019usage des m\u00e9thodes, des mat\u00e9riels d\u2019apprentissage et des outils issus du projet. Sur cette plateforme, divers modules sont mis \u00e0 disposition autant pour les enseignants que pour les apprenants.<\/li>\n<\/ol>\n\n\n\n<div class=\"wp-block-columns is-layout-flex wp-container-core-columns-is-layout-28f84493 wp-block-columns-is-layout-flex\">\n<div class=\"wp-block-column is-layout-flow wp-block-column-is-layout-flow\" style=\"flex-basis:50%\">\n<h2 class=\"wp-block-heading\">Donn\u00e9es principales du projet<\/h2>\n\n\n\n<p>Type de projet: projet international<\/p>\n\n\n\n<p>Dur\u00e9e<strong>&nbsp;: <\/strong>2022\u20132024<\/p>\n\n\n\n<p>Organisations partenaires: <\/p>\n\n\n\n<ul class=\"wp-block-list\">\n<li>CARDET, Chypre<\/li>\n\n\n\n<li>PANEPISTIMIO AIGAIOU, Gr\u00e8ce<\/li>\n\n\n\n<li>Akademia Humanistyczno-Ekonomiczna w Lodzi, Pologne<\/li>\n\n\n\n<li>SEMwell a Motion Digital s.r.o., R\u00e9publique tch\u00e8que<\/li>\n<\/ul>\n\n\n\n<p><strong><strong>Site web de projet<\/strong> :<\/strong> <a href=\"https:\/\/xrwomenproject.eu\/\">https:\/\/xrwomenproject.eu\/<\/a><\/p>\n\n\n\n<p><strong>R\u00e9f\u00e9rence du projet<\/strong> : 2022-1-CY01-KA220-ADU-000086774<\/p>\n\n\n\n<p><strong>Financement<\/strong> :&nbsp;<a href=\"https:\/\/www.movetia.ch\/fr\/\" target=\"_blank\" rel=\"noreferrer noopener\">Movetia<\/a>, <a href=\"https:\/\/erasmus-plus.ec.europa.eu\/fr\" target=\"_blank\" rel=\"noreferrer noopener\">Erasmus+<\/a><\/p>\n<\/div>\n\n\n\n<div class=\"wp-block-column is-layout-flow wp-block-column-is-layout-flow\" style=\"flex-basis:50%\">\n<h2 class=\"wp-block-heading\">News du projet<\/h2>\n\n\n\n<div class=\"wp-block-buttons is-layout-flex wp-block-buttons-is-layout-flex\">\n<div class=\"wp-block-button has-custom-width wp-block-button__width-100 is-style-minimal\"><a class=\"wp-block-button__link wp-element-button\" href=\"https:\/\/alice.ch\/fr\/news\/les-technologies-de-realite-etendue-dans-lapprentissage-des-langues\/\">Les technologies de r\u00e9alit\u00e9 \u00e9tendue dans l\u2019apprentissage des langues (06.03.23)<\/a><\/div>\n\n\n\n<div class=\"wp-block-button has-custom-width wp-block-button__width-100 is-style-minimal\"><a class=\"wp-block-button__link wp-element-button\" href=\"https:\/\/alice.ch\/fr\/news\/apprendre-des-langues-etrangeres-avec-des-lunettes-vr-nous-avons-teste\/\">Apprendre des langues \u00e9trang\u00e8res avec des lunettes VR \u2013 nous avons test\u00e9&nbsp;(30.10.23)<\/a><\/div>\n\n\n\n<div class=\"wp-block-button has-custom-width wp-block-button__width-100 is-style-minimal\"><a class=\"wp-block-button__link wp-element-button\" href=\"https:\/\/alice.ch\/fr\/news\/le-virtuel-au-service-de-lapprentissage-des-langues-une-evaluation-globale-est-necessaire\/\">Le virtuel au service de l\u2019apprentissage des langues: une \u00e9valuation globale est n\u00e9cessaire (18.12.23)<\/a><\/div>\n\n\n\n<div class=\"wp-block-button has-custom-width wp-block-button__width-100 is-style-minimal\"><a class=\"wp-block-button__link wp-element-button\" href=\"https:\/\/alice.ch\/fr\/news\/presque-toutes-aimeraient-travailler-a-nouveau-avec-cet-outil\/\">\u00abPresque toutes aimeraient travailler \u00e0 nouveau avec cet outil\u00bb (08.07.24)<\/a><\/div>\n\n\n\n<div class=\"wp-block-button is-style-minimal\"><a class=\"wp-block-button__link wp-element-button\" href=\"https:\/\/alice.ch\/fr\/news\/promouvoir-lintegration-et-la-participation-avec-la-realite-virtuelle\/\">Promouvoir l\u2019int\u00e9gration et la participation avec la r\u00e9alit\u00e9 virtuelle (27.01.24)<\/a><\/div>\n<\/div>\n\n\n\n<h2 class=\"wp-block-heading\">Documents<\/h2>\n\n\n\n<div class=\"wp-block-file\"><a id=\"wp-block-file--media-fe4762f8-2c55-4f5f-836d-683ec8f52da2\" href=\"https:\/\/alice.ch\/app\/uploads\/2025\/02\/XR-women-toolkit.pdf\">XR-Women Toolkit<br \/>PDF &#8211; 929 kb<\/a><a href=\"https:\/\/alice.ch\/app\/uploads\/2025\/02\/XR-women-toolkit.pdf\" class=\"wp-block-file__button wp-element-button\" download aria-describedby=\"wp-block-file--media-fe4762f8-2c55-4f5f-836d-683ec8f52da2\">Herunterladen<br \/>PDF &#8211; 929 kb<\/a><\/div>\n<\/div>\n<\/div>\n\n\n\n<div class=\"wp-block-group is-style-border-box is-layout-flow wp-block-group-is-layout-flow\">\n<div class=\"wp-block-columns is-layout-flex wp-container-core-columns-is-layout-28f84493 wp-block-columns-is-layout-flex\">\n<div class=\"wp-block-column is-layout-flow wp-block-column-is-layout-flow\">\n<figure class=\"wp-block-image size-full is-style-no-border\"><a href=\"https:\/\/www.movetia.ch\/fr\/\" target=\"_blank\" rel=\"noreferrer noopener\"><img decoding=\"async\" width=\"600\" height=\"88\" src=\"https:\/\/alice.ch\/app\/uploads\/2022\/08\/test-finanzierung.png\" alt=\"\" class=\"wp-image-4381\" srcset=\"https:\/\/alice.ch\/app\/uploads\/2022\/08\/test-finanzierung.png 600w, https:\/\/alice.ch\/app\/uploads\/2022\/08\/test-finanzierung-300x44.png 300w\" sizes=\"(max-width: 600px) 100vw, 600px\" \/><\/a><\/figure>\n\n\n\n<figure class=\"wp-block-image size-full is-style-no-border\"><a href=\"https:\/\/erasmus-plus.ec.europa.eu\/fr\" target=\"_blank\" rel=\"noreferrer noopener\"><img decoding=\"async\" width=\"328\" height=\"73\" src=\"https:\/\/alice.ch\/app\/uploads\/2022\/12\/logo_erasmus_.png\" alt=\"\" class=\"wp-image-33563\" srcset=\"https:\/\/alice.ch\/app\/uploads\/2022\/12\/logo_erasmus_.png 328w, https:\/\/alice.ch\/app\/uploads\/2022\/12\/logo_erasmus_-300x67.png 300w\" sizes=\"(max-width: 328px) 100vw, 328px\" \/><\/a><\/figure>\n<\/div>\n\n\n\n<div class=\"wp-block-column is-layout-flow wp-block-column-is-layout-flow\">\n<p>Ce projet est soutenu financi\u00e8rement par Movetia, qui encourage l\u2019\u00e9change, la mobilit\u00e9 et la coop\u00e9ration dans les domaines de l\u2019\u00e9ducation et de la formation continue ainsi que dans celui de l\u2019animation jeunesse \u2013 en Suisse, en Europe et dans le reste du monde.&nbsp;<a href=\"https:\/\/www.movetia.ch\/fr\/\" target=\"_blank\" rel=\"noreferrer noopener\">www.movetia.ch<\/a><\/p>\n<\/div>\n<\/div>\n<\/div>\n\n\n\n<div class=\"wp-block-columns is-layout-flex wp-container-core-columns-is-layout-28f84493 wp-block-columns-is-layout-flex\">\n<div class=\"wp-block-column is-layout-flow wp-block-column-is-layout-flow\" style=\"flex-basis:50%\"><div class=\"contact-persons\">\n\n\t\t\t\t\t<div class=\"contact-person\">\n\t\t\t\t\tIrena Sgier<br \/>\t\t\t\t\tDirectrice adjointe, Directrice de la recherche, du d\u00e9veloppement et de l\u2019innovation<br \/>\t\t\t\t\t<br \/>\n\t\t\t\t\t\t\t\t\t\t<a href=\"tel:+41 (0)44 319 71 59\">+41 (0)44 319 71 59<\/a><br \/>\t\t\t\t\t<a href=\"mailto:irena.sgier@alice.ch\">irena.sgier@alice.ch<\/a><br \/>\t\t\t\t\t<\/div>\n\t\t\t\t\t<\/div>\n<\/div>\n\n\n\n<div class=\"wp-block-column is-layout-flow wp-block-column-is-layout-flow\" style=\"flex-basis:50%\"><\/div>\n<\/div>\n<\/div>\n","protected":false},"featured_media":45218,"template":"","meta":{"_acf_changed":false,"inline_featured_image":false,"footnotes":""},"project-category":[143],"project-tag":[],"project-region":[204,215],"global-category":[367],"class_list":["post-45580","project","type-project","status-publish","has-post-thumbnail","hentry","project-category-egalite-des-chances","project-region-eu","project-region-ue-fr","global-category-ia-et-formation-continue"],"acf":[],"yoast_head":"<!-- This site is optimized with the Yoast SEO plugin v27.3 - https:\/\/yoast.com\/product\/yoast-seo-wordpress\/ -->\n<title>XR Women - FSEA<\/title>\n<meta name=\"robots\" content=\"index, follow, max-snippet:-1, max-image-preview:large, max-video-preview:-1\" \/>\n<link rel=\"canonical\" href=\"https:\/\/alice.ch\/fr\/project\/xr-women\/\" \/>\n<meta property=\"og:locale\" content=\"fr_FR\" \/>\n<meta property=\"og:type\" content=\"article\" \/>\n<meta property=\"og:title\" content=\"XR Women - FSEA\" \/>\n<meta property=\"og:description\" content=\"Empowerment pour les femmes r\u00e9fugi\u00e9es gr\u00e2ce \u00e0 l\u2019usage de la r\u00e9alit\u00e9 \u00e9tendue dans l\u2019apprentissage de langues Br\u00e8ve description &nbsp; Ce [&hellip;]\" \/>\n<meta property=\"og:url\" content=\"https:\/\/alice.ch\/fr\/project\/xr-women\/\" \/>\n<meta property=\"og:site_name\" content=\"SVEB\" \/>\n<meta property=\"article:modified_time\" content=\"2025-02-07T10:34:53+00:00\" \/>\n<meta property=\"og:image\" content=\"https:\/\/alice.ch\/app\/uploads\/2023\/02\/logo_xrwomen.jpg\" \/>\n\t<meta property=\"og:image:width\" content=\"1698\" \/>\n\t<meta property=\"og:image:height\" content=\"888\" \/>\n\t<meta property=\"og:image:type\" content=\"image\/jpeg\" \/>\n<meta name=\"twitter:card\" content=\"summary_large_image\" \/>\n<meta name=\"twitter:label1\" content=\"Dur\u00e9e de lecture estim\u00e9e\" \/>\n\t<meta name=\"twitter:data1\" content=\"3 minutes\" \/>\n<script type=\"application\/ld+json\" class=\"yoast-schema-graph\">{\"@context\":\"https:\\\/\\\/schema.org\",\"@graph\":[{\"@type\":\"WebPage\",\"@id\":\"https:\\\/\\\/alice.ch\\\/fr\\\/project\\\/xr-women\\\/\",\"url\":\"https:\\\/\\\/alice.ch\\\/fr\\\/project\\\/xr-women\\\/\",\"name\":\"XR Women - FSEA\",\"isPartOf\":{\"@id\":\"https:\\\/\\\/alice.ch\\\/fr\\\/#website\"},\"primaryImageOfPage\":{\"@id\":\"https:\\\/\\\/alice.ch\\\/fr\\\/project\\\/xr-women\\\/#primaryimage\"},\"image\":{\"@id\":\"https:\\\/\\\/alice.ch\\\/fr\\\/project\\\/xr-women\\\/#primaryimage\"},\"thumbnailUrl\":\"https:\\\/\\\/alice.ch\\\/app\\\/uploads\\\/2023\\\/02\\\/logo_xrwomen.jpg\",\"datePublished\":\"2023-02-13T09:22:42+00:00\",\"dateModified\":\"2025-02-07T10:34:53+00:00\",\"breadcrumb\":{\"@id\":\"https:\\\/\\\/alice.ch\\\/fr\\\/project\\\/xr-women\\\/#breadcrumb\"},\"inLanguage\":\"fr-FR\",\"potentialAction\":[{\"@type\":\"ReadAction\",\"target\":[\"https:\\\/\\\/alice.ch\\\/fr\\\/project\\\/xr-women\\\/\"]}]},{\"@type\":\"ImageObject\",\"inLanguage\":\"fr-FR\",\"@id\":\"https:\\\/\\\/alice.ch\\\/fr\\\/project\\\/xr-women\\\/#primaryimage\",\"url\":\"https:\\\/\\\/alice.ch\\\/app\\\/uploads\\\/2023\\\/02\\\/logo_xrwomen.jpg\",\"contentUrl\":\"https:\\\/\\\/alice.ch\\\/app\\\/uploads\\\/2023\\\/02\\\/logo_xrwomen.jpg\",\"width\":1698,\"height\":888},{\"@type\":\"BreadcrumbList\",\"@id\":\"https:\\\/\\\/alice.ch\\\/fr\\\/project\\\/xr-women\\\/#breadcrumb\",\"itemListElement\":[{\"@type\":\"ListItem\",\"position\":1,\"name\":\"Page d'accueil\",\"item\":\"https:\\\/\\\/alice.ch\\\/fr\\\/\"},{\"@type\":\"ListItem\",\"position\":2,\"name\":\"Projets\",\"item\":\"https:\\\/\\\/alice.ch\\\/fr\\\/project\\\/\"},{\"@type\":\"ListItem\",\"position\":3,\"name\":\"XR Women\"}]},{\"@type\":\"WebSite\",\"@id\":\"https:\\\/\\\/alice.ch\\\/fr\\\/#website\",\"url\":\"https:\\\/\\\/alice.ch\\\/fr\\\/\",\"name\":\"alice.ch (Adult Learning Information Center) ist das Portal der Weiterbildung in der Schweiz.\",\"description\":\"Schweizerischer Verband f\u00fcr Weiterbildung\",\"publisher\":{\"@id\":\"https:\\\/\\\/alice.ch\\\/fr\\\/#organization\"},\"potentialAction\":[{\"@type\":\"SearchAction\",\"target\":{\"@type\":\"EntryPoint\",\"urlTemplate\":\"https:\\\/\\\/alice.ch\\\/fr\\\/?s={search_term_string}\"},\"query-input\":{\"@type\":\"PropertyValueSpecification\",\"valueRequired\":true,\"valueName\":\"search_term_string\"}}],\"inLanguage\":\"fr-FR\"},{\"@type\":\"Organization\",\"@id\":\"https:\\\/\\\/alice.ch\\\/fr\\\/#organization\",\"name\":\"FSEA F\u00e9d\u00e9ration suisse pour la formation continue\",\"url\":\"https:\\\/\\\/alice.ch\\\/fr\\\/\",\"logo\":{\"@type\":\"ImageObject\",\"inLanguage\":\"fr-FR\",\"@id\":\"https:\\\/\\\/alice.ch\\\/fr\\\/#\\\/schema\\\/logo\\\/image\\\/\",\"url\":\"https:\\\/\\\/alice.ch\\\/app\\\/uploads\\\/2022\\\/07\\\/logo-sveb.png\",\"contentUrl\":\"https:\\\/\\\/alice.ch\\\/app\\\/uploads\\\/2022\\\/07\\\/logo-sveb.png\",\"width\":145,\"height\":64,\"caption\":\"FSEA F\u00e9d\u00e9ration suisse pour la formation continue\"},\"image\":{\"@id\":\"https:\\\/\\\/alice.ch\\\/fr\\\/#\\\/schema\\\/logo\\\/image\\\/\"},\"sameAs\":[\"https:\\\/\\\/www.linkedin.com\\\/company\\\/schweizerischer-verband-fr-weiterbildung-sveb\\\/\"]}]}<\/script>\n<!-- \/ Yoast SEO plugin. -->","yoast_head_json":{"title":"XR Women - FSEA","robots":{"index":"index","follow":"follow","max-snippet":"max-snippet:-1","max-image-preview":"max-image-preview:large","max-video-preview":"max-video-preview:-1"},"canonical":"https:\/\/alice.ch\/fr\/project\/xr-women\/","og_locale":"fr_FR","og_type":"article","og_title":"XR Women - FSEA","og_description":"Empowerment pour les femmes r\u00e9fugi\u00e9es gr\u00e2ce \u00e0 l\u2019usage de la r\u00e9alit\u00e9 \u00e9tendue dans l\u2019apprentissage de langues Br\u00e8ve description &nbsp; Ce [&hellip;]","og_url":"https:\/\/alice.ch\/fr\/project\/xr-women\/","og_site_name":"SVEB","article_modified_time":"2025-02-07T10:34:53+00:00","og_image":[{"width":1698,"height":888,"url":"https:\/\/alice.ch\/app\/uploads\/2023\/02\/logo_xrwomen.jpg","type":"image\/jpeg"}],"twitter_card":"summary_large_image","twitter_misc":{"Dur\u00e9e de lecture estim\u00e9e":"3 minutes"},"schema":{"@context":"https:\/\/schema.org","@graph":[{"@type":"WebPage","@id":"https:\/\/alice.ch\/fr\/project\/xr-women\/","url":"https:\/\/alice.ch\/fr\/project\/xr-women\/","name":"XR Women - FSEA","isPartOf":{"@id":"https:\/\/alice.ch\/fr\/#website"},"primaryImageOfPage":{"@id":"https:\/\/alice.ch\/fr\/project\/xr-women\/#primaryimage"},"image":{"@id":"https:\/\/alice.ch\/fr\/project\/xr-women\/#primaryimage"},"thumbnailUrl":"https:\/\/alice.ch\/app\/uploads\/2023\/02\/logo_xrwomen.jpg","datePublished":"2023-02-13T09:22:42+00:00","dateModified":"2025-02-07T10:34:53+00:00","breadcrumb":{"@id":"https:\/\/alice.ch\/fr\/project\/xr-women\/#breadcrumb"},"inLanguage":"fr-FR","potentialAction":[{"@type":"ReadAction","target":["https:\/\/alice.ch\/fr\/project\/xr-women\/"]}]},{"@type":"ImageObject","inLanguage":"fr-FR","@id":"https:\/\/alice.ch\/fr\/project\/xr-women\/#primaryimage","url":"https:\/\/alice.ch\/app\/uploads\/2023\/02\/logo_xrwomen.jpg","contentUrl":"https:\/\/alice.ch\/app\/uploads\/2023\/02\/logo_xrwomen.jpg","width":1698,"height":888},{"@type":"BreadcrumbList","@id":"https:\/\/alice.ch\/fr\/project\/xr-women\/#breadcrumb","itemListElement":[{"@type":"ListItem","position":1,"name":"Page d'accueil","item":"https:\/\/alice.ch\/fr\/"},{"@type":"ListItem","position":2,"name":"Projets","item":"https:\/\/alice.ch\/fr\/project\/"},{"@type":"ListItem","position":3,"name":"XR Women"}]},{"@type":"WebSite","@id":"https:\/\/alice.ch\/fr\/#website","url":"https:\/\/alice.ch\/fr\/","name":"alice.ch (Adult Learning Information Center) ist das Portal der Weiterbildung in der Schweiz.","description":"Schweizerischer Verband f\u00fcr Weiterbildung","publisher":{"@id":"https:\/\/alice.ch\/fr\/#organization"},"potentialAction":[{"@type":"SearchAction","target":{"@type":"EntryPoint","urlTemplate":"https:\/\/alice.ch\/fr\/?s={search_term_string}"},"query-input":{"@type":"PropertyValueSpecification","valueRequired":true,"valueName":"search_term_string"}}],"inLanguage":"fr-FR"},{"@type":"Organization","@id":"https:\/\/alice.ch\/fr\/#organization","name":"FSEA F\u00e9d\u00e9ration suisse pour la formation continue","url":"https:\/\/alice.ch\/fr\/","logo":{"@type":"ImageObject","inLanguage":"fr-FR","@id":"https:\/\/alice.ch\/fr\/#\/schema\/logo\/image\/","url":"https:\/\/alice.ch\/app\/uploads\/2022\/07\/logo-sveb.png","contentUrl":"https:\/\/alice.ch\/app\/uploads\/2022\/07\/logo-sveb.png","width":145,"height":64,"caption":"FSEA F\u00e9d\u00e9ration suisse pour la formation continue"},"image":{"@id":"https:\/\/alice.ch\/fr\/#\/schema\/logo\/image\/"},"sameAs":["https:\/\/www.linkedin.com\/company\/schweizerischer-verband-fr-weiterbildung-sveb\/"]}]}},"_links":{"self":[{"href":"https:\/\/alice.ch\/fr\/wp-json\/wp\/v2\/project\/45580","targetHints":{"allow":["GET"]}}],"collection":[{"href":"https:\/\/alice.ch\/fr\/wp-json\/wp\/v2\/project"}],"about":[{"href":"https:\/\/alice.ch\/fr\/wp-json\/wp\/v2\/types\/project"}],"version-history":[{"count":25,"href":"https:\/\/alice.ch\/fr\/wp-json\/wp\/v2\/project\/45580\/revisions"}],"predecessor-version":[{"id":65974,"href":"https:\/\/alice.ch\/fr\/wp-json\/wp\/v2\/project\/45580\/revisions\/65974"}],"wp:featuredmedia":[{"embeddable":true,"href":"https:\/\/alice.ch\/fr\/wp-json\/wp\/v2\/media\/45218"}],"wp:attachment":[{"href":"https:\/\/alice.ch\/fr\/wp-json\/wp\/v2\/media?parent=45580"}],"wp:term":[{"taxonomy":"project-category","embeddable":true,"href":"https:\/\/alice.ch\/fr\/wp-json\/wp\/v2\/project-category?post=45580"},{"taxonomy":"project-tag","embeddable":true,"href":"https:\/\/alice.ch\/fr\/wp-json\/wp\/v2\/project-tag?post=45580"},{"taxonomy":"project-region","embeddable":true,"href":"https:\/\/alice.ch\/fr\/wp-json\/wp\/v2\/project-region?post=45580"},{"taxonomy":"global-category","embeddable":true,"href":"https:\/\/alice.ch\/fr\/wp-json\/wp\/v2\/global-category?post=45580"}],"curies":[{"name":"wp","href":"https:\/\/api.w.org\/{rel}","templated":true}]}}