{"id":40066,"date":"2022-12-29T17:49:35","date_gmt":"2022-12-29T16:49:35","guid":{"rendered":"https:\/\/alice.ch\/?post_type=event&#038;p=40066"},"modified":"2023-07-06T15:32:49","modified_gmt":"2023-07-06T13:32:49","slug":"giornata-nazionale-della-qualita-2018","status":"publish","type":"event","link":"https:\/\/alice.ch\/it\/event\/giornata-nazionale-della-qualita-2018\/","title":{"rendered":"Giornata nazionale della qualit\u00e0 2018"},"content":{"rendered":"\n<p>Sfrutta appieno il potenziale della certificazione del sistema di gestione della qualit\u00e0 (SGQ)?<\/p>\n\n\n\n<p>Affinch\u00e9 gli enti di formazione possano trarre grandi benefici dai loro SGQ, sono necessari modelli che possano essere integrati in modo ottimale nell&#8217;organizzazione. I SGQ sono un valido ausilio per l&#8217;orientamento dello sviluppo della qualit\u00e0 ma se ci si limita al marchio allora non sono sufficienti. Un ente formativo pu\u00f2 trarre maggior vantaggio dal suo SGQ se la struttura \u00e8 orientata alla cultura della qualit\u00e0 il che richiede una comprensione della qualit\u00e0 a livello aziendale e un linguaggio comune, nonch\u00e9 obiettivi di qualit\u00e0 che siano supportati da tutti i dipendenti. Si tratta di un processo impegnativo e a lungo termine, spesso accompagnato da cambiamenti culturali.<\/p>\n\n\n\n<p>Inoltre, gli enti di formazione devono garantire che la qualit\u00e0 sia visibile sia all&#8217;interno sia all&#8217;esterno. La comunicazione e il marketing svolgono un ruolo importante in questo contesto. La giornata fornisce suggerimenti e idee pratiche su come sfruttare il potenziale di un sistema di gestione della qualit\u00e0 certificato e utilizzarlo come strumento di marketing.<\/p>\n\n\n\n<p>L&#8217;evento \u00e8 rivolto ai responsabili degli istituti di formazione continua, ai responsabili della qualit\u00e0 e ai responsabili della comunicazione e del marketing.<\/p>\n\n\n\n<h3 class=\"wp-block-heading\"><a href=\"https:\/\/alice.ch\/app\/uploads\/2022\/12\/2018-programme-journee-nationale-qualite.pdf\">Programma in francese<\/a><\/h3>\n\n\n\n<h3 class=\"wp-block-heading\">Presentazioni in francese<\/h3>\n\n\n\n<p><a href=\"https:\/\/alice.ch\/app\/uploads\/2022\/12\/2018-label-qualite-formation-continue.pdf\">Gerlinde Frera<\/a><\/p>\n\n\n\n<p><a href=\"https:\/\/alice.ch\/app\/uploads\/2022\/12\/2018-impact-smq.pdf\">Kurt Rubeli<\/a><\/p>\n\n\n\n<p><a href=\"https:\/\/alice.ch\/app\/uploads\/2022\/12\/2018-parler-smq.pdf\">Solange Dunand<\/a><\/p>\n\n\n\n<p><a href=\"https:\/\/alice.ch\/app\/uploads\/2022\/12\/2018-qualite-changement-perspective.pdf\">Martin M\u00fcller<\/a><\/p>\n\n\n\n<p><a href=\"https:\/\/alice.ch\/app\/uploads\/2022\/12\/2018-certifie-mq.pdf\">Gaby Neyer<\/a><\/p>\n\n\n\n<p><a href=\"https:\/\/alice.ch\/app\/uploads\/2022\/12\/2018-journee-nationale-qualite-graphic-recording.pdf\">Graphic Record: Christian Eggenberger<\/a><\/p>\n","protected":false},"excerpt":{"rendered":"<p>Sfrutta appieno il potenziale della certificazione del sistema di gestione della qualit\u00e0 (SGQ)? Affinch\u00e9 gli enti di formazione possano trarre [&hellip;]<\/p>\n","protected":false},"author":11,"featured_media":40052,"template":"","meta":{"_acf_changed":false,"inline_featured_image":false,"footnotes":""},"event-category":[104],"event-tag":[],"event-status":[330,205,209],"event-language":[317,211,210],"global-category":[114],"class_list":["post-40066","event","type-event","status-publish","has-post-thumbnail","hentry","event-category-eventi-fsea-ed-in-cooperazione","event-status-archiv-fr","event-status-archive","event-status-archivio","event-language-deutsch-fr","event-language-francese","event-language-tedesco","global-category-qualitaet-it"],"acf":[],"yoast_head":"<!-- This site is optimized with the Yoast SEO plugin v27.3 - https:\/\/yoast.com\/product\/yoast-seo-wordpress\/ -->\n<title>Giornata nazionale della qualit\u00e0 2018 - FSEA<\/title>\n<meta name=\"robots\" content=\"index, follow, max-snippet:-1, max-image-preview:large, max-video-preview:-1\" \/>\n<link rel=\"canonical\" href=\"https:\/\/alice.ch\/it\/event\/giornata-nazionale-della-qualita-2018\/\" \/>\n<meta property=\"og:locale\" content=\"it_IT\" \/>\n<meta property=\"og:type\" content=\"article\" \/>\n<meta property=\"og:title\" content=\"Giornata nazionale della qualit\u00e0 2018 - FSEA\" \/>\n<meta property=\"og:description\" content=\"Sfrutta appieno il potenziale della certificazione del sistema di gestione della qualit\u00e0 (SGQ)? Affinch\u00e9 gli enti di formazione possano trarre [&hellip;]\" \/>\n<meta property=\"og:url\" content=\"https:\/\/alice.ch\/it\/event\/giornata-nazionale-della-qualita-2018\/\" \/>\n<meta property=\"og:site_name\" content=\"SVEB\" \/>\n<meta property=\"article:modified_time\" content=\"2023-07-06T13:32:49+00:00\" \/>\n<meta property=\"og:image\" content=\"https:\/\/alice.ch\/app\/uploads\/2022\/12\/agenda-giornata-nazionale-qualita-2018.jpeg\" \/>\n\t<meta property=\"og:image:width\" content=\"750\" \/>\n\t<meta property=\"og:image:height\" content=\"375\" \/>\n\t<meta property=\"og:image:type\" content=\"image\/jpeg\" \/>\n<meta name=\"twitter:card\" content=\"summary_large_image\" \/>\n<script type=\"application\/ld+json\" class=\"yoast-schema-graph\">{\"@context\":\"https:\\\/\\\/schema.org\",\"@graph\":[{\"@type\":\"WebPage\",\"@id\":\"https:\\\/\\\/alice.ch\\\/it\\\/event\\\/giornata-nazionale-della-qualita-2018\\\/\",\"url\":\"https:\\\/\\\/alice.ch\\\/it\\\/event\\\/giornata-nazionale-della-qualita-2018\\\/\",\"name\":\"Giornata nazionale della qualit\u00e0 2018 - FSEA\",\"isPartOf\":{\"@id\":\"https:\\\/\\\/alice.ch\\\/it\\\/#website\"},\"primaryImageOfPage\":{\"@id\":\"https:\\\/\\\/alice.ch\\\/it\\\/event\\\/giornata-nazionale-della-qualita-2018\\\/#primaryimage\"},\"image\":{\"@id\":\"https:\\\/\\\/alice.ch\\\/it\\\/event\\\/giornata-nazionale-della-qualita-2018\\\/#primaryimage\"},\"thumbnailUrl\":\"https:\\\/\\\/alice.ch\\\/app\\\/uploads\\\/2022\\\/12\\\/agenda-giornata-nazionale-qualita-2018.jpeg\",\"datePublished\":\"2022-12-29T16:49:35+00:00\",\"dateModified\":\"2023-07-06T13:32:49+00:00\",\"breadcrumb\":{\"@id\":\"https:\\\/\\\/alice.ch\\\/it\\\/event\\\/giornata-nazionale-della-qualita-2018\\\/#breadcrumb\"},\"inLanguage\":\"it-IT\",\"potentialAction\":[{\"@type\":\"ReadAction\",\"target\":[\"https:\\\/\\\/alice.ch\\\/it\\\/event\\\/giornata-nazionale-della-qualita-2018\\\/\"]}]},{\"@type\":\"ImageObject\",\"inLanguage\":\"it-IT\",\"@id\":\"https:\\\/\\\/alice.ch\\\/it\\\/event\\\/giornata-nazionale-della-qualita-2018\\\/#primaryimage\",\"url\":\"https:\\\/\\\/alice.ch\\\/app\\\/uploads\\\/2022\\\/12\\\/agenda-giornata-nazionale-qualita-2018.jpeg\",\"contentUrl\":\"https:\\\/\\\/alice.ch\\\/app\\\/uploads\\\/2022\\\/12\\\/agenda-giornata-nazionale-qualita-2018.jpeg\",\"width\":750,\"height\":375},{\"@type\":\"BreadcrumbList\",\"@id\":\"https:\\\/\\\/alice.ch\\\/it\\\/event\\\/giornata-nazionale-della-qualita-2018\\\/#breadcrumb\",\"itemListElement\":[{\"@type\":\"ListItem\",\"position\":1,\"name\":\"Pagina iniziale\",\"item\":\"https:\\\/\\\/alice.ch\\\/it\\\/\"},{\"@type\":\"ListItem\",\"position\":2,\"name\":\"Events\",\"item\":\"https:\\\/\\\/alice.ch\\\/it\\\/event\\\/\"},{\"@type\":\"ListItem\",\"position\":3,\"name\":\"Giornata nazionale della qualit\u00e0 2018\"}]},{\"@type\":\"WebSite\",\"@id\":\"https:\\\/\\\/alice.ch\\\/it\\\/#website\",\"url\":\"https:\\\/\\\/alice.ch\\\/it\\\/\",\"name\":\"alice.ch (Adult Learning Information Center) ist das Portal der Weiterbildung in der Schweiz.\",\"description\":\"Schweizerischer Verband f\u00fcr Weiterbildung\",\"publisher\":{\"@id\":\"https:\\\/\\\/alice.ch\\\/it\\\/#organization\"},\"potentialAction\":[{\"@type\":\"SearchAction\",\"target\":{\"@type\":\"EntryPoint\",\"urlTemplate\":\"https:\\\/\\\/alice.ch\\\/it\\\/?s={search_term_string}\"},\"query-input\":{\"@type\":\"PropertyValueSpecification\",\"valueRequired\":true,\"valueName\":\"search_term_string\"}}],\"inLanguage\":\"it-IT\"},{\"@type\":\"Organization\",\"@id\":\"https:\\\/\\\/alice.ch\\\/it\\\/#organization\",\"name\":\"FSEA Federazione svizzera per la formazione continua\",\"url\":\"https:\\\/\\\/alice.ch\\\/it\\\/\",\"logo\":{\"@type\":\"ImageObject\",\"inLanguage\":\"it-IT\",\"@id\":\"https:\\\/\\\/alice.ch\\\/it\\\/#\\\/schema\\\/logo\\\/image\\\/\",\"url\":\"https:\\\/\\\/alice.ch\\\/app\\\/uploads\\\/2022\\\/07\\\/logo-sveb.png\",\"contentUrl\":\"https:\\\/\\\/alice.ch\\\/app\\\/uploads\\\/2022\\\/07\\\/logo-sveb.png\",\"width\":145,\"height\":64,\"caption\":\"FSEA Federazione svizzera per la formazione continua\"},\"image\":{\"@id\":\"https:\\\/\\\/alice.ch\\\/it\\\/#\\\/schema\\\/logo\\\/image\\\/\"},\"sameAs\":[\"https:\\\/\\\/www.linkedin.com\\\/company\\\/schweizerischer-verband-fr-weiterbildung-sveb\\\/\"]}]}<\/script>\n<!-- \/ Yoast SEO plugin. -->","yoast_head_json":{"title":"Giornata nazionale della qualit\u00e0 2018 - FSEA","robots":{"index":"index","follow":"follow","max-snippet":"max-snippet:-1","max-image-preview":"max-image-preview:large","max-video-preview":"max-video-preview:-1"},"canonical":"https:\/\/alice.ch\/it\/event\/giornata-nazionale-della-qualita-2018\/","og_locale":"it_IT","og_type":"article","og_title":"Giornata nazionale della qualit\u00e0 2018 - FSEA","og_description":"Sfrutta appieno il potenziale della certificazione del sistema di gestione della qualit\u00e0 (SGQ)? Affinch\u00e9 gli enti di formazione possano trarre [&hellip;]","og_url":"https:\/\/alice.ch\/it\/event\/giornata-nazionale-della-qualita-2018\/","og_site_name":"SVEB","article_modified_time":"2023-07-06T13:32:49+00:00","og_image":[{"width":750,"height":375,"url":"https:\/\/alice.ch\/app\/uploads\/2022\/12\/agenda-giornata-nazionale-qualita-2018.jpeg","type":"image\/jpeg"}],"twitter_card":"summary_large_image","schema":{"@context":"https:\/\/schema.org","@graph":[{"@type":"WebPage","@id":"https:\/\/alice.ch\/it\/event\/giornata-nazionale-della-qualita-2018\/","url":"https:\/\/alice.ch\/it\/event\/giornata-nazionale-della-qualita-2018\/","name":"Giornata nazionale della qualit\u00e0 2018 - FSEA","isPartOf":{"@id":"https:\/\/alice.ch\/it\/#website"},"primaryImageOfPage":{"@id":"https:\/\/alice.ch\/it\/event\/giornata-nazionale-della-qualita-2018\/#primaryimage"},"image":{"@id":"https:\/\/alice.ch\/it\/event\/giornata-nazionale-della-qualita-2018\/#primaryimage"},"thumbnailUrl":"https:\/\/alice.ch\/app\/uploads\/2022\/12\/agenda-giornata-nazionale-qualita-2018.jpeg","datePublished":"2022-12-29T16:49:35+00:00","dateModified":"2023-07-06T13:32:49+00:00","breadcrumb":{"@id":"https:\/\/alice.ch\/it\/event\/giornata-nazionale-della-qualita-2018\/#breadcrumb"},"inLanguage":"it-IT","potentialAction":[{"@type":"ReadAction","target":["https:\/\/alice.ch\/it\/event\/giornata-nazionale-della-qualita-2018\/"]}]},{"@type":"ImageObject","inLanguage":"it-IT","@id":"https:\/\/alice.ch\/it\/event\/giornata-nazionale-della-qualita-2018\/#primaryimage","url":"https:\/\/alice.ch\/app\/uploads\/2022\/12\/agenda-giornata-nazionale-qualita-2018.jpeg","contentUrl":"https:\/\/alice.ch\/app\/uploads\/2022\/12\/agenda-giornata-nazionale-qualita-2018.jpeg","width":750,"height":375},{"@type":"BreadcrumbList","@id":"https:\/\/alice.ch\/it\/event\/giornata-nazionale-della-qualita-2018\/#breadcrumb","itemListElement":[{"@type":"ListItem","position":1,"name":"Pagina iniziale","item":"https:\/\/alice.ch\/it\/"},{"@type":"ListItem","position":2,"name":"Events","item":"https:\/\/alice.ch\/it\/event\/"},{"@type":"ListItem","position":3,"name":"Giornata nazionale della qualit\u00e0 2018"}]},{"@type":"WebSite","@id":"https:\/\/alice.ch\/it\/#website","url":"https:\/\/alice.ch\/it\/","name":"alice.ch (Adult Learning Information Center) ist das Portal der Weiterbildung in der Schweiz.","description":"Schweizerischer Verband f\u00fcr Weiterbildung","publisher":{"@id":"https:\/\/alice.ch\/it\/#organization"},"potentialAction":[{"@type":"SearchAction","target":{"@type":"EntryPoint","urlTemplate":"https:\/\/alice.ch\/it\/?s={search_term_string}"},"query-input":{"@type":"PropertyValueSpecification","valueRequired":true,"valueName":"search_term_string"}}],"inLanguage":"it-IT"},{"@type":"Organization","@id":"https:\/\/alice.ch\/it\/#organization","name":"FSEA Federazione svizzera per la formazione continua","url":"https:\/\/alice.ch\/it\/","logo":{"@type":"ImageObject","inLanguage":"it-IT","@id":"https:\/\/alice.ch\/it\/#\/schema\/logo\/image\/","url":"https:\/\/alice.ch\/app\/uploads\/2022\/07\/logo-sveb.png","contentUrl":"https:\/\/alice.ch\/app\/uploads\/2022\/07\/logo-sveb.png","width":145,"height":64,"caption":"FSEA Federazione svizzera per la formazione continua"},"image":{"@id":"https:\/\/alice.ch\/it\/#\/schema\/logo\/image\/"},"sameAs":["https:\/\/www.linkedin.com\/company\/schweizerischer-verband-fr-weiterbildung-sveb\/"]}]}},"_links":{"self":[{"href":"https:\/\/alice.ch\/it\/wp-json\/wp\/v2\/event\/40066","targetHints":{"allow":["GET"]}}],"collection":[{"href":"https:\/\/alice.ch\/it\/wp-json\/wp\/v2\/event"}],"about":[{"href":"https:\/\/alice.ch\/it\/wp-json\/wp\/v2\/types\/event"}],"author":[{"embeddable":true,"href":"https:\/\/alice.ch\/it\/wp-json\/wp\/v2\/users\/11"}],"version-history":[{"count":2,"href":"https:\/\/alice.ch\/it\/wp-json\/wp\/v2\/event\/40066\/revisions"}],"predecessor-version":[{"id":52373,"href":"https:\/\/alice.ch\/it\/wp-json\/wp\/v2\/event\/40066\/revisions\/52373"}],"wp:featuredmedia":[{"embeddable":true,"href":"https:\/\/alice.ch\/it\/wp-json\/wp\/v2\/media\/40052"}],"wp:attachment":[{"href":"https:\/\/alice.ch\/it\/wp-json\/wp\/v2\/media?parent=40066"}],"wp:term":[{"taxonomy":"event-category","embeddable":true,"href":"https:\/\/alice.ch\/it\/wp-json\/wp\/v2\/event-category?post=40066"},{"taxonomy":"event-tag","embeddable":true,"href":"https:\/\/alice.ch\/it\/wp-json\/wp\/v2\/event-tag?post=40066"},{"taxonomy":"event-status","embeddable":true,"href":"https:\/\/alice.ch\/it\/wp-json\/wp\/v2\/event-status?post=40066"},{"taxonomy":"event-language","embeddable":true,"href":"https:\/\/alice.ch\/it\/wp-json\/wp\/v2\/event-language?post=40066"},{"taxonomy":"global-category","embeddable":true,"href":"https:\/\/alice.ch\/it\/wp-json\/wp\/v2\/global-category?post=40066"}],"curies":[{"name":"wp","href":"https:\/\/api.w.org\/{rel}","templated":true}]}}