{"id":11000,"date":"2022-08-16T15:39:11","date_gmt":"2022-08-16T13:39:11","guid":{"rendered":"https:\/\/projects.atxeit.ch\/sveb\/weiterbildungsbeteiligung\/"},"modified":"2024-07-18T16:43:39","modified_gmt":"2024-07-18T14:43:39","slug":"partecipazione","status":"publish","type":"page","link":"https:\/\/alice.ch\/it\/temi\/formazione-continua-svizzera\/partecipazione\/","title":{"rendered":"Partecipazione"},"content":{"rendered":"\n<div class=\"wp-block-group is-style-reduced-width is-layout-flow wp-block-group-is-layout-flow\">\n<h1 class=\"wp-block-heading\">Partecipazione alla formazione continua della popolazione svizzera<\/h1>\n\n\n\n<p class=\"is-style-lead\">L\u2019Ufficio federale di statistica&nbsp;(UST) dal 2011 ogni cinque anni raccoglie dati sul comportamento della popolazione svizzera in merito alla formazione continua e li raccoglie nel \u201cMicrocensimento formazione di base e formazione continua\u201d. I dati pi\u00f9 attuali riguardano il 2021.<\/p>\n\n\n\n<p>I risultati si basano su un sondaggio telefonico svolto su un campione rappresentativo di circa 10\u2019000 persone. Su questa pagina trovate una panoramica dei risultati. Si deve tenere conto del fatto che i dati sono stati raccolti durante la pandemia di Corona, che ha avuto un effetto negativo sulla partecipazione alla formazione.<\/p>\n\n\n\n<h2 class=\"wp-block-heading\">Tasso di partecipazione<\/h2>\n\n\n\n<p>I seguenti grafici si riferiscono alla popolazione residente in Svizzera di et\u00e0 compresa tra i 15 e i 75 anni. Come fonti per i dati sono stati presi i sondaggi dell\u2019UST del 2021, 2016 e 2011. Come attivit\u00e0 di formazione continua sono definite le formazioni non formali non le forme d\u2019apprendimento informale.<\/p>\n\n\n\n<h3 class=\"wp-block-heading\">Sviluppo della partecipazione alla formazione continua<\/h3>\n\n\n\n<div class=\"wp-block-columns is-layout-flex wp-container-core-columns-is-layout-28f84493 wp-block-columns-is-layout-flex\">\n<div class=\"wp-block-column is-layout-flow wp-block-column-is-layout-flow\" style=\"flex-basis:60%\">\n<figure class=\"wp-block-image size-full is-resized is-style-default\"><img decoding=\"async\" width=\"672\" height=\"480\" src=\"https:\/\/alice.ch\/app\/uploads\/2022\/11\/Abb1_Beteiligung-1-2.png\" alt=\"\" class=\"wp-image-18232\" style=\"width:787px;height:auto\" srcset=\"https:\/\/alice.ch\/app\/uploads\/2022\/11\/Abb1_Beteiligung-1-2.png 672w, https:\/\/alice.ch\/app\/uploads\/2022\/11\/Abb1_Beteiligung-1-2-300x214.png 300w\" sizes=\"(max-width: 672px) 100vw, 672px\" \/><\/figure>\n<\/div>\n\n\n\n<div class=\"wp-block-column is-layout-flow wp-block-column-is-layout-flow\" style=\"flex-basis:40%\">\n<p>La partecipazione della popolazione svizzera di et\u00e0 compresa tra i 17 e i 75 anni ad almeno una formazione continua \u00e8 aumentata di 4 punti percentuali rispetto al 2011 arrivando al 62%. Questo piccolo aumento si \u00e8 riscontrato in tutte e tre le regioni linguistiche. Con la conseguenza che lo scarto tra le regioni resta invariato.<\/p>\n<\/div>\n<\/div>\n\n\n\n<h3 class=\"wp-block-heading\">Partecipazione alla formazione per gruppi di et\u00e0<\/h3>\n\n\n\n<div class=\"wp-block-group is-layout-flow wp-block-group-is-layout-flow\">\n<div class=\"wp-block-columns is-layout-flex wp-container-core-columns-is-layout-28f84493 wp-block-columns-is-layout-flex\">\n<div class=\"wp-block-column is-layout-flow wp-block-column-is-layout-flow\" style=\"flex-basis:60%\">\n<figure class=\"wp-block-image size-full is-resized is-style-default\"><img decoding=\"async\" width=\"672\" height=\"480\" src=\"https:\/\/alice.ch\/app\/uploads\/2022\/11\/Abb2_Alter-1-2.png\" alt=\"\" class=\"wp-image-18236\" style=\"width:788px;height:auto\" srcset=\"https:\/\/alice.ch\/app\/uploads\/2022\/11\/Abb2_Alter-1-2.png 672w, https:\/\/alice.ch\/app\/uploads\/2022\/11\/Abb2_Alter-1-2-300x214.png 300w\" sizes=\"(max-width: 672px) 100vw, 672px\" \/><\/figure>\n<\/div>\n\n\n\n<div class=\"wp-block-column is-layout-flow wp-block-column-is-layout-flow\" style=\"flex-basis:40%\">\n<p>Il gruppo di et\u00e0 compresa dai 25 ai 34 anni ha un tasso di partecipazione alle formazioni del 76%. Il numero diminuisce con l\u2019aumentare dell\u2019et\u00e0. Lo scarto maggiore lo si riscontra con il gruppo di et\u00e0 dai 65 ai 75 anni. In questo gruppo si registrano il 32% di attivit\u00e0 di formazione.<\/p>\n<\/div>\n<\/div>\n<\/div>\n\n\n\n<h3 class=\"wp-block-heading\">Partecipazione alla formazione continua per livello di formazione<\/h3>\n\n\n\n<div class=\"wp-block-columns is-layout-flex wp-container-core-columns-is-layout-28f84493 wp-block-columns-is-layout-flex\">\n<div class=\"wp-block-column is-layout-flow wp-block-column-is-layout-flow\" style=\"flex-basis:60%\">\n<figure class=\"wp-block-image size-full is-resized\"><img decoding=\"async\" width=\"672\" height=\"480\" src=\"https:\/\/alice.ch\/app\/uploads\/2022\/11\/Abb3_Bildung-1-2.png\" alt=\"\" class=\"wp-image-18240\" style=\"width:787px;height:auto\" srcset=\"https:\/\/alice.ch\/app\/uploads\/2022\/11\/Abb3_Bildung-1-2.png 672w, https:\/\/alice.ch\/app\/uploads\/2022\/11\/Abb3_Bildung-1-2-300x214.png 300w\" sizes=\"(max-width: 672px) 100vw, 672px\" \/><\/figure>\n<\/div>\n\n\n\n<div class=\"wp-block-column is-layout-flow wp-block-column-is-layout-flow\" style=\"flex-basis:40%\">\n<p>La partecipazione a una formazione continua \u00e8 legata al livello di formazione delle persone. La percentuale di coloro che hanno seguito almeno una formazione continua nel 2016 duplica passando dal 40%, percentuale per il gruppo in possesso di un titolo di formazione obbligatoria, all\u201981% per coloro che hanno conseguito un titolo del terziario.<\/p>\n<\/div>\n<\/div>\n\n\n\n<h3 class=\"wp-block-heading\">Partecipazione alla formazione continua per statuto sul mercato del lavoro<\/h3>\n\n\n\n<div class=\"wp-block-columns is-layout-flex wp-container-core-columns-is-layout-28f84493 wp-block-columns-is-layout-flex\">\n<div class=\"wp-block-column is-layout-flow wp-block-column-is-layout-flow\" style=\"flex-basis:60%\">\n<figure class=\"wp-block-image size-full is-resized\"><img decoding=\"async\" width=\"672\" height=\"480\" src=\"https:\/\/alice.ch\/app\/uploads\/2022\/11\/Abb4_Arbeit-1-2.png\" alt=\"\" class=\"wp-image-18244\" style=\"width:792px;height:auto\" srcset=\"https:\/\/alice.ch\/app\/uploads\/2022\/11\/Abb4_Arbeit-1-2.png 672w, https:\/\/alice.ch\/app\/uploads\/2022\/11\/Abb4_Arbeit-1-2-300x214.png 300w\" sizes=\"(max-width: 672px) 100vw, 672px\" \/><\/figure>\n<\/div>\n\n\n\n<div class=\"wp-block-column is-layout-flow wp-block-column-is-layout-flow\">\n<p>L\u2019inserimento nel mercato del lavoro ha una forte influenza sulle attivit\u00e0 di formazione continua delle persone. Nel 2016 il 71% degli impiegati ha seguito una formazione continua. La cifra \u00e8 nettamente superiore della media del 62%.<\/p>\n<\/div>\n<\/div>\n\n\n\n<h2 class=\"wp-block-heading\">Tipi e finalit\u00e0 della formazione continua<\/h2>\n\n\n\n<p>La partecipazione alla formazione continua pu\u00f2 essere differenziata per intensit\u00e0 (durata e numero delle attivit\u00e0 di formazione continua seguite) come pure per ambito e motivazione. I seguenti grafici si basano sulle stesse inchieste dell\u2019UST del 2021. I dati sulla durata e il numero di partecipanti alla formazione continua si riferiscono alle attivit\u00e0 di formazione continua della popolazione di et\u00e0 compresa tra i 15 e i 75 anni. Le percentuali degli ambiti di specializzazione si rapportano a tutte le attivit\u00e0 di formazione alle quali questo gruppo ha partecipato.<\/p>\n\n\n\n<h3 class=\"wp-block-heading\">Motivazioni della partecipazione alla formazione continua<\/h3>\n\n\n\n<div class=\"wp-block-columns is-layout-flex wp-container-core-columns-is-layout-28f84493 wp-block-columns-is-layout-flex\">\n<div class=\"wp-block-column is-layout-flow wp-block-column-is-layout-flow\" style=\"flex-basis:60%\">\n<figure class=\"wp-block-image size-full is-resized is-style-default\"><img decoding=\"async\" width=\"672\" height=\"480\" src=\"https:\/\/alice.ch\/app\/uploads\/2022\/11\/Abb5_Art-1-2.png\" alt=\"\" class=\"wp-image-18248\" style=\"width:788px;height:auto\" srcset=\"https:\/\/alice.ch\/app\/uploads\/2022\/11\/Abb5_Art-1-2.png 672w, https:\/\/alice.ch\/app\/uploads\/2022\/11\/Abb5_Art-1-2-300x214.png 300w\" sizes=\"(max-width: 672px) 100vw, 672px\" \/><\/figure>\n<\/div>\n\n\n\n<div class=\"wp-block-column is-layout-flow wp-block-column-is-layout-flow\" style=\"flex-basis:40%\">\n<p>La motivazione che spinge a seguire un corso di formazione continua pu\u00f2 essere professionale o meno. Per il 62% della popolazione svizzera che svolge delle attivit\u00e0 di formazione continua la pi\u00f9 della met\u00e0 lo fa con una motivazione professionale. Un quarto della popolazione che segue attivit\u00e0 di formazione lo fa sia professionalmente sia non. La percentuale degli uomini che segue una formazione a fini professionali \u00e8 nettamente pi\u00f9 alta di quella delle donne. In confronto le donne continuano a formarsi anche senza una motivazione professionale. La differenza si spiega in parte con le differenti integrazioni sul mercato del lavoro.<\/p>\n<\/div>\n<\/div>\n\n\n\n<h3 class=\"wp-block-heading\">Intensit\u00e0 della formazione continua<\/h3>\n\n\n\n<div class=\"wp-block-columns is-layout-flex wp-container-core-columns-is-layout-28f84493 wp-block-columns-is-layout-flex\">\n<div class=\"wp-block-column is-layout-flow wp-block-column-is-layout-flow\" style=\"flex-basis:60%\">\n<figure class=\"wp-block-image size-full is-resized is-style-default\"><img decoding=\"async\" width=\"672\" height=\"480\" src=\"https:\/\/alice.ch\/app\/uploads\/2022\/11\/Abb6_Aktivitaet-1-2.png\" alt=\"\" class=\"wp-image-18252\" style=\"width:788px;height:auto\" srcset=\"https:\/\/alice.ch\/app\/uploads\/2022\/11\/Abb6_Aktivitaet-1-2.png 672w, https:\/\/alice.ch\/app\/uploads\/2022\/11\/Abb6_Aktivitaet-1-2-300x214.png 300w\" sizes=\"(max-width: 672px) 100vw, 672px\" \/><\/figure>\n<\/div>\n\n\n\n<div class=\"wp-block-column is-layout-flow wp-block-column-is-layout-flow\" style=\"flex-basis:40%\">\n<p>Il 40% della popolazione attiva nell\u2019ambito della formazione continua ha seguito un solo corso nell\u2019anno prima del sondaggio del 2016. La media sta a 2,3 attivit\u00e0 di formazione continua. Sommando la durata totale di tutte le formazioni seguite si constata che il 46% delle persone che ha seguito uno o pi\u00f9 corsi lo ha fatto per una durata che supera le 40 ore.<\/p>\n<\/div>\n<\/div>\n\n\n\n<h3 class=\"wp-block-heading\">Ambiti delle formazioni continue<\/h3>\n\n\n\n<div class=\"wp-block-columns is-layout-flex wp-container-core-columns-is-layout-28f84493 wp-block-columns-is-layout-flex\">\n<div class=\"wp-block-column is-layout-flow wp-block-column-is-layout-flow\" style=\"flex-basis:60%\">\n<figure class=\"wp-block-image size-full is-resized\"><img decoding=\"async\" width=\"672\" height=\"480\" src=\"https:\/\/alice.ch\/app\/uploads\/2022\/11\/Abb7_Themen-1-2.png\" alt=\"\" class=\"wp-image-18256\" style=\"width:787px;height:auto\" srcset=\"https:\/\/alice.ch\/app\/uploads\/2022\/11\/Abb7_Themen-1-2.png 672w, https:\/\/alice.ch\/app\/uploads\/2022\/11\/Abb7_Themen-1-2-300x214.png 300w\" sizes=\"(max-width: 672px) 100vw, 672px\" \/><\/figure>\n<\/div>\n\n\n\n<div class=\"wp-block-column is-layout-flow wp-block-column-is-layout-flow\" style=\"flex-basis:40%\">\n<p>L\u2019ambito riguardante \u201ceconomia e lavoro\u201d con il 24% dell\u2019insieme di attivit\u00e0 rappresenta il campo di offerte di formazione non formale pi\u00f9 vasto. Se si considerano solo le attivit\u00e0 di formazione continua professionale questo valore arriva al 30%. Se si considerano solo i corsi di formazione continua non professionale allora il settore \u201csport, arte e creativit\u00e0\u201d \u00e8 chiaramente il pi\u00f9 rappresentato.<\/p>\n<\/div>\n<\/div>\n\n\n\n<div class=\"wp-block-buttons is-layout-flex wp-block-buttons-is-layout-flex\">\n<div class=\"wp-block-button is-style-outline is-style-outline--1\"><a class=\"wp-block-button__link wp-element-button\" href=\"https:\/\/www.bfs.admin.ch\/bfs\/it\/home\/statistiche\/formazione-scienza\/continua\/popolazione.html\" target=\"_blank\" rel=\"noreferrer noopener\">UST: Formazione continua della popolazione<\/a><\/div>\n\n\n\n<div class=\"wp-block-button is-style-outline is-style-outline--2\"><a class=\"wp-block-button__link wp-element-button\" href=\"\" target=\"_blank\" rel=\"noreferrer noopener\">UST: Formazione continua in Svizzera 2021<\/a><\/div>\n<\/div>\n\n\n\n<div class=\"wp-block-columns is-layout-flex wp-container-core-columns-is-layout-28f84493 wp-block-columns-is-layout-flex\">\n<div class=\"wp-block-column is-layout-flow wp-block-column-is-layout-flow\" style=\"flex-basis:50%\">\n<div class=\"wp-block-file\"><a id=\"wp-block-file--media-de43f2e1-6ec9-4e01-b267-d80ffe110431\" href=\"https:\/\/alice.ch\/app\/uploads\/2022\/11\/microcensimento2016.pdf\">UST: Microcensimento formazione di base e formazione continua (2016)<br \/>PDF &#8211; 1 MB<\/a><a href=\"https:\/\/alice.ch\/app\/uploads\/2022\/11\/microcensimento2016.pdf\" class=\"wp-block-file__button wp-element-button\" download aria-describedby=\"wp-block-file--media-de43f2e1-6ec9-4e01-b267-d80ffe110431\">Herunterladen<br \/>PDF &#8211; 1 MB<\/a><\/div>\n<\/div>\n\n\n\n<div class=\"wp-block-column is-layout-flow wp-block-column-is-layout-flow\" style=\"flex-basis:50%\"><\/div>\n<\/div>\n\n\n\n<div class=\"wp-block-columns is-layout-flex wp-container-core-columns-is-layout-28f84493 wp-block-columns-is-layout-flex\">\n<div class=\"wp-block-column is-layout-flow wp-block-column-is-layout-flow\" style=\"flex-basis:50%\">\n<div class=\"wp-block-file\"><a id=\"wp-block-file--media-de43f2e1-6ec9-4e01-b267-d80ffe110431\" href=\"https:\/\/alice.ch\/app\/uploads\/2022\/11\/microcensimento2011.pdf\">UST: Microcensimento formazione di base e formazione continua (2011)<br \/>PDF &#8211; 1 MB<\/a><a href=\"https:\/\/alice.ch\/app\/uploads\/2022\/11\/microcensimento2011.pdf\" class=\"wp-block-file__button wp-element-button\" download aria-describedby=\"wp-block-file--media-de43f2e1-6ec9-4e01-b267-d80ffe110431\">Herunterladen<br \/>PDF &#8211; 1 MB<\/a><\/div>\n<\/div>\n\n\n\n<div class=\"wp-block-column is-layout-flow wp-block-column-is-layout-flow\" style=\"flex-basis:50%\"><\/div>\n<\/div>\n\n\n\n<div class=\"wp-block-buttons is-layout-flex wp-block-buttons-is-layout-flex\">\n<div class=\"wp-block-button has-custom-width wp-block-button__width-50 is-style-outline is-style-outline--3\"><a class=\"wp-block-button__link wp-element-button\" href=\"https:\/\/alice.ch\/it\/ricerca\/attivita-di-ricerca\/\">Sondaggi sugli enti di formazione<\/a><\/div>\n<\/div>\n\n\n\n<h2 class=\"wp-block-heading\">Contatto<\/h2>\n\n\n\n<div class=\"wp-block-columns is-layout-flex wp-container-core-columns-is-layout-28f84493 wp-block-columns-is-layout-flex\">\n<div class=\"wp-block-column is-layout-flow wp-block-column-is-layout-flow\" style=\"flex-basis:50%\"><div class=\"contact-persons\">\n\n\t\t\t\t\t<div class=\"contact-person\">\n\t\t\t\t\tIrena Sgier<br \/>\t\t\t\t\tDirettrice supplente, Responsabile Ricerca, Sviluppo e Innovazione<br \/>\t\t\t\t\t<br \/>\n\t\t\t\t\t\t\t\t\t\t<a href=\"tel:+41 (0)44 319 71 59\">+41 (0)44 319 71 59<\/a><br \/>\t\t\t\t\t<a href=\"mailto:irena.sgier@alice.ch\">irena.sgier@alice.ch<\/a><br \/>\t\t\t\t\t<\/div>\n\t\t\t\t\t<\/div>\n<\/div>\n\n\n\n<div class=\"wp-block-column is-layout-flow wp-block-column-is-layout-flow\" style=\"flex-basis:50%\"><\/div>\n<\/div>\n<\/div>\n","protected":false},"excerpt":{"rendered":"<p>Partecipazione alla formazione continua della popolazione svizzera L\u2019Ufficio federale di statistica&nbsp;(UST) dal 2011 ogni cinque anni raccoglie dati sul comportamento [&hellip;]<\/p>\n","protected":false},"author":2,"featured_media":20799,"parent":18307,"menu_order":26,"comment_status":"closed","ping_status":"closed","template":"","meta":{"_acf_changed":false,"inline_featured_image":false,"footnotes":""},"class_list":["post-11000","page","type-page","status-publish","has-post-thumbnail","hentry"],"acf":[],"yoast_head":"<!-- This site is optimized with the Yoast SEO plugin v27.3 - https:\/\/yoast.com\/product\/yoast-seo-wordpress\/ -->\n<title>Partecipazione - FSEA<\/title>\n<meta name=\"description\" content=\"Partecipazione alla formazione continua: Dati sulle attivit\u00e0 di formazione continua della popolazione svizzera e sviluppi negli ultimi anni.\" \/>\n<meta name=\"robots\" content=\"index, follow, max-snippet:-1, max-image-preview:large, max-video-preview:-1\" \/>\n<link rel=\"canonical\" href=\"https:\/\/alice.ch\/it\/temi\/formazione-continua-svizzera\/partecipazione\/\" \/>\n<meta property=\"og:locale\" content=\"it_IT\" \/>\n<meta property=\"og:type\" content=\"article\" \/>\n<meta property=\"og:title\" content=\"Partecipazione - FSEA\" \/>\n<meta property=\"og:description\" content=\"Partecipazione alla formazione continua: Dati sulle attivit\u00e0 di formazione continua della popolazione svizzera e sviluppi negli ultimi anni.\" \/>\n<meta property=\"og:url\" content=\"https:\/\/alice.ch\/it\/temi\/formazione-continua-svizzera\/partecipazione\/\" \/>\n<meta property=\"og:site_name\" content=\"SVEB\" \/>\n<meta property=\"article:modified_time\" content=\"2024-07-18T14:43:39+00:00\" \/>\n<meta property=\"og:image\" content=\"https:\/\/alice.ch\/app\/uploads\/2022\/11\/Abb1_Beteiligung-1-2.png\" \/>\n<meta name=\"twitter:card\" content=\"summary_large_image\" \/>\n<meta name=\"twitter:label1\" content=\"Tempo di lettura stimato\" \/>\n\t<meta name=\"twitter:data1\" content=\"6 minuti\" \/>\n<script type=\"application\/ld+json\" class=\"yoast-schema-graph\">{\"@context\":\"https:\\\/\\\/schema.org\",\"@graph\":[{\"@type\":\"WebPage\",\"@id\":\"https:\\\/\\\/alice.ch\\\/it\\\/temi\\\/formazione-continua-svizzera\\\/partecipazione\\\/\",\"url\":\"https:\\\/\\\/alice.ch\\\/it\\\/temi\\\/formazione-continua-svizzera\\\/partecipazione\\\/\",\"name\":\"Partecipazione - FSEA\",\"isPartOf\":{\"@id\":\"https:\\\/\\\/alice.ch\\\/it\\\/#website\"},\"primaryImageOfPage\":{\"@id\":\"https:\\\/\\\/alice.ch\\\/it\\\/temi\\\/formazione-continua-svizzera\\\/partecipazione\\\/#primaryimage\"},\"image\":{\"@id\":\"https:\\\/\\\/alice.ch\\\/it\\\/temi\\\/formazione-continua-svizzera\\\/partecipazione\\\/#primaryimage\"},\"thumbnailUrl\":\"https:\\\/\\\/alice.ch\\\/app\\\/uploads\\\/2022\\\/11\\\/default.jpg\",\"datePublished\":\"2022-08-16T13:39:11+00:00\",\"dateModified\":\"2024-07-18T14:43:39+00:00\",\"description\":\"Partecipazione alla formazione continua: Dati sulle attivit\u00e0 di formazione continua della popolazione svizzera e sviluppi negli ultimi anni.\",\"breadcrumb\":{\"@id\":\"https:\\\/\\\/alice.ch\\\/it\\\/temi\\\/formazione-continua-svizzera\\\/partecipazione\\\/#breadcrumb\"},\"inLanguage\":\"it-IT\",\"potentialAction\":[{\"@type\":\"ReadAction\",\"target\":[\"https:\\\/\\\/alice.ch\\\/it\\\/temi\\\/formazione-continua-svizzera\\\/partecipazione\\\/\"]}]},{\"@type\":\"ImageObject\",\"inLanguage\":\"it-IT\",\"@id\":\"https:\\\/\\\/alice.ch\\\/it\\\/temi\\\/formazione-continua-svizzera\\\/partecipazione\\\/#primaryimage\",\"url\":\"https:\\\/\\\/alice.ch\\\/app\\\/uploads\\\/2022\\\/11\\\/default.jpg\",\"contentUrl\":\"https:\\\/\\\/alice.ch\\\/app\\\/uploads\\\/2022\\\/11\\\/default.jpg\",\"width\":1600,\"height\":900},{\"@type\":\"BreadcrumbList\",\"@id\":\"https:\\\/\\\/alice.ch\\\/it\\\/temi\\\/formazione-continua-svizzera\\\/partecipazione\\\/#breadcrumb\",\"itemListElement\":[{\"@type\":\"ListItem\",\"position\":1,\"name\":\"Pagina iniziale\",\"item\":\"https:\\\/\\\/alice.ch\\\/it\\\/\"},{\"@type\":\"ListItem\",\"position\":2,\"name\":\"Temi\",\"item\":\"https:\\\/\\\/alice.ch\\\/it\\\/temi\\\/\"},{\"@type\":\"ListItem\",\"position\":3,\"name\":\"Formazione continua svizzera\",\"item\":\"https:\\\/\\\/alice.ch\\\/it\\\/temi\\\/formazione-continua-svizzera\\\/\"},{\"@type\":\"ListItem\",\"position\":4,\"name\":\"Partecipazione\"}]},{\"@type\":\"WebSite\",\"@id\":\"https:\\\/\\\/alice.ch\\\/it\\\/#website\",\"url\":\"https:\\\/\\\/alice.ch\\\/it\\\/\",\"name\":\"alice.ch (Adult Learning Information Center) ist das Portal der Weiterbildung in der Schweiz.\",\"description\":\"Schweizerischer Verband f\u00fcr Weiterbildung\",\"publisher\":{\"@id\":\"https:\\\/\\\/alice.ch\\\/it\\\/#organization\"},\"potentialAction\":[{\"@type\":\"SearchAction\",\"target\":{\"@type\":\"EntryPoint\",\"urlTemplate\":\"https:\\\/\\\/alice.ch\\\/it\\\/?s={search_term_string}\"},\"query-input\":{\"@type\":\"PropertyValueSpecification\",\"valueRequired\":true,\"valueName\":\"search_term_string\"}}],\"inLanguage\":\"it-IT\"},{\"@type\":\"Organization\",\"@id\":\"https:\\\/\\\/alice.ch\\\/it\\\/#organization\",\"name\":\"FSEA Federazione svizzera per la formazione continua\",\"url\":\"https:\\\/\\\/alice.ch\\\/it\\\/\",\"logo\":{\"@type\":\"ImageObject\",\"inLanguage\":\"it-IT\",\"@id\":\"https:\\\/\\\/alice.ch\\\/it\\\/#\\\/schema\\\/logo\\\/image\\\/\",\"url\":\"https:\\\/\\\/alice.ch\\\/app\\\/uploads\\\/2022\\\/07\\\/logo-sveb.png\",\"contentUrl\":\"https:\\\/\\\/alice.ch\\\/app\\\/uploads\\\/2022\\\/07\\\/logo-sveb.png\",\"width\":145,\"height\":64,\"caption\":\"FSEA Federazione svizzera per la formazione continua\"},\"image\":{\"@id\":\"https:\\\/\\\/alice.ch\\\/it\\\/#\\\/schema\\\/logo\\\/image\\\/\"},\"sameAs\":[\"https:\\\/\\\/www.linkedin.com\\\/company\\\/schweizerischer-verband-fr-weiterbildung-sveb\\\/\"]}]}<\/script>\n<!-- \/ Yoast SEO plugin. -->","yoast_head_json":{"title":"Partecipazione - FSEA","description":"Partecipazione alla formazione continua: Dati sulle attivit\u00e0 di formazione continua della popolazione svizzera e sviluppi negli ultimi anni.","robots":{"index":"index","follow":"follow","max-snippet":"max-snippet:-1","max-image-preview":"max-image-preview:large","max-video-preview":"max-video-preview:-1"},"canonical":"https:\/\/alice.ch\/it\/temi\/formazione-continua-svizzera\/partecipazione\/","og_locale":"it_IT","og_type":"article","og_title":"Partecipazione - FSEA","og_description":"Partecipazione alla formazione continua: Dati sulle attivit\u00e0 di formazione continua della popolazione svizzera e sviluppi negli ultimi anni.","og_url":"https:\/\/alice.ch\/it\/temi\/formazione-continua-svizzera\/partecipazione\/","og_site_name":"SVEB","article_modified_time":"2024-07-18T14:43:39+00:00","og_image":[{"url":"https:\/\/alice.ch\/app\/uploads\/2022\/11\/Abb1_Beteiligung-1-2.png","type":"","width":"","height":""}],"twitter_card":"summary_large_image","twitter_misc":{"Tempo di lettura stimato":"6 minuti"},"schema":{"@context":"https:\/\/schema.org","@graph":[{"@type":"WebPage","@id":"https:\/\/alice.ch\/it\/temi\/formazione-continua-svizzera\/partecipazione\/","url":"https:\/\/alice.ch\/it\/temi\/formazione-continua-svizzera\/partecipazione\/","name":"Partecipazione - FSEA","isPartOf":{"@id":"https:\/\/alice.ch\/it\/#website"},"primaryImageOfPage":{"@id":"https:\/\/alice.ch\/it\/temi\/formazione-continua-svizzera\/partecipazione\/#primaryimage"},"image":{"@id":"https:\/\/alice.ch\/it\/temi\/formazione-continua-svizzera\/partecipazione\/#primaryimage"},"thumbnailUrl":"https:\/\/alice.ch\/app\/uploads\/2022\/11\/default.jpg","datePublished":"2022-08-16T13:39:11+00:00","dateModified":"2024-07-18T14:43:39+00:00","description":"Partecipazione alla formazione continua: Dati sulle attivit\u00e0 di formazione continua della popolazione svizzera e sviluppi negli ultimi anni.","breadcrumb":{"@id":"https:\/\/alice.ch\/it\/temi\/formazione-continua-svizzera\/partecipazione\/#breadcrumb"},"inLanguage":"it-IT","potentialAction":[{"@type":"ReadAction","target":["https:\/\/alice.ch\/it\/temi\/formazione-continua-svizzera\/partecipazione\/"]}]},{"@type":"ImageObject","inLanguage":"it-IT","@id":"https:\/\/alice.ch\/it\/temi\/formazione-continua-svizzera\/partecipazione\/#primaryimage","url":"https:\/\/alice.ch\/app\/uploads\/2022\/11\/default.jpg","contentUrl":"https:\/\/alice.ch\/app\/uploads\/2022\/11\/default.jpg","width":1600,"height":900},{"@type":"BreadcrumbList","@id":"https:\/\/alice.ch\/it\/temi\/formazione-continua-svizzera\/partecipazione\/#breadcrumb","itemListElement":[{"@type":"ListItem","position":1,"name":"Pagina iniziale","item":"https:\/\/alice.ch\/it\/"},{"@type":"ListItem","position":2,"name":"Temi","item":"https:\/\/alice.ch\/it\/temi\/"},{"@type":"ListItem","position":3,"name":"Formazione continua svizzera","item":"https:\/\/alice.ch\/it\/temi\/formazione-continua-svizzera\/"},{"@type":"ListItem","position":4,"name":"Partecipazione"}]},{"@type":"WebSite","@id":"https:\/\/alice.ch\/it\/#website","url":"https:\/\/alice.ch\/it\/","name":"alice.ch (Adult Learning Information Center) ist das Portal der Weiterbildung in der Schweiz.","description":"Schweizerischer Verband f\u00fcr Weiterbildung","publisher":{"@id":"https:\/\/alice.ch\/it\/#organization"},"potentialAction":[{"@type":"SearchAction","target":{"@type":"EntryPoint","urlTemplate":"https:\/\/alice.ch\/it\/?s={search_term_string}"},"query-input":{"@type":"PropertyValueSpecification","valueRequired":true,"valueName":"search_term_string"}}],"inLanguage":"it-IT"},{"@type":"Organization","@id":"https:\/\/alice.ch\/it\/#organization","name":"FSEA Federazione svizzera per la formazione continua","url":"https:\/\/alice.ch\/it\/","logo":{"@type":"ImageObject","inLanguage":"it-IT","@id":"https:\/\/alice.ch\/it\/#\/schema\/logo\/image\/","url":"https:\/\/alice.ch\/app\/uploads\/2022\/07\/logo-sveb.png","contentUrl":"https:\/\/alice.ch\/app\/uploads\/2022\/07\/logo-sveb.png","width":145,"height":64,"caption":"FSEA Federazione svizzera per la formazione continua"},"image":{"@id":"https:\/\/alice.ch\/it\/#\/schema\/logo\/image\/"},"sameAs":["https:\/\/www.linkedin.com\/company\/schweizerischer-verband-fr-weiterbildung-sveb\/"]}]}},"_links":{"self":[{"href":"https:\/\/alice.ch\/it\/wp-json\/wp\/v2\/pages\/11000","targetHints":{"allow":["GET"]}}],"collection":[{"href":"https:\/\/alice.ch\/it\/wp-json\/wp\/v2\/pages"}],"about":[{"href":"https:\/\/alice.ch\/it\/wp-json\/wp\/v2\/types\/page"}],"author":[{"embeddable":true,"href":"https:\/\/alice.ch\/it\/wp-json\/wp\/v2\/users\/2"}],"replies":[{"embeddable":true,"href":"https:\/\/alice.ch\/it\/wp-json\/wp\/v2\/comments?post=11000"}],"version-history":[{"count":11,"href":"https:\/\/alice.ch\/it\/wp-json\/wp\/v2\/pages\/11000\/revisions"}],"predecessor-version":[{"id":61202,"href":"https:\/\/alice.ch\/it\/wp-json\/wp\/v2\/pages\/11000\/revisions\/61202"}],"up":[{"embeddable":true,"href":"https:\/\/alice.ch\/it\/wp-json\/wp\/v2\/pages\/18307"}],"wp:featuredmedia":[{"embeddable":true,"href":"https:\/\/alice.ch\/it\/wp-json\/wp\/v2\/media\/20799"}],"wp:attachment":[{"href":"https:\/\/alice.ch\/it\/wp-json\/wp\/v2\/media?parent=11000"}],"curies":[{"name":"wp","href":"https:\/\/api.w.org\/{rel}","templated":true}]}}