{"id":11021,"date":"2022-08-16T15:41:03","date_gmt":"2022-08-16T13:41:03","guid":{"rendered":"https:\/\/projects.atxeit.ch\/sveb\/grundkompetenzen\/innovativ-foerdern\/"},"modified":"2023-12-08T10:33:08","modified_gmt":"2023-12-08T09:33:08","slug":"promuovere-in-modo-innovativo","status":"publish","type":"page","link":"https:\/\/alice.ch\/it\/temi\/competenze-di-base\/promuovere-in-modo-innovativo\/","title":{"rendered":"Promuovere in modo innovativo"},"content":{"rendered":"\n<div class=\"wp-block-group is-style-reduced-width is-layout-flow wp-block-group-is-layout-flow\">\n<h1 class=\"wp-block-heading\">Mettere in rete, sviluppare, promuovere<\/h1>\n\n\n\n<p class=\"is-style-lead\">La promozione delle competenze di base \u00e8 un campo d\u2019azione ambizioso. Il bisogno \u00e8 grande ma l\u2019offerta di corsi disponibili non \u00e8 molto sfruttata. Per meglio raggiungere il pubblico destinatario e utilizzare le proposte formative per tutti gli attori cerchiamo, insieme alla nostra rete, strade innovative per la promozione delle competenze di base in Svizzera.<\/p>\n\n\n\n<h2 class=\"wp-block-heading\">Come promuovere le competenze di base?<\/h2>\n\n\n\n<p>Promuovere in modo innovativo le competenze di base degli adulti poco qualificati significa:<\/p>\n\n\n\n<h3 class=\"wp-block-heading\">Creare dei nuovi approcci<\/h3>\n\n\n\n<p>La legge sulla formazione continua (LFCo) indica, per la promozione delle competenze di base nel quotidiano, che \u201cl\u2019offerta sia improntata alla prassi\u201d (LFCo art. 13). Tre strade per raggiungere gli adulti con scarse competenze di base si sono rivelate particolarmente adatte:<\/p>\n\n\n\n<ol class=\"wp-block-list\">\n<li><strong>Il luogo di lavoro come luogo di apprendimento:<\/strong>&nbsp;una promettente via per raggiungere il pubblico destinatario \u00e8 il luogo di lavoro. Infatti, circa due terzi (ca. 64%) degli adulti con scarse competenze di base lavora.<\/li>\n\n\n\n<li><strong>Promozione delle strutture ordinarie:<\/strong>&nbsp;anche le strutture ordinarie permettono di raggiungere il pubblico destinatario. Ad esempio le persone che usufruiscono degli aiuti sociali per un periodo prolungato hanno, molto probabilmente, bisogno di migliorare le proprie competenze e possono approfittare delle misure di formazione orientate al quotidiano e all\u2019azione.<\/li>\n\n\n\n<li><strong>Sensibilizzare le persone che possono fungere da mediatori e mediatrici:<\/strong>&nbsp;un ruolo importante per l\u2019accesso al pubblico destinatario lo rivestono le persone che lavorano a stretto contatto con loro come ad esempio medici, preti\/pastori, impiegati dei servizi sociali. Se sono sufficientemente sensibilizzati possono identificare e aiutare gli adulti con scarse competenze di base.<\/li>\n<\/ol>\n\n\n\n<div class=\"wp-block-buttons is-layout-flex wp-block-buttons-is-layout-flex\">\n<div class=\"wp-block-button has-custom-width wp-block-button__width-50 is-style-outline is-style-outline--1\"><a class=\"wp-block-button__link wp-element-button\" href=\"https:\/\/www.leggere-scrivere-svizzera.ch\/Sensibilisierung.cfm\" target=\"_blank\" rel=\"noreferrer noopener\">Introduzione e sensibilizzazione sul tema delle competenze die base<\/a><\/div>\n<\/div>\n\n\n\n<h3 class=\"wp-block-heading\">Sviluppare delle offerte formative orientate all\u2019azione<\/h3>\n\n\n\n<p>Gli adulti apprendono in modo mirato e in funzione della situazione. Sono motivati se i loro sforzi trovano riscontro nel quotidiano. Al fine di proporre delle offerte formative adeguate, \u00e8 necessario dire addio alla separazione tra vita e formazione, all&#8217;offerta di corsi a lungo termine (\u201cperch\u00e9 ci sono cos\u00ec tante cose da imparare\u201d) e al pensiero in termini di materie. Gli adulti approfittano della formazione a lungo termine se trovano riscontro nella vita privata e professionale.<\/p>\n\n\n\n<div class=\"wp-block-group is-style-run-to-edge has-primary-background-color has-background is-layout-flow wp-block-group-is-layout-flow\">\n<p class=\"is-style-lead has-background-color has-text-color\">Le offerte di formazione GO sono orientate all\u2019azione e, grazie a brevi sequenze formative nel contesto lavorativo, mirano ad un effetto d\u2019apprendimento massimale. Si rivolgono agli enti di formazione continua e alle imprese che vogliono promuovere le competenze di base dei propri dipendenti.<\/p>\n<\/div>\n\n\n\n<div class=\"wp-block-buttons is-layout-flex wp-block-buttons-is-layout-flex\">\n<div class=\"wp-block-button has-custom-width wp-block-button__width-50 is-style-outline is-style-outline--2\"><a class=\"wp-block-button__link wp-element-button\" href=\"https:\/\/alice.ch\/it\/temi\/competenze-di-base\/go-upskilling-sul-posto-di-lavoro\/il-modello-go\/\">GO \u2013 Sviluppare le competenze di base direttamente sul posto di lavoro<\/a><\/div>\n<\/div>\n\n\n\n<h3 class=\"wp-block-heading\">Qualificazione dei formatori e delle formatrici<\/h3>\n\n\n\n<p>I discenti pi\u00f9 deboli hanno bisogno dei migliori formatori e delle migliori formatrici; nel settore delle competenze di base \u00e8 molto importante avere personale qualificato. La qualit\u00e0 della formazione dei formatori e delle formatrici e la definizione delle qualifiche richieste per l\u2019insegnamento delle competenze di base costituiscono due aspetti della professionalizzazione. Si tratta quindi di concepire di conseguenza la formazione di queste figure professionali, gli standard di qualit\u00e0 svizzeri (eduQua) e il profilo della professione di formatore e formatrice.<\/p>\n\n\n\n<div class=\"wp-block-buttons is-layout-flex wp-block-buttons-is-layout-flex\">\n<div class=\"wp-block-button has-custom-width wp-block-button__width-50 is-style-outline is-style-outline--3\"><a class=\"wp-block-button__link wp-element-button\" href=\"https:\/\/alice.ch\/it\/temi\/competenze-di-base\/per-formatori-e-formatrici-professionisti-nellambito-delle-competenze-di-base\/\">Competenze dei formatori \/ delle formatrici<\/a><\/div>\n\n\n<\/div>\n\n\n\n<div class=\"wp-block-group is-style-run-to-edge has-primary-background-color has-background is-layout-flow wp-block-group-is-layout-flow\">\n<p class=\"is-style-lead has-background-color has-text-color\">Una prospettiva per gli anni a venire \u00e8 la messa in atto di una rete di formatori volta a favorire confronti professionali tra formatori\/formatrici che costituisca una piattaforma per la formazione continua informale nell\u2019ambito delle competenze di base.<\/p>\n<\/div>\n\n\n\n<h3 class=\"wp-block-heading\">Impegno politico in favore di strutture di promozione forti<\/h3>\n\n\n\n<p>La&nbsp;<a href=\"https:\/\/alice.ch\/it\/fsea-it\/politica-della-formazione\/legge-sulla-formazione-continua\/\">Legge sulla formazione continua<\/a>&nbsp;(LFCo) riconosce la necessit\u00e0 di promuovere le competenze di base, crea di fatto una base giuridica per questa promozione. La Confederazione e i Cantoni hanno il compito di assicurare insieme alle organizzazioni del mondo del lavoro (OmL) la concezione e la realizzazione delle offerte. Nei prossimi anni si tratter\u00e0 di sviluppare le strutture di promozione nei cantoni e usare nel migliore dei modi le interfacce come ad esempio per l\u2019ottenimento dei titoli per adulti.<\/p>\n\n\n\n<p>La Comunit\u00e0 di interessi per le competenze di base partecipa attivamente allo sviluppo delle condizioni quadro per la promozione delle competenze di base.<\/p>\n\n\n\n<div class=\"wp-block-buttons is-layout-flex wp-block-buttons-is-layout-flex\">\n<div class=\"wp-block-button has-custom-width wp-block-button__width-50 is-style-outline is-style-outline--4\"><a class=\"wp-block-button__link wp-element-button\" href=\"https:\/\/alice.ch\/it\/temi\/competenze-di-base\/promuovere-in-modo-innovativo\/ci-competenze-di-base\/\">Comunit\u00e0 di interessi per le competenze di base<\/a><\/div>\n\n\n<\/div>\n\n\n\n<h3 class=\"wp-block-heading\">Rafforzare le collaborazioni<\/h3>\n\n\n\n<p>La promozione delle competenze di base \u00e8 un compito trasversale che implica attori diversi, oltre alle persone che necessitano questa promozione, riguarda i formatori, le formatrici, i prestatari di formazione, gli esperti, le imprese, la Confederazione (SEFRI, UFAS, SEM, SECO, UFCOM ecc.) diverse istanze cantonali come pure i partner sociali. Con il nostro lavoro di messa in rete favoriamo la cooperazione dei differenti attori e lo sviluppo di strutture di formazione e promozione innovative.<\/p>\n\n\n\n<div class=\"wp-block-buttons is-layout-flex wp-block-buttons-is-layout-flex\">\n<div class=\"wp-block-button has-custom-width wp-block-button__width-50 is-style-outline is-style-outline--5\"><a class=\"wp-block-button__link wp-element-button\" href=\"https:\/\/alice.ch\/it\/temi\/competenze-di-base\/promuovere-in-modo-innovativo\/la-nostra-rete\/\">La nostra rete<\/a><\/div>\n<\/div>\n\n\n\n<h2 class=\"wp-block-heading\">Contatto<\/h2>\n\n\n\n<div class=\"wp-block-columns is-layout-flex wp-container-core-columns-is-layout-28f84493 wp-block-columns-is-layout-flex\">\n<div class=\"wp-block-column is-layout-flow wp-block-column-is-layout-flow\" style=\"flex-basis:50%\"><div class=\"contact-persons\">\n\n\t\t\t\t\t<div class=\"contact-person\">\n\t\t\t\t\tSimone Rizzi<br \/>\t\t\t\t\tResponsabile segretariato regionale, Membro della direzione FSEA<br \/>\t\t\t\t\t<br \/>\n\t\t\t\t\t\t\t\t\t\t<a href=\"tel:+41 (0)91 950 84 16\">+41 (0)91 950 84 16<\/a><br \/>\t\t\t\t\t<a href=\"mailto:simone.rizzi@alice.ch\">simone.rizzi@alice.ch<\/a><br \/>\t\t\t\t\t<\/div>\n\t\t\t\t\t<\/div>\n<\/div>\n\n\n\n<div class=\"wp-block-column is-layout-flow wp-block-column-is-layout-flow\" style=\"flex-basis:50%\"><\/div>\n<\/div>\n<\/div>\n","protected":false},"excerpt":{"rendered":"<p>Mettere in rete, sviluppare, promuovere La promozione delle competenze di base \u00e8 un campo d\u2019azione ambizioso. Il bisogno \u00e8 grande [&hellip;]<\/p>\n","protected":false},"author":2,"featured_media":20799,"parent":11010,"menu_order":66,"comment_status":"closed","ping_status":"closed","template":"","meta":{"_acf_changed":false,"inline_featured_image":false,"footnotes":""},"class_list":["post-11021","page","type-page","status-publish","has-post-thumbnail","hentry"],"acf":[],"yoast_head":"<!-- This site is optimized with the Yoast SEO plugin v27.3 - https:\/\/yoast.com\/product\/yoast-seo-wordpress\/ -->\n<title>Promuovere in modo innovativo - FSEA<\/title>\n<meta name=\"description\" content=\"Promuovere le competenze di base attraverso l&#039;accesso, l&#039;offerta orientata all&#039;azione, gli insegnanti qualificati e l&#039;impegno politico.\" \/>\n<meta name=\"robots\" content=\"index, follow, max-snippet:-1, max-image-preview:large, max-video-preview:-1\" \/>\n<link rel=\"canonical\" href=\"https:\/\/alice.ch\/it\/temi\/competenze-di-base\/promuovere-in-modo-innovativo\/\" \/>\n<meta property=\"og:locale\" content=\"it_IT\" \/>\n<meta property=\"og:type\" content=\"article\" \/>\n<meta property=\"og:title\" content=\"Promuovere in modo innovativo - FSEA\" \/>\n<meta property=\"og:description\" content=\"Promuovere le competenze di base attraverso l&#039;accesso, l&#039;offerta orientata all&#039;azione, gli insegnanti qualificati e l&#039;impegno politico.\" \/>\n<meta property=\"og:url\" content=\"https:\/\/alice.ch\/it\/temi\/competenze-di-base\/promuovere-in-modo-innovativo\/\" \/>\n<meta property=\"og:site_name\" content=\"SVEB\" \/>\n<meta property=\"article:modified_time\" content=\"2023-12-08T09:33:08+00:00\" \/>\n<meta name=\"twitter:card\" content=\"summary_large_image\" \/>\n<meta name=\"twitter:label1\" content=\"Tempo di lettura stimato\" \/>\n\t<meta name=\"twitter:data1\" content=\"4 minuti\" \/>\n<script type=\"application\/ld+json\" class=\"yoast-schema-graph\">{\"@context\":\"https:\\\/\\\/schema.org\",\"@graph\":[{\"@type\":\"WebPage\",\"@id\":\"https:\\\/\\\/alice.ch\\\/it\\\/temi\\\/competenze-di-base\\\/promuovere-in-modo-innovativo\\\/\",\"url\":\"https:\\\/\\\/alice.ch\\\/it\\\/temi\\\/competenze-di-base\\\/promuovere-in-modo-innovativo\\\/\",\"name\":\"Promuovere in modo innovativo - FSEA\",\"isPartOf\":{\"@id\":\"https:\\\/\\\/alice.ch\\\/it\\\/#website\"},\"primaryImageOfPage\":{\"@id\":\"https:\\\/\\\/alice.ch\\\/it\\\/temi\\\/competenze-di-base\\\/promuovere-in-modo-innovativo\\\/#primaryimage\"},\"image\":{\"@id\":\"https:\\\/\\\/alice.ch\\\/it\\\/temi\\\/competenze-di-base\\\/promuovere-in-modo-innovativo\\\/#primaryimage\"},\"thumbnailUrl\":\"https:\\\/\\\/alice.ch\\\/app\\\/uploads\\\/2022\\\/11\\\/default.jpg\",\"datePublished\":\"2022-08-16T13:41:03+00:00\",\"dateModified\":\"2023-12-08T09:33:08+00:00\",\"description\":\"Promuovere le competenze di base attraverso l'accesso, l'offerta orientata all'azione, gli insegnanti qualificati e l'impegno politico.\",\"breadcrumb\":{\"@id\":\"https:\\\/\\\/alice.ch\\\/it\\\/temi\\\/competenze-di-base\\\/promuovere-in-modo-innovativo\\\/#breadcrumb\"},\"inLanguage\":\"it-IT\",\"potentialAction\":[{\"@type\":\"ReadAction\",\"target\":[\"https:\\\/\\\/alice.ch\\\/it\\\/temi\\\/competenze-di-base\\\/promuovere-in-modo-innovativo\\\/\"]}]},{\"@type\":\"ImageObject\",\"inLanguage\":\"it-IT\",\"@id\":\"https:\\\/\\\/alice.ch\\\/it\\\/temi\\\/competenze-di-base\\\/promuovere-in-modo-innovativo\\\/#primaryimage\",\"url\":\"https:\\\/\\\/alice.ch\\\/app\\\/uploads\\\/2022\\\/11\\\/default.jpg\",\"contentUrl\":\"https:\\\/\\\/alice.ch\\\/app\\\/uploads\\\/2022\\\/11\\\/default.jpg\",\"width\":1600,\"height\":900},{\"@type\":\"BreadcrumbList\",\"@id\":\"https:\\\/\\\/alice.ch\\\/it\\\/temi\\\/competenze-di-base\\\/promuovere-in-modo-innovativo\\\/#breadcrumb\",\"itemListElement\":[{\"@type\":\"ListItem\",\"position\":1,\"name\":\"Pagina iniziale\",\"item\":\"https:\\\/\\\/alice.ch\\\/it\\\/\"},{\"@type\":\"ListItem\",\"position\":2,\"name\":\"Temi\",\"item\":\"https:\\\/\\\/alice.ch\\\/it\\\/temi\\\/\"},{\"@type\":\"ListItem\",\"position\":3,\"name\":\"Competenze di base\",\"item\":\"https:\\\/\\\/alice.ch\\\/it\\\/temi\\\/competenze-di-base\\\/\"},{\"@type\":\"ListItem\",\"position\":4,\"name\":\"Promuovere in modo innovativo\"}]},{\"@type\":\"WebSite\",\"@id\":\"https:\\\/\\\/alice.ch\\\/it\\\/#website\",\"url\":\"https:\\\/\\\/alice.ch\\\/it\\\/\",\"name\":\"alice.ch (Adult Learning Information Center) ist das Portal der Weiterbildung in der Schweiz.\",\"description\":\"Schweizerischer Verband f\u00fcr Weiterbildung\",\"publisher\":{\"@id\":\"https:\\\/\\\/alice.ch\\\/it\\\/#organization\"},\"potentialAction\":[{\"@type\":\"SearchAction\",\"target\":{\"@type\":\"EntryPoint\",\"urlTemplate\":\"https:\\\/\\\/alice.ch\\\/it\\\/?s={search_term_string}\"},\"query-input\":{\"@type\":\"PropertyValueSpecification\",\"valueRequired\":true,\"valueName\":\"search_term_string\"}}],\"inLanguage\":\"it-IT\"},{\"@type\":\"Organization\",\"@id\":\"https:\\\/\\\/alice.ch\\\/it\\\/#organization\",\"name\":\"FSEA Federazione svizzera per la formazione continua\",\"url\":\"https:\\\/\\\/alice.ch\\\/it\\\/\",\"logo\":{\"@type\":\"ImageObject\",\"inLanguage\":\"it-IT\",\"@id\":\"https:\\\/\\\/alice.ch\\\/it\\\/#\\\/schema\\\/logo\\\/image\\\/\",\"url\":\"https:\\\/\\\/alice.ch\\\/app\\\/uploads\\\/2022\\\/07\\\/logo-sveb.png\",\"contentUrl\":\"https:\\\/\\\/alice.ch\\\/app\\\/uploads\\\/2022\\\/07\\\/logo-sveb.png\",\"width\":145,\"height\":64,\"caption\":\"FSEA Federazione svizzera per la formazione continua\"},\"image\":{\"@id\":\"https:\\\/\\\/alice.ch\\\/it\\\/#\\\/schema\\\/logo\\\/image\\\/\"},\"sameAs\":[\"https:\\\/\\\/www.linkedin.com\\\/company\\\/schweizerischer-verband-fr-weiterbildung-sveb\\\/\"]}]}<\/script>\n<!-- \/ Yoast SEO plugin. -->","yoast_head_json":{"title":"Promuovere in modo innovativo - FSEA","description":"Promuovere le competenze di base attraverso l'accesso, l'offerta orientata all'azione, gli insegnanti qualificati e l'impegno politico.","robots":{"index":"index","follow":"follow","max-snippet":"max-snippet:-1","max-image-preview":"max-image-preview:large","max-video-preview":"max-video-preview:-1"},"canonical":"https:\/\/alice.ch\/it\/temi\/competenze-di-base\/promuovere-in-modo-innovativo\/","og_locale":"it_IT","og_type":"article","og_title":"Promuovere in modo innovativo - FSEA","og_description":"Promuovere le competenze di base attraverso l'accesso, l'offerta orientata all'azione, gli insegnanti qualificati e l'impegno politico.","og_url":"https:\/\/alice.ch\/it\/temi\/competenze-di-base\/promuovere-in-modo-innovativo\/","og_site_name":"SVEB","article_modified_time":"2023-12-08T09:33:08+00:00","twitter_card":"summary_large_image","twitter_misc":{"Tempo di lettura stimato":"4 minuti"},"schema":{"@context":"https:\/\/schema.org","@graph":[{"@type":"WebPage","@id":"https:\/\/alice.ch\/it\/temi\/competenze-di-base\/promuovere-in-modo-innovativo\/","url":"https:\/\/alice.ch\/it\/temi\/competenze-di-base\/promuovere-in-modo-innovativo\/","name":"Promuovere in modo innovativo - FSEA","isPartOf":{"@id":"https:\/\/alice.ch\/it\/#website"},"primaryImageOfPage":{"@id":"https:\/\/alice.ch\/it\/temi\/competenze-di-base\/promuovere-in-modo-innovativo\/#primaryimage"},"image":{"@id":"https:\/\/alice.ch\/it\/temi\/competenze-di-base\/promuovere-in-modo-innovativo\/#primaryimage"},"thumbnailUrl":"https:\/\/alice.ch\/app\/uploads\/2022\/11\/default.jpg","datePublished":"2022-08-16T13:41:03+00:00","dateModified":"2023-12-08T09:33:08+00:00","description":"Promuovere le competenze di base attraverso l'accesso, l'offerta orientata all'azione, gli insegnanti qualificati e l'impegno politico.","breadcrumb":{"@id":"https:\/\/alice.ch\/it\/temi\/competenze-di-base\/promuovere-in-modo-innovativo\/#breadcrumb"},"inLanguage":"it-IT","potentialAction":[{"@type":"ReadAction","target":["https:\/\/alice.ch\/it\/temi\/competenze-di-base\/promuovere-in-modo-innovativo\/"]}]},{"@type":"ImageObject","inLanguage":"it-IT","@id":"https:\/\/alice.ch\/it\/temi\/competenze-di-base\/promuovere-in-modo-innovativo\/#primaryimage","url":"https:\/\/alice.ch\/app\/uploads\/2022\/11\/default.jpg","contentUrl":"https:\/\/alice.ch\/app\/uploads\/2022\/11\/default.jpg","width":1600,"height":900},{"@type":"BreadcrumbList","@id":"https:\/\/alice.ch\/it\/temi\/competenze-di-base\/promuovere-in-modo-innovativo\/#breadcrumb","itemListElement":[{"@type":"ListItem","position":1,"name":"Pagina iniziale","item":"https:\/\/alice.ch\/it\/"},{"@type":"ListItem","position":2,"name":"Temi","item":"https:\/\/alice.ch\/it\/temi\/"},{"@type":"ListItem","position":3,"name":"Competenze di base","item":"https:\/\/alice.ch\/it\/temi\/competenze-di-base\/"},{"@type":"ListItem","position":4,"name":"Promuovere in modo innovativo"}]},{"@type":"WebSite","@id":"https:\/\/alice.ch\/it\/#website","url":"https:\/\/alice.ch\/it\/","name":"alice.ch (Adult Learning Information Center) ist das Portal der Weiterbildung in der Schweiz.","description":"Schweizerischer Verband f\u00fcr Weiterbildung","publisher":{"@id":"https:\/\/alice.ch\/it\/#organization"},"potentialAction":[{"@type":"SearchAction","target":{"@type":"EntryPoint","urlTemplate":"https:\/\/alice.ch\/it\/?s={search_term_string}"},"query-input":{"@type":"PropertyValueSpecification","valueRequired":true,"valueName":"search_term_string"}}],"inLanguage":"it-IT"},{"@type":"Organization","@id":"https:\/\/alice.ch\/it\/#organization","name":"FSEA Federazione svizzera per la formazione continua","url":"https:\/\/alice.ch\/it\/","logo":{"@type":"ImageObject","inLanguage":"it-IT","@id":"https:\/\/alice.ch\/it\/#\/schema\/logo\/image\/","url":"https:\/\/alice.ch\/app\/uploads\/2022\/07\/logo-sveb.png","contentUrl":"https:\/\/alice.ch\/app\/uploads\/2022\/07\/logo-sveb.png","width":145,"height":64,"caption":"FSEA Federazione svizzera per la formazione continua"},"image":{"@id":"https:\/\/alice.ch\/it\/#\/schema\/logo\/image\/"},"sameAs":["https:\/\/www.linkedin.com\/company\/schweizerischer-verband-fr-weiterbildung-sveb\/"]}]}},"_links":{"self":[{"href":"https:\/\/alice.ch\/it\/wp-json\/wp\/v2\/pages\/11021","targetHints":{"allow":["GET"]}}],"collection":[{"href":"https:\/\/alice.ch\/it\/wp-json\/wp\/v2\/pages"}],"about":[{"href":"https:\/\/alice.ch\/it\/wp-json\/wp\/v2\/types\/page"}],"author":[{"embeddable":true,"href":"https:\/\/alice.ch\/it\/wp-json\/wp\/v2\/users\/2"}],"replies":[{"embeddable":true,"href":"https:\/\/alice.ch\/it\/wp-json\/wp\/v2\/comments?post=11021"}],"version-history":[{"count":11,"href":"https:\/\/alice.ch\/it\/wp-json\/wp\/v2\/pages\/11021\/revisions"}],"predecessor-version":[{"id":50196,"href":"https:\/\/alice.ch\/it\/wp-json\/wp\/v2\/pages\/11021\/revisions\/50196"}],"up":[{"embeddable":true,"href":"https:\/\/alice.ch\/it\/wp-json\/wp\/v2\/pages\/11010"}],"wp:featuredmedia":[{"embeddable":true,"href":"https:\/\/alice.ch\/it\/wp-json\/wp\/v2\/media\/20799"}],"wp:attachment":[{"href":"https:\/\/alice.ch\/it\/wp-json\/wp\/v2\/media?parent=11021"}],"curies":[{"name":"wp","href":"https:\/\/api.w.org\/{rel}","templated":true}]}}