{"id":11173,"date":"2022-08-16T15:35:50","date_gmt":"2022-08-16T13:35:50","guid":{"rendered":"https:\/\/projects.atxeit.ch\/sveb\/digitalisierung\/"},"modified":"2023-12-08T10:37:21","modified_gmt":"2023-12-08T09:37:21","slug":"digitalizzazione-e-formazione-continua","status":"publish","type":"page","link":"https:\/\/alice.ch\/it\/temi\/digitalizzazione-e-formazione-continua\/","title":{"rendered":"Digitalizzazione e formazione continua"},"content":{"rendered":"\n<div class=\"wp-block-group is-style-reduced-width is-layout-flow wp-block-group-is-layout-flow\">\n<h1 class=\"wp-block-heading\">Digitalizzazione e formazione continua<\/h1>\n\n\n\n<p class=\"is-style-lead\">Il continuo cambiamento della rete delle tecnologie digitali, l\u2019aumento dei dati e la possibilit\u00e0 di valutarli in maniera rapida sta cambiando i modelli professionali, della societ\u00e0 e della nostra vita quotidiana.<\/p>\n\n\n\n<p>La formazione continua, in questo contesto, offre le competenze necessarie per gestire le nuove applicazioni e allo stesso tempo \u00e8 essa in continua evoluzione e cambiamento.<\/p>\n\n\n\n<h2 class=\"wp-block-heading\">Promotrice di nuove competenze<\/h2>\n\n\n\n<p>Per far fronte alle esigenze sociali ed economiche della digitalizzazione la formazione continua \u00e8 essenziale in tre ambiti.<\/p>\n\n\n\n<h3 class=\"wp-block-heading\">1.&nbsp;Competenze di base digitali<\/h3>\n\n\n\n<p>La&nbsp;<a href=\"https:\/\/www.bakom.admin.ch\/bakom\/it\/pagina-iniziale\/digitale-e-internet\/strategia-svizzera-digitale.html\" target=\"_blank\" rel=\"noreferrer noopener\">strategia del Consiglio federale per la Svizzera digitale<\/a>&nbsp;fissa un obiettivo fondamentale: consentire a tutta la popolazione di utilizzare le tecnologie digitali dell\u2019informazione e della comunicazione (TIC). Circa 1,5 milioni di persone in Svizzera non sono in possesso di queste competenze di base. La&nbsp;<a href=\"https:\/\/www.fedlex.admin.ch\/eli\/cc\/2016\/132\/it\" target=\"_blank\" rel=\"noreferrer noopener\">legge sulla formazione continua<\/a>&nbsp;agli articoli 13-16 indica che la formazione continua dovrebbe contribuire alla promozione delle competenze di base nell\u2019ambito delle TIC verso i pubblici interessati.&nbsp;<\/p>\n\n\n\n<h3 class=\"wp-block-heading\">2.&nbsp;Carenza di competenze TIC<\/h3>\n\n\n\n<p>Un&nbsp;<a href=\"https:\/\/www.research-collection.ethz.ch\/handle\/20.500.11850\/239703?locale-attribute=en\" target=\"_blank\" rel=\"noreferrer noopener\">sondaggio del Centro di ricerca economica<\/a>&nbsp;sulla digitalizzazione nelle aziende svizzere realizzato nel 2017 mostra che il pi\u00f9 grande ostacolo alla digitalizzazione dell\u2019economia \u00e8 la mancanza di personale qualificato. Questo \u00e8 in linea con la valutazione del Consiglio federale nel quadro dell\u2019iniziativa per i lavoratori qualificati e in pericolare con la carenza di specialisti delle TIC. La formazione continua pu\u00f2 accogliere la domanda dell\u2019economia in modo pi\u00f9 rapido e flessibile rispetto alla formazione formale e adattarla agli sviluppi tecnologici.&nbsp;<\/p>\n\n\n\n<h3 class=\"wp-block-heading\">3. Competenze complementari<\/h3>\n\n\n\n<p>La digitalizzazione ha modificato i profili professionali. Gli effetti di questi cambiamenti vanno per\u00f2 ben oltre il digitale. Lo studio dell\u2019universit\u00e0 di scienze applicate in Business Administration di Zurigo&nbsp;sulle professioni commerciali indica ad esempio che sono altres\u00ec importanti le competenze personali, sociali e metodiche. Concretamente, le competenze come il problem solving, la flessibilit\u00e0 e la capacit\u00e0 di lavorare in team sono decisive per l\u2019uso efficiente e razionale delle tecnologie e per l\u2019apertura verso queste innovazioni. Essere in linea con la digitalizzazione significa molto di pi\u00f9 del possesso delle competenze tecnologiche. Nella trasmissione di queste competenze la a formazione continua ha una lunga tradizione e molta esperienza.<\/p>\n\n\n\n<h2 class=\"wp-block-heading\">Digitalizzazione della formazione continua&nbsp;<\/h2>\n\n\n\n<p>La digitalizzazione nella formazione continua non significa solo che viene insegnato l\u2019utilizzo delle nuove tecnologie ma che queste tecnologie possono essere incluse e utilizzate nei corsi. La piattaforma di formazione continua&nbsp;germanica <a href=\"https:\/\/wb-web.de\/dossiers\/Digitalisierung-in-der-Erwachsenenbildung-1.html\" target=\"_blank\" rel=\"noreferrer noopener\">wb-web<\/a> presenta le ultime tendenze e ha raccolto suggerimenti utili. Il&nbsp;<a href=\"https:\/\/erwachsenenbildung.at\/ebmooc\/\" target=\"_blank\" rel=\"noreferrer noopener\">EBmooc<\/a>&nbsp;austriaco utilizza direttamente un formato digitale per formare alle tecnologie digitali il personale impiegato nella formazione continua.<\/p>\n\n\n\n<p>Sebbene molte tecnologie siano gi\u00e0 in uso, il livello di conoscenza dei loro effetti e i benefici \u00e8 ancora basso. Uno dei compiti dei prossimi anni sar\u00e0 definire gli standard e caratteristiche di qualit\u00e0 per la formazione digitale.<\/p>\n\n\n\n<h2 class=\"wp-block-heading\">Contatto<\/h2>\n\n\n\n<div class=\"wp-block-columns is-layout-flex wp-container-core-columns-is-layout-28f84493 wp-block-columns-is-layout-flex\">\n<div class=\"wp-block-column is-layout-flow wp-block-column-is-layout-flow\" style=\"flex-basis:50%\"><div class=\"contact-persons\">\n\n\t\t\t\t\t<div class=\"contact-person\">\n\t\t\t\t\tIrena Sgier<br \/>\t\t\t\t\tDirettrice supplente, Responsabile Ricerca, Sviluppo e Innovazione<br \/>\t\t\t\t\t<br \/>\n\t\t\t\t\t\t\t\t\t\t<a href=\"tel:+41 (0)44 319 71 59\">+41 (0)44 319 71 59<\/a><br \/>\t\t\t\t\t<a href=\"mailto:irena.sgier@alice.ch\">irena.sgier@alice.ch<\/a><br \/>\t\t\t\t\t<\/div>\n\t\t\t\t\t<\/div>\n<\/div>\n\n\n\n<div class=\"wp-block-column is-layout-flow wp-block-column-is-layout-flow\" style=\"flex-basis:50%\"><\/div>\n<\/div>\n<\/div>\n","protected":false},"excerpt":{"rendered":"<p>Digitalizzazione e formazione continua Il continuo cambiamento della rete delle tecnologie digitali, l\u2019aumento dei dati e la possibilit\u00e0 di valutarli [&hellip;]<\/p>\n","protected":false},"author":2,"featured_media":20799,"parent":14803,"menu_order":92,"comment_status":"closed","ping_status":"closed","template":"","meta":{"_acf_changed":false,"inline_featured_image":false,"footnotes":""},"class_list":["post-11173","page","type-page","status-publish","has-post-thumbnail","hentry"],"acf":[],"yoast_head":"<!-- This site is optimized with the Yoast SEO plugin v27.3 - https:\/\/yoast.com\/product\/yoast-seo-wordpress\/ -->\n<title>Digitalizzazione e formazione continua - FSEA<\/title>\n<meta name=\"description\" content=\"La digitalizzazione porta a nuovi contenuti formativi e crea nuovi metodi di insegnamento e apprendimento.\" \/>\n<meta name=\"robots\" content=\"index, follow, max-snippet:-1, max-image-preview:large, max-video-preview:-1\" \/>\n<link rel=\"canonical\" href=\"https:\/\/alice.ch\/it\/temi\/digitalizzazione-e-formazione-continua\/\" \/>\n<meta property=\"og:locale\" content=\"it_IT\" \/>\n<meta property=\"og:type\" content=\"article\" \/>\n<meta property=\"og:title\" content=\"Digitalizzazione e formazione continua - FSEA\" \/>\n<meta property=\"og:description\" content=\"La digitalizzazione porta a nuovi contenuti formativi e crea nuovi metodi di insegnamento e apprendimento.\" \/>\n<meta property=\"og:url\" content=\"https:\/\/alice.ch\/it\/temi\/digitalizzazione-e-formazione-continua\/\" \/>\n<meta property=\"og:site_name\" content=\"SVEB\" \/>\n<meta property=\"article:modified_time\" content=\"2023-12-08T09:37:21+00:00\" \/>\n<meta name=\"twitter:card\" content=\"summary_large_image\" \/>\n<meta name=\"twitter:label1\" content=\"Tempo di lettura stimato\" \/>\n\t<meta name=\"twitter:data1\" content=\"3 minuti\" \/>\n<script type=\"application\/ld+json\" class=\"yoast-schema-graph\">{\"@context\":\"https:\\\/\\\/schema.org\",\"@graph\":[{\"@type\":\"WebPage\",\"@id\":\"https:\\\/\\\/alice.ch\\\/it\\\/temi\\\/digitalizzazione-e-formazione-continua\\\/\",\"url\":\"https:\\\/\\\/alice.ch\\\/it\\\/temi\\\/digitalizzazione-e-formazione-continua\\\/\",\"name\":\"Digitalizzazione e formazione continua - FSEA\",\"isPartOf\":{\"@id\":\"https:\\\/\\\/alice.ch\\\/it\\\/#website\"},\"primaryImageOfPage\":{\"@id\":\"https:\\\/\\\/alice.ch\\\/it\\\/temi\\\/digitalizzazione-e-formazione-continua\\\/#primaryimage\"},\"image\":{\"@id\":\"https:\\\/\\\/alice.ch\\\/it\\\/temi\\\/digitalizzazione-e-formazione-continua\\\/#primaryimage\"},\"thumbnailUrl\":\"https:\\\/\\\/alice.ch\\\/app\\\/uploads\\\/2022\\\/11\\\/default.jpg\",\"datePublished\":\"2022-08-16T13:35:50+00:00\",\"dateModified\":\"2023-12-08T09:37:21+00:00\",\"description\":\"La digitalizzazione porta a nuovi contenuti formativi e crea nuovi metodi di insegnamento e apprendimento.\",\"breadcrumb\":{\"@id\":\"https:\\\/\\\/alice.ch\\\/it\\\/temi\\\/digitalizzazione-e-formazione-continua\\\/#breadcrumb\"},\"inLanguage\":\"it-IT\",\"potentialAction\":[{\"@type\":\"ReadAction\",\"target\":[\"https:\\\/\\\/alice.ch\\\/it\\\/temi\\\/digitalizzazione-e-formazione-continua\\\/\"]}]},{\"@type\":\"ImageObject\",\"inLanguage\":\"it-IT\",\"@id\":\"https:\\\/\\\/alice.ch\\\/it\\\/temi\\\/digitalizzazione-e-formazione-continua\\\/#primaryimage\",\"url\":\"https:\\\/\\\/alice.ch\\\/app\\\/uploads\\\/2022\\\/11\\\/default.jpg\",\"contentUrl\":\"https:\\\/\\\/alice.ch\\\/app\\\/uploads\\\/2022\\\/11\\\/default.jpg\",\"width\":1600,\"height\":900},{\"@type\":\"BreadcrumbList\",\"@id\":\"https:\\\/\\\/alice.ch\\\/it\\\/temi\\\/digitalizzazione-e-formazione-continua\\\/#breadcrumb\",\"itemListElement\":[{\"@type\":\"ListItem\",\"position\":1,\"name\":\"Pagina iniziale\",\"item\":\"https:\\\/\\\/alice.ch\\\/it\\\/\"},{\"@type\":\"ListItem\",\"position\":2,\"name\":\"Temi\",\"item\":\"https:\\\/\\\/alice.ch\\\/it\\\/temi\\\/\"},{\"@type\":\"ListItem\",\"position\":3,\"name\":\"Digitalizzazione e formazione continua\"}]},{\"@type\":\"WebSite\",\"@id\":\"https:\\\/\\\/alice.ch\\\/it\\\/#website\",\"url\":\"https:\\\/\\\/alice.ch\\\/it\\\/\",\"name\":\"alice.ch (Adult Learning Information Center) ist das Portal der Weiterbildung in der Schweiz.\",\"description\":\"Schweizerischer Verband f\u00fcr Weiterbildung\",\"publisher\":{\"@id\":\"https:\\\/\\\/alice.ch\\\/it\\\/#organization\"},\"potentialAction\":[{\"@type\":\"SearchAction\",\"target\":{\"@type\":\"EntryPoint\",\"urlTemplate\":\"https:\\\/\\\/alice.ch\\\/it\\\/?s={search_term_string}\"},\"query-input\":{\"@type\":\"PropertyValueSpecification\",\"valueRequired\":true,\"valueName\":\"search_term_string\"}}],\"inLanguage\":\"it-IT\"},{\"@type\":\"Organization\",\"@id\":\"https:\\\/\\\/alice.ch\\\/it\\\/#organization\",\"name\":\"FSEA Federazione svizzera per la formazione continua\",\"url\":\"https:\\\/\\\/alice.ch\\\/it\\\/\",\"logo\":{\"@type\":\"ImageObject\",\"inLanguage\":\"it-IT\",\"@id\":\"https:\\\/\\\/alice.ch\\\/it\\\/#\\\/schema\\\/logo\\\/image\\\/\",\"url\":\"https:\\\/\\\/alice.ch\\\/app\\\/uploads\\\/2022\\\/07\\\/logo-sveb.png\",\"contentUrl\":\"https:\\\/\\\/alice.ch\\\/app\\\/uploads\\\/2022\\\/07\\\/logo-sveb.png\",\"width\":145,\"height\":64,\"caption\":\"FSEA Federazione svizzera per la formazione continua\"},\"image\":{\"@id\":\"https:\\\/\\\/alice.ch\\\/it\\\/#\\\/schema\\\/logo\\\/image\\\/\"},\"sameAs\":[\"https:\\\/\\\/www.linkedin.com\\\/company\\\/schweizerischer-verband-fr-weiterbildung-sveb\\\/\"]}]}<\/script>\n<!-- \/ Yoast SEO plugin. -->","yoast_head_json":{"title":"Digitalizzazione e formazione continua - FSEA","description":"La digitalizzazione porta a nuovi contenuti formativi e crea nuovi metodi di insegnamento e apprendimento.","robots":{"index":"index","follow":"follow","max-snippet":"max-snippet:-1","max-image-preview":"max-image-preview:large","max-video-preview":"max-video-preview:-1"},"canonical":"https:\/\/alice.ch\/it\/temi\/digitalizzazione-e-formazione-continua\/","og_locale":"it_IT","og_type":"article","og_title":"Digitalizzazione e formazione continua - FSEA","og_description":"La digitalizzazione porta a nuovi contenuti formativi e crea nuovi metodi di insegnamento e apprendimento.","og_url":"https:\/\/alice.ch\/it\/temi\/digitalizzazione-e-formazione-continua\/","og_site_name":"SVEB","article_modified_time":"2023-12-08T09:37:21+00:00","twitter_card":"summary_large_image","twitter_misc":{"Tempo di lettura stimato":"3 minuti"},"schema":{"@context":"https:\/\/schema.org","@graph":[{"@type":"WebPage","@id":"https:\/\/alice.ch\/it\/temi\/digitalizzazione-e-formazione-continua\/","url":"https:\/\/alice.ch\/it\/temi\/digitalizzazione-e-formazione-continua\/","name":"Digitalizzazione e formazione continua - FSEA","isPartOf":{"@id":"https:\/\/alice.ch\/it\/#website"},"primaryImageOfPage":{"@id":"https:\/\/alice.ch\/it\/temi\/digitalizzazione-e-formazione-continua\/#primaryimage"},"image":{"@id":"https:\/\/alice.ch\/it\/temi\/digitalizzazione-e-formazione-continua\/#primaryimage"},"thumbnailUrl":"https:\/\/alice.ch\/app\/uploads\/2022\/11\/default.jpg","datePublished":"2022-08-16T13:35:50+00:00","dateModified":"2023-12-08T09:37:21+00:00","description":"La digitalizzazione porta a nuovi contenuti formativi e crea nuovi metodi di insegnamento e apprendimento.","breadcrumb":{"@id":"https:\/\/alice.ch\/it\/temi\/digitalizzazione-e-formazione-continua\/#breadcrumb"},"inLanguage":"it-IT","potentialAction":[{"@type":"ReadAction","target":["https:\/\/alice.ch\/it\/temi\/digitalizzazione-e-formazione-continua\/"]}]},{"@type":"ImageObject","inLanguage":"it-IT","@id":"https:\/\/alice.ch\/it\/temi\/digitalizzazione-e-formazione-continua\/#primaryimage","url":"https:\/\/alice.ch\/app\/uploads\/2022\/11\/default.jpg","contentUrl":"https:\/\/alice.ch\/app\/uploads\/2022\/11\/default.jpg","width":1600,"height":900},{"@type":"BreadcrumbList","@id":"https:\/\/alice.ch\/it\/temi\/digitalizzazione-e-formazione-continua\/#breadcrumb","itemListElement":[{"@type":"ListItem","position":1,"name":"Pagina iniziale","item":"https:\/\/alice.ch\/it\/"},{"@type":"ListItem","position":2,"name":"Temi","item":"https:\/\/alice.ch\/it\/temi\/"},{"@type":"ListItem","position":3,"name":"Digitalizzazione e formazione continua"}]},{"@type":"WebSite","@id":"https:\/\/alice.ch\/it\/#website","url":"https:\/\/alice.ch\/it\/","name":"alice.ch (Adult Learning Information Center) ist das Portal der Weiterbildung in der Schweiz.","description":"Schweizerischer Verband f\u00fcr Weiterbildung","publisher":{"@id":"https:\/\/alice.ch\/it\/#organization"},"potentialAction":[{"@type":"SearchAction","target":{"@type":"EntryPoint","urlTemplate":"https:\/\/alice.ch\/it\/?s={search_term_string}"},"query-input":{"@type":"PropertyValueSpecification","valueRequired":true,"valueName":"search_term_string"}}],"inLanguage":"it-IT"},{"@type":"Organization","@id":"https:\/\/alice.ch\/it\/#organization","name":"FSEA Federazione svizzera per la formazione continua","url":"https:\/\/alice.ch\/it\/","logo":{"@type":"ImageObject","inLanguage":"it-IT","@id":"https:\/\/alice.ch\/it\/#\/schema\/logo\/image\/","url":"https:\/\/alice.ch\/app\/uploads\/2022\/07\/logo-sveb.png","contentUrl":"https:\/\/alice.ch\/app\/uploads\/2022\/07\/logo-sveb.png","width":145,"height":64,"caption":"FSEA Federazione svizzera per la formazione continua"},"image":{"@id":"https:\/\/alice.ch\/it\/#\/schema\/logo\/image\/"},"sameAs":["https:\/\/www.linkedin.com\/company\/schweizerischer-verband-fr-weiterbildung-sveb\/"]}]}},"_links":{"self":[{"href":"https:\/\/alice.ch\/it\/wp-json\/wp\/v2\/pages\/11173","targetHints":{"allow":["GET"]}}],"collection":[{"href":"https:\/\/alice.ch\/it\/wp-json\/wp\/v2\/pages"}],"about":[{"href":"https:\/\/alice.ch\/it\/wp-json\/wp\/v2\/types\/page"}],"author":[{"embeddable":true,"href":"https:\/\/alice.ch\/it\/wp-json\/wp\/v2\/users\/2"}],"replies":[{"embeddable":true,"href":"https:\/\/alice.ch\/it\/wp-json\/wp\/v2\/comments?post=11173"}],"version-history":[{"count":6,"href":"https:\/\/alice.ch\/it\/wp-json\/wp\/v2\/pages\/11173\/revisions"}],"predecessor-version":[{"id":49998,"href":"https:\/\/alice.ch\/it\/wp-json\/wp\/v2\/pages\/11173\/revisions\/49998"}],"up":[{"embeddable":true,"href":"https:\/\/alice.ch\/it\/wp-json\/wp\/v2\/pages\/14803"}],"wp:featuredmedia":[{"embeddable":true,"href":"https:\/\/alice.ch\/it\/wp-json\/wp\/v2\/media\/20799"}],"wp:attachment":[{"href":"https:\/\/alice.ch\/it\/wp-json\/wp\/v2\/media?parent=11173"}],"curies":[{"name":"wp","href":"https:\/\/api.w.org\/{rel}","templated":true}]}}