{"id":11226,"date":"2022-08-16T17:43:54","date_gmt":"2022-08-16T15:43:54","guid":{"rendered":"https:\/\/projects.atxeit.ch\/sveb\/ada-plattformtagung\/"},"modified":"2026-03-31T12:49:32","modified_gmt":"2026-03-31T10:49:32","slug":"piattaforma-di-scambio-ffa","status":"publish","type":"page","link":"https:\/\/alice.ch\/it\/professionalizzazione\/istituzioni-riconosciute-ffa\/piattaforma-di-scambio-ffa\/","title":{"rendered":"Piattaforma di scambio FFA"},"content":{"rendered":"\n<div class=\"wp-block-group is-style-reduced-width is-layout-flow wp-block-group-is-layout-flow\">\n<h1 class=\"wp-block-heading\">Piattaforma di scambio FFA<\/h1>\n\n\n\n<p class=\"is-style-lead\">Ogni anno il segretariato FFA organizza una piattaforma di scambio FFA. Questo evento rappresenta una piattaforma per tutti coloro che sono coinvolti nella formazione dei formatori, in particolare per le istituzioni di formazione continua e i docenti dei moduli FFA, ma anche per tutte le persone interessate.<\/p>\n\n\n\n<p>Da un lato, i partecipanti possono informarsi in prima persona sugli ultimi sviluppi del sistema FFA, chiarire dubbi e contribuire con le loro opinioni. Dall&#8217;altro lato, essi sono incoraggiati a partecipare alla riflessione e a contribuire alla formazione del sistema in vari workshop. Inoltre, vengono sempre organizzati discorsi programmatici che offrono una panoramica sugli aspetti politici e sociali della formazione continua.<\/p>\n\n\n\n<h2 class=\"wp-block-heading\">La prossima piattaforma di scambio FFA<\/h2>\n\n\n\n<p>Ogni anno in autunno si svolge una giornata di scambio che mette a disposizione uno spazio di discussione su un tema predefinito. L\u2019incontro prevede l\u2019intervento di esperti e uno scambio su argomenti attuali relativi al sistema modulare FFA.<\/p>\n\n\n\n<p><strong>La prossima piattaforma di<\/strong> <strong>scambio FFA si terr\u00e0 il 10 settembre 2025.<\/strong><\/p>\n\n\n\n<h2 class=\"wp-block-heading\">Piattaforme di scambio negli anni<\/h2>\n\n\n\n<div class=\"wp-block-group is-layout-constrained wp-block-group-is-layout-constrained\">\n<figure class=\"wp-block-table is-style-stripes\"><table><thead><tr><th class=\"has-text-align-left\" data-align=\"left\" scope=\"col\">Anno<\/th><th class=\"has-text-align-left\" data-align=\"left\" scope=\"col\">Tema<\/th><th class=\"has-text-align-left\" data-align=\"left\" scope=\"col\"><strong>Relatori<\/strong><\/th><\/tr><\/thead><tbody><tr><td class=\"has-text-align-left\" data-align=\"left\"><a href=\"https:\/\/alice.ch\/it\/event\/piattaforma-di-scambio-ffa-2025-il-nuovo-sistema-modulare-ffa-bilancio-e-prospettive\/\">2025<\/a><\/td><td class=\"has-text-align-left\" data-align=\"left\">Il nuovo sistema modulare FFA \u2013 Bilancio e prospettive\u00a0<\/td><td class=\"has-text-align-left\" data-align=\"left\">Brigitte Bosche, Ricarda T.D. Reimer, Dr. Christiane Caneva<\/td><\/tr><tr><td class=\"has-text-align-left\" data-align=\"left\"><a href=\"https:\/\/alice.ch\/it\/event\/piattaforma-di-scambio-ffa-2024\/\">2024<\/a><\/td><td class=\"has-text-align-left\" data-align=\"left\">IA nella formazione continua<\/td><td class=\"has-text-align-left\" data-align=\"left\">Christina Jacober, Dr. Patric Raemy, Roy Franke, Harald Graschi, Simon Morard, Sofie Gollob, Hans-Peter Karrer, Bernhard Gr\u00e4miger<\/td><\/tr><tr><td class=\"has-text-align-left\" data-align=\"left\"><a href=\"https:\/\/alice.ch\/it\/event\/ada-plattformtagung-2023\/\">2023<\/a><\/td><td class=\"has-text-align-left\" data-align=\"left\">Nuovo esame finale con colloquio di riflessione<\/td><td class=\"has-text-align-left\" data-align=\"left\">Christina Jacober, Hans-Peter Karrer, Gregor Thurnherr<\/td><\/tr><tr><td class=\"has-text-align-left\" data-align=\"left\"><a href=\"https:\/\/alice.ch\/it\/event\/piattaforma-di-scambio-ffa-2022\/\">2022<\/a><\/td><td class=\"has-text-align-left\" data-align=\"left\">Revisione del sistema modulare FFA<\/td><td class=\"has-text-align-left\" data-align=\"left\">Christina Jacober, Gregor Thurnherr, Andreas Schubiger<\/td><\/tr><tr><td class=\"has-text-align-left\" data-align=\"left\"><a href=\"https:\/\/alice.ch\/it\/event\/piattaforma-di-scambio-ffa-2021\/\">2021<\/a><\/td><td class=\"has-text-align-left\" data-align=\"left\">Portfolio<\/td><td class=\"has-text-align-left\" data-align=\"left\">Christina Jacober, Andreas S\u00e4gesser, Marion Leutenegger, Ueli B\u00fcrgi, Gregor Thurnherr, Bernhard Gr\u00e4miger<\/td><\/tr><tr><td class=\"has-text-align-left\" data-align=\"left\"><a href=\"https:\/\/alice.ch\/it\/event\/piattaforma-di-scambio-ffa-2020\/\">2020<\/a><\/td><td class=\"has-text-align-left\" data-align=\"left\">Il sistema FFA 2023: l\u2019etica al centro della revisione<\/td><td class=\"has-text-align-left\" data-align=\"left\">Barbara Bleisch<\/td><\/tr><tr><td class=\"has-text-align-left\" data-align=\"left\"><a href=\"https:\/\/alice.ch\/it\/event\/piattaforma-di-scambio-ffa-2019\/\">2019<\/a><\/td><td class=\"has-text-align-left\" data-align=\"left\">Revisione del sistema modulare FFA<\/td><td class=\"has-text-align-left\" data-align=\"left\">Andreas Schubiger, Patrick Rywalski<\/td><\/tr><tr><td class=\"has-text-align-left\" data-align=\"left\"><a href=\"https:\/\/alice.ch\/it\/event\/piattaforma-di-scambio-ffa-2018\/\">2018<\/a><\/td><td class=\"has-text-align-left\" data-align=\"left\">Il sistema FFA sulla strada verso il futuro<\/td><td class=\"has-text-align-left\" data-align=\"left\">Hans-Peter Karrer, Daniel Carron, Andreas Schubiger<\/td><\/tr><tr><td class=\"has-text-align-left\" data-align=\"left\"><a href=\"https:\/\/alice.ch\/it\/event\/piattaforma-di-scambio-ffa-2017\/\">2017<\/a><\/td><td class=\"has-text-align-left\" data-align=\"left\">Le competenze dei formatori di domani<\/td><td class=\"has-text-align-left\" data-align=\"left\">Bruno Bieri, Marc B\u00f6hler, Anton Bolfing, Domenico Finocchiaro, Prof. Dr. Christoph Negri, Ramona Nobs, Ricarda T. D. Reimer<\/td><\/tr><\/tbody><\/table><\/figure>\n<\/div>\n\n\n\n<h2 class=\"wp-block-heading\">Contatto<\/h2>\n\n\n\n<div class=\"wp-block-columns is-layout-flex wp-container-core-columns-is-layout-28f84493 wp-block-columns-is-layout-flex\">\n<div class=\"wp-block-column is-layout-flow wp-block-column-is-layout-flow\" style=\"flex-basis:50%\"><div class=\"contact-persons\">\n\n\t\t\t\t\t<div class=\"contact-person\">\n\t\t\t\t\tSegretariato regionale FFA<br \/>\t\t\t\t\t\t\t\t\t\t<br \/>\n\t\t\t\t\t\t\t\t\t\t<a href=\"tel:+41 (0)91 950 84 16\">+41 (0)91 950 84 16<\/a><br \/>\t\t\t\t\t<a href=\"mailto:fseaticino@alice.ch\">fseaticino@alice.ch<\/a><br \/>\t\t\t\t\t<\/div>\n\t\t\t\t\t<\/div>\n<\/div>\n\n\n\n<div class=\"wp-block-column is-layout-flow wp-block-column-is-layout-flow\" style=\"flex-basis:50%\"><\/div>\n<\/div>\n<\/div>\n","protected":false},"excerpt":{"rendered":"<p>Piattaforma di scambio FFA Ogni anno il segretariato FFA organizza una piattaforma di scambio FFA. Questo evento rappresenta una piattaforma [&hellip;]<\/p>\n","protected":false},"author":4,"featured_media":20799,"parent":17606,"menu_order":212,"comment_status":"closed","ping_status":"closed","template":"","meta":{"_acf_changed":false,"inline_featured_image":false,"footnotes":""},"class_list":["post-11226","page","type-page","status-publish","has-post-thumbnail","hentry"],"acf":[],"yoast_head":"<!-- This site is optimized with the Yoast SEO plugin v27.3 - https:\/\/yoast.com\/product\/yoast-seo-wordpress\/ -->\n<title>Piattaforma di scambio FFA - FSEA<\/title>\n<meta name=\"description\" content=\"La conferenza annuale della piattaforma FFA fornisce una piattaforma per tutti coloro che sono coinvolti nella formazione dei formatori.\" \/>\n<meta name=\"robots\" content=\"index, follow, max-snippet:-1, max-image-preview:large, max-video-preview:-1\" \/>\n<link rel=\"canonical\" href=\"https:\/\/alice.ch\/it\/professionalizzazione\/istituzioni-riconosciute-ffa\/piattaforma-di-scambio-ffa\/\" \/>\n<meta property=\"og:locale\" content=\"it_IT\" \/>\n<meta property=\"og:type\" content=\"article\" \/>\n<meta property=\"og:title\" content=\"Piattaforma di scambio FFA - FSEA\" \/>\n<meta property=\"og:description\" content=\"La conferenza annuale della piattaforma FFA fornisce una piattaforma per tutti coloro che sono coinvolti nella formazione dei formatori.\" \/>\n<meta property=\"og:url\" content=\"https:\/\/alice.ch\/it\/professionalizzazione\/istituzioni-riconosciute-ffa\/piattaforma-di-scambio-ffa\/\" \/>\n<meta property=\"og:site_name\" content=\"SVEB\" \/>\n<meta property=\"article:modified_time\" content=\"2026-03-31T10:49:32+00:00\" \/>\n<meta name=\"twitter:card\" content=\"summary_large_image\" \/>\n<meta name=\"twitter:label1\" content=\"Tempo di lettura stimato\" \/>\n\t<meta name=\"twitter:data1\" content=\"2 minuti\" \/>\n<script type=\"application\/ld+json\" class=\"yoast-schema-graph\">{\"@context\":\"https:\\\/\\\/schema.org\",\"@graph\":[{\"@type\":\"WebPage\",\"@id\":\"https:\\\/\\\/alice.ch\\\/it\\\/professionalizzazione\\\/istituzioni-riconosciute-ffa\\\/piattaforma-di-scambio-ffa\\\/\",\"url\":\"https:\\\/\\\/alice.ch\\\/it\\\/professionalizzazione\\\/istituzioni-riconosciute-ffa\\\/piattaforma-di-scambio-ffa\\\/\",\"name\":\"Piattaforma di scambio FFA - FSEA\",\"isPartOf\":{\"@id\":\"https:\\\/\\\/alice.ch\\\/it\\\/#website\"},\"primaryImageOfPage\":{\"@id\":\"https:\\\/\\\/alice.ch\\\/it\\\/professionalizzazione\\\/istituzioni-riconosciute-ffa\\\/piattaforma-di-scambio-ffa\\\/#primaryimage\"},\"image\":{\"@id\":\"https:\\\/\\\/alice.ch\\\/it\\\/professionalizzazione\\\/istituzioni-riconosciute-ffa\\\/piattaforma-di-scambio-ffa\\\/#primaryimage\"},\"thumbnailUrl\":\"https:\\\/\\\/alice.ch\\\/app\\\/uploads\\\/2022\\\/11\\\/default.jpg\",\"datePublished\":\"2022-08-16T15:43:54+00:00\",\"dateModified\":\"2026-03-31T10:49:32+00:00\",\"description\":\"La conferenza annuale della piattaforma FFA fornisce una piattaforma per tutti coloro che sono coinvolti nella formazione dei formatori.\",\"breadcrumb\":{\"@id\":\"https:\\\/\\\/alice.ch\\\/it\\\/professionalizzazione\\\/istituzioni-riconosciute-ffa\\\/piattaforma-di-scambio-ffa\\\/#breadcrumb\"},\"inLanguage\":\"it-IT\",\"potentialAction\":[{\"@type\":\"ReadAction\",\"target\":[\"https:\\\/\\\/alice.ch\\\/it\\\/professionalizzazione\\\/istituzioni-riconosciute-ffa\\\/piattaforma-di-scambio-ffa\\\/\"]}]},{\"@type\":\"ImageObject\",\"inLanguage\":\"it-IT\",\"@id\":\"https:\\\/\\\/alice.ch\\\/it\\\/professionalizzazione\\\/istituzioni-riconosciute-ffa\\\/piattaforma-di-scambio-ffa\\\/#primaryimage\",\"url\":\"https:\\\/\\\/alice.ch\\\/app\\\/uploads\\\/2022\\\/11\\\/default.jpg\",\"contentUrl\":\"https:\\\/\\\/alice.ch\\\/app\\\/uploads\\\/2022\\\/11\\\/default.jpg\",\"width\":1600,\"height\":900},{\"@type\":\"BreadcrumbList\",\"@id\":\"https:\\\/\\\/alice.ch\\\/it\\\/professionalizzazione\\\/istituzioni-riconosciute-ffa\\\/piattaforma-di-scambio-ffa\\\/#breadcrumb\",\"itemListElement\":[{\"@type\":\"ListItem\",\"position\":1,\"name\":\"Pagina iniziale\",\"item\":\"https:\\\/\\\/alice.ch\\\/it\\\/\"},{\"@type\":\"ListItem\",\"position\":2,\"name\":\"Professionalizzazione\",\"item\":\"https:\\\/\\\/alice.ch\\\/it\\\/professionalizzazione\\\/\"},{\"@type\":\"ListItem\",\"position\":3,\"name\":\"Istituzioni riconosciute FFA\",\"item\":\"https:\\\/\\\/alice.ch\\\/it\\\/professionalizzazione\\\/istituzioni-riconosciute-ffa\\\/\"},{\"@type\":\"ListItem\",\"position\":4,\"name\":\"Piattaforma di scambio FFA\"}]},{\"@type\":\"WebSite\",\"@id\":\"https:\\\/\\\/alice.ch\\\/it\\\/#website\",\"url\":\"https:\\\/\\\/alice.ch\\\/it\\\/\",\"name\":\"alice.ch (Adult Learning Information Center) ist das Portal der Weiterbildung in der Schweiz.\",\"description\":\"Schweizerischer Verband f\u00fcr Weiterbildung\",\"publisher\":{\"@id\":\"https:\\\/\\\/alice.ch\\\/it\\\/#organization\"},\"potentialAction\":[{\"@type\":\"SearchAction\",\"target\":{\"@type\":\"EntryPoint\",\"urlTemplate\":\"https:\\\/\\\/alice.ch\\\/it\\\/?s={search_term_string}\"},\"query-input\":{\"@type\":\"PropertyValueSpecification\",\"valueRequired\":true,\"valueName\":\"search_term_string\"}}],\"inLanguage\":\"it-IT\"},{\"@type\":\"Organization\",\"@id\":\"https:\\\/\\\/alice.ch\\\/it\\\/#organization\",\"name\":\"FSEA Federazione svizzera per la formazione continua\",\"url\":\"https:\\\/\\\/alice.ch\\\/it\\\/\",\"logo\":{\"@type\":\"ImageObject\",\"inLanguage\":\"it-IT\",\"@id\":\"https:\\\/\\\/alice.ch\\\/it\\\/#\\\/schema\\\/logo\\\/image\\\/\",\"url\":\"https:\\\/\\\/alice.ch\\\/app\\\/uploads\\\/2022\\\/07\\\/logo-sveb.png\",\"contentUrl\":\"https:\\\/\\\/alice.ch\\\/app\\\/uploads\\\/2022\\\/07\\\/logo-sveb.png\",\"width\":145,\"height\":64,\"caption\":\"FSEA Federazione svizzera per la formazione continua\"},\"image\":{\"@id\":\"https:\\\/\\\/alice.ch\\\/it\\\/#\\\/schema\\\/logo\\\/image\\\/\"},\"sameAs\":[\"https:\\\/\\\/www.linkedin.com\\\/company\\\/schweizerischer-verband-fr-weiterbildung-sveb\\\/\"]}]}<\/script>\n<!-- \/ Yoast SEO plugin. -->","yoast_head_json":{"title":"Piattaforma di scambio FFA - FSEA","description":"La conferenza annuale della piattaforma FFA fornisce una piattaforma per tutti coloro che sono coinvolti nella formazione dei formatori.","robots":{"index":"index","follow":"follow","max-snippet":"max-snippet:-1","max-image-preview":"max-image-preview:large","max-video-preview":"max-video-preview:-1"},"canonical":"https:\/\/alice.ch\/it\/professionalizzazione\/istituzioni-riconosciute-ffa\/piattaforma-di-scambio-ffa\/","og_locale":"it_IT","og_type":"article","og_title":"Piattaforma di scambio FFA - FSEA","og_description":"La conferenza annuale della piattaforma FFA fornisce una piattaforma per tutti coloro che sono coinvolti nella formazione dei formatori.","og_url":"https:\/\/alice.ch\/it\/professionalizzazione\/istituzioni-riconosciute-ffa\/piattaforma-di-scambio-ffa\/","og_site_name":"SVEB","article_modified_time":"2026-03-31T10:49:32+00:00","twitter_card":"summary_large_image","twitter_misc":{"Tempo di lettura stimato":"2 minuti"},"schema":{"@context":"https:\/\/schema.org","@graph":[{"@type":"WebPage","@id":"https:\/\/alice.ch\/it\/professionalizzazione\/istituzioni-riconosciute-ffa\/piattaforma-di-scambio-ffa\/","url":"https:\/\/alice.ch\/it\/professionalizzazione\/istituzioni-riconosciute-ffa\/piattaforma-di-scambio-ffa\/","name":"Piattaforma di scambio FFA - FSEA","isPartOf":{"@id":"https:\/\/alice.ch\/it\/#website"},"primaryImageOfPage":{"@id":"https:\/\/alice.ch\/it\/professionalizzazione\/istituzioni-riconosciute-ffa\/piattaforma-di-scambio-ffa\/#primaryimage"},"image":{"@id":"https:\/\/alice.ch\/it\/professionalizzazione\/istituzioni-riconosciute-ffa\/piattaforma-di-scambio-ffa\/#primaryimage"},"thumbnailUrl":"https:\/\/alice.ch\/app\/uploads\/2022\/11\/default.jpg","datePublished":"2022-08-16T15:43:54+00:00","dateModified":"2026-03-31T10:49:32+00:00","description":"La conferenza annuale della piattaforma FFA fornisce una piattaforma per tutti coloro che sono coinvolti nella formazione dei formatori.","breadcrumb":{"@id":"https:\/\/alice.ch\/it\/professionalizzazione\/istituzioni-riconosciute-ffa\/piattaforma-di-scambio-ffa\/#breadcrumb"},"inLanguage":"it-IT","potentialAction":[{"@type":"ReadAction","target":["https:\/\/alice.ch\/it\/professionalizzazione\/istituzioni-riconosciute-ffa\/piattaforma-di-scambio-ffa\/"]}]},{"@type":"ImageObject","inLanguage":"it-IT","@id":"https:\/\/alice.ch\/it\/professionalizzazione\/istituzioni-riconosciute-ffa\/piattaforma-di-scambio-ffa\/#primaryimage","url":"https:\/\/alice.ch\/app\/uploads\/2022\/11\/default.jpg","contentUrl":"https:\/\/alice.ch\/app\/uploads\/2022\/11\/default.jpg","width":1600,"height":900},{"@type":"BreadcrumbList","@id":"https:\/\/alice.ch\/it\/professionalizzazione\/istituzioni-riconosciute-ffa\/piattaforma-di-scambio-ffa\/#breadcrumb","itemListElement":[{"@type":"ListItem","position":1,"name":"Pagina iniziale","item":"https:\/\/alice.ch\/it\/"},{"@type":"ListItem","position":2,"name":"Professionalizzazione","item":"https:\/\/alice.ch\/it\/professionalizzazione\/"},{"@type":"ListItem","position":3,"name":"Istituzioni riconosciute FFA","item":"https:\/\/alice.ch\/it\/professionalizzazione\/istituzioni-riconosciute-ffa\/"},{"@type":"ListItem","position":4,"name":"Piattaforma di scambio FFA"}]},{"@type":"WebSite","@id":"https:\/\/alice.ch\/it\/#website","url":"https:\/\/alice.ch\/it\/","name":"alice.ch (Adult Learning Information Center) ist das Portal der Weiterbildung in der Schweiz.","description":"Schweizerischer Verband f\u00fcr Weiterbildung","publisher":{"@id":"https:\/\/alice.ch\/it\/#organization"},"potentialAction":[{"@type":"SearchAction","target":{"@type":"EntryPoint","urlTemplate":"https:\/\/alice.ch\/it\/?s={search_term_string}"},"query-input":{"@type":"PropertyValueSpecification","valueRequired":true,"valueName":"search_term_string"}}],"inLanguage":"it-IT"},{"@type":"Organization","@id":"https:\/\/alice.ch\/it\/#organization","name":"FSEA Federazione svizzera per la formazione continua","url":"https:\/\/alice.ch\/it\/","logo":{"@type":"ImageObject","inLanguage":"it-IT","@id":"https:\/\/alice.ch\/it\/#\/schema\/logo\/image\/","url":"https:\/\/alice.ch\/app\/uploads\/2022\/07\/logo-sveb.png","contentUrl":"https:\/\/alice.ch\/app\/uploads\/2022\/07\/logo-sveb.png","width":145,"height":64,"caption":"FSEA Federazione svizzera per la formazione continua"},"image":{"@id":"https:\/\/alice.ch\/it\/#\/schema\/logo\/image\/"},"sameAs":["https:\/\/www.linkedin.com\/company\/schweizerischer-verband-fr-weiterbildung-sveb\/"]}]}},"_links":{"self":[{"href":"https:\/\/alice.ch\/it\/wp-json\/wp\/v2\/pages\/11226","targetHints":{"allow":["GET"]}}],"collection":[{"href":"https:\/\/alice.ch\/it\/wp-json\/wp\/v2\/pages"}],"about":[{"href":"https:\/\/alice.ch\/it\/wp-json\/wp\/v2\/types\/page"}],"author":[{"embeddable":true,"href":"https:\/\/alice.ch\/it\/wp-json\/wp\/v2\/users\/4"}],"replies":[{"embeddable":true,"href":"https:\/\/alice.ch\/it\/wp-json\/wp\/v2\/comments?post=11226"}],"version-history":[{"count":30,"href":"https:\/\/alice.ch\/it\/wp-json\/wp\/v2\/pages\/11226\/revisions"}],"predecessor-version":[{"id":74716,"href":"https:\/\/alice.ch\/it\/wp-json\/wp\/v2\/pages\/11226\/revisions\/74716"}],"up":[{"embeddable":true,"href":"https:\/\/alice.ch\/it\/wp-json\/wp\/v2\/pages\/17606"}],"wp:featuredmedia":[{"embeddable":true,"href":"https:\/\/alice.ch\/it\/wp-json\/wp\/v2\/media\/20799"}],"wp:attachment":[{"href":"https:\/\/alice.ch\/it\/wp-json\/wp\/v2\/media?parent=11226"}],"curies":[{"name":"wp","href":"https:\/\/api.w.org\/{rel}","templated":true}]}}