{"id":11307,"date":"2022-10-18T11:51:29","date_gmt":"2022-10-18T09:51:29","guid":{"rendered":"https:\/\/projects.atxeit.ch\/sveb\/publikationen-und-produkte\/ep-ausgaben\/"},"modified":"2023-12-12T17:17:48","modified_gmt":"2023-12-12T16:17:48","slug":"archivi-education-permanente","status":"publish","type":"page","link":"https:\/\/alice.ch\/it\/servizi\/pubblicazioni-e-prodotti\/archivi-education-permanente\/","title":{"rendered":"Numeri Education Permanente"},"content":{"rendered":"\n<div class=\"wp-block-group is-style-reduced-width is-layout-constrained wp-block-group-is-layout-constrained\">\n<h1 class=\"wp-block-heading\">Numeri &#8220;Education Permanente&#8221;<\/h1>\n\n\n\n<div class=\"wp-block-query is-layout-flow wp-block-query-is-layout-flow\"><ul class=\"wp-block-post-template is-layout-flow wp-block-post-template-is-layout-flow\"><li class=\"wp-block-post post-68505 publication type-publication status-publish has-post-thumbnail hentry publication-category-pubblicazioni global-category-betriebliche-weiterbildung-pmi\">\n\n<div class=\"publication-item\">\n\t<div class=\"image\">\n\t\t<img decoding=\"async\" width=\"940\" height=\"1293\" src=\"https:\/\/alice.ch\/app\/uploads\/2025\/05\/ep25-1-cover-fr.png\" class=\"attachment-post-thumbnail size-post-thumbnail wp-post-image\" alt=\"\" srcset=\"https:\/\/alice.ch\/app\/uploads\/2025\/05\/ep25-1-cover-fr.png 940w, https:\/\/alice.ch\/app\/uploads\/2025\/05\/ep25-1-cover-fr-218x300.png 218w, https:\/\/alice.ch\/app\/uploads\/2025\/05\/ep25-1-cover-fr-744x1024.png 744w, https:\/\/alice.ch\/app\/uploads\/2025\/05\/ep25-1-cover-fr-768x1056.png 768w\" sizes=\"(max-width: 940px) 100vw, 940px\" \/>\t<\/div>\n\n\t<div class=\"content\">\n\t\t<h3>Education Permanente 25-1 \u2013 La formation continue en entreprise<\/h3>\n\t\t<div class=\"description\"><p>Dans son num\u00e9ro 2025-1, la revue sp\u00e9cialis\u00e9e Education Permanente (EP) se penche sur les contradictions et les tensions entre les int\u00e9r\u00eats p\u00e9dagogiques, \u00e9conomiques, sociaux et biographiques dans la formation continue en entreprise. Les articles montrent comment les entreprises g\u00e8rent ces contradictions et quelles solutions se dessinent.<\/p>\n<p>Lire l&#8217;EP en ligne : <a href=\"https:\/\/www.ep-web.ch\/fr\/archive\/n1-2025\" target=\"_blank\" rel=\"noopener\">ep-web.ch<\/a><\/p>\n<\/div>\n\n\t\t<div class=\"meta\">\n\t\t\t<ul>\n\t\t\t\t\t\t\t\t\t<li><strong>Prezzo:<\/strong> 25.00 CHF (Prix pour membre: 20.00 CHF)<\/li>\n\t\t\t\t\n\t\t\t\t\t\t\t\t\t<li><strong>Editore:<\/strong> FSEA<\/li>\n\t\t\t\t\n\t\t\t\t\n\t\t\t\t\t\t\t\t\t<li><strong>Distribuzione:<\/strong> FSEA, 156 pages<\/li>\n\t\t\t\t\n\t\t\t\t\n\t\t\t\t\n\t\t\t\t\t\t\t<\/ul>\n\n\t\t\t<ul class=\"actions\">\n\t\t\t\t\n\t\t\t\t\t\t\t\t\t<li><a class=\"button\" href=\"https:\/\/alice.ch\/it\/order-it\/?pub-id=68505\">Ordinare la pubblicazione<\/a><\/li>\n\t\t\t\t\t\t\t<\/ul>\n\t\t<\/div>\n\t<\/div>\n\n\n<\/div>\n\n<\/li><li class=\"wp-block-post post-64977 publication type-publication status-publish has-post-thumbnail hentry publication-category-pubblicazioni global-category-sostenibilita-nella-formazione-continua\">\n\n<div class=\"publication-item\">\n\t<div class=\"image\">\n\t\t<img decoding=\"async\" width=\"939\" height=\"1293\" src=\"https:\/\/alice.ch\/app\/uploads\/2024\/12\/cover-education-permanente-24-2-f.png\" class=\"attachment-post-thumbnail size-post-thumbnail wp-post-image\" alt=\"\" srcset=\"https:\/\/alice.ch\/app\/uploads\/2024\/12\/cover-education-permanente-24-2-f.png 939w, https:\/\/alice.ch\/app\/uploads\/2024\/12\/cover-education-permanente-24-2-f-218x300.png 218w, https:\/\/alice.ch\/app\/uploads\/2024\/12\/cover-education-permanente-24-2-f-744x1024.png 744w, https:\/\/alice.ch\/app\/uploads\/2024\/12\/cover-education-permanente-24-2-f-768x1058.png 768w\" sizes=\"(max-width: 939px) 100vw, 939px\" \/>\t<\/div>\n\n\t<div class=\"content\">\n\t\t<h3>Education Permanente 24-2 \u2013 La Durabilit\u00e9<\/h3>\n\t\t<div class=\"description\"><p>Le num\u00e9ro 24-2 de la revue sp\u00e9cialis\u00e9e suisse pour la formation continue \u00abEducation Permanente\u00bb (EP) se penche sur la durabilit\u00e9 dans la formation continue. Les articles abordent la question de la mani\u00e8re dont la durabilite\u0301 peut \u00eatre comprise dans le contexte de la formation continue, et cherche \u00e0 savoir quels concepts sont disponibles et comment les employer de fa\u00e7on ad\u00e9quate.<\/p>\n<p>Lire l&#8217;EP en ligne : <a href=\"https:\/\/www.ep-web.ch\/fr\/archive\/n2-2024\" target=\"_blank\" rel=\"noopener\">ep-web.ch<\/a><\/p>\n<\/div>\n\n\t\t<div class=\"meta\">\n\t\t\t<ul>\n\t\t\t\t\t\t\t\t\t<li><strong>Prezzo:<\/strong> 25.00 CHF (Prix pour membre: 20.00 CHF)<\/li>\n\t\t\t\t\n\t\t\t\t\t\t\t\t\t<li><strong>Editore:<\/strong> FSEA<\/li>\n\t\t\t\t\n\t\t\t\t\n\t\t\t\t\t\t\t\t\t<li><strong>Distribuzione:<\/strong> FSEA, 136 pages<\/li>\n\t\t\t\t\n\t\t\t\t\n\t\t\t\t\n\t\t\t\t\t\t\t<\/ul>\n\n\t\t\t<ul class=\"actions\">\n\t\t\t\t\n\t\t\t\t\t\t\t\t\t<li><a class=\"button\" href=\"https:\/\/alice.ch\/it\/order-it\/?pub-id=64977\">Ordinare la pubblicazione<\/a><\/li>\n\t\t\t\t\t\t\t<\/ul>\n\t\t<\/div>\n\t<\/div>\n\n\n<\/div>\n\n<\/li><li class=\"wp-block-post post-64979 publication type-publication status-publish has-post-thumbnail hentry publication-category-pubblicazioni\">\n\n<div class=\"publication-item\">\n\t<div class=\"image\">\n\t\t<img decoding=\"async\" width=\"1858\" height=\"2560\" src=\"https:\/\/alice.ch\/app\/uploads\/2024\/05\/ep-24-2-cover-fr-scaled.jpg\" class=\"attachment-post-thumbnail size-post-thumbnail wp-post-image\" alt=\"\" srcset=\"https:\/\/alice.ch\/app\/uploads\/2024\/05\/ep-24-2-cover-fr-scaled.jpg 1858w, https:\/\/alice.ch\/app\/uploads\/2024\/05\/ep-24-2-cover-fr-218x300.jpg 218w, https:\/\/alice.ch\/app\/uploads\/2024\/05\/ep-24-2-cover-fr-743x1024.jpg 743w, https:\/\/alice.ch\/app\/uploads\/2024\/05\/ep-24-2-cover-fr-768x1058.jpg 768w, https:\/\/alice.ch\/app\/uploads\/2024\/05\/ep-24-2-cover-fr-1115x1536.jpg 1115w, https:\/\/alice.ch\/app\/uploads\/2024\/05\/ep-24-2-cover-fr-1487x2048.jpg 1487w\" sizes=\"(max-width: 1858px) 100vw, 1858px\" \/>\t<\/div>\n\n\t<div class=\"content\">\n\t\t<h3>Education Permanente 24-1 \u2013 Diversit\u00e9<\/h3>\n\t\t<div class=\"description\"><p>Dans son num\u00e9ro 2024-1, la revue sp\u00e9cialis\u00e9e Education Permanente (EP) se penche sur la question de savoir ce que signifie la diversit\u00e9 dans la formation continue et comment elle est v\u00e9cue dans la pratique. Les contributions montrent comment la diversit\u00e9 peut \u00eatre comprise, quels d\u00e9fis et dilemmes une culture d\u2019apprentissage sensible \u00e0 la diversit\u00e9 implique et ce que cela signifie pour le personnel de la formation continue.<\/p>\n<p>Lire l&#8217;EP en ligne : <a href=\"https:\/\/www.ep-web.ch\/fr\/archive\/n1-2024\" target=\"_blank\" rel=\"noopener\">ep-web.ch<\/a><\/p>\n<\/div>\n\n\t\t<div class=\"meta\">\n\t\t\t<ul>\n\t\t\t\t\t\t\t\t\t<li><strong>Prezzo:<\/strong> 25.00 CHF (Prix pour membre: 20.00 CHF)<\/li>\n\t\t\t\t\n\t\t\t\t\t\t\t\t\t<li><strong>Editore:<\/strong> FSEA<\/li>\n\t\t\t\t\n\t\t\t\t\n\t\t\t\t\t\t\t\t\t<li><strong>Distribuzione:<\/strong> FSEA, 148 pages<\/li>\n\t\t\t\t\n\t\t\t\t\n\t\t\t\t\n\t\t\t\t\t\t\t<\/ul>\n\n\t\t\t<ul class=\"actions\">\n\t\t\t\t\n\t\t\t\t\t\t\t\t\t<li><a class=\"button\" href=\"https:\/\/alice.ch\/it\/order-it\/?pub-id=64979\">Ordinare la pubblicazione<\/a><\/li>\n\t\t\t\t\t\t\t<\/ul>\n\t\t<\/div>\n\t<\/div>\n\n\n<\/div>\n\n<\/li><li class=\"wp-block-post post-56831 publication type-publication status-publish has-post-thumbnail hentry publication-category-pubblicazioni\">\n\n<div class=\"publication-item\">\n\t<div class=\"image\">\n\t\t<img decoding=\"async\" width=\"917\" height=\"1293\" src=\"https:\/\/alice.ch\/app\/uploads\/2023\/11\/ep-23-2-cover-fr.jpeg\" class=\"attachment-post-thumbnail size-post-thumbnail wp-post-image\" alt=\"\" srcset=\"https:\/\/alice.ch\/app\/uploads\/2023\/11\/ep-23-2-cover-fr.jpeg 917w, https:\/\/alice.ch\/app\/uploads\/2023\/11\/ep-23-2-cover-fr-213x300.jpeg 213w, https:\/\/alice.ch\/app\/uploads\/2023\/11\/ep-23-2-cover-fr-726x1024.jpeg 726w, https:\/\/alice.ch\/app\/uploads\/2023\/11\/ep-23-2-cover-fr-768x1083.jpeg 768w\" sizes=\"(max-width: 917px) 100vw, 917px\" \/>\t<\/div>\n\n\t<div class=\"content\">\n\t\t<h3>Education Permanente 2023-2 \u2013 Coop\u00e9rations dans la formation continue<\/h3>\n\t\t<div class=\"description\"><p>Le num\u00e9ro 2\/2023 de l\u2019Education Permanente (EP) se penche sur le r\u00f4le de la coop\u00e9ration dans la formation continue et pr\u00e9sente les opportunit\u00e9s et les d\u00e9fis pour les organisations de la formation continue.<\/p>\n<p>Lire l\u2019EP en ligne : <a href=\"https:\/\/www.ep-web.ch\/fr\/archive\/n2-2023\" target=\"_blank\" rel=\"noopener\">ep-web.ch<\/a><\/p>\n<\/div>\n\n\t\t<div class=\"meta\">\n\t\t\t<ul>\n\t\t\t\t\t\t\t\t\t<li><strong>Prezzo:<\/strong> 25.00 CHF (Prix pour membre: 20.00 CHF)<\/li>\n\t\t\t\t\n\t\t\t\t\t\t\t\t\t<li><strong>Editore:<\/strong> FSEA<\/li>\n\t\t\t\t\n\t\t\t\t\n\t\t\t\t\t\t\t\t\t<li><strong>Distribuzione:<\/strong> FSEA, 128 pages<\/li>\n\t\t\t\t\n\t\t\t\t\n\t\t\t\t\n\t\t\t\t\t\t\t<\/ul>\n\n\t\t\t<ul class=\"actions\">\n\t\t\t\t\n\t\t\t\t\t\t\t\t\t<li><a class=\"button\" href=\"https:\/\/alice.ch\/it\/order-it\/?pub-id=56831\">Ordinare la pubblicazione<\/a><\/li>\n\t\t\t\t\t\t\t<\/ul>\n\t\t<\/div>\n\t<\/div>\n\n\n<\/div>\n\n<\/li><li class=\"wp-block-post post-56202 publication type-publication status-publish has-post-thumbnail hentry publication-category-pubblicazioni\">\n\n<div class=\"publication-item\">\n\t<div class=\"image\">\n\t\t<img decoding=\"async\" width=\"860\" height=\"1194\" src=\"https:\/\/alice.ch\/app\/uploads\/2023\/05\/EP-2023-1-Cover-FR.png\" class=\"attachment-post-thumbnail size-post-thumbnail wp-post-image\" alt=\"\" srcset=\"https:\/\/alice.ch\/app\/uploads\/2023\/05\/EP-2023-1-Cover-FR.png 860w, https:\/\/alice.ch\/app\/uploads\/2023\/05\/EP-2023-1-Cover-FR-216x300.png 216w, https:\/\/alice.ch\/app\/uploads\/2023\/05\/EP-2023-1-Cover-FR-738x1024.png 738w, https:\/\/alice.ch\/app\/uploads\/2023\/05\/EP-2023-1-Cover-FR-768x1066.png 768w\" sizes=\"(max-width: 860px) 100vw, 860px\" \/>\t<\/div>\n\n\t<div class=\"content\">\n\t\t<h3>Education Permanente 2023-1 \u2013 Individualisation dans la formation continue<\/h3>\n\t\t<div class=\"description\"><div class=\"description\">\n<p>La publication se penche sur les potentiels de l\u2019individualisation dans la formation continue, et entend inciter \u00e0 une vision plus diff\u00e9renci\u00e9e. Par ailleurs, elle porte un regard critique sur les \u00e9volutions actuelles dans la pratique.<\/p>\n<p>Dans la formation continue, on constate dans de nombreux domaines une tendance croissante \u00e0 l\u2019individualisation. Notamment au niveau des possibilit\u00e9s individuelles de choix et de participation, bien des promesses s\u2019y associent. Dans l\u2019ensemble, on esp\u00e8re ainsi pouvoir mieux tenir compte des conditions et besoins des participantes et participants.<\/p>\n<p>Lire l\u2019EP en ligne : <a href=\"https:\/\/www.ep-web.ch\/fr\/archive\/n1-2023\" target=\"_blank\" rel=\"noopener\">ep-web.ch<\/a><\/p>\n<\/div>\n<\/div>\n\n\t\t<div class=\"meta\">\n\t\t\t<ul>\n\t\t\t\t\t\t\t\t\t<li><strong>Prezzo:<\/strong> 25.00 CHF (Prix pour membre: 20.00 CHF)<\/li>\n\t\t\t\t\n\t\t\t\t\t\t\t\t\t<li><strong>Editore:<\/strong> FSEA<\/li>\n\t\t\t\t\n\t\t\t\t\n\t\t\t\t\t\t\t\t\t<li><strong>Distribuzione:<\/strong> FSEA, 128 pages<\/li>\n\t\t\t\t\n\t\t\t\t\n\t\t\t\t\n\t\t\t\t\t\t\t<\/ul>\n\n\t\t\t<ul class=\"actions\">\n\t\t\t\t\n\t\t\t\t\t\t\t\t\t<li><a class=\"button\" href=\"https:\/\/alice.ch\/it\/order-it\/?pub-id=56202\">Ordinare la pubblicazione<\/a><\/li>\n\t\t\t\t\t\t\t<\/ul>\n\t\t<\/div>\n\t<\/div>\n\n\n<\/div>\n\n<\/li><li class=\"wp-block-post post-36984 publication type-publication status-publish has-post-thumbnail hentry publication-category-pubblicazioni\">\n\n<div class=\"publication-item\">\n\t<div class=\"image\">\n\t\t<img decoding=\"async\" width=\"800\" height=\"1102\" src=\"https:\/\/alice.ch\/app\/uploads\/2022\/11\/EP2-22_Cover_F.jpg\" class=\"attachment-post-thumbnail size-post-thumbnail wp-post-image\" alt=\"\" srcset=\"https:\/\/alice.ch\/app\/uploads\/2022\/11\/EP2-22_Cover_F.jpg 800w, https:\/\/alice.ch\/app\/uploads\/2022\/11\/EP2-22_Cover_F-218x300.jpg 218w, https:\/\/alice.ch\/app\/uploads\/2022\/11\/EP2-22_Cover_F-743x1024.jpg 743w, https:\/\/alice.ch\/app\/uploads\/2022\/11\/EP2-22_Cover_F-768x1058.jpg 768w\" sizes=\"(max-width: 800px) 100vw, 800px\" \/>\t<\/div>\n\n\t<div class=\"content\">\n\t\t<h3>Education Permanente 22-2 &#8211; \u00c0 propos de l&#8217;histoire de l&#8217;\u00e9ducation des adultes en Suisse<\/h3>\n\t\t<div class=\"description\"><div class=\"short-description\">\n<p>L&#8217;objectif de ce num\u00e9ro est d&#8217;offrir, gr\u00e2ce \u00e0 la r\u00e9flexion historique, des points de d\u00e9part pour mieux comprendre le pr\u00e9sent et l&#8217;avenir de la formation continue.<\/p>\n<\/div>\n<div class=\"price-box-bundle\">\n<div class=\"price-box\"><\/div>\n<\/div>\n<p>Les probl\u00e9matiques actuelles de la formation continue ont constitu\u00e9 le point de d\u00e9part de ce num\u00e9ro d\u2019EP. Au moyen d\u2019une r\u00e9flexion historique, l\u2019objectif consiste \u00e0 proposer<br \/>\ndes angles d\u2019approche pour mieux comprendre et construire le pr\u00e9sent ainsi que l\u2019avenir de la formation continue.<\/p>\n<p>Lire l\u2019EP en ligne : <a href=\"https:\/\/www.ep-web.ch\/fr\/archive\/n2-2022\" target=\"_blank\" rel=\"noopener\">ep-web.ch<\/a><\/p>\n<\/div>\n\n\t\t<div class=\"meta\">\n\t\t\t<ul>\n\t\t\t\t\t\t\t\t\t<li><strong>Prezzo:<\/strong> 25.00 CHF (Prix pour membre: 20.00 CHF)<\/li>\n\t\t\t\t\n\t\t\t\t\t\t\t\t\t<li><strong>Editore:<\/strong> FSEA, 131 pages<\/li>\n\t\t\t\t\n\t\t\t\t\n\t\t\t\t\n\t\t\t\t\n\t\t\t\t\n\t\t\t\t\t\t\t<\/ul>\n\n\t\t\t<ul class=\"actions\">\n\t\t\t\t\n\t\t\t\t\t\t\t\t\t<li><a class=\"button\" href=\"https:\/\/alice.ch\/it\/order-it\/?pub-id=36984\">Ordinare la pubblicazione<\/a><\/li>\n\t\t\t\t\t\t\t<\/ul>\n\t\t<\/div>\n\t<\/div>\n\n\n<\/div>\n\n<\/li><li class=\"wp-block-post post-37054 publication type-publication status-publish has-post-thumbnail hentry publication-category-pubblicazioni\">\n\n<div class=\"publication-item\">\n\t<div class=\"image\">\n\t\t<img decoding=\"async\" width=\"800\" height=\"1102\" src=\"https:\/\/alice.ch\/app\/uploads\/2022\/10\/EP2022-1_Cover_fr.png\" class=\"attachment-post-thumbnail size-post-thumbnail wp-post-image\" alt=\"\" srcset=\"https:\/\/alice.ch\/app\/uploads\/2022\/10\/EP2022-1_Cover_fr.png 800w, https:\/\/alice.ch\/app\/uploads\/2022\/10\/EP2022-1_Cover_fr-218x300.png 218w, https:\/\/alice.ch\/app\/uploads\/2022\/10\/EP2022-1_Cover_fr-743x1024.png 743w, https:\/\/alice.ch\/app\/uploads\/2022\/10\/EP2022-1_Cover_fr-768x1058.png 768w\" sizes=\"(max-width: 800px) 100vw, 800px\" \/>\t<\/div>\n\n\t<div class=\"content\">\n\t\t<h3>Education Permanente 22-1 &#8211; Besoins d\u2019apprentissage<\/h3>\n\t\t<div class=\"description\"><div class=\"short-description\">\n<div class=\"short-description\">\n<p>N\u00e9cessit\u00e9s sociales et besoins subjectifs de formation<\/p>\n<\/div>\n<\/div>\n<div class=\"price-box-bundle\">\n<div><\/div>\n<div class=\"price-box\">Les d\u00e9sirs d\u2019\u00e9ducation reposent sur des int\u00e9r\u00eats et des orientations individuels et subjectifs. Ils correspondent seulement en partie au besoin de formation tel qu\u2019il est d\u00e9fini par les instances sociales, \u00e9conomiques ou politiques en fonction de leurs objectifs respectifs. Cette diff\u00e9rence rend d\u2019antaut plus complexes les exigences pos\u00e9es \u00e0 la planification de l\u2019offre. Les prestataires de formation continue doivent donc trouver des moyens pour g\u00e9rer diff\u00e9rentes exigences et leurs imbrications souvent contradictoires<\/div>\n<div><\/div>\n<div>Lire l&#8217;EP en ligne : <a href=\"https:\/\/www.ep-web.ch\/fr\/archive\/n1-2022\" target=\"_blank\" rel=\"noopener\">ep-web.ch<\/a><\/div>\n<\/div>\n<\/div>\n\n\t\t<div class=\"meta\">\n\t\t\t<ul>\n\t\t\t\t\t\t\t\t\t<li><strong>Prezzo:<\/strong> 25.00 CHF (Prix pour membre: 20.00 CHF)<\/li>\n\t\t\t\t\n\t\t\t\t\t\t\t\t\t<li><strong>Editore:<\/strong> FSEA<\/li>\n\t\t\t\t\n\t\t\t\t\n\t\t\t\t\t\t\t\t\t<li><strong>Distribuzione:<\/strong> FSEA, 108 pages<\/li>\n\t\t\t\t\n\t\t\t\t\n\t\t\t\t\n\t\t\t\t\t\t\t<\/ul>\n\n\t\t\t<ul class=\"actions\">\n\t\t\t\t\n\t\t\t\t\t\t\t\t\t<li><a class=\"button\" href=\"https:\/\/alice.ch\/it\/order-it\/?pub-id=37054\">Ordinare la pubblicazione<\/a><\/li>\n\t\t\t\t\t\t\t<\/ul>\n\t\t<\/div>\n\t<\/div>\n\n\n<\/div>\n\n<\/li><li class=\"wp-block-post post-37062 publication type-publication status-publish has-post-thumbnail hentry publication-category-pubblicazioni\">\n\n<div class=\"publication-item\">\n\t<div class=\"image\">\n\t\t<img decoding=\"async\" width=\"800\" height=\"1109\" src=\"https:\/\/alice.ch\/app\/uploads\/2022\/10\/EP2021-2_Cover_fr.png\" class=\"attachment-post-thumbnail size-post-thumbnail wp-post-image\" alt=\"\" srcset=\"https:\/\/alice.ch\/app\/uploads\/2022\/10\/EP2021-2_Cover_fr.png 800w, https:\/\/alice.ch\/app\/uploads\/2022\/10\/EP2021-2_Cover_fr-216x300.png 216w, https:\/\/alice.ch\/app\/uploads\/2022\/10\/EP2021-2_Cover_fr-739x1024.png 739w, https:\/\/alice.ch\/app\/uploads\/2022\/10\/EP2021-2_Cover_fr-768x1065.png 768w\" sizes=\"(max-width: 800px) 100vw, 800px\" \/>\t<\/div>\n\n\t<div class=\"content\">\n\t\t<h3>Education Permanente 21-2 &#8211; D\u00e9placements des comp\u00e9tences du personnel de formation continue<\/h3>\n\t\t<div class=\"description\"><div class=\"short-description\">\n<p>Des temps exigeants pour le personnel de la formation continue<\/p>\n<div class=\"primary\">\n<div id=\"productView\" class=\"product-view\">\n<div class=\"product-collateral\">\n<div id=\"collateral-tabs\" class=\"collateral-tabs tab-list\">\n<p>Les conditions et les exigences changeantes ont un impact sur les comp\u00e9tences requises du personnel de formation continue. Cela concerne les formateurs.trices, mais surtout aussi le personnel de direction et de planification des institutions de formation continue, auquel nous portons une attention particuli\u00e8re dans ce num\u00e9ro d\u2019EP.<\/p>\n<p>Lire l&#8217;EP en ligne : <a href=\"https:\/\/www.ep-web.ch\/fr\/archive\/n2-2021\" target=\"_blank\" rel=\"noopener\">ep-web.ch<\/a><\/p>\n<\/div>\n<\/div>\n<div class=\"box-collateral box-related\"><\/div>\n<\/div>\n<\/div>\n<div class=\"sidebar\">\n<div id=\"layer-nav\" class=\"filterList\"><\/div>\n<\/div>\n<\/div>\n<div class=\"price-box-bundle\">\n<div class=\"price-box\"><\/div>\n<\/div>\n<\/div>\n\n\t\t<div class=\"meta\">\n\t\t\t<ul>\n\t\t\t\t\t\t\t\t\t<li><strong>Prezzo:<\/strong> 25.00 CHF (Prix pour membre: 20.00 CHF)<\/li>\n\t\t\t\t\n\t\t\t\t\t\t\t\t\t<li><strong>Editore:<\/strong> FSEA<\/li>\n\t\t\t\t\n\t\t\t\t\n\t\t\t\t\t\t\t\t\t<li><strong>Distribuzione:<\/strong> SVEB, 134 pages<\/li>\n\t\t\t\t\n\t\t\t\t\n\t\t\t\t\n\t\t\t\t\t\t\t<\/ul>\n\n\t\t\t<ul class=\"actions\">\n\t\t\t\t\n\t\t\t\t\t\t\t\t\t<li><a class=\"button\" href=\"https:\/\/alice.ch\/it\/order-it\/?pub-id=37062\">Ordinare la pubblicazione<\/a><\/li>\n\t\t\t\t\t\t\t<\/ul>\n\t\t<\/div>\n\t<\/div>\n\n\n<\/div>\n\n<\/li><li class=\"wp-block-post post-37066 publication type-publication status-publish has-post-thumbnail hentry publication-category-pubblicazioni\">\n\n<div class=\"publication-item\">\n\t<div class=\"image\">\n\t\t<img decoding=\"async\" width=\"640\" height=\"886\" src=\"https:\/\/alice.ch\/app\/uploads\/2022\/12\/EP01-21_FR_Umschlag.jpeg\" class=\"attachment-post-thumbnail size-post-thumbnail wp-post-image\" alt=\"\" srcset=\"https:\/\/alice.ch\/app\/uploads\/2022\/12\/EP01-21_FR_Umschlag.jpeg 640w, https:\/\/alice.ch\/app\/uploads\/2022\/12\/EP01-21_FR_Umschlag-217x300.jpeg 217w\" sizes=\"(max-width: 640px) 100vw, 640px\" \/>\t<\/div>\n\n\t<div class=\"content\">\n\t\t<h3>Education Permanente 21-1 &#8211; Participation \u00e0 la formation continue<\/h3>\n\t\t<div class=\"description\"><div class=\"short-description\">\n<div class=\"short-description\">\n<p>Participation \u00e0 la formation continue<\/p>\n<\/div>\n<\/div>\n<div class=\"price-box\"><\/div>\n<div>La participation \u00e0 la formation continue est un processus complexe. Pour comprendre les raisons qui conduisent \u00e0 une (non-)participation, les relev\u00e9s statistiques et les taux de participation ne suffisent pas. Une \u00e9tude approfondie, bas\u00e9e sur diff\u00e9rentes perspectives th\u00e9oriques et ax\u00e9es sur la pratique, est avant tout n\u00e9cessaire. Dans cette \u00e9dition d\u2019EP, des perspectives centrales sont pr\u00e9sent\u00e9es et les implications pour la pratique sont discut\u00e9es.<\/div>\n<div><\/div>\n<div>\n<div><\/div>\n<div>Lire l&#8217;EP en ligne : <a href=\"https:\/\/www.ep-web.ch\/fr\/archive\/n1-2021\" target=\"_blank\" rel=\"noopener\">ep-web.ch<\/a><\/div>\n<\/div>\n<\/div>\n\n\t\t<div class=\"meta\">\n\t\t\t<ul>\n\t\t\t\t\t\t\t\t\t<li><strong>Prezzo:<\/strong> 25.00 CHF (Prix pour membre: 20.00 CHF)<\/li>\n\t\t\t\t\n\t\t\t\t\t\t\t\t\t<li><strong>Editore:<\/strong> FSEA<\/li>\n\t\t\t\t\n\t\t\t\t\n\t\t\t\t\t\t\t\t\t<li><strong>Distribuzione:<\/strong> FSEA, 115 pages<\/li>\n\t\t\t\t\n\t\t\t\t\n\t\t\t\t\n\t\t\t\t\t\t\t<\/ul>\n\n\t\t\t<ul class=\"actions\">\n\t\t\t\t\n\t\t\t\t\t\t\t\t\t<li><a class=\"button\" href=\"https:\/\/alice.ch\/it\/order-it\/?pub-id=37066\">Ordinare la pubblicazione<\/a><\/li>\n\t\t\t\t\t\t\t<\/ul>\n\t\t<\/div>\n\t<\/div>\n\n\n<\/div>\n\n<\/li><\/ul>\n\n<\/div>\n\n\n\n<h2 class=\"wp-block-heading\">Edizioni 2020 (da scaricare)<\/h2>\n\n\n\n<div class=\"wp-block-columns is-layout-flex wp-container-core-columns-is-layout-28f84493 wp-block-columns-is-layout-flex\">\n<div class=\"wp-block-column is-layout-flow wp-block-column-is-layout-flow\">\n<h3 class=\"wp-block-heading\">EP 2020-4<\/h3>\n\n\n\n<figure class=\"wp-block-image size-medium is-style-default\"><a href=\"https:\/\/alice.ch\/app\/uploads\/2022\/10\/EP2020-4_web.pdf\" target=\"_blank\" rel=\"noreferrer noopener\"><img decoding=\"async\" width=\"212\" height=\"300\" src=\"https:\/\/alice.ch\/app\/uploads\/2022\/10\/EP2020-4_Cover-212x300.png\" alt=\"\" class=\"wp-image-4114\" srcset=\"https:\/\/alice.ch\/app\/uploads\/2022\/10\/EP2020-4_Cover-212x300.png 212w, https:\/\/alice.ch\/app\/uploads\/2022\/10\/EP2020-4_Cover.png 595w\" sizes=\"(max-width: 212px) 100vw, 212px\" \/><\/a><figcaption class=\"wp-element-caption\"><a href=\"https:\/\/alice.ch\/app\/uploads\/2022\/10\/EP2020-4_web.pdf\" target=\"_blank\" rel=\"noreferrer noopener\">Le g\u00e9ant ligot\u00e9<\/a><\/figcaption><\/figure>\n<\/div>\n\n\n\n<div class=\"wp-block-column is-layout-flow wp-block-column-is-layout-flow\">\n<h3 class=\"wp-block-heading\">2020-3<\/h3>\n\n\n\n<figure class=\"wp-block-image size-medium\"><a href=\"https:\/\/alice.ch\/app\/uploads\/2022\/10\/EP2020-3_web.pdf\" target=\"_blank\" rel=\"noreferrer noopener\"><img decoding=\"async\" width=\"212\" height=\"300\" src=\"https:\/\/alice.ch\/app\/uploads\/2022\/10\/EP2020-3_Cover-212x300.png\" alt=\"\" class=\"wp-image-4110\" srcset=\"https:\/\/alice.ch\/app\/uploads\/2022\/10\/EP2020-3_Cover-212x300.png 212w, https:\/\/alice.ch\/app\/uploads\/2022\/10\/EP2020-3_Cover.png 595w\" sizes=\"(max-width: 212px) 100vw, 212px\" \/><\/a><figcaption class=\"wp-element-caption\"><a href=\"https:\/\/alice.ch\/app\/uploads\/2022\/10\/EP2020-3_web.pdf\"><\/a><a href=\"https:\/\/alice.ch\/app\/uploads\/2022\/10\/EP2020-3_web.pdf\" target=\"_blank\" rel=\"noreferrer noopener\">La plus-value de la formation continue<\/a><\/figcaption><\/figure>\n<\/div>\n\n\n\n<div class=\"wp-block-column is-layout-flow wp-block-column-is-layout-flow\">\n<h3 class=\"wp-block-heading\">2020-2<\/h3>\n\n\n\n<figure class=\"wp-block-image size-medium\"><a href=\"https:\/\/alice.ch\/app\/uploads\/2022\/10\/EP2020-2_web.pdf\" target=\"_blank\" rel=\"noreferrer noopener\"><img decoding=\"async\" width=\"212\" height=\"300\" src=\"https:\/\/alice.ch\/app\/uploads\/2022\/10\/EP2020-2_Cover-212x300.png\" alt=\"\" class=\"wp-image-4106\" srcset=\"https:\/\/alice.ch\/app\/uploads\/2022\/10\/EP2020-2_Cover-212x300.png 212w, https:\/\/alice.ch\/app\/uploads\/2022\/10\/EP2020-2_Cover.png 595w\" sizes=\"(max-width: 212px) 100vw, 212px\" \/><\/a><figcaption class=\"wp-element-caption\"><a href=\"https:\/\/alice.ch\/app\/uploads\/2022\/10\/EP2020-2_web.pdf\"><\/a><a href=\"https:\/\/alice.ch\/app\/uploads\/2022\/10\/EP2020-2_web.pdf\" target=\"_blank\" rel=\"noreferrer noopener\">Dans le monde num\u00e9rique<\/a><\/figcaption><\/figure>\n<\/div>\n\n\n\n<div class=\"wp-block-column is-layout-flow wp-block-column-is-layout-flow\">\n<h3 class=\"wp-block-heading\">2020-1<\/h3>\n\n\n\n<figure class=\"wp-block-image size-medium\"><a href=\"https:\/\/alice.ch\/app\/uploads\/2022\/10\/EP2020-1_web.pdf\" target=\"_blank\" rel=\"noreferrer noopener\"><img decoding=\"async\" width=\"212\" height=\"300\" src=\"https:\/\/alice.ch\/app\/uploads\/2022\/10\/EP_1_20_Cover-212x300.jpeg\" alt=\"\" class=\"wp-image-4034\" srcset=\"https:\/\/alice.ch\/app\/uploads\/2022\/10\/EP_1_20_Cover-212x300.jpeg 212w, https:\/\/alice.ch\/app\/uploads\/2022\/10\/EP_1_20_Cover.jpeg 595w\" sizes=\"(max-width: 212px) 100vw, 212px\" \/><\/a><figcaption class=\"wp-element-caption\"><a href=\"https:\/\/alice.ch\/app\/uploads\/2022\/10\/EP2020-1_web.pdf\" target=\"_blank\" rel=\"noreferrer noopener\">Comment les soci\u00e9t\u00e9s apprennent-elles&nbsp;<\/a><\/figcaption><\/figure>\n<\/div>\n<\/div>\n\n\n\n<h2 class=\"wp-block-heading\">Edizioni 2019 (da scaricare)<\/h2>\n\n\n\n<div class=\"wp-block-columns is-layout-flex wp-container-core-columns-is-layout-28f84493 wp-block-columns-is-layout-flex\">\n<div class=\"wp-block-column is-layout-flow wp-block-column-is-layout-flow\">\n<h3 class=\"wp-block-heading\">EP 2019-4<\/h3>\n\n\n\n<figure class=\"wp-block-image size-medium is-style-default\"><a href=\"https:\/\/alice.ch\/app\/uploads\/2022\/10\/EP2019-4_web.pdf\" target=\"_blank\" rel=\"noreferrer noopener\"><img decoding=\"async\" width=\"218\" height=\"300\" src=\"https:\/\/alice.ch\/app\/uploads\/2022\/10\/EP_0419_titel-1-218x300.jpeg\" alt=\"\" class=\"wp-image-4455\" srcset=\"https:\/\/alice.ch\/app\/uploads\/2022\/10\/EP_0419_titel-1-218x300.jpeg 218w, https:\/\/alice.ch\/app\/uploads\/2022\/10\/EP_0419_titel-1.jpeg 400w\" sizes=\"(max-width: 218px) 100vw, 218px\" \/><\/a><figcaption class=\"wp-element-caption\"><a href=\"https:\/\/alice.ch\/app\/uploads\/2022\/10\/EP2020-4_web.pdf\"><\/a><a href=\"https:\/\/shop.alice.ch\/zeitschrift-ep\/ep2019-4.html\" target=\"_blank\" rel=\"noreferrer noopener\"><\/a><a href=\"https:\/\/alice.ch\/app\/uploads\/2022\/10\/EP2019-4_web.pdf\" target=\"_blank\" rel=\"noreferrer noopener\">Formation continue comme domaine d\u2019activit\u00e9 pour les personnes \u00e2g\u00e9es<\/a><\/figcaption><\/figure>\n<\/div>\n\n\n\n<div class=\"wp-block-column is-layout-flow wp-block-column-is-layout-flow\">\n<h3 class=\"wp-block-heading\">2019-3<\/h3>\n\n\n\n<figure class=\"wp-block-image size-medium\"><a href=\"https:\/\/alice.ch\/app\/uploads\/2022\/10\/EP2019-3_web.pdf\" target=\"_blank\" rel=\"noreferrer noopener\"><img decoding=\"async\" width=\"212\" height=\"300\" src=\"https:\/\/alice.ch\/app\/uploads\/2022\/10\/EP2019-3_Cover-212x300.jpeg\" alt=\"\" class=\"wp-image-4102\" srcset=\"https:\/\/alice.ch\/app\/uploads\/2022\/10\/EP2019-3_Cover-212x300.jpeg 212w, https:\/\/alice.ch\/app\/uploads\/2022\/10\/EP2019-3_Cover.jpeg 400w\" sizes=\"(max-width: 212px) 100vw, 212px\" \/><\/a><figcaption class=\"wp-element-caption\"><a href=\"https:\/\/alice.ch\/app\/uploads\/2022\/10\/EP2019-3_web.pdf\" target=\"_blank\" rel=\"noreferrer noopener\">Valeurs et r\u00e9alit\u00e9 \u00e9conomique<\/a><\/figcaption><\/figure>\n<\/div>\n\n\n\n<div class=\"wp-block-column is-layout-flow wp-block-column-is-layout-flow\">\n<h3 class=\"wp-block-heading\">2019-2<\/h3>\n\n\n\n<figure class=\"wp-block-image size-medium\"><a href=\"https:\/\/alice.ch\/app\/uploads\/2022\/10\/EP2019-2_web.pdf\" target=\"_blank\" rel=\"noreferrer noopener\"><img decoding=\"async\" width=\"212\" height=\"300\" src=\"https:\/\/alice.ch\/app\/uploads\/2022\/10\/2019-2-1-212x300.jpeg\" alt=\"\" class=\"wp-image-4465\" srcset=\"https:\/\/alice.ch\/app\/uploads\/2022\/10\/2019-2-1-212x300.jpeg 212w, https:\/\/alice.ch\/app\/uploads\/2022\/10\/2019-2-1.jpeg 585w\" sizes=\"(max-width: 212px) 100vw, 212px\" \/><\/a><figcaption class=\"wp-element-caption\"><a href=\"https:\/\/alice.ch\/app\/uploads\/2022\/10\/EP2020-2_web.pdf\"><\/a><a href=\"https:\/\/alice.ch\/app\/uploads\/2022\/10\/EP2019-2_web.pdf\" target=\"_blank\" rel=\"noreferrer noopener\">L\u2019avenir de la formation continue<\/a><\/figcaption><\/figure>\n<\/div>\n\n\n\n<div class=\"wp-block-column is-layout-flow wp-block-column-is-layout-flow\">\n<h3 class=\"wp-block-heading\">2019-1<\/h3>\n\n\n\n<figure class=\"wp-block-image size-medium\"><a href=\"https:\/\/alice.ch\/app\/uploads\/2022\/10\/EP2019-1_web.pdf\" target=\"_blank\" rel=\"noreferrer noopener\"><img decoding=\"async\" width=\"213\" height=\"300\" src=\"https:\/\/alice.ch\/app\/uploads\/2022\/10\/EP2019-1-Cover-213x300.jpeg\" alt=\"\" class=\"wp-image-4098\" srcset=\"https:\/\/alice.ch\/app\/uploads\/2022\/10\/EP2019-1-Cover-213x300.jpeg 213w, https:\/\/alice.ch\/app\/uploads\/2022\/10\/EP2019-1-Cover-726x1024.jpeg 726w, https:\/\/alice.ch\/app\/uploads\/2022\/10\/EP2019-1-Cover-768x1083.jpeg 768w, https:\/\/alice.ch\/app\/uploads\/2022\/10\/EP2019-1-Cover.jpeg 962w\" sizes=\"(max-width: 213px) 100vw, 213px\" \/><\/a><figcaption class=\"wp-element-caption\"><a href=\"https:\/\/alice.ch\/app\/uploads\/2022\/10\/EP2019-1_web.pdf\" target=\"_blank\" rel=\"noreferrer noopener\">Mythes de la formation continue<\/a><\/figcaption><\/figure>\n<\/div>\n<\/div>\n\n\n\n<p><br>Se siete interessati a numeri ancora pi\u00f9 vecchi, contattateci.<\/p>\n\n\n\n<h2 class=\"wp-block-heading\">Informazioni sul prodotto<\/h2>\n\n\n\n<div class=\"wp-block-buttons is-layout-flex wp-block-buttons-is-layout-flex\">\n<div class=\"wp-block-button has-custom-width wp-block-button__width-50 is-style-outline is-style-outline--1\"><a class=\"wp-block-button__link wp-element-button\" href=\"mailto:urs.hammer@alice.ch\" target=\"_blank\" rel=\"noreferrer noopener\">Abbonamento annuale<\/a><\/div>\n<\/div>\n\n\n\n<div class=\"wp-block-buttons is-layout-flex wp-block-buttons-is-layout-flex\">\n<div class=\"wp-block-button has-custom-width wp-block-button__width-50 is-style-outline is-style-outline--2\"><a class=\"wp-block-button__link wp-element-button\" href=\"https:\/\/alice.ch\/it\/servizi\/pubblicazioni-e-prodotti\/pubblicazioni\/\">Acquistare un singolo numero<\/a><\/div>\n<\/div>\n\n\n\n<div class=\"wp-block-buttons is-layout-flex wp-block-buttons-is-layout-flex\">\n<div class=\"wp-block-button has-custom-width wp-block-button__width-50 is-style-outline is-style-outline--3\"><a class=\"wp-block-button__link wp-element-button\">Prenotare annunci e inserti su EP<\/a><\/div>\n<\/div>\n\n\n\n<h2 class=\"wp-block-heading\">Contatto abbonamenti\/annunci<\/h2>\n\n\n\n<div class=\"wp-block-columns is-layout-flex wp-container-core-columns-is-layout-28f84493 wp-block-columns-is-layout-flex\">\n<div class=\"wp-block-column is-layout-flow wp-block-column-is-layout-flow\" style=\"flex-basis:50%\"><div class=\"contact-persons\">\n\n\t\t\t\t\t<div class=\"contact-person\">\n\t\t\t\t\tSegretariato FSEA della Svizzera italiana<br \/>\t\t\t\t\t\t\t\t\t\t<br \/>\n\t\t\t\t\tVia Besso 84<br \/>\r\n6900 Lugano-Massagno<br \/>\t\t\t\t\t<a href=\"tel:+41 (0)91 950 84 16\">+41 (0)91 950 84 16<\/a><br \/>\t\t\t\t\t<a href=\"mailto:fseaticino@alice.ch\">fseaticino@alice.ch<\/a><br \/>\t\t\t\t\t<\/div>\n\t\t\t\t\t<\/div>\n<\/div>\n\n\n\n<div class=\"wp-block-column is-layout-flow wp-block-column-is-layout-flow\" style=\"flex-basis:50%\"><\/div>\n<\/div>\n<\/div>\n","protected":false},"excerpt":{"rendered":"<p>Numeri &#8220;Education Permanente&#8221; Edizioni 2020 (da scaricare) EP 2020-4 2020-3 2020-2 2020-1 Edizioni 2019 (da scaricare) EP 2019-4 2019-3 2019-2 [&hellip;]<\/p>\n","protected":false},"author":1,"featured_media":20799,"parent":11300,"menu_order":317,"comment_status":"closed","ping_status":"closed","template":"","meta":{"_acf_changed":false,"inline_featured_image":false,"footnotes":""},"class_list":["post-11307","page","type-page","status-publish","has-post-thumbnail","hentry"],"acf":[],"yoast_head":"<!-- This site is optimized with the Yoast SEO plugin v27.3 - https:\/\/yoast.com\/product\/yoast-seo-wordpress\/ -->\n<title>Numeri Education Permanente - FSEA<\/title>\n<meta name=\"description\" content=\"Tutti i numeri del PE per il 2021 e il 2022 nella versione online, nonch\u00e9 i numeri per il 2019 e il 2020 da scaricare.\" \/>\n<meta name=\"robots\" content=\"index, follow, max-snippet:-1, max-image-preview:large, max-video-preview:-1\" \/>\n<link rel=\"canonical\" href=\"https:\/\/alice.ch\/it\/servizi\/pubblicazioni-e-prodotti\/archivi-education-permanente\/\" \/>\n<meta property=\"og:locale\" content=\"it_IT\" \/>\n<meta property=\"og:type\" content=\"article\" \/>\n<meta property=\"og:title\" content=\"Numeri Education Permanente - FSEA\" \/>\n<meta property=\"og:description\" content=\"Tutti i numeri del PE per il 2021 e il 2022 nella versione online, nonch\u00e9 i numeri per il 2019 e il 2020 da scaricare.\" \/>\n<meta property=\"og:url\" content=\"https:\/\/alice.ch\/it\/servizi\/pubblicazioni-e-prodotti\/archivi-education-permanente\/\" \/>\n<meta property=\"og:site_name\" content=\"SVEB\" \/>\n<meta property=\"article:modified_time\" content=\"2023-12-12T16:17:48+00:00\" \/>\n<meta property=\"og:image\" content=\"https:\/\/alice.ch\/app\/uploads\/2022\/10\/EP2020-4_Cover-212x300.png\" \/>\n<meta name=\"twitter:card\" content=\"summary_large_image\" \/>\n<meta name=\"twitter:label1\" content=\"Tempo di lettura stimato\" \/>\n\t<meta name=\"twitter:data1\" content=\"4 minuti\" \/>\n<script type=\"application\/ld+json\" class=\"yoast-schema-graph\">{\"@context\":\"https:\\\/\\\/schema.org\",\"@graph\":[{\"@type\":\"WebPage\",\"@id\":\"https:\\\/\\\/alice.ch\\\/it\\\/servizi\\\/pubblicazioni-e-prodotti\\\/archivi-education-permanente\\\/\",\"url\":\"https:\\\/\\\/alice.ch\\\/it\\\/servizi\\\/pubblicazioni-e-prodotti\\\/archivi-education-permanente\\\/\",\"name\":\"Numeri Education Permanente - FSEA\",\"isPartOf\":{\"@id\":\"https:\\\/\\\/alice.ch\\\/it\\\/#website\"},\"primaryImageOfPage\":{\"@id\":\"https:\\\/\\\/alice.ch\\\/it\\\/servizi\\\/pubblicazioni-e-prodotti\\\/archivi-education-permanente\\\/#primaryimage\"},\"image\":{\"@id\":\"https:\\\/\\\/alice.ch\\\/it\\\/servizi\\\/pubblicazioni-e-prodotti\\\/archivi-education-permanente\\\/#primaryimage\"},\"thumbnailUrl\":\"https:\\\/\\\/alice.ch\\\/app\\\/uploads\\\/2022\\\/11\\\/default.jpg\",\"datePublished\":\"2022-10-18T09:51:29+00:00\",\"dateModified\":\"2023-12-12T16:17:48+00:00\",\"description\":\"Tutti i numeri del PE per il 2021 e il 2022 nella versione online, nonch\u00e9 i numeri per il 2019 e il 2020 da scaricare.\",\"breadcrumb\":{\"@id\":\"https:\\\/\\\/alice.ch\\\/it\\\/servizi\\\/pubblicazioni-e-prodotti\\\/archivi-education-permanente\\\/#breadcrumb\"},\"inLanguage\":\"it-IT\",\"potentialAction\":[{\"@type\":\"ReadAction\",\"target\":[\"https:\\\/\\\/alice.ch\\\/it\\\/servizi\\\/pubblicazioni-e-prodotti\\\/archivi-education-permanente\\\/\"]}]},{\"@type\":\"ImageObject\",\"inLanguage\":\"it-IT\",\"@id\":\"https:\\\/\\\/alice.ch\\\/it\\\/servizi\\\/pubblicazioni-e-prodotti\\\/archivi-education-permanente\\\/#primaryimage\",\"url\":\"https:\\\/\\\/alice.ch\\\/app\\\/uploads\\\/2022\\\/11\\\/default.jpg\",\"contentUrl\":\"https:\\\/\\\/alice.ch\\\/app\\\/uploads\\\/2022\\\/11\\\/default.jpg\",\"width\":1600,\"height\":900},{\"@type\":\"BreadcrumbList\",\"@id\":\"https:\\\/\\\/alice.ch\\\/it\\\/servizi\\\/pubblicazioni-e-prodotti\\\/archivi-education-permanente\\\/#breadcrumb\",\"itemListElement\":[{\"@type\":\"ListItem\",\"position\":1,\"name\":\"Pagina iniziale\",\"item\":\"https:\\\/\\\/alice.ch\\\/it\\\/\"},{\"@type\":\"ListItem\",\"position\":2,\"name\":\"Servizi\",\"item\":\"https:\\\/\\\/alice.ch\\\/it\\\/servizi\\\/\"},{\"@type\":\"ListItem\",\"position\":3,\"name\":\"Pubblicazioni e prodotti\",\"item\":\"https:\\\/\\\/alice.ch\\\/it\\\/servizi\\\/pubblicazioni-e-prodotti\\\/\"},{\"@type\":\"ListItem\",\"position\":4,\"name\":\"Numeri Education Permanente\"}]},{\"@type\":\"WebSite\",\"@id\":\"https:\\\/\\\/alice.ch\\\/it\\\/#website\",\"url\":\"https:\\\/\\\/alice.ch\\\/it\\\/\",\"name\":\"alice.ch (Adult Learning Information Center) ist das Portal der Weiterbildung in der Schweiz.\",\"description\":\"Schweizerischer Verband f\u00fcr Weiterbildung\",\"publisher\":{\"@id\":\"https:\\\/\\\/alice.ch\\\/it\\\/#organization\"},\"potentialAction\":[{\"@type\":\"SearchAction\",\"target\":{\"@type\":\"EntryPoint\",\"urlTemplate\":\"https:\\\/\\\/alice.ch\\\/it\\\/?s={search_term_string}\"},\"query-input\":{\"@type\":\"PropertyValueSpecification\",\"valueRequired\":true,\"valueName\":\"search_term_string\"}}],\"inLanguage\":\"it-IT\"},{\"@type\":\"Organization\",\"@id\":\"https:\\\/\\\/alice.ch\\\/it\\\/#organization\",\"name\":\"FSEA Federazione svizzera per la formazione continua\",\"url\":\"https:\\\/\\\/alice.ch\\\/it\\\/\",\"logo\":{\"@type\":\"ImageObject\",\"inLanguage\":\"it-IT\",\"@id\":\"https:\\\/\\\/alice.ch\\\/it\\\/#\\\/schema\\\/logo\\\/image\\\/\",\"url\":\"https:\\\/\\\/alice.ch\\\/app\\\/uploads\\\/2022\\\/07\\\/logo-sveb.png\",\"contentUrl\":\"https:\\\/\\\/alice.ch\\\/app\\\/uploads\\\/2022\\\/07\\\/logo-sveb.png\",\"width\":145,\"height\":64,\"caption\":\"FSEA Federazione svizzera per la formazione continua\"},\"image\":{\"@id\":\"https:\\\/\\\/alice.ch\\\/it\\\/#\\\/schema\\\/logo\\\/image\\\/\"},\"sameAs\":[\"https:\\\/\\\/www.linkedin.com\\\/company\\\/schweizerischer-verband-fr-weiterbildung-sveb\\\/\"]}]}<\/script>\n<!-- \/ Yoast SEO plugin. -->","yoast_head_json":{"title":"Numeri Education Permanente - FSEA","description":"Tutti i numeri del PE per il 2021 e il 2022 nella versione online, nonch\u00e9 i numeri per il 2019 e il 2020 da scaricare.","robots":{"index":"index","follow":"follow","max-snippet":"max-snippet:-1","max-image-preview":"max-image-preview:large","max-video-preview":"max-video-preview:-1"},"canonical":"https:\/\/alice.ch\/it\/servizi\/pubblicazioni-e-prodotti\/archivi-education-permanente\/","og_locale":"it_IT","og_type":"article","og_title":"Numeri Education Permanente - FSEA","og_description":"Tutti i numeri del PE per il 2021 e il 2022 nella versione online, nonch\u00e9 i numeri per il 2019 e il 2020 da scaricare.","og_url":"https:\/\/alice.ch\/it\/servizi\/pubblicazioni-e-prodotti\/archivi-education-permanente\/","og_site_name":"SVEB","article_modified_time":"2023-12-12T16:17:48+00:00","og_image":[{"url":"https:\/\/alice.ch\/app\/uploads\/2022\/10\/EP2020-4_Cover-212x300.png","type":"","width":"","height":""}],"twitter_card":"summary_large_image","twitter_misc":{"Tempo di lettura stimato":"4 minuti"},"schema":{"@context":"https:\/\/schema.org","@graph":[{"@type":"WebPage","@id":"https:\/\/alice.ch\/it\/servizi\/pubblicazioni-e-prodotti\/archivi-education-permanente\/","url":"https:\/\/alice.ch\/it\/servizi\/pubblicazioni-e-prodotti\/archivi-education-permanente\/","name":"Numeri Education Permanente - FSEA","isPartOf":{"@id":"https:\/\/alice.ch\/it\/#website"},"primaryImageOfPage":{"@id":"https:\/\/alice.ch\/it\/servizi\/pubblicazioni-e-prodotti\/archivi-education-permanente\/#primaryimage"},"image":{"@id":"https:\/\/alice.ch\/it\/servizi\/pubblicazioni-e-prodotti\/archivi-education-permanente\/#primaryimage"},"thumbnailUrl":"https:\/\/alice.ch\/app\/uploads\/2022\/11\/default.jpg","datePublished":"2022-10-18T09:51:29+00:00","dateModified":"2023-12-12T16:17:48+00:00","description":"Tutti i numeri del PE per il 2021 e il 2022 nella versione online, nonch\u00e9 i numeri per il 2019 e il 2020 da scaricare.","breadcrumb":{"@id":"https:\/\/alice.ch\/it\/servizi\/pubblicazioni-e-prodotti\/archivi-education-permanente\/#breadcrumb"},"inLanguage":"it-IT","potentialAction":[{"@type":"ReadAction","target":["https:\/\/alice.ch\/it\/servizi\/pubblicazioni-e-prodotti\/archivi-education-permanente\/"]}]},{"@type":"ImageObject","inLanguage":"it-IT","@id":"https:\/\/alice.ch\/it\/servizi\/pubblicazioni-e-prodotti\/archivi-education-permanente\/#primaryimage","url":"https:\/\/alice.ch\/app\/uploads\/2022\/11\/default.jpg","contentUrl":"https:\/\/alice.ch\/app\/uploads\/2022\/11\/default.jpg","width":1600,"height":900},{"@type":"BreadcrumbList","@id":"https:\/\/alice.ch\/it\/servizi\/pubblicazioni-e-prodotti\/archivi-education-permanente\/#breadcrumb","itemListElement":[{"@type":"ListItem","position":1,"name":"Pagina iniziale","item":"https:\/\/alice.ch\/it\/"},{"@type":"ListItem","position":2,"name":"Servizi","item":"https:\/\/alice.ch\/it\/servizi\/"},{"@type":"ListItem","position":3,"name":"Pubblicazioni e prodotti","item":"https:\/\/alice.ch\/it\/servizi\/pubblicazioni-e-prodotti\/"},{"@type":"ListItem","position":4,"name":"Numeri Education Permanente"}]},{"@type":"WebSite","@id":"https:\/\/alice.ch\/it\/#website","url":"https:\/\/alice.ch\/it\/","name":"alice.ch (Adult Learning Information Center) ist das Portal der Weiterbildung in der Schweiz.","description":"Schweizerischer Verband f\u00fcr Weiterbildung","publisher":{"@id":"https:\/\/alice.ch\/it\/#organization"},"potentialAction":[{"@type":"SearchAction","target":{"@type":"EntryPoint","urlTemplate":"https:\/\/alice.ch\/it\/?s={search_term_string}"},"query-input":{"@type":"PropertyValueSpecification","valueRequired":true,"valueName":"search_term_string"}}],"inLanguage":"it-IT"},{"@type":"Organization","@id":"https:\/\/alice.ch\/it\/#organization","name":"FSEA Federazione svizzera per la formazione continua","url":"https:\/\/alice.ch\/it\/","logo":{"@type":"ImageObject","inLanguage":"it-IT","@id":"https:\/\/alice.ch\/it\/#\/schema\/logo\/image\/","url":"https:\/\/alice.ch\/app\/uploads\/2022\/07\/logo-sveb.png","contentUrl":"https:\/\/alice.ch\/app\/uploads\/2022\/07\/logo-sveb.png","width":145,"height":64,"caption":"FSEA Federazione svizzera per la formazione continua"},"image":{"@id":"https:\/\/alice.ch\/it\/#\/schema\/logo\/image\/"},"sameAs":["https:\/\/www.linkedin.com\/company\/schweizerischer-verband-fr-weiterbildung-sveb\/"]}]}},"_links":{"self":[{"href":"https:\/\/alice.ch\/it\/wp-json\/wp\/v2\/pages\/11307","targetHints":{"allow":["GET"]}}],"collection":[{"href":"https:\/\/alice.ch\/it\/wp-json\/wp\/v2\/pages"}],"about":[{"href":"https:\/\/alice.ch\/it\/wp-json\/wp\/v2\/types\/page"}],"author":[{"embeddable":true,"href":"https:\/\/alice.ch\/it\/wp-json\/wp\/v2\/users\/1"}],"replies":[{"embeddable":true,"href":"https:\/\/alice.ch\/it\/wp-json\/wp\/v2\/comments?post=11307"}],"version-history":[{"count":46,"href":"https:\/\/alice.ch\/it\/wp-json\/wp\/v2\/pages\/11307\/revisions"}],"predecessor-version":[{"id":56837,"href":"https:\/\/alice.ch\/it\/wp-json\/wp\/v2\/pages\/11307\/revisions\/56837"}],"up":[{"embeddable":true,"href":"https:\/\/alice.ch\/it\/wp-json\/wp\/v2\/pages\/11300"}],"wp:featuredmedia":[{"embeddable":true,"href":"https:\/\/alice.ch\/it\/wp-json\/wp\/v2\/media\/20799"}],"wp:attachment":[{"href":"https:\/\/alice.ch\/it\/wp-json\/wp\/v2\/media?parent=11307"}],"curies":[{"name":"wp","href":"https:\/\/api.w.org\/{rel}","templated":true}]}}