{"id":11403,"date":"2022-09-19T18:13:17","date_gmt":"2022-09-19T16:13:17","guid":{"rendered":"https:\/\/projects.atxeit.ch\/sveb\/mitgliedschaft\/mitglied-werden\/"},"modified":"2025-01-08T12:34:18","modified_gmt":"2025-01-08T11:34:18","slug":"affiliazione-alla-fsea","status":"publish","type":"page","link":"https:\/\/alice.ch\/it\/fsea-it\/affiliazione\/affiliazione-alla-fsea\/","title":{"rendered":"Affiliazione alla FSEA"},"content":{"rendered":"\n<div class=\"wp-block-group is-style-reduced-width is-layout-flow wp-block-group-is-layout-flow\">\n<h1 class=\"wp-block-heading\">Informazioni e richiesta di affiliazione&nbsp;<\/h1>\n\n\n\n<p>Possono diventare soci della FSEA le istituzioni, le associazioni e le persone che in Svizzera si dedicano all&#8217;attuazione, alla promozione o allo sviluppo della formazione continua e che riconoscono gli statuti e gli obiettivi della FSEA.<\/p>\n\n\n\n<h2 class=\"wp-block-heading\">Categorie di affiliazione<\/h2>\n\n\n\n<div class=\"wp-block-group is-layout-flow wp-block-group-is-layout-flow\">\n<div class=\"wp-block-columns is-style-accordion is-layout-flex wp-container-core-columns-is-layout-28f84493 wp-block-columns-is-layout-flex\" id=\"faq-element-1\">\n<div class=\"wp-block-column is-layout-flow wp-block-column-is-layout-flow\">\n<h3 class=\"wp-block-heading\">Categorie di affiliazione<\/h3>\n<\/div>\n\n\n\n<div class=\"wp-block-column is-layout-flow wp-block-column-is-layout-flow\">\n<p>Con l&#8217;ammissione a socio, avviene contestualmente l&#8217;assegnazione a una delle categorie associative indicate di seguito.<\/p>\n\n\n\n<h4 class=\"wp-block-heading\">Categoria 1&nbsp;<\/h4>\n\n\n\n<p>Organizzazioni nazionali, intercantonali e interregionali, associazioni professionali nazionali, conferenze cantonali, organizzazioni professionali attive nella formazione degli adulti, divisioni della formazione nelle grandi aziende e associazioni.<\/p>\n\n\n\n<p>La quota di iscrizione dipende dal numero di ore x partecipanti:<\/p>\n\n\n\n<ul class=\"wp-block-list\">\n<li>Fino a 500\u2019000 ore x partecipanti = CHF 1\u2019200.00<\/li>\n\n\n\n<li>Fino a 1 milione di ore x partecipanti = CHF 1\u2019800.00<\/li>\n\n\n\n<li>Ogni 500\u2019000 ore x partecipanti in pi\u00f9 = + CHF 600.00<\/li>\n<\/ul>\n\n\n\n<p>Le organizzazioni con una cifra d\u2019affari annuale inferiore ai CHF 150\u2019000 possono chiedere per iscritto al segretariato una riduzione della quota minima a CHF 480.00.<\/p>\n\n\n\n<h4 class=\"wp-block-heading\">Categoria 2<\/h4>\n\n\n\n<p>Operatori della formazione continua attivi a livello cantonale o locale, organizzazioni interessate alla formazione continua ma la cui attivit\u00e0 principale non \u00e8 in questo settore, gruppi di interesse e gruppi di lavoro.<\/p>\n\n\n\n<p>Quota annuale: CHF 450.00\u00a0<\/p>\n\n\n\n<h4 class=\"wp-block-heading\">Categoria 3<\/h4>\n\n\n\n<p>Persone singole (non indirizzi d\u2019impresa)<\/p>\n\n\n\n<p>Quota annuale: CHF 160.00&nbsp;<\/p>\n\n\n\n<h4 class=\"wp-block-heading\">Diritto di voto all\u2019Assemblea dei delegati<\/h4>\n\n\n\n<p>Secondo gli&nbsp;<a href=\"https:\/\/alice.ch\/app\/uploads\/2023\/04\/fsea-statuts-2023.pdf\">statuti<\/a>, i soci della categoria 1 hanno la maggioranza dei voti, rispettivamente dei seggi nell&#8217;Assemblea dei delegati e nel comitato.<\/p>\n\n\n\n<p>La categoria 1, che rappresenta la maggioranza, riceve 3 voti per socio all&#8217;Assemblea dei delegati, mentre la categoria 2 riceve 2 voti per socio. Le persone singole ricevono 1 voto ciascuno. In ogni Assemblea dei delegati possono votare al massimo 20 persone di categoria 3.<\/p>\n<\/div>\n<\/div>\n\n\n\n<div class=\"wp-block-columns is-style-accordion is-layout-flex wp-container-core-columns-is-layout-28f84493 wp-block-columns-is-layout-flex\" id=\"faq-element-1\">\n<div class=\"wp-block-column is-layout-flow wp-block-column-is-layout-flow\">\n<h3 class=\"wp-block-heading\">Procedura del processo di adesione<\/h3>\n<\/div>\n\n\n\n<div class=\"wp-block-column is-layout-flow wp-block-column-is-layout-flow\">\n<ol class=\"wp-block-list\">\n<li>Gli interessati compilano il modulo di registrazione online e lo inviano.<\/li>\n\n\n\n<li>Riceveranno immediatamente la conferma dell&#8217;iscrizione provvisoria per e-mail. Il comitato FSEA verifica se l&#8217;istituzione iscritta si dedica all&#8217;attuazione, alla promozione o allo sviluppo della formazione continua e riconosce gli statuti (art. 3), la dichiarazione d\u2019intenti e gli obiettivi della FSEA. Fino all&#8217;ammissione definitiva come socio, non \u00e8 consentito annunciare pubblicamente l&#8217;ammissione provvisoria o utilizzare il logo per i soci. Tuttavia, i soci registrati beneficiano gi\u00e0 dei vantaggi dell&#8217;affiliazione.<\/li>\n\n\n\n<li>Dopo un massimo di 3 mesi, verranno informati via e-mail che sono stati definitivamente accettati come soci dell&#8217;associazione. Contemporaneamente riceveranno una fattura. La quota associativa annuale verr\u00e0 adeguata in base alla notifica definitiva di ammissione.<\/li>\n\n\n\n<li>All&#8217;inizio dell&#8217;anno successivo, i soci riceveranno la fattura annuale per la quota associativa.<\/li>\n<\/ol>\n<\/div>\n<\/div>\n\n\n\n<div class=\"wp-block-columns is-style-accordion is-layout-flex wp-container-core-columns-is-layout-28f84493 wp-block-columns-is-layout-flex\" id=\"faq-element-1\">\n<div class=\"wp-block-column is-layout-flow wp-block-column-is-layout-flow\">\n<h3 class=\"wp-block-heading\">Cancellazione dalla lista soci<\/h3>\n<\/div>\n\n\n\n<div class=\"wp-block-column is-layout-flow wp-block-column-is-layout-flow\">\n<p>L&#8217;adesione decade, ai sensi dell&#8217;art. 6 dello statuto, in seguito<\/p>\n\n\n\n<p>a) allo scioglimento della FSEA<\/p>\n\n\n\n<p>b) a dimissioni scritte<\/p>\n\n\n\n<p>c) all\u2019esclusione da parte del comitato&nbsp;<\/p>\n\n\n\n<p>L&#8217;adesione pu\u00f2 essere revocata dal socio via e-mail alla fine dell&#8217;anno. In casi particolari, l&#8217;adesione pu\u00f2 essere revocata anche nel corso dell&#8217;anno. La FSEA confermer\u00e0 l&#8217;accettazione del recesso via e-mail.<\/p>\n\n\n\n<p>L&#8217;uso improprio del logo per i soci FSEA, cos\u00ec come il mancato rispetto degli statuti, della dichiarazione d\u2019intenti e degli obiettivi, pu\u00f2 essere motivo per il segretariato di richiedere al comitato l&#8217;esclusione del socio. Il socio sar\u00e0 informato in anticipo e avr\u00e0 la possibilit\u00e0 di pronunciarsi.<\/p>\n<\/div>\n<\/div>\n\n\n\n<div class=\"wp-block-columns is-style-accordion is-layout-flex wp-container-core-columns-is-layout-28f84493 wp-block-columns-is-layout-flex\" id=\"faq-element-1\">\n<div class=\"wp-block-column is-layout-flow wp-block-column-is-layout-flow\">\n<h3 class=\"wp-block-heading\">Utilizzo del logo FSEA per i soci<\/h3>\n<\/div>\n\n\n\n<div class=\"wp-block-column is-layout-flow wp-block-column-is-layout-flow\">\n<p>L&#8217;uso del logo FSEA per i soci \u00e8 auspicato ed \u00e8 consentito solo dopo l&#8217;accettazione definitiva alla Federazione svizzera per la formazione continua FSEA. I soci ricevono un link per scaricare il logo con la conferma di ammissione.<\/p>\n<\/div>\n<\/div>\n\n\n\n<div class=\"wp-block-columns is-style-accordion is-layout-flex wp-container-core-columns-is-layout-28f84493 wp-block-columns-is-layout-flex\" id=\"faq-element-1\">\n<div class=\"wp-block-column is-layout-flow wp-block-column-is-layout-flow\">\n<h3 class=\"wp-block-heading\">Utilizzo dei dati<\/h3>\n<\/div>\n\n\n\n<div class=\"wp-block-column is-layout-flow wp-block-column-is-layout-flow\">\n<p>I dati personali vengono utilizzati per registrare i soci presso la FSEA e per inviare loro informazioni nell&#8217;ambito dell&#8217;adesione. Per motivi di documentazione storica, i dati dei soci saranno cancellati solo su esplicita richiesta. Tutte le informazioni sull&#8217;utilizzo dei dati sono riportate nella&nbsp;<a href=\"https:\/\/alice.ch\/it\/dichiarazione-sulla-protezione-dei-dati\/\">dichiarazione sulla protezione dei dati<\/a>.<\/p>\n<\/div>\n<\/div>\n\n\n\n<h2 class=\"wp-block-heading\">Affiliazione alla FSEA<\/h2>\n\n\n\n<div class=\"wp-block-contact-form-7-contact-form-selector\">\n<div class=\"wpcf7 no-js\" id=\"wpcf7-f18018-o1\" lang=\"de-DE\" dir=\"ltr\" data-wpcf7-id=\"18018\">\n<div class=\"screen-reader-response\"><p role=\"status\" aria-live=\"polite\" aria-atomic=\"true\"><\/p> <ul><\/ul><\/div>\n<form action=\"\/it\/wp-json\/wp\/v2\/pages\/11403#wpcf7-f18018-o1\" method=\"post\" class=\"wpcf7-form init\" aria-label=\"Kontaktformular\" novalidate=\"novalidate\" data-status=\"init\">\n<fieldset class=\"hidden-fields-container\"><input type=\"hidden\" name=\"_wpcf7\" value=\"18018\" \/><input type=\"hidden\" name=\"_wpcf7_version\" value=\"6.1.5\" \/><input type=\"hidden\" name=\"_wpcf7_locale\" value=\"de_DE\" \/><input type=\"hidden\" name=\"_wpcf7_unit_tag\" value=\"wpcf7-f18018-o1\" \/><input type=\"hidden\" name=\"_wpcf7_container_post\" value=\"0\" \/><input type=\"hidden\" name=\"_wpcf7_posted_data_hash\" value=\"\" \/>\n<\/fieldset>\n<div style=\"margin-bottom:30px;\">\n\t<p><label><b>Per poter inviare il modulo \u00e8 necessario accettare i <a class=\"cmplz-show-banner\">cookies<\/a>.<\/b> Se l\u2019iscrizione tramite il modulo non dovesse funzionare, pu\u00f2 inviare la sua iscrizione via e-mail a <a href=\"mailto:mitgliedschaft@alice.ch.\">mitgliedschaft@alice.ch.<\/a>.<\/label>\n\t<\/p>\n<\/div>\n<p><label>Categoria*<\/label><br \/>\n<span class=\"wpcf7-form-control-wrap\" data-name=\"Mitgliederkategorie\"><span class=\"wpcf7-form-control wpcf7-checkbox wpcf7-validates-as-required\"><span class=\"wpcf7-list-item first\"><label><input type=\"checkbox\" name=\"Mitgliederkategorie[]\" value=\"Categoria 3 Singole persone (CHF 160.-)\" \/><span class=\"wpcf7-list-item-label\">Categoria 3 Singole persone (CHF 160.-)<\/span><\/label><\/span><span class=\"wpcf7-list-item\"><label><input type=\"checkbox\" name=\"Mitgliederkategorie[]\" value=\"Categoria 2 Operatori cantonali (CHF 450.-)\" \/><span class=\"wpcf7-list-item-label\">Categoria 2 Operatori cantonali (CHF 450.-)<\/span><\/label><\/span><span class=\"wpcf7-list-item last\"><label><input type=\"checkbox\" name=\"Mitgliederkategorie[]\" value=\"Categoria 1 Organizzazioni nazionali (CHF 1&#039;200.-)\" \/><span class=\"wpcf7-list-item-label\">Categoria 1 Organizzazioni nazionali (CHF 1&#039;200.-)<\/span><\/label><\/span><\/span><\/span>\n<\/p>\n<p><label>Organizzazione (solo per cat. 1 et 2)<br \/>\n<span class=\"wpcf7-form-control-wrap\" data-name=\"your-organisation\"><input size=\"40\" maxlength=\"400\" class=\"wpcf7-form-control wpcf7-text\" aria-invalid=\"false\" placeholder=\"Organizzazione\" value=\"\" type=\"text\" name=\"your-organisation\" \/><\/span><\/label><br \/>\n<label>Saluto*<br \/>\n<span class=\"wpcf7-form-control-wrap\" data-name=\"salutation\"><input size=\"40\" maxlength=\"400\" class=\"wpcf7-form-control wpcf7-text wpcf7-validates-as-required\" aria-required=\"true\" aria-invalid=\"false\" placeholder=\"Signora\" value=\"\" type=\"text\" name=\"salutation\" \/><\/span><\/label><label>Nome*<br \/>\n<span class=\"wpcf7-form-control-wrap\" data-name=\"your-forename\"><input size=\"40\" maxlength=\"400\" class=\"wpcf7-form-control wpcf7-text wpcf7-validates-as-required\" aria-required=\"true\" aria-invalid=\"false\" placeholder=\"Petra\" value=\"\" type=\"text\" name=\"your-forename\" \/><\/span><\/label><br \/>\n<label>Cognome*<br \/>\n<span class=\"wpcf7-form-control-wrap\" data-name=\"your-name\"><input size=\"40\" maxlength=\"400\" class=\"wpcf7-form-control wpcf7-text wpcf7-validates-as-required\" aria-required=\"true\" aria-invalid=\"false\" placeholder=\"Muster\" value=\"\" type=\"text\" name=\"your-name\" \/><\/span><\/label><br \/>\n<label>Via e numero civico*<br \/>\n<span class=\"wpcf7-form-control-wrap\" data-name=\"Strasse\"><input size=\"40\" maxlength=\"400\" class=\"wpcf7-form-control wpcf7-text wpcf7-validates-as-required\" aria-required=\"true\" aria-invalid=\"false\" placeholder=\"Via Besso 86\" value=\"\" type=\"text\" name=\"Strasse\" \/><\/span><\/label><br \/>\n<label>CAP e luogo*<br \/>\n<span class=\"wpcf7-form-control-wrap\" data-name=\"PLZ\"><input size=\"40\" maxlength=\"400\" class=\"wpcf7-form-control wpcf7-text wpcf7-validates-as-required\" aria-required=\"true\" aria-invalid=\"false\" placeholder=\"6900 Lugano\" value=\"\" type=\"text\" name=\"PLZ\" \/><\/span><\/label><br \/>\n<label>Numero di telefono*<br \/>\n<span class=\"wpcf7-form-control-wrap\" data-name=\"tel-203\"><input size=\"40\" maxlength=\"400\" class=\"wpcf7-form-control wpcf7-tel wpcf7-validates-as-required wpcf7-text wpcf7-validates-as-tel\" aria-required=\"true\" aria-invalid=\"false\" placeholder=\"+41 (0)91 950 84 16\" value=\"\" type=\"tel\" name=\"tel-203\" \/><\/span><\/label><br \/>\n<label>Indirizzo e-mail*<br \/>\n<span class=\"wpcf7-form-control-wrap\" data-name=\"your-email\"><input size=\"40\" maxlength=\"400\" class=\"wpcf7-form-control wpcf7-email wpcf7-validates-as-required wpcf7-text wpcf7-validates-as-email\" aria-required=\"true\" aria-invalid=\"false\" placeholder=\"petra.muster@alice.ch\" value=\"\" type=\"email\" name=\"your-email\" \/><\/span> <\/label><br \/>\n<label>Sito Web<br \/>\n<span class=\"wpcf7-form-control-wrap\" data-name=\"Website\"><input size=\"40\" maxlength=\"400\" class=\"wpcf7-form-control wpcf7-text\" aria-invalid=\"false\" placeholder=\"www.alice.ch\" value=\"\" type=\"text\" name=\"Website\" \/><\/span><\/label><br \/>\n<label>Ambito d\u2019attivit\u00e0<br \/>\n<span class=\"wpcf7-form-control-wrap\" data-name=\"Taetigkeitsbereich\"><input size=\"40\" maxlength=\"400\" class=\"wpcf7-form-control wpcf7-text wpcf7-validates-as-required\" aria-required=\"true\" aria-invalid=\"false\" placeholder=\"...\" value=\"\" type=\"text\" name=\"Taetigkeitsbereich\" \/><\/span><\/label><br \/>\n<label>Attivit\u00e0 (solo per cat. 1 et 2)<\/label><br \/>\n<span class=\"wpcf7-form-control-wrap\" data-name=\"Mitgliedschaft-Aktivitt\"><select class=\"wpcf7-form-control wpcf7-select\" aria-invalid=\"false\" name=\"Mitgliedschaft-Aktivitt\"><option value=\"In tutta la Svizzera\">In tutta la Svizzera<\/option><option value=\"Regionale \/ Cantonale\">Regionale \/ Cantonale<\/option><option value=\"Attivit\u00e0 non principalmente nella formazione continua\">Attivit\u00e0 non principalmente nella formazione continua<\/option><\/select><\/span>\n<\/p>\n<p><label>Motivi della richiesta d\u2019affiliazione*<br \/>\n<span class=\"wpcf7-form-control-wrap\" data-name=\"your-message\"><textarea cols=\"40\" rows=\"10\" maxlength=\"2000\" class=\"wpcf7-form-control wpcf7-textarea wpcf7-validates-as-required\" aria-required=\"true\" aria-invalid=\"false\" placeholder=\"...\" name=\"your-message\"><\/textarea><\/span> <\/label><br \/>\n<label>Ihr Motiv f\u00fcr die Mitgliedschaft beim SVEB*<br \/>\n<span class=\"wpcf7-form-control-wrap\" data-name=\"your-message\"><textarea cols=\"40\" rows=\"10\" maxlength=\"2000\" class=\"wpcf7-form-control wpcf7-textarea wpcf7-validates-as-required\" aria-required=\"true\" aria-invalid=\"false\" placeholder=\"...\" name=\"your-message\"><\/textarea><\/span> <\/label><br \/>\n<label><\/label><br \/>\n<label>Per rimanere in contatto con lei, vorremmo inviarle una volta al mese le ultime informazioni sulla FSEA e sulla formazione continua. Dando il suo consenso, accetta che il suo indirizzo e-mail venga inserito nello strumento per creare newsletter Mailchimp. Per ulteriori informazioni in merito, consultare la nostra informativa sulla privacy.<br \/>\n<span class=\"wpcf7-form-control-wrap\" data-name=\"Newsletter\"><span class=\"wpcf7-form-control wpcf7-checkbox\"><span class=\"wpcf7-list-item first last\"><label><input type=\"checkbox\" name=\"Newsletter[]\" value=\"SVEB-Newsletter (Newsletter FSEA (una volta al mese con informazioni sulla formazione continua e dai soci)\" \/><span class=\"wpcf7-list-item-label\">SVEB-Newsletter (Newsletter FSEA (una volta al mese con informazioni sulla formazione continua e dai soci)<\/span><\/label><\/span><\/span><\/span><\/label><br \/>\n<label><\/label><br \/>\n<label> La invitiamo anche a indicare quali dei seguenti argomenti la interessano. Oltre a inviarle la newsletter, la informeremo sulle attivit\u00e0 della FSEA in corso su questi argomenti. Pu\u00f2 modificare i suoi consensi e interessi in qualsiasi momento.<\/label><br \/>\n<span class=\"wpcf7-form-control-wrap\" data-name=\"Themeninteresse\"><span class=\"wpcf7-form-control wpcf7-checkbox\"><span class=\"wpcf7-list-item first\"><label><input type=\"checkbox\" name=\"Themeninteresse[]\" value=\"Politica di formazione\" \/><span class=\"wpcf7-list-item-label\">Politica di formazione<\/span><\/label><\/span><span class=\"wpcf7-list-item\"><label><input type=\"checkbox\" name=\"Themeninteresse[]\" value=\"Diventare formatore\" \/><span class=\"wpcf7-list-item-label\">Diventare formatore<\/span><\/label><\/span><span class=\"wpcf7-list-item\"><label><input type=\"checkbox\" name=\"Themeninteresse[]\" value=\"La ricerca\" \/><span class=\"wpcf7-list-item-label\">La ricerca<\/span><\/label><\/span><span class=\"wpcf7-list-item\"><label><input type=\"checkbox\" name=\"Themeninteresse[]\" value=\"Garanzia di qualit\u00e0 nella formazione continua\" \/><span class=\"wpcf7-list-item-label\">Garanzia di qualit\u00e0 nella formazione continua<\/span><\/label><\/span><span class=\"wpcf7-list-item\"><label><input type=\"checkbox\" name=\"Themeninteresse[]\" value=\"Le competenze di base\" \/><span class=\"wpcf7-list-item-label\">Le competenze di base<\/span><\/label><\/span><span class=\"wpcf7-list-item\"><label><input type=\"checkbox\" name=\"Themeninteresse[]\" value=\"L&#039;apprendimento digitale\" \/><span class=\"wpcf7-list-item-label\">L&#039;apprendimento digitale<\/span><\/label><\/span><span class=\"wpcf7-list-item last\"><label><input type=\"checkbox\" name=\"Themeninteresse[]\" value=\"Formazione continua nelle PMI\" \/><span class=\"wpcf7-list-item-label\">Formazione continua nelle PMI<\/span><\/label><\/span><\/span><\/span>\n<\/p>\n<p><label><\/label><br \/>\n<label>Ci autorizza a pubblicare i dati relativi all'indirizzo della sua azienda sul nostro sito web alice.ch?*<br \/>\n<span class=\"wpcf7-form-control-wrap\" data-name=\"radio-480\"><span class=\"wpcf7-form-control wpcf7-radio\"><span class=\"wpcf7-list-item first\"><label><input type=\"radio\" name=\"radio-480\" value=\"Si\" checked=\"checked\" \/><span class=\"wpcf7-list-item-label\">Si<\/span><\/label><\/span><span class=\"wpcf7-list-item last\"><label><input type=\"radio\" name=\"radio-480\" value=\"No\" \/><span class=\"wpcf7-list-item-label\">No<\/span><\/label><\/span><\/span><\/span><br \/>\n<span id=\"wpcf7-69efb2237c0ca-wrapper\" class=\"wpcf7-form-control-wrap honeypot-214-wrap\" style=\"display:none !important; visibility:hidden !important;\"><label for=\"wpcf7-69efb2237c0ca-field\" class=\"hp-message\">Bitte lasse dieses Feld leer.<\/label><input id=\"wpcf7-69efb2237c0ca-field\"  class=\"wpcf7-form-control wpcf7-text\" type=\"text\" name=\"honeypot-214\" value=\"\" size=\"40\" tabindex=\"-1\" autocomplete=\"new-password\" \/><\/span><br \/>\n<input class=\"wpcf7-form-control wpcf7-submit has-spinner\" type=\"submit\" value=\"Inviare\" \/><br \/>\n*Campi obbligatori<\/label>\n<\/p><div class=\"cf7-cookie-message\" style=\"margin-top:1em;color:#000;\">Per poter inviare il modulo \u00e8 necessario accettare i cookies.<\/div><div class=\"wpcf7-response-output\" aria-hidden=\"true\"><\/div>\n<\/form>\n<\/div>\n<\/div>\n<\/div>\n\n\n\n<h2 class=\"wp-block-heading\">Contatto<\/h2>\n\n\n\n<div class=\"wp-block-columns is-layout-flex wp-container-core-columns-is-layout-28f84493 wp-block-columns-is-layout-flex\">\n<div class=\"wp-block-column is-layout-flow wp-block-column-is-layout-flow\" style=\"flex-basis:50%\"><div class=\"contact-persons\">\n\n\t\t\t\t\t<div class=\"contact-person\">\n\t\t\t\t\tSimone Rizzi<br \/>\t\t\t\t\tResponsabile segretariato regionale, Membro della direzione FSEA<br \/>\t\t\t\t\t<br \/>\n\t\t\t\t\t\t\t\t\t\t<a href=\"tel:+41 (0)91 950 84 16\">+41 (0)91 950 84 16<\/a><br \/>\t\t\t\t\t<a href=\"mailto:simone.rizzi@alice.ch\">simone.rizzi@alice.ch<\/a><br \/>\t\t\t\t\t<\/div>\n\t\t\t\t\t<\/div>\n<\/div>\n\n\n\n<div class=\"wp-block-column is-layout-flow wp-block-column-is-layout-flow\" style=\"flex-basis:50%\"><\/div>\n<\/div>\n<\/div>\n","protected":false},"excerpt":{"rendered":"<p>Informazioni e richiesta di affiliazione&nbsp; Possono diventare soci della FSEA le istituzioni, le associazioni e le persone che in Svizzera [&hellip;]<\/p>\n","protected":false},"author":4,"featured_media":20799,"parent":11401,"menu_order":522,"comment_status":"closed","ping_status":"closed","template":"","meta":{"_acf_changed":false,"inline_featured_image":false,"footnotes":""},"class_list":["post-11403","page","type-page","status-publish","has-post-thumbnail","hentry"],"acf":[],"yoast_head":"<!-- This site is optimized with the Yoast SEO plugin v27.3 - https:\/\/yoast.com\/product\/yoast-seo-wordpress\/ -->\n<title>Affiliazione alla FSEA - FSEA<\/title>\n<meta name=\"description\" content=\"Diventate membri della Federazione svizzera per la formazione continua FSEA, la pi\u00f9 grande rete di formazione continua in Svizzera.\" \/>\n<meta name=\"robots\" content=\"index, follow, max-snippet:-1, max-image-preview:large, max-video-preview:-1\" \/>\n<link rel=\"canonical\" href=\"https:\/\/alice.ch\/it\/fsea-it\/affiliazione\/affiliazione-alla-fsea\/\" \/>\n<meta property=\"og:locale\" content=\"it_IT\" \/>\n<meta property=\"og:type\" content=\"article\" \/>\n<meta property=\"og:title\" content=\"Affiliazione alla FSEA - FSEA\" \/>\n<meta property=\"og:description\" content=\"Diventate membri della Federazione svizzera per la formazione continua FSEA, la pi\u00f9 grande rete di formazione continua in Svizzera.\" \/>\n<meta property=\"og:url\" content=\"https:\/\/alice.ch\/it\/fsea-it\/affiliazione\/affiliazione-alla-fsea\/\" \/>\n<meta property=\"og:site_name\" content=\"SVEB\" \/>\n<meta property=\"article:modified_time\" content=\"2025-01-08T11:34:18+00:00\" \/>\n<meta name=\"twitter:card\" content=\"summary_large_image\" \/>\n<meta name=\"twitter:label1\" content=\"Tempo di lettura stimato\" \/>\n\t<meta name=\"twitter:data1\" content=\"2 minuti\" \/>\n<script type=\"application\/ld+json\" class=\"yoast-schema-graph\">{\"@context\":\"https:\\\/\\\/schema.org\",\"@graph\":[{\"@type\":\"WebPage\",\"@id\":\"https:\\\/\\\/alice.ch\\\/it\\\/fsea-it\\\/affiliazione\\\/affiliazione-alla-fsea\\\/\",\"url\":\"https:\\\/\\\/alice.ch\\\/it\\\/fsea-it\\\/affiliazione\\\/affiliazione-alla-fsea\\\/\",\"name\":\"Affiliazione alla FSEA - FSEA\",\"isPartOf\":{\"@id\":\"https:\\\/\\\/alice.ch\\\/it\\\/#website\"},\"primaryImageOfPage\":{\"@id\":\"https:\\\/\\\/alice.ch\\\/it\\\/fsea-it\\\/affiliazione\\\/affiliazione-alla-fsea\\\/#primaryimage\"},\"image\":{\"@id\":\"https:\\\/\\\/alice.ch\\\/it\\\/fsea-it\\\/affiliazione\\\/affiliazione-alla-fsea\\\/#primaryimage\"},\"thumbnailUrl\":\"https:\\\/\\\/alice.ch\\\/app\\\/uploads\\\/2022\\\/11\\\/default.jpg\",\"datePublished\":\"2022-09-19T16:13:17+00:00\",\"dateModified\":\"2025-01-08T11:34:18+00:00\",\"description\":\"Diventate membri della Federazione svizzera per la formazione continua FSEA, la pi\u00f9 grande rete di formazione continua in Svizzera.\",\"breadcrumb\":{\"@id\":\"https:\\\/\\\/alice.ch\\\/it\\\/fsea-it\\\/affiliazione\\\/affiliazione-alla-fsea\\\/#breadcrumb\"},\"inLanguage\":\"it-IT\",\"potentialAction\":[{\"@type\":\"ReadAction\",\"target\":[\"https:\\\/\\\/alice.ch\\\/it\\\/fsea-it\\\/affiliazione\\\/affiliazione-alla-fsea\\\/\"]}]},{\"@type\":\"ImageObject\",\"inLanguage\":\"it-IT\",\"@id\":\"https:\\\/\\\/alice.ch\\\/it\\\/fsea-it\\\/affiliazione\\\/affiliazione-alla-fsea\\\/#primaryimage\",\"url\":\"https:\\\/\\\/alice.ch\\\/app\\\/uploads\\\/2022\\\/11\\\/default.jpg\",\"contentUrl\":\"https:\\\/\\\/alice.ch\\\/app\\\/uploads\\\/2022\\\/11\\\/default.jpg\",\"width\":1600,\"height\":900},{\"@type\":\"BreadcrumbList\",\"@id\":\"https:\\\/\\\/alice.ch\\\/it\\\/fsea-it\\\/affiliazione\\\/affiliazione-alla-fsea\\\/#breadcrumb\",\"itemListElement\":[{\"@type\":\"ListItem\",\"position\":1,\"name\":\"Pagina iniziale\",\"item\":\"https:\\\/\\\/alice.ch\\\/it\\\/\"},{\"@type\":\"ListItem\",\"position\":2,\"name\":\"FSEA\",\"item\":\"https:\\\/\\\/alice.ch\\\/it\\\/fsea-it\\\/\"},{\"@type\":\"ListItem\",\"position\":3,\"name\":\"Affiliazione\",\"item\":\"https:\\\/\\\/alice.ch\\\/it\\\/fsea-it\\\/affiliazione\\\/\"},{\"@type\":\"ListItem\",\"position\":4,\"name\":\"Affiliazione alla FSEA\"}]},{\"@type\":\"WebSite\",\"@id\":\"https:\\\/\\\/alice.ch\\\/it\\\/#website\",\"url\":\"https:\\\/\\\/alice.ch\\\/it\\\/\",\"name\":\"alice.ch (Adult Learning Information Center) ist das Portal der Weiterbildung in der Schweiz.\",\"description\":\"Schweizerischer Verband f\u00fcr Weiterbildung\",\"publisher\":{\"@id\":\"https:\\\/\\\/alice.ch\\\/it\\\/#organization\"},\"potentialAction\":[{\"@type\":\"SearchAction\",\"target\":{\"@type\":\"EntryPoint\",\"urlTemplate\":\"https:\\\/\\\/alice.ch\\\/it\\\/?s={search_term_string}\"},\"query-input\":{\"@type\":\"PropertyValueSpecification\",\"valueRequired\":true,\"valueName\":\"search_term_string\"}}],\"inLanguage\":\"it-IT\"},{\"@type\":\"Organization\",\"@id\":\"https:\\\/\\\/alice.ch\\\/it\\\/#organization\",\"name\":\"FSEA Federazione svizzera per la formazione continua\",\"url\":\"https:\\\/\\\/alice.ch\\\/it\\\/\",\"logo\":{\"@type\":\"ImageObject\",\"inLanguage\":\"it-IT\",\"@id\":\"https:\\\/\\\/alice.ch\\\/it\\\/#\\\/schema\\\/logo\\\/image\\\/\",\"url\":\"https:\\\/\\\/alice.ch\\\/app\\\/uploads\\\/2022\\\/07\\\/logo-sveb.png\",\"contentUrl\":\"https:\\\/\\\/alice.ch\\\/app\\\/uploads\\\/2022\\\/07\\\/logo-sveb.png\",\"width\":145,\"height\":64,\"caption\":\"FSEA Federazione svizzera per la formazione continua\"},\"image\":{\"@id\":\"https:\\\/\\\/alice.ch\\\/it\\\/#\\\/schema\\\/logo\\\/image\\\/\"},\"sameAs\":[\"https:\\\/\\\/www.linkedin.com\\\/company\\\/schweizerischer-verband-fr-weiterbildung-sveb\\\/\"]}]}<\/script>\n<!-- \/ Yoast SEO plugin. -->","yoast_head_json":{"title":"Affiliazione alla FSEA - FSEA","description":"Diventate membri della Federazione svizzera per la formazione continua FSEA, la pi\u00f9 grande rete di formazione continua in Svizzera.","robots":{"index":"index","follow":"follow","max-snippet":"max-snippet:-1","max-image-preview":"max-image-preview:large","max-video-preview":"max-video-preview:-1"},"canonical":"https:\/\/alice.ch\/it\/fsea-it\/affiliazione\/affiliazione-alla-fsea\/","og_locale":"it_IT","og_type":"article","og_title":"Affiliazione alla FSEA - FSEA","og_description":"Diventate membri della Federazione svizzera per la formazione continua FSEA, la pi\u00f9 grande rete di formazione continua in Svizzera.","og_url":"https:\/\/alice.ch\/it\/fsea-it\/affiliazione\/affiliazione-alla-fsea\/","og_site_name":"SVEB","article_modified_time":"2025-01-08T11:34:18+00:00","twitter_card":"summary_large_image","twitter_misc":{"Tempo di lettura stimato":"2 minuti"},"schema":{"@context":"https:\/\/schema.org","@graph":[{"@type":"WebPage","@id":"https:\/\/alice.ch\/it\/fsea-it\/affiliazione\/affiliazione-alla-fsea\/","url":"https:\/\/alice.ch\/it\/fsea-it\/affiliazione\/affiliazione-alla-fsea\/","name":"Affiliazione alla FSEA - FSEA","isPartOf":{"@id":"https:\/\/alice.ch\/it\/#website"},"primaryImageOfPage":{"@id":"https:\/\/alice.ch\/it\/fsea-it\/affiliazione\/affiliazione-alla-fsea\/#primaryimage"},"image":{"@id":"https:\/\/alice.ch\/it\/fsea-it\/affiliazione\/affiliazione-alla-fsea\/#primaryimage"},"thumbnailUrl":"https:\/\/alice.ch\/app\/uploads\/2022\/11\/default.jpg","datePublished":"2022-09-19T16:13:17+00:00","dateModified":"2025-01-08T11:34:18+00:00","description":"Diventate membri della Federazione svizzera per la formazione continua FSEA, la pi\u00f9 grande rete di formazione continua in Svizzera.","breadcrumb":{"@id":"https:\/\/alice.ch\/it\/fsea-it\/affiliazione\/affiliazione-alla-fsea\/#breadcrumb"},"inLanguage":"it-IT","potentialAction":[{"@type":"ReadAction","target":["https:\/\/alice.ch\/it\/fsea-it\/affiliazione\/affiliazione-alla-fsea\/"]}]},{"@type":"ImageObject","inLanguage":"it-IT","@id":"https:\/\/alice.ch\/it\/fsea-it\/affiliazione\/affiliazione-alla-fsea\/#primaryimage","url":"https:\/\/alice.ch\/app\/uploads\/2022\/11\/default.jpg","contentUrl":"https:\/\/alice.ch\/app\/uploads\/2022\/11\/default.jpg","width":1600,"height":900},{"@type":"BreadcrumbList","@id":"https:\/\/alice.ch\/it\/fsea-it\/affiliazione\/affiliazione-alla-fsea\/#breadcrumb","itemListElement":[{"@type":"ListItem","position":1,"name":"Pagina iniziale","item":"https:\/\/alice.ch\/it\/"},{"@type":"ListItem","position":2,"name":"FSEA","item":"https:\/\/alice.ch\/it\/fsea-it\/"},{"@type":"ListItem","position":3,"name":"Affiliazione","item":"https:\/\/alice.ch\/it\/fsea-it\/affiliazione\/"},{"@type":"ListItem","position":4,"name":"Affiliazione alla FSEA"}]},{"@type":"WebSite","@id":"https:\/\/alice.ch\/it\/#website","url":"https:\/\/alice.ch\/it\/","name":"alice.ch (Adult Learning Information Center) ist das Portal der Weiterbildung in der Schweiz.","description":"Schweizerischer Verband f\u00fcr Weiterbildung","publisher":{"@id":"https:\/\/alice.ch\/it\/#organization"},"potentialAction":[{"@type":"SearchAction","target":{"@type":"EntryPoint","urlTemplate":"https:\/\/alice.ch\/it\/?s={search_term_string}"},"query-input":{"@type":"PropertyValueSpecification","valueRequired":true,"valueName":"search_term_string"}}],"inLanguage":"it-IT"},{"@type":"Organization","@id":"https:\/\/alice.ch\/it\/#organization","name":"FSEA Federazione svizzera per la formazione continua","url":"https:\/\/alice.ch\/it\/","logo":{"@type":"ImageObject","inLanguage":"it-IT","@id":"https:\/\/alice.ch\/it\/#\/schema\/logo\/image\/","url":"https:\/\/alice.ch\/app\/uploads\/2022\/07\/logo-sveb.png","contentUrl":"https:\/\/alice.ch\/app\/uploads\/2022\/07\/logo-sveb.png","width":145,"height":64,"caption":"FSEA Federazione svizzera per la formazione continua"},"image":{"@id":"https:\/\/alice.ch\/it\/#\/schema\/logo\/image\/"},"sameAs":["https:\/\/www.linkedin.com\/company\/schweizerischer-verband-fr-weiterbildung-sveb\/"]}]}},"_links":{"self":[{"href":"https:\/\/alice.ch\/it\/wp-json\/wp\/v2\/pages\/11403","targetHints":{"allow":["GET"]}}],"collection":[{"href":"https:\/\/alice.ch\/it\/wp-json\/wp\/v2\/pages"}],"about":[{"href":"https:\/\/alice.ch\/it\/wp-json\/wp\/v2\/types\/page"}],"author":[{"embeddable":true,"href":"https:\/\/alice.ch\/it\/wp-json\/wp\/v2\/users\/4"}],"replies":[{"embeddable":true,"href":"https:\/\/alice.ch\/it\/wp-json\/wp\/v2\/comments?post=11403"}],"version-history":[{"count":15,"href":"https:\/\/alice.ch\/it\/wp-json\/wp\/v2\/pages\/11403\/revisions"}],"predecessor-version":[{"id":65300,"href":"https:\/\/alice.ch\/it\/wp-json\/wp\/v2\/pages\/11403\/revisions\/65300"}],"up":[{"embeddable":true,"href":"https:\/\/alice.ch\/it\/wp-json\/wp\/v2\/pages\/11401"}],"wp:featuredmedia":[{"embeddable":true,"href":"https:\/\/alice.ch\/it\/wp-json\/wp\/v2\/media\/20799"}],"wp:attachment":[{"href":"https:\/\/alice.ch\/it\/wp-json\/wp\/v2\/media?parent=11403"}],"curies":[{"name":"wp","href":"https:\/\/api.w.org\/{rel}","templated":true}]}}