{"id":11419,"date":"2022-08-16T16:27:02","date_gmt":"2022-08-16T14:27:02","guid":{"rendered":"https:\/\/projects.atxeit.ch\/sveb\/weiterbildungspolitik\/politische-positionen\/"},"modified":"2023-12-12T10:40:18","modified_gmt":"2023-12-12T09:40:18","slug":"posizioni-politiche","status":"publish","type":"page","link":"https:\/\/alice.ch\/it\/fsea-it\/politica-della-formazione\/posizioni-politiche\/","title":{"rendered":"Posizioni politiche"},"content":{"rendered":"\n<div class=\"wp-block-group is-style-reduced-width is-layout-flow wp-block-group-is-layout-flow\">\n<h1 class=\"wp-block-heading\">Rappresentiamo una formazione continua efficace<\/h1>\n\n\n\n<p class=\"is-style-lead\">Come associazione mantello rappresentiamo la voce della formazione continua in Svizzera. Prendiamo regolarmente posizione su temi riguardanti la politica della formazione continua.<\/p>\n\n\n\n<p class=\"is-style-default\">Assieme ai nostri affiliati rappresentiamo le basi della politica della formazione che rafforzano il sistema della formazione continua in Svizzera.<\/p>\n\n\n\n<h2 class=\"wp-block-heading\">Principi in materia di politica della formazione<\/h2>\n\n\n\n<p>Il nostro impegno politico si basa sui principi politici che vengono definiti con i soci. I principi tengono conto delle differenze tra grandi e piccole istituzioni come pure delle differenze tra enti pubblici e privati in modo da rappresentare tutti i soci. La FSEA come associazione mantello ha delle basi solide sulle quali poggia il suo impegno in nome del panorama politico della formazione continua in Svizzera. Invitiamo tutti gli attori della formazione continua a prendere parte alla discussione e a prendere posizione.<\/p>\n\n\n\n<p><strong>Il nostro impegno si basa sui seguenti principi:<\/strong><\/p>\n\n\n\n<ul class=\"wp-block-list\">\n<li>Buone condizioni quadro per la formazione continua<\/li>\n\n\n\n<li>Professionalit\u00e0 e qualit\u00e0 della formazione continua<\/li>\n\n\n\n<li>Formazione continua per tutti<\/li>\n\n\n\n<li>Networking tra tutti gli attori della formazione continua<\/li>\n\n\n\n<li>Pari opportunit\u00e0 nella formazione continua<\/li>\n\n\n\n<li>Presenza pubblica della formazione continua<\/li>\n<\/ul>\n\n\n\n<h2 class=\"wp-block-heading\">Prese di posizione<\/h2>\n\n\n\n<p>Con le nostre annotazioni prendiamo posizione di fronte ai temi attuali della politica della formazione continua.<\/p>\n\n\n\n<div class=\"wp-block-group is-layout-flow wp-block-group-is-layout-flow\">\n<div class=\"wp-block-columns is-style-accordion is-layout-flex wp-container-core-columns-is-layout-28f84493 wp-block-columns-is-layout-flex\" id=\"faq-element-1\">\n<div class=\"wp-block-column is-layout-flow wp-block-column-is-layout-flow\">\n<h3 class=\"wp-block-heading\">Messaggio ERI 25\u201328<\/h3>\n<\/div>\n\n\n\n<div class=\"wp-block-column is-layout-flow wp-block-column-is-layout-flow\">\n<p>Nella bozza di messaggio sulla promozione dell\u2019educazione, della ricerca e dell\u2019innovazione (messaggio ERI) per il periodo 2025-2028, il Consiglio federale definisce la formazione continua come una priorit\u00e0. Si tratta di una pietra miliare. La FSEA chiede tuttavia un adeguamento dei limiti di spesa destinati alla formazione continua.<\/p>\n\n\n\n<div class=\"wp-block-file\"><a id=\"wp-block-file--media-12b30004-6506-4ad1-a92a-e96f27a29086\" href=\"https:\/\/alice.ch\/app\/uploads\/2023\/06\/bfi-25-28-presa-di-posizione-fsea-21.6.23.pdf\" target=\"_blank\" rel=\"noreferrer noopener\">Presa di posizione &#8220;Messaggio ERI&#8221; (21.06.2023)<br \/>PDF &#8211; 98 KB<\/a><\/div>\n<\/div>\n<\/div>\n\n\n\n<div class=\"wp-block-columns is-style-accordion is-layout-flex wp-container-core-columns-is-layout-28f84493 wp-block-columns-is-layout-flex\" id=\"faq-element-1\">\n<div class=\"wp-block-column is-layout-flow wp-block-column-is-layout-flow\">\n<h3 class=\"wp-block-heading\">Pacchetto di misure per la promozione della formazione continua orientata al lavoro<\/h3>\n<\/div>\n\n\n\n<div class=\"wp-block-column is-layout-flow wp-block-column-is-layout-flow\">\n<p>La FSEA chiede alla Confederazione di attuare le tre misure seguenti per promuovere la formazione continua orientata al lavoro sulla base dei crediti concessi dal Parlamento nel quadro del messaggio ERI:<\/p>\n\n\n\n<ul class=\"wp-block-list\">\n<li>Ampliamento del programma federale esistente &#8220;<a href=\"https:\/\/www.meglio-adesso.ch\/betriebe.cfm\" target=\"_blank\" rel=\"noreferrer noopener\">Semplicemente meglio! &#8230; al lavoro<\/a>&#8220;.<\/li>\n\n\n\n<li>Definizione di un programma di promozione per i progetti di &#8220;formazione continua orientata al lavoro&#8221;<\/li>\n\n\n\n<li>Istituzione di un sistema di buoni di formazione continua<\/li>\n<\/ul>\n\n\n\n<div class=\"wp-block-file\"><a id=\"wp-block-file--media-12b30004-6506-4ad1-a92a-e96f27a29086\" href=\"https:\/\/alice.ch\/app\/uploads\/2022\/11\/210721_vf_Positionspapier_SVEB_Massnahmenpaket_IT.pdf\" target=\"_blank\" rel=\"noreferrer noopener\">Presa di posizione &#8220;pacchetto di misure&#8221; (19.03.2021)<br \/>PDF &#8211; 156 KB<\/a><\/div>\n<\/div>\n<\/div>\n\n\n\n<div class=\"wp-block-columns is-style-accordion is-layout-flex wp-container-core-columns-is-layout-28f84493 wp-block-columns-is-layout-flex\" id=\"faq-element-1\">\n<div class=\"wp-block-column is-layout-flow wp-block-column-is-layout-flow\">\n<h3 class=\"wp-block-heading\">Effeti della crisi dettata dal Coronavirus sul settore della formazione continua e richieste FSEA<\/h3>\n<\/div>\n\n\n\n<div class=\"wp-block-column is-layout-flow wp-block-column-is-layout-flow\">\n<p>La crisi dettata del Coronavirus sta colpendo la formazione continua in Svizzera con totta la sua forza. Per attenuare le conseguenze economiche di questa situazione, il 20 marzo 2020 il Consiglio federale ha adottato un pacchetto di aiuti, il quale \u00e8 stato ulteriormente precisato il 25 marzo.Ciononostante, molti fornitori di formazione continua e liberi professionisti si trovano ad affrontare una situazione che minaccia la loro esistenza. La FSEA rivolge quindi un lista di richieste al governo federale.<\/p>\n\n\n\n<div class=\"wp-block-file\"><a id=\"wp-block-file--media-12b30004-6506-4ad1-a92a-e96f27a29086\" href=\"https:\/\/alice.ch\/app\/uploads\/2022\/11\/FSEA_Presa-di-posizione_Corona_24.11.20.pdf\" target=\"_blank\" rel=\"noreferrer noopener\">Presa di posizione della FSEA (24.11.2020)<br \/>PDF &#8211; 141 KB<\/a><\/div>\n<\/div>\n<\/div>\n\n\n\n<div class=\"wp-block-columns is-style-accordion is-layout-flex wp-container-core-columns-is-layout-28f84493 wp-block-columns-is-layout-flex\" id=\"faq-element-1\">\n<div class=\"wp-block-column is-layout-flow wp-block-column-is-layout-flow\">\n<h3 class=\"wp-block-heading\">Diplomi della formazione continua e della formazione professionale superiore<\/h3>\n<\/div>\n\n\n\n<div class=\"wp-block-column is-layout-flow wp-block-column-is-layout-flow\">\n<p>Nell&#8217;ambito della formazione continua n\u00e9 i diplomi n\u00e9 le loro denominazioni sono regolamentate. La formazione professionale superiore possiede dei diplomi riconosciuti a livello federale ma questi ultimi non sono riconosciuti all&#8217;estero. La FSEA chiede alla Confederazione una soluzione rapida per questi titoli.<\/p>\n<\/div>\n<\/div>\n\n\n\n<div class=\"wp-block-columns is-style-accordion is-layout-flex wp-container-core-columns-is-layout-28f84493 wp-block-columns-is-layout-flex\" id=\"faq-element-1\">\n<div class=\"wp-block-column is-layout-flow wp-block-column-is-layout-flow\">\n<h3 class=\"wp-block-heading\">Congedo di formazione<\/h3>\n<\/div>\n\n\n\n<div class=\"wp-block-column is-layout-flow wp-block-column-is-layout-flow\">\n<p>In parallelo alla nuova legge sulla formazione continua, \u00e8 di grande attualit\u00e0 il dibattito concernente il finanziamento della formazione continua. Il congedo di formazione \u00e8 uno dei temi trattati nel dibattito sul finanziamento della formazione continua.<\/p>\n<\/div>\n<\/div>\n\n\n\n<div class=\"wp-block-columns is-style-accordion is-layout-flex wp-container-core-columns-is-layout-28f84493 wp-block-columns-is-layout-flex\" id=\"faq-element-1\">\n<div class=\"wp-block-column is-layout-flow wp-block-column-is-layout-flow\">\n<h3 class=\"wp-block-heading\">La nuova legge sulla formazione continua (LFCo)<\/h3>\n<\/div>\n\n\n\n<div class=\"wp-block-column is-layout-flow wp-block-column-is-layout-flow\">\n<p>l 20 giugno 2014 il Parlamento ha approvato definitivamente la Legge sulla formazione continua (LFCo) che entrer\u00e0 in vigore nel 2017. Le modalit\u00e0 di messa in opera di questa legge quadro saranno definite dalle disposizioni e dall\u2019ordinanza.<\/p>\n\n\n\n<div class=\"wp-block-buttons is-layout-flex wp-block-buttons-is-layout-flex\">\n<div class=\"wp-block-button is-style-minimal\"><a class=\"wp-block-button__link wp-element-button\" href=\"https:\/\/alice.ch\/it\/politica-della-formazione\/legge-sulla-formazione-continua\/\">Testo di legge LFCo<\/a><\/div>\n<\/div>\n<\/div>\n<\/div>\n<\/div>\n\n\n\n<h2 class=\"wp-block-heading\">Ulteriori informazioni<\/h2>\n\n\n\n<div class=\"wp-block-buttons is-layout-flex wp-block-buttons-is-layout-flex\">\n<div class=\"wp-block-button has-custom-width wp-block-button__width-50 has-custom-font-size is-style-outline has-medium-font-size is-style-outline--1\"><a class=\"wp-block-button__link wp-element-button\" href=\"https:\/\/alice.ch\/it\/fsea-it\/politica-della-formazione\/\">Politica della formazione<\/a><\/div>\n\n\n\n<div class=\"wp-block-button has-custom-width wp-block-button__width-50 is-style-outline is-style-outline--2\"><a class=\"wp-block-button__link wp-element-button\" href=\"https:\/\/alice.ch\/it\/sistema-di-formazione-continua\/\">Sistema di formazione continua<\/a><\/div>\n<\/div>\n\n\n\n<div class=\"wp-block-buttons is-layout-flex wp-block-buttons-is-layout-flex\">\n<div class=\"wp-block-button has-custom-width wp-block-button__width-50 is-style-outline is-style-outline--3\"><a class=\"wp-block-button__link wp-element-button\" href=\"https:\/\/alice.ch\/it\/fsea\/fsea-in-cifre\/\">Dati e cifre<\/a><\/div>\n\n\n\n<div class=\"wp-block-button has-custom-width wp-block-button__width-50 is-style-outline is-style-outline--4\"><a class=\"wp-block-button__link wp-element-button\" href=\"https:\/\/alice.ch\/it\/qualita\/\">Qualit\u00e0<\/a><\/div>\n\n\n\n<div class=\"wp-block-button has-custom-width wp-block-button__width-50 is-style-outline is-style-outline--5\"><a class=\"wp-block-button__link wp-element-button\" href=\"https:\/\/alice.ch\/it\/temi\/competenze-di-base\/\">Competenze di base<\/a><\/div>\n<\/div>\n\n\n\n<h2 class=\"wp-block-heading\">Contatto<\/h2>\n\n\n\n<div class=\"wp-block-columns is-layout-flex wp-container-core-columns-is-layout-28f84493 wp-block-columns-is-layout-flex\">\n<div class=\"wp-block-column is-layout-flow wp-block-column-is-layout-flow\" style=\"flex-basis:50%\"><div class=\"contact-persons\">\n\n\t\t\t\t\t<div class=\"contact-person\">\n\t\t\t\t\tSimone Rizzi<br \/>\t\t\t\t\tResponsabile segretariato regionale, Membro della direzione FSEA<br \/>\t\t\t\t\t<br \/>\n\t\t\t\t\t\t\t\t\t\t<a href=\"tel:+41 (0)91 950 84 16\">+41 (0)91 950 84 16<\/a><br \/>\t\t\t\t\t<a href=\"mailto:simone.rizzi@alice.ch\">simone.rizzi@alice.ch<\/a><br \/>\t\t\t\t\t<\/div>\n\t\t\t\t\t<\/div>\n<\/div>\n\n\n\n<div class=\"wp-block-column is-layout-flow wp-block-column-is-layout-flow\" style=\"flex-basis:50%\"><\/div>\n<\/div>\n<\/div>\n","protected":false},"excerpt":{"rendered":"<p>Rappresentiamo una formazione continua efficace Come associazione mantello rappresentiamo la voce della formazione continua in Svizzera. Prendiamo regolarmente posizione su [&hellip;]<\/p>\n","protected":false},"author":4,"featured_media":20799,"parent":31925,"menu_order":620,"comment_status":"closed","ping_status":"closed","template":"","meta":{"_acf_changed":false,"inline_featured_image":false,"footnotes":""},"class_list":["post-11419","page","type-page","status-publish","has-post-thumbnail","hentry"],"acf":[],"yoast_head":"<!-- This site is optimized with the Yoast SEO plugin v27.3 - https:\/\/yoast.com\/product\/yoast-seo-wordpress\/ -->\n<title>Posizioni politiche - FSEA<\/title>\n<meta name=\"description\" content=\"La FSEA, la Federazione svizzera per la formazione continua, prende posizione su questioni di politica della formazione continua.\" \/>\n<meta name=\"robots\" content=\"index, follow, max-snippet:-1, max-image-preview:large, max-video-preview:-1\" \/>\n<link rel=\"canonical\" href=\"https:\/\/alice.ch\/it\/fsea-it\/politica-della-formazione\/posizioni-politiche\/\" \/>\n<meta property=\"og:locale\" content=\"it_IT\" \/>\n<meta property=\"og:type\" content=\"article\" \/>\n<meta property=\"og:title\" content=\"Posizioni politiche - FSEA\" \/>\n<meta property=\"og:description\" content=\"La FSEA, la Federazione svizzera per la formazione continua, prende posizione su questioni di politica della formazione continua.\" \/>\n<meta property=\"og:url\" content=\"https:\/\/alice.ch\/it\/fsea-it\/politica-della-formazione\/posizioni-politiche\/\" \/>\n<meta property=\"og:site_name\" content=\"SVEB\" \/>\n<meta property=\"article:modified_time\" content=\"2023-12-12T09:40:18+00:00\" \/>\n<meta name=\"twitter:card\" content=\"summary_large_image\" \/>\n<meta name=\"twitter:label1\" content=\"Tempo di lettura stimato\" \/>\n\t<meta name=\"twitter:data1\" content=\"3 minuti\" \/>\n<script type=\"application\/ld+json\" class=\"yoast-schema-graph\">{\"@context\":\"https:\\\/\\\/schema.org\",\"@graph\":[{\"@type\":\"WebPage\",\"@id\":\"https:\\\/\\\/alice.ch\\\/it\\\/fsea-it\\\/politica-della-formazione\\\/posizioni-politiche\\\/\",\"url\":\"https:\\\/\\\/alice.ch\\\/it\\\/fsea-it\\\/politica-della-formazione\\\/posizioni-politiche\\\/\",\"name\":\"Posizioni politiche - FSEA\",\"isPartOf\":{\"@id\":\"https:\\\/\\\/alice.ch\\\/it\\\/#website\"},\"primaryImageOfPage\":{\"@id\":\"https:\\\/\\\/alice.ch\\\/it\\\/fsea-it\\\/politica-della-formazione\\\/posizioni-politiche\\\/#primaryimage\"},\"image\":{\"@id\":\"https:\\\/\\\/alice.ch\\\/it\\\/fsea-it\\\/politica-della-formazione\\\/posizioni-politiche\\\/#primaryimage\"},\"thumbnailUrl\":\"https:\\\/\\\/alice.ch\\\/app\\\/uploads\\\/2022\\\/11\\\/default.jpg\",\"datePublished\":\"2022-08-16T14:27:02+00:00\",\"dateModified\":\"2023-12-12T09:40:18+00:00\",\"description\":\"La FSEA, la Federazione svizzera per la formazione continua, prende posizione su questioni di politica della formazione continua.\",\"breadcrumb\":{\"@id\":\"https:\\\/\\\/alice.ch\\\/it\\\/fsea-it\\\/politica-della-formazione\\\/posizioni-politiche\\\/#breadcrumb\"},\"inLanguage\":\"it-IT\",\"potentialAction\":[{\"@type\":\"ReadAction\",\"target\":[\"https:\\\/\\\/alice.ch\\\/it\\\/fsea-it\\\/politica-della-formazione\\\/posizioni-politiche\\\/\"]}]},{\"@type\":\"ImageObject\",\"inLanguage\":\"it-IT\",\"@id\":\"https:\\\/\\\/alice.ch\\\/it\\\/fsea-it\\\/politica-della-formazione\\\/posizioni-politiche\\\/#primaryimage\",\"url\":\"https:\\\/\\\/alice.ch\\\/app\\\/uploads\\\/2022\\\/11\\\/default.jpg\",\"contentUrl\":\"https:\\\/\\\/alice.ch\\\/app\\\/uploads\\\/2022\\\/11\\\/default.jpg\",\"width\":1600,\"height\":900},{\"@type\":\"BreadcrumbList\",\"@id\":\"https:\\\/\\\/alice.ch\\\/it\\\/fsea-it\\\/politica-della-formazione\\\/posizioni-politiche\\\/#breadcrumb\",\"itemListElement\":[{\"@type\":\"ListItem\",\"position\":1,\"name\":\"Pagina iniziale\",\"item\":\"https:\\\/\\\/alice.ch\\\/it\\\/\"},{\"@type\":\"ListItem\",\"position\":2,\"name\":\"FSEA\",\"item\":\"https:\\\/\\\/alice.ch\\\/it\\\/fsea-it\\\/\"},{\"@type\":\"ListItem\",\"position\":3,\"name\":\"Politica della formazione\",\"item\":\"https:\\\/\\\/alice.ch\\\/it\\\/fsea-it\\\/politica-della-formazione\\\/\"},{\"@type\":\"ListItem\",\"position\":4,\"name\":\"Posizioni politiche\"}]},{\"@type\":\"WebSite\",\"@id\":\"https:\\\/\\\/alice.ch\\\/it\\\/#website\",\"url\":\"https:\\\/\\\/alice.ch\\\/it\\\/\",\"name\":\"alice.ch (Adult Learning Information Center) ist das Portal der Weiterbildung in der Schweiz.\",\"description\":\"Schweizerischer Verband f\u00fcr Weiterbildung\",\"publisher\":{\"@id\":\"https:\\\/\\\/alice.ch\\\/it\\\/#organization\"},\"potentialAction\":[{\"@type\":\"SearchAction\",\"target\":{\"@type\":\"EntryPoint\",\"urlTemplate\":\"https:\\\/\\\/alice.ch\\\/it\\\/?s={search_term_string}\"},\"query-input\":{\"@type\":\"PropertyValueSpecification\",\"valueRequired\":true,\"valueName\":\"search_term_string\"}}],\"inLanguage\":\"it-IT\"},{\"@type\":\"Organization\",\"@id\":\"https:\\\/\\\/alice.ch\\\/it\\\/#organization\",\"name\":\"FSEA Federazione svizzera per la formazione continua\",\"url\":\"https:\\\/\\\/alice.ch\\\/it\\\/\",\"logo\":{\"@type\":\"ImageObject\",\"inLanguage\":\"it-IT\",\"@id\":\"https:\\\/\\\/alice.ch\\\/it\\\/#\\\/schema\\\/logo\\\/image\\\/\",\"url\":\"https:\\\/\\\/alice.ch\\\/app\\\/uploads\\\/2022\\\/07\\\/logo-sveb.png\",\"contentUrl\":\"https:\\\/\\\/alice.ch\\\/app\\\/uploads\\\/2022\\\/07\\\/logo-sveb.png\",\"width\":145,\"height\":64,\"caption\":\"FSEA Federazione svizzera per la formazione continua\"},\"image\":{\"@id\":\"https:\\\/\\\/alice.ch\\\/it\\\/#\\\/schema\\\/logo\\\/image\\\/\"},\"sameAs\":[\"https:\\\/\\\/www.linkedin.com\\\/company\\\/schweizerischer-verband-fr-weiterbildung-sveb\\\/\"]}]}<\/script>\n<!-- \/ Yoast SEO plugin. -->","yoast_head_json":{"title":"Posizioni politiche - FSEA","description":"La FSEA, la Federazione svizzera per la formazione continua, prende posizione su questioni di politica della formazione continua.","robots":{"index":"index","follow":"follow","max-snippet":"max-snippet:-1","max-image-preview":"max-image-preview:large","max-video-preview":"max-video-preview:-1"},"canonical":"https:\/\/alice.ch\/it\/fsea-it\/politica-della-formazione\/posizioni-politiche\/","og_locale":"it_IT","og_type":"article","og_title":"Posizioni politiche - FSEA","og_description":"La FSEA, la Federazione svizzera per la formazione continua, prende posizione su questioni di politica della formazione continua.","og_url":"https:\/\/alice.ch\/it\/fsea-it\/politica-della-formazione\/posizioni-politiche\/","og_site_name":"SVEB","article_modified_time":"2023-12-12T09:40:18+00:00","twitter_card":"summary_large_image","twitter_misc":{"Tempo di lettura stimato":"3 minuti"},"schema":{"@context":"https:\/\/schema.org","@graph":[{"@type":"WebPage","@id":"https:\/\/alice.ch\/it\/fsea-it\/politica-della-formazione\/posizioni-politiche\/","url":"https:\/\/alice.ch\/it\/fsea-it\/politica-della-formazione\/posizioni-politiche\/","name":"Posizioni politiche - FSEA","isPartOf":{"@id":"https:\/\/alice.ch\/it\/#website"},"primaryImageOfPage":{"@id":"https:\/\/alice.ch\/it\/fsea-it\/politica-della-formazione\/posizioni-politiche\/#primaryimage"},"image":{"@id":"https:\/\/alice.ch\/it\/fsea-it\/politica-della-formazione\/posizioni-politiche\/#primaryimage"},"thumbnailUrl":"https:\/\/alice.ch\/app\/uploads\/2022\/11\/default.jpg","datePublished":"2022-08-16T14:27:02+00:00","dateModified":"2023-12-12T09:40:18+00:00","description":"La FSEA, la Federazione svizzera per la formazione continua, prende posizione su questioni di politica della formazione continua.","breadcrumb":{"@id":"https:\/\/alice.ch\/it\/fsea-it\/politica-della-formazione\/posizioni-politiche\/#breadcrumb"},"inLanguage":"it-IT","potentialAction":[{"@type":"ReadAction","target":["https:\/\/alice.ch\/it\/fsea-it\/politica-della-formazione\/posizioni-politiche\/"]}]},{"@type":"ImageObject","inLanguage":"it-IT","@id":"https:\/\/alice.ch\/it\/fsea-it\/politica-della-formazione\/posizioni-politiche\/#primaryimage","url":"https:\/\/alice.ch\/app\/uploads\/2022\/11\/default.jpg","contentUrl":"https:\/\/alice.ch\/app\/uploads\/2022\/11\/default.jpg","width":1600,"height":900},{"@type":"BreadcrumbList","@id":"https:\/\/alice.ch\/it\/fsea-it\/politica-della-formazione\/posizioni-politiche\/#breadcrumb","itemListElement":[{"@type":"ListItem","position":1,"name":"Pagina iniziale","item":"https:\/\/alice.ch\/it\/"},{"@type":"ListItem","position":2,"name":"FSEA","item":"https:\/\/alice.ch\/it\/fsea-it\/"},{"@type":"ListItem","position":3,"name":"Politica della formazione","item":"https:\/\/alice.ch\/it\/fsea-it\/politica-della-formazione\/"},{"@type":"ListItem","position":4,"name":"Posizioni politiche"}]},{"@type":"WebSite","@id":"https:\/\/alice.ch\/it\/#website","url":"https:\/\/alice.ch\/it\/","name":"alice.ch (Adult Learning Information Center) ist das Portal der Weiterbildung in der Schweiz.","description":"Schweizerischer Verband f\u00fcr Weiterbildung","publisher":{"@id":"https:\/\/alice.ch\/it\/#organization"},"potentialAction":[{"@type":"SearchAction","target":{"@type":"EntryPoint","urlTemplate":"https:\/\/alice.ch\/it\/?s={search_term_string}"},"query-input":{"@type":"PropertyValueSpecification","valueRequired":true,"valueName":"search_term_string"}}],"inLanguage":"it-IT"},{"@type":"Organization","@id":"https:\/\/alice.ch\/it\/#organization","name":"FSEA Federazione svizzera per la formazione continua","url":"https:\/\/alice.ch\/it\/","logo":{"@type":"ImageObject","inLanguage":"it-IT","@id":"https:\/\/alice.ch\/it\/#\/schema\/logo\/image\/","url":"https:\/\/alice.ch\/app\/uploads\/2022\/07\/logo-sveb.png","contentUrl":"https:\/\/alice.ch\/app\/uploads\/2022\/07\/logo-sveb.png","width":145,"height":64,"caption":"FSEA Federazione svizzera per la formazione continua"},"image":{"@id":"https:\/\/alice.ch\/it\/#\/schema\/logo\/image\/"},"sameAs":["https:\/\/www.linkedin.com\/company\/schweizerischer-verband-fr-weiterbildung-sveb\/"]}]}},"_links":{"self":[{"href":"https:\/\/alice.ch\/it\/wp-json\/wp\/v2\/pages\/11419","targetHints":{"allow":["GET"]}}],"collection":[{"href":"https:\/\/alice.ch\/it\/wp-json\/wp\/v2\/pages"}],"about":[{"href":"https:\/\/alice.ch\/it\/wp-json\/wp\/v2\/types\/page"}],"author":[{"embeddable":true,"href":"https:\/\/alice.ch\/it\/wp-json\/wp\/v2\/users\/4"}],"replies":[{"embeddable":true,"href":"https:\/\/alice.ch\/it\/wp-json\/wp\/v2\/comments?post=11419"}],"version-history":[{"count":25,"href":"https:\/\/alice.ch\/it\/wp-json\/wp\/v2\/pages\/11419\/revisions"}],"predecessor-version":[{"id":52119,"href":"https:\/\/alice.ch\/it\/wp-json\/wp\/v2\/pages\/11419\/revisions\/52119"}],"up":[{"embeddable":true,"href":"https:\/\/alice.ch\/it\/wp-json\/wp\/v2\/pages\/31925"}],"wp:featuredmedia":[{"embeddable":true,"href":"https:\/\/alice.ch\/it\/wp-json\/wp\/v2\/media\/20799"}],"wp:attachment":[{"href":"https:\/\/alice.ch\/it\/wp-json\/wp\/v2\/media?parent=11419"}],"curies":[{"name":"wp","href":"https:\/\/api.w.org\/{rel}","templated":true}]}}