{"id":11425,"date":"2022-08-16T16:30:34","date_gmt":"2022-08-16T14:30:34","guid":{"rendered":"https:\/\/projects.atxeit.ch\/sveb\/weiterbildungspolitik\/berufsbildung\/"},"modified":"2023-12-12T10:38:36","modified_gmt":"2023-12-12T09:38:36","slug":"formazione-professionale","status":"publish","type":"page","link":"https:\/\/alice.ch\/it\/fsea-it\/politica-della-formazione\/formazione-professionale\/","title":{"rendered":"Formazione professionale"},"content":{"rendered":"\n<div class=\"wp-block-group is-style-reduced-width is-layout-flow wp-block-group-is-layout-flow\">\n<h1 class=\"wp-block-heading\">Formazione professionale<\/h1>\n\n\n\n<p class=\"is-style-lead\">La formazione professionale \u00e8 considerata un modello di successo svizzero, anche se si trova di fronte a grandi sfide. Deve dare risposte ai mega trend come la digitalizzazione, la crescente mobilit\u00e0 e flessibilit\u00e0 occupazionale, l\u2019innalzamento dei requisiti richiesti e la globalizzazione.<\/p>\n\n\n\n<p>Nel 2016 il Consiglio federale, in collaborazione con i Cantoni e le organizzazioni del mondo del lavoro (OmL), ha avviato un processo per elaborare una visione coerente e a lungo termine per la formazione professionale denominata &#8220;<a href=\"https:\/\/formazioneprofessionale2030.ch\/it\/\" target=\"_blank\" rel=\"noreferrer noopener\">Formazione professionale 2030<\/a>&#8220;. Questo processo \u00e8 culminato in una&nbsp;<a href=\"https:\/\/formazioneprofessionale2030.ch\/it\/contesto\" target=\"_blank\" rel=\"noreferrer noopener\">dichiarazione di intenti<\/a>&nbsp;adottata e in un&nbsp;<a href=\"https:\/\/formazioneprofessionale2030.ch\/images\/pdf_it\/vision2030_i.pdf\" target=\"_blank\" rel=\"noreferrer noopener\">programma<\/a>.<\/p>\n\n\n\n<p>Gli studi sull&#8217;evoluzione del mercato del lavoro giungono alla conclusione unanime che l&#8217;occupabilit\u00e0 delle persone \u00e8 a rischio senza una formazione professionale continua. Un leitmotiv della futura formazione professionale \u00e8 quindi l&#8217;apprendimento permanente e lo spostamento dell&#8217;attenzione dai giovani agli adulti. Ci\u00f2 riguarda anche i confini tra formazione professionale e continua cos\u00ec come formazione formale e non formale.<\/p>\n\n\n\n<h2 class=\"wp-block-heading\">Offerte flessibili e part-time<\/h2>\n\n\n\n<p>Il fatto che queste sfere siano gi\u00e0 interconnesse \u00e8 dimostrato, ad esempio, dal modello della formazione professionale superiore con i corsi preparatori dell\u2019ambito non formale e un titolo formale. Il modello \u00e8 notevole anche perch\u00e9 soddisfa le esigenze degli adulti di offerte flessibili e non da ultimo extra-occupazionali.<\/p>\n\n\n\n<p>La formazione continua, il cui gruppo target tradizionale \u00e8 costituito dagli adulti, pu\u00f2 dare un contributo significativo alla formazione professionale futura nelle le strutture esistenti. Allo stesso tempo, \u00e8 importante considerare quali siano i requisiti che la formazione continua deve soddisfare per poter funzionare in un sistema di formazione professionale per adulti. Ci\u00f2 include, tra l&#8217;altro, la questione del riconoscimento delle qualifiche non formali nel quadro della formazione professionale.<\/p>\n\n\n\n<h2 class=\"wp-block-heading\">Misure urgenti<\/h2>\n\n\n\n<p>La FSEA ritiene che se si vuole che gli adulti restino attivi sul mercato del lavoro lungo tutto il corso della vita occorra attuare una serie di misure:<\/p>\n\n\n\n<ol class=\"wp-block-list\">\n<li><strong>Ampliare informazione e orientamento:<\/strong>&nbsp;\u00e8 necessaria un&#8217;offensiva nazionale volta a informare e orientare. Un elemento essenziale in questo senso \u00e8 costituito dalle strategie di orientamento degli uffici cantonali di orientamento che si adattano alle esigenze degli adulti che lavorano e sono qualificati. Anche le parti sociali e le organizzazioni del mondo del lavoro (OmL) svolgono un ruolo importante in quanto hanno una linea diretta con le imprese e conoscono bene le esigenze dei singoli settori.<\/li>\n\n\n\n<li><strong>Creare incentivi finanziari:&nbsp;<\/strong>\u00e8 necessario un sistema di incentivi finanziari per incoraggiare le imprese a investire maggiormente nella formazione professionale continua. Il sistema deve essere progettato in modo tale che gli investimenti esistenti non siano ridotti ma integrati in modo ottimale. \u00c8 ipotizzabile la creazione di un fondo nazionale per la formazione continua, finanziato in parti uguali dalle imprese e dal settore pubblico che (in combinazione con informazioni e consulenze adeguate) fornirebbe incentivi efficaci per gli investimenti nella formazione continua.<\/li>\n\n\n\n<li><strong>Sviluppare ulteriormente l\u2019offerta di formazione e di orientamento:&nbsp;<\/strong>gli enti di formazione continua sono chiamati ad adeguare ancora di pi\u00f9 i loro servizi di formazione e orientamento in funzione delle esigenze delle imprese. In particolare, le piccole e medie imprese hanno esigenze specifiche che non sono soddisfatte da molti enti di formazione. Per quanto riguarda le competenze interdisciplinari sempre pi\u00f9 importanti, \u00e8 inoltre necessario sistematizzare e ampliare l&#8217;offerta di formazione continua.<\/li>\n<\/ol>\n\n\n\n<h2 class=\"wp-block-heading\">Contatto<\/h2>\n\n\n\n<div class=\"wp-block-columns is-layout-flex wp-container-core-columns-is-layout-28f84493 wp-block-columns-is-layout-flex\">\n<div class=\"wp-block-column is-layout-flow wp-block-column-is-layout-flow\" style=\"flex-basis:50%\"><div class=\"contact-persons\">\n\n\t\t\t\t\t<div class=\"contact-person\">\n\t\t\t\t\tSimone Rizzi<br \/>\t\t\t\t\tResponsabile segretariato regionale, Membro della direzione FSEA<br \/>\t\t\t\t\t<br \/>\n\t\t\t\t\t\t\t\t\t\t<a href=\"tel:+41 (0)91 950 84 16\">+41 (0)91 950 84 16<\/a><br \/>\t\t\t\t\t<a href=\"mailto:simone.rizzi@alice.ch\">simone.rizzi@alice.ch<\/a><br \/>\t\t\t\t\t<\/div>\n\t\t\t\t\t<\/div>\n<\/div>\n\n\n\n<div class=\"wp-block-column is-layout-flow wp-block-column-is-layout-flow\" style=\"flex-basis:50%\"><\/div>\n<\/div>\n<\/div>\n","protected":false},"excerpt":{"rendered":"<p>Formazione professionale La formazione professionale \u00e8 considerata un modello di successo svizzero, anche se si trova di fronte a grandi [&hellip;]<\/p>\n","protected":false},"author":4,"featured_media":20799,"parent":31925,"menu_order":616,"comment_status":"closed","ping_status":"closed","template":"","meta":{"_acf_changed":false,"inline_featured_image":false,"footnotes":""},"class_list":["post-11425","page","type-page","status-publish","has-post-thumbnail","hentry"],"acf":[],"yoast_head":"<!-- This site is optimized with the Yoast SEO plugin v27.3 - https:\/\/yoast.com\/product\/yoast-seo-wordpress\/ -->\n<title>Berufsbildung - das schweizerische Erfolgsmodell - SVEB<\/title>\n<meta name=\"description\" content=\"La formazione continua offre un contributo essenziale al sistema di formazione professionale attuale e futuro della Svizzera.\" \/>\n<meta name=\"robots\" content=\"index, follow, max-snippet:-1, max-image-preview:large, max-video-preview:-1\" \/>\n<link rel=\"canonical\" href=\"https:\/\/alice.ch\/it\/fsea-it\/politica-della-formazione\/formazione-professionale\/\" \/>\n<meta property=\"og:locale\" content=\"it_IT\" \/>\n<meta property=\"og:type\" content=\"article\" \/>\n<meta property=\"og:title\" content=\"Berufsbildung - das schweizerische Erfolgsmodell - SVEB\" \/>\n<meta property=\"og:description\" content=\"La formazione continua offre un contributo essenziale al sistema di formazione professionale attuale e futuro della Svizzera.\" \/>\n<meta property=\"og:url\" content=\"https:\/\/alice.ch\/it\/fsea-it\/politica-della-formazione\/formazione-professionale\/\" \/>\n<meta property=\"og:site_name\" content=\"SVEB\" \/>\n<meta property=\"article:modified_time\" content=\"2023-12-12T09:38:36+00:00\" \/>\n<meta name=\"twitter:card\" content=\"summary_large_image\" \/>\n<meta name=\"twitter:label1\" content=\"Tempo di lettura stimato\" \/>\n\t<meta name=\"twitter:data1\" content=\"3 minuti\" \/>\n<script type=\"application\/ld+json\" class=\"yoast-schema-graph\">{\"@context\":\"https:\\\/\\\/schema.org\",\"@graph\":[{\"@type\":\"WebPage\",\"@id\":\"https:\\\/\\\/alice.ch\\\/it\\\/fsea-it\\\/politica-della-formazione\\\/formazione-professionale\\\/\",\"url\":\"https:\\\/\\\/alice.ch\\\/it\\\/fsea-it\\\/politica-della-formazione\\\/formazione-professionale\\\/\",\"name\":\"Berufsbildung - das schweizerische Erfolgsmodell - SVEB\",\"isPartOf\":{\"@id\":\"https:\\\/\\\/alice.ch\\\/it\\\/#website\"},\"primaryImageOfPage\":{\"@id\":\"https:\\\/\\\/alice.ch\\\/it\\\/fsea-it\\\/politica-della-formazione\\\/formazione-professionale\\\/#primaryimage\"},\"image\":{\"@id\":\"https:\\\/\\\/alice.ch\\\/it\\\/fsea-it\\\/politica-della-formazione\\\/formazione-professionale\\\/#primaryimage\"},\"thumbnailUrl\":\"https:\\\/\\\/alice.ch\\\/app\\\/uploads\\\/2022\\\/11\\\/default.jpg\",\"datePublished\":\"2022-08-16T14:30:34+00:00\",\"dateModified\":\"2023-12-12T09:38:36+00:00\",\"description\":\"La formazione continua offre un contributo essenziale al sistema di formazione professionale attuale e futuro della Svizzera.\",\"breadcrumb\":{\"@id\":\"https:\\\/\\\/alice.ch\\\/it\\\/fsea-it\\\/politica-della-formazione\\\/formazione-professionale\\\/#breadcrumb\"},\"inLanguage\":\"it-IT\",\"potentialAction\":[{\"@type\":\"ReadAction\",\"target\":[\"https:\\\/\\\/alice.ch\\\/it\\\/fsea-it\\\/politica-della-formazione\\\/formazione-professionale\\\/\"]}]},{\"@type\":\"ImageObject\",\"inLanguage\":\"it-IT\",\"@id\":\"https:\\\/\\\/alice.ch\\\/it\\\/fsea-it\\\/politica-della-formazione\\\/formazione-professionale\\\/#primaryimage\",\"url\":\"https:\\\/\\\/alice.ch\\\/app\\\/uploads\\\/2022\\\/11\\\/default.jpg\",\"contentUrl\":\"https:\\\/\\\/alice.ch\\\/app\\\/uploads\\\/2022\\\/11\\\/default.jpg\",\"width\":1600,\"height\":900},{\"@type\":\"BreadcrumbList\",\"@id\":\"https:\\\/\\\/alice.ch\\\/it\\\/fsea-it\\\/politica-della-formazione\\\/formazione-professionale\\\/#breadcrumb\",\"itemListElement\":[{\"@type\":\"ListItem\",\"position\":1,\"name\":\"Pagina iniziale\",\"item\":\"https:\\\/\\\/alice.ch\\\/it\\\/\"},{\"@type\":\"ListItem\",\"position\":2,\"name\":\"FSEA\",\"item\":\"https:\\\/\\\/alice.ch\\\/it\\\/fsea-it\\\/\"},{\"@type\":\"ListItem\",\"position\":3,\"name\":\"Politica della formazione\",\"item\":\"https:\\\/\\\/alice.ch\\\/it\\\/fsea-it\\\/politica-della-formazione\\\/\"},{\"@type\":\"ListItem\",\"position\":4,\"name\":\"Formazione professionale\"}]},{\"@type\":\"WebSite\",\"@id\":\"https:\\\/\\\/alice.ch\\\/it\\\/#website\",\"url\":\"https:\\\/\\\/alice.ch\\\/it\\\/\",\"name\":\"alice.ch (Adult Learning Information Center) ist das Portal der Weiterbildung in der Schweiz.\",\"description\":\"Schweizerischer Verband f\u00fcr Weiterbildung\",\"publisher\":{\"@id\":\"https:\\\/\\\/alice.ch\\\/it\\\/#organization\"},\"potentialAction\":[{\"@type\":\"SearchAction\",\"target\":{\"@type\":\"EntryPoint\",\"urlTemplate\":\"https:\\\/\\\/alice.ch\\\/it\\\/?s={search_term_string}\"},\"query-input\":{\"@type\":\"PropertyValueSpecification\",\"valueRequired\":true,\"valueName\":\"search_term_string\"}}],\"inLanguage\":\"it-IT\"},{\"@type\":\"Organization\",\"@id\":\"https:\\\/\\\/alice.ch\\\/it\\\/#organization\",\"name\":\"FSEA Federazione svizzera per la formazione continua\",\"url\":\"https:\\\/\\\/alice.ch\\\/it\\\/\",\"logo\":{\"@type\":\"ImageObject\",\"inLanguage\":\"it-IT\",\"@id\":\"https:\\\/\\\/alice.ch\\\/it\\\/#\\\/schema\\\/logo\\\/image\\\/\",\"url\":\"https:\\\/\\\/alice.ch\\\/app\\\/uploads\\\/2022\\\/07\\\/logo-sveb.png\",\"contentUrl\":\"https:\\\/\\\/alice.ch\\\/app\\\/uploads\\\/2022\\\/07\\\/logo-sveb.png\",\"width\":145,\"height\":64,\"caption\":\"FSEA Federazione svizzera per la formazione continua\"},\"image\":{\"@id\":\"https:\\\/\\\/alice.ch\\\/it\\\/#\\\/schema\\\/logo\\\/image\\\/\"},\"sameAs\":[\"https:\\\/\\\/www.linkedin.com\\\/company\\\/schweizerischer-verband-fr-weiterbildung-sveb\\\/\"]}]}<\/script>\n<!-- \/ Yoast SEO plugin. -->","yoast_head_json":{"title":"Berufsbildung - das schweizerische Erfolgsmodell - SVEB","description":"La formazione continua offre un contributo essenziale al sistema di formazione professionale attuale e futuro della Svizzera.","robots":{"index":"index","follow":"follow","max-snippet":"max-snippet:-1","max-image-preview":"max-image-preview:large","max-video-preview":"max-video-preview:-1"},"canonical":"https:\/\/alice.ch\/it\/fsea-it\/politica-della-formazione\/formazione-professionale\/","og_locale":"it_IT","og_type":"article","og_title":"Berufsbildung - das schweizerische Erfolgsmodell - SVEB","og_description":"La formazione continua offre un contributo essenziale al sistema di formazione professionale attuale e futuro della Svizzera.","og_url":"https:\/\/alice.ch\/it\/fsea-it\/politica-della-formazione\/formazione-professionale\/","og_site_name":"SVEB","article_modified_time":"2023-12-12T09:38:36+00:00","twitter_card":"summary_large_image","twitter_misc":{"Tempo di lettura stimato":"3 minuti"},"schema":{"@context":"https:\/\/schema.org","@graph":[{"@type":"WebPage","@id":"https:\/\/alice.ch\/it\/fsea-it\/politica-della-formazione\/formazione-professionale\/","url":"https:\/\/alice.ch\/it\/fsea-it\/politica-della-formazione\/formazione-professionale\/","name":"Berufsbildung - das schweizerische Erfolgsmodell - SVEB","isPartOf":{"@id":"https:\/\/alice.ch\/it\/#website"},"primaryImageOfPage":{"@id":"https:\/\/alice.ch\/it\/fsea-it\/politica-della-formazione\/formazione-professionale\/#primaryimage"},"image":{"@id":"https:\/\/alice.ch\/it\/fsea-it\/politica-della-formazione\/formazione-professionale\/#primaryimage"},"thumbnailUrl":"https:\/\/alice.ch\/app\/uploads\/2022\/11\/default.jpg","datePublished":"2022-08-16T14:30:34+00:00","dateModified":"2023-12-12T09:38:36+00:00","description":"La formazione continua offre un contributo essenziale al sistema di formazione professionale attuale e futuro della Svizzera.","breadcrumb":{"@id":"https:\/\/alice.ch\/it\/fsea-it\/politica-della-formazione\/formazione-professionale\/#breadcrumb"},"inLanguage":"it-IT","potentialAction":[{"@type":"ReadAction","target":["https:\/\/alice.ch\/it\/fsea-it\/politica-della-formazione\/formazione-professionale\/"]}]},{"@type":"ImageObject","inLanguage":"it-IT","@id":"https:\/\/alice.ch\/it\/fsea-it\/politica-della-formazione\/formazione-professionale\/#primaryimage","url":"https:\/\/alice.ch\/app\/uploads\/2022\/11\/default.jpg","contentUrl":"https:\/\/alice.ch\/app\/uploads\/2022\/11\/default.jpg","width":1600,"height":900},{"@type":"BreadcrumbList","@id":"https:\/\/alice.ch\/it\/fsea-it\/politica-della-formazione\/formazione-professionale\/#breadcrumb","itemListElement":[{"@type":"ListItem","position":1,"name":"Pagina iniziale","item":"https:\/\/alice.ch\/it\/"},{"@type":"ListItem","position":2,"name":"FSEA","item":"https:\/\/alice.ch\/it\/fsea-it\/"},{"@type":"ListItem","position":3,"name":"Politica della formazione","item":"https:\/\/alice.ch\/it\/fsea-it\/politica-della-formazione\/"},{"@type":"ListItem","position":4,"name":"Formazione professionale"}]},{"@type":"WebSite","@id":"https:\/\/alice.ch\/it\/#website","url":"https:\/\/alice.ch\/it\/","name":"alice.ch (Adult Learning Information Center) ist das Portal der Weiterbildung in der Schweiz.","description":"Schweizerischer Verband f\u00fcr Weiterbildung","publisher":{"@id":"https:\/\/alice.ch\/it\/#organization"},"potentialAction":[{"@type":"SearchAction","target":{"@type":"EntryPoint","urlTemplate":"https:\/\/alice.ch\/it\/?s={search_term_string}"},"query-input":{"@type":"PropertyValueSpecification","valueRequired":true,"valueName":"search_term_string"}}],"inLanguage":"it-IT"},{"@type":"Organization","@id":"https:\/\/alice.ch\/it\/#organization","name":"FSEA Federazione svizzera per la formazione continua","url":"https:\/\/alice.ch\/it\/","logo":{"@type":"ImageObject","inLanguage":"it-IT","@id":"https:\/\/alice.ch\/it\/#\/schema\/logo\/image\/","url":"https:\/\/alice.ch\/app\/uploads\/2022\/07\/logo-sveb.png","contentUrl":"https:\/\/alice.ch\/app\/uploads\/2022\/07\/logo-sveb.png","width":145,"height":64,"caption":"FSEA Federazione svizzera per la formazione continua"},"image":{"@id":"https:\/\/alice.ch\/it\/#\/schema\/logo\/image\/"},"sameAs":["https:\/\/www.linkedin.com\/company\/schweizerischer-verband-fr-weiterbildung-sveb\/"]}]}},"_links":{"self":[{"href":"https:\/\/alice.ch\/it\/wp-json\/wp\/v2\/pages\/11425","targetHints":{"allow":["GET"]}}],"collection":[{"href":"https:\/\/alice.ch\/it\/wp-json\/wp\/v2\/pages"}],"about":[{"href":"https:\/\/alice.ch\/it\/wp-json\/wp\/v2\/types\/page"}],"author":[{"embeddable":true,"href":"https:\/\/alice.ch\/it\/wp-json\/wp\/v2\/users\/4"}],"replies":[{"embeddable":true,"href":"https:\/\/alice.ch\/it\/wp-json\/wp\/v2\/comments?post=11425"}],"version-history":[{"count":5,"href":"https:\/\/alice.ch\/it\/wp-json\/wp\/v2\/pages\/11425\/revisions"}],"predecessor-version":[{"id":56770,"href":"https:\/\/alice.ch\/it\/wp-json\/wp\/v2\/pages\/11425\/revisions\/56770"}],"up":[{"embeddable":true,"href":"https:\/\/alice.ch\/it\/wp-json\/wp\/v2\/pages\/31925"}],"wp:featuredmedia":[{"embeddable":true,"href":"https:\/\/alice.ch\/it\/wp-json\/wp\/v2\/media\/20799"}],"wp:attachment":[{"href":"https:\/\/alice.ch\/it\/wp-json\/wp\/v2\/media?parent=11425"}],"curies":[{"name":"wp","href":"https:\/\/api.w.org\/{rel}","templated":true}]}}