{"id":15702,"date":"2022-07-11T16:28:41","date_gmt":"2022-07-11T14:28:41","guid":{"rendered":"https:\/\/projects.atxeit.ch\/sveb\/?page_id=15702"},"modified":"2026-03-24T10:11:06","modified_gmt":"2026-03-24T09:11:06","slug":"sveb-schweizerischer-verband-fur-weiterbildung","status":"publish","type":"page","link":"https:\/\/alice.ch\/it\/","title":{"rendered":"FSEA Federazione svizzera per la formazione continua"},"content":{"rendered":"\n<h1 class=\"wp-block-heading\">FSEA Federazione svizzera per la formazione continua<\/h1>\n\n\n\n<h2 class=\"wp-block-heading has-large-font-size\">La FSEA sostiene le organizzazioni e i professionisti nella formazione continua con un supporto concreto, informazioni e partecipando alla discussione a livello politico. alice.ch&nbsp;(Adult Learning Information Center) \u00e8 il portale della formazione continua in Svizzera.<\/h2>\n\n\n\n<div class=\"wp-block-group alignwide is-style-three-cols-articles is-layout-constrained wp-block-group-is-layout-constrained\">\n<div class=\"wp-block-media-text alignwide is-stacked-on-mobile is-style-stacked\" style=\"grid-template-columns:85% auto\"><figure class=\"wp-block-media-text__media\"><a href=\"https:\/\/alice.ch\/it\/professionalizzazione\/formare-adulti-come-professione\/\"><img decoding=\"async\" width=\"1024\" height=\"535\" src=\"https:\/\/alice.ch\/app\/uploads\/2024\/12\/formare-1-1024x535.jpg\" alt=\"\" class=\"wp-image-64775 size-full\" srcset=\"https:\/\/alice.ch\/app\/uploads\/2024\/12\/formare-1-1024x535.jpg 1024w, https:\/\/alice.ch\/app\/uploads\/2024\/12\/formare-1-300x157.jpg 300w, https:\/\/alice.ch\/app\/uploads\/2024\/12\/formare-1-768x401.jpg 768w, https:\/\/alice.ch\/app\/uploads\/2024\/12\/formare-1.jpg 1200w\" sizes=\"(max-width: 1024px) 100vw, 1024px\" \/><\/a><\/figure><div class=\"wp-block-media-text__content\">\n<p>Informazioni sui Certificati FSEA, l\u2019attestato professionale federale di formatrice\/formatore e il sistema modulare FFA (formazione dei formatori)<\/p>\n\n\n\n<div class=\"wp-block-buttons is-layout-flex wp-block-buttons-is-layout-flex\">\n<div class=\"wp-block-button has-custom-width wp-block-button__width-100 is-style-minimal\"><a class=\"wp-block-button__link wp-element-button\" href=\"https:\/\/alice.ch\/it\/professionalizzazione\/formare-adulti-come-professione\/\">Per saperne di pi\u00f9<\/a><\/div>\n<\/div>\n<\/div><\/div>\n\n\n\n<div class=\"wp-block-media-text alignwide is-stacked-on-mobile is-style-stacked\" style=\"grid-template-columns:85% auto\"><figure class=\"wp-block-media-text__media\"><a href=\"https:\/\/alice.ch\/it\/ricerca\/\"><img decoding=\"async\" width=\"1024\" height=\"535\" src=\"https:\/\/alice.ch\/app\/uploads\/2024\/12\/sviluppo-1-1024x535.jpg\" alt=\"\" class=\"wp-image-64795 size-full\" srcset=\"https:\/\/alice.ch\/app\/uploads\/2024\/12\/sviluppo-1-1024x535.jpg 1024w, https:\/\/alice.ch\/app\/uploads\/2024\/12\/sviluppo-1-300x157.jpg 300w, https:\/\/alice.ch\/app\/uploads\/2024\/12\/sviluppo-1-768x401.jpg 768w, https:\/\/alice.ch\/app\/uploads\/2024\/12\/sviluppo-1.jpg 1200w\" sizes=\"(max-width: 1024px) 100vw, 1024px\" \/><\/a><\/figure><div class=\"wp-block-media-text__content\">\n<p>Monitoraggio settoriale, studi FOCUS e PMI, progetti, sviluppi per la pratica: queste alcune delle attivit\u00e0 di sviluppo e ricerca della FSEA<\/p>\n\n\n\n<div class=\"wp-block-buttons is-layout-flex wp-block-buttons-is-layout-flex\">\n<div class=\"wp-block-button has-custom-width wp-block-button__width-100 is-style-minimal\"><a class=\"wp-block-button__link wp-element-button\" href=\"https:\/\/alice.ch\/it\/ricerca\/\">Per saperne di pi\u00f9<\/a><\/div>\n<\/div>\n<\/div><\/div>\n\n\n\n<div class=\"wp-block-media-text alignwide is-stacked-on-mobile is-style-stacked\"><figure class=\"wp-block-media-text__media\"><a href=\"https:\/\/alice.ch\/it\/qualita\/il-label-di-qualita-eduqua\/\"><img decoding=\"async\" width=\"1024\" height=\"535\" src=\"https:\/\/alice.ch\/app\/uploads\/2024\/11\/teaser-eduqua-it-1024x535.jpg\" alt=\"\" class=\"wp-image-64334 size-full\" srcset=\"https:\/\/alice.ch\/app\/uploads\/2024\/11\/teaser-eduqua-it-1024x535.jpg 1024w, https:\/\/alice.ch\/app\/uploads\/2024\/11\/teaser-eduqua-it-300x157.jpg 300w, https:\/\/alice.ch\/app\/uploads\/2024\/11\/teaser-eduqua-it-768x401.jpg 768w, https:\/\/alice.ch\/app\/uploads\/2024\/11\/teaser-eduqua-it-1536x802.jpg 1536w, https:\/\/alice.ch\/app\/uploads\/2024\/11\/teaser-eduqua-it-2048x1070.jpg 2048w\" sizes=\"(max-width: 1024px) 100vw, 1024px\" \/><\/a><\/figure><div class=\"wp-block-media-text__content\">\n<p>Informazioni sui requisiti, i costi e la procedura di certificazione eduQua<\/p>\n\n\n\n<div class=\"wp-block-buttons is-layout-flex wp-block-buttons-is-layout-flex\">\n<div class=\"wp-block-button has-custom-width wp-block-button__width-100 is-style-minimal\"><a class=\"wp-block-button__link wp-element-button\" href=\"https:\/\/alice.ch\/it\/qualita\/il-label-di-qualita-eduqua\/\">Per saperne di pi\u00f9<\/a><\/div>\n<\/div>\n<\/div><\/div>\n<\/div>\n\n\n\n<h2 class=\"wp-block-heading\">Accesso diretto<\/h2>\n\n\n\n<div class=\"wp-block-buttons is-style-three-column-buttons is-layout-flex wp-block-buttons-is-layout-flex\" id=\"js-quicklinks\">\n<div class=\"wp-block-button is-style-outline is-style-outline--1\"><a class=\"wp-block-button__link has-large-font-size has-custom-font-size wp-element-button\" href=\"https:\/\/alice.ch\/it\/temi\/formazione-continua-per-uno-sviluppo-sostenibile\/\">Formazione continua per uno sviluppo sostenibile<\/a><\/div>\n\n\n\n<div class=\"wp-block-button is-style-outline is-style-outline--2\"><a class=\"wp-block-button__link has-large-font-size has-custom-font-size wp-element-button\" href=\"https:\/\/alice.ch\/it\/servizi\/progetti-di-buoni-fsea\/\">Progetti di buoni<\/a><\/div>\n\n\n\n<div class=\"wp-block-button is-style-outline external is-style-outline--3\"><a class=\"wp-block-button__link has-large-font-size has-custom-font-size wp-element-button\" href=\"https:\/\/alice.ch\/it\/attualita\/rivista-specializzata-ep\/\">Rivista &#8220;Education Permanente&#8221;<\/a><\/div>\n\n\n\n<div class=\"wp-block-button is-style-outline is-style-outline--4\"><a class=\"wp-block-button__link has-large-font-size has-custom-font-size wp-element-button\" href=\"https:\/\/alice.ch\/it\/temi\/competenze-di-base\/\">Competenze di base<\/a><\/div>\n\n\n\n<div class=\"wp-block-button is-style-outline is-style-outline--5\"><a class=\"wp-block-button__link has-large-font-size has-custom-font-size wp-element-button\" href=\"https:\/\/alice.ch\/it\/ricerca\/progetti\/\">Progetti<\/a><\/div>\n\n\n\n<div class=\"wp-block-button is-style-outline external is-style-outline--6\"><a class=\"wp-block-button__link has-large-font-size has-custom-font-size wp-element-button\" href=\"https:\/\/weiterbildung-in-kmu.ch\/it\" target=\"_blank\" rel=\"noreferrer noopener\">Formazione continua nelle PMI<\/a><\/div>\n<\/div>\n\n\n\n<hr class=\"wp-block-separator has-alpha-channel-opacity is-style-wide\"\/>\n\n\n\n<h2 class=\"wp-block-heading\">Temi prioritari<\/h2>\n\n\n\n<div class=\"wp-block-group alignwide is-style-three-cols-articles is-layout-constrained wp-block-group-is-layout-constrained\">\n<div class=\"wp-block-media-text alignwide is-stacked-on-mobile is-image-fill-element is-style-stacked\" style=\"grid-template-columns:85% auto\"><figure class=\"wp-block-media-text__media\"><a href=\"https:\/\/alice.ch\/it\/fsea-it\/politica-della-formazione\/piani-di-risparmio-della-confederazione\/\"><img decoding=\"async\" width=\"1024\" height=\"535\" src=\"https:\/\/alice.ch\/app\/uploads\/2024\/09\/bildungspolitik-1024x535.jpg\" alt=\"\" class=\"wp-image-62842 size-full\" style=\"object-position:50% 50%\" srcset=\"https:\/\/alice.ch\/app\/uploads\/2024\/09\/bildungspolitik-1024x535.jpg 1024w, https:\/\/alice.ch\/app\/uploads\/2024\/09\/bildungspolitik-300x157.jpg 300w, https:\/\/alice.ch\/app\/uploads\/2024\/09\/bildungspolitik-768x401.jpg 768w, https:\/\/alice.ch\/app\/uploads\/2024\/09\/bildungspolitik-1536x802.jpg 1536w, https:\/\/alice.ch\/app\/uploads\/2024\/09\/bildungspolitik-2048x1070.jpg 2048w\" sizes=\"(max-width: 1024px) 100vw, 1024px\" \/><\/a><\/figure><div class=\"wp-block-media-text__content\">\n<h3 class=\"wp-block-heading\"><a href=\"https:\/\/alice.ch\/it\/fsea-it\/politica-della-formazione\/piani-di-risparmio-della-confederazione\/\">Lotta contro le misure di risparmio della Confederazione nella formazione continua<\/a><\/h3>\n\n\n\n<p>Nell\u2019ambito del suo programma di risparmio, il Consiglio federale intendeva risparmiare drasticamente sulla formazione continua. I tagli avrebbero avuto conseguenze disastrose per l\u2019economia e la societ\u00e0. La FSEA si \u00e8 impegnata con ogni mezzo per evitare che ci\u00f2 accadesse. Con successo.<\/p>\n\n\n\n<div class=\"wp-block-buttons is-layout-flex wp-block-buttons-is-layout-flex\">\n<div class=\"wp-block-button has-custom-width wp-block-button__width-100 is-style-minimal\"><a class=\"wp-block-button__link wp-element-button\" href=\"https:\/\/alice.ch\/it\/fsea-it\/politica-della-formazione\/piani-di-risparmio-della-confederazione\/\">alla pagina<\/a><\/div>\n<\/div>\n<\/div><\/div>\n\n\n\n<div class=\"wp-block-media-text alignwide is-stacked-on-mobile is-image-fill-element is-style-stacked\" style=\"grid-template-columns:85% auto\"><figure class=\"wp-block-media-text__media\"><a href=\"https:\/\/alice.ch\/app\/uploads\/2025\/11\/monitoraggio-fsea-2025.pdf\"><img decoding=\"async\" width=\"1024\" height=\"535\" src=\"https:\/\/alice.ch\/app\/uploads\/2025\/03\/bericht-mit-linien-chart-icon-2-1024x535.png\" alt=\"\" class=\"wp-image-66785 size-full\" style=\"object-position:50% 50%\" srcset=\"https:\/\/alice.ch\/app\/uploads\/2025\/03\/bericht-mit-linien-chart-icon-2-1024x535.png 1024w, https:\/\/alice.ch\/app\/uploads\/2025\/03\/bericht-mit-linien-chart-icon-2-300x157.png 300w, https:\/\/alice.ch\/app\/uploads\/2025\/03\/bericht-mit-linien-chart-icon-2-768x401.png 768w, https:\/\/alice.ch\/app\/uploads\/2025\/03\/bericht-mit-linien-chart-icon-2-1536x802.png 1536w, https:\/\/alice.ch\/app\/uploads\/2025\/03\/bericht-mit-linien-chart-icon-2-2048x1070.png 2048w\" sizes=\"(max-width: 1024px) 100vw, 1024px\" \/><\/a><\/figure><div class=\"wp-block-media-text__content\">\n<h3 class=\"wp-block-heading\"><a href=\"https:\/\/alice.ch\/app\/uploads\/2025\/11\/monitoraggio-fsea-2025.pdf\">Gli enti di formazione continua lamentano un\u2019elevata pressione concorrenziale<\/a><\/h3>\n\n\n\n<p>Ottimismo nonostante le grandi sfide: secondo il monitoraggio settoriale FSEA, gli enti di formazione continua prevedono uno sviluppo leggermente positivo dell\u2019offerta e della domanda. Tuttavia, la forte concorrenza li mette in difficolt\u00e0.<\/p>\n\n\n\n<div class=\"wp-block-buttons is-layout-flex wp-block-buttons-is-layout-flex\">\n<div class=\"wp-block-button has-custom-width wp-block-button__width-100 is-style-minimal\"><a class=\"wp-block-button__link wp-element-button\" href=\"https:\/\/alice.ch\/app\/uploads\/2025\/11\/monitoraggio-fsea-2025.pdf\">allo studio<\/a><\/div>\n<\/div>\n<\/div><\/div>\n\n\n\n<div class=\"wp-block-media-text alignwide is-stacked-on-mobile is-image-fill-element is-style-stacked\"><figure class=\"wp-block-media-text__media\"><a href=\"https:\/\/alice.ch\/it\/news\/perche-molti-adulti-non-frequentano-corsi-nelle-competenze-di-base-e-cosa-significa-per-la-formazione-continua\/\"><img decoding=\"async\" width=\"1024\" height=\"535\" src=\"https:\/\/alice.ch\/app\/uploads\/2024\/12\/icon-ep-1200x627-1-1024x535.png\" alt=\"\" class=\"wp-image-65144 size-full\" style=\"object-position:50% 50%\" srcset=\"https:\/\/alice.ch\/app\/uploads\/2024\/12\/icon-ep-1200x627-1-1024x535.png 1024w, https:\/\/alice.ch\/app\/uploads\/2024\/12\/icon-ep-1200x627-1-300x157.png 300w, https:\/\/alice.ch\/app\/uploads\/2024\/12\/icon-ep-1200x627-1-768x401.png 768w, https:\/\/alice.ch\/app\/uploads\/2024\/12\/icon-ep-1200x627-1-1536x802.png 1536w, https:\/\/alice.ch\/app\/uploads\/2024\/12\/icon-ep-1200x627-1-2048x1070.png 2048w\" sizes=\"(max-width: 1024px) 100vw, 1024px\" \/><\/a><\/figure><div class=\"wp-block-media-text__content\">\n<h3 class=\"wp-block-heading\"><a href=\"https:\/\/alice.ch\/it\/news\/perche-molti-adulti-non-frequentano-corsi-nelle-competenze-di-base-e-cosa-significa-per-la-formazione-continua\/\">Ricerca: Perch\u00e9 molti adulti non frequentano corsi <\/a>di formazione continua<\/h3>\n\n\n\n<p>In Svizzera circa il 30% degli adulti non possiede sufficienti competenze di base, ma solo pochi di loro frequentano dei corsi per migliorare tali competenze. Una nuova ricerca della FSEA analizza le ragioni di questo fenomeno.&nbsp;<\/p>\n\n\n\n<div class=\"wp-block-buttons is-layout-flex wp-block-buttons-is-layout-flex\">\n<div class=\"wp-block-button has-custom-width wp-block-button__width-100 is-style-minimal\"><a class=\"wp-block-button__link wp-element-button\" href=\"https:\/\/alice.ch\/it\/news\/perche-molti-adulti-non-frequentano-corsi-nelle-competenze-di-base-e-cosa-significa-per-la-formazione-continua\/\">alla news<\/a><\/div>\n<\/div>\n<\/div><\/div>\n<\/div>\n\n\n\n<h2 class=\"wp-block-heading\">News &amp; attualit\u00e0<\/h2>\n\n\n\n<div class=\"wp-block-query is-style-mobile-slider is-layout-flow wp-block-query-is-layout-flow\"><ul class=\"columns-3 wp-block-post-template is-layout-grid wp-container-core-post-template-is-layout-6d3fbd8f wp-block-post-template-is-layout-grid\"><li class=\"wp-block-post post-75212 news type-news status-publish has-post-thumbnail hentry news-category-internazionale\">\n<figure class=\"wp-block-post-featured-image\"><a href=\"https:\/\/alice.ch\/it\/news\/perche-la-svizzera-dovrebbe-aderire-a-erasmus\/\" target=\"_self\"  ><img decoding=\"async\" width=\"1200\" height=\"627\" src=\"https:\/\/alice.ch\/app\/uploads\/2026\/04\/antoine-schibler-KF3Ty-K6NVA-unsplash1.jpg\" class=\"attachment-post-thumbnail size-post-thumbnail wp-post-image\" alt=\"Perch\u00e9 la Svizzera dovrebbe aderire a Erasmus+\u00a0\" style=\"object-fit:cover;\" srcset=\"https:\/\/alice.ch\/app\/uploads\/2026\/04\/antoine-schibler-KF3Ty-K6NVA-unsplash1.jpg 1200w, https:\/\/alice.ch\/app\/uploads\/2026\/04\/antoine-schibler-KF3Ty-K6NVA-unsplash1-300x157.jpg 300w, https:\/\/alice.ch\/app\/uploads\/2026\/04\/antoine-schibler-KF3Ty-K6NVA-unsplash1-1024x535.jpg 1024w, https:\/\/alice.ch\/app\/uploads\/2026\/04\/antoine-schibler-KF3Ty-K6NVA-unsplash1-768x401.jpg 768w\" sizes=\"(max-width: 1200px) 100vw, 1200px\" \/><\/a><\/figure>\n\n\n<div class=\"wp-block-news-category\">Internazionale<\/div>\n\n\n<div class=\"wp-block-post-date\"><time datetime=\"2026-04-27T09:02:26+02:00\">27. Aprile 2026<\/time><\/div>\n\n<h3 class=\"wp-block-post-title\"><a href=\"https:\/\/alice.ch\/it\/news\/perche-la-svizzera-dovrebbe-aderire-a-erasmus\/\" target=\"_self\" >Perch\u00e9 la Svizzera dovrebbe aderire a Erasmus+\u00a0<\/a><\/h3>\n<\/li><li class=\"wp-block-post post-75187 news type-news status-publish has-post-thumbnail hentry news-category-digitalizzazione global-category-ia-e-formazione-continua\">\n<figure class=\"wp-block-post-featured-image\"><a href=\"https:\/\/alice.ch\/it\/news\/utilizzo-dellia-nella-ricerca-di-lavoro-e-nel-reclutamento\/\" target=\"_self\"  ><img decoding=\"async\" width=\"1200\" height=\"627\" src=\"https:\/\/alice.ch\/app\/uploads\/2026\/04\/dmitrii-shirnin-MRNuFO7Je9M-unsplash1.jpg\" class=\"attachment-post-thumbnail size-post-thumbnail wp-post-image\" alt=\"Utilizzo dell&#8217;IA nella ricerca di lavoro e nel reclutamento\u00a0\" style=\"object-fit:cover;\" srcset=\"https:\/\/alice.ch\/app\/uploads\/2026\/04\/dmitrii-shirnin-MRNuFO7Je9M-unsplash1.jpg 1200w, https:\/\/alice.ch\/app\/uploads\/2026\/04\/dmitrii-shirnin-MRNuFO7Je9M-unsplash1-300x157.jpg 300w, https:\/\/alice.ch\/app\/uploads\/2026\/04\/dmitrii-shirnin-MRNuFO7Je9M-unsplash1-1024x535.jpg 1024w, https:\/\/alice.ch\/app\/uploads\/2026\/04\/dmitrii-shirnin-MRNuFO7Je9M-unsplash1-768x401.jpg 768w\" sizes=\"(max-width: 1200px) 100vw, 1200px\" \/><\/a><\/figure>\n\n\n<div class=\"wp-block-news-category\">Digitalizzazione<\/div>\n\n\n<div class=\"wp-block-post-date\"><time datetime=\"2026-04-22T09:20:07+02:00\">22. Aprile 2026<\/time><\/div>\n\n<h3 class=\"wp-block-post-title\"><a href=\"https:\/\/alice.ch\/it\/news\/utilizzo-dellia-nella-ricerca-di-lavoro-e-nel-reclutamento\/\" target=\"_self\" >Utilizzo dell&#8217;IA nella ricerca di lavoro e nel reclutamento\u00a0<\/a><\/h3>\n<\/li><li class=\"wp-block-post post-75210 news type-news status-publish has-post-thumbnail hentry news-category-sostenibilita global-category-sostenibilita-nella-formazione-continua\">\n<figure class=\"wp-block-post-featured-image\"><a href=\"https:\/\/alice.ch\/it\/news\/la-sostenibilita-nella-formazione-degli-adulti-e-raramente-integrata-in-modo-sistematico\/\" target=\"_self\"  ><img decoding=\"async\" width=\"1200\" height=\"627\" src=\"https:\/\/alice.ch\/app\/uploads\/2026\/04\/curated-lifestyle-hNZMpA0g6l8-unsplash1.jpg\" class=\"attachment-post-thumbnail size-post-thumbnail wp-post-image\" alt=\"La sostenibilit\u00e0 nella formazione degli adulti \u00e8 raramente integrata in modo sistematico\u00a0\" style=\"object-fit:cover;\" srcset=\"https:\/\/alice.ch\/app\/uploads\/2026\/04\/curated-lifestyle-hNZMpA0g6l8-unsplash1.jpg 1200w, https:\/\/alice.ch\/app\/uploads\/2026\/04\/curated-lifestyle-hNZMpA0g6l8-unsplash1-300x157.jpg 300w, https:\/\/alice.ch\/app\/uploads\/2026\/04\/curated-lifestyle-hNZMpA0g6l8-unsplash1-1024x535.jpg 1024w, https:\/\/alice.ch\/app\/uploads\/2026\/04\/curated-lifestyle-hNZMpA0g6l8-unsplash1-768x401.jpg 768w\" sizes=\"(max-width: 1200px) 100vw, 1200px\" \/><\/a><\/figure>\n\n\n<div class=\"wp-block-news-category\">Sostenibilit\u00e0<\/div>\n\n\n<div class=\"wp-block-post-date\"><time datetime=\"2026-04-20T09:14:23+02:00\">20. Aprile 2026<\/time><\/div>\n\n<h3 class=\"wp-block-post-title\"><a href=\"https:\/\/alice.ch\/it\/news\/la-sostenibilita-nella-formazione-degli-adulti-e-raramente-integrata-in-modo-sistematico\/\" target=\"_self\" >La sostenibilit\u00e0 nella formazione degli adulti \u00e8 raramente integrata in modo sistematico\u00a0<\/a><\/h3>\n<\/li><li class=\"wp-block-post post-75174 news type-news status-publish has-post-thumbnail hentry news-category-competenze-di-base\">\n<figure class=\"wp-block-post-featured-image\"><a href=\"https:\/\/alice.ch\/it\/news\/favoriser-lemployabilite-mais-comment\/\" target=\"_self\"  ><img decoding=\"async\" width=\"1200\" height=\"627\" src=\"https:\/\/alice.ch\/app\/uploads\/2026\/04\/getty-images-I3PwGB4RZKM-unsplash1.jpg\" class=\"attachment-post-thumbnail size-post-thumbnail wp-post-image\" alt=\"Promuovere l&#8217;occupabilit\u00e0 \u2013 ma come?\u00a0\" style=\"object-fit:cover;\" srcset=\"https:\/\/alice.ch\/app\/uploads\/2026\/04\/getty-images-I3PwGB4RZKM-unsplash1.jpg 1200w, https:\/\/alice.ch\/app\/uploads\/2026\/04\/getty-images-I3PwGB4RZKM-unsplash1-300x157.jpg 300w, https:\/\/alice.ch\/app\/uploads\/2026\/04\/getty-images-I3PwGB4RZKM-unsplash1-1024x535.jpg 1024w, https:\/\/alice.ch\/app\/uploads\/2026\/04\/getty-images-I3PwGB4RZKM-unsplash1-768x401.jpg 768w\" sizes=\"(max-width: 1200px) 100vw, 1200px\" \/><\/a><\/figure>\n\n\n<div class=\"wp-block-news-category\">Competenze di base<\/div>\n\n\n<div class=\"wp-block-post-date\"><time datetime=\"2026-04-13T10:45:20+02:00\">13. Aprile 2026<\/time><\/div>\n\n<h3 class=\"wp-block-post-title\"><a href=\"https:\/\/alice.ch\/it\/news\/favoriser-lemployabilite-mais-comment\/\" target=\"_self\" >Promuovere l&#8217;occupabilit\u00e0 \u2013 ma come?\u00a0<\/a><\/h3>\n<\/li><li class=\"wp-block-post post-75192 news type-news status-publish has-post-thumbnail hentry news-category-digitalizzazione global-category-ia-e-formazione-continua\">\n<figure class=\"wp-block-post-featured-image\"><a href=\"https:\/\/alice.ch\/it\/news\/lia-e-utilizzata-soprattutto-per-testi-ricerca-e-traduzioni\/\" target=\"_self\"  ><img decoding=\"async\" width=\"1200\" height=\"627\" src=\"https:\/\/alice.ch\/app\/uploads\/2026\/04\/vitaly-gariev-UF9tYtRze5E-unsplash1.jpg\" class=\"attachment-post-thumbnail size-post-thumbnail wp-post-image\" alt=\"L&#8217;IA \u00e8 utilizzata soprattutto per testi, ricerca e\u00a0traduzioni\u00a0\" style=\"object-fit:cover;\" srcset=\"https:\/\/alice.ch\/app\/uploads\/2026\/04\/vitaly-gariev-UF9tYtRze5E-unsplash1.jpg 1200w, https:\/\/alice.ch\/app\/uploads\/2026\/04\/vitaly-gariev-UF9tYtRze5E-unsplash1-300x157.jpg 300w, https:\/\/alice.ch\/app\/uploads\/2026\/04\/vitaly-gariev-UF9tYtRze5E-unsplash1-1024x535.jpg 1024w, https:\/\/alice.ch\/app\/uploads\/2026\/04\/vitaly-gariev-UF9tYtRze5E-unsplash1-768x401.jpg 768w\" sizes=\"(max-width: 1200px) 100vw, 1200px\" \/><\/a><\/figure>\n\n\n<div class=\"wp-block-news-category\">Digitalizzazione<\/div>\n\n\n<div class=\"wp-block-post-date\"><time datetime=\"2026-04-10T11:08:05+02:00\">10. Aprile 2026<\/time><\/div>\n\n<h3 class=\"wp-block-post-title\"><a href=\"https:\/\/alice.ch\/it\/news\/lia-e-utilizzata-soprattutto-per-testi-ricerca-e-traduzioni\/\" target=\"_self\" >L&#8217;IA \u00e8 utilizzata soprattutto per testi, ricerca e\u00a0traduzioni\u00a0<\/a><\/h3>\n<\/li><li class=\"wp-block-post post-75205 news type-news status-publish has-post-thumbnail hentry news-category-internazionale\">\n<figure class=\"wp-block-post-featured-image\"><a href=\"https:\/\/alice.ch\/it\/news\/la-formazione-continua-per-gli-anziani-e-spesso-poco-accessibile\/\" target=\"_self\"  ><img decoding=\"async\" width=\"1200\" height=\"627\" src=\"https:\/\/alice.ch\/app\/uploads\/2026\/04\/getty-images-rjfGuObzZlM-unsplash1.jpg\" class=\"attachment-post-thumbnail size-post-thumbnail wp-post-image\" alt=\"La formazione continua per gli anziani \u00e8 spesso poco accessibile\u00a0\" style=\"object-fit:cover;\" srcset=\"https:\/\/alice.ch\/app\/uploads\/2026\/04\/getty-images-rjfGuObzZlM-unsplash1.jpg 1200w, https:\/\/alice.ch\/app\/uploads\/2026\/04\/getty-images-rjfGuObzZlM-unsplash1-300x157.jpg 300w, https:\/\/alice.ch\/app\/uploads\/2026\/04\/getty-images-rjfGuObzZlM-unsplash1-1024x535.jpg 1024w, https:\/\/alice.ch\/app\/uploads\/2026\/04\/getty-images-rjfGuObzZlM-unsplash1-768x401.jpg 768w\" sizes=\"(max-width: 1200px) 100vw, 1200px\" \/><\/a><\/figure>\n\n\n<div class=\"wp-block-news-category\">Internazionale<\/div>\n\n\n<div class=\"wp-block-post-date\"><time datetime=\"2026-04-02T15:04:11+02:00\">2. Aprile 2026<\/time><\/div>\n\n<h3 class=\"wp-block-post-title\"><a href=\"https:\/\/alice.ch\/it\/news\/la-formazione-continua-per-gli-anziani-e-spesso-poco-accessibile\/\" target=\"_self\" >La formazione continua per gli anziani \u00e8 spesso poco accessibile\u00a0<\/a><\/h3>\n<\/li><\/ul>\n\n\n<p><\/p>\n\n\n\n<div class=\"wp-block-buttons is-content-justification-center is-layout-flex wp-container-core-buttons-is-layout-a89b3969 wp-block-buttons-is-layout-flex\">\n<div class=\"wp-block-button is-style-outline is-style-outline--7\"><a class=\"wp-block-button__link wp-element-button\" href=\"https:\/\/alice.ch\/it\/attualita\/news\/\">Altre notizie<\/a><\/div>\n<\/div>\n<\/div>\n\n\n\n<hr class=\"wp-block-separator has-alpha-channel-opacity is-style-wide\"\/>\n\n\n\n<h2 class=\"wp-block-heading\">Highlight<\/h2>\n\n\n\n<div class=\"wp-block-group has-pale-pink-background-color has-background is-layout-constrained wp-block-group-is-layout-constrained\">\n<h2 class=\"wp-block-heading\">Progetti FSEA<\/h2>\n\n\n\n<p class=\"is-style-lead\">La FSEA promuove la formazione continua in Svizzera con progetti nazionali e internazionali. Con questi progetti perseguiamo obiettivi a lungo termine e affrontiamo in modo specifico le lacune presenti nel panorama della formazione continua.<\/p>\n\n\n\n<div class=\"wp-block-buttons is-layout-flex wp-block-buttons-is-layout-flex\">\n<div class=\"wp-block-button is-style-outline is-style-outline--8\"><a class=\"wp-block-button__link wp-element-button\" href=\"https:\/\/alice.ch\/it\/ricerca\/progetti\/\">Ai progetti<\/a><\/div>\n<\/div>\n<\/div>\n\n\n\n<hr class=\"wp-block-separator has-alpha-channel-opacity is-style-wide\"\/>\n\n\n\n<h2 class=\"wp-block-heading\">Eventi<\/h2>\n\n\n\n<div class=\"wp-block-query is-layout-flow wp-block-query-is-layout-flow\"><ul class=\"wp-block-post-template is-layout-flow wp-block-post-template-is-layout-flow\"><li class=\"wp-block-post post-74965 event type-event status-publish has-post-thumbnail hentry event-category-evento-esterno event-status-aktuell-en event-status-attualita event-language-deutsch-en event-language-inglese global-category-chancengleichheit-it\">\n\t<a class=\"event-item\" href=\"https:\/\/alice.ch\/it\/event\/2026-icc-languages-conference\/\" target=\"\">\n\t<div class=\"icon\"><\/div>\n\t<div class=\"date\">08\/05\/2026<\/div>\n\t<div class=\"title\">2026 ICC-Languages Conference<\/div>\n\t<div class=\"place\">The Swiss National Museum, Museumstrasse 2, 8001 Z\u00fcrich<\/div>\n\t<!-- <div class=\"category\">Evento esterno<\/div> -->\n\t<div class=\"language\">E<\/div>\n\t<\/a>\n\n<\/li><li class=\"wp-block-post post-73968 event type-event status-publish has-post-thumbnail hentry event-category-eventi-fsea-ed-in-cooperazione event-tag-462 event-tag-aktuell event-status-aktuell event-status-attualita event-language-deutsch event-language-francese event-language-tedesco global-category-bildungspolitik global-category-bildungspolitik-it global-category-sparplaene-in-der-weiterbildung-it global-category-sparplaene-in-der-weiterbildung global-category-sveb-it\">\n\t<a class=\"event-item\" href=\"https:\/\/alice.ch\/it\/event\/assemblea-dei-delegati-e-giornata-della-politica-della-formazione-continua-2026\/\" target=\"\">\n\t<div class=\"icon\"><\/div>\n\t<div class=\"date\">12\/05\/2026<\/div>\n\t<div class=\"title\">Assemblea dei delegati e giornata della politica della formazione continua 2026<\/div>\n\t<div class=\"place\">Restaurant Schwellenm\u00e4tteli, Dalmaziquai 11, 3005 Bern<\/div>\n\t<!-- <div class=\"category\">Eventi FSEA ed in cooperazione<\/div> -->\n\t<div class=\"language\">D, F<\/div>\n\t<\/a>\n\n<\/li><\/ul>\n\n<\/div>\n\n\n\n<div class=\"wp-block-buttons is-content-justification-center is-layout-flex wp-container-core-buttons-is-layout-a89b3969 wp-block-buttons-is-layout-flex\">\n<div class=\"wp-block-button is-style-outline is-style-outline--9\"><a class=\"wp-block-button__link wp-element-button\" href=\"https:\/\/alice.ch\/it\/attualita\/eventi\/\">Altri eventi<\/a><\/div>\n<\/div>\n\n\n\n<hr class=\"wp-block-separator has-alpha-channel-opacity is-style-wide\"\/>\n\n\n\n<h2 class=\"wp-block-heading\">Su di noi<\/h2>\n\n\n\n<h2 class=\"wp-block-heading\">Affiliazione all\u2019associazione mantello della formazione continua<\/h2>\n\n\n\n<div class=\"wp-block-columns is-layout-flex wp-container-core-columns-is-layout-28f84493 wp-block-columns-is-layout-flex\">\n<div class=\"wp-block-column is-layout-flow wp-block-column-is-layout-flow\" style=\"flex-basis:66.66%\">\n<p>Rappresentiamo gli interessi dei nostri associati a livello politico, sociale e professionale. In tutte e tre le regioni linguistiche i nostri affiliati sono organizzazioni statali e private, associazioni, dipartimenti interni di formazione e singoli individui.<\/p>\n\n\n\n<div class=\"wp-block-buttons is-layout-flex wp-block-buttons-is-layout-flex\">\n<div class=\"wp-block-button is-style-outline is-style-outline--10\"><a class=\"wp-block-button__link has-background-color has-primary-background-color has-text-color has-background wp-element-button\" href=\"https:\/\/alice.ch\/it\/fsea\/affiliazione\/\"><strong>Adesione alla FSEA<\/strong><\/a><\/div>\n<\/div>\n<\/div>\n\n\n\n<div class=\"wp-block-column is-layout-flow wp-block-column-is-layout-flow\" style=\"flex-basis:33.33%\">\n<ul class=\"wp-block-list\">\n<li>Rappresentiamo gli interessi.<\/li>\n\n\n\n<li>Informiamo.<\/li>\n\n\n\n<li>Vi mettiamo in rete.<\/li>\n<\/ul>\n<\/div>\n<\/div>\n\n\n\n<p><\/p>\n","protected":false},"excerpt":{"rendered":"<p>FSEA Federazione svizzera per la formazione continua La FSEA sostiene le organizzazioni e i professionisti nella formazione continua con un [&hellip;]<\/p>\n","protected":false},"author":1,"featured_media":20799,"parent":0,"menu_order":39,"comment_status":"closed","ping_status":"closed","template":"","meta":{"_acf_changed":false,"inline_featured_image":false,"footnotes":""},"class_list":["post-15702","page","type-page","status-publish","has-post-thumbnail","hentry"],"acf":[],"yoast_head":"<!-- This site is optimized with the Yoast SEO plugin v27.3 - https:\/\/yoast.com\/product\/yoast-seo-wordpress\/ -->\n<title>FSEA Federazione svizzera per la formazione continua - FSEA<\/title>\n<meta name=\"description\" content=\"La FSEA \u00e8 l&#039;associazione di riferimento per la formazione continua e agisce come associazione professionale e di interesse.\" \/>\n<meta name=\"robots\" content=\"index, follow, max-snippet:-1, max-image-preview:large, max-video-preview:-1\" \/>\n<link rel=\"canonical\" href=\"https:\/\/alice.ch\/it\/\" \/>\n<meta property=\"og:locale\" content=\"it_IT\" \/>\n<meta property=\"og:type\" content=\"article\" \/>\n<meta property=\"og:title\" content=\"FSEA Federazione svizzera per la formazione continua - FSEA\" \/>\n<meta property=\"og:description\" content=\"La FSEA \u00e8 l&#039;associazione di riferimento per la formazione continua e agisce come associazione professionale e di interesse.\" \/>\n<meta property=\"og:url\" content=\"https:\/\/alice.ch\/it\/\" \/>\n<meta property=\"og:site_name\" content=\"SVEB\" \/>\n<meta property=\"article:modified_time\" content=\"2026-03-24T09:11:06+00:00\" \/>\n<meta property=\"og:image\" content=\"https:\/\/alice.ch\/app\/uploads\/2024\/12\/formare-1.jpg\" \/>\n\t<meta property=\"og:image:width\" content=\"1200\" \/>\n\t<meta property=\"og:image:height\" content=\"627\" \/>\n\t<meta property=\"og:image:type\" content=\"image\/jpeg\" \/>\n<meta name=\"twitter:card\" content=\"summary_large_image\" \/>\n<meta name=\"twitter:label1\" content=\"Tempo di lettura stimato\" \/>\n\t<meta name=\"twitter:data1\" content=\"3 minuti\" \/>\n<script type=\"application\/ld+json\" class=\"yoast-schema-graph\">{\"@context\":\"https:\\\/\\\/schema.org\",\"@graph\":[{\"@type\":\"WebPage\",\"@id\":\"https:\\\/\\\/alice.ch\\\/it\\\/\",\"url\":\"https:\\\/\\\/alice.ch\\\/it\\\/\",\"name\":\"FSEA Federazione svizzera per la formazione continua - FSEA\",\"isPartOf\":{\"@id\":\"https:\\\/\\\/alice.ch\\\/it\\\/#website\"},\"primaryImageOfPage\":{\"@id\":\"https:\\\/\\\/alice.ch\\\/it\\\/#primaryimage\"},\"image\":{\"@id\":\"https:\\\/\\\/alice.ch\\\/it\\\/#primaryimage\"},\"thumbnailUrl\":\"https:\\\/\\\/alice.ch\\\/app\\\/uploads\\\/2022\\\/11\\\/default.jpg\",\"datePublished\":\"2022-07-11T14:28:41+00:00\",\"dateModified\":\"2026-03-24T09:11:06+00:00\",\"description\":\"La FSEA \u00e8 l'associazione di riferimento per la formazione continua e agisce come associazione professionale e di interesse.\",\"breadcrumb\":{\"@id\":\"https:\\\/\\\/alice.ch\\\/it\\\/#breadcrumb\"},\"inLanguage\":\"it-IT\",\"potentialAction\":[{\"@type\":\"ReadAction\",\"target\":[\"https:\\\/\\\/alice.ch\\\/it\\\/\"]}]},{\"@type\":\"ImageObject\",\"inLanguage\":\"it-IT\",\"@id\":\"https:\\\/\\\/alice.ch\\\/it\\\/#primaryimage\",\"url\":\"https:\\\/\\\/alice.ch\\\/app\\\/uploads\\\/2022\\\/11\\\/default.jpg\",\"contentUrl\":\"https:\\\/\\\/alice.ch\\\/app\\\/uploads\\\/2022\\\/11\\\/default.jpg\",\"width\":370,\"height\":185},{\"@type\":\"BreadcrumbList\",\"@id\":\"https:\\\/\\\/alice.ch\\\/it\\\/#breadcrumb\",\"itemListElement\":[{\"@type\":\"ListItem\",\"position\":1,\"name\":\"Pagina iniziale\",\"item\":\"https:\\\/\\\/alice.ch\\\/it\\\/\"},{\"@type\":\"ListItem\",\"position\":2,\"name\":\"FSEA Federazione svizzera per la formazione continua\"}]},{\"@type\":\"WebSite\",\"@id\":\"https:\\\/\\\/alice.ch\\\/it\\\/#website\",\"url\":\"https:\\\/\\\/alice.ch\\\/it\\\/\",\"name\":\"alice.ch (Adult Learning Information Center) ist das Portal der Weiterbildung in der Schweiz.\",\"description\":\"Schweizerischer Verband f\u00fcr Weiterbildung\",\"publisher\":{\"@id\":\"https:\\\/\\\/alice.ch\\\/it\\\/#organization\"},\"potentialAction\":[{\"@type\":\"SearchAction\",\"target\":{\"@type\":\"EntryPoint\",\"urlTemplate\":\"https:\\\/\\\/alice.ch\\\/it\\\/?s={search_term_string}\"},\"query-input\":{\"@type\":\"PropertyValueSpecification\",\"valueRequired\":true,\"valueName\":\"search_term_string\"}}],\"inLanguage\":\"it-IT\"},{\"@type\":\"Organization\",\"@id\":\"https:\\\/\\\/alice.ch\\\/it\\\/#organization\",\"name\":\"FSEA Federazione svizzera per la formazione continua\",\"url\":\"https:\\\/\\\/alice.ch\\\/it\\\/\",\"logo\":{\"@type\":\"ImageObject\",\"inLanguage\":\"it-IT\",\"@id\":\"https:\\\/\\\/alice.ch\\\/it\\\/#\\\/schema\\\/logo\\\/image\\\/\",\"url\":\"https:\\\/\\\/alice.ch\\\/app\\\/uploads\\\/2022\\\/07\\\/logo-sveb.png\",\"contentUrl\":\"https:\\\/\\\/alice.ch\\\/app\\\/uploads\\\/2022\\\/07\\\/logo-sveb.png\",\"width\":145,\"height\":64,\"caption\":\"FSEA Federazione svizzera per la formazione continua\"},\"image\":{\"@id\":\"https:\\\/\\\/alice.ch\\\/it\\\/#\\\/schema\\\/logo\\\/image\\\/\"},\"sameAs\":[\"https:\\\/\\\/www.linkedin.com\\\/company\\\/schweizerischer-verband-fr-weiterbildung-sveb\\\/\"]}]}<\/script>\n<!-- \/ Yoast SEO plugin. -->","yoast_head_json":{"title":"FSEA Federazione svizzera per la formazione continua - FSEA","description":"La FSEA \u00e8 l'associazione di riferimento per la formazione continua e agisce come associazione professionale e di interesse.","robots":{"index":"index","follow":"follow","max-snippet":"max-snippet:-1","max-image-preview":"max-image-preview:large","max-video-preview":"max-video-preview:-1"},"canonical":"https:\/\/alice.ch\/it\/","og_locale":"it_IT","og_type":"article","og_title":"FSEA Federazione svizzera per la formazione continua - FSEA","og_description":"La FSEA \u00e8 l'associazione di riferimento per la formazione continua e agisce come associazione professionale e di interesse.","og_url":"https:\/\/alice.ch\/it\/","og_site_name":"SVEB","article_modified_time":"2026-03-24T09:11:06+00:00","og_image":[{"width":1200,"height":627,"url":"https:\/\/alice.ch\/app\/uploads\/2024\/12\/formare-1.jpg","type":"image\/jpeg"}],"twitter_card":"summary_large_image","twitter_misc":{"Tempo di lettura stimato":"3 minuti"},"schema":{"@context":"https:\/\/schema.org","@graph":[{"@type":"WebPage","@id":"https:\/\/alice.ch\/it\/","url":"https:\/\/alice.ch\/it\/","name":"FSEA Federazione svizzera per la formazione continua - FSEA","isPartOf":{"@id":"https:\/\/alice.ch\/it\/#website"},"primaryImageOfPage":{"@id":"https:\/\/alice.ch\/it\/#primaryimage"},"image":{"@id":"https:\/\/alice.ch\/it\/#primaryimage"},"thumbnailUrl":"https:\/\/alice.ch\/app\/uploads\/2022\/11\/default.jpg","datePublished":"2022-07-11T14:28:41+00:00","dateModified":"2026-03-24T09:11:06+00:00","description":"La FSEA \u00e8 l'associazione di riferimento per la formazione continua e agisce come associazione professionale e di interesse.","breadcrumb":{"@id":"https:\/\/alice.ch\/it\/#breadcrumb"},"inLanguage":"it-IT","potentialAction":[{"@type":"ReadAction","target":["https:\/\/alice.ch\/it\/"]}]},{"@type":"ImageObject","inLanguage":"it-IT","@id":"https:\/\/alice.ch\/it\/#primaryimage","url":"https:\/\/alice.ch\/app\/uploads\/2022\/11\/default.jpg","contentUrl":"https:\/\/alice.ch\/app\/uploads\/2022\/11\/default.jpg","width":370,"height":185},{"@type":"BreadcrumbList","@id":"https:\/\/alice.ch\/it\/#breadcrumb","itemListElement":[{"@type":"ListItem","position":1,"name":"Pagina iniziale","item":"https:\/\/alice.ch\/it\/"},{"@type":"ListItem","position":2,"name":"FSEA Federazione svizzera per la formazione continua"}]},{"@type":"WebSite","@id":"https:\/\/alice.ch\/it\/#website","url":"https:\/\/alice.ch\/it\/","name":"alice.ch (Adult Learning Information Center) ist das Portal der Weiterbildung in der Schweiz.","description":"Schweizerischer Verband f\u00fcr Weiterbildung","publisher":{"@id":"https:\/\/alice.ch\/it\/#organization"},"potentialAction":[{"@type":"SearchAction","target":{"@type":"EntryPoint","urlTemplate":"https:\/\/alice.ch\/it\/?s={search_term_string}"},"query-input":{"@type":"PropertyValueSpecification","valueRequired":true,"valueName":"search_term_string"}}],"inLanguage":"it-IT"},{"@type":"Organization","@id":"https:\/\/alice.ch\/it\/#organization","name":"FSEA Federazione svizzera per la formazione continua","url":"https:\/\/alice.ch\/it\/","logo":{"@type":"ImageObject","inLanguage":"it-IT","@id":"https:\/\/alice.ch\/it\/#\/schema\/logo\/image\/","url":"https:\/\/alice.ch\/app\/uploads\/2022\/07\/logo-sveb.png","contentUrl":"https:\/\/alice.ch\/app\/uploads\/2022\/07\/logo-sveb.png","width":145,"height":64,"caption":"FSEA Federazione svizzera per la formazione continua"},"image":{"@id":"https:\/\/alice.ch\/it\/#\/schema\/logo\/image\/"},"sameAs":["https:\/\/www.linkedin.com\/company\/schweizerischer-verband-fr-weiterbildung-sveb\/"]}]}},"_links":{"self":[{"href":"https:\/\/alice.ch\/it\/wp-json\/wp\/v2\/pages\/15702","targetHints":{"allow":["GET"]}}],"collection":[{"href":"https:\/\/alice.ch\/it\/wp-json\/wp\/v2\/pages"}],"about":[{"href":"https:\/\/alice.ch\/it\/wp-json\/wp\/v2\/types\/page"}],"author":[{"embeddable":true,"href":"https:\/\/alice.ch\/it\/wp-json\/wp\/v2\/users\/1"}],"replies":[{"embeddable":true,"href":"https:\/\/alice.ch\/it\/wp-json\/wp\/v2\/comments?post=15702"}],"version-history":[{"count":91,"href":"https:\/\/alice.ch\/it\/wp-json\/wp\/v2\/pages\/15702\/revisions"}],"predecessor-version":[{"id":74546,"href":"https:\/\/alice.ch\/it\/wp-json\/wp\/v2\/pages\/15702\/revisions\/74546"}],"wp:featuredmedia":[{"embeddable":true,"href":"https:\/\/alice.ch\/it\/wp-json\/wp\/v2\/media\/20799"}],"wp:attachment":[{"href":"https:\/\/alice.ch\/it\/wp-json\/wp\/v2\/media?parent=15702"}],"curies":[{"name":"wp","href":"https:\/\/api.w.org\/{rel}","templated":true}]}}