{"id":17748,"date":"2022-08-16T17:53:52","date_gmt":"2022-08-16T15:53:52","guid":{"rendered":"https:\/\/projects.atxeit.ch\/sveb\/qualitaet\/qualitaet-in-der-weiterbildung\/fokus-qualitaet-in-der-weiterbildung\/"},"modified":"2025-01-07T17:34:28","modified_gmt":"2025-01-07T16:34:28","slug":"focus-qualita","status":"publish","type":"page","link":"https:\/\/alice.ch\/it\/qualita\/qualita-nella-formazione-continua\/focus-qualita\/","title":{"rendered":"Focus sulla qualit\u00e0 della formazione continua"},"content":{"rendered":"\n<div class=\"wp-block-group is-style-reduced-width is-layout-flow wp-block-group-is-layout-flow\">\n<h1 class=\"wp-block-heading\">Focus sulla qualit\u00e0 della formazione continua<\/h1>\n\n\n\n<p class=\"is-style-lead\">Nell\u2019ambito del mandato di prestazioni firmato con la SEFRI, la FSEA assume un ruolo importante nell\u2019ambito della qualit\u00e0 nella formazione continua. Essa promuove infatti lo scambio tra i responsabili dei label di qualit\u00e0 e altri stakeholder e fornisce impulsi nell\u2019ambito della garanzia e sviluppo della qualit\u00e0.<\/p>\n\n\n\n<p>Con il gruppo di lavoro \u201cQualit\u00e0 nella formazione continua\u201d (Svizzera tedesca) e la \u201cRete romanda per la qualit\u00e0 nella formazione degli adulti RQFA\u201d (Svizzera francese) vengono definiti i temi attuali e pianificati gli eventi. La FSEA coordina le attivit\u00e0 e organizza workshop e webinar. Questi eventi si rivolgono a chi offre formazione continua, ai responsabili della qualit\u00e0, alle autorit\u00e0 cantonali e a tutti gli interessati.\u00a0<\/p>\n\n\n\n<p>Istituzioni del gruppo di lavoro:<\/p>\n\n\n\n<ul class=\"wp-block-list\">\n<li><a href=\"https:\/\/aaq.ch\/it\/\" target=\"_blank\" rel=\"noreferrer noopener\">Agenzia svizzera di accreditamento e di garanzia della qualit\u00e0<\/a><\/li>\n\n\n\n<li><a href=\"https:\/\/www.snv.ch\/fr\/\" target=\"_blank\" rel=\"noreferrer noopener\">Association Suisse de Normalisation SNV (ISO)<\/a><\/li>\n\n\n\n<li><a href=\"https:\/\/www.modellf.ch\" target=\"_blank\" rel=\"noreferrer noopener\">Associazione Modello F<\/a><\/li>\n\n\n\n<li><a href=\"https:\/\/alice.ch\/it\/\">Federazione svizzera per la formazione continua FSEA (eduQua)<\/a><\/li>\n\n\n\n<li><a href=\"https:\/\/www.arbeitsintegrationschweiz.ch\/fr\/accueil\" target=\"_blank\" rel=\"noreferrer noopener\">Inserimento Svizzera (IN-Qualis)<\/a><\/li>\n\n\n\n<li><a href=\"https:\/\/miduca.ch\/\" target=\"_blank\" rel=\"noreferrer noopener\">Miduca SA<\/a><\/li>\n\n\n\n<li>R\u00e9seau romand pour la Qualit\u00e9 en Formation des Adultes (RQFA)<\/li>\n\n\n\n<li><a href=\"https:\/\/saq.ch\/it\/\" target=\"_blank\" rel=\"noreferrer noopener\">SAQ Swiss Association for Quality (EFQM)<\/a><\/li>\n\n\n\n<li><a href=\"https:\/\/fide-info.ch\/it\/home\" target=\"_blank\" rel=\"noreferrer noopener\">Segreteria di Stato della migrazione SEM (fide)<\/a><\/li>\n\n\n\n<li><a href=\"https:\/\/dualstark.ch\/fr\/\" target=\"_blank\" rel=\"noreferrer noopener\">Societ\u00e0 impiegati commercio, Dualstark<\/a><\/li>\n<\/ul>\n\n\n\n<h2 class=\"wp-block-heading\">Giornata nazionale della qualit\u00e0<\/h2>\n\n\n\n<p>Negli ultimi anni si \u00e8 tenuta ogni anno una giornata nazionale della qualit\u00e0 dedicata a un tema specifico.. La giornata propone interventi da parte di professionisti ed esperti del settore della formazione continua e permette uno scambio approfondito su temi d\u2019attualit\u00e0.<\/p>\n\n\n\n<h2 class=\"wp-block-heading\">Eventi passati<\/h2>\n\n\n\n<figure class=\"wp-block-table is-style-stripes\"><table><thead><tr><th class=\"has-text-align-left\" data-align=\"left\" scope=\"col\">Anno<\/th><th class=\"has-text-align-left\" data-align=\"left\" scope=\"col\">Tema<\/th><th class=\"has-text-align-left\" data-align=\"left\" scope=\"col\">Relatori<\/th><\/tr><\/thead><tbody><tr><td class=\"has-text-align-left\" data-align=\"left\"><a href=\"https:\/\/alice.ch\/it\/news\/efficacia-della-formazione-continua-facile-non-e\/\">2024<\/a><\/td><td class=\"has-text-align-left\" data-align=\"left\">Misurare l\u2019efficacia della formazione continua<br><a href=\"https:\/\/alice.ch\/it\/news\/efficacia-della-formazione-continua-facile-non-e\/\">Uno sguardo retrospettivo<\/a><\/td><td class=\"has-text-align-left\" data-align=\"left\">Frank Schirmer, Anita Sandmeier, Didier Juillerat<\/td><\/tr><tr><td class=\"has-text-align-left\" data-align=\"left\"><a href=\"https:\/\/alice.ch\/it\/event\/giornata-della-qualita-2023\/\">2023<\/a><\/td><td class=\"has-text-align-left\" data-align=\"left\">Sistemi di valutazione digitale: opportunit\u00e0 e sfide per la garanzia della qualit\u00e0<br><a href=\"https:\/\/alice.ch\/it\/news\/uno-sguardo-retrospettivo-sulla-giornata-della-qualita-2023\/\">Uno sguardo retrospettivo<\/a><\/td><td class=\"has-text-align-left\" data-align=\"left\">Walter Sch\u00f6ni, J\u00e9r\u00e9mie Agboklu, Vincent Renevey<\/td><\/tr><tr><td class=\"has-text-align-left\" data-align=\"left\"><a href=\"https:\/\/alice.ch\/it\/event\/giornata-nazionale-della-qualita-2022\/\">2022<\/a><\/td><td class=\"has-text-align-left\" data-align=\"left\">La qualit\u00e0 come vantaggio competitivo nel mercato della formazione continua \u2013 Sviluppare e comunicare la qualit\u00e0<\/td><td class=\"has-text-align-left\" data-align=\"left\">C. Meier, F. Sauli, S. Franzen<\/td><\/tr><tr><td class=\"has-text-align-left\" data-align=\"left\">2021<\/td><td class=\"has-text-align-left\" data-align=\"left\">Nuove abitudini di apprendimento e bisogni delle persone partecipanti<\/td><td class=\"has-text-align-left\" data-align=\"left\">S. Poopalapillai, A. Riebli, Q. Rime, J. Spirgi, C. Zahn<\/td><\/tr><tr><td class=\"has-text-align-left\" data-align=\"left\">2021<\/td><td class=\"has-text-align-left\" data-align=\"left\">Workshop di approfondimento: Quanto devono costare le offerte formative online?<\/td><td class=\"has-text-align-left\" data-align=\"left\">St. Seiz, E. Basler<\/td><\/tr><tr><td class=\"has-text-align-left\" data-align=\"left\">2020<\/td><td class=\"has-text-align-left\" data-align=\"left\">Garanzia della qualit\u00e0 nelle offerte formative online<\/td><td class=\"has-text-align-left\" data-align=\"left\">C. Bremer, M. Dormann, S. Schmidt, C. Grolimund, O. Marro<\/td><\/tr><tr><td class=\"has-text-align-left\" data-align=\"left\">2019<\/td><td class=\"has-text-align-left\" data-align=\"left\">Quale agilit\u00e0 devono avere oggi le organizzazioni di formazione continua?<\/td><td class=\"has-text-align-left\" data-align=\"left\">C. Schiersmann, M. Achermann<\/td><\/tr><tr><td class=\"has-text-align-left\" data-align=\"left\">2018<\/td><td class=\"has-text-align-left\" data-align=\"left\">Label di qualit\u00e0 nella formazione continua: massimizzare i benefici, guadagnare valore aggiunto<\/td><td class=\"has-text-align-left\" data-align=\"left\">G. Frera, K. Rubeli, S. Dunand, M. M\u00fcller, G. Neyer, C. Eggenberger<\/td><\/tr><tr><td class=\"has-text-align-left\" data-align=\"left\">2017<\/td><td class=\"has-text-align-left\" data-align=\"left\">Formazione continua: dove va la garanzia della qualit\u00e0?<\/td><td class=\"has-text-align-left\" data-align=\"left\">C. Meier, R. Meyer, K. Widmer, B. Fuhrer, S. Bissig, G. Bottazzoli, T. Kuratli, P.&nbsp;Widmer<\/td><\/tr><\/tbody><\/table><\/figure>\n\n\n\n<h2 class=\"wp-block-heading\">Contatto<\/h2>\n\n\n\n<div class=\"wp-block-columns is-layout-flex wp-container-core-columns-is-layout-28f84493 wp-block-columns-is-layout-flex\">\n<div class=\"wp-block-column is-layout-flow wp-block-column-is-layout-flow\" style=\"flex-basis:50%\"><div class=\"contact-persons\">\n\n\t\t\t\t\t<div class=\"contact-person\">\n\t\t\t\t\tSegretariato FSEA della Svizzera italiana<br \/>\t\t\t\t\t\t\t\t\t\t<br \/>\n\t\t\t\t\tVia Besso 84<br \/>\r\n6900 Lugano-Massagno<br \/>\t\t\t\t\t<a href=\"tel:+41 (0)91 950 84 16\">+41 (0)91 950 84 16<\/a><br \/>\t\t\t\t\t<a href=\"mailto:fseaticino@alice.ch\">fseaticino@alice.ch<\/a><br \/>\t\t\t\t\t<\/div>\n\t\t\t\t\t<\/div>\n<\/div>\n\n\n\n<div class=\"wp-block-column is-layout-flow wp-block-column-is-layout-flow\" style=\"flex-basis:50%\"><\/div>\n<\/div>\n<\/div>\n","protected":false},"excerpt":{"rendered":"<p>Focus sulla qualit\u00e0 della formazione continua Nell\u2019ambito del mandato di prestazioni firmato con la SEFRI, la FSEA assume un ruolo [&hellip;]<\/p>\n","protected":false},"author":4,"featured_media":20799,"parent":11251,"menu_order":611,"comment_status":"closed","ping_status":"closed","template":"","meta":{"_acf_changed":false,"inline_featured_image":false,"footnotes":""},"class_list":["post-17748","page","type-page","status-publish","has-post-thumbnail","hentry"],"acf":[],"yoast_head":"<!-- This site is optimized with the Yoast SEO plugin v27.3 - https:\/\/yoast.com\/product\/yoast-seo-wordpress\/ -->\n<title>Focus sulla qualit\u00e0 della formazione continua - FSEA<\/title>\n<meta name=\"description\" content=\"Il gruppo di lavoro sulla qualit\u00e0, i workshop, i webinar e la giornata nazionale della qualit\u00e0 della formazione continua.\" \/>\n<meta name=\"robots\" content=\"index, follow, max-snippet:-1, max-image-preview:large, max-video-preview:-1\" \/>\n<link rel=\"canonical\" href=\"https:\/\/alice.ch\/it\/qualita\/qualita-nella-formazione-continua\/focus-qualita\/\" \/>\n<meta property=\"og:locale\" content=\"it_IT\" \/>\n<meta property=\"og:type\" content=\"article\" \/>\n<meta property=\"og:title\" content=\"Focus sulla qualit\u00e0 della formazione continua - FSEA\" \/>\n<meta property=\"og:description\" content=\"Il gruppo di lavoro sulla qualit\u00e0, i workshop, i webinar e la giornata nazionale della qualit\u00e0 della formazione continua.\" \/>\n<meta property=\"og:url\" content=\"https:\/\/alice.ch\/it\/qualita\/qualita-nella-formazione-continua\/focus-qualita\/\" \/>\n<meta property=\"og:site_name\" content=\"SVEB\" \/>\n<meta property=\"article:modified_time\" content=\"2025-01-07T16:34:28+00:00\" \/>\n<meta name=\"twitter:card\" content=\"summary_large_image\" \/>\n<meta name=\"twitter:label1\" content=\"Tempo di lettura stimato\" \/>\n\t<meta name=\"twitter:data1\" content=\"2 minuti\" \/>\n<script type=\"application\/ld+json\" class=\"yoast-schema-graph\">{\"@context\":\"https:\\\/\\\/schema.org\",\"@graph\":[{\"@type\":\"WebPage\",\"@id\":\"https:\\\/\\\/alice.ch\\\/it\\\/qualita\\\/qualita-nella-formazione-continua\\\/focus-qualita\\\/\",\"url\":\"https:\\\/\\\/alice.ch\\\/it\\\/qualita\\\/qualita-nella-formazione-continua\\\/focus-qualita\\\/\",\"name\":\"Focus sulla qualit\u00e0 della formazione continua - FSEA\",\"isPartOf\":{\"@id\":\"https:\\\/\\\/alice.ch\\\/it\\\/#website\"},\"primaryImageOfPage\":{\"@id\":\"https:\\\/\\\/alice.ch\\\/it\\\/qualita\\\/qualita-nella-formazione-continua\\\/focus-qualita\\\/#primaryimage\"},\"image\":{\"@id\":\"https:\\\/\\\/alice.ch\\\/it\\\/qualita\\\/qualita-nella-formazione-continua\\\/focus-qualita\\\/#primaryimage\"},\"thumbnailUrl\":\"https:\\\/\\\/alice.ch\\\/app\\\/uploads\\\/2022\\\/11\\\/default.jpg\",\"datePublished\":\"2022-08-16T15:53:52+00:00\",\"dateModified\":\"2025-01-07T16:34:28+00:00\",\"description\":\"Il gruppo di lavoro sulla qualit\u00e0, i workshop, i webinar e la giornata nazionale della qualit\u00e0 della formazione continua.\",\"breadcrumb\":{\"@id\":\"https:\\\/\\\/alice.ch\\\/it\\\/qualita\\\/qualita-nella-formazione-continua\\\/focus-qualita\\\/#breadcrumb\"},\"inLanguage\":\"it-IT\",\"potentialAction\":[{\"@type\":\"ReadAction\",\"target\":[\"https:\\\/\\\/alice.ch\\\/it\\\/qualita\\\/qualita-nella-formazione-continua\\\/focus-qualita\\\/\"]}]},{\"@type\":\"ImageObject\",\"inLanguage\":\"it-IT\",\"@id\":\"https:\\\/\\\/alice.ch\\\/it\\\/qualita\\\/qualita-nella-formazione-continua\\\/focus-qualita\\\/#primaryimage\",\"url\":\"https:\\\/\\\/alice.ch\\\/app\\\/uploads\\\/2022\\\/11\\\/default.jpg\",\"contentUrl\":\"https:\\\/\\\/alice.ch\\\/app\\\/uploads\\\/2022\\\/11\\\/default.jpg\",\"width\":1600,\"height\":900},{\"@type\":\"BreadcrumbList\",\"@id\":\"https:\\\/\\\/alice.ch\\\/it\\\/qualita\\\/qualita-nella-formazione-continua\\\/focus-qualita\\\/#breadcrumb\",\"itemListElement\":[{\"@type\":\"ListItem\",\"position\":1,\"name\":\"Pagina iniziale\",\"item\":\"https:\\\/\\\/alice.ch\\\/it\\\/\"},{\"@type\":\"ListItem\",\"position\":2,\"name\":\"Qualit\u00e0\",\"item\":\"https:\\\/\\\/alice.ch\\\/it\\\/qualita\\\/\"},{\"@type\":\"ListItem\",\"position\":3,\"name\":\"Qualit\u00e0 nella formazione continua\",\"item\":\"https:\\\/\\\/alice.ch\\\/it\\\/qualita\\\/qualita-nella-formazione-continua\\\/\"},{\"@type\":\"ListItem\",\"position\":4,\"name\":\"Focus sulla qualit\u00e0 della formazione continua\"}]},{\"@type\":\"WebSite\",\"@id\":\"https:\\\/\\\/alice.ch\\\/it\\\/#website\",\"url\":\"https:\\\/\\\/alice.ch\\\/it\\\/\",\"name\":\"alice.ch (Adult Learning Information Center) ist das Portal der Weiterbildung in der Schweiz.\",\"description\":\"Schweizerischer Verband f\u00fcr Weiterbildung\",\"publisher\":{\"@id\":\"https:\\\/\\\/alice.ch\\\/it\\\/#organization\"},\"potentialAction\":[{\"@type\":\"SearchAction\",\"target\":{\"@type\":\"EntryPoint\",\"urlTemplate\":\"https:\\\/\\\/alice.ch\\\/it\\\/?s={search_term_string}\"},\"query-input\":{\"@type\":\"PropertyValueSpecification\",\"valueRequired\":true,\"valueName\":\"search_term_string\"}}],\"inLanguage\":\"it-IT\"},{\"@type\":\"Organization\",\"@id\":\"https:\\\/\\\/alice.ch\\\/it\\\/#organization\",\"name\":\"FSEA Federazione svizzera per la formazione continua\",\"url\":\"https:\\\/\\\/alice.ch\\\/it\\\/\",\"logo\":{\"@type\":\"ImageObject\",\"inLanguage\":\"it-IT\",\"@id\":\"https:\\\/\\\/alice.ch\\\/it\\\/#\\\/schema\\\/logo\\\/image\\\/\",\"url\":\"https:\\\/\\\/alice.ch\\\/app\\\/uploads\\\/2022\\\/07\\\/logo-sveb.png\",\"contentUrl\":\"https:\\\/\\\/alice.ch\\\/app\\\/uploads\\\/2022\\\/07\\\/logo-sveb.png\",\"width\":145,\"height\":64,\"caption\":\"FSEA Federazione svizzera per la formazione continua\"},\"image\":{\"@id\":\"https:\\\/\\\/alice.ch\\\/it\\\/#\\\/schema\\\/logo\\\/image\\\/\"},\"sameAs\":[\"https:\\\/\\\/www.linkedin.com\\\/company\\\/schweizerischer-verband-fr-weiterbildung-sveb\\\/\"]}]}<\/script>\n<!-- \/ Yoast SEO plugin. -->","yoast_head_json":{"title":"Focus sulla qualit\u00e0 della formazione continua - FSEA","description":"Il gruppo di lavoro sulla qualit\u00e0, i workshop, i webinar e la giornata nazionale della qualit\u00e0 della formazione continua.","robots":{"index":"index","follow":"follow","max-snippet":"max-snippet:-1","max-image-preview":"max-image-preview:large","max-video-preview":"max-video-preview:-1"},"canonical":"https:\/\/alice.ch\/it\/qualita\/qualita-nella-formazione-continua\/focus-qualita\/","og_locale":"it_IT","og_type":"article","og_title":"Focus sulla qualit\u00e0 della formazione continua - FSEA","og_description":"Il gruppo di lavoro sulla qualit\u00e0, i workshop, i webinar e la giornata nazionale della qualit\u00e0 della formazione continua.","og_url":"https:\/\/alice.ch\/it\/qualita\/qualita-nella-formazione-continua\/focus-qualita\/","og_site_name":"SVEB","article_modified_time":"2025-01-07T16:34:28+00:00","twitter_card":"summary_large_image","twitter_misc":{"Tempo di lettura stimato":"2 minuti"},"schema":{"@context":"https:\/\/schema.org","@graph":[{"@type":"WebPage","@id":"https:\/\/alice.ch\/it\/qualita\/qualita-nella-formazione-continua\/focus-qualita\/","url":"https:\/\/alice.ch\/it\/qualita\/qualita-nella-formazione-continua\/focus-qualita\/","name":"Focus sulla qualit\u00e0 della formazione continua - FSEA","isPartOf":{"@id":"https:\/\/alice.ch\/it\/#website"},"primaryImageOfPage":{"@id":"https:\/\/alice.ch\/it\/qualita\/qualita-nella-formazione-continua\/focus-qualita\/#primaryimage"},"image":{"@id":"https:\/\/alice.ch\/it\/qualita\/qualita-nella-formazione-continua\/focus-qualita\/#primaryimage"},"thumbnailUrl":"https:\/\/alice.ch\/app\/uploads\/2022\/11\/default.jpg","datePublished":"2022-08-16T15:53:52+00:00","dateModified":"2025-01-07T16:34:28+00:00","description":"Il gruppo di lavoro sulla qualit\u00e0, i workshop, i webinar e la giornata nazionale della qualit\u00e0 della formazione continua.","breadcrumb":{"@id":"https:\/\/alice.ch\/it\/qualita\/qualita-nella-formazione-continua\/focus-qualita\/#breadcrumb"},"inLanguage":"it-IT","potentialAction":[{"@type":"ReadAction","target":["https:\/\/alice.ch\/it\/qualita\/qualita-nella-formazione-continua\/focus-qualita\/"]}]},{"@type":"ImageObject","inLanguage":"it-IT","@id":"https:\/\/alice.ch\/it\/qualita\/qualita-nella-formazione-continua\/focus-qualita\/#primaryimage","url":"https:\/\/alice.ch\/app\/uploads\/2022\/11\/default.jpg","contentUrl":"https:\/\/alice.ch\/app\/uploads\/2022\/11\/default.jpg","width":1600,"height":900},{"@type":"BreadcrumbList","@id":"https:\/\/alice.ch\/it\/qualita\/qualita-nella-formazione-continua\/focus-qualita\/#breadcrumb","itemListElement":[{"@type":"ListItem","position":1,"name":"Pagina iniziale","item":"https:\/\/alice.ch\/it\/"},{"@type":"ListItem","position":2,"name":"Qualit\u00e0","item":"https:\/\/alice.ch\/it\/qualita\/"},{"@type":"ListItem","position":3,"name":"Qualit\u00e0 nella formazione continua","item":"https:\/\/alice.ch\/it\/qualita\/qualita-nella-formazione-continua\/"},{"@type":"ListItem","position":4,"name":"Focus sulla qualit\u00e0 della formazione continua"}]},{"@type":"WebSite","@id":"https:\/\/alice.ch\/it\/#website","url":"https:\/\/alice.ch\/it\/","name":"alice.ch (Adult Learning Information Center) ist das Portal der Weiterbildung in der Schweiz.","description":"Schweizerischer Verband f\u00fcr Weiterbildung","publisher":{"@id":"https:\/\/alice.ch\/it\/#organization"},"potentialAction":[{"@type":"SearchAction","target":{"@type":"EntryPoint","urlTemplate":"https:\/\/alice.ch\/it\/?s={search_term_string}"},"query-input":{"@type":"PropertyValueSpecification","valueRequired":true,"valueName":"search_term_string"}}],"inLanguage":"it-IT"},{"@type":"Organization","@id":"https:\/\/alice.ch\/it\/#organization","name":"FSEA Federazione svizzera per la formazione continua","url":"https:\/\/alice.ch\/it\/","logo":{"@type":"ImageObject","inLanguage":"it-IT","@id":"https:\/\/alice.ch\/it\/#\/schema\/logo\/image\/","url":"https:\/\/alice.ch\/app\/uploads\/2022\/07\/logo-sveb.png","contentUrl":"https:\/\/alice.ch\/app\/uploads\/2022\/07\/logo-sveb.png","width":145,"height":64,"caption":"FSEA Federazione svizzera per la formazione continua"},"image":{"@id":"https:\/\/alice.ch\/it\/#\/schema\/logo\/image\/"},"sameAs":["https:\/\/www.linkedin.com\/company\/schweizerischer-verband-fr-weiterbildung-sveb\/"]}]}},"_links":{"self":[{"href":"https:\/\/alice.ch\/it\/wp-json\/wp\/v2\/pages\/17748","targetHints":{"allow":["GET"]}}],"collection":[{"href":"https:\/\/alice.ch\/it\/wp-json\/wp\/v2\/pages"}],"about":[{"href":"https:\/\/alice.ch\/it\/wp-json\/wp\/v2\/types\/page"}],"author":[{"embeddable":true,"href":"https:\/\/alice.ch\/it\/wp-json\/wp\/v2\/users\/4"}],"replies":[{"embeddable":true,"href":"https:\/\/alice.ch\/it\/wp-json\/wp\/v2\/comments?post=17748"}],"version-history":[{"count":21,"href":"https:\/\/alice.ch\/it\/wp-json\/wp\/v2\/pages\/17748\/revisions"}],"predecessor-version":[{"id":65286,"href":"https:\/\/alice.ch\/it\/wp-json\/wp\/v2\/pages\/17748\/revisions\/65286"}],"up":[{"embeddable":true,"href":"https:\/\/alice.ch\/it\/wp-json\/wp\/v2\/pages\/11251"}],"wp:featuredmedia":[{"embeddable":true,"href":"https:\/\/alice.ch\/it\/wp-json\/wp\/v2\/media\/20799"}],"wp:attachment":[{"href":"https:\/\/alice.ch\/it\/wp-json\/wp\/v2\/media?parent=17748"}],"curies":[{"name":"wp","href":"https:\/\/api.w.org\/{rel}","templated":true}]}}