{"id":67029,"date":"2025-03-19T10:14:03","date_gmt":"2025-03-19T09:14:03","guid":{"rendered":"https:\/\/alice.ch\/?page_id=67029"},"modified":"2025-03-27T10:02:19","modified_gmt":"2025-03-27T09:02:19","slug":"risultati-dellindagine-piaac-in-svizzera","status":"publish","type":"page","link":"https:\/\/alice.ch\/it\/temi\/competenze-di-base\/risultati-dellindagine-piaac-in-svizzera\/","title":{"rendered":"Risultati dell&#8217;indagine PIAAC in Svizzera"},"content":{"rendered":"\n<div class=\"wp-block-group is-style-reduced-width is-layout-constrained wp-block-group-is-layout-constrained\">\n<h1 class=\"wp-block-heading\">Le competenze di base degli adulti svizzeri nella lettura, nella matematica elementare e nella risoluzione adattiva dei problemi&nbsp;&nbsp;<\/h1>\n\n\n\n<p class=\"is-style-lead\">Il <a href=\"https:\/\/www.bfs.admin.ch\/bfs\/it\/home.gnpdetail.2024-0179.html\" target=\"_blank\" rel=\"noreferrer noopener\">Programme for the International Assessment of Adult Competencies (PIAAC) dell&#8217;OCSE <\/a>&nbsp;presenta i principali dati sulle competenze di base in Svizzera dal 2006. Lo studio \u00e8 stato realizzato per la prima volta nel 2011 in quasi 40 paesi. In Svizzera hanno partecipato al sondaggio 6648 adulti di et\u00e0 compresa tra i 16 e i 65 anni.<\/p>\n\n\n\n<p>Il PIAAC misura le competenze degli adulti nella lettura, nella matematica elementare e nella risoluzione adattiva dei problemi. Queste competenze sono state testate sulla popolazione stabilmente residente in Svizzera di et\u00e0 compresa tra i 16 e i 65 anni. Le persone che raggiungono il livello 1 o inferiore sono classificate in quel gruppo di persone molto eterogeneo a cui si rivolge il sostegno per le competenze di base degli adulti. Il presente riepilogo si concentra su quei risultati che riguardano le competenze di base degli adulti (livello 1 o inferiore) presentandoli in base a differenti caratteristiche sociodemografiche.&nbsp;<\/p>\n\n\n\n<div class=\"wp-block-columns is-style-accordion is-layout-flex wp-container-core-columns-is-layout-28f84493 wp-block-columns-is-layout-flex\" id=\"faq-element-1\">\n<div class=\"wp-block-column is-layout-flow wp-block-column-is-layout-flow\">\n<h3 class=\"wp-block-heading\">Definizione delle tre competenze PIAAC a livello 1 e inferiore&nbsp;<\/h3>\n<\/div>\n\n\n\n<div class=\"wp-block-column is-layout-flow wp-block-column-is-layout-flow\">\n<p><strong>Lettura<\/strong>: capacit\u00e0 di comprendere, utilizzare e valutare testi scritti e riflettere su di essi al fine di raggiungere i propri obiettivi, sviluppare le proprie conoscenze e potenzialit\u00e0 e svolgere un ruolo attivo nella societ\u00e0.<\/p>\n\n\n\n<p><strong>Matematica elementare<\/strong>: capacit\u00e0 di accedere, utilizzare e ragionare criticamente su contenuti, informazioni e idee matematiche rappresentati in molteplici modi, cos\u00ec da gestire e impegnarsi nelle richieste matematiche di una serie di situazioni della vita adulta.<\/p>\n\n\n\n<p><strong>Risoluzione adattiva di problemi<\/strong>: capacit\u00e0 di raggiungere i propri obiettivi in una situazione dinamica, in cui non \u00e8 immediatamente disponibile un metodo di soluzione, impegnandosi in processi cognitivi e metacognitivi per definire il problema, ricercando informazioni e applicando una soluzione in una variet\u00e0 di ambienti e contesti informativi.<\/p>\n<\/div>\n<\/div>\n\n\n\n<p><\/p>\n\n\n\n<p>Secondo i risultati, le competenze di 1,67 milioni (30%) di persone residenti in Svizzera di et\u00e0 compresa tra i 16 e i 65 anni si trovano, almeno in una delle competenze PIAAC esaminate, a livello 1 o inferiore: nelle competenze di lettura 1,25 milioni (22%); nella matematica elementare 1,06 milioni (19%); nella risoluzione adattiva di problemi 1,38 milioni (24%). Il 15% della popolazione raggiunge valori bassi in tutte e tre le competenze di base.<\/p>\n\n\n\n<h2 class=\"wp-block-heading\">Caratteristiche sociodemografiche e competenze di base&nbsp;<\/h2>\n\n\n\n<p>In sintesi, analizzando le competenze di base in base alle caratteristiche sociodemografiche, non emergono praticamente differenze di genere. La percentuale di persone con basse competenze di base aumenta con l&#8217;et\u00e0 e diminuisce con il livello di formazione. La percentuale di persone con basse competenze di base \u00e8 elevata fra le persone la cui lingua principale non corrisponde alla lingua del test e fra quelle immigrate da pi\u00f9 di 5 anni.&nbsp;<\/p>\n\n\n\n<h3 class=\"wp-block-heading\">Sesso<\/h3>\n\n\n\n<p>Le competenze di base nella lettura e nella risoluzione adattiva dei problemi non presentano differenze tra i generi. Esistono differenze significative nella matematica elementare: il 21% delle donne e il 16% degli uomini si trovano a livello 1 o inferiore.<\/p>\n\n\n\n<h3 class=\"wp-block-heading\">Livello di formazione&nbsp;&nbsp;&nbsp;<\/h3>\n\n\n\n<p>Il possesso di competenze appare strettamente legato al livello di formazione. A seconda del titolo di studio, si riscontrano forti differenze nelle competenze di base. Il 40% delle persone senza un titolo di studio post-obbligatorio si trova in tutti e tre i settori delle competenze a livello 1 o inferiore. Il 44,2% (corrispondente a 403.000 persone) degli adulti senza un titolo di studio post-obbligatorio si trova a livello 1 o inferiore in quanto a competenze di lettura. Il 22,9% di persone a livello 1 o inferiore che dispongono di un titolo di livello secondario II corrisponde a 430.000 persone. Anche persone con un titolo di formazione professionale superiore (12%, pari a 83.000 adulti) o con titolo di livello universitario (5,5%, pari 81.000 adulti) presentano competenze di lettura a livello 1 o inferiore.<\/p>\n\n\n\n<figure class=\"wp-block-image size-full is-resized is-style-no-border\"><img decoding=\"async\" width=\"2860\" height=\"1961\" src=\"https:\/\/alice.ch\/app\/uploads\/2025\/03\/competenze-di-base-livello-di-formazionepng.png\" alt=\"\" class=\"wp-image-67050\" style=\"width:492px;height:auto\" srcset=\"https:\/\/alice.ch\/app\/uploads\/2025\/03\/competenze-di-base-livello-di-formazionepng.png 2860w, https:\/\/alice.ch\/app\/uploads\/2025\/03\/competenze-di-base-livello-di-formazionepng-300x206.png 300w, https:\/\/alice.ch\/app\/uploads\/2025\/03\/competenze-di-base-livello-di-formazionepng-1024x702.png 1024w, https:\/\/alice.ch\/app\/uploads\/2025\/03\/competenze-di-base-livello-di-formazionepng-768x527.png 768w, https:\/\/alice.ch\/app\/uploads\/2025\/03\/competenze-di-base-livello-di-formazionepng-1536x1053.png 1536w, https:\/\/alice.ch\/app\/uploads\/2025\/03\/competenze-di-base-livello-di-formazionepng-2048x1404.png 2048w\" sizes=\"(max-width: 2860px) 100vw, 2860px\" \/><figcaption class=\"wp-element-caption\">Competenze di base e livello di formazione: percentuale di persone con basse competenze (livello 1 e inferiore) e livello di formazione.<br>(Illustrazione propria, dati dell&#8217;UST 2024, T3.3.1, TA A8)<\/figcaption><\/figure>\n\n\n\n<h3 class=\"wp-block-heading\">Condizione lavorativa&nbsp;&nbsp;<\/h3>\n\n\n\n<p>Le competenze di base variano notevolmente a seconda della condizione lavorativa. Il 18% (797.000 persone) degli adulti occupati ha competenze di lettura di livello 1 o inferiore. Nella matematica elementare, tale quota \u00e8 del 15% (657.000 persone). L&#8217;11% degli adulti occupati (481.000 persone) raggiunge valori bassi in tutte e tre le competenze. Spicca il fatto che le competenze di base delle persone disoccupate sono inferiori rispetto a quelle delle persone non attive e, in particolare, di quelle occupate. Ci\u00f2 vale per tutte e tre le competenze misurate nel PIAAC. Nell&#8217;area della lettura, il 35% degli adulti disoccupati (53.000 persone) ha difficolt\u00e0 a comprendere informazioni contenute in testi brevi, a elaborare significati a livello di frase e a giudicare il senso delle frasi.<\/p>\n\n\n\n<figure class=\"wp-block-image size-full is-resized is-style-no-border\"><img decoding=\"async\" width=\"2869\" height=\"1961\" src=\"https:\/\/alice.ch\/app\/uploads\/2025\/03\/competenze-di-base-condizione-lavorativa.png\" alt=\"\" class=\"wp-image-67045\" style=\"width:492px\" srcset=\"https:\/\/alice.ch\/app\/uploads\/2025\/03\/competenze-di-base-condizione-lavorativa.png 2869w, https:\/\/alice.ch\/app\/uploads\/2025\/03\/competenze-di-base-condizione-lavorativa-300x205.png 300w, https:\/\/alice.ch\/app\/uploads\/2025\/03\/competenze-di-base-condizione-lavorativa-1024x700.png 1024w, https:\/\/alice.ch\/app\/uploads\/2025\/03\/competenze-di-base-condizione-lavorativa-768x525.png 768w, https:\/\/alice.ch\/app\/uploads\/2025\/03\/competenze-di-base-condizione-lavorativa-1536x1050.png 1536w, https:\/\/alice.ch\/app\/uploads\/2025\/03\/competenze-di-base-condizione-lavorativa-2048x1400.png 2048w\" sizes=\"(max-width: 2869px) 100vw, 2869px\" \/><figcaption class=\"wp-element-caption\">Competenze di base e condizione lavorativa: percentuale di persone con basse competenze (livello 1 e inferiore) e condizione lavorativa<br>(Illustrazione propria, dati dell&#8217;UST 2024, T3.3.1, TA A8)<\/figcaption><\/figure>\n\n\n\n<h3 class=\"wp-block-heading\">Et\u00e0<\/h3>\n\n\n\n<p>Le persone pi\u00f9 anziane presentano competenze inferiori in tutte e tre le competenze di base misurate. Il 31,7% degli adulti (378.000 persone) di et\u00e0 compresa tra i 56 e i 65 anni possiede competenze di lettura a livello 1 o inferiore. Va notato che le persone di et\u00e0 superiore ai 65 anni non sono incluse nel campione, per cui \u00e8 ipotizzabile che tra le persone di oltre 65 anni la percentuale con basse competenze di base sia ancora maggiore.&nbsp;&nbsp;&nbsp;<\/p>\n\n\n\n<figure class=\"wp-block-image size-full is-resized is-style-no-border\"><img decoding=\"async\" width=\"2869\" height=\"1957\" src=\"https:\/\/alice.ch\/app\/uploads\/2025\/03\/competenze-di-base-eta.png\" alt=\"\" class=\"wp-image-67049\" style=\"width:492px\" srcset=\"https:\/\/alice.ch\/app\/uploads\/2025\/03\/competenze-di-base-eta.png 2869w, https:\/\/alice.ch\/app\/uploads\/2025\/03\/competenze-di-base-eta-300x205.png 300w, https:\/\/alice.ch\/app\/uploads\/2025\/03\/competenze-di-base-eta-1024x698.png 1024w, https:\/\/alice.ch\/app\/uploads\/2025\/03\/competenze-di-base-eta-768x524.png 768w, https:\/\/alice.ch\/app\/uploads\/2025\/03\/competenze-di-base-eta-1536x1048.png 1536w, https:\/\/alice.ch\/app\/uploads\/2025\/03\/competenze-di-base-eta-2048x1397.png 2048w\" sizes=\"(max-width: 2869px) 100vw, 2869px\" \/><figcaption class=\"wp-element-caption\">Competenze di base ed et\u00e0: percentuale di persone con basse competenze (livello 1 e inferiore) e et\u00e0<br>(Illustrazione propria, dati dell&#8217;UST 2024, T3.3.1, TA A8)<\/figcaption><\/figure>\n\n\n\n<h3 class=\"wp-block-heading\">Competenze di base e background linguistico<\/h3>\n\n\n\n<p>I risultati dipendono dal fatto che la lingua del test corrisponda o meno alla lingua principale delle persone che vi si sono sottoposte. Pertanto, nel rapporto si distingue tra lingua principale e lingua del test. Le persone per le quali la lingua del test non corrisponde alla propria lingua principale, costituiscono il 19% della popolazione totale, mentre le persone per le quali la lingua del test corrisponde alla propria lingua principale costituiscono il 78% della popolazione stabilmente residente.<\/p>\n\n\n\n<p>La percentuale di persone con conoscenze insufficienti nella lingua del test fra la popolazione stabilmente residente in Svizzera di et\u00e0 compresa tra i 15 e i 65 anni \u00e8 stimata al 3%. Rispetto alla popolazione totale, tali persone sono chiaramente sovrarappresentate nel gruppo delle persone con basse competenze di base. Tuttavia, non \u00e8 stato possibile effettuare test con le persone con conoscenze insufficienti nella lingua del test, per cui esse sono considerate nei dati in forma stimata. Tali stime si basano su brevi interviste condotte con queste persone. I punteggi dei test sono stati stimati utilizzando un modello statistico in base alle informazioni disponibili. Queste persone avrebbero probabilmente ottenuto punteggi migliori nei test se questi fossero stati condotti nella loro lingua principale.<\/p>\n\n\n\n<figure class=\"wp-block-image size-full is-resized is-style-no-border\"><img decoding=\"async\" width=\"1212\" height=\"837\" src=\"https:\/\/alice.ch\/app\/uploads\/2025\/03\/basse-competenze-linguistico.png\" alt=\"\" class=\"wp-image-67041\" style=\"width:530px\" srcset=\"https:\/\/alice.ch\/app\/uploads\/2025\/03\/basse-competenze-linguistico.png 1212w, https:\/\/alice.ch\/app\/uploads\/2025\/03\/basse-competenze-linguistico-300x207.png 300w, https:\/\/alice.ch\/app\/uploads\/2025\/03\/basse-competenze-linguistico-1024x707.png 1024w, https:\/\/alice.ch\/app\/uploads\/2025\/03\/basse-competenze-linguistico-768x530.png 768w\" sizes=\"(max-width: 1212px) 100vw, 1212px\" \/><figcaption class=\"wp-element-caption\">Distribuzione percentuale delle persone con basse competenze (livello 1 o inferiore) e della popolazione totale per profilo linguistico in percentuale.<br>(Illustrazione propria, dati dell&#8217;UST 2024, G3.3.4)<\/figcaption><\/figure>\n\n\n\n<h3 class=\"wp-block-heading\">Basse competenze di base per profilo linguistico&nbsp;&nbsp;<\/h3>\n\n\n\n<p>Il profilo migratorio e linguistico fornisce informazioni sulle dimensioni dei gruppi di persone con cittadinanza svizzera o nate in Svizzera e di quelle immigrate, rispettivamente con e senza corrispondenza tra la lingua del test e la loro lingua principale.<\/p>\n\n\n\n<ul class=\"wp-block-list\">\n<li>Il 12,1% (455.000 persone) con cittadinanza svizzera o nate in Svizzera, la cui lingua principale corrisponde alla lingua del test (congruenza linguistica), ha competenze di lettura basse. Il 38,4% (174.000 persone) con cittadinanza svizzera, la cui lingua principale non corrisponde alla lingua del test (incongruenza linguistica), ha competenze di lettura a livello 1 o inferiore.<\/li>\n\n\n\n<li>Il 61,5% (494.000 persone) delle persone immigrate con incongruenza linguistica, ha competenze di lettura basse. Il 21,9% (494.000 persone) delle persone immigrate con congruenza linguistica ha competenze di lettura basse.<\/li>\n\n\n\n<li>La percentuale di persone con congruenza linguistica con competenze matematiche elementari a livello 1 o inferiore \u00e8 del 9,5% (357.000 persone), mentre per le persone immigrate con congruenza linguistica tale quota \u00e8 del 18,3% (108.000).<\/li>\n\n\n\n<li>Le competenze matematiche elementari delle persone con incongruenza linguistica sono inferiori. Ci\u00f2 riguarda il 53,6% (431.000 persone) degli adulti immigrati e il 37% (168.000 persone) delle persone con cittadinanza svizzera e incongruenza linguistica.<\/li>\n<\/ul>\n\n\n\n<h3 class=\"wp-block-heading\">Profilo linguistico e livello di formazione<\/h3>\n\n\n\n<p>Il livello di formazione \u00e8 un ulteriore aspetto in base a cui \u00e8 possibile descrivere le persone con basse competenze per profilo linguistico.<\/p>\n\n\n\n<ul class=\"wp-block-list\">\n<li>Quasi la met\u00e0 delle persone con conoscenze insufficienti nella lingua del test non possiede un titolo di studio post-obbligatorio, il 17% possiede un titolo di livello secondario II e il 35% un titolo di livello terziario. \u00c8 lecito supporre che le competenze di lettura di questo gruppo nella propria lingua principale siano notevolmente migliori rispetto alla lingua del test.<\/li>\n\n\n\n<li>In quei casi in cui la lingua del test non corrisponde alla lingua principale (incongruenza linguistica), il 52% delle persone con un basso livello in tutte e tre le competenze non ha un titolo post-obbligatorio, il 34% ha un titolo di livello secondario II e il 14% ha un titolo di livello terziario. Nella popolazione stabilmente residente di et\u00e0 compresa tra 16 e 65 anni (popolazione totale), i titoli sono distribuiti per un terzo ciascuno.<\/li>\n\n\n\n<li>Nel gruppo delle persone con congruenza linguistica e un basso livello in tutte e tre le competenze, il 51% ha un titolo di livello secondario II, mentre il il 39% non ha un titolo post-obbligatorio. Tra le persone con congruenza linguistica che possiedono un titolo di livello secondario II, il 57% ha competenze di lettura a livello 1 o inferiore. In sintesi, le persone senza un titolo nonch\u00e9, soprattutto, quelle con un titolo di livello secondario II sono chiaramente sovrarappresentate in questo gruppo rispetto alla popolazione totale.<\/li>\n<\/ul>\n\n\n\n<figure class=\"wp-block-image size-large is-resized is-style-no-border\"><img decoding=\"async\" width=\"1024\" height=\"722\" src=\"https:\/\/alice.ch\/app\/uploads\/2025\/03\/basse-competenze-lingua-livello-di-formazione-1024x722.png\" alt=\"\" class=\"wp-image-67037\" style=\"width:606px;height:auto\" srcset=\"https:\/\/alice.ch\/app\/uploads\/2025\/03\/basse-competenze-lingua-livello-di-formazione-1024x722.png 1024w, https:\/\/alice.ch\/app\/uploads\/2025\/03\/basse-competenze-lingua-livello-di-formazione-300x212.png 300w, https:\/\/alice.ch\/app\/uploads\/2025\/03\/basse-competenze-lingua-livello-di-formazione-768x542.png 768w, https:\/\/alice.ch\/app\/uploads\/2025\/03\/basse-competenze-lingua-livello-di-formazione.png 1185w\" sizes=\"(max-width: 1024px) 100vw, 1024px\" \/><figcaption class=\"wp-element-caption\">Distribuzione percentuale delle persone con basse competenze (livello 1 e inferiore) per profilo linguistico e livello di formazione<br>(Illustrazione propria, dati dell&#8217;UST 2024, G.3.3.8)<\/figcaption><\/figure>\n\n\n\n<p><\/p>\n\n\n\n<h3 class=\"wp-block-heading\">Profilo linguistico ed et\u00e0&nbsp;&nbsp;<\/h3>\n\n\n\n<p>Il profilo dell&#8217;et\u00e0 delle persone con basse competenze varia in funzione del loro profilo linguistico. Quello delle persone con incongruenza linguistica corrisponde approssimativamente alla loro distribuzione nella popolazione totale. Le persone con congruenza linguistica con basse competenze nella lettura o in tutte e tre le competenze sono di gran lunga quelle con l\u2019et\u00e0 media pi\u00f9 elevata. La loro quota si attesta in ciascun caso al 65%.&nbsp;<\/p>\n\n\n\n<figure class=\"wp-block-image size-full is-resized is-style-no-border\"><img decoding=\"async\" width=\"1202\" height=\"847\" src=\"https:\/\/alice.ch\/app\/uploads\/2025\/03\/basse-competenze-lingua-eta.png\" alt=\"\" class=\"wp-image-67033\" style=\"width:604px;height:auto\" srcset=\"https:\/\/alice.ch\/app\/uploads\/2025\/03\/basse-competenze-lingua-eta.png 1202w, https:\/\/alice.ch\/app\/uploads\/2025\/03\/basse-competenze-lingua-eta-300x211.png 300w, https:\/\/alice.ch\/app\/uploads\/2025\/03\/basse-competenze-lingua-eta-1024x722.png 1024w, https:\/\/alice.ch\/app\/uploads\/2025\/03\/basse-competenze-lingua-eta-768x541.png 768w\" sizes=\"(max-width: 1202px) 100vw, 1202px\" \/><figcaption class=\"wp-element-caption\">Distribuzione percentuale delle persone con basse competenze (livello 1 e inferiore) per profilo linguistico ed et\u00e0<br>(Illustrazione propria, dati dell&#8217;UST 2024, G.3.3.6 )<\/figcaption><\/figure>\n\n\n\n<p>Riassumendo, tra le persone adulte che presentano valori bassi in tutte e tre le competenze misurate, \u00e8 possibile individuare le seguenti caratteristiche in base al loro profilo linguistico (in base a PIAAC):<\/p>\n\n\n\n<ul class=\"wp-block-list\">\n<li>Il 20% delle persone in Svizzera con valori bassi in tutte e tre le competenze appartiene al gruppo che non ha potuto partecipare al test PIAAC a causa di competenze linguistiche insufficienti (3% della popolazione totale). Tale gruppo risulta pertanto sovrarappresentato tra le persone con scarse competenze di base. All\u2019interno di questo gruppo, il 35% risiede in Svizzera da non pi\u00f9 di cinque anni e il 35% possiede un titolo di studio terziario.<\/li>\n\n\n\n<li>Il 42% delle persone con incongruenza linguistica in Svizzera presenta valori bassi in tutte e tre le competenze misurate. Il loro profilo d&#8217;et\u00e0 risulta relativamente equilibrato. Il 55% vive in Svizzera da pi\u00f9 di cinque anni, mentre solo l&#8217;11% vi risiede da meno tempo. Il 52% non possiede un titolo di studio post-obbligatorio.<\/li>\n\n\n\n<li>Le persone con congruenza linguistica costituiscono il 38% di tutte le persone adulte che presentano basse competenze di base in tutti e tre i campi. La quota di persone di et\u00e0 compresa tra 46 e 65 anni \u00e8 qui nettamente pi\u00f9 elevata rispetto agli altri gruppi. Il titolo di studio pi\u00f9 alto posseduto da questo gruppo (nel 51% dei casi) \u00e8 quello di livello secondario II. La quota delle persone con questo profilo linguistico sulla popolazione totale \u00e8 del 78%.<\/li>\n<\/ul>\n\n\n\n<h2 class=\"wp-block-heading\">La Confederazione promuove le competenze di base degli adulti<\/h2>\n\n\n\n<p>Sulla base dei risultati dello studio internazionale, la Confederazione vuole migliorare in modo mirato le proprie <a href=\"https:\/\/www.bfs.admin.ch\/bfs\/it\/home.assetdetail.33346117.html\" target=\"_blank\" rel=\"noreferrer noopener\">strategie di promozione<\/a> delle competenze di base degli adulti. La Legge sulla formazione continua consente ai Cantoni di offrire programmi di promozione a questo riguardo (mentre la FSEA si impegna con i suoi <a href=\"https:\/\/alice.ch\/it\/servizi\/progetti-di-buoni-fsea\/\">progetti di buoni di formazione<\/a>&nbsp;e con il programma di promozione <a href=\"https:\/\/www.meglio-adesso.ch\/aziende\/\" target=\"_blank\" rel=\"noreferrer noopener\">Semplicemente meglio! &#8230;al lavoro<\/a>). Inoltre, \u00e8 possibile realizzare corsi di lingua quali misure per il mercato del lavoro rivolte alle persone disoccupate registrate nel quadro della Legge sull\u2019assicurazione contro la disoccupazione oppure dei programmi d&#8217;integrazione cantonali (PIC) rivolti alle persone recentemente immigrate.<\/p>\n\n\n\n<p>I dati ottenuti possono contribuire a rendere pi\u00f9 efficaci le misure, adattandole meglio alle esigenze dei gruppi target. Per aumentare l&#8217;efficacia dei programmi, la Confederazione collabora strettamente con organi intercantonali e nazionali allo scopo di fornire alle persone adulte in Svizzera le competenze necessarie alla loro vita professionale e quotidiana.<\/p>\n\n\n\n<h2 class=\"wp-block-heading\">News sul PIAAC<\/h2>\n\n\n\n<div class=\"wp-block-query is-style-mobile-slider is-layout-flow wp-block-query-is-layout-flow\"><ul class=\"columns-3 wp-block-post-template is-layout-grid wp-container-core-post-template-is-layout-6d3fbd8f wp-block-post-template-is-layout-grid\"><li class=\"wp-block-post post-71630 news type-news status-publish has-post-thumbnail hentry news-category-competenze-di-base global-category-grundkompetenzen-it global-category-piaac-studie-it global-category-sparplaene-in-der-weiterbildung-it\">\n<figure class=\"wp-block-post-featured-image\"><a href=\"https:\/\/alice.ch\/it\/news\/le-persone-con-competenze-di-base-insufficienti-sono-piu-insoddisfatte-meno-sane-e-meno-integrate\/\" target=\"_self\"  ><img decoding=\"async\" width=\"1200\" height=\"627\" src=\"https:\/\/alice.ch\/app\/uploads\/2025\/10\/ahmet-kurt-P0oJjmjir3I-unsplash1.jpg\" class=\"attachment-post-thumbnail size-post-thumbnail wp-post-image\" alt=\"Le persone con competenze di base insufficienti sono pi\u00f9 insoddisfatte, meno sane e meno integrate\" style=\"object-fit:cover;\" srcset=\"https:\/\/alice.ch\/app\/uploads\/2025\/10\/ahmet-kurt-P0oJjmjir3I-unsplash1.jpg 1200w, https:\/\/alice.ch\/app\/uploads\/2025\/10\/ahmet-kurt-P0oJjmjir3I-unsplash1-300x157.jpg 300w, https:\/\/alice.ch\/app\/uploads\/2025\/10\/ahmet-kurt-P0oJjmjir3I-unsplash1-1024x535.jpg 1024w, https:\/\/alice.ch\/app\/uploads\/2025\/10\/ahmet-kurt-P0oJjmjir3I-unsplash1-768x401.jpg 768w\" sizes=\"(max-width: 1200px) 100vw, 1200px\" \/><\/a><\/figure>\n\n\n<div class=\"wp-block-news-category\">Competenze di base<\/div>\n\n\n<div class=\"wp-block-post-date\"><time datetime=\"2025-10-23T12:00:21+02:00\">23 Ottobre 2025<\/time><\/div>\n\n<h3 class=\"wp-block-post-title\"><a href=\"https:\/\/alice.ch\/it\/news\/le-persone-con-competenze-di-base-insufficienti-sono-piu-insoddisfatte-meno-sane-e-meno-integrate\/\" target=\"_self\" >Le persone con competenze di base insufficienti sono pi\u00f9 insoddisfatte, meno sane e meno integrate<\/a><\/h3>\n\n<a class=\"wp-block-query-loop-link is-style-minimal\" href=\"https:\/\/alice.ch\/it\/news\/le-persone-con-competenze-di-base-insufficienti-sono-piu-insoddisfatte-meno-sane-e-meno-integrate\/\">Leggi l&#8217;articolo<\/a>\n\n<\/li><li class=\"wp-block-post post-66867 news type-news status-publish has-post-thumbnail hentry news-category-competenze-di-base global-category-chancengleichheit-it global-category-forschung-it global-category-grundkompetenzen-it global-category-piaac-studie-it\">\n<figure class=\"wp-block-post-featured-image\"><a href=\"https:\/\/alice.ch\/it\/news\/dati-piaac-dove-ce-bisogno-di-intervento\/\" target=\"_self\"  ><img decoding=\"async\" width=\"1200\" height=\"627\" src=\"https:\/\/alice.ch\/app\/uploads\/2025\/03\/jeremy-O0eFYJVcm_4-unsplash1-1.jpg\" class=\"attachment-post-thumbnail size-post-thumbnail wp-post-image\" alt=\"Dati PIAAC: dove c&#8217;\u00e8 bisogno di intervento\" style=\"object-fit:cover;\" srcset=\"https:\/\/alice.ch\/app\/uploads\/2025\/03\/jeremy-O0eFYJVcm_4-unsplash1-1.jpg 1200w, https:\/\/alice.ch\/app\/uploads\/2025\/03\/jeremy-O0eFYJVcm_4-unsplash1-1-300x157.jpg 300w, https:\/\/alice.ch\/app\/uploads\/2025\/03\/jeremy-O0eFYJVcm_4-unsplash1-1-1024x535.jpg 1024w, https:\/\/alice.ch\/app\/uploads\/2025\/03\/jeremy-O0eFYJVcm_4-unsplash1-1-768x401.jpg 768w\" sizes=\"(max-width: 1200px) 100vw, 1200px\" \/><\/a><\/figure>\n\n\n<div class=\"wp-block-news-category\">Competenze di base<\/div>\n\n\n<div class=\"wp-block-post-date\"><time datetime=\"2025-03-26T08:25:03+01:00\">26 Marzo 2025<\/time><\/div>\n\n<h3 class=\"wp-block-post-title\"><a href=\"https:\/\/alice.ch\/it\/news\/dati-piaac-dove-ce-bisogno-di-intervento\/\" target=\"_self\" >Dati PIAAC: dove c&#8217;\u00e8 bisogno di intervento<\/a><\/h3>\n\n<a class=\"wp-block-query-loop-link is-style-minimal\" href=\"https:\/\/alice.ch\/it\/news\/dati-piaac-dove-ce-bisogno-di-intervento\/\">Leggi l&#8217;articolo<\/a>\n\n<\/li><li class=\"wp-block-post post-65156 news type-news status-publish has-post-thumbnail hentry news-category-competenze-di-base global-category-grundkompetenzen-it global-category-piaac-studie-it\">\n<figure class=\"wp-block-post-featured-image\"><a href=\"https:\/\/alice.ch\/it\/news\/studio-piaac-competenze-di-lettura-matematica-elementare-e-risoluzione-di-problemi-degli-adulti-in-svizzera\/\" target=\"_self\"  ><img decoding=\"async\" width=\"1200\" height=\"627\" src=\"https:\/\/alice.ch\/app\/uploads\/2023\/10\/annika-gordon-cZISY8ai2iA-unsplash-crop.png\" class=\"attachment-post-thumbnail size-post-thumbnail wp-post-image\" alt=\"Studio PIAAC: competenze di lettura, matematica elementare e risoluzione di problemi degli adulti in Svizzera\" style=\"object-fit:cover;\" srcset=\"https:\/\/alice.ch\/app\/uploads\/2023\/10\/annika-gordon-cZISY8ai2iA-unsplash-crop.png 1200w, https:\/\/alice.ch\/app\/uploads\/2023\/10\/annika-gordon-cZISY8ai2iA-unsplash-crop-300x157.png 300w, https:\/\/alice.ch\/app\/uploads\/2023\/10\/annika-gordon-cZISY8ai2iA-unsplash-crop-1024x535.png 1024w, https:\/\/alice.ch\/app\/uploads\/2023\/10\/annika-gordon-cZISY8ai2iA-unsplash-crop-768x401.png 768w\" sizes=\"(max-width: 1200px) 100vw, 1200px\" \/><\/a><\/figure>\n\n\n<div class=\"wp-block-news-category\">Competenze di base<\/div>\n\n\n<div class=\"wp-block-post-date\"><time datetime=\"2024-12-10T14:20:49+01:00\">10 Dicembre 2024<\/time><\/div>\n\n<h3 class=\"wp-block-post-title\"><a href=\"https:\/\/alice.ch\/it\/news\/studio-piaac-competenze-di-lettura-matematica-elementare-e-risoluzione-di-problemi-degli-adulti-in-svizzera\/\" target=\"_self\" >Studio PIAAC: competenze di lettura, matematica elementare e risoluzione di problemi degli adulti in Svizzera<\/a><\/h3>\n\n<a class=\"wp-block-query-loop-link is-style-minimal\" href=\"https:\/\/alice.ch\/it\/news\/studio-piaac-competenze-di-lettura-matematica-elementare-e-risoluzione-di-problemi-degli-adulti-in-svizzera\/\">Leggi l&#8217;articolo<\/a>\n\n<\/li><\/ul>\n\n\n\n<\/div>\n\n\n\n<h2 class=\"wp-block-heading\">Contatto<\/h2>\n\n\n\n<div class=\"wp-block-columns is-layout-flex wp-container-core-columns-is-layout-28f84493 wp-block-columns-is-layout-flex\">\n<div class=\"wp-block-column is-layout-flow wp-block-column-is-layout-flow\" style=\"flex-basis:50%\"><div class=\"contact-persons\">\n\n\t\t\t\t\t<div class=\"contact-person\">\n\t\t\t\t\tSimone Rizzi<br \/>\t\t\t\t\tResponsabile segretariato regionale, Membro della direzione FSEA<br \/>\t\t\t\t\t<br \/>\n\t\t\t\t\t\t\t\t\t\t<a href=\"tel:+41 (0)91 950 84 16\">+41 (0)91 950 84 16<\/a><br \/>\t\t\t\t\t<a href=\"mailto:simone.rizzi@alice.ch\">simone.rizzi@alice.ch<\/a><br \/>\t\t\t\t\t<\/div>\n\t\t\t\t\t<\/div>\n<\/div>\n\n\n\n<div class=\"wp-block-column is-layout-flow wp-block-column-is-layout-flow\" style=\"flex-basis:50%\"><\/div>\n<\/div>\n<\/div>\n","protected":false},"excerpt":{"rendered":"<p>Le competenze di base degli adulti svizzeri nella lettura, nella matematica elementare e nella risoluzione adattiva dei problemi&nbsp;&nbsp; Il Programme [&hellip;]<\/p>\n","protected":false},"author":5,"featured_media":20799,"parent":11010,"menu_order":56,"comment_status":"closed","ping_status":"closed","template":"","meta":{"_acf_changed":false,"inline_featured_image":false,"footnotes":""},"class_list":["post-67029","page","type-page","status-publish","has-post-thumbnail","hentry"],"acf":[],"yoast_head":"<!-- This site is optimized with the Yoast SEO plugin v27.3 - https:\/\/yoast.com\/product\/yoast-seo-wordpress\/ -->\n<title>Risultati dell&#039;indagine PIAAC in Svizzera - FSEA<\/title>\n<meta name=\"robots\" content=\"index, follow, max-snippet:-1, max-image-preview:large, max-video-preview:-1\" \/>\n<link rel=\"canonical\" href=\"https:\/\/alice.ch\/it\/temi\/competenze-di-base\/risultati-dellindagine-piaac-in-svizzera\/\" \/>\n<meta property=\"og:locale\" content=\"it_IT\" \/>\n<meta property=\"og:type\" content=\"article\" \/>\n<meta property=\"og:title\" content=\"Risultati dell&#039;indagine PIAAC in Svizzera - FSEA\" \/>\n<meta property=\"og:description\" content=\"Le competenze di base degli adulti svizzeri nella lettura, nella matematica elementare e nella risoluzione adattiva dei problemi&nbsp;&nbsp; Il Programme [&hellip;]\" \/>\n<meta property=\"og:url\" content=\"https:\/\/alice.ch\/it\/temi\/competenze-di-base\/risultati-dellindagine-piaac-in-svizzera\/\" \/>\n<meta property=\"og:site_name\" content=\"SVEB\" \/>\n<meta property=\"article:modified_time\" content=\"2025-03-27T09:02:19+00:00\" \/>\n<meta property=\"og:image\" content=\"https:\/\/alice.ch\/app\/uploads\/2025\/03\/competenze-di-base-livello-di-formazionepng.png\" \/>\n\t<meta property=\"og:image:width\" content=\"2860\" \/>\n\t<meta property=\"og:image:height\" content=\"1961\" \/>\n\t<meta property=\"og:image:type\" content=\"image\/png\" \/>\n<meta name=\"twitter:card\" content=\"summary_large_image\" \/>\n<meta name=\"twitter:label1\" content=\"Tempo di lettura stimato\" \/>\n\t<meta name=\"twitter:data1\" content=\"10 minuti\" \/>\n<script type=\"application\/ld+json\" class=\"yoast-schema-graph\">{\"@context\":\"https:\\\/\\\/schema.org\",\"@graph\":[{\"@type\":\"WebPage\",\"@id\":\"https:\\\/\\\/alice.ch\\\/it\\\/temi\\\/competenze-di-base\\\/risultati-dellindagine-piaac-in-svizzera\\\/\",\"url\":\"https:\\\/\\\/alice.ch\\\/it\\\/temi\\\/competenze-di-base\\\/risultati-dellindagine-piaac-in-svizzera\\\/\",\"name\":\"Risultati dell'indagine PIAAC in Svizzera - FSEA\",\"isPartOf\":{\"@id\":\"https:\\\/\\\/alice.ch\\\/it\\\/#website\"},\"primaryImageOfPage\":{\"@id\":\"https:\\\/\\\/alice.ch\\\/it\\\/temi\\\/competenze-di-base\\\/risultati-dellindagine-piaac-in-svizzera\\\/#primaryimage\"},\"image\":{\"@id\":\"https:\\\/\\\/alice.ch\\\/it\\\/temi\\\/competenze-di-base\\\/risultati-dellindagine-piaac-in-svizzera\\\/#primaryimage\"},\"thumbnailUrl\":\"https:\\\/\\\/alice.ch\\\/app\\\/uploads\\\/2022\\\/11\\\/default.jpg\",\"datePublished\":\"2025-03-19T09:14:03+00:00\",\"dateModified\":\"2025-03-27T09:02:19+00:00\",\"breadcrumb\":{\"@id\":\"https:\\\/\\\/alice.ch\\\/it\\\/temi\\\/competenze-di-base\\\/risultati-dellindagine-piaac-in-svizzera\\\/#breadcrumb\"},\"inLanguage\":\"it-IT\",\"potentialAction\":[{\"@type\":\"ReadAction\",\"target\":[\"https:\\\/\\\/alice.ch\\\/it\\\/temi\\\/competenze-di-base\\\/risultati-dellindagine-piaac-in-svizzera\\\/\"]}]},{\"@type\":\"ImageObject\",\"inLanguage\":\"it-IT\",\"@id\":\"https:\\\/\\\/alice.ch\\\/it\\\/temi\\\/competenze-di-base\\\/risultati-dellindagine-piaac-in-svizzera\\\/#primaryimage\",\"url\":\"https:\\\/\\\/alice.ch\\\/app\\\/uploads\\\/2022\\\/11\\\/default.jpg\",\"contentUrl\":\"https:\\\/\\\/alice.ch\\\/app\\\/uploads\\\/2022\\\/11\\\/default.jpg\",\"width\":1600,\"height\":900},{\"@type\":\"BreadcrumbList\",\"@id\":\"https:\\\/\\\/alice.ch\\\/it\\\/temi\\\/competenze-di-base\\\/risultati-dellindagine-piaac-in-svizzera\\\/#breadcrumb\",\"itemListElement\":[{\"@type\":\"ListItem\",\"position\":1,\"name\":\"Pagina iniziale\",\"item\":\"https:\\\/\\\/alice.ch\\\/it\\\/\"},{\"@type\":\"ListItem\",\"position\":2,\"name\":\"Temi\",\"item\":\"https:\\\/\\\/alice.ch\\\/it\\\/temi\\\/\"},{\"@type\":\"ListItem\",\"position\":3,\"name\":\"Competenze di base\",\"item\":\"https:\\\/\\\/alice.ch\\\/it\\\/temi\\\/competenze-di-base\\\/\"},{\"@type\":\"ListItem\",\"position\":4,\"name\":\"Risultati dell&#8217;indagine PIAAC in Svizzera\"}]},{\"@type\":\"WebSite\",\"@id\":\"https:\\\/\\\/alice.ch\\\/it\\\/#website\",\"url\":\"https:\\\/\\\/alice.ch\\\/it\\\/\",\"name\":\"alice.ch (Adult Learning Information Center) ist das Portal der Weiterbildung in der Schweiz.\",\"description\":\"Schweizerischer Verband f\u00fcr Weiterbildung\",\"publisher\":{\"@id\":\"https:\\\/\\\/alice.ch\\\/it\\\/#organization\"},\"potentialAction\":[{\"@type\":\"SearchAction\",\"target\":{\"@type\":\"EntryPoint\",\"urlTemplate\":\"https:\\\/\\\/alice.ch\\\/it\\\/?s={search_term_string}\"},\"query-input\":{\"@type\":\"PropertyValueSpecification\",\"valueRequired\":true,\"valueName\":\"search_term_string\"}}],\"inLanguage\":\"it-IT\"},{\"@type\":\"Organization\",\"@id\":\"https:\\\/\\\/alice.ch\\\/it\\\/#organization\",\"name\":\"FSEA Federazione svizzera per la formazione continua\",\"url\":\"https:\\\/\\\/alice.ch\\\/it\\\/\",\"logo\":{\"@type\":\"ImageObject\",\"inLanguage\":\"it-IT\",\"@id\":\"https:\\\/\\\/alice.ch\\\/it\\\/#\\\/schema\\\/logo\\\/image\\\/\",\"url\":\"https:\\\/\\\/alice.ch\\\/app\\\/uploads\\\/2022\\\/07\\\/logo-sveb.png\",\"contentUrl\":\"https:\\\/\\\/alice.ch\\\/app\\\/uploads\\\/2022\\\/07\\\/logo-sveb.png\",\"width\":145,\"height\":64,\"caption\":\"FSEA Federazione svizzera per la formazione continua\"},\"image\":{\"@id\":\"https:\\\/\\\/alice.ch\\\/it\\\/#\\\/schema\\\/logo\\\/image\\\/\"},\"sameAs\":[\"https:\\\/\\\/www.linkedin.com\\\/company\\\/schweizerischer-verband-fr-weiterbildung-sveb\\\/\"]}]}<\/script>\n<!-- \/ Yoast SEO plugin. -->","yoast_head_json":{"title":"Risultati dell'indagine PIAAC in Svizzera - FSEA","robots":{"index":"index","follow":"follow","max-snippet":"max-snippet:-1","max-image-preview":"max-image-preview:large","max-video-preview":"max-video-preview:-1"},"canonical":"https:\/\/alice.ch\/it\/temi\/competenze-di-base\/risultati-dellindagine-piaac-in-svizzera\/","og_locale":"it_IT","og_type":"article","og_title":"Risultati dell'indagine PIAAC in Svizzera - FSEA","og_description":"Le competenze di base degli adulti svizzeri nella lettura, nella matematica elementare e nella risoluzione adattiva dei problemi&nbsp;&nbsp; Il Programme [&hellip;]","og_url":"https:\/\/alice.ch\/it\/temi\/competenze-di-base\/risultati-dellindagine-piaac-in-svizzera\/","og_site_name":"SVEB","article_modified_time":"2025-03-27T09:02:19+00:00","og_image":[{"width":2860,"height":1961,"url":"https:\/\/alice.ch\/app\/uploads\/2025\/03\/competenze-di-base-livello-di-formazionepng.png","type":"image\/png"}],"twitter_card":"summary_large_image","twitter_misc":{"Tempo di lettura stimato":"10 minuti"},"schema":{"@context":"https:\/\/schema.org","@graph":[{"@type":"WebPage","@id":"https:\/\/alice.ch\/it\/temi\/competenze-di-base\/risultati-dellindagine-piaac-in-svizzera\/","url":"https:\/\/alice.ch\/it\/temi\/competenze-di-base\/risultati-dellindagine-piaac-in-svizzera\/","name":"Risultati dell'indagine PIAAC in Svizzera - FSEA","isPartOf":{"@id":"https:\/\/alice.ch\/it\/#website"},"primaryImageOfPage":{"@id":"https:\/\/alice.ch\/it\/temi\/competenze-di-base\/risultati-dellindagine-piaac-in-svizzera\/#primaryimage"},"image":{"@id":"https:\/\/alice.ch\/it\/temi\/competenze-di-base\/risultati-dellindagine-piaac-in-svizzera\/#primaryimage"},"thumbnailUrl":"https:\/\/alice.ch\/app\/uploads\/2022\/11\/default.jpg","datePublished":"2025-03-19T09:14:03+00:00","dateModified":"2025-03-27T09:02:19+00:00","breadcrumb":{"@id":"https:\/\/alice.ch\/it\/temi\/competenze-di-base\/risultati-dellindagine-piaac-in-svizzera\/#breadcrumb"},"inLanguage":"it-IT","potentialAction":[{"@type":"ReadAction","target":["https:\/\/alice.ch\/it\/temi\/competenze-di-base\/risultati-dellindagine-piaac-in-svizzera\/"]}]},{"@type":"ImageObject","inLanguage":"it-IT","@id":"https:\/\/alice.ch\/it\/temi\/competenze-di-base\/risultati-dellindagine-piaac-in-svizzera\/#primaryimage","url":"https:\/\/alice.ch\/app\/uploads\/2022\/11\/default.jpg","contentUrl":"https:\/\/alice.ch\/app\/uploads\/2022\/11\/default.jpg","width":1600,"height":900},{"@type":"BreadcrumbList","@id":"https:\/\/alice.ch\/it\/temi\/competenze-di-base\/risultati-dellindagine-piaac-in-svizzera\/#breadcrumb","itemListElement":[{"@type":"ListItem","position":1,"name":"Pagina iniziale","item":"https:\/\/alice.ch\/it\/"},{"@type":"ListItem","position":2,"name":"Temi","item":"https:\/\/alice.ch\/it\/temi\/"},{"@type":"ListItem","position":3,"name":"Competenze di base","item":"https:\/\/alice.ch\/it\/temi\/competenze-di-base\/"},{"@type":"ListItem","position":4,"name":"Risultati dell&#8217;indagine PIAAC in Svizzera"}]},{"@type":"WebSite","@id":"https:\/\/alice.ch\/it\/#website","url":"https:\/\/alice.ch\/it\/","name":"alice.ch (Adult Learning Information Center) ist das Portal der Weiterbildung in der Schweiz.","description":"Schweizerischer Verband f\u00fcr Weiterbildung","publisher":{"@id":"https:\/\/alice.ch\/it\/#organization"},"potentialAction":[{"@type":"SearchAction","target":{"@type":"EntryPoint","urlTemplate":"https:\/\/alice.ch\/it\/?s={search_term_string}"},"query-input":{"@type":"PropertyValueSpecification","valueRequired":true,"valueName":"search_term_string"}}],"inLanguage":"it-IT"},{"@type":"Organization","@id":"https:\/\/alice.ch\/it\/#organization","name":"FSEA Federazione svizzera per la formazione continua","url":"https:\/\/alice.ch\/it\/","logo":{"@type":"ImageObject","inLanguage":"it-IT","@id":"https:\/\/alice.ch\/it\/#\/schema\/logo\/image\/","url":"https:\/\/alice.ch\/app\/uploads\/2022\/07\/logo-sveb.png","contentUrl":"https:\/\/alice.ch\/app\/uploads\/2022\/07\/logo-sveb.png","width":145,"height":64,"caption":"FSEA Federazione svizzera per la formazione continua"},"image":{"@id":"https:\/\/alice.ch\/it\/#\/schema\/logo\/image\/"},"sameAs":["https:\/\/www.linkedin.com\/company\/schweizerischer-verband-fr-weiterbildung-sveb\/"]}]}},"_links":{"self":[{"href":"https:\/\/alice.ch\/it\/wp-json\/wp\/v2\/pages\/67029","targetHints":{"allow":["GET"]}}],"collection":[{"href":"https:\/\/alice.ch\/it\/wp-json\/wp\/v2\/pages"}],"about":[{"href":"https:\/\/alice.ch\/it\/wp-json\/wp\/v2\/types\/page"}],"author":[{"embeddable":true,"href":"https:\/\/alice.ch\/it\/wp-json\/wp\/v2\/users\/5"}],"replies":[{"embeddable":true,"href":"https:\/\/alice.ch\/it\/wp-json\/wp\/v2\/comments?post=67029"}],"version-history":[{"count":6,"href":"https:\/\/alice.ch\/it\/wp-json\/wp\/v2\/pages\/67029\/revisions"}],"predecessor-version":[{"id":67096,"href":"https:\/\/alice.ch\/it\/wp-json\/wp\/v2\/pages\/67029\/revisions\/67096"}],"up":[{"embeddable":true,"href":"https:\/\/alice.ch\/it\/wp-json\/wp\/v2\/pages\/11010"}],"wp:featuredmedia":[{"embeddable":true,"href":"https:\/\/alice.ch\/it\/wp-json\/wp\/v2\/media\/20799"}],"wp:attachment":[{"href":"https:\/\/alice.ch\/it\/wp-json\/wp\/v2\/media?parent=67029"}],"curies":[{"name":"wp","href":"https:\/\/api.w.org\/{rel}","templated":true}]}}