{"id":67316,"date":"2025-04-03T09:47:27","date_gmt":"2025-04-03T07:47:27","guid":{"rendered":"https:\/\/alice.ch\/?page_id=67316"},"modified":"2026-03-24T15:39:39","modified_gmt":"2026-03-24T14:39:39","slug":"piani-di-risparmio-della-confederazione","status":"publish","type":"page","link":"https:\/\/alice.ch\/it\/fsea-it\/politica-della-formazione\/piani-di-risparmio-della-confederazione\/","title":{"rendered":"Piani di risparmio della Confederazione"},"content":{"rendered":"\n<div class=\"wp-block-group is-style-reduced-width is-layout-flow wp-block-group-is-layout-flow\">\n<h1 class=\"wp-block-heading\">Lotta contro le misure di risparmio della Confederazione nella formazione continua<\/h1>\n\n\n\n<p class=\"is-style-lead\">Nell\u2019ambito del suo programma di risparmio, il Consiglio federale intendeva risparmiare drasticamente sulla formazione continua. I tagli avrebbero avuto conseguenze disastrose per l\u2019economia e la societ\u00e0. La FSEA si \u00e8 impegnata con ogni mezzo per evitare che ci\u00f2 accadesse, riuscendo a scongiurare che i fondi venissero completamente eliminati: a partire dal 2027 i fondi saranno ridotti, ma non soppressi.<\/p>\n\n\n\n<p>Nel <a href=\"https:\/\/www.fedlex.admin.ch\/eli\/fga\/2024\/900\/it\">messaggio ERI 2025\u20132028<\/a>, approvato dal Parlamento nel settembre 2024, il Consiglio federale aveva ancora definito la promozione della formazione continua una priorit\u00e0 strategica. E per una buona ragione: tutti gli sviluppi economici e sociali rilevanti comportano un aumento del fabbisogno di formazione continua. Tra questi vanno menzionati in particolare la carenza di personale qualificato e non, la trasformazione digitale (compresi gli sviluppi nel campo dell\u2019intelligenza artificiale) e la trasformazione verde.<\/p>\n\n\n\n<p>Nel messaggio ERI, il Consiglio federale aveva persino sottolineato che i tagli alla formazione continua si sarebbero ripercossi sui costi indiretti, ad esempio nell\u2019assicurazione contro la disoccupazione e nell\u2019assistenza sociale (alla voce &#8220;2 Decreto federale sul finanziamento della formazione continua negli anni 2025\u20132028&#8221;).<\/p>\n\n\n\n<p>Ci\u00f2 ha reso ancora pi\u00f9 allarmante la sorprendente inversione di rotta a pochi mesi dall\u2019approvazione del messaggio ERI: nell\u2019ambito delle \u00abmisure di sgravio applicabili dal 2027\u00bb, il Consiglio federale voleva risparmiare in modo significativo sulla formazione continua. Senza alcuna giustificazione e senza un\u2019analisi fondata delle ripercussioni, ha proposto di rinunciare ai fondi per la formazione continua o di ridurli drasticamente.<\/p>\n\n\n\n<div class=\"wp-block-group is-style-run-to-edge has-primary-background-color has-background is-layout-flow wp-block-group-is-layout-flow\">\n<h3 class=\"wp-block-heading has-background-color has-text-color\"><strong><a href=\"https:\/\/alice.ch\/it\/fsea-it\/politica-della-formazione\/piani-di-risparmio-della-confederazione\/alleanza-contro-le-misure-di-risparmio\/\">Alleanza contro i piani di austerit\u00e0 della Confederazione<\/a><\/strong><\/h3>\n\n\n\n<p class=\"has-background-color has-text-color\">La FSEA e altri partner dell\u2019alleanza (associazioni mantello nazionali e regionali nonch\u00e9 organizzazioni nazionali) si sono opposti ai piani di risparmio del Consiglio federale nel settore della formazione continua. Come alleanza, volevano impedire che la formazione continua venisse indebolita, mettendo cos\u00ec a rischio un\u2019importante risorsa per l\u2019economia e la societ\u00e0 svizzera.<\/p>\n<\/div>\n\n\n\n<h2 class=\"wp-block-heading\">In che misura \u00e8 influenzata la formazione continua?<\/h2>\n\n\n\n<p>Inizialmente, le seguenti misure riguardavano la formazione continua:<\/p>\n\n\n\n<ul class=\"wp-block-list\">\n<li>la soppressione dei fondi federali per la <strong>promozione delle competenze di base<\/strong> degli adulti. Ci\u00f2 avrebbe comportato una riduzione diretta delle offerte di formazione continua urgentemente necessarie nei settori della lettura e della scrittura, della matematica di uso quotidiano e delle TIC.<\/li>\n\n\n\n<li>l\u2019abolizione dei finanziamenti federali per le <strong>prestazioni offerte dalle organizzazioni della formazione continua<\/strong> (di cui fa parte anche la FSEA). Ci\u00f2 avrebbe comportato la completa scomparsa di servizi essenziali e rilevanti per il sistema della formazione continua. Il sistema della formazione continua in Svizzera ne sarebbe stato fortemente indebolito.<\/li>\n\n\n\n<li>la riduzione di almeno il 50% dei contributi federali per <strong>progetti nel settore della formazione professionale continua<\/strong>.<\/li>\n\n\n\n<li>la soppressione dei fondi per <strong>la promozione dell\u2019istruzione e<\/strong> <strong>dell\u2019ambiente<\/strong>. Ci\u00f2 avrebbe portato a una riduzione diretta dei programmi e dei progetti di formazione continua urgentemente necessari nel settore del clima e dell\u2019ambiente.<\/li>\n\n\n\n<li>La <strong>modifica della legge sui sussidi<\/strong>, secondo cui gli aiuti finanziari della Confederazione non devono superare il 50% dei costi dell\u2019attivit\u00e0 sostenuta. Ci\u00f2 avrebbe comportato l\u2019impossibilit\u00e0 di finanziare gran parte delle prestazioni di rilevanza sistemica fornite dalle organizzazioni di formazione continua e avrebbe rappresentato una minaccia esistenziale per le organizzazioni interessate.<\/li>\n<\/ul>\n\n\n\n<h2 class=\"wp-block-heading\">Punto di vista della FSEA<\/h2>\n\n\n\n<p>Dal punto di vista della FSEA, con questi piani di risparmio il Consiglio federale avrebbe smantellato la propria politica di formazione continua degli ultimi anni, ignorato i risultati della ricerca sulla formazione che dimostrano l\u2019elevato beneficio economico e sociale della formazione continua generale e professionale e messo consapevolmente a rischio risorse fondamentali per l\u2019economia nazionale svizzera.<\/p>\n\n\n\n<p>Le misure non avrebbero in alcun modo portato a un risparmio. Al contrario: la proposta di riduzione degli investimenti nella formazione continua avrebbe comportato immediatamente costi economici e sociali molto elevati. La sola rinuncia alle misure di promozione nel settore delle competenze di base avrebbe comportato costi economici e sociali enormi a causa della soppressione di programmi di supporto urgentemente necessari.<\/p>\n\n\n\n<p>La FSEA ha quindi respinto con decisione il pacchetto di risparmio presentato dal Consiglio federale.<\/p>\n\n\n\n<h2 class=\"wp-block-heading\">Impegno della FSEA e dell&#8217;Alleanza<\/h2>\n\n\n\n<p>La FSEA si \u00e8 impegnata a livello politico con tutte le sue forze, insieme ai suoi partner, contro i piani di risparmio. In una <a href=\"https:\/\/alice.ch\/app\/uploads\/2025\/03\/sveb-vernehmlassungsantwort-entlastungspaket27.pdf\">risposta alla consultazione<\/a> ha evidenziato quali conseguenze avrebbero avuto i tagli.<\/p>\n\n\n\n<p>Insieme ad altre associazioni, la FSEA ha lanciato un&#8217;<a href=\"https:\/\/alice.ch\/it\/fsea-it\/politica-della-formazione\/piani-di-risparmio-della-confederazione\/alleanza-contro-le-misure-di-risparmio\/\">alleanza contro i piani di risparmio<\/a> ed ha espresso le sue preoccupazioni in una <a href=\"https:\/\/alice.ch\/app\/uploads\/2025\/05\/Lettre-Alliance-FC-6.5.25.pdf\">lettera aperta<\/a>. In diverse <a href=\"https:\/\/alice.ch\/de\/news\/die-geplanten-sparmassnahmen-verursachen-mehr-kosten-als-sie-einsparen\/\">prese di posizione<\/a>, la FSEA, e in particolare la sua presidente Tiana Moser, ha sottolineato che i piani di risparmio sono dannosi per l\u2019economia e privi di senso. All\u2019inizio di febbraio 2025 anche la Conferenza dei direttori cantonali dell\u2019istruzione (CDPE) <a href=\"https:\/\/www.edk.ch\/fr\/documentation\/textes-juridiques\/prises-de-position\">si \u00e8 schierata molto chiaramente contro le misure di risparmio nella formazione continua con una presa di posizione<\/a>. Sono stati inoltre condotti intensi colloqui con i parlamentari.\u00a0<\/p>\n\n\n\n<h2 class=\"wp-block-heading\">Il peggio \u00e8 stato scongiurato<\/h2>\n\n\n\n<p>Il 12 marzo \u00e8 arrivata la conferma definitiva: dopo intense consultazioni, il Consiglio nazionale e il Consiglio degli Stati sono riusciti a trovare un compromesso. Ci\u00f2 dopo che inizialmente il Consiglio degli Stati si era espresso a favore di ridimensionare i piani di risparmio e il Consiglio nazionale voleva addirittura rinunciare del tutto ai tagli nella formazione continua. Il compromesso: alla formazione continua \u00e8 stato assegnato un budget di 15 milioni di franchi all\u2019anno (finora: 19 milioni di franchi). I fondi subiranno quindi una riduzione del 20% a partire dal 2027. In questo senso, il fatto che sia stato possibile salvare l\u201980% dei finanziamenti pu\u00f2 essere considerato un successo per il settore della formazione continua. Per quanto riguarda l\u2019educazione ambientale, \u00e8 stata inoltre decisa una riduzione di tre milioni di franchi all\u2019anno.<br><\/p>\n<\/div>\n\n\n\n<h2 class=\"wp-block-heading\">News sul tema<\/h2>\n\n\n\n<div class=\"wp-block-query is-style-mobile-slider is-layout-flow wp-block-query-is-layout-flow\"><ul class=\"columns-3 wp-block-post-template is-layout-grid wp-container-core-post-template-is-layout-6d3fbd8f wp-block-post-template-is-layout-grid\"><li class=\"wp-block-post post-74512 news type-news status-publish has-post-thumbnail hentry news-category-politica global-category-sparplaene-in-der-weiterbildung-it\">\n<figure class=\"wp-block-post-featured-image\"><a href=\"https:\/\/alice.ch\/it\/news\/nel-complesso-possiamo-ritenerci-soddisfatti\/\" target=\"_self\"  ><img decoding=\"async\" width=\"1200\" height=\"627\" src=\"https:\/\/alice.ch\/app\/uploads\/2024\/09\/pen-2181101_1280-crop.png\" class=\"attachment-post-thumbnail size-post-thumbnail wp-post-image\" alt=\"&#8220;Nel complesso possiamo ritenerci soddisfatti&#8221;\" style=\"object-fit:cover;\" srcset=\"https:\/\/alice.ch\/app\/uploads\/2024\/09\/pen-2181101_1280-crop.png 1200w, https:\/\/alice.ch\/app\/uploads\/2024\/09\/pen-2181101_1280-crop-300x157.png 300w, https:\/\/alice.ch\/app\/uploads\/2024\/09\/pen-2181101_1280-crop-1024x535.png 1024w, https:\/\/alice.ch\/app\/uploads\/2024\/09\/pen-2181101_1280-crop-768x401.png 768w\" sizes=\"(max-width: 1200px) 100vw, 1200px\" \/><\/a><\/figure>\n\n\n<div class=\"wp-block-news-category\">Politica<\/div>\n\n\n<div class=\"wp-block-post-date\"><time datetime=\"2026-03-25T08:18:41+01:00\">25. Marzo 2026<\/time><\/div>\n\n<h3 class=\"wp-block-post-title\"><a href=\"https:\/\/alice.ch\/it\/news\/nel-complesso-possiamo-ritenerci-soddisfatti\/\" target=\"_self\" >&#8220;Nel complesso possiamo ritenerci soddisfatti&#8221;<\/a><\/h3>\n\n<a class=\"wp-block-query-loop-link is-style-minimal\" href=\"https:\/\/alice.ch\/it\/news\/nel-complesso-possiamo-ritenerci-soddisfatti\/\">Leggi l&#8217;articolo<\/a>\n\n<\/li><li class=\"wp-block-post post-74304 news type-news status-publish has-post-thumbnail hentry news-category-politique global-category-sparplaene-in-der-weiterbildung-it global-category-sparplaene-in-der-weiterbildung-fr\">\n<figure class=\"wp-block-post-featured-image\"><a href=\"https:\/\/alice.ch\/it\/news\/compromesso-in-parlamento-15-milioni-di-franchi-allanno-per-la-formazione-continua\/\" target=\"_self\"  ><img decoding=\"async\" width=\"1200\" height=\"627\" src=\"https:\/\/alice.ch\/app\/uploads\/2026\/03\/hansjorg-keller-CQqyv5uldW4-unsplash1.jpg\" class=\"attachment-post-thumbnail size-post-thumbnail wp-post-image\" alt=\"Compromesso in Parlamento: 15 milioni di franchi all&#8217;anno per la formazione continua\" style=\"object-fit:cover;\" srcset=\"https:\/\/alice.ch\/app\/uploads\/2026\/03\/hansjorg-keller-CQqyv5uldW4-unsplash1.jpg 1200w, https:\/\/alice.ch\/app\/uploads\/2026\/03\/hansjorg-keller-CQqyv5uldW4-unsplash1-300x157.jpg 300w, https:\/\/alice.ch\/app\/uploads\/2026\/03\/hansjorg-keller-CQqyv5uldW4-unsplash1-1024x535.jpg 1024w, https:\/\/alice.ch\/app\/uploads\/2026\/03\/hansjorg-keller-CQqyv5uldW4-unsplash1-768x401.jpg 768w\" sizes=\"(max-width: 1200px) 100vw, 1200px\" \/><\/a><\/figure>\n\n\n<div class=\"wp-block-news-category\">Politique<\/div>\n\n\n<div class=\"wp-block-post-date\"><time datetime=\"2026-03-13T10:15:13+01:00\">13. Marzo 2026<\/time><\/div>\n\n<h3 class=\"wp-block-post-title\"><a href=\"https:\/\/alice.ch\/it\/news\/compromesso-in-parlamento-15-milioni-di-franchi-allanno-per-la-formazione-continua\/\" target=\"_self\" >Compromesso in Parlamento: 15 milioni di franchi all&#8217;anno per la formazione continua<\/a><\/h3>\n\n<a class=\"wp-block-query-loop-link is-style-minimal\" href=\"https:\/\/alice.ch\/it\/news\/compromesso-in-parlamento-15-milioni-di-franchi-allanno-per-la-formazione-continua\/\">Leggi l&#8217;articolo<\/a>\n\n<\/li><li class=\"wp-block-post post-74267 news type-news status-publish has-post-thumbnail hentry news-category-politica global-category-sparplaene-in-der-weiterbildung-it\">\n<figure class=\"wp-block-post-featured-image\"><a href=\"https:\/\/alice.ch\/it\/news\/il-consiglio-nazionale-si-pronuncia-contro-i-tagli-alla-formazione-continua\/\" target=\"_self\"  ><img decoding=\"async\" width=\"1200\" height=\"627\" src=\"https:\/\/alice.ch\/app\/uploads\/2026\/03\/hansjorg-keller-GAfoU0t8tsg-unsplash-11.jpg\" class=\"attachment-post-thumbnail size-post-thumbnail wp-post-image\" alt=\"Il Consiglio nazionale si pronuncia contro i tagli alla formazione continua\" style=\"object-fit:cover;\" srcset=\"https:\/\/alice.ch\/app\/uploads\/2026\/03\/hansjorg-keller-GAfoU0t8tsg-unsplash-11.jpg 1200w, https:\/\/alice.ch\/app\/uploads\/2026\/03\/hansjorg-keller-GAfoU0t8tsg-unsplash-11-300x157.jpg 300w, https:\/\/alice.ch\/app\/uploads\/2026\/03\/hansjorg-keller-GAfoU0t8tsg-unsplash-11-1024x535.jpg 1024w, https:\/\/alice.ch\/app\/uploads\/2026\/03\/hansjorg-keller-GAfoU0t8tsg-unsplash-11-768x401.jpg 768w\" sizes=\"(max-width: 1200px) 100vw, 1200px\" \/><\/a><\/figure>\n\n\n<div class=\"wp-block-news-category\">Politica<\/div>\n\n\n<div class=\"wp-block-post-date\"><time datetime=\"2026-03-05T10:15:25+01:00\">5. Marzo 2026<\/time><\/div>\n\n<h3 class=\"wp-block-post-title\"><a href=\"https:\/\/alice.ch\/it\/news\/il-consiglio-nazionale-si-pronuncia-contro-i-tagli-alla-formazione-continua\/\" target=\"_self\" >Il Consiglio nazionale si pronuncia contro i tagli alla formazione continua<\/a><\/h3>\n\n<a class=\"wp-block-query-loop-link is-style-minimal\" href=\"https:\/\/alice.ch\/it\/news\/il-consiglio-nazionale-si-pronuncia-contro-i-tagli-alla-formazione-continua\/\">Leggi l&#8217;articolo<\/a>\n\n<\/li><li class=\"wp-block-post post-73910 news type-news status-publish has-post-thumbnail hentry news-category-politica global-category-sparplaene-in-der-weiterbildung-it\">\n<figure class=\"wp-block-post-featured-image\"><a href=\"https:\/\/alice.ch\/it\/news\/le-commissioni-del-consiglio-nazionale-concludono-le-deliberazioni-sul-pacchetto-di-misure-di-sgravio\/\" target=\"_self\"  ><img decoding=\"async\" width=\"1200\" height=\"627\" src=\"https:\/\/alice.ch\/app\/uploads\/2024\/08\/georgiana-voiculescu-pTzzsdVcrDI-unsplash-crop.png\" class=\"attachment-post-thumbnail size-post-thumbnail wp-post-image\" alt=\"Le commissioni del Consiglio nazionale concludono le deliberazioni sul pacchetto di misure di sgravio\" style=\"object-fit:cover;\" srcset=\"https:\/\/alice.ch\/app\/uploads\/2024\/08\/georgiana-voiculescu-pTzzsdVcrDI-unsplash-crop.png 1200w, https:\/\/alice.ch\/app\/uploads\/2024\/08\/georgiana-voiculescu-pTzzsdVcrDI-unsplash-crop-300x157.png 300w, https:\/\/alice.ch\/app\/uploads\/2024\/08\/georgiana-voiculescu-pTzzsdVcrDI-unsplash-crop-1024x535.png 1024w, https:\/\/alice.ch\/app\/uploads\/2024\/08\/georgiana-voiculescu-pTzzsdVcrDI-unsplash-crop-768x401.png 768w\" sizes=\"(max-width: 1200px) 100vw, 1200px\" \/><\/a><\/figure>\n\n\n<div class=\"wp-block-news-category\">Politica<\/div>\n\n\n<div class=\"wp-block-post-date\"><time datetime=\"2026-02-20T17:23:33+01:00\">20. Febbraio 2026<\/time><\/div>\n\n<h3 class=\"wp-block-post-title\"><a href=\"https:\/\/alice.ch\/it\/news\/le-commissioni-del-consiglio-nazionale-concludono-le-deliberazioni-sul-pacchetto-di-misure-di-sgravio\/\" target=\"_self\" >Le commissioni del Consiglio nazionale concludono le deliberazioni sul pacchetto di misure di sgravio<\/a><\/h3>\n\n<a class=\"wp-block-query-loop-link is-style-minimal\" href=\"https:\/\/alice.ch\/it\/news\/le-commissioni-del-consiglio-nazionale-concludono-le-deliberazioni-sul-pacchetto-di-misure-di-sgravio\/\">Leggi l&#8217;articolo<\/a>\n\n<\/li><li class=\"wp-block-post post-72681 news type-news status-publish has-post-thumbnail hentry news-category-politica global-category-sparplaene-in-der-weiterbildung-it\">\n<figure class=\"wp-block-post-featured-image\"><a href=\"https:\/\/alice.ch\/it\/news\/il-consiglio-degli-stati-riduce-le-misure-di-risparmio-del-consiglio-federale-nella-formazione-continua\/\" target=\"_self\"  ><img decoding=\"async\" width=\"1200\" height=\"627\" src=\"https:\/\/alice.ch\/app\/uploads\/2024\/09\/pen-2181101_1280-crop.png\" class=\"attachment-post-thumbnail size-post-thumbnail wp-post-image\" alt=\"Il Consiglio degli Stati riduce le misure di risparmio del Consiglio federale nella formazione continua\" style=\"object-fit:cover;\" srcset=\"https:\/\/alice.ch\/app\/uploads\/2024\/09\/pen-2181101_1280-crop.png 1200w, https:\/\/alice.ch\/app\/uploads\/2024\/09\/pen-2181101_1280-crop-300x157.png 300w, https:\/\/alice.ch\/app\/uploads\/2024\/09\/pen-2181101_1280-crop-1024x535.png 1024w, https:\/\/alice.ch\/app\/uploads\/2024\/09\/pen-2181101_1280-crop-768x401.png 768w\" sizes=\"(max-width: 1200px) 100vw, 1200px\" \/><\/a><\/figure>\n\n\n<div class=\"wp-block-news-category\">Politica<\/div>\n\n\n<div class=\"wp-block-post-date\"><time datetime=\"2025-12-18T13:32:13+01:00\">18. Dicembre 2025<\/time><\/div>\n\n<h3 class=\"wp-block-post-title\"><a href=\"https:\/\/alice.ch\/it\/news\/il-consiglio-degli-stati-riduce-le-misure-di-risparmio-del-consiglio-federale-nella-formazione-continua\/\" target=\"_self\" >Il Consiglio degli Stati riduce le misure di risparmio del Consiglio federale nella formazione continua<\/a><\/h3>\n\n<a class=\"wp-block-query-loop-link is-style-minimal\" href=\"https:\/\/alice.ch\/it\/news\/il-consiglio-degli-stati-riduce-le-misure-di-risparmio-del-consiglio-federale-nella-formazione-continua\/\">Leggi l&#8217;articolo<\/a>\n\n<\/li><li class=\"wp-block-post post-72169 news type-news status-publish has-post-thumbnail hentry news-category-politica global-category-sparplaene-in-der-weiterbildung-it\">\n<figure class=\"wp-block-post-featured-image\"><a href=\"https:\/\/alice.ch\/it\/news\/i-costi-conseguenti-sarebbero-molto-piu-elevati-rispetto-al-potenziale-di-risparmio-effettivo\/\" target=\"_self\"  ><img decoding=\"async\" width=\"1200\" height=\"627\" src=\"https:\/\/alice.ch\/app\/uploads\/2025\/03\/GLPZH23_Tiana-Moser_bearb.jpg\" class=\"attachment-post-thumbnail size-post-thumbnail wp-post-image\" alt=\"&#8220;I costi conseguenti sarebbero molto pi\u00f9 elevati rispetto al potenziale di risparmio effettivo&#8221;\" style=\"object-fit:cover;\" srcset=\"https:\/\/alice.ch\/app\/uploads\/2025\/03\/GLPZH23_Tiana-Moser_bearb.jpg 1200w, https:\/\/alice.ch\/app\/uploads\/2025\/03\/GLPZH23_Tiana-Moser_bearb-300x157.jpg 300w, https:\/\/alice.ch\/app\/uploads\/2025\/03\/GLPZH23_Tiana-Moser_bearb-1024x535.jpg 1024w, https:\/\/alice.ch\/app\/uploads\/2025\/03\/GLPZH23_Tiana-Moser_bearb-768x401.jpg 768w\" sizes=\"(max-width: 1200px) 100vw, 1200px\" \/><\/a><\/figure>\n\n\n<div class=\"wp-block-news-category\">Politica<\/div>\n\n\n<div class=\"wp-block-post-date\"><time datetime=\"2025-11-10T12:20:10+01:00\">10. Novembre 2025<\/time><\/div>\n\n<h3 class=\"wp-block-post-title\"><a href=\"https:\/\/alice.ch\/it\/news\/i-costi-conseguenti-sarebbero-molto-piu-elevati-rispetto-al-potenziale-di-risparmio-effettivo\/\" target=\"_self\" >&#8220;I costi conseguenti sarebbero molto pi\u00f9 elevati rispetto al potenziale di risparmio effettivo&#8221;<\/a><\/h3>\n\n<a class=\"wp-block-query-loop-link is-style-minimal\" href=\"https:\/\/alice.ch\/it\/news\/i-costi-conseguenti-sarebbero-molto-piu-elevati-rispetto-al-potenziale-di-risparmio-effettivo\/\">Leggi l&#8217;articolo<\/a>\n\n<\/li><\/ul>\n\n<\/div>\n\n\n\n<div class=\"wp-block-group is-style-reduced-width is-layout-flow wp-block-group-is-layout-flow\">\n<h2 class=\"wp-block-heading\">Materiali<\/h2>\n\n\n\n<div class=\"wp-block-columns is-layout-flex wp-container-core-columns-is-layout-28f84493 wp-block-columns-is-layout-flex\">\n<div class=\"wp-block-column is-layout-flow wp-block-column-is-layout-flow\">\n<div class=\"wp-block-file is-style-default\"><a id=\"wp-block-file--media-fccd31a5-7ae7-4fbc-959a-d0b0d61e54de\" href=\"https:\/\/alice.ch\/app\/uploads\/2025\/03\/sveb-vernehmlassungsantwort-entlastungspaket27.pdf\" target=\"_blank\" rel=\"noreferrer noopener\">Vernehmlassungsantwort zu den Sparmassnahmen in der Weiterbildung im \u00abEntlastungspaket 27\u00bb (tedesco)<br \/>PDF &#8211; 586 KB<\/a><a href=\"https:\/\/alice.ch\/app\/uploads\/2025\/03\/sveb-vernehmlassungsantwort-entlastungspaket27.pdf\" class=\"wp-block-file__button wp-element-button\" download aria-describedby=\"wp-block-file--media-fccd31a5-7ae7-4fbc-959a-d0b0d61e54de\">Herunterladen<br \/>PDF &#8211; 586 KB<\/a><\/div>\n<\/div>\n\n\n\n<div class=\"wp-block-column is-layout-flow wp-block-column-is-layout-flow\">\n<div class=\"wp-block-file\"><a id=\"wp-block-file--media-86c738ab-d569-4a94-980f-e8ae37c634f9\" href=\"https:\/\/alice.ch\/app\/uploads\/2025\/05\/Lettre-Alliance-FC-6.5.25.pdf\">Lettre Alliance (francese)<br \/>PDF &#8211; 694 KB<\/a><a href=\"https:\/\/alice.ch\/app\/uploads\/2025\/05\/Lettre-Alliance-FC-6.5.25.pdf\" class=\"wp-block-file__button wp-element-button\" download aria-describedby=\"wp-block-file--media-86c738ab-d569-4a94-980f-e8ae37c634f9\">Herunterladen<br \/>PDF &#8211; 694 KB<\/a><\/div>\n<\/div>\n<\/div>\n\n\n\n<p><a id=\"_msocom_1\"><\/a><\/p>\n\n\n\n<h2 class=\"wp-block-heading\">Contatto<\/h2>\n\n\n\n<div class=\"wp-block-columns is-layout-flex wp-container-core-columns-is-layout-28f84493 wp-block-columns-is-layout-flex\">\n<div class=\"wp-block-column is-layout-flow wp-block-column-is-layout-flow\" style=\"flex-basis:50%\"><div class=\"contact-persons\">\n\n\t\t\t\t\t<div class=\"contact-person\">\n\t\t\t\t\tBernhard Gr\u00e4miger<br \/>\t\t\t\t\tDirettore<br \/>\t\t\t\t\t<br \/>\n\t\t\t\t\t\t\t\t\t\t<a href=\"tel:+41 (0)44 319 71 61\">+41 (0)44 319 71 61<\/a><br \/>\t\t\t\t\t<a href=\"mailto:bernhard.graemiger@alice.ch\">bernhard.graemiger@alice.ch<\/a><br \/>\t\t\t\t\t<\/div>\n\t\t\t\t\t<\/div>\n<\/div>\n\n\n\n<div class=\"wp-block-column is-layout-flow wp-block-column-is-layout-flow\" style=\"flex-basis:50%\"><\/div>\n<\/div>\n<\/div>\n\n\n\n<p><\/p>\n\n\n\n<figure class=\"wp-block-image size-large\"><img decoding=\"async\" width=\"1024\" height=\"332\" src=\"https:\/\/alice.ch\/app\/uploads\/2025\/04\/image002-1024x332.png\" alt=\"\" class=\"wp-image-67318\" srcset=\"https:\/\/alice.ch\/app\/uploads\/2025\/04\/image002-1024x332.png 1024w, https:\/\/alice.ch\/app\/uploads\/2025\/04\/image002-300x97.png 300w, https:\/\/alice.ch\/app\/uploads\/2025\/04\/image002-768x249.png 768w, https:\/\/alice.ch\/app\/uploads\/2025\/04\/image002.png 1188w\" sizes=\"(max-width: 1024px) 100vw, 1024px\" \/><\/figure>\n","protected":false},"excerpt":{"rendered":"<p>Lotta contro le misure di risparmio della Confederazione nella formazione continua Nell\u2019ambito del suo programma di risparmio, il Consiglio federale [&hellip;]<\/p>\n","protected":false},"author":27,"featured_media":20799,"parent":31925,"menu_order":144,"comment_status":"closed","ping_status":"closed","template":"","meta":{"_acf_changed":false,"inline_featured_image":false,"footnotes":""},"class_list":["post-67316","page","type-page","status-publish","has-post-thumbnail","hentry"],"acf":[],"yoast_head":"<!-- This site is optimized with the Yoast SEO plugin v27.3 - https:\/\/yoast.com\/product\/yoast-seo-wordpress\/ -->\n<title>Piani di risparmio della Confederazione - FSEA<\/title>\n<meta name=\"robots\" content=\"index, follow, max-snippet:-1, max-image-preview:large, max-video-preview:-1\" \/>\n<link rel=\"canonical\" href=\"https:\/\/alice.ch\/it\/fsea-it\/politica-della-formazione\/piani-di-risparmio-della-confederazione\/\" \/>\n<meta property=\"og:locale\" content=\"it_IT\" \/>\n<meta property=\"og:type\" content=\"article\" \/>\n<meta property=\"og:title\" content=\"Piani di risparmio della Confederazione - FSEA\" \/>\n<meta property=\"og:description\" content=\"Lotta contro le misure di risparmio della Confederazione nella formazione continua Nell\u2019ambito del suo programma di risparmio, il Consiglio federale [&hellip;]\" \/>\n<meta property=\"og:url\" content=\"https:\/\/alice.ch\/it\/fsea-it\/politica-della-formazione\/piani-di-risparmio-della-confederazione\/\" \/>\n<meta property=\"og:site_name\" content=\"SVEB\" \/>\n<meta property=\"article:modified_time\" content=\"2026-03-24T14:39:39+00:00\" \/>\n<meta property=\"og:image\" content=\"https:\/\/alice.ch\/app\/uploads\/2025\/04\/image002-1024x332.png\" \/>\n<meta name=\"twitter:card\" content=\"summary_large_image\" \/>\n<meta name=\"twitter:label1\" content=\"Tempo di lettura stimato\" \/>\n\t<meta name=\"twitter:data1\" content=\"5 minuti\" \/>\n<script type=\"application\/ld+json\" class=\"yoast-schema-graph\">{\"@context\":\"https:\\\/\\\/schema.org\",\"@graph\":[{\"@type\":\"WebPage\",\"@id\":\"https:\\\/\\\/alice.ch\\\/it\\\/fsea-it\\\/politica-della-formazione\\\/piani-di-risparmio-della-confederazione\\\/\",\"url\":\"https:\\\/\\\/alice.ch\\\/it\\\/fsea-it\\\/politica-della-formazione\\\/piani-di-risparmio-della-confederazione\\\/\",\"name\":\"Piani di risparmio della Confederazione - FSEA\",\"isPartOf\":{\"@id\":\"https:\\\/\\\/alice.ch\\\/it\\\/#website\"},\"primaryImageOfPage\":{\"@id\":\"https:\\\/\\\/alice.ch\\\/it\\\/fsea-it\\\/politica-della-formazione\\\/piani-di-risparmio-della-confederazione\\\/#primaryimage\"},\"image\":{\"@id\":\"https:\\\/\\\/alice.ch\\\/it\\\/fsea-it\\\/politica-della-formazione\\\/piani-di-risparmio-della-confederazione\\\/#primaryimage\"},\"thumbnailUrl\":\"https:\\\/\\\/alice.ch\\\/app\\\/uploads\\\/2022\\\/11\\\/default.jpg\",\"datePublished\":\"2025-04-03T07:47:27+00:00\",\"dateModified\":\"2026-03-24T14:39:39+00:00\",\"breadcrumb\":{\"@id\":\"https:\\\/\\\/alice.ch\\\/it\\\/fsea-it\\\/politica-della-formazione\\\/piani-di-risparmio-della-confederazione\\\/#breadcrumb\"},\"inLanguage\":\"it-IT\",\"potentialAction\":[{\"@type\":\"ReadAction\",\"target\":[\"https:\\\/\\\/alice.ch\\\/it\\\/fsea-it\\\/politica-della-formazione\\\/piani-di-risparmio-della-confederazione\\\/\"]}]},{\"@type\":\"ImageObject\",\"inLanguage\":\"it-IT\",\"@id\":\"https:\\\/\\\/alice.ch\\\/it\\\/fsea-it\\\/politica-della-formazione\\\/piani-di-risparmio-della-confederazione\\\/#primaryimage\",\"url\":\"https:\\\/\\\/alice.ch\\\/app\\\/uploads\\\/2022\\\/11\\\/default.jpg\",\"contentUrl\":\"https:\\\/\\\/alice.ch\\\/app\\\/uploads\\\/2022\\\/11\\\/default.jpg\",\"width\":1600,\"height\":900},{\"@type\":\"BreadcrumbList\",\"@id\":\"https:\\\/\\\/alice.ch\\\/it\\\/fsea-it\\\/politica-della-formazione\\\/piani-di-risparmio-della-confederazione\\\/#breadcrumb\",\"itemListElement\":[{\"@type\":\"ListItem\",\"position\":1,\"name\":\"Pagina iniziale\",\"item\":\"https:\\\/\\\/alice.ch\\\/it\\\/\"},{\"@type\":\"ListItem\",\"position\":2,\"name\":\"FSEA\",\"item\":\"https:\\\/\\\/alice.ch\\\/it\\\/fsea-it\\\/\"},{\"@type\":\"ListItem\",\"position\":3,\"name\":\"Politica della formazione\",\"item\":\"https:\\\/\\\/alice.ch\\\/it\\\/fsea-it\\\/politica-della-formazione\\\/\"},{\"@type\":\"ListItem\",\"position\":4,\"name\":\"Piani di risparmio della Confederazione\"}]},{\"@type\":\"WebSite\",\"@id\":\"https:\\\/\\\/alice.ch\\\/it\\\/#website\",\"url\":\"https:\\\/\\\/alice.ch\\\/it\\\/\",\"name\":\"alice.ch (Adult Learning Information Center) ist das Portal der Weiterbildung in der Schweiz.\",\"description\":\"Schweizerischer Verband f\u00fcr Weiterbildung\",\"publisher\":{\"@id\":\"https:\\\/\\\/alice.ch\\\/it\\\/#organization\"},\"potentialAction\":[{\"@type\":\"SearchAction\",\"target\":{\"@type\":\"EntryPoint\",\"urlTemplate\":\"https:\\\/\\\/alice.ch\\\/it\\\/?s={search_term_string}\"},\"query-input\":{\"@type\":\"PropertyValueSpecification\",\"valueRequired\":true,\"valueName\":\"search_term_string\"}}],\"inLanguage\":\"it-IT\"},{\"@type\":\"Organization\",\"@id\":\"https:\\\/\\\/alice.ch\\\/it\\\/#organization\",\"name\":\"FSEA Federazione svizzera per la formazione continua\",\"url\":\"https:\\\/\\\/alice.ch\\\/it\\\/\",\"logo\":{\"@type\":\"ImageObject\",\"inLanguage\":\"it-IT\",\"@id\":\"https:\\\/\\\/alice.ch\\\/it\\\/#\\\/schema\\\/logo\\\/image\\\/\",\"url\":\"https:\\\/\\\/alice.ch\\\/app\\\/uploads\\\/2022\\\/07\\\/logo-sveb.png\",\"contentUrl\":\"https:\\\/\\\/alice.ch\\\/app\\\/uploads\\\/2022\\\/07\\\/logo-sveb.png\",\"width\":145,\"height\":64,\"caption\":\"FSEA Federazione svizzera per la formazione continua\"},\"image\":{\"@id\":\"https:\\\/\\\/alice.ch\\\/it\\\/#\\\/schema\\\/logo\\\/image\\\/\"},\"sameAs\":[\"https:\\\/\\\/www.linkedin.com\\\/company\\\/schweizerischer-verband-fr-weiterbildung-sveb\\\/\"]}]}<\/script>\n<!-- \/ Yoast SEO plugin. -->","yoast_head_json":{"title":"Piani di risparmio della Confederazione - FSEA","robots":{"index":"index","follow":"follow","max-snippet":"max-snippet:-1","max-image-preview":"max-image-preview:large","max-video-preview":"max-video-preview:-1"},"canonical":"https:\/\/alice.ch\/it\/fsea-it\/politica-della-formazione\/piani-di-risparmio-della-confederazione\/","og_locale":"it_IT","og_type":"article","og_title":"Piani di risparmio della Confederazione - FSEA","og_description":"Lotta contro le misure di risparmio della Confederazione nella formazione continua Nell\u2019ambito del suo programma di risparmio, il Consiglio federale [&hellip;]","og_url":"https:\/\/alice.ch\/it\/fsea-it\/politica-della-formazione\/piani-di-risparmio-della-confederazione\/","og_site_name":"SVEB","article_modified_time":"2026-03-24T14:39:39+00:00","og_image":[{"url":"https:\/\/alice.ch\/app\/uploads\/2025\/04\/image002-1024x332.png","type":"","width":"","height":""}],"twitter_card":"summary_large_image","twitter_misc":{"Tempo di lettura stimato":"5 minuti"},"schema":{"@context":"https:\/\/schema.org","@graph":[{"@type":"WebPage","@id":"https:\/\/alice.ch\/it\/fsea-it\/politica-della-formazione\/piani-di-risparmio-della-confederazione\/","url":"https:\/\/alice.ch\/it\/fsea-it\/politica-della-formazione\/piani-di-risparmio-della-confederazione\/","name":"Piani di risparmio della Confederazione - FSEA","isPartOf":{"@id":"https:\/\/alice.ch\/it\/#website"},"primaryImageOfPage":{"@id":"https:\/\/alice.ch\/it\/fsea-it\/politica-della-formazione\/piani-di-risparmio-della-confederazione\/#primaryimage"},"image":{"@id":"https:\/\/alice.ch\/it\/fsea-it\/politica-della-formazione\/piani-di-risparmio-della-confederazione\/#primaryimage"},"thumbnailUrl":"https:\/\/alice.ch\/app\/uploads\/2022\/11\/default.jpg","datePublished":"2025-04-03T07:47:27+00:00","dateModified":"2026-03-24T14:39:39+00:00","breadcrumb":{"@id":"https:\/\/alice.ch\/it\/fsea-it\/politica-della-formazione\/piani-di-risparmio-della-confederazione\/#breadcrumb"},"inLanguage":"it-IT","potentialAction":[{"@type":"ReadAction","target":["https:\/\/alice.ch\/it\/fsea-it\/politica-della-formazione\/piani-di-risparmio-della-confederazione\/"]}]},{"@type":"ImageObject","inLanguage":"it-IT","@id":"https:\/\/alice.ch\/it\/fsea-it\/politica-della-formazione\/piani-di-risparmio-della-confederazione\/#primaryimage","url":"https:\/\/alice.ch\/app\/uploads\/2022\/11\/default.jpg","contentUrl":"https:\/\/alice.ch\/app\/uploads\/2022\/11\/default.jpg","width":1600,"height":900},{"@type":"BreadcrumbList","@id":"https:\/\/alice.ch\/it\/fsea-it\/politica-della-formazione\/piani-di-risparmio-della-confederazione\/#breadcrumb","itemListElement":[{"@type":"ListItem","position":1,"name":"Pagina iniziale","item":"https:\/\/alice.ch\/it\/"},{"@type":"ListItem","position":2,"name":"FSEA","item":"https:\/\/alice.ch\/it\/fsea-it\/"},{"@type":"ListItem","position":3,"name":"Politica della formazione","item":"https:\/\/alice.ch\/it\/fsea-it\/politica-della-formazione\/"},{"@type":"ListItem","position":4,"name":"Piani di risparmio della Confederazione"}]},{"@type":"WebSite","@id":"https:\/\/alice.ch\/it\/#website","url":"https:\/\/alice.ch\/it\/","name":"alice.ch (Adult Learning Information Center) ist das Portal der Weiterbildung in der Schweiz.","description":"Schweizerischer Verband f\u00fcr Weiterbildung","publisher":{"@id":"https:\/\/alice.ch\/it\/#organization"},"potentialAction":[{"@type":"SearchAction","target":{"@type":"EntryPoint","urlTemplate":"https:\/\/alice.ch\/it\/?s={search_term_string}"},"query-input":{"@type":"PropertyValueSpecification","valueRequired":true,"valueName":"search_term_string"}}],"inLanguage":"it-IT"},{"@type":"Organization","@id":"https:\/\/alice.ch\/it\/#organization","name":"FSEA Federazione svizzera per la formazione continua","url":"https:\/\/alice.ch\/it\/","logo":{"@type":"ImageObject","inLanguage":"it-IT","@id":"https:\/\/alice.ch\/it\/#\/schema\/logo\/image\/","url":"https:\/\/alice.ch\/app\/uploads\/2022\/07\/logo-sveb.png","contentUrl":"https:\/\/alice.ch\/app\/uploads\/2022\/07\/logo-sveb.png","width":145,"height":64,"caption":"FSEA Federazione svizzera per la formazione continua"},"image":{"@id":"https:\/\/alice.ch\/it\/#\/schema\/logo\/image\/"},"sameAs":["https:\/\/www.linkedin.com\/company\/schweizerischer-verband-fr-weiterbildung-sveb\/"]}]}},"_links":{"self":[{"href":"https:\/\/alice.ch\/it\/wp-json\/wp\/v2\/pages\/67316","targetHints":{"allow":["GET"]}}],"collection":[{"href":"https:\/\/alice.ch\/it\/wp-json\/wp\/v2\/pages"}],"about":[{"href":"https:\/\/alice.ch\/it\/wp-json\/wp\/v2\/types\/page"}],"author":[{"embeddable":true,"href":"https:\/\/alice.ch\/it\/wp-json\/wp\/v2\/users\/27"}],"replies":[{"embeddable":true,"href":"https:\/\/alice.ch\/it\/wp-json\/wp\/v2\/comments?post=67316"}],"version-history":[{"count":17,"href":"https:\/\/alice.ch\/it\/wp-json\/wp\/v2\/pages\/67316\/revisions"}],"predecessor-version":[{"id":74571,"href":"https:\/\/alice.ch\/it\/wp-json\/wp\/v2\/pages\/67316\/revisions\/74571"}],"up":[{"embeddable":true,"href":"https:\/\/alice.ch\/it\/wp-json\/wp\/v2\/pages\/31925"}],"wp:featuredmedia":[{"embeddable":true,"href":"https:\/\/alice.ch\/it\/wp-json\/wp\/v2\/media\/20799"}],"wp:attachment":[{"href":"https:\/\/alice.ch\/it\/wp-json\/wp\/v2\/media?parent=67316"}],"curies":[{"name":"wp","href":"https:\/\/api.w.org\/{rel}","templated":true}]}}