{"id":10245,"date":"2022-11-08T14:51:28","date_gmt":"2022-11-08T13:51:28","guid":{"rendered":"https:\/\/projects.atxeit.ch\/sveb\/project\/dido\/"},"modified":"2023-03-07T14:39:02","modified_gmt":"2023-03-07T13:39:02","slug":"dido","status":"publish","type":"project","link":"https:\/\/alice.ch\/it\/project\/dido\/","title":{"rendered":"DIDO"},"content":{"rendered":"\n<div class=\"wp-block-group is-layout-flow wp-block-group-is-layout-flow\">\n<div class=\"wp-block-group is-style-reduced-width is-layout-flow wp-block-group-is-layout-flow\">\n<p class=\"is-style-lead\">Riduzione del numero degli abbandoni nella formazione di recupero<\/p>\n\n\n\n<h2 class=\"wp-block-heading\">Breve descrizione<\/h2>\n\n\n\n<p>Nel 2015, Secondo l&#8217;Ufficio federale di statistica, 550&#8217;000 adulti non avevano una qualifica professionale. Queste persone corrono un rischio di disoccupazione superiore alla media. Anche la loro mobilit\u00e0 professionale \u00e8 fortemente limitata.<br>Alcune persone con il pi\u00f9 alto livello di formazione obbligatoria ottengono le loro qualifiche attraverso una formazione di recupero. Ma circa il 20% di questi adulti abbandona (rispetto al 6% dei giovani che frequentano regolarmente l&#8217;istruzione di base).<\/p>\n\n\n\n<p>In questo contesto, il consorzio DIDO sta sviluppando metodi innovativi per formatori di corsi e consulenti di formazione con l&#8217;obiettivo di motivare i partecipanti ai corsi per adulti serali e alla formazione di recupero a completare il corso rispettivamente a ridurre il tasso di abbandono.<\/p>\n\n\n\n<h2 class=\"wp-block-heading\">Obiettivi<\/h2>\n\n\n\n<ol class=\"wp-block-list\">\n<li>Analisi dei motivi principali che portano all&#8217;abbandono precoce dei corsi di formazione<\/li>\n\n\n\n<li>Scambio di esempi di buone pratiche in materia di abbandono della formazione e di consulenza<\/li>\n\n\n\n<li>Sviluppo di strumenti concreti per il riconoscimento e la gestione dei casi di abbandono della formazione di base e continua, all&#8217;attenzione dei consulenti e dei formatori dei corsi di formazione<\/li>\n\n\n\n<li>Consentire ai formatori di identificare e contrastare l\u2019abbandono precoce della formazione.<\/li>\n\n\n\n<li>Sviluppo di un kit di strumenti con liste di controllo, consigli e trucchi ed esempi di buone pratiche per la prevenzione dell&#8217;abbandono precoce della formazione degli adulti.<\/li>\n\n\n\n<li>Migliorare l&#8217;accesso e la partecipazione alla formazione di recupero e alla formazione continua dei gruppi svantaggiati di destinatari<\/li>\n<\/ol>\n\n\n\n<h2 class=\"wp-block-heading\">Risultati<\/h2>\n\n\n\n<ul class=\"wp-block-list\">\n<li>Analisi dei motivi principali che portano all&#8217;abbandono precoce dei corsi di formazione in Svizzera e nei paesi partner<\/li>\n\n\n\n<li>Sviluppo di un kit di strumenti con liste di controllo, consigli e trucchi ed esempi di buone pratiche per la prevenzione dell&#8217;abbandono precoce della formazione degli adulti.<\/li>\n<\/ul>\n\n\n\n<div class=\"wp-block-columns is-layout-flex wp-container-core-columns-is-layout-28f84493 wp-block-columns-is-layout-flex\">\n<div class=\"wp-block-column is-layout-flow wp-block-column-is-layout-flow\">\n<h2 class=\"wp-block-heading\">Dati salienti<\/h2>\n\n\n\n<p>Tipo di progetto: Progetto internazionale<\/p>\n\n\n\n<p>Durata: 2017\u20132019<\/p>\n\n\n\n<p>Paesi partner:\u00a0Belgio (<a href=\"http:\/\/www.cvoantwerpen.be\/home\/\" target=\"_blank\" rel=\"noreferrer noopener\">CVO Antwerpen<\/a>, coordinatore), Finlandia (<a href=\"https:\/\/www.axxell.fi\/\" target=\"_blank\" rel=\"noreferrer noopener\">Axxell Utbildning AB<\/a>), Paesi Bassi (Stichting ROC West-Brabant), Portogallo (AidLearn), Danimarca (<a href=\"http:\/\/www.vucfyn.dk\/\" target=\"_blank\" rel=\"noreferrer noopener\">HF &amp; VUC FYN Ringen<\/a>)<\/p>\n\n\n\n<p>Projektnr.: 2017-1-BE02-KA204-034794<\/p>\n\n\n\n<p>Links:&nbsp;<\/p>\n\n\n\n<div class=\"wp-block-buttons is-layout-flex wp-block-buttons-is-layout-flex\">\n<div class=\"wp-block-button is-style-minimal\"><a class=\"wp-block-button__link wp-element-button\" href=\"http:\/\/www.dido-project.eu\/\" target=\"_blank\" rel=\"noreferrer noopener\">Sito del progetto<\/a><\/div>\n<\/div>\n\n\n\n<p>Finanziamento: <a href=\"https:\/\/www.movetia.ch\/it\/\" target=\"_blank\" rel=\"noreferrer noopener\">Movetia<\/a>, <a href=\"https:\/\/www.erasmusplus.de\/\" target=\"_blank\" rel=\"noreferrer noopener\">Erasmus+<\/a><\/p>\n\n\n\n<p><a href=\"https:\/\/alice.ch\/index.php?eID=tx_cms_showpic&amp;file=888&amp;md5=d5fa5a9963a2dd34b1943baddd502a9491e76585&amp;parameters%5B0%5D=eyJ3aWR0aCI6IjgwMG0iLCJoZWlnaHQiOiI2MDBtIiwiYm9keVRhZyI6Ijxib2R5&amp;parameters%5B1%5D=IHN0eWxlPVwibWFyZ2luOjA7IGJhY2tncm91bmQ6I2ZmZjtcIj4iLCJ3cmFwIjoi&amp;parameters%5B2%5D=PGEgaHJlZj1cImphdmFzY3JpcHQ6Y2xvc2UoKTtcIj4gfCA8XC9hPiJ9\"><\/a><\/p>\n<\/div>\n\n\n\n<div class=\"wp-block-column is-layout-flow wp-block-column-is-layout-flow\"><\/div>\n<\/div>\n\n\n\n<div class=\"wp-block-group is-style-border-box is-layout-flow wp-block-group-is-layout-flow\">\n<div class=\"wp-block-columns is-layout-flex wp-container-core-columns-is-layout-28f84493 wp-block-columns-is-layout-flex\">\n<div class=\"wp-block-column is-layout-flow wp-block-column-is-layout-flow\">\n<figure class=\"wp-block-image size-full is-style-no-border\"><a href=\"https:\/\/www.movetia.ch\/\" target=\"_blank\" rel=\"noreferrer noopener\"><img decoding=\"async\" width=\"600\" height=\"88\" src=\"https:\/\/alice.ch\/app\/uploads\/2022\/11\/logo-movetia.png\" alt=\"\" class=\"wp-image-20414\" srcset=\"https:\/\/alice.ch\/app\/uploads\/2022\/11\/logo-movetia.png 600w, https:\/\/alice.ch\/app\/uploads\/2022\/11\/logo-movetia-300x44.png 300w\" sizes=\"(max-width: 600px) 100vw, 600px\" \/><\/a><\/figure>\n\n\n\n<figure class=\"wp-block-image size-full is-style-no-border\"><a href=\"http:\/\/www.erasmusplus.de\/\" target=\"_blank\" rel=\"noreferrer noopener\"><img decoding=\"async\" width=\"328\" height=\"73\" src=\"https:\/\/alice.ch\/app\/uploads\/2022\/12\/logo_erasmus_.png\" alt=\"\" class=\"wp-image-33563\" srcset=\"https:\/\/alice.ch\/app\/uploads\/2022\/12\/logo_erasmus_.png 328w, https:\/\/alice.ch\/app\/uploads\/2022\/12\/logo_erasmus_-300x67.png 300w\" sizes=\"(max-width: 328px) 100vw, 328px\" \/><\/a><\/figure>\n<\/div>\n\n\n\n<div class=\"wp-block-column is-layout-flow wp-block-column-is-layout-flow\">\n<p><em><em>Questo progetto \u00e8 sostenuto finanziariamente da Movetia. Movetia promuove lo scambio, la mobilit\u00e0 e la cooperazione nella formazione, nella formazione continua e nell&#8217;animazione giovanile &#8211; in Svizzera, in Europa e nel mondo. <a href=\"https:\/\/www.movetia.ch\/it\/\" target=\"_blank\" rel=\"noreferrer noopener\">www.movetia.ch<\/a><\/em><\/em><\/p>\n<\/div>\n<\/div>\n<\/div>\n\n\n\n<div class=\"wp-block-group is-style-default is-layout-flow wp-block-group-is-layout-flow\">\n<h2 class=\"wp-block-heading\">Contatto<\/h2>\n\n\n\n<div class=\"wp-block-columns is-layout-flex wp-container-core-columns-is-layout-28f84493 wp-block-columns-is-layout-flex\">\n<div class=\"wp-block-column is-layout-flow wp-block-column-is-layout-flow\" style=\"flex-basis:50%\"><div class=\"contact-persons\">\n\n\t\t\t\t\t<div class=\"contact-person\">\n\t\t\t\t\tIrena Sgier<br \/>\t\t\t\t\tDirettrice supplente, Responsabile Ricerca, Sviluppo e Innovazione<br \/>\t\t\t\t\t<br \/>\n\t\t\t\t\t\t\t\t\t\t<a href=\"tel:+41 (0)44 319 71 59\">+41 (0)44 319 71 59<\/a><br \/>\t\t\t\t\t<a href=\"mailto:irena.sgier@alice.ch\">irena.sgier@alice.ch<\/a><br \/>\t\t\t\t\t<\/div>\n\t\t\t\t\t<\/div>\n<\/div>\n\n\n\n<div class=\"wp-block-column is-layout-flow wp-block-column-is-layout-flow\" style=\"flex-basis:50%\"><\/div>\n<\/div>\n<\/div>\n<\/div>\n<\/div>\n","protected":false},"featured_media":43557,"template":"","meta":{"_acf_changed":false,"inline_featured_image":false,"footnotes":""},"project-category":[131],"project-tag":[],"project-region":[204,218],"global-category":[],"class_list":["post-10245","project","type-project","status-publish","has-post-thumbnail","hentry","project-category-pari-opportunita","project-region-eu","project-region-ue-it"],"acf":[],"yoast_head":"<!-- This site is optimized with the Yoast SEO plugin v27.3 - https:\/\/yoast.com\/product\/yoast-seo-wordpress\/ -->\n<title>DIDO - FSEA<\/title>\n<meta name=\"robots\" content=\"index, follow, max-snippet:-1, max-image-preview:large, max-video-preview:-1\" \/>\n<link rel=\"canonical\" href=\"https:\/\/alice.ch\/it\/project\/dido\/\" \/>\n<meta property=\"og:locale\" content=\"it_IT\" \/>\n<meta property=\"og:type\" content=\"article\" \/>\n<meta property=\"og:title\" content=\"DIDO - FSEA\" \/>\n<meta property=\"og:description\" content=\"Riduzione del numero degli abbandoni nella formazione di recupero Breve descrizione Nel 2015, Secondo l&#8217;Ufficio federale di statistica, 550&#8217;000 adulti [&hellip;]\" \/>\n<meta property=\"og:url\" content=\"https:\/\/alice.ch\/it\/project\/dido\/\" \/>\n<meta property=\"og:site_name\" content=\"SVEB\" \/>\n<meta property=\"article:modified_time\" content=\"2023-03-07T13:39:02+00:00\" \/>\n<meta property=\"og:image\" content=\"https:\/\/alice.ch\/app\/uploads\/2023\/01\/Blindbild-fuer-Projekte.jpg\" \/>\n\t<meta property=\"og:image:width\" content=\"1200\" \/>\n\t<meta property=\"og:image:height\" content=\"627\" \/>\n\t<meta property=\"og:image:type\" content=\"image\/jpeg\" \/>\n<meta name=\"twitter:card\" content=\"summary_large_image\" \/>\n<meta name=\"twitter:label1\" content=\"Tempo di lettura stimato\" \/>\n\t<meta name=\"twitter:data1\" content=\"3 minuti\" \/>\n<script type=\"application\/ld+json\" class=\"yoast-schema-graph\">{\"@context\":\"https:\\\/\\\/schema.org\",\"@graph\":[{\"@type\":\"WebPage\",\"@id\":\"https:\\\/\\\/alice.ch\\\/it\\\/project\\\/dido\\\/\",\"url\":\"https:\\\/\\\/alice.ch\\\/it\\\/project\\\/dido\\\/\",\"name\":\"DIDO - FSEA\",\"isPartOf\":{\"@id\":\"https:\\\/\\\/alice.ch\\\/it\\\/#website\"},\"primaryImageOfPage\":{\"@id\":\"https:\\\/\\\/alice.ch\\\/it\\\/project\\\/dido\\\/#primaryimage\"},\"image\":{\"@id\":\"https:\\\/\\\/alice.ch\\\/it\\\/project\\\/dido\\\/#primaryimage\"},\"thumbnailUrl\":\"https:\\\/\\\/alice.ch\\\/app\\\/uploads\\\/2023\\\/01\\\/Blindbild-fuer-Projekte.jpg\",\"datePublished\":\"2022-11-08T13:51:28+00:00\",\"dateModified\":\"2023-03-07T13:39:02+00:00\",\"breadcrumb\":{\"@id\":\"https:\\\/\\\/alice.ch\\\/it\\\/project\\\/dido\\\/#breadcrumb\"},\"inLanguage\":\"it-IT\",\"potentialAction\":[{\"@type\":\"ReadAction\",\"target\":[\"https:\\\/\\\/alice.ch\\\/it\\\/project\\\/dido\\\/\"]}]},{\"@type\":\"ImageObject\",\"inLanguage\":\"it-IT\",\"@id\":\"https:\\\/\\\/alice.ch\\\/it\\\/project\\\/dido\\\/#primaryimage\",\"url\":\"https:\\\/\\\/alice.ch\\\/app\\\/uploads\\\/2023\\\/01\\\/Blindbild-fuer-Projekte.jpg\",\"contentUrl\":\"https:\\\/\\\/alice.ch\\\/app\\\/uploads\\\/2023\\\/01\\\/Blindbild-fuer-Projekte.jpg\",\"width\":1200,\"height\":627},{\"@type\":\"BreadcrumbList\",\"@id\":\"https:\\\/\\\/alice.ch\\\/it\\\/project\\\/dido\\\/#breadcrumb\",\"itemListElement\":[{\"@type\":\"ListItem\",\"position\":1,\"name\":\"Pagina iniziale\",\"item\":\"https:\\\/\\\/alice.ch\\\/it\\\/\"},{\"@type\":\"ListItem\",\"position\":2,\"name\":\"Progetti\",\"item\":\"https:\\\/\\\/alice.ch\\\/it\\\/project\\\/\"},{\"@type\":\"ListItem\",\"position\":3,\"name\":\"DIDO\"}]},{\"@type\":\"WebSite\",\"@id\":\"https:\\\/\\\/alice.ch\\\/it\\\/#website\",\"url\":\"https:\\\/\\\/alice.ch\\\/it\\\/\",\"name\":\"alice.ch (Adult Learning Information Center) ist das Portal der Weiterbildung in der Schweiz.\",\"description\":\"Schweizerischer Verband f\u00fcr Weiterbildung\",\"publisher\":{\"@id\":\"https:\\\/\\\/alice.ch\\\/it\\\/#organization\"},\"potentialAction\":[{\"@type\":\"SearchAction\",\"target\":{\"@type\":\"EntryPoint\",\"urlTemplate\":\"https:\\\/\\\/alice.ch\\\/it\\\/?s={search_term_string}\"},\"query-input\":{\"@type\":\"PropertyValueSpecification\",\"valueRequired\":true,\"valueName\":\"search_term_string\"}}],\"inLanguage\":\"it-IT\"},{\"@type\":\"Organization\",\"@id\":\"https:\\\/\\\/alice.ch\\\/it\\\/#organization\",\"name\":\"FSEA Federazione svizzera per la formazione continua\",\"url\":\"https:\\\/\\\/alice.ch\\\/it\\\/\",\"logo\":{\"@type\":\"ImageObject\",\"inLanguage\":\"it-IT\",\"@id\":\"https:\\\/\\\/alice.ch\\\/it\\\/#\\\/schema\\\/logo\\\/image\\\/\",\"url\":\"https:\\\/\\\/alice.ch\\\/app\\\/uploads\\\/2022\\\/07\\\/logo-sveb.png\",\"contentUrl\":\"https:\\\/\\\/alice.ch\\\/app\\\/uploads\\\/2022\\\/07\\\/logo-sveb.png\",\"width\":145,\"height\":64,\"caption\":\"FSEA Federazione svizzera per la formazione continua\"},\"image\":{\"@id\":\"https:\\\/\\\/alice.ch\\\/it\\\/#\\\/schema\\\/logo\\\/image\\\/\"},\"sameAs\":[\"https:\\\/\\\/www.linkedin.com\\\/company\\\/schweizerischer-verband-fr-weiterbildung-sveb\\\/\"]}]}<\/script>\n<!-- \/ Yoast SEO plugin. -->","yoast_head_json":{"title":"DIDO - FSEA","robots":{"index":"index","follow":"follow","max-snippet":"max-snippet:-1","max-image-preview":"max-image-preview:large","max-video-preview":"max-video-preview:-1"},"canonical":"https:\/\/alice.ch\/it\/project\/dido\/","og_locale":"it_IT","og_type":"article","og_title":"DIDO - FSEA","og_description":"Riduzione del numero degli abbandoni nella formazione di recupero Breve descrizione Nel 2015, Secondo l&#8217;Ufficio federale di statistica, 550&#8217;000 adulti [&hellip;]","og_url":"https:\/\/alice.ch\/it\/project\/dido\/","og_site_name":"SVEB","article_modified_time":"2023-03-07T13:39:02+00:00","og_image":[{"width":1200,"height":627,"url":"https:\/\/alice.ch\/app\/uploads\/2023\/01\/Blindbild-fuer-Projekte.jpg","type":"image\/jpeg"}],"twitter_card":"summary_large_image","twitter_misc":{"Tempo di lettura stimato":"3 minuti"},"schema":{"@context":"https:\/\/schema.org","@graph":[{"@type":"WebPage","@id":"https:\/\/alice.ch\/it\/project\/dido\/","url":"https:\/\/alice.ch\/it\/project\/dido\/","name":"DIDO - FSEA","isPartOf":{"@id":"https:\/\/alice.ch\/it\/#website"},"primaryImageOfPage":{"@id":"https:\/\/alice.ch\/it\/project\/dido\/#primaryimage"},"image":{"@id":"https:\/\/alice.ch\/it\/project\/dido\/#primaryimage"},"thumbnailUrl":"https:\/\/alice.ch\/app\/uploads\/2023\/01\/Blindbild-fuer-Projekte.jpg","datePublished":"2022-11-08T13:51:28+00:00","dateModified":"2023-03-07T13:39:02+00:00","breadcrumb":{"@id":"https:\/\/alice.ch\/it\/project\/dido\/#breadcrumb"},"inLanguage":"it-IT","potentialAction":[{"@type":"ReadAction","target":["https:\/\/alice.ch\/it\/project\/dido\/"]}]},{"@type":"ImageObject","inLanguage":"it-IT","@id":"https:\/\/alice.ch\/it\/project\/dido\/#primaryimage","url":"https:\/\/alice.ch\/app\/uploads\/2023\/01\/Blindbild-fuer-Projekte.jpg","contentUrl":"https:\/\/alice.ch\/app\/uploads\/2023\/01\/Blindbild-fuer-Projekte.jpg","width":1200,"height":627},{"@type":"BreadcrumbList","@id":"https:\/\/alice.ch\/it\/project\/dido\/#breadcrumb","itemListElement":[{"@type":"ListItem","position":1,"name":"Pagina iniziale","item":"https:\/\/alice.ch\/it\/"},{"@type":"ListItem","position":2,"name":"Progetti","item":"https:\/\/alice.ch\/it\/project\/"},{"@type":"ListItem","position":3,"name":"DIDO"}]},{"@type":"WebSite","@id":"https:\/\/alice.ch\/it\/#website","url":"https:\/\/alice.ch\/it\/","name":"alice.ch (Adult Learning Information Center) ist das Portal der Weiterbildung in der Schweiz.","description":"Schweizerischer Verband f\u00fcr Weiterbildung","publisher":{"@id":"https:\/\/alice.ch\/it\/#organization"},"potentialAction":[{"@type":"SearchAction","target":{"@type":"EntryPoint","urlTemplate":"https:\/\/alice.ch\/it\/?s={search_term_string}"},"query-input":{"@type":"PropertyValueSpecification","valueRequired":true,"valueName":"search_term_string"}}],"inLanguage":"it-IT"},{"@type":"Organization","@id":"https:\/\/alice.ch\/it\/#organization","name":"FSEA Federazione svizzera per la formazione continua","url":"https:\/\/alice.ch\/it\/","logo":{"@type":"ImageObject","inLanguage":"it-IT","@id":"https:\/\/alice.ch\/it\/#\/schema\/logo\/image\/","url":"https:\/\/alice.ch\/app\/uploads\/2022\/07\/logo-sveb.png","contentUrl":"https:\/\/alice.ch\/app\/uploads\/2022\/07\/logo-sveb.png","width":145,"height":64,"caption":"FSEA Federazione svizzera per la formazione continua"},"image":{"@id":"https:\/\/alice.ch\/it\/#\/schema\/logo\/image\/"},"sameAs":["https:\/\/www.linkedin.com\/company\/schweizerischer-verband-fr-weiterbildung-sveb\/"]}]}},"_links":{"self":[{"href":"https:\/\/alice.ch\/it\/wp-json\/wp\/v2\/project\/10245","targetHints":{"allow":["GET"]}}],"collection":[{"href":"https:\/\/alice.ch\/it\/wp-json\/wp\/v2\/project"}],"about":[{"href":"https:\/\/alice.ch\/it\/wp-json\/wp\/v2\/types\/project"}],"version-history":[{"count":12,"href":"https:\/\/alice.ch\/it\/wp-json\/wp\/v2\/project\/10245\/revisions"}],"predecessor-version":[{"id":46070,"href":"https:\/\/alice.ch\/it\/wp-json\/wp\/v2\/project\/10245\/revisions\/46070"}],"wp:featuredmedia":[{"embeddable":true,"href":"https:\/\/alice.ch\/it\/wp-json\/wp\/v2\/media\/43557"}],"wp:attachment":[{"href":"https:\/\/alice.ch\/it\/wp-json\/wp\/v2\/media?parent=10245"}],"wp:term":[{"taxonomy":"project-category","embeddable":true,"href":"https:\/\/alice.ch\/it\/wp-json\/wp\/v2\/project-category?post=10245"},{"taxonomy":"project-tag","embeddable":true,"href":"https:\/\/alice.ch\/it\/wp-json\/wp\/v2\/project-tag?post=10245"},{"taxonomy":"project-region","embeddable":true,"href":"https:\/\/alice.ch\/it\/wp-json\/wp\/v2\/project-region?post=10245"},{"taxonomy":"global-category","embeddable":true,"href":"https:\/\/alice.ch\/it\/wp-json\/wp\/v2\/global-category?post=10245"}],"curies":[{"name":"wp","href":"https:\/\/api.w.org\/{rel}","templated":true}]}}